{"id":131879,"date":"2021-08-09T17:24:11","date_gmt":"2021-08-09T16:24:11","guid":{"rendered":"https:\/\/groupe-reussite.fr\/?page_id=131879"},"modified":"2024-04-05T09:23:05","modified_gmt":"2024-04-05T08:23:05","slug":"cp-oeuvres-francais-prepa-2022-enfance","status":"publish","type":"page","link":"https:\/\/groupe-reussite.fr\/ressources\/cp-oeuvres-francais-prepa-2022-enfance\/","title":{"rendered":"Les \u0153uvres au programme de fran\u00e7ais-philo en pr\u00e9pa scientifique sur le th\u00e8me de l&rsquo;enfance 2022"},"content":{"rendered":"\t\t<div data-elementor-type=\"wp-page\" data-elementor-id=\"131879\" class=\"elementor elementor-131879\">\n\t\t\t\t\t\t<div class=\"elementor-inner\">\n\t\t\t\t<div class=\"elementor-section-wrap\">\n\t\t\t\t\t\t\t\n\t\t<script type=\"text\/javascript\">\n\t\t\tjQuery(document).ready(function() {\n\n\t\t\t\tjQuery(\".elementor-element-6fe69c56\").prepend('<div class=\"aepro-section-bs\"><div class=\"aepro-section-bs-inner\"><\/div><\/div>');\n\t\t\t\tvar bgimage = '';\n\t\t\t\tif ('yes' == 'yes') {\n\n\t\t\t\t\t\/\/if(bgimage == ''){\n\t\t\t\t\t\/\/    var bgoverlay = '';\n\t\t\t\t\t\/\/}else{\n\t\t\t\t\tvar bgoverlay = 'https:\/\/groupe-reussite.fr\/ressources\/wp-content\/plugins\/anywhere-elementor-pro\/includes\/assets\/lib\/vegas\/overlays\/00.png';\n\t\t\t\t\t\/\/ }\n\t\t\t\t} else {\n\t\t\t\t\tif ('') {\n\t\t\t\t\t\tvar bgoverlay = 'https:\/\/groupe-reussite.fr\/ressources\/wp-content\/plugins\/anywhere-elementor-pro\/includes\/assets\/lib\/vegas\/overlays\/.png';\n\t\t\t\t\t} else {\n\t\t\t\t\t\tvar bgoverlay = 'https:\/\/groupe-reussite.fr\/ressources\/wp-content\/plugins\/anywhere-elementor-pro\/includes\/assets\/lib\/vegas\/overlays\/00.png';\n\t\t\t\t\t}\n\t\t\t\t}\n\n\n\t\t\t\tjQuery(\".elementor-element-6fe69c56\").children('.aepro-section-bs').children('.aepro-section-bs-inner').vegas({\n\t\t\t\t\tslides: [{\"src\":\"https:\\\/\\\/groupe-reussite.fr\\\/ressources\\\/wp-content\\\/uploads\\\/2017\\\/11\\\/stage-maths-sup-spe-banniere-3.jpg\"}],\n\t\t\t\t\ttransition: 'fade',\n\t\t\t\t\tanimation: 'kenburns',\n\t\t\t\t\toverlay: bgoverlay,\n\t\t\t\t\tcover: true,\n\t\t\t\t\tdelay: 5000,\n\t\t\t\t\ttimer: true\t\t\t\t});\n\t\t\t\tif ('yes' == 'yes') {\n\t\t\t\t\tjQuery(\".elementor-element-6fe69c56\").children('.aepro-section-bs').children('.aepro-section-bs-inner').children('.vegas-overlay').css('background-image', '');\n\t\t\t\t}\n\t\t\t});\n\t\t<\/script>\n\t\t\t\t<section class=\"has_ae_slider elementor-section elementor-top-section elementor-element elementor-element-6fe69c56 elementor-section-stretched elementor-section-boxed elementor-section-height-default elementor-section-height-default ae-bg-gallery-type-default\" data-id=\"6fe69c56\" data-element_type=\"section\" id=\"header_height\" data-settings=\"{&quot;stretch_section&quot;:&quot;section-stretched&quot;,&quot;background_background&quot;:&quot;classic&quot;}\">\n\t\t\t\t\t\t<div class=\"elementor-container elementor-column-gap-default\">\n\t\t\t\t\t\t\t<div class=\"elementor-row\">\n\t\t\t\t\t<div class=\"has_ae_slider elementor-column elementor-col-100 elementor-top-column elementor-element elementor-element-75db7b60 ae-bg-gallery-type-default\" data-id=\"75db7b60\" data-element_type=\"column\">\n\t\t\t<div class=\"elementor-column-wrap elementor-element-populated\">\n\t\t\t\t\t\t\t<div class=\"elementor-widget-wrap\">\n\t\t\t\t\t\t<div class=\"elementor-element elementor-element-711e6392 elementor-widget elementor-widget-heading\" data-id=\"711e6392\" data-element_type=\"widget\" data-widget_type=\"heading.default\">\n\t\t\t\t<div class=\"elementor-widget-container\">\n\t\t\t<h1 class=\"elementor-heading-title elementor-size-default\">Les \u0153uvres au programme de fran\u00e7ais en prepa scientifique 2022<\/h1>\t\t<\/div>\n\t\t\t\t<\/div>\n\t\t\t\t<div class=\"elementor-element elementor-element-3a6c4711 elementor-widget elementor-widget-heading\" data-id=\"3a6c4711\" data-element_type=\"widget\" data-widget_type=\"heading.default\">\n\t\t\t\t<div class=\"elementor-widget-container\">\n\t\t\t<h2 class=\"elementor-heading-title elementor-size-default\">Description des \u0153uvres au programme de fran\u00e7ais sur l'enfance en pr\u00e9pa<\/h2>\t\t<\/div>\n\t\t\t\t<\/div>\n\t\t\t\t<div class=\"elementor-element elementor-element-1505175 elementor-widget elementor-widget-text-editor\" data-id=\"1505175\" data-element_type=\"widget\" data-widget_type=\"text-editor.default\">\n\t\t\t\t<div class=\"elementor-widget-container\">\n\t\t\t\t\t\t\t\t<div class=\"elementor-text-editor elementor-clearfix\">\n\t\t\t\t<p>\t\t<div data-elementor-type=\"section\" data-elementor-id=\"112233\" class=\"elementor elementor-112233\">\n\t\t\t\t\t<div class=\"elementor-section-wrap\">\n\t\t\t\t\t\t\t\t<section class=\"has_ae_slider elementor-section elementor-inner-section elementor-element elementor-element-2753c5f2 elementor-section-content-bottom elementor-section-full_width elementor-section-height-min-height elementor-section-height-default ae-bg-gallery-type-default\" data-id=\"2753c5f2\" data-element_type=\"section\">\n\t\t\t\t\t\t<div class=\"elementor-container elementor-column-gap-default\">\n\t\t\t\t\t\t\t<div class=\"elementor-row\">\n\t\t\t\t\t<div class=\"has_ae_slider elementor-column elementor-col-100 elementor-inner-column elementor-element elementor-element-27ee3c1b ae-bg-gallery-type-default\" data-id=\"27ee3c1b\" data-element_type=\"column\">\n\t\t\t<div class=\"elementor-column-wrap elementor-element-populated\">\n\t\t\t\t\t\t\t<div class=\"elementor-widget-wrap\">\n\t\t\t\t\t\t<div class=\"elementor-element elementor-element-4c70fc7d elementor-align-center elementor-widget elementor-widget-button\" data-id=\"4c70fc7d\" data-element_type=\"widget\" data-widget_type=\"button.default\">\n\t\t\t\t<div class=\"elementor-widget-container\">\n\t\t\t\t\t<div class=\"elementor-button-wrapper\">\n\t\t\t<a href=\"https:\/\/groupe-reussite.fr\/cours-particuliers\/francais\/tous-niveaux\/france\/\" target=\"_blank\" class=\"elementor-button-link elementor-button elementor-size-md elementor-animation-grow\" role=\"button\">\n\t\t\t\t\t\t<span class=\"elementor-button-content-wrapper\">\n\t\t\t\t\t\t\t<span class=\"elementor-button-icon elementor-align-icon-right\">\n\t\t\t\t<i aria-hidden=\"true\" class=\"fas fa-bookmark\"><\/i>\t\t\t<\/span>\n\t\t\t\t\t\t<span class=\"elementor-button-text\">Trouver des professeurs particuliers de fran\u00e7ais<\/span>\n\t\t<\/span>\n\t\t\t\t\t<\/a>\n\t\t<\/div>\n\t\t\t\t<\/div>\n\t\t\t\t<\/div>\n\t\t\t\t\t\t<\/div>\n\t\t\t\t\t<\/div>\n\t\t<\/div>\n\t\t\t\t\t\t\t\t<\/div>\n\t\t\t\t\t<\/div>\n\t\t<\/section>\n\t\t\t\t\t\t\t<\/div>\n\t\t\t\t<\/div>\n\t\t<\/p><div id=\"gtx-trans\"><div class=\"gtx-trans-icon\">\u00a0<\/div><\/div>\t\t\t\t\t<\/div>\n\t\t\t\t\t\t<\/div>\n\t\t\t\t<\/div>\n\t\t\t\t\t\t<\/div>\n\t\t\t\t\t<\/div>\n\t\t<\/div>\n\t\t\t\t\t\t\t\t<\/div>\n\t\t\t\t\t<\/div>\n\t\t<\/section>\n\t\t\t\t<section class=\"has_ae_slider elementor-section elementor-top-section elementor-element elementor-element-2305ac68 elementor-section-full_width sticky_page elementor-section-height-default elementor-section-height-default ae-bg-gallery-type-default\" data-id=\"2305ac68\" data-element_type=\"section\">\n\t\t\t\t\t\t<div class=\"elementor-container elementor-column-gap-no\">\n\t\t\t\t\t\t\t<div class=\"elementor-row\">\n\t\t\t\t\t<div class=\"has_ae_slider elementor-column elementor-col-33 elementor-top-column elementor-element elementor-element-35198305 col_height ae-bg-gallery-type-default\" data-id=\"35198305\" data-element_type=\"column\" data-settings=\"{&quot;background_background&quot;:&quot;classic&quot;}\">\n\t\t\t<div class=\"elementor-column-wrap elementor-element-populated\">\n\t\t\t\t\t\t\t<div class=\"elementor-widget-wrap\">\n\t\t\t\t\t\t<section class=\"has_ae_slider elementor-section elementor-inner-section elementor-element elementor-element-2197c53 elementor-section-content-middle wrap elementor-section-boxed elementor-section-height-default elementor-section-height-default ae-bg-gallery-type-default\" data-id=\"2197c53\" data-element_type=\"section\" id=\"sticky_sidebar\">\n\t\t\t\t\t\t<div class=\"elementor-container elementor-column-gap-no\">\n\t\t\t\t\t\t\t<div class=\"elementor-row\">\n\t\t\t\t\t<div class=\"has_ae_slider elementor-column elementor-col-50 elementor-inner-column elementor-element elementor-element-6fbd9567 hide_col ae-bg-gallery-type-default\" data-id=\"6fbd9567\" data-element_type=\"column\">\n\t\t\t<div class=\"elementor-column-wrap\">\n\t\t\t\t\t\t\t<div class=\"elementor-widget-wrap\">\n\t\t\t\t\t\t\t\t<\/div>\n\t\t\t\t\t<\/div>\n\t\t<\/div>\n\t\t\t\t<div class=\"has_ae_slider elementor-column elementor-col-50 elementor-inner-column elementor-element elementor-element-6991ab73 strick_col ae-bg-gallery-type-default\" data-id=\"6991ab73\" data-element_type=\"column\" data-settings=\"{&quot;background_background&quot;:&quot;classic&quot;}\">\n\t\t\t<div class=\"elementor-column-wrap elementor-element-populated\">\n\t\t\t\t\t\t\t<div class=\"elementor-widget-wrap\">\n\t\t\t\t\t\t<div class=\"elementor-element elementor-element-5d48515d elementor-widget elementor-widget-image\" data-id=\"5d48515d\" data-element_type=\"widget\" data-widget_type=\"image.default\">\n\t\t\t\t<div class=\"elementor-widget-container\">\n\t\t\t\t\t\t\t\t<div class=\"elementor-image\">\n\t\t\t\t\t\t\t\t\t\t\t\t<img width=\"300\" height=\"210\" src=\"https:\/\/groupe-reussite.fr\/ressources\/wp-content\/uploads\/2020\/03\/cours-particuliers.jpg\" class=\"attachment-large size-large wp-image-44782\" alt=\"cours-particulier-paris\" loading=\"lazy\" \/>\t\t\t\t\t\t\t\t\t\t\t\t\t\t<\/div>\n\t\t\t\t\t\t<\/div>\n\t\t\t\t<\/div>\n\t\t\t\t<div class=\"elementor-element elementor-element-3b7cd6dc elementor-widget elementor-widget-heading\" data-id=\"3b7cd6dc\" data-element_type=\"widget\" id=\"cat_name\" data-widget_type=\"heading.default\">\n\t\t\t\t<div class=\"elementor-widget-container\">\n\t\t\t<h3 class=\"elementor-heading-title elementor-size-default\">cours particuliers<\/h3>\t\t<\/div>\n\t\t\t\t<\/div>\n\t\t\t\t<div class=\"elementor-element elementor-element-1849402b elementor-widget elementor-widget-heading\" data-id=\"1849402b\" data-element_type=\"widget\" data-widget_type=\"heading.default\">\n\t\t\t\t<div class=\"elementor-widget-container\">\n\t\t\t<h4 class=\"elementor-heading-title elementor-size-default\">Cours particuliers de fran\u00e7ais<\/h4>\t\t<\/div>\n\t\t\t\t<\/div>\n\t\t\t\t<div class=\"elementor-element elementor-element-242132dc elementor-align-center elementor-widget elementor-widget-button\" data-id=\"242132dc\" data-element_type=\"widget\" data-widget_type=\"button.default\">\n\t\t\t\t<div class=\"elementor-widget-container\">\n\t\t\t\t\t<div class=\"elementor-button-wrapper\">\n\t\t\t<a href=\"https:\/\/groupe-reussite.fr\/cours-particuliers\/francais\/tous-niveaux\/france\/\" target=\"_blank\" class=\"elementor-button-link elementor-button elementor-size-sm\" role=\"button\">\n\t\t\t\t\t\t<span class=\"elementor-button-content-wrapper\">\n\t\t\t\t\t\t<span class=\"elementor-button-text\">r\u00e9server un cours particulier de fran\u00e7ais<\/span>\n\t\t<\/span>\n\t\t\t\t\t<\/a>\n\t\t<\/div>\n\t\t\t\t<\/div>\n\t\t\t\t<\/div>\n\t\t\t\t<div class=\"elementor-element elementor-element-db0b061 elementor-align-justify elementor-widget elementor-widget-button\" data-id=\"db0b061\" data-element_type=\"widget\" data-widget_type=\"button.default\">\n\t\t\t\t<div class=\"elementor-widget-container\">\n\t\t\t\t\t<div class=\"elementor-button-wrapper\">\n\t\t\t<a href=\"https:\/\/groupe-reussite.fr\/nous-contacter\/\" class=\"elementor-button-link elementor-button elementor-size-sm\" role=\"button\">\n\t\t\t\t\t\t<span class=\"elementor-button-content-wrapper\">\n\t\t\t\t\t\t<span class=\"elementor-button-text\">CONTACTEZ  NOUS<\/span>\n\t\t<\/span>\n\t\t\t\t\t<\/a>\n\t\t<\/div>\n\t\t\t\t<\/div>\n\t\t\t\t<\/div>\n\t\t\t\t\t\t<\/div>\n\t\t\t\t\t<\/div>\n\t\t<\/div>\n\t\t\t\t\t\t\t\t<\/div>\n\t\t\t\t\t<\/div>\n\t\t<\/section>\n\t\t\t\t\t\t<\/div>\n\t\t\t\t\t<\/div>\n\t\t<\/div>\n\t\t\t\t<div class=\"has_ae_slider elementor-column elementor-col-66 elementor-top-column elementor-element elementor-element-12987e37 section_width ae-bg-gallery-type-default\" data-id=\"12987e37\" data-element_type=\"column\">\n\t\t\t<div class=\"elementor-column-wrap elementor-element-populated\">\n\t\t\t\t\t\t\t<div class=\"elementor-widget-wrap\">\n\t\t\t\t\t\t<section class=\"has_ae_slider elementor-section elementor-inner-section elementor-element elementor-element-1e473da0 elementor-section-content-middle full_width elementor-section-boxed elementor-section-height-default elementor-section-height-default ae-bg-gallery-type-default\" data-id=\"1e473da0\" data-element_type=\"section\">\n\t\t\t\t\t\t<div class=\"elementor-container elementor-column-gap-no\">\n\t\t\t\t\t\t\t<div class=\"elementor-row\">\n\t\t\t\t\t<div class=\"has_ae_slider elementor-column elementor-col-100 elementor-inner-column elementor-element elementor-element-240e788 ae-bg-gallery-type-default\" data-id=\"240e788\" data-element_type=\"column\">\n\t\t\t<div class=\"elementor-column-wrap elementor-element-populated\">\n\t\t\t\t\t\t\t<div class=\"elementor-widget-wrap\">\n\t\t\t\t\t\t<div class=\"elementor-element elementor-element-317fa871 elementor-widget elementor-widget-text-editor\" data-id=\"317fa871\" data-element_type=\"widget\" data-widget_type=\"text-editor.default\">\n\t\t\t\t<div class=\"elementor-widget-container\">\n\t\t\t\t\t\t\t\t<div class=\"elementor-text-editor elementor-clearfix\">\n\t\t\t\t<p>Apr\u00e8s une analyse d\u00e9finitionnelle du concept \u00ab d\u2019enfance \u00bb, th\u00e8me des <a href=\"https:\/\/groupe-reussite.fr\/ressources\/cp-importance-du-francais-en-cpge\/\">cours de fran\u00e7ais en pr\u00e9pa scientifique<\/a> dans un pr\u00e9c\u00e9dent article, nous pouvons passer, \u00e0 pr\u00e9sent, \u00e0 la pr\u00e9sentation des <strong>trois \u0153uvres au programme de fran\u00e7ais pour les Maths Sup et Maths Sp\u00e9 en 2022<\/strong>.<\/p><p>Le <a href=\"https:\/\/groupe-reussite.fr\/ressources\/cp-theme-francais-prepa-enfance\/\">th\u00e8me de fran\u00e7ais-philosophie pour les pr\u00e9pas scientifiques 2022 sur l&rsquo;Enfance<\/a> (MPSI, PCSI, PTSI, BCPST, MP2I, MP, PC, PSI et PT), dont le th\u00e8me sera ainsi \u00ab <strong>L\u2019enfance<\/strong> \u00bb, regroupe trois \u0153uvres qui seront \u00e0 \u00e9tudier et \u00e0 employer lors de l\u2019\u00e9preuve \u00e9crite du concours.<\/p><p>Il s\u2019agit :<\/p><ul><li><em>\u00c9mile<\/em> (Livres 1 et 2) de Jean-Jacques Rousseau<\/li><li><em>Ak\u00e9 les ann\u00e9es d\u2019enfance<\/em> de Wole Soyinka (r\u00e9\u00e9dition attendue aux \u00e9ditions Belfond)<\/li><li><em>Contes d\u2019Andersen<\/em>, traduction par Marc Auchet (Livre de Poche classique n\u00b016113)<\/li><\/ul><p style=\"text-align: justify;\">Si vous cherchez \u00e0 approfondir votre compr\u00e9hension de ces \u0153uvres et \u00e0 recevoir un soutien sp\u00e9cifique pour les analyser en profondeur, des <a href=\"https:\/\/groupe-reussite.fr\/cours-particuliers\/francais\/tous-niveaux\/france\/\">cours particuliers fran\u00e7ais<\/a>\u00a0dans la pr\u00e9paration aux concours en pr\u00e9pa scientifique peuvent vous offrir une pr\u00e9paration sur mesure pour r\u00e9ussir dans cette mati\u00e8re.<\/p><p>\u00a0<\/p>\t\t\t\t\t<\/div>\n\t\t\t\t\t\t<\/div>\n\t\t\t\t<\/div>\n\t\t\t\t<div class=\"elementor-element elementor-element-c583f03 elementor-widget elementor-widget-text-editor\" data-id=\"c583f03\" data-element_type=\"widget\" data-widget_type=\"text-editor.default\">\n\t\t\t\t<div class=\"elementor-widget-container\">\n\t\t\t\t\t\t\t\t<div class=\"elementor-text-editor elementor-clearfix\">\n\t\t\t\t<h2>L\u2019\u00c9mile ou De l\u2019\u00c9ducation, de Jean-Jacques Rousseau en pr\u00e9pa<\/h2>\t\t\t\t\t<\/div>\n\t\t\t\t\t\t<\/div>\n\t\t\t\t<\/div>\n\t\t\t\t<div class=\"elementor-element elementor-element-b7a73a7 blacktitle elementor-widget elementor-widget-text-editor\" data-id=\"b7a73a7\" data-element_type=\"widget\" data-widget_type=\"text-editor.default\">\n\t\t\t\t<div class=\"elementor-widget-container\">\n\t\t\t\t\t\t\t\t<div class=\"elementor-text-editor elementor-clearfix\">\n\t\t\t\t<h3>1 &#8211; Rousseau, un philosophe politique aussi p\u00e9dagogue<\/h3>\t\t\t\t\t<\/div>\n\t\t\t\t\t\t<\/div>\n\t\t\t\t<\/div>\n\t\t\t\t<div class=\"elementor-element elementor-element-eda5a88 elementor-widget elementor-widget-text-editor\" data-id=\"eda5a88\" data-element_type=\"widget\" data-widget_type=\"text-editor.default\">\n\t\t\t\t<div class=\"elementor-widget-container\">\n\t\t\t\t\t\t\t\t<div class=\"elementor-text-editor elementor-clearfix\">\n\t\t\t\t<p>Avec Voltaire, Montesquieu et Diderot, Jean-Jacques Rousseau (1712-1778) fait partie des <strong>philosophes des Lumi\u00e8res<\/strong> parmi les plus connus et les plus renomm\u00e9s encore aujourd&rsquo;hui. Pour autant, cet \u00ab <strong>homme \u00e0 paradoxes et non \u00e0 pr\u00e9jug\u00e9s<\/strong> \u00bb, ainsi qu&rsquo;il l\u2019\u00e9crit d\u2019ailleurs dans <em>L\u2019\u00c9mile<\/em>, tenait une place quelque peu \u00e0 part dans le cercle des Lumi\u00e8res \u2013 il \u00e9tait ainsi surnomm\u00e9, de mani\u00e8re p\u00e9jorative, \u00ab Jean-Jacques \u00bb par ses d\u00e9tracteurs, dont le dernier n\u2019\u00e9tait pas le citadin Voltaire. Tel est le premier paradoxe de notre Jean-Jacques Rousseau : reconnu aujourd&rsquo;hui, critiqu\u00e9 hier.<\/p><p>Le deuxi\u00e8me est le suivant : nous \u00e9tudions l\u00e0 un <strong>trait\u00e9 de p\u00e9dagogie<\/strong>, alors que Jean-Jacques Rousseau est aujourd&rsquo;hui bien c\u00e9l\u00e8bre pour ses \u0153uvres de philosophie politique, notamment son <em>Discours sur l&rsquo;origine et les fondements de l&rsquo;in\u00e9galit\u00e9<\/em> parmi les hommes (et sa fameuse premi\u00e8re phrase : \u00ab L&rsquo;homme est n\u00e9 libre, et partout il est dans les fers. \u00bb) Dans le <em>Contrat Social<\/em> aussi, Rousseau postule le concept de \u00ab volont\u00e9 g\u00e9n\u00e9rale \u00bb, selon lequel la pens\u00e9e du peuple s&rsquo;exprime toute enti\u00e8re, dans son unicit\u00e9 qui fusionne chacune des voix du peuple, pour fonder une <strong>soci\u00e9t\u00e9 r\u00e9ellement d\u00e9mocratique<\/strong> \u2013 car pour Rousseau, la seule vraie d\u00e9mocratie est directe, il n\u2019y pas d\u2019interm\u00e9diation possible entre le peuple et l\u2019expression de sa souverainet\u00e9.<\/p><p>Or donc <em>l\u2019\u00c9mile<\/em> est plut\u00f4t un <strong>trait\u00e9 de p\u00e9dagogie<\/strong>, aujourd&rsquo;hui un peu moins lu que les autres \u0153uvres plus politiques de Rousseau. C&rsquo;est en effet, dans ce volume que Rousseau d\u00e9crit <strong>l\u2019\u00e9ducation id\u00e9ale<\/strong>, saine et suivant la nature, que devrait recevoir l\u2019enfant parfaitement \u00e9duqu\u00e9 selon lui (l\u2019\u00c9mile du livre ; Rousseau a aussi form\u00e9 le dessein d\u2019\u00e9crire un trait\u00e9 pour les filles, \u00ab Sophie \u00bb, inachev\u00e9).<\/p><p>Pour autant <em>l\u2019\u00c9mile<\/em> est plus qu&rsquo;un trait\u00e9 de p\u00e9dagogie. Comme le d\u00e9crit Andr\u00e9 Charrak dans la pr\u00e9face de l\u2019\u00e9dition au programme (p.7), \u00ab l\u2019\u00e9ducation ne semble n\u2019\u00eatre qu&rsquo;un pr\u00e9texte \u00bb. De fait, en effet, Rousseau d\u00e9crivait lui-m\u00eame son trait\u00e9 comme une \u00ab th\u00e9orie de l\u2019homme \u00bb. Les sp\u00e9cialistes Pierre-Fran\u00e7ois Moreau et Ghislain Waterlot en font m\u00eame une des \u00ab des \u0153uvres majeures de la philosophie moderne, de celles que l\u2019on d\u00e9clare volontiers incontournables \u00bb.\u00a0<\/p>\t\t\t\t\t<\/div>\n\t\t\t\t\t\t<\/div>\n\t\t\t\t<\/div>\n\t\t\t\t<div class=\"elementor-element elementor-element-34f072f blacktitle elementor-widget elementor-widget-text-editor\" data-id=\"34f072f\" data-element_type=\"widget\" data-widget_type=\"text-editor.default\">\n\t\t\t\t<div class=\"elementor-widget-container\">\n\t\t\t\t\t\t\t\t<div class=\"elementor-text-editor elementor-clearfix\">\n\t\t\t\t<h3>2 &#8211; Le p\u00e9dagogue qui abandonnait ses enfants<\/h3>\t\t\t\t\t<\/div>\n\t\t\t\t\t\t<\/div>\n\t\t\t\t<\/div>\n\t\t\t\t<div class=\"elementor-element elementor-element-d51f252 elementor-widget elementor-widget-text-editor\" data-id=\"d51f252\" data-element_type=\"widget\" data-widget_type=\"text-editor.default\">\n\t\t\t\t<div class=\"elementor-widget-container\">\n\t\t\t\t\t\t\t\t<div class=\"elementor-text-editor elementor-clearfix\">\n\t\t\t\t<p>Tel est donc le deuxi\u00e8me paradoxe de <em>l\u2019\u00c9mile<\/em> : trait\u00e9 apparemment de p\u00e9dagogie, il est bien plus que cela et contient non seulement une <strong>th\u00e9orie de l\u2019enfance<\/strong>, mais aussi des <strong>consid\u00e9rations plus g\u00e9n\u00e9rales sur l\u2019humain, la politique, les m\u0153urs, la soci\u00e9t\u00e9<\/strong>.<\/p><p>Troisi\u00e8me paradoxe de l\u2019ouvrage : Jean-Jacques Rousseau, qui d\u00e9crit comment \u00e9lever des enfants\u2026 a <strong>lui-m\u00eame abandonn\u00e9 ses cinq ch\u00e9rubins<\/strong> (n\u00e9s de son union avec Th\u00e9r\u00e8se Levasseur) aux \u00ab Enfants Trouv\u00e9s \u00bb ! C&rsquo;est pourquoi il \u00e9tait souvent raill\u00e9\u2026 Rousseau s\u2019est longtemps d\u00e9fendu contre ce scandale.<\/p><p>D\u2019une part, il estimait que les enfants avaient \u00e9t\u00e9 trop mal \u00e9duqu\u00e9s aupr\u00e8s de la famille de leur m\u00e8re. D\u2019autre part, il assure que cette exp\u00e9rience l\u2019a marqu\u00e9, et que ces cinq abandons sont \u00e0 l\u2019origine, <strong>comme par regret<\/strong>, de son <strong>observation passionn\u00e9e des enfants<\/strong>, de son d\u00e9sir de faire en sorte que les enfants re\u00e7oivent une bonne \u00e9ducation.<\/p><p>La biographie de Jean-Jacques Rousseau influence sa conception de l\u2019\u00e9ducation selon une autre mani\u00e8re : il dit avoir re\u00e7u une <strong>\u00e9ducation saine et raisonnable<\/strong> (dans ses <em>Confessions<\/em>, son \u0153uvre autobiographique majeure). Cependant, il d\u00e9plore que l\u2019on ait forc\u00e9 le petit \u00eatre qu&rsquo;il \u00e9tait \u00e0 lire des livres trop complexes pour lui (dans <em>l\u2019\u00c9mile<\/em>, Jean-Jacques Rousseau mettra ainsi en garde contre les <strong>dangers de la lecture<\/strong>). De m\u00eame, Rousseau dit avoir appr\u00e9ci\u00e9 avoir \u00e9t\u00e9 \u00e9lev\u00e9 \u00e0 l\u2019\u00e9cart des autres enfants : ce qui fait dire au critique Emile Faguet que Rousseau, c&rsquo;est \u00c9mile, et qu\u2019\u00c9mile, c&rsquo;est Rousseau.\u00a0<\/p><p>(Le reste de la pr\u00e9sentation de L&rsquo;\u00c9mile ou de l&rsquo;\u00c9ducation est disponible sur l&rsquo;application mobile PrepApp)<\/p><p>\t\t<div data-elementor-type=\"section\" data-elementor-id=\"184644\" class=\"elementor elementor-184644\">\n\t\t\t\t\t<div class=\"elementor-section-wrap\">\n\t\t\t\t\t\t\t\t<section class=\"has_ae_slider elementor-section elementor-inner-section elementor-element elementor-element-5245d8e4 elementor-section-content-bottom full_width elementor-section-full_width elementor-section-height-min-height elementor-section-height-default ae-bg-gallery-type-default\" data-id=\"5245d8e4\" data-element_type=\"section\" data-settings=\"{&quot;background_background&quot;:&quot;classic&quot;}\">\n\t\t\t\t\t\t<div class=\"elementor-container elementor-column-gap-narrow\">\n\t\t\t\t\t\t\t<div class=\"elementor-row\">\n\t\t\t\t\t<div class=\"has_ae_slider elementor-column elementor-col-66 elementor-inner-column elementor-element elementor-element-4d0b6ee0 ae-bg-gallery-type-default\" data-id=\"4d0b6ee0\" data-element_type=\"column\">\n\t\t\t<div class=\"elementor-column-wrap elementor-element-populated\">\n\t\t\t\t\t\t\t<div class=\"elementor-widget-wrap\">\n\t\t\t\t\t\t<div class=\"elementor-element elementor-element-639707c8 elementor-widget elementor-widget-heading\" data-id=\"639707c8\" data-element_type=\"widget\" data-widget_type=\"heading.default\">\n\t\t\t\t<div class=\"elementor-widget-container\">\n\t\t\t<h3 class=\"elementor-heading-title elementor-size-default\">COURS DE FRANCAIS<\/h3>\t\t<\/div>\n\t\t\t\t<\/div>\n\t\t\t\t<div class=\"elementor-element elementor-element-3891c3a2 elementor-widget elementor-widget-heading\" data-id=\"3891c3a2\" data-element_type=\"widget\" data-widget_type=\"heading.default\">\n\t\t\t\t<div class=\"elementor-widget-container\">\n\t\t\t<h4 class=\"elementor-heading-title elementor-size-default\">Les meilleurs enseignants de lettres<\/h4>\t\t<\/div>\n\t\t\t\t<\/div>\n\t\t\t\t<div class=\"elementor-element elementor-element-51df257e elementor-widget elementor-widget-heading\" data-id=\"51df257e\" data-element_type=\"widget\" data-widget_type=\"heading.default\">\n\t\t\t\t<div class=\"elementor-widget-container\">\n\t\t\t<h4 class=\"elementor-heading-title elementor-size-default\">Gagner en confiance et r\u00e9ussir<\/h4>\t\t<\/div>\n\t\t\t\t<\/div>\n\t\t\t\t<div class=\"elementor-element elementor-element-63eb7608 elementor-align-left elementor-mobile-align-center elementor-widget elementor-widget-button\" data-id=\"63eb7608\" data-element_type=\"widget\" data-widget_type=\"button.default\">\n\t\t\t\t<div class=\"elementor-widget-container\">\n\t\t\t\t\t<div class=\"elementor-button-wrapper\">\n\t\t\t<a href=\"https:\/\/groupe-reussite.fr\/cours-particuliers\/francais\/tous-niveaux\/france\/\" target=\"_blank\" class=\"elementor-button-link elementor-button elementor-size-md\" role=\"button\" id=\"CTA_PRD_CP\">\n\t\t\t\t\t\t<span class=\"elementor-button-content-wrapper\">\n\t\t\t\t\t\t<span class=\"elementor-button-text\">Cours particulier francais<\/span>\n\t\t<\/span>\n\t\t\t\t\t<\/a>\n\t\t<\/div>\n\t\t\t\t<\/div>\n\t\t\t\t<\/div>\n\t\t\t\t<div class=\"elementor-element elementor-element-75d943dd elementor-widget elementor-widget-text-editor\" data-id=\"75d943dd\" data-element_type=\"widget\" data-widget_type=\"text-editor.default\">\n\t\t\t\t<div class=\"elementor-widget-container\">\n\t\t\t\t\t\t\t\t<div class=\"elementor-text-editor elementor-clearfix\">\n\t\t\t\t<p style=\"text-align: left\"><b>Avis Google France <\/b><span style=\"color: #e5a430\"><b>\u2605\u2605\u2605\u2605\u2605<\/b><\/span><b> 4,9 sur 5<\/b><\/p>\t\t\t\t\t<\/div>\n\t\t\t\t\t\t<\/div>\n\t\t\t\t<\/div>\n\t\t\t\t\t\t<\/div>\n\t\t\t\t\t<\/div>\n\t\t<\/div>\n\t\t\t\t<div class=\"has_ae_slider elementor-column elementor-col-33 elementor-inner-column elementor-element elementor-element-69dc374c ae-bg-gallery-type-default\" data-id=\"69dc374c\" data-element_type=\"column\">\n\t\t\t<div class=\"elementor-column-wrap\">\n\t\t\t\t\t\t\t<div class=\"elementor-widget-wrap\">\n\t\t\t\t\t\t\t\t<\/div>\n\t\t\t\t\t<\/div>\n\t\t<\/div>\n\t\t\t\t\t\t\t\t<\/div>\n\t\t\t\t\t<\/div>\n\t\t<\/section>\n\t\t\t\t\t\t\t<\/div>\n\t\t\t\t<\/div>\n\t\t<\/p>\t\t\t\t\t<\/div>\n\t\t\t\t\t\t<\/div>\n\t\t\t\t<\/div>\n\t\t\t\t<div class=\"elementor-element elementor-element-98f61f3 elementor-widget elementor-widget-image\" data-id=\"98f61f3\" data-element_type=\"widget\" data-widget_type=\"image.default\">\n\t\t\t\t<div class=\"elementor-widget-container\">\n\t\t\t\t\t\t\t\t<div class=\"elementor-image\">\n\t\t\t\t\t\t\t\t\t<figure class=\"wp-caption\">\n\t\t\t\t\t\t\t\t\t\t<img width=\"400\" height=\"557\" src=\"https:\/\/groupe-reussite.fr\/ressources\/wp-content\/uploads\/2021\/08\/jean-jacques-rousseau-philosophe-pedagogue.jpg\" class=\"attachment-large size-large wp-image-131740\" alt=\"Philosophe Jean Jacques Rousseau auteur de l&#039;\u00c9mile ou de l&#039;\u00c9ducation\" loading=\"lazy\" srcset=\"https:\/\/groupe-reussite.fr\/ressources\/wp-content\/uploads\/2021\/08\/jean-jacques-rousseau-philosophe-pedagogue.jpg 400w, https:\/\/groupe-reussite.fr\/ressources\/wp-content\/uploads\/2021\/08\/jean-jacques-rousseau-philosophe-pedagogue-215x300.jpg 215w\" sizes=\"(max-width: 400px) 100vw, 400px\" \/>\t\t\t\t\t\t\t\t\t\t\t<figcaption class=\"widget-image-caption wp-caption-text\">Jean-Jacques Rousseau est un philosophe-p\u00e9dagogue\u2026 qui avait pourtant abandonn\u00e9 ses enfants !<\/figcaption>\n\t\t\t\t\t\t\t\t\t\t<\/figure>\n\t\t\t\t\t\t\t\t<\/div>\n\t\t\t\t\t\t<\/div>\n\t\t\t\t<\/div>\n\t\t\t\t<div class=\"elementor-element elementor-element-e6b2b4f elementor-widget elementor-widget-text-editor\" data-id=\"e6b2b4f\" data-element_type=\"widget\" data-widget_type=\"text-editor.default\">\n\t\t\t\t<div class=\"elementor-widget-container\">\n\t\t\t\t\t\t\t\t<div class=\"elementor-text-editor elementor-clearfix\">\n\t\t\t\t<h2>Les Contes d\u2019Andersen en fran\u00e7ais en pr\u00e9pa scientifique<\/h2>\t\t\t\t\t<\/div>\n\t\t\t\t\t\t<\/div>\n\t\t\t\t<\/div>\n\t\t\t\t<div class=\"elementor-element elementor-element-731d7f0 blacktitle elementor-widget elementor-widget-text-editor\" data-id=\"731d7f0\" data-element_type=\"widget\" data-widget_type=\"text-editor.default\">\n\t\t\t\t<div class=\"elementor-widget-container\">\n\t\t\t\t\t\t\t\t<div class=\"elementor-text-editor elementor-clearfix\">\n\t\t\t\t<h3>1 &#8211; Andersen aussi est un \u00ab vilain petit canard \u00bb<\/h3>\t\t\t\t\t<\/div>\n\t\t\t\t\t\t<\/div>\n\t\t\t\t<\/div>\n\t\t\t\t<div class=\"elementor-element elementor-element-c99e277 elementor-widget elementor-widget-text-editor\" data-id=\"c99e277\" data-element_type=\"widget\" data-widget_type=\"text-editor.default\">\n\t\t\t\t<div class=\"elementor-widget-container\">\n\t\t\t\t\t\t\t\t<div class=\"elementor-text-editor elementor-clearfix\">\n\t\t\t\t<p>Hans Christian Andersen (1805-1875) est n\u00e9 dans ce qui est alors la deuxi\u00e8me ville du Danemark, Odense, loin derri\u00e8re Copenhague. M\u00eame si son enfance est marqu\u00e9e par bien de l\u2019affection et par un certain bonheur, il na\u00eet d\u2019extraction tr\u00e8s basse, ce qui le marquera \u00e0 vie et stimulera son d\u00e9sir de r\u00e9ussite et de c\u00e9l\u00e9brit\u00e9.<\/p><p>En effet son p\u00e8re est un modeste cordonnier, plut\u00f4t aigri de ne pas m\u00eame faire partie de la corporation de son m\u00e9tier. La famille d\u2019Andersen fourmille d\u2019ailleurs d\u2019anecdotes quelque peu tragiques : la tante de l\u2019\u00e9crivain tenait une maison close, tandis que sa grand-m\u00e8re fit de la prison pour naissance ill\u00e9gitime. \u00c0 l\u2019\u00e9cole, l\u2019\u00e9l\u00e8ve d\u2019Andersen n\u2019a du reste pas que de bonnes notes ; il en retire cependant, un <strong>grand amour de la litt\u00e9rature<\/strong>. Le d\u00e9sir premier d\u2019Andersen est ainsi celui-ci : s\u2019\u00e9manciper, devenir c\u00e9l\u00e8bre, s\u2019extraire de sa condition \u2013 par les arts en premier lieu.<\/p><p>Comme certains \u00ab montent \u00e0 Paris \u00bb, Andersen gagne alors Copenhague, la capitale du Royaume. Il cherche \u00e0 percer dans le chant, le th\u00e9\u00e2tre, la danse ; c&rsquo;est finalement vers l\u2019\u00e9criture qu&rsquo;il se tourne, avec succ\u00e8s. Il \u00e9crit des po\u00e8mes, des romans d\u2019inspiration autobiographique et romantique, des r\u00e9cits de voyage, mais c&rsquo;est vers le fantastique et surtout le genre du conte qu&rsquo;il se tourne.<\/p><p>En 1829, sa nouvelle fantastique <em>Un voyage \u00e0 pied depuis le canal Holmen jusqu\u2019au point d\u2019Amager<\/em>, re\u00e7oit ainsi un certain \u00e9cho ; son premier roman, largement autobiographique, L\u2019Improvisateur (1835) aussi ; mais ce qui lui apporte la renomm\u00e9e imm\u00e9diate, c&rsquo;est bien s\u00fbr la <strong>premi\u00e8re parution des Contes<\/strong>.<\/p><p>C&rsquo;est cette m\u00eame ann\u00e9e 1835, tournant de sa vie, que Andersen fait donc para\u00eetre un premier <strong>recueil de Contes<\/strong> (<em>Le Briquet<\/em> ou <em>La Princesse au petit pois<\/em> y figurent), compl\u00e9t\u00e9 les ann\u00e9es suivantes. C&rsquo;est un grand succ\u00e8s, surtout \u00e0 l\u2019\u00e9tranger dans un premier temps. Andersen devient une v\u00e9ritable \u00ab star \u00bb re\u00e7ue dans toute l\u2019Europe ; il rencontre des rois, des reines, Victor Hugo, Balzac, Dickens, Lamartine \u2013 et en tire d\u2019ailleurs quelques r\u00e9cits de voyage. La <strong>publication des Contes va s\u2019\u00e9tirer jusqu&rsquo;en 1842<\/strong>, Andersen ajoutant du succ\u00e8s au succ\u00e8s.<\/p><p>Malgr\u00e9 sa perc\u00e9e dans la soci\u00e9t\u00e9 d\u2019en haut, Andersen reste cependant tr\u00e8s sensible \u00e0 la critique, ce qui fait \u00e9cho \u00e0 son caract\u00e8re parfois trop \u00e9motif et instable. Selon certains sp\u00e9cialistes comme R\u00e9gis Boyer, il semble toujours souffrir d\u2019un \u00ab complexe d\u2019inf\u00e9riorit\u00e9 \u00bb n\u00e9 de sa basse extraction \u2013 du reste \u00ab le vilain petit canard \u00bb, un de ses contes, est \u00e0 <strong>forte teneur autobiographique<\/strong>, car le petit canard exclu, celui qui est regard\u00e9 bizarrement par les autres, c&rsquo;est Andersen lui-m\u00eame.<\/p><p>\t\t<div data-elementor-type=\"section\" data-elementor-id=\"112233\" class=\"elementor elementor-112233\">\n\t\t\t\t\t<div class=\"elementor-section-wrap\">\n\t\t\t\t\t\t\t\t<section class=\"has_ae_slider elementor-section elementor-inner-section elementor-element elementor-element-2753c5f2 elementor-section-content-bottom elementor-section-full_width elementor-section-height-min-height elementor-section-height-default ae-bg-gallery-type-default\" data-id=\"2753c5f2\" data-element_type=\"section\">\n\t\t\t\t\t\t<div class=\"elementor-container elementor-column-gap-default\">\n\t\t\t\t\t\t\t<div class=\"elementor-row\">\n\t\t\t\t\t<div class=\"has_ae_slider elementor-column elementor-col-100 elementor-inner-column elementor-element elementor-element-27ee3c1b ae-bg-gallery-type-default\" data-id=\"27ee3c1b\" data-element_type=\"column\">\n\t\t\t<div class=\"elementor-column-wrap elementor-element-populated\">\n\t\t\t\t\t\t\t<div class=\"elementor-widget-wrap\">\n\t\t\t\t\t\t<div class=\"elementor-element elementor-element-4c70fc7d elementor-align-center elementor-widget elementor-widget-button\" data-id=\"4c70fc7d\" data-element_type=\"widget\" data-widget_type=\"button.default\">\n\t\t\t\t<div class=\"elementor-widget-container\">\n\t\t\t\t\t<div class=\"elementor-button-wrapper\">\n\t\t\t<a href=\"https:\/\/groupe-reussite.fr\/cours-particuliers\/francais\/tous-niveaux\/france\/\" target=\"_blank\" class=\"elementor-button-link elementor-button elementor-size-md elementor-animation-grow\" role=\"button\">\n\t\t\t\t\t\t<span class=\"elementor-button-content-wrapper\">\n\t\t\t\t\t\t\t<span class=\"elementor-button-icon elementor-align-icon-right\">\n\t\t\t\t<i aria-hidden=\"true\" class=\"fas fa-bookmark\"><\/i>\t\t\t<\/span>\n\t\t\t\t\t\t<span class=\"elementor-button-text\">Trouver des professeurs particuliers de fran\u00e7ais<\/span>\n\t\t<\/span>\n\t\t\t\t\t<\/a>\n\t\t<\/div>\n\t\t\t\t<\/div>\n\t\t\t\t<\/div>\n\t\t\t\t\t\t<\/div>\n\t\t\t\t\t<\/div>\n\t\t<\/div>\n\t\t\t\t\t\t\t\t<\/div>\n\t\t\t\t\t<\/div>\n\t\t<\/section>\n\t\t\t\t\t\t\t<\/div>\n\t\t\t\t<\/div>\n\t\t<\/p>\t\t\t\t\t<\/div>\n\t\t\t\t\t\t<\/div>\n\t\t\t\t<\/div>\n\t\t\t\t<div class=\"elementor-element elementor-element-da99284 blacktitle elementor-widget elementor-widget-text-editor\" data-id=\"da99284\" data-element_type=\"widget\" data-widget_type=\"text-editor.default\">\n\t\t\t\t<div class=\"elementor-widget-container\">\n\t\t\t\t\t\t\t\t<div class=\"elementor-text-editor elementor-clearfix\">\n\t\t\t\t<h3>2 &#8211; Le \u00ab malentendu Andersen \u00bb<\/h3>\t\t\t\t\t<\/div>\n\t\t\t\t\t\t<\/div>\n\t\t\t\t<\/div>\n\t\t\t\t<div class=\"elementor-element elementor-element-9449f47 elementor-widget elementor-widget-text-editor\" data-id=\"9449f47\" data-element_type=\"widget\" data-widget_type=\"text-editor.default\">\n\t\t\t\t<div class=\"elementor-widget-container\">\n\t\t\t\t\t\t\t\t<div class=\"elementor-text-editor elementor-clearfix\">\n\t\t\t\t<p>En tout \u00e9tat de cause, Andersen semble avoir choisi le genre du conte pour la profonde libert\u00e9 qu&rsquo;il offre. Car le conte au XIXe si\u00e8cle est encore consid\u00e9r\u00e9 comme un <strong>genre mineur, divers, non trop codifi\u00e9<\/strong> et qui laisse donc une grande part de libert\u00e9.<\/p><p>Traditionnellement, le conte se caract\u00e9rise par sa <strong>bri\u00e8vet\u00e9<\/strong>, ce qui est le cas des r\u00e9cits d\u2019Andersen (qui tiennent parfois sur deux ou trois pages). Il se d\u00e9roule dans un pass\u00e9 r\u00e9volu (c\u2019est la fameuse formule \u00ab Il \u00e9tait une fois \u00bb) ; cependant Andersen y a bien moins recours que les autres \u00ab conteurs \u00bb : car il se d\u00e9marque de ses pr\u00e9d\u00e9cesseurs (Perrault, Galland, les fr\u00e8res Grimm) en plusieurs points.<\/p><p>Si Andersen avait ainsi commenc\u00e9 \u00e0 \u00e9crire un roman fantastique, les contes (si l\u2019on \u00e9voque le genre classique avant Andersen) tiennent parfois plut\u00f4t du <strong>registre du merveilleux<\/strong>. La diff\u00e9rence entre les deux est que dans <strong>le fantastique, le surnaturel est parfois ambigu<\/strong>, comme s\u2019il faisait partie de la r\u00e9alit\u00e9 et que l\u2019auteur voulait laisser le doute ; <strong>dans le cas du merveilleux, le surnaturel est assum\u00e9<\/strong>, il n\u2019y aucun doute sur le fait que l\u2019on a pass\u00e9 la fronti\u00e8re de l\u2019imaginaire (ce qui a pour cons\u00e9quence de voir prolif\u00e9rer, sur le champ des proc\u00e9d\u00e9s litt\u00e9raires, les superlatifs et les hyperboles par exemple).<\/p><p>C&rsquo;est donc la grande premi\u00e8re originalit\u00e9 d\u2019Andersen : le refus de cet \u00e9loignement trop marqu\u00e9 de la r\u00e9alit\u00e9. En effet, tous les <em>Contes d\u2019Andersen<\/em> ne rel\u00e8vent pas du merveilleux : il se d\u00e9marque ainsi par un certain \u00ab effet de r\u00e9el \u00bb davantage pr\u00e9sent. Andersen lui-m\u00eame <strong>divisait ses contes en deux familles<\/strong> : les eventyr (des p\u00e9rip\u00e9ties, des rebondissements, plus proches du merveilleux comme <em>La Petite Sir\u00e8ne<\/em> ou <em>La Reine des Neiges<\/em>) et les historier, soit des r\u00e9cits plus r\u00e9alistes. Marc Auchet, dans la pr\u00e9face de l\u2019\u00e9dition au programme, insiste ainsi bien sur le fait que des \u00ab contes \u00bb m\u00e9riteraient parfois d\u2019\u00eatre appel\u00e9s des \u00ab nouvelles \u00bb parce que d\u00e9pourvus de merveilleux.<\/p><p>La deuxi\u00e8me originalit\u00e9 d\u2019Andersen en est presque la cons\u00e9quence &#8211; les <strong>th\u00e8mes choisis<\/strong>. Il reprend certes des contes traditionnelles danois, mais va aussi tisser de nouvelles et in\u00e9dites histoires \u00e0 partir de son imagination, voire de ses consid\u00e9rations autobiographiques.<br \/>La troisi\u00e8me rupture d\u00e9coule aussi de la premi\u00e8re : les <em>Contes d\u2019Andersen<\/em> pr\u00e9sentent certes une certaine vision de l\u2019enfance ; ils peuvent <strong>se destiner certes aux enfants<\/strong> ; mais leur <strong>public premier, ce sont les adultes<\/strong>. Car la profondeur des contes, la finesse du style parl\u00e9 (nous y reviendrons) et la maturit\u00e9 des th\u00e8mes trait\u00e9s, rapprochent plut\u00f4t Andersen de la litt\u00e9rature\u2026 pour les personnes sorties de l\u2019enfance.<\/p><p>R\u00e9gis Boyer a bien not\u00e9 cette certaine noirceur adulte et mature d\u2019Andersen : \u00ab Il est exact que cette muse est volontiers noire, que les \u00e2mes \u00e9voluant sous nos yeux y ont souvent froid, d\u2019un froid int\u00e9rieur capable de nous donner le frisson, que l\u2019inaccomplissement affectif dont aura souffert Andersen toute sa vie s\u2019est traduit par des visions souvent assez sinistres de la condition humaine. \u00bb (Cit\u00e9 par Lac\u00f4te-Destribats Christiane, \u00ab Au regard de \u00bb, <em>Journal fran\u00e7ais de psychiatrie<\/em>, 2002\/2).<\/p><p>Oui, des livres sur l\u2019enfance ne sont pas forc\u00e9ment pour des enfants\u2026 C&rsquo;est le \u00ab <strong>malentendu Andersen<\/strong> \u00bb qu\u2019\u00e9voque Anne-Marie Garat dans <em>Le Monde<\/em> en 2005 : \u00ab Plus qu&rsquo;un art de l&rsquo;enfance, [Andersen] illustre la grandeur d&rsquo;un genre adulte par lequel l&rsquo;\u00e9crivain resonge l&rsquo;enfance, et l&rsquo;invente, la constitue comme horizon utopique et valeur humaine \u00bb.<\/p><p>En somme si le th\u00e8me de l\u2019ann\u00e9e en fran\u00e7ais en pr\u00e9pa est l\u2019enfance, Andersen s\u2019adresse peut-\u00eatre aussi et surtout \u00e0 des adultes dans ces contes !\u00a0<\/p><p>(La suite des explications sur les Contes d&rsquo;Anderson est accessible sur notre application mobile PrepApp.)<\/p>\t\t\t\t\t<\/div>\n\t\t\t\t\t\t<\/div>\n\t\t\t\t<\/div>\n\t\t\t\t<div class=\"elementor-element elementor-element-7d2872e elementor-widget elementor-widget-image\" data-id=\"7d2872e\" data-element_type=\"widget\" data-widget_type=\"image.default\">\n\t\t\t\t<div class=\"elementor-widget-container\">\n\t\t\t\t\t\t\t\t<div class=\"elementor-image\">\n\t\t\t\t\t\t\t\t\t<figure class=\"wp-caption\">\n\t\t\t\t\t\t\t\t\t\t<img width=\"600\" height=\"398\" src=\"https:\/\/groupe-reussite.fr\/ressources\/wp-content\/uploads\/2021\/08\/contes-andersen-vilain-petit-canard.jpg\" class=\"attachment-large size-large wp-image-131745\" alt=\"Le c\u00f4t\u00e9 autobiographique des contes d&#039;Andersen\" loading=\"lazy\" srcset=\"https:\/\/groupe-reussite.fr\/ressources\/wp-content\/uploads\/2021\/08\/contes-andersen-vilain-petit-canard.jpg 600w, https:\/\/groupe-reussite.fr\/ressources\/wp-content\/uploads\/2021\/08\/contes-andersen-vilain-petit-canard-300x199.jpg 300w\" sizes=\"(max-width: 600px) 100vw, 600px\" \/>\t\t\t\t\t\t\t\t\t\t\t<figcaption class=\"widget-image-caption wp-caption-text\">Les Contes d\u2019Andersen ont aussi une certaine teneur autobiographique : le Vilain Petit Canard, c'est aussi lui !<\/figcaption>\n\t\t\t\t\t\t\t\t\t\t<\/figure>\n\t\t\t\t\t\t\t\t<\/div>\n\t\t\t\t\t\t<\/div>\n\t\t\t\t<\/div>\n\t\t\t\t<div class=\"elementor-element elementor-element-2d4237a elementor-widget elementor-widget-text-editor\" data-id=\"2d4237a\" data-element_type=\"widget\" data-widget_type=\"text-editor.default\">\n\t\t\t\t<div class=\"elementor-widget-container\">\n\t\t\t\t\t\t\t\t<div class=\"elementor-text-editor elementor-clearfix\">\n\t\t\t\t<h2>Ak\u00e9 les ann\u00e9es d\u2019enfance, de Wole Soyinka en Maths Sup Maths Sp\u00e9<\/h2>\t\t\t\t\t<\/div>\n\t\t\t\t\t\t<\/div>\n\t\t\t\t<\/div>\n\t\t\t\t<div class=\"elementor-element elementor-element-6c379dc blacktitle elementor-widget elementor-widget-text-editor\" data-id=\"6c379dc\" data-element_type=\"widget\" data-widget_type=\"text-editor.default\">\n\t\t\t\t<div class=\"elementor-widget-container\">\n\t\t\t\t\t\t\t\t<div class=\"elementor-text-editor elementor-clearfix\">\n\t\t\t\t<h3>1 &#8211; Wole Soyinka, le premier Nobel de litt\u00e9rature africain<\/h3>\t\t\t\t\t<\/div>\n\t\t\t\t\t\t<\/div>\n\t\t\t\t<\/div>\n\t\t\t\t<div class=\"elementor-element elementor-element-4fed145 elementor-widget elementor-widget-text-editor\" data-id=\"4fed145\" data-element_type=\"widget\" data-widget_type=\"text-editor.default\">\n\t\t\t\t<div class=\"elementor-widget-container\">\n\t\t\t\t\t\t\t\t<div class=\"elementor-text-editor elementor-clearfix\">\n\t\t\t\t<p>\u00ab Un g\u00e9ant de la litt\u00e9rature africaine \u00bb : c\u2019est ainsi que Marie-Claire Van der Elst, dans la recension d\u2019<em>Ak\u00e9 les ann\u00e9es d\u2019enfance<\/em> dans la revue Esprit en 1985, d\u00e9crivait Wole Soyinka. L\u2019auteur n\u00e9 au Nig\u00e9ria en 1934 a en effet re\u00e7u le <strong>Prix Nobel de Litt\u00e9rature en 1986<\/strong> \u2013 il fut le <strong>premier Africain laur\u00e9at de ce prix<\/strong>. L\u2019Acad\u00e9mie de Stockholm avait voulu par-l\u00e0 r\u00e9compenser un \u00e9crivain \u00ab qui met en sc\u00e8ne, dans une vaste perspective culturelle enrichie de r\u00e9sonances po\u00e9tiques, une repr\u00e9sentation dramatique de l&rsquo;existence \u00bb. \u00c0 ce jour Soyinka reste ainsi un des plus vieux r\u00e9cipiendaires du Nobel encore en vie.<\/p><p>Soyinka a touch\u00e9 \u00e0 tous les genres litt\u00e9raires, et le Nobel est venu r\u00e9compenser cette \u0153uvre multiple et si diverse : romans, po\u00e9sie, essais, autobiographie, cin\u00e9ma\u2026 Soyinka est un artiste total. C&rsquo;est cependant d\u2019abord et peut-\u00eatre avant tout un dramaturge (<em>Ak\u00e9<\/em>, une autobiographie, n&rsquo;est donc pas son genre litt\u00e9raire de pr\u00e9dilection). Avec <em>Le Lion et la Perle<\/em> d\u00e8s 1959, ou encore <em>La Danse de la For\u00eat<\/em>, <em>La Mort et l\u2019Ecuyer du Roi<\/em> ou les <em>Tribulations de fr\u00e8re J\u00e9ro<\/em>, multiples pi\u00e8ces \u00e9crites en quelques ann\u00e9es, Soyinka fait parler son <strong>talent de dramaturge<\/strong> et glisse, dans ses \u0153uvres, une certaine <strong>d\u00e9nonciation du colonialisme et de l\u2019affaiblissement de la culture traditionnelle<\/strong>.<\/p><p>Pour nourrir son style, de son exp\u00e9rience de dramaturge, Wole Soyinka a peut-\u00eatre gard\u00e9 une vivacit\u00e9 dans le r\u00e9cit, l\u2019aisance avec le langage parl\u00e9 et oral, plein d\u2019<strong>humour et de chaleur<\/strong>, ce qui se retrouve dans <em>Ak\u00e9<\/em>. De son exp\u00e9rience de po\u00e8te, il en retire \u00e9galement un certain go\u00fbt pour le <strong>lyrisme et la pr\u00e9cision des descriptions<\/strong>.<\/p><p>Les <strong>th\u00e8mes politiques et sociaux<\/strong> se retrouvent aussi dans les romans de Wole Soyinka. Notamment dans <em>Une saison d\u2019anomie<\/em>, o\u00f9 il \u00e9voque la terrible guerre du Biafra au Nig\u00e9ria. Les registres de ces \u0153uvres se font ainsi volontiers <strong>satiriques<\/strong> (m\u00ealant ironie et critique de la soci\u00e9t\u00e9), car Wole Soyinka ne fait pas que peindre le Nig\u00e9ria de son temps, il le <strong>critique et en d\u00e9voile les insuffisances<\/strong>, tant dues \u00e0 la classe politique du pays, fort rapace, qu&rsquo;au post-colonialisme.<\/p><p>Wole Soyinka s\u2019est donc aussi essay\u00e9 au genre autobiographique \u2013 ce genre qui existe au moins depuis les <em>Confessions<\/em> de Saint-Augustin, et que Montaigne et Jean-Jacques Rousseau, avec ses propres <em>Confessions<\/em>, ont su renouveler et enrichir.<\/p><p>Rappelons que l\u2019autobiographie se fonde sur ce que le sp\u00e9cialiste Philippe Lejeune appelle un \u00ab <strong>pacte autobiographique<\/strong> \u00bb, et peut se d\u00e9finir ainsi, toujours selon P.Lejeune : \u00ab r\u00e9cit r\u00e9trospectif en prose qu&rsquo;une personne r\u00e9elle fait de sa propre existence, lorsqu&rsquo;elle met l&rsquo;accent sur sa vie individuelle, en particulier sur l&rsquo;histoire de sa personnalit\u00e9 \u00bb. Cette d\u00e9finition, sans \u00eatre reprise in extenso dans une copie, pourra \u00eatre utilement mentionn\u00e9e, notamment en \u00e9voquant la notion de \u00ab pacte autobiographique \u00bb.<\/p><p><em>Ak\u00e9 les ann\u00e9es d\u2019enfance<\/em> est le premier tome de l\u2019autobiographie de Wole Soyinka. Suivront<em> Ibadan, les ann\u00e9es pagaille<\/em> (1997) et <em>Il te faudra partir \u00e0 l\u2019aube<\/em>. <em>Ak\u00e9<\/em> couvre donc, comme son titre l\u2019indique, les 12 premi\u00e8res ann\u00e9es de la vie de l\u2019auteur. Notamment que cette p\u00e9riode de 12 ans est aussi la m\u00eame dans <em>l\u2019\u00c9mile<\/em> de Jean-Jacques Rousseau, en ses deux premiers livres !<\/p>\t\t\t\t\t<\/div>\n\t\t\t\t\t\t<\/div>\n\t\t\t\t<\/div>\n\t\t\t\t<div class=\"elementor-element elementor-element-8380652 elementor-widget elementor-widget-image\" data-id=\"8380652\" data-element_type=\"widget\" data-widget_type=\"image.default\">\n\t\t\t\t<div class=\"elementor-widget-container\">\n\t\t\t\t\t\t\t\t<div class=\"elementor-image\">\n\t\t\t\t\t\t\t\t\t<figure class=\"wp-caption\">\n\t\t\t\t\t\t\t\t\t\t<img width=\"400\" height=\"331\" src=\"https:\/\/groupe-reussite.fr\/ressources\/wp-content\/uploads\/2021\/08\/wole-soyinka-premier-africain-nobel-litterature.jpg\" class=\"attachment-large size-large wp-image-131746\" alt=\"Wole Soyinka, le premier prix Nobel de litt\u00e9rature Africain\" loading=\"lazy\" srcset=\"https:\/\/groupe-reussite.fr\/ressources\/wp-content\/uploads\/2021\/08\/wole-soyinka-premier-africain-nobel-litterature.jpg 400w, https:\/\/groupe-reussite.fr\/ressources\/wp-content\/uploads\/2021\/08\/wole-soyinka-premier-africain-nobel-litterature-300x248.jpg 300w\" sizes=\"(max-width: 400px) 100vw, 400px\" \/>\t\t\t\t\t\t\t\t\t\t\t<figcaption class=\"widget-image-caption wp-caption-text\">Wole Soyinka est le premier Africain \u00e0 avoir re\u00e7u le Nobel de Litt\u00e9rature.<\/figcaption>\n\t\t\t\t\t\t\t\t\t\t<\/figure>\n\t\t\t\t\t\t\t\t<\/div>\n\t\t\t\t\t\t<\/div>\n\t\t\t\t<\/div>\n\t\t\t\t<div class=\"elementor-element elementor-element-87b6501 elementor-widget elementor-widget-text-editor\" data-id=\"87b6501\" data-element_type=\"widget\" data-widget_type=\"text-editor.default\">\n\t\t\t\t<div class=\"elementor-widget-container\">\n\t\t\t\t\t\t\t\t<div class=\"elementor-text-editor elementor-clearfix\">\n\t\t\t\t<p>\t\t<div data-elementor-type=\"section\" data-elementor-id=\"112233\" class=\"elementor elementor-112233\">\n\t\t\t\t\t<div class=\"elementor-section-wrap\">\n\t\t\t\t\t\t\t\t<section class=\"has_ae_slider elementor-section elementor-inner-section elementor-element elementor-element-2753c5f2 elementor-section-content-bottom elementor-section-full_width elementor-section-height-min-height elementor-section-height-default ae-bg-gallery-type-default\" data-id=\"2753c5f2\" data-element_type=\"section\">\n\t\t\t\t\t\t<div class=\"elementor-container elementor-column-gap-default\">\n\t\t\t\t\t\t\t<div class=\"elementor-row\">\n\t\t\t\t\t<div class=\"has_ae_slider elementor-column elementor-col-100 elementor-inner-column elementor-element elementor-element-27ee3c1b ae-bg-gallery-type-default\" data-id=\"27ee3c1b\" data-element_type=\"column\">\n\t\t\t<div class=\"elementor-column-wrap elementor-element-populated\">\n\t\t\t\t\t\t\t<div class=\"elementor-widget-wrap\">\n\t\t\t\t\t\t<div class=\"elementor-element elementor-element-4c70fc7d elementor-align-center elementor-widget elementor-widget-button\" data-id=\"4c70fc7d\" data-element_type=\"widget\" data-widget_type=\"button.default\">\n\t\t\t\t<div class=\"elementor-widget-container\">\n\t\t\t\t\t<div class=\"elementor-button-wrapper\">\n\t\t\t<a href=\"https:\/\/groupe-reussite.fr\/cours-particuliers\/francais\/tous-niveaux\/france\/\" target=\"_blank\" class=\"elementor-button-link elementor-button elementor-size-md elementor-animation-grow\" role=\"button\">\n\t\t\t\t\t\t<span class=\"elementor-button-content-wrapper\">\n\t\t\t\t\t\t\t<span class=\"elementor-button-icon elementor-align-icon-right\">\n\t\t\t\t<i aria-hidden=\"true\" class=\"fas fa-bookmark\"><\/i>\t\t\t<\/span>\n\t\t\t\t\t\t<span class=\"elementor-button-text\">Trouver des professeurs particuliers de fran\u00e7ais<\/span>\n\t\t<\/span>\n\t\t\t\t\t<\/a>\n\t\t<\/div>\n\t\t\t\t<\/div>\n\t\t\t\t<\/div>\n\t\t\t\t\t\t<\/div>\n\t\t\t\t\t<\/div>\n\t\t<\/div>\n\t\t\t\t\t\t\t\t<\/div>\n\t\t\t\t\t<\/div>\n\t\t<\/section>\n\t\t\t\t\t\t\t<\/div>\n\t\t\t\t<\/div>\n\t\t<\/p>\t\t\t\t\t<\/div>\n\t\t\t\t\t\t<\/div>\n\t\t\t\t<\/div>\n\t\t\t\t<div class=\"elementor-element elementor-element-acb1d60 blacktitle elementor-widget elementor-widget-text-editor\" data-id=\"acb1d60\" data-element_type=\"widget\" data-widget_type=\"text-editor.default\">\n\t\t\t\t<div class=\"elementor-widget-container\">\n\t\t\t\t\t\t\t\t<div class=\"elementor-text-editor elementor-clearfix\">\n\t\t\t\t<h3>2 &#8211; L\u2019apprentissage de l\u2019enfance avec Wole Soyinka<\/h3>\t\t\t\t\t<\/div>\n\t\t\t\t\t\t<\/div>\n\t\t\t\t<\/div>\n\t\t\t\t<div class=\"elementor-element elementor-element-7369f92 elementor-widget elementor-widget-text-editor\" data-id=\"7369f92\" data-element_type=\"widget\" data-widget_type=\"text-editor.default\">\n\t\t\t\t<div class=\"elementor-widget-container\">\n\t\t\t\t\t\t\t\t<div class=\"elementor-text-editor elementor-clearfix\">\n\t\t\t\t<p>Wole Soyinka d\u00e9crit ainsi son enfance dans le \u00ab paradis terrestre d\u2019un village nig\u00e9rien \u00bb (Marie-Claire Van der Elst) : il est vrai que le d\u00e9cor, tout d\u00e9routant qu&rsquo;il soit pour le lecteur occidental, a parfois quelque chose d\u2019idyllique, tant l\u2019on sent <strong>l\u2019attachement de l\u2019auteur \u00e0 son village d\u2019enfance<\/strong> (le petit village justement nomm\u00e9 <em>Ak\u00e9<\/em> au Nig\u00e9ria).<\/p><p>Wole Soyinka d\u00e9crit bien s\u00fbr sa vie de famille et notamment tout l\u2019attachement qu&rsquo;il porte \u00e0 ses parents, et particuli\u00e8rement \u00e0 son p\u00e8re, Essay, directeur d\u2019\u00e9cole et amateur de jardinage. C&rsquo;est Essay qui donnera \u00e0 son fils le <strong>go\u00fbt des livres et de l\u2019\u00e9criture<\/strong> et il tient donc une large place dans le parcours initiatique de Wole. L\u2019auteur d\u00e9crit aussi sa m\u00e8re Eniola, commer\u00e7ante, surnomm\u00e9e \u00ab Chr\u00e9tienne sauvage \u00bb (les surnoms sont l\u00e9gion dans le livre), pour sa foi fervente, pour son ardeur de vivre \u2013 mais elle est aussi stricte et ne pardonne pas \u00e0 son fils la moindre peccadille !<\/p><p>Le premier grand th\u00e8me du livre est aussi le <strong>parcours initiatique de Wole Soyinka<\/strong>, ou le franchissement de plusieurs rites de passage. L\u2019auteur d\u00e9crit son ignorance premi\u00e8re \u00e0 travers de <strong>multiples anecdotes<\/strong> (le livre en fourmille) : par exemple, il se perd une fois en marchant dans la brousse, ou bien go\u00fbte du lait seulement parce que sa m\u00e8re l\u2019en a d\u00e9fendu.<\/p><p>Cependant, l\u2019auteur va affronter des \u00e9preuves qui vont ainsi le faire grandir et gagner en maturit\u00e9 : Wole Soyinka endure d\u2019ailleurs un rite de passage traditionnel, qui marque son corps ; aussi et peut-\u00eatre surtout, sa toute jeune s\u0153ur meurt le jour de son anniversaire, Wole pleurant \u00e0 chaudes larmes.<\/p><p>Ainsi le livre oscille entre<strong> joie et plaisirs de l\u2019enfance<\/strong> \u2013 ces merveilles attendues \u2013 mais ne tait rien de la <strong>dure r\u00e9alit\u00e9 de la vie dans ce petit villag<\/strong>e.<\/p><p>Cet apprentissage passe \u00e9galement par <strong>les livres et l\u2019\u00e9cole<\/strong>, qui occupent une place centrale dans la vie de l\u2019auteur, assoiff\u00e9 d\u2019apprendre. L\u2019\u00e9cole est \u00e9galement le lieu des jeux, des camarades et de l\u2019apprentissage du respect. Wole Soyinka va y affirmer son temp\u00e9rament vif, \u00e9veill\u00e9, sensible. En fr\u00e9quentant les adultes, il prendra de plus en plus de recul sur leur comportement, le jugeant parfois peu raisonnable.<\/p>\t\t\t\t\t<\/div>\n\t\t\t\t\t\t<\/div>\n\t\t\t\t<\/div>\n\t\t\t\t<div class=\"elementor-element elementor-element-a2fe522 elementor-widget elementor-widget-image\" data-id=\"a2fe522\" data-element_type=\"widget\" data-widget_type=\"image.default\">\n\t\t\t\t<div class=\"elementor-widget-container\">\n\t\t\t\t\t\t\t\t<div class=\"elementor-image\">\n\t\t\t\t\t\t\t\t\t<figure class=\"wp-caption\">\n\t\t\t\t\t\t\t\t\t\t<img width=\"400\" height=\"533\" src=\"https:\/\/groupe-reussite.fr\/ressources\/wp-content\/uploads\/2021\/08\/wole-soyinka-ake-afrique-transition.jpg\" class=\"attachment-large size-large wp-image-131747\" alt=\"La transition de l&#039;AFrique dans le livre Ak\u00e9 de Wole Soyinka\" loading=\"lazy\" srcset=\"https:\/\/groupe-reussite.fr\/ressources\/wp-content\/uploads\/2021\/08\/wole-soyinka-ake-afrique-transition.jpg 400w, https:\/\/groupe-reussite.fr\/ressources\/wp-content\/uploads\/2021\/08\/wole-soyinka-ake-afrique-transition-225x300.jpg 225w\" sizes=\"(max-width: 400px) 100vw, 400px\" \/>\t\t\t\t\t\t\t\t\t\t\t<figcaption class=\"widget-image-caption wp-caption-text\">Ak\u00e9 d\u00e9crit le spectacle d\u2019une Afrique en transition, entre cultures occidentale et traditionnelle.<\/figcaption>\n\t\t\t\t\t\t\t\t\t\t<\/figure>\n\t\t\t\t\t\t\t\t<\/div>\n\t\t\t\t\t\t<\/div>\n\t\t\t\t<\/div>\n\t\t\t\t<div class=\"elementor-element elementor-element-82d91c8 elementor-widget elementor-widget-text-editor\" data-id=\"82d91c8\" data-element_type=\"widget\" data-widget_type=\"text-editor.default\">\n\t\t\t\t<div class=\"elementor-widget-container\">\n\t\t\t\t\t\t\t\t<div class=\"elementor-text-editor elementor-clearfix\">\n\t\t\t\t<p>Pour acc\u00e9der \u00e0 la pr\u00e9sentation compl\u00e8te de <em>Ak\u00e9, Les ann\u00e9es d&rsquo;enfance<\/em> et des 2 autres \u0153uvres au th\u00e8me de fran\u00e7ais en pr\u00e9pa scientifique, t\u00e9l\u00e9chargez l&rsquo;application mobile PrepApp.<\/p>\t\t\t\t\t<\/div>\n\t\t\t\t\t\t<\/div>\n\t\t\t\t<\/div>\n\t\t\t\t<div class=\"elementor-element elementor-element-2af8464 elementor-widget elementor-widget-text-editor\" data-id=\"2af8464\" data-element_type=\"widget\" data-widget_type=\"text-editor.default\">\n\t\t\t\t<div class=\"elementor-widget-container\">\n\t\t\t\t\t\t\t\t<div class=\"elementor-text-editor elementor-clearfix\">\n\t\t\t\t<p>Apprenez-en plus sur la place du fran\u00e7ais dans les classes pr\u00e9paratoires et compl\u00e9tez vos connaissances avec les articles suivants :<\/p><ul><li>Les <a href=\"https:\/\/groupe-reussite.fr\/ressources\/cp-citations-francais-prepa-enfance\/\">citations sur les \u0153uvres en CPGE sur l&rsquo;enfance<\/a><\/li><li><a href=\"https:\/\/groupe-reussite.fr\/ressources\/cp-dissertation-corrigee-enfance-cpge\/\">Dissertation corrig\u00e9e sur l&rsquo;enfance en pr\u00e9pa<\/a><\/li><li><a href=\"https:\/\/groupe-reussite.fr\/ressources\/cp-dissertation-corrigee-theme-enfance-cpge\/\">Dissertation sur la raison des enfants en CPGE<\/a><\/li><li><a href=\"https:\/\/groupe-reussite.fr\/ressources\/cp-dissertation-corrigee-enfance-religion-cpge\/\">Dissertation sur le th\u00e8me enfance et religion en CPGE<\/a><\/li><li><a href=\"https:\/\/groupe-reussite.fr\/ressources\/cp-dissertation-francais-enfants-parents-cpge\/\">Dissertation corrig\u00e9e sur enfant et parents en CPGE<\/a><\/li><li><a href=\"https:\/\/groupe-reussite.fr\/ressources\/cp-francais-dissertation-difficulte-etre-enfance\/\">Dissertation corrig\u00e9e sur l&rsquo;enfance : difficult\u00e9 d&rsquo;\u00eatre<\/a><\/li><\/ul>\t\t\t\t\t<\/div>\n\t\t\t\t\t\t<\/div>\n\t\t\t\t<\/div>\n\t\t\t\t\t\t<\/div>\n\t\t\t\t\t<\/div>\n\t\t<\/div>\n\t\t\t\t\t\t\t\t<\/div>\n\t\t\t\t\t<\/div>\n\t\t<\/section>\n\t\t\t\t\t\t<\/div>\n\t\t\t\t\t<\/div>\n\t\t<\/div>\n\t\t\t\t\t\t\t\t<\/div>\n\t\t\t\t\t<\/div>\n\t\t<\/section>\n\t\t\t\t\t\t\t\t\t<\/div>\n\t\t\t<\/div>\n\t\t\t\t\t<\/div>\n\t\t","protected":false},"excerpt":{"rendered":"<p>Les \u0153uvres au programme de fran\u00e7ais en prepa scientifique 2022 Description des \u0153uvres au programme de fran\u00e7ais sur l&rsquo;enfance en pr\u00e9pa \u00a0 cours particuliers Cours particuliers de fran\u00e7ais r\u00e9server un cours particulier de fran\u00e7ais CONTACTEZ NOUS Apr\u00e8s une analyse d\u00e9finitionnelle du concept \u00ab d\u2019enfance \u00bb, th\u00e8me des cours de fran\u00e7ais en pr\u00e9pa scientifique dans un [&hellip;]<\/p>\n","protected":false},"author":6,"featured_media":131750,"parent":0,"menu_order":0,"comment_status":"closed","ping_status":"closed","template":"elementor_header_footer","meta":[],"yoast_head":"<!-- This site is optimized with the Yoast SEO plugin v20.2.1 - https:\/\/yoast.com\/wordpress\/plugins\/seo\/ -->\n<title>L&#039;enfance, les \u0153uvres du th\u00e8me de fran\u00e7ais en prepa 2022<\/title>\n<meta name=\"description\" content=\"Pr\u00e9sentation des 3 \u0153uvres au programme de fran\u00e7ais 2022 en pr\u00e9pa : L&#039;\u00c9mile ou de l&#039;\u00c9ducation, Les contes d&#039;Andersen, Ak\u00e9 les ann\u00e9es d&#039;enfance\" \/>\n<meta name=\"robots\" content=\"index, follow, max-snippet:-1, max-image-preview:large, max-video-preview:-1\" \/>\n<link rel=\"canonical\" href=\"https:\/\/groupe-reussite.fr\/ressources\/cp-oeuvres-francais-prepa-2022-enfance\/\" \/>\n<meta property=\"og:locale\" content=\"fr_FR\" \/>\n<meta property=\"og:type\" content=\"article\" \/>\n<meta property=\"og:title\" content=\"L&#039;enfance, les \u0153uvres du th\u00e8me de fran\u00e7ais en prepa 2022\" \/>\n<meta property=\"og:description\" content=\"Pr\u00e9sentation des 3 \u0153uvres au programme de fran\u00e7ais 2022 en pr\u00e9pa : L&#039;\u00c9mile ou de l&#039;\u00c9ducation, Les contes d&#039;Andersen, Ak\u00e9 les ann\u00e9es d&#039;enfance\" \/>\n<meta property=\"og:url\" content=\"https:\/\/groupe-reussite.fr\/ressources\/cp-oeuvres-francais-prepa-2022-enfance\/\" \/>\n<meta property=\"og:site_name\" content=\"Groupe R\u00e9ussite\" \/>\n<meta property=\"article:modified_time\" content=\"2024-04-05T08:23:05+00:00\" \/>\n<meta property=\"og:image\" content=\"https:\/\/groupe-reussite.fr\/ressources\/wp-content\/uploads\/2021\/08\/presentation-oeuvres-enfance-francais-prepa-scientifique.jpg\" \/>\n\t<meta property=\"og:image:width\" content=\"700\" \/>\n\t<meta property=\"og:image:height\" content=\"400\" \/>\n\t<meta property=\"og:image:type\" content=\"image\/jpeg\" \/>\n<meta name=\"twitter:card\" content=\"summary_large_image\" \/>\n<meta name=\"twitter:label1\" content=\"Dur\u00e9e de lecture estim\u00e9e\" \/>\n\t<meta name=\"twitter:data1\" content=\"18 minutes\" \/>\n<script type=\"application\/ld+json\" class=\"yoast-schema-graph\">{\"@context\":\"https:\/\/schema.org\",\"@graph\":[{\"@type\":\"WebPage\",\"@id\":\"https:\/\/groupe-reussite.fr\/ressources\/cp-oeuvres-francais-prepa-2022-enfance\/\",\"url\":\"https:\/\/groupe-reussite.fr\/ressources\/cp-oeuvres-francais-prepa-2022-enfance\/\",\"name\":\"L'enfance, les \u0153uvres du th\u00e8me de fran\u00e7ais en prepa 2022\",\"isPartOf\":{\"@id\":\"https:\/\/groupe-reussite.fr\/ressources\/#website\"},\"datePublished\":\"2021-08-09T16:24:11+00:00\",\"dateModified\":\"2024-04-05T08:23:05+00:00\",\"description\":\"Pr\u00e9sentation des 3 \u0153uvres au programme de fran\u00e7ais 2022 en pr\u00e9pa : L'\u00c9mile ou de l'\u00c9ducation, Les contes d'Andersen, Ak\u00e9 les ann\u00e9es d'enfance\",\"breadcrumb\":{\"@id\":\"https:\/\/groupe-reussite.fr\/ressources\/cp-oeuvres-francais-prepa-2022-enfance\/#breadcrumb\"},\"inLanguage\":\"fr-FR\",\"potentialAction\":[{\"@type\":\"ReadAction\",\"target\":[\"https:\/\/groupe-reussite.fr\/ressources\/cp-oeuvres-francais-prepa-2022-enfance\/\"]}]},{\"@type\":\"BreadcrumbList\",\"@id\":\"https:\/\/groupe-reussite.fr\/ressources\/cp-oeuvres-francais-prepa-2022-enfance\/#breadcrumb\",\"itemListElement\":[{\"@type\":\"ListItem\",\"position\":1,\"name\":\"Accueil\",\"item\":\"https:\/\/groupe-reussite.fr\/ressources\/\"},{\"@type\":\"ListItem\",\"position\":2,\"name\":\"Les \u0153uvres au programme de fran\u00e7ais-philo en pr\u00e9pa scientifique sur le th\u00e8me de l&#8217;enfance 2022\"}]},{\"@type\":\"WebSite\",\"@id\":\"https:\/\/groupe-reussite.fr\/ressources\/#website\",\"url\":\"https:\/\/groupe-reussite.fr\/ressources\/\",\"name\":\"Groupe R\u00e9ussite\",\"description\":\"Stage et Cours particuliers maths, fran\u00e7ais, anglais, informatique, physique chimie\",\"publisher\":{\"@id\":\"https:\/\/groupe-reussite.fr\/ressources\/#organization\"},\"potentialAction\":[{\"@type\":\"SearchAction\",\"target\":{\"@type\":\"EntryPoint\",\"urlTemplate\":\"https:\/\/groupe-reussite.fr\/ressources\/?s={search_term_string}\"},\"query-input\":\"required name=search_term_string\"}],\"inLanguage\":\"fr-FR\"},{\"@type\":\"Organization\",\"@id\":\"https:\/\/groupe-reussite.fr\/ressources\/#organization\",\"name\":\"Groupe R\u00e9ussite\",\"url\":\"https:\/\/groupe-reussite.fr\/ressources\/\",\"logo\":{\"@type\":\"ImageObject\",\"inLanguage\":\"fr-FR\",\"@id\":\"https:\/\/groupe-reussite.fr\/ressources\/#\/schema\/logo\/image\/\",\"url\":\"https:\/\/groupe-reussite.fr\/ressources\/wp-content\/uploads\/2022\/05\/cropped-cropped-logo-1-1.png\",\"contentUrl\":\"https:\/\/groupe-reussite.fr\/ressources\/wp-content\/uploads\/2022\/05\/cropped-cropped-logo-1-1.png\",\"width\":273,\"height\":75,\"caption\":\"Groupe R\u00e9ussite\"},\"image\":{\"@id\":\"https:\/\/groupe-reussite.fr\/ressources\/#\/schema\/logo\/image\/\"}}]}<\/script>\n<!-- \/ Yoast SEO plugin. -->","yoast_head_json":{"title":"L'enfance, les \u0153uvres du th\u00e8me de fran\u00e7ais en prepa 2022","description":"Pr\u00e9sentation des 3 \u0153uvres au programme de fran\u00e7ais 2022 en pr\u00e9pa : L'\u00c9mile ou de l'\u00c9ducation, Les contes d'Andersen, Ak\u00e9 les ann\u00e9es d'enfance","robots":{"index":"index","follow":"follow","max-snippet":"max-snippet:-1","max-image-preview":"max-image-preview:large","max-video-preview":"max-video-preview:-1"},"canonical":"https:\/\/groupe-reussite.fr\/ressources\/cp-oeuvres-francais-prepa-2022-enfance\/","og_locale":"fr_FR","og_type":"article","og_title":"L'enfance, les \u0153uvres du th\u00e8me de fran\u00e7ais en prepa 2022","og_description":"Pr\u00e9sentation des 3 \u0153uvres au programme de fran\u00e7ais 2022 en pr\u00e9pa : L'\u00c9mile ou de l'\u00c9ducation, Les contes d'Andersen, Ak\u00e9 les ann\u00e9es d'enfance","og_url":"https:\/\/groupe-reussite.fr\/ressources\/cp-oeuvres-francais-prepa-2022-enfance\/","og_site_name":"Groupe R\u00e9ussite","article_modified_time":"2024-04-05T08:23:05+00:00","og_image":[{"width":700,"height":400,"url":"https:\/\/groupe-reussite.fr\/ressources\/wp-content\/uploads\/2021\/08\/presentation-oeuvres-enfance-francais-prepa-scientifique.jpg","type":"image\/jpeg"}],"twitter_card":"summary_large_image","twitter_misc":{"Dur\u00e9e de lecture estim\u00e9e":"18 minutes"},"schema":{"@context":"https:\/\/schema.org","@graph":[{"@type":"WebPage","@id":"https:\/\/groupe-reussite.fr\/ressources\/cp-oeuvres-francais-prepa-2022-enfance\/","url":"https:\/\/groupe-reussite.fr\/ressources\/cp-oeuvres-francais-prepa-2022-enfance\/","name":"L'enfance, les \u0153uvres du th\u00e8me de fran\u00e7ais en prepa 2022","isPartOf":{"@id":"https:\/\/groupe-reussite.fr\/ressources\/#website"},"datePublished":"2021-08-09T16:24:11+00:00","dateModified":"2024-04-05T08:23:05+00:00","description":"Pr\u00e9sentation des 3 \u0153uvres au programme de fran\u00e7ais 2022 en pr\u00e9pa : L'\u00c9mile ou de l'\u00c9ducation, Les contes d'Andersen, Ak\u00e9 les ann\u00e9es d'enfance","breadcrumb":{"@id":"https:\/\/groupe-reussite.fr\/ressources\/cp-oeuvres-francais-prepa-2022-enfance\/#breadcrumb"},"inLanguage":"fr-FR","potentialAction":[{"@type":"ReadAction","target":["https:\/\/groupe-reussite.fr\/ressources\/cp-oeuvres-francais-prepa-2022-enfance\/"]}]},{"@type":"BreadcrumbList","@id":"https:\/\/groupe-reussite.fr\/ressources\/cp-oeuvres-francais-prepa-2022-enfance\/#breadcrumb","itemListElement":[{"@type":"ListItem","position":1,"name":"Accueil","item":"https:\/\/groupe-reussite.fr\/ressources\/"},{"@type":"ListItem","position":2,"name":"Les \u0153uvres au programme de fran\u00e7ais-philo en pr\u00e9pa scientifique sur le th\u00e8me de l&#8217;enfance 2022"}]},{"@type":"WebSite","@id":"https:\/\/groupe-reussite.fr\/ressources\/#website","url":"https:\/\/groupe-reussite.fr\/ressources\/","name":"Groupe R\u00e9ussite","description":"Stage et Cours particuliers maths, fran\u00e7ais, anglais, informatique, physique chimie","publisher":{"@id":"https:\/\/groupe-reussite.fr\/ressources\/#organization"},"potentialAction":[{"@type":"SearchAction","target":{"@type":"EntryPoint","urlTemplate":"https:\/\/groupe-reussite.fr\/ressources\/?s={search_term_string}"},"query-input":"required name=search_term_string"}],"inLanguage":"fr-FR"},{"@type":"Organization","@id":"https:\/\/groupe-reussite.fr\/ressources\/#organization","name":"Groupe R\u00e9ussite","url":"https:\/\/groupe-reussite.fr\/ressources\/","logo":{"@type":"ImageObject","inLanguage":"fr-FR","@id":"https:\/\/groupe-reussite.fr\/ressources\/#\/schema\/logo\/image\/","url":"https:\/\/groupe-reussite.fr\/ressources\/wp-content\/uploads\/2022\/05\/cropped-cropped-logo-1-1.png","contentUrl":"https:\/\/groupe-reussite.fr\/ressources\/wp-content\/uploads\/2022\/05\/cropped-cropped-logo-1-1.png","width":273,"height":75,"caption":"Groupe R\u00e9ussite"},"image":{"@id":"https:\/\/groupe-reussite.fr\/ressources\/#\/schema\/logo\/image\/"}}]}},"_links":{"self":[{"href":"https:\/\/groupe-reussite.fr\/ressources\/wp-json\/wp\/v2\/pages\/131879"}],"collection":[{"href":"https:\/\/groupe-reussite.fr\/ressources\/wp-json\/wp\/v2\/pages"}],"about":[{"href":"https:\/\/groupe-reussite.fr\/ressources\/wp-json\/wp\/v2\/types\/page"}],"author":[{"embeddable":true,"href":"https:\/\/groupe-reussite.fr\/ressources\/wp-json\/wp\/v2\/users\/6"}],"replies":[{"embeddable":true,"href":"https:\/\/groupe-reussite.fr\/ressources\/wp-json\/wp\/v2\/comments?post=131879"}],"version-history":[{"count":3,"href":"https:\/\/groupe-reussite.fr\/ressources\/wp-json\/wp\/v2\/pages\/131879\/revisions"}],"predecessor-version":[{"id":206256,"href":"https:\/\/groupe-reussite.fr\/ressources\/wp-json\/wp\/v2\/pages\/131879\/revisions\/206256"}],"wp:featuredmedia":[{"embeddable":true,"href":"https:\/\/groupe-reussite.fr\/ressources\/wp-json\/wp\/v2\/media\/131750"}],"wp:attachment":[{"href":"https:\/\/groupe-reussite.fr\/ressources\/wp-json\/wp\/v2\/media?parent=131879"}],"curies":[{"name":"wp","href":"https:\/\/api.w.org\/{rel}","templated":true}]}}