{"id":146809,"date":"2021-12-07T13:26:52","date_gmt":"2021-12-07T12:26:52","guid":{"rendered":"https:\/\/groupe-reussite.fr\/?page_id=146809"},"modified":"2024-03-02T21:55:27","modified_gmt":"2024-03-02T20:55:27","slug":"cp-dissertation-corrigee-enfance-cpge","status":"publish","type":"page","link":"https:\/\/groupe-reussite.fr\/ressources\/cp-dissertation-corrigee-enfance-cpge\/","title":{"rendered":"Dissertation corrig\u00e9e sur le th\u00e8me de l\u2019enfance en CPGE"},"content":{"rendered":"\t\t<div data-elementor-type=\"wp-page\" data-elementor-id=\"146809\" class=\"elementor elementor-146809\">\n\t\t\t\t\t\t<div class=\"elementor-inner\">\n\t\t\t\t<div class=\"elementor-section-wrap\">\n\t\t\t\t\t\t\t\n\t\t<script type=\"text\/javascript\">\n\t\t\tjQuery(document).ready(function() {\n\n\t\t\t\tjQuery(\".elementor-element-6fe69c56\").prepend('<div class=\"aepro-section-bs\"><div class=\"aepro-section-bs-inner\"><\/div><\/div>');\n\t\t\t\tvar bgimage = '';\n\t\t\t\tif ('yes' == 'yes') {\n\n\t\t\t\t\t\/\/if(bgimage == ''){\n\t\t\t\t\t\/\/    var bgoverlay = '';\n\t\t\t\t\t\/\/}else{\n\t\t\t\t\tvar bgoverlay = 'https:\/\/groupe-reussite.fr\/ressources\/wp-content\/plugins\/anywhere-elementor-pro\/includes\/assets\/lib\/vegas\/overlays\/00.png';\n\t\t\t\t\t\/\/ }\n\t\t\t\t} else {\n\t\t\t\t\tif ('') {\n\t\t\t\t\t\tvar bgoverlay = 'https:\/\/groupe-reussite.fr\/ressources\/wp-content\/plugins\/anywhere-elementor-pro\/includes\/assets\/lib\/vegas\/overlays\/.png';\n\t\t\t\t\t} else {\n\t\t\t\t\t\tvar bgoverlay = 'https:\/\/groupe-reussite.fr\/ressources\/wp-content\/plugins\/anywhere-elementor-pro\/includes\/assets\/lib\/vegas\/overlays\/00.png';\n\t\t\t\t\t}\n\t\t\t\t}\n\n\n\t\t\t\tjQuery(\".elementor-element-6fe69c56\").children('.aepro-section-bs').children('.aepro-section-bs-inner').vegas({\n\t\t\t\t\tslides: [{\"src\":\"https:\\\/\\\/groupe-reussite.fr\\\/ressources\\\/wp-content\\\/uploads\\\/2017\\\/11\\\/stage-maths-sup-spe-banniere-3.jpg\"}],\n\t\t\t\t\ttransition: 'fade',\n\t\t\t\t\tanimation: 'kenburns',\n\t\t\t\t\toverlay: bgoverlay,\n\t\t\t\t\tcover: true,\n\t\t\t\t\tdelay: 5000,\n\t\t\t\t\ttimer: true\t\t\t\t});\n\t\t\t\tif ('yes' == 'yes') {\n\t\t\t\t\tjQuery(\".elementor-element-6fe69c56\").children('.aepro-section-bs').children('.aepro-section-bs-inner').children('.vegas-overlay').css('background-image', '');\n\t\t\t\t}\n\t\t\t});\n\t\t<\/script>\n\t\t\t\t<section class=\"has_ae_slider elementor-section elementor-top-section elementor-element elementor-element-6fe69c56 elementor-section-stretched elementor-section-boxed elementor-section-height-default elementor-section-height-default ae-bg-gallery-type-default\" data-id=\"6fe69c56\" data-element_type=\"section\" id=\"header_height\" data-settings=\"{&quot;stretch_section&quot;:&quot;section-stretched&quot;,&quot;background_background&quot;:&quot;classic&quot;}\">\n\t\t\t\t\t\t<div class=\"elementor-container elementor-column-gap-default\">\n\t\t\t\t\t\t\t<div class=\"elementor-row\">\n\t\t\t\t\t<div class=\"has_ae_slider elementor-column elementor-col-100 elementor-top-column elementor-element elementor-element-75db7b60 ae-bg-gallery-type-default\" data-id=\"75db7b60\" data-element_type=\"column\">\n\t\t\t<div class=\"elementor-column-wrap elementor-element-populated\">\n\t\t\t\t\t\t\t<div class=\"elementor-widget-wrap\">\n\t\t\t\t\t\t<div class=\"elementor-element elementor-element-711e6392 elementor-widget elementor-widget-heading\" data-id=\"711e6392\" data-element_type=\"widget\" data-widget_type=\"heading.default\">\n\t\t\t\t<div class=\"elementor-widget-container\">\n\t\t\t<h1 class=\"elementor-heading-title elementor-size-default\">Dissertation corrig\u00e9e sur l\u2019enfance en pr\u00e9pa scientifique<\/h1>\t\t<\/div>\n\t\t\t\t<\/div>\n\t\t\t\t<div class=\"elementor-element elementor-element-3a6c4711 elementor-widget elementor-widget-heading\" data-id=\"3a6c4711\" data-element_type=\"widget\" data-widget_type=\"heading.default\">\n\t\t\t\t<div class=\"elementor-widget-container\">\n\t\t\t<h2 class=\"elementor-heading-title elementor-size-default\">Sujet corrig\u00e9 sur le th\u00e8me de \u201cl\u2019enfance l'\u00e2ge d'or\u201d<\/h2>\t\t<\/div>\n\t\t\t\t<\/div>\n\t\t\t\t<div class=\"elementor-element elementor-element-1505175 elementor-widget elementor-widget-text-editor\" data-id=\"1505175\" data-element_type=\"widget\" data-widget_type=\"text-editor.default\">\n\t\t\t\t<div class=\"elementor-widget-container\">\n\t\t\t\t\t\t\t\t<div class=\"elementor-text-editor elementor-clearfix\">\n\t\t\t\t<p>\t\t<div data-elementor-type=\"section\" data-elementor-id=\"112233\" class=\"elementor elementor-112233\">\n\t\t\t\t\t<div class=\"elementor-section-wrap\">\n\t\t\t\t\t\t\t\t<section class=\"has_ae_slider elementor-section elementor-inner-section elementor-element elementor-element-2753c5f2 elementor-section-content-bottom elementor-section-full_width elementor-section-height-min-height elementor-section-height-default ae-bg-gallery-type-default\" data-id=\"2753c5f2\" data-element_type=\"section\">\n\t\t\t\t\t\t<div class=\"elementor-container elementor-column-gap-default\">\n\t\t\t\t\t\t\t<div class=\"elementor-row\">\n\t\t\t\t\t<div class=\"has_ae_slider elementor-column elementor-col-100 elementor-inner-column elementor-element elementor-element-27ee3c1b ae-bg-gallery-type-default\" data-id=\"27ee3c1b\" data-element_type=\"column\">\n\t\t\t<div class=\"elementor-column-wrap elementor-element-populated\">\n\t\t\t\t\t\t\t<div class=\"elementor-widget-wrap\">\n\t\t\t\t\t\t<div class=\"elementor-element elementor-element-4c70fc7d elementor-align-center elementor-widget elementor-widget-button\" data-id=\"4c70fc7d\" data-element_type=\"widget\" data-widget_type=\"button.default\">\n\t\t\t\t<div class=\"elementor-widget-container\">\n\t\t\t\t\t<div class=\"elementor-button-wrapper\">\n\t\t\t<a href=\"https:\/\/groupe-reussite.fr\/cours-particuliers\/francais\/tous-niveaux\/france\/\" target=\"_blank\" class=\"elementor-button-link elementor-button elementor-size-md elementor-animation-grow\" role=\"button\">\n\t\t\t\t\t\t<span class=\"elementor-button-content-wrapper\">\n\t\t\t\t\t\t\t<span class=\"elementor-button-icon elementor-align-icon-right\">\n\t\t\t\t<i aria-hidden=\"true\" class=\"fas fa-bookmark\"><\/i>\t\t\t<\/span>\n\t\t\t\t\t\t<span class=\"elementor-button-text\">Trouver des professeurs particuliers de fran\u00e7ais<\/span>\n\t\t<\/span>\n\t\t\t\t\t<\/a>\n\t\t<\/div>\n\t\t\t\t<\/div>\n\t\t\t\t<\/div>\n\t\t\t\t\t\t<\/div>\n\t\t\t\t\t<\/div>\n\t\t<\/div>\n\t\t\t\t\t\t\t\t<\/div>\n\t\t\t\t\t<\/div>\n\t\t<\/section>\n\t\t\t\t\t\t\t<\/div>\n\t\t\t\t<\/div>\n\t\t<\/p><div id=\"gtx-trans\"><div class=\"gtx-trans-icon\">\u00a0<\/div><\/div>\t\t\t\t\t<\/div>\n\t\t\t\t\t\t<\/div>\n\t\t\t\t<\/div>\n\t\t\t\t\t\t<\/div>\n\t\t\t\t\t<\/div>\n\t\t<\/div>\n\t\t\t\t\t\t\t\t<\/div>\n\t\t\t\t\t<\/div>\n\t\t<\/section>\n\t\t\t\t<section class=\"has_ae_slider elementor-section elementor-top-section elementor-element elementor-element-2305ac68 elementor-section-full_width sticky_page elementor-section-height-default elementor-section-height-default ae-bg-gallery-type-default\" data-id=\"2305ac68\" data-element_type=\"section\">\n\t\t\t\t\t\t<div class=\"elementor-container elementor-column-gap-no\">\n\t\t\t\t\t\t\t<div class=\"elementor-row\">\n\t\t\t\t\t<div class=\"has_ae_slider elementor-column elementor-col-33 elementor-top-column elementor-element elementor-element-35198305 col_height ae-bg-gallery-type-default\" data-id=\"35198305\" data-element_type=\"column\" data-settings=\"{&quot;background_background&quot;:&quot;classic&quot;}\">\n\t\t\t<div class=\"elementor-column-wrap elementor-element-populated\">\n\t\t\t\t\t\t\t<div class=\"elementor-widget-wrap\">\n\t\t\t\t\t\t<section class=\"has_ae_slider elementor-section elementor-inner-section elementor-element elementor-element-2197c53 elementor-section-content-middle wrap elementor-section-boxed elementor-section-height-default elementor-section-height-default ae-bg-gallery-type-default\" data-id=\"2197c53\" data-element_type=\"section\" id=\"sticky_sidebar\">\n\t\t\t\t\t\t<div class=\"elementor-container elementor-column-gap-no\">\n\t\t\t\t\t\t\t<div class=\"elementor-row\">\n\t\t\t\t\t<div class=\"has_ae_slider elementor-column elementor-col-50 elementor-inner-column elementor-element elementor-element-6fbd9567 hide_col ae-bg-gallery-type-default\" data-id=\"6fbd9567\" data-element_type=\"column\">\n\t\t\t<div class=\"elementor-column-wrap\">\n\t\t\t\t\t\t\t<div class=\"elementor-widget-wrap\">\n\t\t\t\t\t\t\t\t<\/div>\n\t\t\t\t\t<\/div>\n\t\t<\/div>\n\t\t\t\t<div class=\"has_ae_slider elementor-column elementor-col-50 elementor-inner-column elementor-element elementor-element-6991ab73 strick_col ae-bg-gallery-type-default\" data-id=\"6991ab73\" data-element_type=\"column\" data-settings=\"{&quot;background_background&quot;:&quot;classic&quot;}\">\n\t\t\t<div class=\"elementor-column-wrap elementor-element-populated\">\n\t\t\t\t\t\t\t<div class=\"elementor-widget-wrap\">\n\t\t\t\t\t\t<div class=\"elementor-element elementor-element-5d48515d elementor-widget elementor-widget-image\" data-id=\"5d48515d\" data-element_type=\"widget\" data-widget_type=\"image.default\">\n\t\t\t\t<div class=\"elementor-widget-container\">\n\t\t\t\t\t\t\t\t<div class=\"elementor-image\">\n\t\t\t\t\t\t\t\t\t\t\t\t<img width=\"300\" height=\"210\" src=\"https:\/\/groupe-reussite.fr\/ressources\/wp-content\/uploads\/2020\/03\/cours-particuliers.jpg\" class=\"attachment-large size-large wp-image-44782\" alt=\"cours-particulier-paris\" loading=\"lazy\" \/>\t\t\t\t\t\t\t\t\t\t\t\t\t\t<\/div>\n\t\t\t\t\t\t<\/div>\n\t\t\t\t<\/div>\n\t\t\t\t<div class=\"elementor-element elementor-element-3b7cd6dc elementor-widget elementor-widget-heading\" data-id=\"3b7cd6dc\" data-element_type=\"widget\" id=\"cat_name\" data-widget_type=\"heading.default\">\n\t\t\t\t<div class=\"elementor-widget-container\">\n\t\t\t<h3 class=\"elementor-heading-title elementor-size-default\">cours particuliers<\/h3>\t\t<\/div>\n\t\t\t\t<\/div>\n\t\t\t\t<div class=\"elementor-element elementor-element-1849402b elementor-widget elementor-widget-heading\" data-id=\"1849402b\" data-element_type=\"widget\" data-widget_type=\"heading.default\">\n\t\t\t\t<div class=\"elementor-widget-container\">\n\t\t\t<h4 class=\"elementor-heading-title elementor-size-default\">Cours particuliers de fran\u00e7ais<\/h4>\t\t<\/div>\n\t\t\t\t<\/div>\n\t\t\t\t<div class=\"elementor-element elementor-element-242132dc elementor-align-center elementor-widget elementor-widget-button\" data-id=\"242132dc\" data-element_type=\"widget\" data-widget_type=\"button.default\">\n\t\t\t\t<div class=\"elementor-widget-container\">\n\t\t\t\t\t<div class=\"elementor-button-wrapper\">\n\t\t\t<a href=\"https:\/\/groupe-reussite.fr\/cours-particuliers\/francais\/tous-niveaux\/france\/\" target=\"_blank\" class=\"elementor-button-link elementor-button elementor-size-sm\" role=\"button\">\n\t\t\t\t\t\t<span class=\"elementor-button-content-wrapper\">\n\t\t\t\t\t\t<span class=\"elementor-button-text\">R\u00e9server un cours particulier de fran\u00e7ais<\/span>\n\t\t<\/span>\n\t\t\t\t\t<\/a>\n\t\t<\/div>\n\t\t\t\t<\/div>\n\t\t\t\t<\/div>\n\t\t\t\t<div class=\"elementor-element elementor-element-db0b061 elementor-align-justify elementor-widget elementor-widget-button\" data-id=\"db0b061\" data-element_type=\"widget\" data-widget_type=\"button.default\">\n\t\t\t\t<div class=\"elementor-widget-container\">\n\t\t\t\t\t<div class=\"elementor-button-wrapper\">\n\t\t\t<a href=\"https:\/\/groupe-reussite.fr\/nous-contacter\/\" class=\"elementor-button-link elementor-button elementor-size-sm\" role=\"button\">\n\t\t\t\t\t\t<span class=\"elementor-button-content-wrapper\">\n\t\t\t\t\t\t<span class=\"elementor-button-text\">CONTACTEZ  NOUS<\/span>\n\t\t<\/span>\n\t\t\t\t\t<\/a>\n\t\t<\/div>\n\t\t\t\t<\/div>\n\t\t\t\t<\/div>\n\t\t\t\t\t\t<\/div>\n\t\t\t\t\t<\/div>\n\t\t<\/div>\n\t\t\t\t\t\t\t\t<\/div>\n\t\t\t\t\t<\/div>\n\t\t<\/section>\n\t\t\t\t\t\t<\/div>\n\t\t\t\t\t<\/div>\n\t\t<\/div>\n\t\t\t\t<div class=\"has_ae_slider elementor-column elementor-col-66 elementor-top-column elementor-element elementor-element-12987e37 section_width ae-bg-gallery-type-default\" data-id=\"12987e37\" data-element_type=\"column\">\n\t\t\t<div class=\"elementor-column-wrap elementor-element-populated\">\n\t\t\t\t\t\t\t<div class=\"elementor-widget-wrap\">\n\t\t\t\t\t\t<section class=\"has_ae_slider elementor-section elementor-inner-section elementor-element elementor-element-1e473da0 elementor-section-content-middle full_width elementor-section-boxed elementor-section-height-default elementor-section-height-default ae-bg-gallery-type-default\" data-id=\"1e473da0\" data-element_type=\"section\">\n\t\t\t\t\t\t<div class=\"elementor-container elementor-column-gap-no\">\n\t\t\t\t\t\t\t<div class=\"elementor-row\">\n\t\t\t\t\t<div class=\"has_ae_slider elementor-column elementor-col-100 elementor-inner-column elementor-element elementor-element-240e788 ae-bg-gallery-type-default\" data-id=\"240e788\" data-element_type=\"column\">\n\t\t\t<div class=\"elementor-column-wrap elementor-element-populated\">\n\t\t\t\t\t\t\t<div class=\"elementor-widget-wrap\">\n\t\t\t\t\t\t<div class=\"elementor-element elementor-element-3c95c46 elementor-widget elementor-widget-text-editor\" data-id=\"3c95c46\" data-element_type=\"widget\" data-widget_type=\"text-editor.default\">\n\t\t\t\t<div class=\"elementor-widget-container\">\n\t\t\t\t\t\t\t\t<div class=\"elementor-text-editor elementor-clearfix\">\n\t\t\t\t<h2>Le th\u00e8me de l\u2019enfance en CPGE<\/h2>\t\t\t\t\t<\/div>\n\t\t\t\t\t\t<\/div>\n\t\t\t\t<\/div>\n\t\t\t\t<div class=\"elementor-element elementor-element-317fa871 elementor-widget elementor-widget-text-editor\" data-id=\"317fa871\" data-element_type=\"widget\" data-widget_type=\"text-editor.default\">\n\t\t\t\t<div class=\"elementor-widget-container\">\n\t\t\t\t\t\t\t\t<div class=\"elementor-text-editor elementor-clearfix\">\n\t\t\t\t<p>Cette ann\u00e9e, les trois <a href=\"https:\/\/groupe-reussite.fr\/ressources\/cp-oeuvres-francais-prepa-2022-enfance\/\">\u0153uvres au programme de fran\u00e7ais en pr\u00e9pa<\/a> PTSI, BCPST, MP2I, MPSI, PCSI, PC, PSI, MP et PT\u00a0 portent sur le <strong>th\u00e8me de l\u2019enfance<\/strong>. Les \u0153uvres \u00e9tudi\u00e9es lors des <a href=\"https:\/\/groupe-reussite.fr\/ressources\/cp-importance-du-francais-en-cpge\/\">cours de fran\u00e7ais en pr\u00e9pa<\/a> et qui doivent \u00eatre utilis\u00e9es dans les \u00e9preuves des concours, sont les suivantes :<\/p><ul><li><em>Ak\u00e9 les ann\u00e9es d\u2019enfance de Wole Soyinka<\/em> (r\u00e9\u00e9dition attendue aux \u00e9ditions Belfond)<\/li><li><em>Emile<\/em> (Livres 1 et 2) de Jean-Jacques Rousseau<\/li><li><em>Contes d\u2019Andersen<\/em>, traduction par Marc Auchet (Livre de Poche classique n\u00b016113)<\/li><\/ul><p style=\"text-align: justify;\">Si vous souhaitez approfondir votre compr\u00e9hension de ces \u0153uvres et perfectionner vos comp\u00e9tences en analyse litt\u00e9raire en vue des concours, envisager des <a href=\"https:\/\/groupe-reussite.fr\/cours-particuliers\/francais\/tous-niveaux\/france\/\">cours particuliers fran\u00e7ais<\/a> avec des professeurs particuliers sp\u00e9cialis\u00e9s dans la pr\u00e9paration aux concours en pr\u00e9pa scientifique peut \u00eatre une solution judicieuse. Ces cours personnalis\u00e9s vous aideront \u00e0 \u00e9tudier ces \u0153uvres en profondeur et \u00e0 d\u00e9velopper des aptitudes de r\u00e9daction et d&rsquo;analyse qui seront cruciales pour r\u00e9ussir aux \u00e9preuves.<\/p><p>\u00a0<\/p><p>\t\t<div data-elementor-type=\"section\" data-elementor-id=\"190579\" class=\"elementor elementor-190579\">\n\t\t\t\t\t<div class=\"elementor-section-wrap\">\n\t\t\t\t\t\t\t\t<section class=\"has_ae_slider elementor-section elementor-inner-section elementor-element elementor-element-63254dde elementor-section-content-bottom full_width elementor-section-full_width elementor-section-height-min-height elementor-section-height-default ae-bg-gallery-type-default\" data-id=\"63254dde\" data-element_type=\"section\" data-settings=\"{&quot;background_background&quot;:&quot;classic&quot;}\">\n\t\t\t\t\t\t<div class=\"elementor-container elementor-column-gap-narrow\">\n\t\t\t\t\t\t\t<div class=\"elementor-row\">\n\t\t\t\t\t<div class=\"has_ae_slider elementor-column elementor-col-66 elementor-inner-column elementor-element elementor-element-6277b1a4 ae-bg-gallery-type-default\" data-id=\"6277b1a4\" data-element_type=\"column\">\n\t\t\t<div class=\"elementor-column-wrap elementor-element-populated\">\n\t\t\t\t\t\t\t<div class=\"elementor-widget-wrap\">\n\t\t\t\t\t\t<div class=\"elementor-element elementor-element-5552ad92 elementor-widget elementor-widget-heading\" data-id=\"5552ad92\" data-element_type=\"widget\" data-widget_type=\"heading.default\">\n\t\t\t\t<div class=\"elementor-widget-container\">\n\t\t\t<h3 class=\"elementor-heading-title elementor-size-default\">COURS DE FRANCAIS<\/h3>\t\t<\/div>\n\t\t\t\t<\/div>\n\t\t\t\t<div class=\"elementor-element elementor-element-537cab81 elementor-widget elementor-widget-heading\" data-id=\"537cab81\" data-element_type=\"widget\" data-widget_type=\"heading.default\">\n\t\t\t\t<div class=\"elementor-widget-container\">\n\t\t\t<h4 class=\"elementor-heading-title elementor-size-default\">Am\u00e9liorez vos r\u00e9sultats en francais<\/h4>\t\t<\/div>\n\t\t\t\t<\/div>\n\t\t\t\t<div class=\"elementor-element elementor-element-2d76009d elementor-widget elementor-widget-heading\" data-id=\"2d76009d\" data-element_type=\"widget\" data-widget_type=\"heading.default\">\n\t\t\t\t<div class=\"elementor-widget-container\">\n\t\t\t<h4 class=\"elementor-heading-title elementor-size-default\">Travailler la langue avec un prof qualifi\u00e9<\/h4>\t\t<\/div>\n\t\t\t\t<\/div>\n\t\t\t\t<div class=\"elementor-element elementor-element-6cad4814 elementor-align-left elementor-mobile-align-center elementor-widget elementor-widget-button\" data-id=\"6cad4814\" data-element_type=\"widget\" data-widget_type=\"button.default\">\n\t\t\t\t<div class=\"elementor-widget-container\">\n\t\t\t\t\t<div class=\"elementor-button-wrapper\">\n\t\t\t<a href=\"https:\/\/groupe-reussite.fr\/cours-particuliers\/francais\/tous-niveaux\/france\/\" target=\"_blank\" class=\"elementor-button-link elementor-button elementor-size-md\" role=\"button\" id=\"CTA_PRD_CP\">\n\t\t\t\t\t\t<span class=\"elementor-button-content-wrapper\">\n\t\t\t\t\t\t<span class=\"elementor-button-text\">Prof de fran\u00e7ais \u00e0 domicile<\/span>\n\t\t<\/span>\n\t\t\t\t\t<\/a>\n\t\t<\/div>\n\t\t\t\t<\/div>\n\t\t\t\t<\/div>\n\t\t\t\t<div class=\"elementor-element elementor-element-35cb707d elementor-widget elementor-widget-text-editor\" data-id=\"35cb707d\" data-element_type=\"widget\" data-widget_type=\"text-editor.default\">\n\t\t\t\t<div class=\"elementor-widget-container\">\n\t\t\t\t\t\t\t\t<div class=\"elementor-text-editor elementor-clearfix\">\n\t\t\t\t<p style=\"text-align: left\"><b>Avis Google France <\/b><span style=\"color: #e5a430\"><b>\u2605\u2605\u2605\u2605\u2605<\/b><\/span><b> 4,9 sur 5<\/b><\/p>\t\t\t\t\t<\/div>\n\t\t\t\t\t\t<\/div>\n\t\t\t\t<\/div>\n\t\t\t\t\t\t<\/div>\n\t\t\t\t\t<\/div>\n\t\t<\/div>\n\t\t\t\t<div class=\"has_ae_slider elementor-column elementor-col-33 elementor-inner-column elementor-element elementor-element-337bb51e ae-bg-gallery-type-default\" data-id=\"337bb51e\" data-element_type=\"column\">\n\t\t\t<div class=\"elementor-column-wrap\">\n\t\t\t\t\t\t\t<div class=\"elementor-widget-wrap\">\n\t\t\t\t\t\t\t\t<\/div>\n\t\t\t\t\t<\/div>\n\t\t<\/div>\n\t\t\t\t\t\t\t\t<\/div>\n\t\t\t\t\t<\/div>\n\t\t<\/section>\n\t\t\t\t\t\t\t<\/div>\n\t\t\t\t<\/div>\n\t\t<\/p>\t\t\t\t\t<\/div>\n\t\t\t\t\t\t<\/div>\n\t\t\t\t<\/div>\n\t\t\t\t<div class=\"elementor-element elementor-element-c583f03 elementor-widget elementor-widget-text-editor\" data-id=\"c583f03\" data-element_type=\"widget\" data-widget_type=\"text-editor.default\">\n\t\t\t\t<div class=\"elementor-widget-container\">\n\t\t\t\t\t\t\t\t<div class=\"elementor-text-editor elementor-clearfix\">\n\t\t\t\t<h2>Introduction de la dissertation sur l\u2019enfance en CPGE<\/h2>\t\t\t\t\t<\/div>\n\t\t\t\t\t\t<\/div>\n\t\t\t\t<\/div>\n\t\t\t\t<div class=\"elementor-element elementor-element-eda5a88 elementor-widget elementor-widget-text-editor\" data-id=\"eda5a88\" data-element_type=\"widget\" data-widget_type=\"text-editor.default\">\n\t\t\t\t<div class=\"elementor-widget-container\">\n\t\t\t\t\t\t\t\t<div class=\"elementor-text-editor elementor-clearfix\">\n\t\t\t\t<p>Pour entamer votre <strong>dissertation sur le th\u00e8me de l\u2019enfance en CPGE<\/strong>, vous devez commencer par une introduction qui comprend :<em> l\u2019accroche, la d\u00e9finition du sujet, la probl\u00e9matisation ainsi que l\u2019annonce du plan<\/em>.<\/p><p><span style=\"text-decoration: underline\"><strong>Sujet<\/strong><\/span> : L\u2019enfance l\u2019\u00e2ge d\u2019or<\/p><p><strong>\u00ab L\u00e0 o\u00f9 sont des enfants, l\u00e0 est un \u00e2ge d\u2019or \u00bb<\/strong> a \u00e9crit le po\u00e8te romantique Novalis (1772-1801) dans Pollens (in <em>\u0152uvres compl\u00e8tes<\/em>, t.1, Armel Guerne, Paris, Gallimard, 1975, p.375). \u00c0 la lumi\u00e8re des \u0153uvres au programme, vous vous interrogerez sur cette r\u00e9flexion po\u00e9tique.<\/p><p>Dans le c\u00e9l\u00e8bre incipit d\u2019<em>Aden Arabie<\/em>, en 1931, Paul Nizan \u00e9crit : \u00ab J&rsquo;avais 20 ans, je ne laisserai personne dire que c&rsquo;est le plus bel \u00e2ge de la vie \u00bb. Et si ce \u00ab plus bel \u00e2ge de la vie \u00bb n\u2019\u00e9tait pas 20 ans mais, \u00e0 entendre Novalis, plut\u00f4t 6 ou 8 ans ?<\/p><p>Ce propos r\u00e9solument <strong>optimiste<\/strong> du po\u00e8te romantique allemand Novalis, livre en effet une <strong>vision id\u00e9aliste de l\u2019enfance<\/strong>, con\u00e7ue comme une sorte \u00ab d\u2019apex \u00bb du bonheur. Au XIXe si\u00e8cle, cette formule de Novalis participe d\u00e8s lors du mouvement de revalorisation g\u00e9n\u00e9ral de l\u2019enfance, apr\u00e8s une <strong>perception bien noire et n\u00e9gative<\/strong> depuis l\u2019Antiquit\u00e9 (<em>Nota Bene : dans toute citation, il sera important de recontextualiser notamment la citation en s\u2019appuyant sur les connaissances historiques de la notion d\u2019enfance, expos\u00e9es dans un pr\u00e9c\u00e9dent article.<\/em>)<\/p><p>\t\t<div data-elementor-type=\"section\" data-elementor-id=\"84989\" class=\"elementor elementor-84989\">\n\t\t\t\t\t<div class=\"elementor-section-wrap\">\n\t\t\t\t\t\t\t\t<section class=\"has_ae_slider elementor-section elementor-inner-section elementor-element elementor-element-4bda5243 elementor-section-content-bottom full_width elementor-section-full_width elementor-section-height-min-height elementor-section-height-default ae-bg-gallery-type-default\" data-id=\"4bda5243\" data-element_type=\"section\" data-settings=\"{&quot;background_background&quot;:&quot;gradient&quot;}\">\n\t\t\t\t\t\t\t<div class=\"elementor-background-overlay\"><\/div>\n\t\t\t\t\t\t\t<div class=\"elementor-container elementor-column-gap-narrow\">\n\t\t\t\t\t\t\t<div class=\"elementor-row\">\n\t\t\t\t\t<div class=\"has_ae_slider elementor-column elementor-col-50 elementor-inner-column elementor-element elementor-element-7dad0c90 ae-bg-gallery-type-default\" data-id=\"7dad0c90\" data-element_type=\"column\">\n\t\t\t<div class=\"elementor-column-wrap elementor-element-populated\">\n\t\t\t\t\t\t\t<div class=\"elementor-widget-wrap\">\n\t\t\t\t\t\t<div class=\"elementor-element elementor-element-79e73064 elementor-widget elementor-widget-heading\" data-id=\"79e73064\" data-element_type=\"widget\" data-widget_type=\"heading.default\">\n\t\t\t\t<div class=\"elementor-widget-container\">\n\t\t\t<h3 class=\"elementor-heading-title elementor-size-default\">PRENDRE DES COURS PARTICULIERS DE FRAN\u00c7AIS <\/h3>\t\t<\/div>\n\t\t\t\t<\/div>\n\t\t\t\t<div class=\"elementor-element elementor-element-104d1164 elementor-widget elementor-widget-heading\" data-id=\"104d1164\" data-element_type=\"widget\" data-widget_type=\"heading.default\">\n\t\t\t\t<div class=\"elementor-widget-container\">\n\t\t\t<h4 class=\"elementor-heading-title elementor-size-default\">C\u2019est reprendre le contr\u00f4le<\/h4>\t\t<\/div>\n\t\t\t\t<\/div>\n\t\t\t\t<div class=\"elementor-element elementor-element-3691d1da elementor-align-left elementor-mobile-align-center elementor-widget elementor-widget-button\" data-id=\"3691d1da\" data-element_type=\"widget\" data-widget_type=\"button.default\">\n\t\t\t\t<div class=\"elementor-widget-container\">\n\t\t\t\t\t<div class=\"elementor-button-wrapper\">\n\t\t\t<a href=\"https:\/\/groupe-reussite.fr\/cours-particuliers\/francais\/tous-niveaux\/france\/\" target=\"_blank\" class=\"elementor-button-link elementor-button elementor-size-md\" role=\"button\" id=\"CTA_PRD_CP\">\n\t\t\t\t\t\t<span class=\"elementor-button-content-wrapper\">\n\t\t\t\t\t\t<span class=\"elementor-button-text\">Je cherche des cours particuliers de fran\u00e7ais<\/span>\n\t\t<\/span>\n\t\t\t\t\t<\/a>\n\t\t<\/div>\n\t\t\t\t<\/div>\n\t\t\t\t<\/div>\n\t\t\t\t\t\t<\/div>\n\t\t\t\t\t<\/div>\n\t\t<\/div>\n\t\t\t\t<div class=\"has_ae_slider elementor-column elementor-col-50 elementor-inner-column elementor-element elementor-element-40c4e3d ae-bg-gallery-type-default\" data-id=\"40c4e3d\" data-element_type=\"column\">\n\t\t\t<div class=\"elementor-column-wrap\">\n\t\t\t\t\t\t\t<div class=\"elementor-widget-wrap\">\n\t\t\t\t\t\t\t\t<\/div>\n\t\t\t\t\t<\/div>\n\t\t<\/div>\n\t\t\t\t\t\t\t\t<\/div>\n\t\t\t\t\t<\/div>\n\t\t<\/section>\n\t\t\t\t\t\t\t<\/div>\n\t\t\t\t<\/div>\n\t\t<\/p><p>La citation pr\u00e9sente est construite par un parall\u00e9lisme \u00ab l\u00e0 o\u00f9\u2026, l\u00e0 o\u00f9 \u00bb \u00e9crit Novalis. Cette construction binaire, avec usage du pr\u00e9sent de v\u00e9rit\u00e9 g\u00e9n\u00e9rale, pose ainsi un <strong>principe d\u2019\u00e9quivalence<\/strong> entre l\u2019enfance et l\u2019\u00e2ge d\u2019or. L&rsquo;adverbe de lieu et de temps \u00ab l\u00e0 \u00bb (issu du latin \u00ab <em>illac<\/em> \u00bb) donne un sens concret et incarn\u00e9 \u00e0 la notion d\u2019enfance, mais en la transposant donc dans un <strong>univers spatio-temporel diff\u00e9rent<\/strong>. \u00ab L\u00e0 \u00bb peut vouloir dire \u00ab ailleurs \u00bb ou bien \u00ab dans un autre temps \u00bb, comme \u00ab maintenant \u00bb. Le sens ainsi pr\u00e9sent, incarn\u00e9 et concret de la phrase de Novalis, peut aussi se muer en <strong>constatation r\u00e9trospective<\/strong> voire nostalgique : il y a une polys\u00e9mie spatio-temporelle du \u00ab l\u00e0 \u00bb qui sera int\u00e9ressante \u00e0 analyser. Notons que Novalis \u00e9voque aussi \u00ab des enfants \u00bb, avec un adjectif ind\u00e9fini (\u00ab des \u00bb, non pas \u00ab les \u00bb), et non pas \u00ab l\u2019enfance \u00bb comme concept incarn\u00e9. Il s\u2019agirait ainsi d\u2019aborder plut\u00f4t les situations d\u2019enfance sous un angle concret, <strong>via des situations v\u00e9cues<\/strong>, plut\u00f4t qu\u2019<em>in abstracto<\/em>.<\/p><p>\u00ab L&rsquo;\u00e2ge d\u2019or \u00bb, formule ici employ\u00e9e, fait \u00e9cho \u00e0 notre hypoth\u00e8se r\u00e9trospective pour analyser la phrase de Novalis. En effet Novalis n\u2019emploie pas cette expression innocemment. L\u2019\u00e2ge d\u2019or est un topos de la po\u00e9sie antique, depuis H\u00e9siode jusqu&rsquo;\u00e0 Virgile au moins. La p\u00e9riode fait r\u00e9f\u00e9rence \u00e0 un <strong>temps mythique<\/strong>, pass\u00e9, r\u00e9volu, une p\u00e9riode si ancienne que ses origines se perdent dans la brume. Surtout, dans l\u2019Antiquit\u00e9, cet \u00ab \u00e2ge d\u2019or \u00bb, <strong>p\u00e9riode d\u2019abondance<\/strong>, <strong>de paix<\/strong>, <strong>de s\u00e9r\u00e9nit\u00e9<\/strong>, n\u2019est jamais \u00e9voqu\u00e9 sans trois onces de nostalgie, et de d\u00e9ploration du temps pr\u00e9sent (l\u2019\u00e2ge de fer chez H\u00e9siode) ; un temps pr\u00e9sent marqu\u00e9, selon les po\u00e8tes, par la d\u00e9cadence, le d\u00e9clin ou la disparition regrettable. Le grand historien de l\u2019Antiquit\u00e9 Lucien Jerphagnon s&rsquo;est m\u00eame amus\u00e9 dans un ouvrage (Laudator Temporis Acti, \u00ab Celui qui fait l\u2019\u00e9loge du temps pass\u00e9 \u00bb), \u00e0 recenser tous les auteurs antiques qui m\u00eame au Ve si\u00e8cle avant J\u00e9sus-Christ, d\u00e9plorait la <strong>chute finale de la civilisation<\/strong>\u2026<\/p><p>En somme, la notion d\u2019\u00e2ge d\u2019or <strong>n\u2019est pas qu&rsquo;une c\u00e9l\u00e9bration<\/strong> : elle est aussi la marque d\u2019une nostalgie, d\u2019un regard r\u00e9trospectif qui en dit autant sur le pr\u00e9sent que sur le pass\u00e9, autant que sur la vie d\u2019enfance que la vie d\u2019adulte. Il s\u2019agira ainsi de <strong>dissocier l\u2019enfance v\u00e9cue de l\u2019enfance per\u00e7ue<\/strong>, avec le recul de la nostalgie, celui de Novalis, celui aussi de nos auteurs au programme.<\/p><p>C&rsquo;est donc ce balancement que nous \u00e9tudierons par cons\u00e9quent. De quoi ce jugement laudateur sur l\u2019enfance est-il le nom ? L\u2019enfance est-elle r\u00e9ellement un Eden disparu ou bien n\u2019est-elle que le reflet r\u00e9trospectif des illusions perdues ? (<em>Nota bene : il peut \u00eatre utile de faire des \u00ab clins d\u2019\u0153il \u00bb litt\u00e9raires de temps \u00e0 autres aux correcteurs : ici, \u00ab illusions perdues \u00bb est une r\u00e9f\u00e9rence au c\u00e9l\u00e8bre roman de Balzac<\/em>).<\/p><p>En effet, et tout d\u2019abord, l\u2019enfance peut appara\u00eetre, en particulier par opposition \u00e0 \u00ab l\u2019\u00e2ge de fer \u00bb qui constituerait \u00ab l\u2019\u00e2ge adulte \u00bb, comme un<strong> \u00e2ge d\u2019or<\/strong> \u00e0 la fois sur les plans du bonheur, de la <strong>vertu et de la richesse d\u2019ouverture au monde<\/strong>. Cependant, l\u2019enfance peut, elle aussi, \u00eatre consid\u00e9r\u00e9e comme un<strong> \u00e2ge de fer,<\/strong> marqu\u00e9 par la pr\u00e9sence toujours mena\u00e7ante de <strong>la mortalit\u00e9 infantile<\/strong>, de la duret\u00e9, de l\u2019illusion. Nous verrons n\u00e9anmoins qu&rsquo;il faut d\u00e9passer le plan objectif de ces consid\u00e9rations de l\u2019enfance comme \u00e2ge d\u2019or ou \u00e2ge de fer, pour bien aller vers l\u2019aspect subjectif de ce jugement : ainsi, si nous passons de l\u2019enfance v\u00e9cue \u00e0 l\u2019enfance per\u00e7ue, le jugement de Novalis n\u2019est-il pas aussi une reconstruction, un jugement r\u00e9trospectif de la vraie nature de l\u2019enfance, une consid\u00e9ration reconstruite sur les regrets, reflet de la nostalgie d\u2019un temps disparu et kal\u00e9idoscopique ?<\/p>\t\t\t\t\t<\/div>\n\t\t\t\t\t\t<\/div>\n\t\t\t\t<\/div>\n\t\t\t\t<div class=\"elementor-element elementor-element-6eab6d4 elementor-widget elementor-widget-image\" data-id=\"6eab6d4\" data-element_type=\"widget\" data-widget_type=\"image.default\">\n\t\t\t\t<div class=\"elementor-widget-container\">\n\t\t\t\t\t\t\t\t<div class=\"elementor-image\">\n\t\t\t\t\t\t\t\t\t<figure class=\"wp-caption\">\n\t\t\t\t\t\t\t\t\t\t<img width=\"338\" height=\"400\" src=\"https:\/\/groupe-reussite.fr\/ressources\/wp-content\/uploads\/2021\/12\/dissertation-enfance-cpge.jpg\" class=\"attachment-large size-large wp-image-146811\" alt=\"Dissertation cpge enfance\" loading=\"lazy\" srcset=\"https:\/\/groupe-reussite.fr\/ressources\/wp-content\/uploads\/2021\/12\/dissertation-enfance-cpge.jpg 338w, https:\/\/groupe-reussite.fr\/ressources\/wp-content\/uploads\/2021\/12\/dissertation-enfance-cpge-254x300.jpg 254w\" sizes=\"(max-width: 338px) 100vw, 338px\" \/>\t\t\t\t\t\t\t\t\t\t\t<figcaption class=\"widget-image-caption wp-caption-text\">\u00ab L\u00e0 o\u00f9 sont des enfants, l\u00e0 est un \u00e2ge d\u2019or \u00bb a \u00e9crit Novalis. Mais l\u2019enfance est-elle vraiment un \u00e2ge d\u2019or ou un \u00e2ge de fer ?<\/figcaption>\n\t\t\t\t\t\t\t\t\t\t<\/figure>\n\t\t\t\t\t\t\t\t<\/div>\n\t\t\t\t\t\t<\/div>\n\t\t\t\t<\/div>\n\t\t\t\t<div class=\"elementor-element elementor-element-b264c7e elementor-widget elementor-widget-text-editor\" data-id=\"b264c7e\" data-element_type=\"widget\" data-widget_type=\"text-editor.default\">\n\t\t\t\t<div class=\"elementor-widget-container\">\n\t\t\t\t\t\t\t\t<div class=\"elementor-text-editor elementor-clearfix\">\n\t\t\t\t<p>I. L\u2019enfance, le triple \u00e2ge d\u2019or<\/p>\t\t\t\t\t<\/div>\n\t\t\t\t\t\t<\/div>\n\t\t\t\t<\/div>\n\t\t\t\t<div class=\"elementor-element elementor-element-a035b7b elementor-widget elementor-widget-text-editor\" data-id=\"a035b7b\" data-element_type=\"widget\" data-widget_type=\"text-editor.default\">\n\t\t\t\t<div class=\"elementor-widget-container\">\n\t\t\t\t\t\t\t\t<div class=\"elementor-text-editor elementor-clearfix\">\n\t\t\t\t<p>L\u2019enfance appara\u00eet en premi\u00e8re instance comme un <strong>triple \u00e2ge d\u2019or<\/strong> : celui du bonheur, celui de la moralit\u00e9 et l\u2019innocence, et celui de la connaissance et de l\u2019ouverture au monde.<\/p>\t\t\t\t\t<\/div>\n\t\t\t\t\t\t<\/div>\n\t\t\t\t<\/div>\n\t\t\t\t<div class=\"elementor-element elementor-element-47f0e8f blacktitle elementor-widget elementor-widget-text-editor\" data-id=\"47f0e8f\" data-element_type=\"widget\" data-widget_type=\"text-editor.default\">\n\t\t\t\t<div class=\"elementor-widget-container\">\n\t\t\t\t\t\t\t\t<div class=\"elementor-text-editor elementor-clearfix\">\n\t\t\t\t<h3>A. L\u2019\u00e2ge d\u2019or est-il synonyme de bonheur ?\u00a0<\/h3>\t\t\t\t\t<\/div>\n\t\t\t\t\t\t<\/div>\n\t\t\t\t<\/div>\n\t\t\t\t<div class=\"elementor-element elementor-element-d51f252 elementor-widget elementor-widget-text-editor\" data-id=\"d51f252\" data-element_type=\"widget\" data-widget_type=\"text-editor.default\">\n\t\t\t\t<div class=\"elementor-widget-container\">\n\t\t\t\t\t\t\t\t<div class=\"elementor-text-editor elementor-clearfix\">\n\t\t\t\t<p>L\u2019enfance peut tout d\u2019abord appara\u00eetre comme un \u00ab \u00e2ge d\u2019or \u00bb dans la mesure o\u00f9 cet \u00e2ge serait celui (s\u2019agissant de l\u2019enfance v\u00e9cue, dans le temps pr\u00e9sent de l\u2019enfance) du <strong>bonheur<\/strong>, de <strong>l\u2019ataraxie<\/strong>.<\/p><p>De m\u00eame que Rabelais avait pu dire que le rire \u00e9tait le \u00ab propre de l\u2019homme \u00bb, de m\u00eame, le bonheur serait-il le propre de l\u2019enfant ? Entendons ici le bonheur dans son sens plein, complet, celui que sugg\u00e8re le terme lui aussi fort \u00ab d\u2019\u00e2ge d\u2019or \u00bb : nous entendrons ainsi<strong> le bonheur au sens aristot\u00e9licien<\/strong> comme \u00e9tat de contentement g\u00e9n\u00e9ral continu et permanent, non comme joie furtive, sensorielle et passag\u00e8re.<\/p><p>D\u00e8s lors l\u2019on peut en effet percevoir ces marques d\u2019un bonheur comme \u00ab propre de l\u2019enfant \u00bb dans les \u0153uvres au programme. Ainsi peut-on penser \u00e0 la description de la \u00ab p\u00e2le jacinthe \u00bb Anne-Doroth\u00e9e, dans \u00ab Le vent raconte l\u2019histoire de Valdemar Daae \u00bb d\u2019Andersen. Cette enfant \u00ab qui n\u2019avait que quatorze ans \u00bb, et qui \u00e9tait \u00ab tranquille et r\u00e9fl\u00e9chie \u00bb, a deux yeux bleus \u00ab limpides \u00bb, avec \u00ab l\u2019air songeur \u00bb ; surtout, poursuit le narrateur, \u00ab le sourire de l\u2019enfant \u00e9tait continuellement sur ses l\u00e8vres \u00bb (p.277 de l\u2019\u00e9dition au programme) au point que le vent raconte m\u00eame l\u2019impossibilit\u00e9 de l\u2019en chasser. Il faut dire que <strong>l\u2019enfance est le temps des jeux, de l\u2019insouciance, des chansons<\/strong>. \u00c0 l\u2019image de ces enfants d\u2019Espagne au d\u00e9but de \u00ab l\u2019histoire des dunes \u00bb (p.285), qui prennent plaisir dans leurs \u00ab chansons et castagnettes \u00bb, alors qu&rsquo;ils \u00ab dansent sous les acacias en fleurs \u00bb. L\u2019enfance semble bien \u00eatre un pays de Cocagne, un Eldorado du bonheur.<\/p><p>Mais nous pouvons aussi entendre \u00ab l\u2019\u00e2ge d\u2019or \u00bb non seulement au <strong>sens de bonheur et \u00e9tat de contentement g\u00e9n\u00e9ral<\/strong> ; mais aussi au sens de bont\u00e9, de moralit\u00e9, un sens tr\u00e8s fr\u00e9quent dans les consid\u00e9rations d\u2019un H\u00e9siode par exemple, pour qui l\u2019\u00e2ge d\u2019or ne l\u2019emportait pas sur l\u2019\u00e2ge de fer seulement en termes de bonheur, mais aussi en termes de vertu.<\/p><p>\t\t<div data-elementor-type=\"section\" data-elementor-id=\"112233\" class=\"elementor elementor-112233\">\n\t\t\t\t\t<div class=\"elementor-section-wrap\">\n\t\t\t\t\t\t\t\t<section class=\"has_ae_slider elementor-section elementor-inner-section elementor-element elementor-element-2753c5f2 elementor-section-content-bottom elementor-section-full_width elementor-section-height-min-height elementor-section-height-default ae-bg-gallery-type-default\" data-id=\"2753c5f2\" data-element_type=\"section\">\n\t\t\t\t\t\t<div class=\"elementor-container elementor-column-gap-default\">\n\t\t\t\t\t\t\t<div class=\"elementor-row\">\n\t\t\t\t\t<div class=\"has_ae_slider elementor-column elementor-col-100 elementor-inner-column elementor-element elementor-element-27ee3c1b ae-bg-gallery-type-default\" data-id=\"27ee3c1b\" data-element_type=\"column\">\n\t\t\t<div class=\"elementor-column-wrap elementor-element-populated\">\n\t\t\t\t\t\t\t<div class=\"elementor-widget-wrap\">\n\t\t\t\t\t\t<div class=\"elementor-element elementor-element-4c70fc7d elementor-align-center elementor-widget elementor-widget-button\" data-id=\"4c70fc7d\" data-element_type=\"widget\" data-widget_type=\"button.default\">\n\t\t\t\t<div class=\"elementor-widget-container\">\n\t\t\t\t\t<div class=\"elementor-button-wrapper\">\n\t\t\t<a href=\"https:\/\/groupe-reussite.fr\/cours-particuliers\/francais\/tous-niveaux\/france\/\" target=\"_blank\" class=\"elementor-button-link elementor-button elementor-size-md elementor-animation-grow\" role=\"button\">\n\t\t\t\t\t\t<span class=\"elementor-button-content-wrapper\">\n\t\t\t\t\t\t\t<span class=\"elementor-button-icon elementor-align-icon-right\">\n\t\t\t\t<i aria-hidden=\"true\" class=\"fas fa-bookmark\"><\/i>\t\t\t<\/span>\n\t\t\t\t\t\t<span class=\"elementor-button-text\">Trouver des professeurs particuliers de fran\u00e7ais<\/span>\n\t\t<\/span>\n\t\t\t\t\t<\/a>\n\t\t<\/div>\n\t\t\t\t<\/div>\n\t\t\t\t<\/div>\n\t\t\t\t\t\t<\/div>\n\t\t\t\t\t<\/div>\n\t\t<\/div>\n\t\t\t\t\t\t\t\t<\/div>\n\t\t\t\t\t<\/div>\n\t\t<\/section>\n\t\t\t\t\t\t\t<\/div>\n\t\t\t\t<\/div>\n\t\t<\/p>\t\t\t\t\t<\/div>\n\t\t\t\t\t\t<\/div>\n\t\t\t\t<\/div>\n\t\t\t\t<div class=\"elementor-element elementor-element-d9a3575 blacktitle elementor-widget elementor-widget-text-editor\" data-id=\"d9a3575\" data-element_type=\"widget\" data-widget_type=\"text-editor.default\">\n\t\t\t\t<div class=\"elementor-widget-container\">\n\t\t\t\t\t\t\t\t<div class=\"elementor-text-editor elementor-clearfix\">\n\t\t\t\t<h3>B. L\u2019\u00e2ge des enfants s\u2019oppose \u00e0 l\u2019\u00e2ge adulte<\/h3>\t\t\t\t\t<\/div>\n\t\t\t\t\t\t<\/div>\n\t\t\t\t<\/div>\n\t\t\t\t<div class=\"elementor-element elementor-element-fd89eb6 elementor-widget elementor-widget-text-editor\" data-id=\"fd89eb6\" data-element_type=\"widget\" data-widget_type=\"text-editor.default\">\n\t\t\t\t<div class=\"elementor-widget-container\">\n\t\t\t\t\t\t\t\t<div class=\"elementor-text-editor elementor-clearfix\">\n\t\t\t\t<p>L\u2019enfance para\u00eet \u00eatre cet <strong>\u00e2ge d\u2019or de bont\u00e9 et de probit\u00e9<\/strong> \u00e0 toute \u00e9preuve. Les enfants seraient ainsi purs, naturellement insouciants et bons, loin de l\u2019image de cet \u00e2ge de fer de l\u2019hypocrisie, du masque et de l\u2019immoralit\u00e9 que serait l\u2019\u00e2ge adulte.<\/p><p>C&rsquo;est en particulier vrai dans l\u2019\u0153uvre de Jean-Jacques Rousseau qui <strong>oppose \u00e2ge des enfants et \u00e2ge des adultes<\/strong> (dans la soci\u00e9t\u00e9 pervertie par les arts et les techniques). \u00ab Posons pour maxime incontestable que les premiers mouvements de la nature sont toujours droits : il n\u2019y a point de perversit\u00e9 originelle dans le c\u0153ur humain ; il ne s\u2019y trouve pas un seul vice dont on ne puisse dire comment et par o\u00f9 il y est entr\u00e9. La seule passion naturelle \u00e0 l\u2019homme est <strong>l\u2019amour de soi-m\u00eame<\/strong>, ou l\u2019amour-propre pris dans un sens \u00e9tendu \u00bb juge ainsi Jean-Jacques Rousseau dans le livre II de l\u2019\u00c9mile. De m\u00eame, dans cette lign\u00e9e, estime-t-il que \u00ab le mensonge de fait n\u2019est pas naturel aux enfants ; mais c\u2019est la loi de l\u2019ob\u00e9issance qui produit la n\u00e9cessit\u00e9 de mentir \u00bb. En somme tout naturellement, l\u2019\u00e2ge de l\u2019enfance serait un <strong>\u00e2ge pur<\/strong>, loin de toutes les immoralit\u00e9s gliss\u00e9es par l\u2019\u00e2ge de fer, l\u2019\u00e2ge de l\u2019immoralit\u00e9, l\u2019\u00e2ge des adultes.<\/p><p>Enfin, apr\u00e8s <strong>le bonheur et la vertu<\/strong>, l\u2019\u00e2ge d\u2019or se distingue classiquement de l\u2019\u00e2ge de fer comme \u00e9tant un \u00e2ge de <strong>profusion de la pens\u00e9e<\/strong>, d\u2019accomplissement non seulement vertueux mais encore intellectuel. Peut-on alors vraiment dire que m\u00eame sur ce plan, l\u2019enfance l\u2019emporterait sur l\u2019\u00e2ge adulte ?<\/p>\t\t\t\t\t<\/div>\n\t\t\t\t\t\t<\/div>\n\t\t\t\t<\/div>\n\t\t\t\t<div class=\"elementor-element elementor-element-a22c04c elementor-widget elementor-widget-image\" data-id=\"a22c04c\" data-element_type=\"widget\" data-widget_type=\"image.default\">\n\t\t\t\t<div class=\"elementor-widget-container\">\n\t\t\t\t\t\t\t\t<div class=\"elementor-image\">\n\t\t\t\t\t\t\t\t\t<figure class=\"wp-caption\">\n\t\t\t\t\t\t\t\t\t\t<img width=\"315\" height=\"411\" src=\"https:\/\/groupe-reussite.fr\/ressources\/wp-content\/uploads\/2021\/12\/dissertation-corrigee-enfance-cpge.jpg\" class=\"attachment-large size-large wp-image-146815\" alt=\"Dissertation corrig\u00e9e enfance CPGE\" loading=\"lazy\" srcset=\"https:\/\/groupe-reussite.fr\/ressources\/wp-content\/uploads\/2021\/12\/dissertation-corrigee-enfance-cpge.jpg 315w, https:\/\/groupe-reussite.fr\/ressources\/wp-content\/uploads\/2021\/12\/dissertation-corrigee-enfance-cpge-230x300.jpg 230w\" sizes=\"(max-width: 315px) 100vw, 315px\" \/>\t\t\t\t\t\t\t\t\t\t\t<figcaption class=\"widget-image-caption wp-caption-text\">Dans le c\u00e9l\u00e8bre incipit d\u2019Aden Arabie, en 1931, Paul Nizan \u00e9crit : \u00ab J'avais 20 ans, je ne laisserai personne dire que c'est le plus bel \u00e2ge de la vie \u00bb.<\/figcaption>\n\t\t\t\t\t\t\t\t\t\t<\/figure>\n\t\t\t\t\t\t\t\t<\/div>\n\t\t\t\t\t\t<\/div>\n\t\t\t\t<\/div>\n\t\t\t\t<div class=\"elementor-element elementor-element-73962ca blacktitle elementor-widget elementor-widget-text-editor\" data-id=\"73962ca\" data-element_type=\"widget\" data-widget_type=\"text-editor.default\">\n\t\t\t\t<div class=\"elementor-widget-container\">\n\t\t\t\t\t\t\t\t<div class=\"elementor-text-editor elementor-clearfix\">\n\t\t\t\t<h3>C. L\u2019\u00e2ge d\u2019or, le socle du d\u00e9veloppement de l\u2019enfant\u00a0<\/h3>\t\t\t\t\t<\/div>\n\t\t\t\t\t\t<\/div>\n\t\t\t\t<\/div>\n\t\t\t\t<div class=\"elementor-element elementor-element-9449f47 elementor-widget elementor-widget-text-editor\" data-id=\"9449f47\" data-element_type=\"widget\" data-widget_type=\"text-editor.default\">\n\t\t\t\t<div class=\"elementor-widget-container\">\n\t\t\t\t\t\t\t\t<div class=\"elementor-text-editor elementor-clearfix\">\n\t\t\t\t<p>L\u2019enfance peut aussi et en troisi\u00e8me lieu appara\u00eetre comme un <strong>\u00e2ge d\u2019or<\/strong>, dans la mesure o\u00f9 il s\u2019agit d\u2019un <strong>\u00e2ge d\u2019apprentissage, d\u2019ouverture sur le monde<\/strong> ; d\u2019\u00e9veil au monde et \u00e0 sa pens\u00e9e, et c&rsquo;est de cette <strong>effervescence<\/strong>, de cette effloraison d\u2019apprentissages et de connaissances, que na\u00eetrait ce sentiment de vivre un \u00e2ge plein de <strong>d\u00e9couvertes et de joies intellectuelles<\/strong>.<\/p><p>Pour toutes ces raisons, le jeune Wole (dans Ak\u00e9) appr\u00e9cie tant son enfance, en particulier quand il s\u2019agit, \u00e0 <strong>l\u2019\u00e9cole<\/strong>, dans les livres, de <strong>s\u2019ouvrir de nouveaux horizons sur le monde par la connaissance et la lecture<\/strong>. Wole en particulier narre (p.36 de l\u2019\u00e9dition au programme) \u00e0 quel point il est une joie pour lui de s\u2019inspirer de la calligraphie de son p\u00e8re, le directeur d\u2019\u00e9cole Essay : \u00ab mais tr\u00e8s vite, pour moi, ce fut simplement Essay, l\u2019un de ces exercices de style en prose soign\u00e9e qui suivaient des <strong>r\u00e8gles pr\u00e9cises de compositio<\/strong>n, l\u2019un de ces produits d\u2019une \u00e9l\u00e9gance raffin\u00e9e couch\u00e9s en cette belle calligraphie qui aurait fait l\u2019envie des copistes de tous les \u00e2ges \u00bb. Et le roman autobiographique fourmille d\u2019\u00e9l\u00e9ments montrant cette admiration pour cet \u00e2ge d\u2019or en effet de l\u2019ouverture et de la connaissance, <strong>o\u00f9 l\u2019on devient soi en s\u2019ouvrant au monde et \u00e0 ses richesses<\/strong>.<\/p><p>Cependant, cette vision de l\u2019enfance n&rsquo;est-elle pas par trop parcellaire ? L\u2019usage du pr\u00e9sent de v\u00e9rit\u00e9 g\u00e9n\u00e9rale par Novalis semble faire de l\u2019enfance, quasiment sur le plan scientifique, une <strong>p\u00e9riode universellement heureuse<\/strong>. Or cette universalisation n\u2019est-elle pas \u00e0 relativiser en v\u00e9rit\u00e9 ? L\u2019enfance est-elle un \u00e2ge de pure lumi\u00e8re, sans aucune part d\u2019ombre ?<\/p>\t\t\t\t\t<\/div>\n\t\t\t\t\t\t<\/div>\n\t\t\t\t<\/div>\n\t\t\t\t<div class=\"elementor-element elementor-element-7d2872e elementor-widget elementor-widget-image\" data-id=\"7d2872e\" data-element_type=\"widget\" data-widget_type=\"image.default\">\n\t\t\t\t<div class=\"elementor-widget-container\">\n\t\t\t\t\t\t\t\t<div class=\"elementor-image\">\n\t\t\t\t\t\t\t\t\t<figure class=\"wp-caption\">\n\t\t\t\t\t\t\t\t\t\t<img width=\"237\" height=\"414\" src=\"https:\/\/groupe-reussite.fr\/ressources\/wp-content\/uploads\/2021\/12\/dissertation-corrigee-theme-enfance-prepa-scientifique.jpg\" class=\"attachment-large size-large wp-image-146816\" alt=\"Dissertation corrig\u00e9e th\u00e8me enfance en pr\u00e9pa scientifique\" loading=\"lazy\" srcset=\"https:\/\/groupe-reussite.fr\/ressources\/wp-content\/uploads\/2021\/12\/dissertation-corrigee-theme-enfance-prepa-scientifique.jpg 237w, https:\/\/groupe-reussite.fr\/ressources\/wp-content\/uploads\/2021\/12\/dissertation-corrigee-theme-enfance-prepa-scientifique-172x300.jpg 172w\" sizes=\"(max-width: 237px) 100vw, 237px\" \/>\t\t\t\t\t\t\t\t\t\t\t<figcaption class=\"widget-image-caption wp-caption-text\">Dans Ak\u00e9, Wole Soyinka \u00e9voque la joie et les plaisirs intellectuels qu'il rencontra durant son enfance, p\u00e9riode d\u2019ouverture sur le monde et sur les choses de l\u2019esprit.<\/figcaption>\n\t\t\t\t\t\t\t\t\t\t<\/figure>\n\t\t\t\t\t\t\t\t<\/div>\n\t\t\t\t\t\t<\/div>\n\t\t\t\t<\/div>\n\t\t\t\t<div class=\"elementor-element elementor-element-05449d8 elementor-widget elementor-widget-text-editor\" data-id=\"05449d8\" data-element_type=\"widget\" data-widget_type=\"text-editor.default\">\n\t\t\t\t<div class=\"elementor-widget-container\">\n\t\t\t\t\t\t\t\t<div class=\"elementor-text-editor elementor-clearfix\">\n\t\t\t\t<p>II. L\u2019enfance, une p\u00e9riode d&rsquo;insouciance et d\u2019illusion<\/p>\t\t\t\t\t<\/div>\n\t\t\t\t\t\t<\/div>\n\t\t\t\t<\/div>\n\t\t\t\t<div class=\"elementor-element elementor-element-5a8f930 elementor-widget elementor-widget-text-editor\" data-id=\"5a8f930\" data-element_type=\"widget\" data-widget_type=\"text-editor.default\">\n\t\t\t\t<div class=\"elementor-widget-container\">\n\t\t\t\t\t\t\t\t<div class=\"elementor-text-editor elementor-clearfix\">\n\t\t\t\t<p>L\u2019enfance peut \u00eatre aussi un \u00e2ge de fer, marqu\u00e9 par une <strong>condition de pr\u00e9carit\u00e9 et de duret\u00e9<\/strong>, caract\u00e9ris\u00e9 aussi par une certaine na\u00efvet\u00e9 confondante.<\/p><p>\t\t<div data-elementor-type=\"section\" data-elementor-id=\"84989\" class=\"elementor elementor-84989\">\n\t\t\t\t\t<div class=\"elementor-section-wrap\">\n\t\t\t\t\t\t\t\t<section class=\"has_ae_slider elementor-section elementor-inner-section elementor-element elementor-element-4bda5243 elementor-section-content-bottom full_width elementor-section-full_width elementor-section-height-min-height elementor-section-height-default ae-bg-gallery-type-default\" data-id=\"4bda5243\" data-element_type=\"section\" data-settings=\"{&quot;background_background&quot;:&quot;gradient&quot;}\">\n\t\t\t\t\t\t\t<div class=\"elementor-background-overlay\"><\/div>\n\t\t\t\t\t\t\t<div class=\"elementor-container elementor-column-gap-narrow\">\n\t\t\t\t\t\t\t<div class=\"elementor-row\">\n\t\t\t\t\t<div class=\"has_ae_slider elementor-column elementor-col-50 elementor-inner-column elementor-element elementor-element-7dad0c90 ae-bg-gallery-type-default\" data-id=\"7dad0c90\" data-element_type=\"column\">\n\t\t\t<div class=\"elementor-column-wrap elementor-element-populated\">\n\t\t\t\t\t\t\t<div class=\"elementor-widget-wrap\">\n\t\t\t\t\t\t<div class=\"elementor-element elementor-element-79e73064 elementor-widget elementor-widget-heading\" data-id=\"79e73064\" data-element_type=\"widget\" data-widget_type=\"heading.default\">\n\t\t\t\t<div class=\"elementor-widget-container\">\n\t\t\t<h3 class=\"elementor-heading-title elementor-size-default\">PRENDRE DES COURS PARTICULIERS DE FRAN\u00c7AIS <\/h3>\t\t<\/div>\n\t\t\t\t<\/div>\n\t\t\t\t<div class=\"elementor-element elementor-element-104d1164 elementor-widget elementor-widget-heading\" data-id=\"104d1164\" data-element_type=\"widget\" data-widget_type=\"heading.default\">\n\t\t\t\t<div class=\"elementor-widget-container\">\n\t\t\t<h4 class=\"elementor-heading-title elementor-size-default\">C\u2019est reprendre le contr\u00f4le<\/h4>\t\t<\/div>\n\t\t\t\t<\/div>\n\t\t\t\t<div class=\"elementor-element elementor-element-3691d1da elementor-align-left elementor-mobile-align-center elementor-widget elementor-widget-button\" data-id=\"3691d1da\" data-element_type=\"widget\" data-widget_type=\"button.default\">\n\t\t\t\t<div class=\"elementor-widget-container\">\n\t\t\t\t\t<div class=\"elementor-button-wrapper\">\n\t\t\t<a href=\"https:\/\/groupe-reussite.fr\/cours-particuliers\/francais\/tous-niveaux\/france\/\" target=\"_blank\" class=\"elementor-button-link elementor-button elementor-size-md\" role=\"button\" id=\"CTA_PRD_CP\">\n\t\t\t\t\t\t<span class=\"elementor-button-content-wrapper\">\n\t\t\t\t\t\t<span class=\"elementor-button-text\">Je cherche des cours particuliers de fran\u00e7ais<\/span>\n\t\t<\/span>\n\t\t\t\t\t<\/a>\n\t\t<\/div>\n\t\t\t\t<\/div>\n\t\t\t\t<\/div>\n\t\t\t\t\t\t<\/div>\n\t\t\t\t\t<\/div>\n\t\t<\/div>\n\t\t\t\t<div class=\"has_ae_slider elementor-column elementor-col-50 elementor-inner-column elementor-element elementor-element-40c4e3d ae-bg-gallery-type-default\" data-id=\"40c4e3d\" data-element_type=\"column\">\n\t\t\t<div class=\"elementor-column-wrap\">\n\t\t\t\t\t\t\t<div class=\"elementor-widget-wrap\">\n\t\t\t\t\t\t\t\t<\/div>\n\t\t\t\t\t<\/div>\n\t\t<\/div>\n\t\t\t\t\t\t\t\t<\/div>\n\t\t\t\t\t<\/div>\n\t\t<\/section>\n\t\t\t\t\t\t\t<\/div>\n\t\t\t\t<\/div>\n\t\t<\/p>\t\t\t\t\t<\/div>\n\t\t\t\t\t\t<\/div>\n\t\t\t\t<\/div>\n\t\t\t\t<div class=\"elementor-element elementor-element-418a771 blacktitle elementor-widget elementor-widget-text-editor\" data-id=\"418a771\" data-element_type=\"widget\" data-widget_type=\"text-editor.default\">\n\t\t\t\t<div class=\"elementor-widget-container\">\n\t\t\t\t\t\t\t\t<div class=\"elementor-text-editor elementor-clearfix\">\n\t\t\t\t<h3>A. Un \u00e2ge d\u2019or ou un \u00e2ge de la peur ?\u00a0<\/h3>\t\t\t\t\t<\/div>\n\t\t\t\t\t\t<\/div>\n\t\t\t\t<\/div>\n\t\t\t\t<div class=\"elementor-element elementor-element-d712014 elementor-widget elementor-widget-text-editor\" data-id=\"d712014\" data-element_type=\"widget\" data-widget_type=\"text-editor.default\">\n\t\t\t\t<div class=\"elementor-widget-container\">\n\t\t\t\t\t\t\t\t<div class=\"elementor-text-editor elementor-clearfix\">\n\t\t\t\t<p>L\u2019enfance est tout d\u2019abord un \u00e2ge de fer au sens de la duret\u00e9 de cet \u00e2ge : c&rsquo;est une <strong>p\u00e9riode marqu\u00e9e par la vuln\u00e9rabilit\u00e9<\/strong>, <strong>par la mortalit\u00e9<\/strong> ; est-ce un \u00e2ge d\u2019or ou un \u00e2ge de la peur de la mort sans cesse voisine ? Il faut se rem\u00e9morer que m\u00eame \u00e0 la p\u00e9riode \u00e0 laquelle Novalis \u00e9crit, l\u2019enfance est un \u00e2ge aussi de mort &#8211; nous parlons ici de la mortalit\u00e9 infantile.<\/p><p>Cette <strong>vicinit\u00e9 entre mort et enfance<\/strong> se per\u00e7oit par exemple nettement dans l\u2019\u00c9mile de Jean-Jacques Rousseau. Un extrait du livre II en particulier est un v\u00e9ritable document historique sur la pr\u00e9gnance de la mortalit\u00e9 infantile dans les mentalit\u00e9s. \u00ab Les plus grands risques de la vie sont dans son commencement ; moins on a v\u00e9cu, moins on doit <strong>esp\u00e9rer de vivre<\/strong>. Des enfants qui naissent, la moiti\u00e9, tout au plus, parvient \u00e0 l\u2019adolescence ; et il est probable que votre \u00e9l\u00e8ve n\u2019atteindra pas l\u2019\u00e2ge d\u2019homme \u00bb \u00e9crit-il ainsi. L\u2019\u00c9mile est ainsi un \u00eatre tr\u00e8s fragile.<\/p>\t\t\t\t\t<\/div>\n\t\t\t\t\t\t<\/div>\n\t\t\t\t<\/div>\n\t\t\t\t<div class=\"elementor-element elementor-element-74a6d3d blacktitle elementor-widget elementor-widget-text-editor\" data-id=\"74a6d3d\" data-element_type=\"widget\" data-widget_type=\"text-editor.default\">\n\t\t\t\t<div class=\"elementor-widget-container\">\n\t\t\t\t\t\t\t\t<div class=\"elementor-text-editor elementor-clearfix\">\n\t\t\t\t<h3>B. L\u2019enfant apprend \u00e0 vivre sous l\u2019emprise de ses tuteurs<\/h3>\t\t\t\t\t<\/div>\n\t\t\t\t\t\t<\/div>\n\t\t\t\t<\/div>\n\t\t\t\t<div class=\"elementor-element elementor-element-d1f2da6 elementor-widget elementor-widget-text-editor\" data-id=\"d1f2da6\" data-element_type=\"widget\" data-widget_type=\"text-editor.default\">\n\t\t\t\t<div class=\"elementor-widget-container\">\n\t\t\t\t\t\t\t\t<div class=\"elementor-text-editor elementor-clearfix\">\n\t\t\t\t<p>\u00catre enfant n&rsquo;est pas que vivre un \u00e2ge d\u2019or, c&rsquo;est donc vivre aussi un <strong>\u00e2ge d\u2019incertitude<\/strong>, o\u00f9 la mort peut \u00eatre au tournant. Mais il n\u2019y a pas que la mort : il y a aussi la violence, la duret\u00e9 des adultes, des punitions, des ch\u00e2timents. L\u2019enfant est en situation de vuln\u00e9rabilit\u00e9 aussi dans le sens o\u00f9 il est sans cesse <strong>soumis au bon-vouloir, et \u00e0 l\u2019arbitraire violent, de ses tuteurs<\/strong>.<\/p><p>Rem\u00e9morons-nous par exemple le cavalier dans le conte d\u2019Andersen \u00ab Chaque chose \u00e0 sa place \u00bb. Ce cavalier semble avoir pour passe-temps favori <strong>la maltraitance des enfants<\/strong>. Par exemple en direction de la petite gardeuse d\u2019oie : il \u00ab s\u2019amusa grossi\u00e8rement en lui donnant un coup de manche dans la poitrine qui la fit tomber \u00e0 la renverse \u00bb (p.241 de l\u2019\u00e9dition au programme) ; et de lui lancer : \u00ab chaque chose \u00e0 sa place ! va donc rejoindre la boue ! \u00bb.<\/p><p>Mais l\u2019enfance, au-del\u00e0 de cet \u00e2ge de fer et de duret\u00e9, peut \u00eatre aussi un \u00e2ge d\u2019ignorance et de pr\u00e9jug\u00e9s, dans lequel l\u2019enfant est vuln\u00e9rable \u00e0 la fois aux coups et \u00e0 sa raison friable, dont <strong>la formation est encore inachev\u00e9e<\/strong>.<\/p>\t\t\t\t\t<\/div>\n\t\t\t\t\t\t<\/div>\n\t\t\t\t<\/div>\n\t\t\t\t<div class=\"elementor-element elementor-element-e6234cc blacktitle elementor-widget elementor-widget-text-editor\" data-id=\"e6234cc\" data-element_type=\"widget\" data-widget_type=\"text-editor.default\">\n\t\t\t\t<div class=\"elementor-widget-container\">\n\t\t\t\t\t\t\t\t<div class=\"elementor-text-editor elementor-clearfix\">\n\t\t\t\t<h3>C. Une phase de manipulation et de vuln\u00e9rabilit\u00e9 ?<\/h3>\t\t\t\t\t<\/div>\n\t\t\t\t\t\t<\/div>\n\t\t\t\t<\/div>\n\t\t\t\t<div class=\"elementor-element elementor-element-43d94ad elementor-widget elementor-widget-text-editor\" data-id=\"43d94ad\" data-element_type=\"widget\" data-widget_type=\"text-editor.default\">\n\t\t\t\t<div class=\"elementor-widget-container\">\n\t\t\t\t\t\t\t\t<div class=\"elementor-text-editor elementor-clearfix\">\n\t\t\t\t<p>L\u2019enfance n&rsquo;est pas qu&rsquo;un \u00e2ge d\u2019or : elle est aussi un <strong>\u00e2ge d\u2019ignorance, de d\u00e9raison<\/strong> ; un \u00e2ge dans lequel l\u2019enfant peut \u00eatre non seulement battu, mais encore<strong> manipul\u00e9<\/strong> ; et s\u2019il vit peut-\u00eatre dans une p\u00e9riode de bonheur du point de vue de la perception, peut-\u00eatre n\u2019est-ce l\u00e0 qu&rsquo;un fruit d\u2019une illusion, car l\u2019enfant pourrait confondre le bonheur avec l\u2019illusion du bonheur.<\/p><p>Et en effet que les enfants peuvent \u00eatre manipulables. Le petit sapin, dans le conte du m\u00eame nom d\u2019Andersen, croit ainsi \u00e0 l\u2019histoire de Klumpe-Dumpe le maladroit \u00ab parce que c\u2019\u00e9tait un monsieur bien qui racontait l\u2019histoire \u00bb (p.145) <strong>Facilement impressionnable, facilement dup\u00e9<\/strong>, l\u2019enfant traverserait ainsi moins un \u00e2ge de fer qu&rsquo;un \u00e2ge de brumes.<\/p>\t\t\t\t\t<\/div>\n\t\t\t\t\t\t<\/div>\n\t\t\t\t<\/div>\n\t\t\t\t<div class=\"elementor-element elementor-element-dc4d3d6 elementor-widget elementor-widget-image\" data-id=\"dc4d3d6\" data-element_type=\"widget\" data-widget_type=\"image.default\">\n\t\t\t\t<div class=\"elementor-widget-container\">\n\t\t\t\t\t\t\t\t<div class=\"elementor-image\">\n\t\t\t\t\t\t\t\t\t<figure class=\"wp-caption\">\n\t\t\t\t\t\t\t\t\t\t<img width=\"700\" height=\"400\" src=\"https:\/\/groupe-reussite.fr\/ressources\/wp-content\/uploads\/2021\/12\/dissertation-theme-enfance-cpge.jpg\" class=\"attachment-large size-large wp-image-146820\" alt=\"Dissertation th\u00e8me de l&#039;enfance CPGE\" loading=\"lazy\" srcset=\"https:\/\/groupe-reussite.fr\/ressources\/wp-content\/uploads\/2021\/12\/dissertation-theme-enfance-cpge.jpg 700w, https:\/\/groupe-reussite.fr\/ressources\/wp-content\/uploads\/2021\/12\/dissertation-theme-enfance-cpge-300x171.jpg 300w\" sizes=\"(max-width: 700px) 100vw, 700px\" \/>\t\t\t\t\t\t\t\t\t\t\t<figcaption class=\"widget-image-caption wp-caption-text\">La mortalit\u00e9 infantile est une r\u00e9alit\u00e9 encore tr\u00e8s pr\u00e9gnante dans certaines r\u00e9gions du monde, comme d\u2019ailleurs au Nig\u00e9ria.<\/figcaption>\n\t\t\t\t\t\t\t\t\t\t<\/figure>\n\t\t\t\t\t\t\t\t<\/div>\n\t\t\t\t\t\t<\/div>\n\t\t\t\t<\/div>\n\t\t\t\t<div class=\"elementor-element elementor-element-aab3965 elementor-widget elementor-widget-text-editor\" data-id=\"aab3965\" data-element_type=\"widget\" data-widget_type=\"text-editor.default\">\n\t\t\t\t<div class=\"elementor-widget-container\">\n\t\t\t\t\t\t\t\t<div class=\"elementor-text-editor elementor-clearfix\">\n\t\t\t\t<p>Alors pourquoi donc Novalis en vient-il \u00e0 \u00e9crire \u00ab L\u00e0 o\u00f9 sont des enfants, l\u00e0 est un \u00e2ge d\u2019or \u00bb si cette enfance <strong>n\u2019est finalement pas une p\u00e9riode si \u00ab dor\u00e9e \u00bb<\/strong> que l&rsquo;on pourrait le pr\u00e9sumer ? La r\u00e9ponse pourrait tenir en la lumi\u00e8re nouvelle que l\u2019on pourrait jeter sur cet adverbe de lieu et de temps \u00ab l\u00e0 \u00bb ; d\u00e9signe-t-il simplement le temps pr\u00e9sent de l\u2019enfance ? Ne peut-il pas aussi signifier le \u00ab l\u00e0 \u00bb du moment de l\u2019\u00e9criture de la phrase de Novalis \u2013 c&rsquo;est-\u00e0-dire le \u00ab l\u00e0 \u00bb de l\u2019\u00e2ge d\u2019adulte, non de l\u2019\u00e2ge d\u2019enfance. Il faudrait ainsi ne plus seulement consid\u00e9rer cette assertion du po\u00e8te d&rsquo;un point de vue objectif (l\u2019enfance est-elle, en soi, un \u00e2ge d\u2019or ou de fer ?) mais plut\u00f4t examiner la question du point de vue subjectif (l\u2019enfance est-elle, pour soi, un \u00e2ge d\u2019or\u2026 ?), en passant de l\u2019enfance v\u00e9cue \u00e0 l\u2019enfance per\u00e7ue.<\/p><p>Ainsi peut-on voir peut-\u00eatre que si Novalis consid\u00e8re que l\u2019enfance est un \u00e2ge d\u2019or, c&rsquo;est peut-\u00eatre par un <strong>jugement r\u00e9trospectif<\/strong>, en miroir de la situation qu&rsquo;il vit aujourd&rsquo;hui : s\u2019il juge l\u2019enfance heureuse hier, c&rsquo;est parce qu&rsquo;il est <strong>malheureux<\/strong> aujourd&rsquo;hui, et c&rsquo;est peut-\u00eatre de ce <strong>d\u00e9calage temporel<\/strong> dont nous pouvons faire \u00e0 pr\u00e9sent mati\u00e8re [nota bene : voir ici comment un mot \u00ab anodin \u00bb du sujet est r\u00e9interpr\u00e9t\u00e9 sous une lumi\u00e8re nouvelle, permettant l\u2019amorce du III : c&rsquo;est une technique utile \u00e0 retenir].<\/p><p>Afin de d\u00e9couvrir la suite de la dissertation corrig\u00e9e sur le th\u00e8me de l\u2019enfance en CPGE, nous vous invitons \u00e0 <strong>t\u00e9l\u00e9charger notre application gratuite PrepApp<\/strong>. Il vous suffit de cliquer sur le bouton ci-dessous (App Store ou bien Play Store).<\/p>\t\t\t\t\t<\/div>\n\t\t\t\t\t\t<\/div>\n\t\t\t\t<\/div>\n\t\t\t\t<div class=\"elementor-element elementor-element-bc69a74 elementor-widget elementor-widget-text-editor\" data-id=\"bc69a74\" data-element_type=\"widget\" data-widget_type=\"text-editor.default\">\n\t\t\t\t<div class=\"elementor-widget-container\">\n\t\t\t\t\t\t\t\t<div class=\"elementor-text-editor elementor-clearfix\">\n\t\t\t\t<p>Ces articles pourraient vous int\u00e9resser :<\/p><ul><li><a href=\"https:\/\/groupe-reussite.fr\/ressources\/cp-citations-francais-prepa-enfance\/\">Citations sur le th\u00e8me de l&rsquo;enfance en CPGE<\/a><\/li><li><a href=\"https:\/\/groupe-reussite.fr\/ressources\/cp-dissertation-francais-enfants-parents-cpge\/\">Dissertation corrig\u00e9e sur l&rsquo;enfant et ses parents en CPGE<\/a><\/li><li><a href=\"https:\/\/groupe-reussite.fr\/ressources\/cp-francais-dissertation-difficulte-etre-enfance\/\">Dissertation corrig\u00e9e sur l&rsquo;enfance : Difficult\u00e9 d&rsquo;\u00eatre<\/a><\/li><li><a href=\"https:\/\/groupe-reussite.fr\/ressources\/cp-dissertation-corrigee-theme-enfance-cpge\/\">Dissertation r\u00e9dig\u00e9e sur la raison des enfants<\/a><\/li><li><a href=\"https:\/\/groupe-reussite.fr\/ressources\/cp-dissertation-corrigee-enfance-religion-cpge\/\">Dissertation corrig\u00e9e sur l&rsquo;enfance et religion<\/a><\/li><\/ul>\t\t\t\t\t<\/div>\n\t\t\t\t\t\t<\/div>\n\t\t\t\t<\/div>\n\t\t\t\t\t\t<\/div>\n\t\t\t\t\t<\/div>\n\t\t<\/div>\n\t\t\t\t\t\t\t\t<\/div>\n\t\t\t\t\t<\/div>\n\t\t<\/section>\n\t\t\t\t\t\t<\/div>\n\t\t\t\t\t<\/div>\n\t\t<\/div>\n\t\t\t\t\t\t\t\t<\/div>\n\t\t\t\t\t<\/div>\n\t\t<\/section>\n\t\t\t\t\t\t\t\t\t<\/div>\n\t\t\t<\/div>\n\t\t\t\t\t<\/div>\n\t\t","protected":false},"excerpt":{"rendered":"<p>Dissertation corrig\u00e9e sur l\u2019enfance en pr\u00e9pa scientifique Sujet corrig\u00e9 sur le th\u00e8me de \u201cl\u2019enfance l&rsquo;\u00e2ge d&rsquo;or\u201d \u00a0 cours particuliers Cours particuliers de fran\u00e7ais R\u00e9server un cours particulier de fran\u00e7ais CONTACTEZ NOUS Le th\u00e8me de l\u2019enfance en CPGE Cette ann\u00e9e, les trois \u0153uvres au programme de fran\u00e7ais en pr\u00e9pa PTSI, BCPST, MP2I, MPSI, PCSI, PC, PSI, [&hellip;]<\/p>\n","protected":false},"author":6,"featured_media":0,"parent":0,"menu_order":0,"comment_status":"closed","ping_status":"closed","template":"elementor_header_footer","meta":[],"yoast_head":"<!-- This site is optimized with the Yoast SEO plugin v20.2.1 - https:\/\/yoast.com\/wordpress\/plugins\/seo\/ -->\n<title>Dissertation corrig\u00e9e sur le th\u00e8me de l\u2019enfance en CPGE<\/title>\n<meta name=\"description\" content=\"Dissertation corrig\u00e9e de fran\u00e7ais en pr\u00e9pa scientifique sur le th\u00e8me de l\u2019enfance : &quot;L&#039;enfance l&#039;age d&#039;or&quot; : r\u00e9dig\u00e9e avec arguments, exemples, transitions.\" \/>\n<meta name=\"robots\" content=\"index, follow, max-snippet:-1, max-image-preview:large, max-video-preview:-1\" \/>\n<link rel=\"canonical\" href=\"https:\/\/groupe-reussite.fr\/ressources\/cp-dissertation-corrigee-enfance-cpge\/\" \/>\n<meta property=\"og:locale\" content=\"fr_FR\" \/>\n<meta property=\"og:type\" content=\"article\" \/>\n<meta property=\"og:title\" content=\"Dissertation corrig\u00e9e sur le th\u00e8me de l\u2019enfance en CPGE\" \/>\n<meta property=\"og:description\" content=\"Dissertation corrig\u00e9e de fran\u00e7ais en pr\u00e9pa scientifique sur le th\u00e8me de l\u2019enfance : &quot;L&#039;enfance l&#039;age d&#039;or&quot; : r\u00e9dig\u00e9e avec arguments, exemples, transitions.\" \/>\n<meta property=\"og:url\" content=\"https:\/\/groupe-reussite.fr\/ressources\/cp-dissertation-corrigee-enfance-cpge\/\" \/>\n<meta property=\"og:site_name\" content=\"Groupe R\u00e9ussite\" \/>\n<meta property=\"article:modified_time\" content=\"2024-03-02T20:55:27+00:00\" \/>\n<meta property=\"og:image\" content=\"https:\/\/groupe-reussite.fr\/ressources\/wp-content\/uploads\/2020\/03\/cours-particuliers.jpg\" \/>\n<meta name=\"twitter:card\" content=\"summary_large_image\" \/>\n<meta name=\"twitter:label1\" content=\"Dur\u00e9e de lecture estim\u00e9e\" \/>\n\t<meta name=\"twitter:data1\" content=\"19 minutes\" \/>\n<script type=\"application\/ld+json\" class=\"yoast-schema-graph\">{\"@context\":\"https:\/\/schema.org\",\"@graph\":[{\"@type\":\"WebPage\",\"@id\":\"https:\/\/groupe-reussite.fr\/ressources\/cp-dissertation-corrigee-enfance-cpge\/\",\"url\":\"https:\/\/groupe-reussite.fr\/ressources\/cp-dissertation-corrigee-enfance-cpge\/\",\"name\":\"Dissertation corrig\u00e9e sur le th\u00e8me de l\u2019enfance en CPGE\",\"isPartOf\":{\"@id\":\"https:\/\/groupe-reussite.fr\/ressources\/#website\"},\"datePublished\":\"2021-12-07T12:26:52+00:00\",\"dateModified\":\"2024-03-02T20:55:27+00:00\",\"description\":\"Dissertation corrig\u00e9e de fran\u00e7ais en pr\u00e9pa scientifique sur le th\u00e8me de l\u2019enfance : \\\"L'enfance l'age d'or\\\" : r\u00e9dig\u00e9e avec arguments, exemples, transitions.\",\"breadcrumb\":{\"@id\":\"https:\/\/groupe-reussite.fr\/ressources\/cp-dissertation-corrigee-enfance-cpge\/#breadcrumb\"},\"inLanguage\":\"fr-FR\",\"potentialAction\":[{\"@type\":\"ReadAction\",\"target\":[\"https:\/\/groupe-reussite.fr\/ressources\/cp-dissertation-corrigee-enfance-cpge\/\"]}]},{\"@type\":\"BreadcrumbList\",\"@id\":\"https:\/\/groupe-reussite.fr\/ressources\/cp-dissertation-corrigee-enfance-cpge\/#breadcrumb\",\"itemListElement\":[{\"@type\":\"ListItem\",\"position\":1,\"name\":\"Accueil\",\"item\":\"https:\/\/groupe-reussite.fr\/ressources\/\"},{\"@type\":\"ListItem\",\"position\":2,\"name\":\"Dissertation corrig\u00e9e sur le th\u00e8me de l\u2019enfance en CPGE\"}]},{\"@type\":\"WebSite\",\"@id\":\"https:\/\/groupe-reussite.fr\/ressources\/#website\",\"url\":\"https:\/\/groupe-reussite.fr\/ressources\/\",\"name\":\"Groupe R\u00e9ussite\",\"description\":\"Stage et Cours particuliers maths, fran\u00e7ais, anglais, informatique, physique chimie\",\"publisher\":{\"@id\":\"https:\/\/groupe-reussite.fr\/ressources\/#organization\"},\"potentialAction\":[{\"@type\":\"SearchAction\",\"target\":{\"@type\":\"EntryPoint\",\"urlTemplate\":\"https:\/\/groupe-reussite.fr\/ressources\/?s={search_term_string}\"},\"query-input\":\"required name=search_term_string\"}],\"inLanguage\":\"fr-FR\"},{\"@type\":\"Organization\",\"@id\":\"https:\/\/groupe-reussite.fr\/ressources\/#organization\",\"name\":\"Groupe R\u00e9ussite\",\"url\":\"https:\/\/groupe-reussite.fr\/ressources\/\",\"logo\":{\"@type\":\"ImageObject\",\"inLanguage\":\"fr-FR\",\"@id\":\"https:\/\/groupe-reussite.fr\/ressources\/#\/schema\/logo\/image\/\",\"url\":\"https:\/\/groupe-reussite.fr\/ressources\/wp-content\/uploads\/2022\/05\/cropped-cropped-logo-1-1.png\",\"contentUrl\":\"https:\/\/groupe-reussite.fr\/ressources\/wp-content\/uploads\/2022\/05\/cropped-cropped-logo-1-1.png\",\"width\":273,\"height\":75,\"caption\":\"Groupe R\u00e9ussite\"},\"image\":{\"@id\":\"https:\/\/groupe-reussite.fr\/ressources\/#\/schema\/logo\/image\/\"}}]}<\/script>\n<!-- \/ Yoast SEO plugin. -->","yoast_head_json":{"title":"Dissertation corrig\u00e9e sur le th\u00e8me de l\u2019enfance en CPGE","description":"Dissertation corrig\u00e9e de fran\u00e7ais en pr\u00e9pa scientifique sur le th\u00e8me de l\u2019enfance : \"L'enfance l'age d'or\" : r\u00e9dig\u00e9e avec arguments, exemples, transitions.","robots":{"index":"index","follow":"follow","max-snippet":"max-snippet:-1","max-image-preview":"max-image-preview:large","max-video-preview":"max-video-preview:-1"},"canonical":"https:\/\/groupe-reussite.fr\/ressources\/cp-dissertation-corrigee-enfance-cpge\/","og_locale":"fr_FR","og_type":"article","og_title":"Dissertation corrig\u00e9e sur le th\u00e8me de l\u2019enfance en CPGE","og_description":"Dissertation corrig\u00e9e de fran\u00e7ais en pr\u00e9pa scientifique sur le th\u00e8me de l\u2019enfance : \"L'enfance l'age d'or\" : r\u00e9dig\u00e9e avec arguments, exemples, transitions.","og_url":"https:\/\/groupe-reussite.fr\/ressources\/cp-dissertation-corrigee-enfance-cpge\/","og_site_name":"Groupe R\u00e9ussite","article_modified_time":"2024-03-02T20:55:27+00:00","og_image":[{"url":"https:\/\/groupe-reussite.fr\/ressources\/wp-content\/uploads\/2020\/03\/cours-particuliers.jpg"}],"twitter_card":"summary_large_image","twitter_misc":{"Dur\u00e9e de lecture estim\u00e9e":"19 minutes"},"schema":{"@context":"https:\/\/schema.org","@graph":[{"@type":"WebPage","@id":"https:\/\/groupe-reussite.fr\/ressources\/cp-dissertation-corrigee-enfance-cpge\/","url":"https:\/\/groupe-reussite.fr\/ressources\/cp-dissertation-corrigee-enfance-cpge\/","name":"Dissertation corrig\u00e9e sur le th\u00e8me de l\u2019enfance en CPGE","isPartOf":{"@id":"https:\/\/groupe-reussite.fr\/ressources\/#website"},"datePublished":"2021-12-07T12:26:52+00:00","dateModified":"2024-03-02T20:55:27+00:00","description":"Dissertation corrig\u00e9e de fran\u00e7ais en pr\u00e9pa scientifique sur le th\u00e8me de l\u2019enfance : \"L'enfance l'age d'or\" : r\u00e9dig\u00e9e avec arguments, exemples, transitions.","breadcrumb":{"@id":"https:\/\/groupe-reussite.fr\/ressources\/cp-dissertation-corrigee-enfance-cpge\/#breadcrumb"},"inLanguage":"fr-FR","potentialAction":[{"@type":"ReadAction","target":["https:\/\/groupe-reussite.fr\/ressources\/cp-dissertation-corrigee-enfance-cpge\/"]}]},{"@type":"BreadcrumbList","@id":"https:\/\/groupe-reussite.fr\/ressources\/cp-dissertation-corrigee-enfance-cpge\/#breadcrumb","itemListElement":[{"@type":"ListItem","position":1,"name":"Accueil","item":"https:\/\/groupe-reussite.fr\/ressources\/"},{"@type":"ListItem","position":2,"name":"Dissertation corrig\u00e9e sur le th\u00e8me de l\u2019enfance en CPGE"}]},{"@type":"WebSite","@id":"https:\/\/groupe-reussite.fr\/ressources\/#website","url":"https:\/\/groupe-reussite.fr\/ressources\/","name":"Groupe R\u00e9ussite","description":"Stage et Cours particuliers maths, fran\u00e7ais, anglais, informatique, physique chimie","publisher":{"@id":"https:\/\/groupe-reussite.fr\/ressources\/#organization"},"potentialAction":[{"@type":"SearchAction","target":{"@type":"EntryPoint","urlTemplate":"https:\/\/groupe-reussite.fr\/ressources\/?s={search_term_string}"},"query-input":"required name=search_term_string"}],"inLanguage":"fr-FR"},{"@type":"Organization","@id":"https:\/\/groupe-reussite.fr\/ressources\/#organization","name":"Groupe R\u00e9ussite","url":"https:\/\/groupe-reussite.fr\/ressources\/","logo":{"@type":"ImageObject","inLanguage":"fr-FR","@id":"https:\/\/groupe-reussite.fr\/ressources\/#\/schema\/logo\/image\/","url":"https:\/\/groupe-reussite.fr\/ressources\/wp-content\/uploads\/2022\/05\/cropped-cropped-logo-1-1.png","contentUrl":"https:\/\/groupe-reussite.fr\/ressources\/wp-content\/uploads\/2022\/05\/cropped-cropped-logo-1-1.png","width":273,"height":75,"caption":"Groupe R\u00e9ussite"},"image":{"@id":"https:\/\/groupe-reussite.fr\/ressources\/#\/schema\/logo\/image\/"}}]}},"_links":{"self":[{"href":"https:\/\/groupe-reussite.fr\/ressources\/wp-json\/wp\/v2\/pages\/146809"}],"collection":[{"href":"https:\/\/groupe-reussite.fr\/ressources\/wp-json\/wp\/v2\/pages"}],"about":[{"href":"https:\/\/groupe-reussite.fr\/ressources\/wp-json\/wp\/v2\/types\/page"}],"author":[{"embeddable":true,"href":"https:\/\/groupe-reussite.fr\/ressources\/wp-json\/wp\/v2\/users\/6"}],"replies":[{"embeddable":true,"href":"https:\/\/groupe-reussite.fr\/ressources\/wp-json\/wp\/v2\/comments?post=146809"}],"version-history":[{"count":3,"href":"https:\/\/groupe-reussite.fr\/ressources\/wp-json\/wp\/v2\/pages\/146809\/revisions"}],"predecessor-version":[{"id":203635,"href":"https:\/\/groupe-reussite.fr\/ressources\/wp-json\/wp\/v2\/pages\/146809\/revisions\/203635"}],"wp:attachment":[{"href":"https:\/\/groupe-reussite.fr\/ressources\/wp-json\/wp\/v2\/media?parent=146809"}],"curies":[{"name":"wp","href":"https:\/\/api.w.org\/{rel}","templated":true}]}}