{"id":149933,"date":"2022-01-12T10:42:13","date_gmt":"2022-01-12T09:42:13","guid":{"rendered":"https:\/\/groupe-reussite.fr\/?page_id=149933"},"modified":"2025-03-14T16:41:15","modified_gmt":"2025-03-14T15:41:15","slug":"financement-etudes-logement-caf-etudiant","status":"publish","type":"page","link":"https:\/\/groupe-reussite.fr\/ressources\/financement-etudes-logement-caf-etudiant\/","title":{"rendered":"CAF \u00e9tudiant : APL et ALS"},"content":{"rendered":"\t\t<div data-elementor-type=\"wp-post\" data-elementor-id=\"149933\" class=\"elementor elementor-149933\">\n\t\t\t\t\t\t<div class=\"elementor-inner\">\n\t\t\t\t<div class=\"elementor-section-wrap\">\n\t\t\t\t\t\t\t\t\t<section class=\"has_ae_slider elementor-section elementor-top-section elementor-element elementor-element-430fcab8 elementor-section-stretched elementor-section-content-middle elementor-section-full_width elementor-section-height-default elementor-section-height-default ae-bg-gallery-type-default\" data-id=\"430fcab8\" data-element_type=\"section\" id=\"header_height\" data-settings=\"{&quot;stretch_section&quot;:&quot;section-stretched&quot;,&quot;background_background&quot;:&quot;classic&quot;}\">\n\t\t\t\t\t\t\t<div class=\"elementor-background-overlay\"><\/div>\n\t\t\t\t\t\t\t<div class=\"elementor-container elementor-column-gap-default\">\n\t\t\t\t\t\t\t<div class=\"elementor-row\">\n\t\t\t\t\t<div class=\"has_ae_slider elementor-column elementor-col-50 elementor-top-column elementor-element elementor-element-6f736dd3 ae-bg-gallery-type-default\" data-id=\"6f736dd3\" data-element_type=\"column\">\n\t\t\t<div class=\"elementor-column-wrap elementor-element-populated\">\n\t\t\t\t\t\t\t<div class=\"elementor-widget-wrap\">\n\t\t\t\t\t\t<div class=\"elementor-element elementor-element-4ee6bda5 elementor-widget elementor-widget-heading\" data-id=\"4ee6bda5\" data-element_type=\"widget\" data-widget_type=\"heading.default\">\n\t\t\t\t<div class=\"elementor-widget-container\">\n\t\t\t<h1 class=\"elementor-heading-title elementor-size-default\">Aide au logement \u00e9tudiant : CAF APL et ALS<\/h1>\t\t<\/div>\n\t\t\t\t<\/div>\n\t\t\t\t<section class=\"has_ae_slider elementor-section elementor-inner-section elementor-element elementor-element-468a583 elementor-section-full_width elementor-section-height-default elementor-section-height-default ae-bg-gallery-type-default\" data-id=\"468a583\" data-element_type=\"section\">\n\t\t\t\t\t\t<div class=\"elementor-container elementor-column-gap-default\">\n\t\t\t\t\t\t\t<div class=\"elementor-row\">\n\t\t\t\t\t<div class=\"has_ae_slider elementor-column elementor-col-100 elementor-inner-column elementor-element elementor-element-f1d6d0e ae-bg-gallery-type-default\" data-id=\"f1d6d0e\" data-element_type=\"column\">\n\t\t\t<div class=\"elementor-column-wrap elementor-element-populated\">\n\t\t\t\t\t\t\t<div class=\"elementor-widget-wrap\">\n\t\t\t\t\t\t<div class=\"elementor-element elementor-element-2f0c103a elementor-widget elementor-widget-heading\" data-id=\"2f0c103a\" data-element_type=\"widget\" data-widget_type=\"heading.default\">\n\t\t\t\t<div class=\"elementor-widget-container\">\n\t\t\t<p class=\"elementor-heading-title elementor-size-default\">Toutes les infos sur les aides au logement pour les \u00e9tudiants<\/p>\t\t<\/div>\n\t\t\t\t<\/div>\n\t\t\t\t\t\t<\/div>\n\t\t\t\t\t<\/div>\n\t\t<\/div>\n\t\t\t\t\t\t\t\t<\/div>\n\t\t\t\t\t<\/div>\n\t\t<\/section>\n\t\t\t\t\t\t<\/div>\n\t\t\t\t\t<\/div>\n\t\t<\/div>\n\t\t\t\t<div class=\"has_ae_slider elementor-column elementor-col-50 elementor-top-column elementor-element elementor-element-0fc78b7 ae-bg-gallery-type-default\" data-id=\"0fc78b7\" data-element_type=\"column\">\n\t\t\t<div class=\"elementor-column-wrap elementor-element-populated\">\n\t\t\t\t\t\t\t<div class=\"elementor-widget-wrap\">\n\t\t\t\t\t\t<section class=\"has_ae_slider elementor-section elementor-inner-section elementor-element elementor-element-0648989 elementor-section-boxed elementor-section-height-default elementor-section-height-default ae-bg-gallery-type-default\" data-id=\"0648989\" data-element_type=\"section\">\n\t\t\t\t\t\t<div class=\"elementor-container elementor-column-gap-default\">\n\t\t\t\t\t\t\t<div class=\"elementor-row\">\n\t\t\t\t\t<div class=\"has_ae_slider elementor-column elementor-col-100 elementor-inner-column elementor-element elementor-element-9051db3 ae-bg-gallery-type-default\" data-id=\"9051db3\" data-element_type=\"column\">\n\t\t\t<div class=\"elementor-column-wrap elementor-element-populated\">\n\t\t\t\t\t\t\t<div class=\"elementor-widget-wrap\">\n\t\t\t\t\t\t<div class=\"elementor-element elementor-element-9cab921 elementor-widget elementor-widget-text-editor\" data-id=\"9cab921\" data-element_type=\"widget\" data-widget_type=\"text-editor.default\">\n\t\t\t\t<div class=\"elementor-widget-container\">\n\t\t\t\t\t\t\t\t<div class=\"elementor-text-editor elementor-clearfix\">\n\t\t\t\t<p><strong>En partenariat avec :<\/strong><\/p>\t\t\t\t\t<\/div>\n\t\t\t\t\t\t<\/div>\n\t\t\t\t<\/div>\n\t\t\t\t\t\t<\/div>\n\t\t\t\t\t<\/div>\n\t\t<\/div>\n\t\t\t\t\t\t\t\t<\/div>\n\t\t\t\t\t<\/div>\n\t\t<\/section>\n\t\t\t\t<div class=\"elementor-element elementor-element-491cb48 elementor-widget elementor-widget-image\" data-id=\"491cb48\" data-element_type=\"widget\" data-widget_type=\"image.default\">\n\t\t\t\t<div class=\"elementor-widget-container\">\n\t\t\t\t\t\t\t\t<div class=\"elementor-image\">\n\t\t\t\t\t\t\t\t\t\t\t\t<img width=\"1024\" height=\"219\" src=\"https:\/\/groupe-reussite.fr\/ressources\/wp-content\/uploads\/2021\/06\/Wordmark-Fondation_d_entreprise_Deloitte-2020-1024x219.png\" class=\"attachment-large size-large wp-image-115808\" alt=\"Fondation Deloitte\" loading=\"lazy\" srcset=\"https:\/\/groupe-reussite.fr\/ressources\/wp-content\/uploads\/2021\/06\/Wordmark-Fondation_d_entreprise_Deloitte-2020-1024x219.png 1024w, https:\/\/groupe-reussite.fr\/ressources\/wp-content\/uploads\/2021\/06\/Wordmark-Fondation_d_entreprise_Deloitte-2020-300x64.png 300w, https:\/\/groupe-reussite.fr\/ressources\/wp-content\/uploads\/2021\/06\/Wordmark-Fondation_d_entreprise_Deloitte-2020-768x164.png 768w, https:\/\/groupe-reussite.fr\/ressources\/wp-content\/uploads\/2021\/06\/Wordmark-Fondation_d_entreprise_Deloitte-2020-1536x329.png 1536w, https:\/\/groupe-reussite.fr\/ressources\/wp-content\/uploads\/2021\/06\/Wordmark-Fondation_d_entreprise_Deloitte-2020.png 2048w\" sizes=\"(max-width: 1024px) 100vw, 1024px\" \/>\t\t\t\t\t\t\t\t\t\t\t\t\t\t<\/div>\n\t\t\t\t\t\t<\/div>\n\t\t\t\t<\/div>\n\t\t\t\t\t\t<\/div>\n\t\t\t\t\t<\/div>\n\t\t<\/div>\n\t\t\t\t\t\t\t\t<\/div>\n\t\t\t\t\t<\/div>\n\t\t<\/section>\n\t\t\t\t<section class=\"has_ae_slider elementor-section elementor-top-section elementor-element elementor-element-2dc0211a elementor-section-full_width sticky_page elementor-section-height-default elementor-section-height-default ae-bg-gallery-type-default\" data-id=\"2dc0211a\" data-element_type=\"section\">\n\t\t\t\t\t\t<div class=\"elementor-container elementor-column-gap-no\">\n\t\t\t\t\t\t\t<div class=\"elementor-row\">\n\t\t\t\t\t<div class=\"has_ae_slider elementor-column elementor-col-50 elementor-top-column elementor-element elementor-element-4356b703 ae-bg-gallery-type-default\" data-id=\"4356b703\" data-element_type=\"column\">\n\t\t\t<div class=\"elementor-column-wrap elementor-element-populated\">\n\t\t\t\t\t\t\t<div class=\"elementor-widget-wrap\">\n\t\t\t\t\t\t<section class=\"has_ae_slider elementor-section elementor-inner-section elementor-element elementor-element-5de8b9e elementor-section-content-middle full_width elementor-section-boxed elementor-section-height-default elementor-section-height-default ae-bg-gallery-type-default\" data-id=\"5de8b9e\" data-element_type=\"section\" data-settings=\"{&quot;background_background&quot;:&quot;classic&quot;}\">\n\t\t\t\t\t\t<div class=\"elementor-container elementor-column-gap-no\">\n\t\t\t\t\t\t\t<div class=\"elementor-row\">\n\t\t\t\t\t<div class=\"has_ae_slider elementor-column elementor-col-100 elementor-inner-column elementor-element elementor-element-adc354e ae-bg-gallery-type-default\" data-id=\"adc354e\" data-element_type=\"column\">\n\t\t\t<div class=\"elementor-column-wrap elementor-element-populated\">\n\t\t\t\t\t\t\t<div class=\"elementor-widget-wrap\">\n\t\t\t\t\t\t<div class=\"elementor-element elementor-element-975eefe elementor-widget elementor-widget-heading\" data-id=\"975eefe\" data-element_type=\"widget\" data-widget_type=\"heading.default\">\n\t\t\t\t<div class=\"elementor-widget-container\">\n\t\t\t<h2 class=\"elementor-heading-title elementor-size-default\">Quelles sont les aides de la CAF pour le logement des \u00e9tudiants ?<\/h2>\t\t<\/div>\n\t\t\t\t<\/div>\n\t\t\t\t<div class=\"elementor-element elementor-element-f1979b5 elementor-widget elementor-widget-text-editor\" data-id=\"f1979b5\" data-element_type=\"widget\" data-widget_type=\"text-editor.default\">\n\t\t\t\t<div class=\"elementor-widget-container\">\n\t\t\t\t\t\t\t\t<div class=\"elementor-text-editor elementor-clearfix\">\n\t\t\t\t<p>La CAF (Caisse d\u2019Allocations Familiales) est un organisme d\u00e9partemental versant des <strong>aides financi\u00e8res<\/strong> aux personnes et familles selon certaines conditions d\u00e9finies par la loi. Les \u00e9tudiants sont \u00e9galement concern\u00e9s par les aides vers\u00e9es par la CAF, pour autant les \u00e9tudiants ne sont pas le seul public \u00e9ligible aux APL (voir crit\u00e8res ci-dessous).<\/p><p>En ce qui concerne les <a href=\"https:\/\/groupe-reussite.fr\/ressources\/financement-etudes-aides-logement\/\">aides au logement pour les \u00e9tudiants<\/a>, il en existe trois qui sont vers\u00e9es par la CAF :<\/p><ol><li>Les <strong>APL<\/strong> : Aide personnalis\u00e9e au logement, pour toute personne (seule ou en couple), remplissant les conditions d\u00e9finies par la CAF.<\/li><li>Les <strong>ALS<\/strong> : Allocation de logement sociale, pour les personnes ne remplissant pas les conditions pour les APL.<\/li><li>Les <strong>ALF<\/strong> : Allocation de logement familiale, pour les personnes seules ou en couples ayant un ou plusieurs enfants \u00e0 charge.<\/li><\/ol><div>Par ailleurs, si vous rencontrez des difficult\u00e9s durant vos \u00e9tudes, Groupe R\u00e9ussite vous propose des <a href=\"https:\/\/groupe-reussite.fr\/cours-particuliers\/toutes-matieres\/tous-niveaux\/france\/\">cours particuliers \u00e0 domicile<\/a>, pour tous les niveaux et toutes les mati\u00e8res possibles. Vous pouvez recherche le professeur qui vous convient sur notre moteur de recherche.\u00a0<\/div>\t\t\t\t\t<\/div>\n\t\t\t\t\t\t<\/div>\n\t\t\t\t<\/div>\n\t\t\t\t\t\t<\/div>\n\t\t\t\t\t<\/div>\n\t\t<\/div>\n\t\t\t\t\t\t\t\t<\/div>\n\t\t\t\t\t<\/div>\n\t\t<\/section>\n\t\t\t\t<section class=\"has_ae_slider elementor-section elementor-inner-section elementor-element elementor-element-acdd41f elementor-section-content-middle full_width elementor-section-boxed elementor-section-height-default elementor-section-height-default ae-bg-gallery-type-default\" data-id=\"acdd41f\" data-element_type=\"section\" data-settings=\"{&quot;background_background&quot;:&quot;classic&quot;}\">\n\t\t\t\t\t\t<div class=\"elementor-container elementor-column-gap-no\">\n\t\t\t\t\t\t\t<div class=\"elementor-row\">\n\t\t\t\t\t<div class=\"has_ae_slider elementor-column elementor-col-100 elementor-inner-column elementor-element elementor-element-320a55e ae-bg-gallery-type-default\" data-id=\"320a55e\" data-element_type=\"column\">\n\t\t\t<div class=\"elementor-column-wrap elementor-element-populated\">\n\t\t\t\t\t\t\t<div class=\"elementor-widget-wrap\">\n\t\t\t\t\t\t<div class=\"elementor-element elementor-element-b926425 elementor-widget elementor-widget-heading\" data-id=\"b926425\" data-element_type=\"widget\" data-widget_type=\"heading.default\">\n\t\t\t\t<div class=\"elementor-widget-container\">\n\t\t\t<h2 class=\"elementor-heading-title elementor-size-default\">Conditions d\u2019attribution d'aides de la CAF pour les \u00e9tudiants<\/h2>\t\t<\/div>\n\t\t\t\t<\/div>\n\t\t\t\t<div class=\"elementor-element elementor-element-bfddf91 elementor-widget elementor-widget-text-editor\" data-id=\"bfddf91\" data-element_type=\"widget\" data-widget_type=\"text-editor.default\">\n\t\t\t\t<div class=\"elementor-widget-container\">\n\t\t\t\t\t\t\t\t<div class=\"elementor-text-editor elementor-clearfix\">\n\t\t\t\t<p>La CAF exige que 4 grandes conditions soient remplies pour acc\u00e9der aux aides au logement. Pour b\u00e9n\u00e9ficier d\u2019une <a href=\"https:\/\/money.wizbii.com\/aide\/aide-au-logement\" target=\"_blank\" rel=\"noopener\">aide au logement<\/a>, les \u00e9tudiants doivent remplir plusieurs crit\u00e8res d\u00e9finis par la CAF :<\/p><ol><li>L\u2019\u00e9tudiant doit avoir une <strong>charge de logement<\/strong> (location d\u2019un logement sous bail). Le logement ne doit pas appartenir \u00e0 un membre de la famille de l\u2019\u00e9tudiant (parents, grands-parents, enfants\u2026). Il est \u00e9galement possible de recevoir les APL ou ALS si vous habitez dans un foyer, une r\u00e9sidence universitaire ou un h\u00f4tel par exemple. Dans le cas d\u2019une location, faites attention \u00e0 ce que le bail soit \u00e0 votre nom pour pouvoir effectuer une demande d\u2019aide au logement.<\/li><li>Ensuite, le logement lou\u00e9 doit \u00eatre votre <strong>r\u00e9sidence principale<\/strong>.<\/li><li>Il existe un <strong>plafond de ressources<\/strong> que l\u2019\u00e9tudiant ne doit pas d\u00e9passer. Ce plafond est de 4 900 euros pour les \u00e9tudiants boursiers et 6 000 euros pour les non-boursiers. Ainsi les \u00e9tudiants boursiers peuvent b\u00e9n\u00e9ficier de l\u2019APL.<\/li><li>Des conditions li\u00e9es au logement sont par ailleurs \u00e0 respecter. Le logement doit \u00eatre <strong>conventionn\u00e9<\/strong> et la superficie du logement doit \u00eatre au minimum \u00e9gale \u00e0 : 9 m2 pour une personne vivant seule 16 m2 pour deux personnes 70 m2 pour huit personnes ou plus<\/li><\/ol>\t\t\t\t\t<\/div>\n\t\t\t\t\t\t<\/div>\n\t\t\t\t<\/div>\n\t\t\t\t\t\t<\/div>\n\t\t\t\t\t<\/div>\n\t\t<\/div>\n\t\t\t\t\t\t\t\t<\/div>\n\t\t\t\t\t<\/div>\n\t\t<\/section>\n\t\t\t\t<section class=\"has_ae_slider elementor-section elementor-inner-section elementor-element elementor-element-d7a3591 elementor-section-full_width elementor-section-height-default elementor-section-height-default ae-bg-gallery-type-default\" data-id=\"d7a3591\" data-element_type=\"section\" data-settings=\"{&quot;background_background&quot;:&quot;classic&quot;}\">\n\t\t\t\t\t\t<div class=\"elementor-container elementor-column-gap-default\">\n\t\t\t\t\t\t\t<div class=\"elementor-row\">\n\t\t\t\t\t<div class=\"has_ae_slider elementor-column elementor-col-100 elementor-inner-column elementor-element elementor-element-4b75fe2 ae-bg-gallery-type-default\" data-id=\"4b75fe2\" data-element_type=\"column\">\n\t\t\t<div class=\"elementor-column-wrap elementor-element-populated\">\n\t\t\t\t\t\t\t<div class=\"elementor-widget-wrap\">\n\t\t\t\t\t\t<div class=\"elementor-element elementor-element-ad91e86 elementor-widget elementor-widget-spacer\" data-id=\"ad91e86\" data-element_type=\"widget\" data-widget_type=\"spacer.default\">\n\t\t\t\t<div class=\"elementor-widget-container\">\n\t\t\t\t\t<div class=\"elementor-spacer\">\n\t\t\t<div class=\"elementor-spacer-inner\"><\/div>\n\t\t<\/div>\n\t\t\t\t<\/div>\n\t\t\t\t<\/div>\n\t\t\t\t\t\t<\/div>\n\t\t\t\t\t<\/div>\n\t\t<\/div>\n\t\t\t\t\t\t\t\t<\/div>\n\t\t\t\t\t<\/div>\n\t\t<\/section>\n\t\t\t\t<section class=\"has_ae_slider elementor-section elementor-inner-section elementor-element elementor-element-2dfb664 elementor-section-content-middle full_width elementor-section-boxed elementor-section-height-default elementor-section-height-default ae-bg-gallery-type-default\" data-id=\"2dfb664\" data-element_type=\"section\" data-settings=\"{&quot;background_background&quot;:&quot;classic&quot;}\">\n\t\t\t\t\t\t<div class=\"elementor-container elementor-column-gap-no\">\n\t\t\t\t\t\t\t<div class=\"elementor-row\">\n\t\t\t\t\t<div class=\"has_ae_slider elementor-column elementor-col-100 elementor-inner-column elementor-element elementor-element-7e7c17d ae-bg-gallery-type-default\" data-id=\"7e7c17d\" data-element_type=\"column\">\n\t\t\t<div class=\"elementor-column-wrap elementor-element-populated\">\n\t\t\t\t\t\t\t<div class=\"elementor-widget-wrap\">\n\t\t\t\t\t\t<div class=\"elementor-element elementor-element-c74445e elementor-widget elementor-widget-heading\" data-id=\"c74445e\" data-element_type=\"widget\" data-widget_type=\"heading.default\">\n\t\t\t\t<div class=\"elementor-widget-container\">\n\t\t\t<h2 class=\"elementor-heading-title elementor-size-default\">\u00c9tudiants \u00e9trangers : quelles aides au logement par la CAF ?<\/h2>\t\t<\/div>\n\t\t\t\t<\/div>\n\t\t\t\t<div class=\"elementor-element elementor-element-2f02473 elementor-widget elementor-widget-text-editor\" data-id=\"2f02473\" data-element_type=\"widget\" data-widget_type=\"text-editor.default\">\n\t\t\t\t<div class=\"elementor-widget-container\">\n\t\t\t\t\t\t\t\t<div class=\"elementor-text-editor elementor-clearfix\">\n\t\t\t\t<p>Les \u00e9tudiants \u00e9trangers ont \u00e9galement la possibilit\u00e9 de b\u00e9n\u00e9ficier de l\u2019<strong>aide au logement de la CAF<\/strong>. Vous devez ouvrir un compte bancaire en France, et fournir votre relev\u00e9 d\u2019identit\u00e9 bancaire (Bic-IBAN). Les \u00e9tudiants \u00e9trangers <strong>hors UE<\/strong> doivent fournir :<\/p><ul><li>un justificatif d\u2019identit\u00e9 (carte nationale d&rsquo;identit\u00e9, passeport, permis de conduire)<\/li><li>un justificatif de s\u00e9jour<\/li><li>et une copie int\u00e9grale de votre acte de naissance<\/li><\/ul><p>Les \u00e9tudiants \u00e9trangers venant d\u2019un <strong>pays de l\u2019UE<\/strong> doivent fournir :<\/p><ul><li>un justificatif d&rsquo;identit\u00e9<\/li><li>un justificatif de couverture maladie<\/li><li>et un justificatif de scolarit\u00e9 en France (certificat de scolarit\u00e9)<\/li><\/ul><p>En plus de ces documents, la CAF exige les \u00e9l\u00e9ments suivants pour la demande d\u2019aide au logement :<\/p><ul><li>Le contrat de location ou contrat de r\u00e9sidence (Crous ou autre) \u00e0 votre nom<\/li><li>Les montants de vos revenus des 2 derni\u00e8res ann\u00e9es<\/li><li>Le num\u00e9ro de Siret de votre bailleur si vous ne vivez pas en r\u00e9sidence Crous et si le bailleur est une soci\u00e9t\u00e9.<\/li><\/ul><p>Comme pour les \u00e9tudiants fran\u00e7ais, les \u00e9tudiants \u00e9trangers doivent effectuer leur <strong>demande d\u2019APL en ligne<\/strong> sur le site de la CAF. En cas de probl\u00e8me, vous pouvez vous rendre \u00e0 la CAF r\u00e9gionale de votre ville pour recevoir une assistance.<\/p>\t\t\t\t\t<\/div>\n\t\t\t\t\t\t<\/div>\n\t\t\t\t<\/div>\n\t\t\t\t\t\t<\/div>\n\t\t\t\t\t<\/div>\n\t\t<\/div>\n\t\t\t\t\t\t\t\t<\/div>\n\t\t\t\t\t<\/div>\n\t\t<\/section>\n\t\t\t\t<section class=\"has_ae_slider elementor-section elementor-inner-section elementor-element elementor-element-759b386 elementor-section-content-middle full_width elementor-section-boxed elementor-section-height-default elementor-section-height-default ae-bg-gallery-type-default\" data-id=\"759b386\" data-element_type=\"section\" data-settings=\"{&quot;background_background&quot;:&quot;classic&quot;}\">\n\t\t\t\t\t\t<div class=\"elementor-container elementor-column-gap-no\">\n\t\t\t\t\t\t\t<div class=\"elementor-row\">\n\t\t\t\t\t<div class=\"has_ae_slider elementor-column elementor-col-100 elementor-inner-column elementor-element elementor-element-89c07c8 ae-bg-gallery-type-default\" data-id=\"89c07c8\" data-element_type=\"column\">\n\t\t\t<div class=\"elementor-column-wrap elementor-element-populated\">\n\t\t\t\t\t\t\t<div class=\"elementor-widget-wrap\">\n\t\t\t\t\t\t<div class=\"elementor-element elementor-element-f959cc0 elementor-widget elementor-widget-heading\" data-id=\"f959cc0\" data-element_type=\"widget\" data-widget_type=\"heading.default\">\n\t\t\t\t<div class=\"elementor-widget-container\">\n\t\t\t<h2 class=\"elementor-heading-title elementor-size-default\">\u00c9tudiants salari\u00e9s CAF : peuvent-ils b\u00e9n\u00e9ficier de l\u2019aide au logement ?<\/h2>\t\t<\/div>\n\t\t\t\t<\/div>\n\t\t\t\t<div class=\"elementor-element elementor-element-5883da5 elementor-widget elementor-widget-text-editor\" data-id=\"5883da5\" data-element_type=\"widget\" data-widget_type=\"text-editor.default\">\n\t\t\t\t<div class=\"elementor-widget-container\">\n\t\t\t\t\t\t\t\t<div class=\"elementor-text-editor elementor-clearfix\">\n\t\t\t\t<p>Il n\u2019existe aucune condition emp\u00eachant les <strong>\u00e9tudiants salari\u00e9s<\/strong> de b\u00e9n\u00e9ficier des aides au logement vers\u00e9es par la CAF. Vous pouvez donc effectuer une <strong>demande d\u2019APL ou d\u2019ALS<\/strong> en tant qu\u2019\u00e9tudiant salari\u00e9 et cumuler l\u2019aide au logement avec votre salaire. La CAF a d\u00e9termin\u00e9 un plafond de ressources \u00e0 ne pas d\u00e9passer pour avoir droit aux aides au logement (voir plus haut). Tant que vous ne d\u00e9passez pas ce plafond, vous pourrez b\u00e9n\u00e9ficier de l\u2019APL.<\/p>\t\t\t\t\t<\/div>\n\t\t\t\t\t\t<\/div>\n\t\t\t\t<\/div>\n\t\t\t\t\t\t<\/div>\n\t\t\t\t\t<\/div>\n\t\t<\/div>\n\t\t\t\t\t\t\t\t<\/div>\n\t\t\t\t\t<\/div>\n\t\t<\/section>\n\t\t\t\t<section class=\"has_ae_slider elementor-section elementor-inner-section elementor-element elementor-element-552e44e elementor-section-content-middle full_width elementor-section-boxed elementor-section-height-default elementor-section-height-default ae-bg-gallery-type-default\" data-id=\"552e44e\" data-element_type=\"section\" data-settings=\"{&quot;background_background&quot;:&quot;classic&quot;}\">\n\t\t\t\t\t\t<div class=\"elementor-container elementor-column-gap-no\">\n\t\t\t\t\t\t\t<div class=\"elementor-row\">\n\t\t\t\t\t<div class=\"has_ae_slider elementor-column elementor-col-100 elementor-inner-column elementor-element elementor-element-b9e58bc ae-bg-gallery-type-default\" data-id=\"b9e58bc\" data-element_type=\"column\">\n\t\t\t<div class=\"elementor-column-wrap elementor-element-populated\">\n\t\t\t\t\t\t\t<div class=\"elementor-widget-wrap\">\n\t\t\t\t\t\t<div class=\"elementor-element elementor-element-a68d389 elementor-widget elementor-widget-heading\" data-id=\"a68d389\" data-element_type=\"widget\" data-widget_type=\"heading.default\">\n\t\t\t\t<div class=\"elementor-widget-container\">\n\t\t\t<h2 class=\"elementor-heading-title elementor-size-default\">Demande d\u2019aide au logement (APL et ALS) aupr\u00e8s de la CAF<\/h2>\t\t<\/div>\n\t\t\t\t<\/div>\n\t\t\t\t<div class=\"elementor-element elementor-element-f8f97dc elementor-widget elementor-widget-text-editor\" data-id=\"f8f97dc\" data-element_type=\"widget\" data-widget_type=\"text-editor.default\">\n\t\t\t\t<div class=\"elementor-widget-container\">\n\t\t\t\t\t\t\t\t<div class=\"elementor-text-editor elementor-clearfix\">\n\t\t\t\t<p>La demande d\u2019aide au logement se fait sur le <strong>site internet de la CAF<\/strong>. Vous devez cr\u00e9er un compte CAF en fournissant vos informations personnelles (nom, pr\u00e9nom, lieu et date de naissance, num\u00e9ro de s\u00e9curit\u00e9 sociale, lieu de r\u00e9sidence). Puis faire la demande d\u2019APL ou d\u2019ALS en ligne en indiquant les informations suivantes :<\/p><ul><li>Contrat de location<\/li><li>Montant du loyer<\/li><li>RIB<\/li><li>Num\u00e9ro de s\u00e9curit\u00e9 sociale<\/li><li>Num\u00e9ro d&rsquo;allocataire de vos parents s\u2019ils sont allocataires<\/li><li>Coordonn\u00e9es du bailleur (personne, agence, entit\u00e9 publique\u2026)<\/li><\/ul>\t\t\t\t\t<\/div>\n\t\t\t\t\t\t<\/div>\n\t\t\t\t<\/div>\n\t\t\t\t\t\t<\/div>\n\t\t\t\t\t<\/div>\n\t\t<\/div>\n\t\t\t\t\t\t\t\t<\/div>\n\t\t\t\t\t<\/div>\n\t\t<\/section>\n\t\t\t\t<section class=\"has_ae_slider elementor-section elementor-inner-section elementor-element elementor-element-012c907 elementor-section-content-middle full_width elementor-section-boxed elementor-section-height-default elementor-section-height-default ae-bg-gallery-type-default\" data-id=\"012c907\" data-element_type=\"section\" data-settings=\"{&quot;background_background&quot;:&quot;classic&quot;}\">\n\t\t\t\t\t\t<div class=\"elementor-container elementor-column-gap-no\">\n\t\t\t\t\t\t\t<div class=\"elementor-row\">\n\t\t\t\t\t<div class=\"has_ae_slider elementor-column elementor-col-100 elementor-inner-column elementor-element elementor-element-fa63580 ae-bg-gallery-type-default\" data-id=\"fa63580\" data-element_type=\"column\">\n\t\t\t<div class=\"elementor-column-wrap elementor-element-populated\">\n\t\t\t\t\t\t\t<div class=\"elementor-widget-wrap\">\n\t\t\t\t\t\t<div class=\"elementor-element elementor-element-76b17d1 elementor-widget elementor-widget-heading\" data-id=\"76b17d1\" data-element_type=\"widget\" data-widget_type=\"heading.default\">\n\t\t\t\t<div class=\"elementor-widget-container\">\n\t\t\t<h2 class=\"elementor-heading-title elementor-size-default\">Quel est le montant de l\u2019APL \u00e9tudiant ?<\/h2>\t\t<\/div>\n\t\t\t\t<\/div>\n\t\t\t\t<div class=\"elementor-element elementor-element-c031089 elementor-widget elementor-widget-text-editor\" data-id=\"c031089\" data-element_type=\"widget\" data-widget_type=\"text-editor.default\">\n\t\t\t\t<div class=\"elementor-widget-container\">\n\t\t\t\t\t\t\t\t<div class=\"elementor-text-editor elementor-clearfix\">\n\t\t\t\t<p>Les \u00e9l\u00e9ments pris en compte par la CAF pour calculer le montant des allocations \u00e9tudiants sont :<\/p><ul><li>la nature du logement : r\u00e9sidence priv\u00e9e, r\u00e9sidence universitaire, propri\u00e9t\u00e9 priv\u00e9e, meubl\u00e9 ou non meubl\u00e9<\/li><li>l\u2019emplacement g\u00e9ographique du logement<\/li><li>les ressources du locataire (l\u2019\u00e9tudiant) : bourse, revenus professionnels, patrimoine<\/li><li>les ressources des douze derniers mois pour les \u00e9tudiants de plus de 28 ans en contrat d\u2019apprentissage ou de professionnalisation<\/li><\/ul><p>Toutes ces informations permettent \u00e0 la CAF de d\u00e9terminer le <strong>forfait du locataire<\/strong> (plafond de ressources minimal). Sachant que ce plafond est de 4 900 euros pour les \u00e9tudiants boursiers et de 6 000 euros pour les \u00e9tudiants non boursiers.<\/p><p>Le montant de l&rsquo;aide au logement \u00e9tudiant varie ainsi selon chaque personne. Vous pouvez faire une simulation sur le site de la CAF pour avoir une id\u00e9e du montant qui vous sera vers\u00e9. En moyenne, l\u2019APL \u00e9tudiant s\u2019\u00e9l\u00e8ve \u00e0 un montant de 100 \u00e0 150 euros par mois. Ce montant varie selon les crit\u00e8res cit\u00e9s pr\u00e9c\u00e9demment concernant l\u2019\u00e9tudiant (boursier ou non, salari\u00e9 ou non, s\u2019il vit seul ou en colocation, etc.).<\/p><p>Voici les <strong>montants de l\u2019APL<\/strong> selon les zones g\u00e9ographiques d\u00e9termin\u00e9es par la CAF (selon l\u2019article 7 de l\u2019arr\u00eat\u00e9 du 27 septembre 2019 relatif au calcul des aides personnelles au logement) :<\/p><p>\n<table id=\"tablepress-880\" class=\"tablepress tablepress-id-880 tablepress-responsive\">\n<thead>\n<tr class=\"row-1 odd\">\n\t<th class=\"column-1\"><\/th><th class=\"column-2\">Zone 1 (Paris, \u00cele-de-France)<\/th><th class=\"column-3\">Zone 2 (villes de plus de 100 000 habitants)<\/th><th class=\"column-4\">Zone 3 (le reste)<\/th>\n<\/tr>\n<\/thead>\n<tbody class=\"row-hover\">\n<tr class=\"row-2 even\">\n\t<td class=\"column-1\">Personne seule<\/td><td class=\"column-2\">296,82 \u20ac<\/td><td class=\"column-3\">258,59 \u20ac<\/td><td class=\"column-4\">242,46 \u20ac<\/td>\n<\/tr>\n<tr class=\"row-3 odd\">\n\t<td class=\"column-1\">Couple<\/td><td class=\"column-2\">357,99 \u20ac<\/td><td class=\"column-3\">316,64 \u20ac<\/td><td class=\"column-4\">293,92 \u20ac<\/td>\n<\/tr>\n<tr class=\"row-4 even\">\n\t<td class=\"column-1\">Couple avec personne \u00e0 charge<\/td><td class=\"column-2\">404,60 \u20ac<\/td><td class=\"column-3\">356,30 \u20ac<\/td><td class=\"column-4\">329,56 \u20ac<\/td>\n<\/tr>\n<tr class=\"row-5 odd\">\n\t<td class=\"column-1\">Personnes suppl\u00e9mentaires<\/td><td class=\"column-2\">+ 58,70 \u20ac<\/td><td class=\"column-3\">+ 51,86 \u20ac<\/td><td class=\"column-4\">+ 47,23 \u20ac<\/td>\n<\/tr>\n<\/tbody>\n<\/table>\n<!-- #tablepress-880 from cache --><\/p><p>Ces montants sont les sommes maximales auxquelles une personne peut pr\u00e9tendre en APL selon sa situation g\u00e9ographique et personnelle.<\/p>\t\t\t\t\t<\/div>\n\t\t\t\t\t\t<\/div>\n\t\t\t\t<\/div>\n\t\t\t\t\t\t<\/div>\n\t\t\t\t\t<\/div>\n\t\t<\/div>\n\t\t\t\t\t\t\t\t<\/div>\n\t\t\t\t\t<\/div>\n\t\t<\/section>\n\t\t\t\t<section class=\"has_ae_slider elementor-section elementor-inner-section elementor-element elementor-element-6bb0327 elementor-section-content-middle full_width elementor-section-boxed elementor-section-height-default elementor-section-height-default ae-bg-gallery-type-default\" data-id=\"6bb0327\" data-element_type=\"section\" data-settings=\"{&quot;background_background&quot;:&quot;classic&quot;}\">\n\t\t\t\t\t\t<div class=\"elementor-container elementor-column-gap-no\">\n\t\t\t\t\t\t\t<div class=\"elementor-row\">\n\t\t\t\t\t<div class=\"has_ae_slider elementor-column elementor-col-100 elementor-inner-column elementor-element elementor-element-466d2fc ae-bg-gallery-type-default\" data-id=\"466d2fc\" data-element_type=\"column\">\n\t\t\t<div class=\"elementor-column-wrap elementor-element-populated\">\n\t\t\t\t\t\t\t<div class=\"elementor-widget-wrap\">\n\t\t\t\t\t\t<div class=\"elementor-element elementor-element-5b9b8e3 elementor-widget elementor-widget-heading\" data-id=\"5b9b8e3\" data-element_type=\"widget\" data-widget_type=\"heading.default\">\n\t\t\t\t<div class=\"elementor-widget-container\">\n\t\t\t<h2 class=\"elementor-heading-title elementor-size-default\">Quel est le montant de l\u2019ALS \u00e9tudiant ?<\/h2>\t\t<\/div>\n\t\t\t\t<\/div>\n\t\t\t\t<div class=\"elementor-element elementor-element-621646f elementor-widget elementor-widget-text-editor\" data-id=\"621646f\" data-element_type=\"widget\" data-widget_type=\"text-editor.default\">\n\t\t\t\t<div class=\"elementor-widget-container\">\n\t\t\t\t\t\t\t\t<div class=\"elementor-text-editor elementor-clearfix\">\n\t\t\t\t<p>Les <strong>montants de l\u2019ALS<\/strong> sont calcul\u00e9s sur le m\u00eame mod\u00e8le que l\u2019APL :<\/p><p>\n<table id=\"tablepress-881\" class=\"tablepress tablepress-id-881 tablepress-responsive\">\n<thead>\n<tr class=\"row-1 odd\">\n\t<th class=\"column-1\"><\/th><th class=\"column-2\">Zone 1<\/th><th class=\"column-3\">Zone 2<\/th><th class=\"column-4\">Zone 3<\/th>\n<\/tr>\n<\/thead>\n<tbody class=\"row-hover\">\n<tr class=\"row-2 even\">\n\t<td class=\"column-1\">Personne seule<\/td><td class=\"column-2\">298,07 \u20ac<\/td><td class=\"column-3\">259,78 \u20ac<\/td><td class=\"column-4\">243,48 \u20ac<\/td>\n<\/tr>\n<tr class=\"row-3 odd\">\n\t<td class=\"column-1\">Couple<\/td><td class=\"column-2\">359,49 \u20ac<\/td><td class=\"column-3\">317,97 \u20ac<\/td><td class=\"column-4\">295,15 \u20ac<\/td>\n<\/tr>\n<tr class=\"row-4 even\">\n\t<td class=\"column-1\">Avec 1 personne \u00e0 charge<\/td><td class=\"column-2\">406,30 \u20ac<\/td><td class=\"column-3\">357,80 \u20ac<\/td><td class=\"column-4\">330,94 \u20ac<\/td>\n<\/tr>\n<tr class=\"row-5 odd\">\n\t<td class=\"column-1\">Avec 2 personne \u00e0 charge<\/td><td class=\"column-2\">465,25 \u20ac<\/td><td class=\"column-3\">409,88 \u20ac<\/td><td class=\"column-4\">378,37 \u20ac<\/td>\n<\/tr>\n<tr class=\"row-6 even\">\n\t<td class=\"column-1\">Avec 3 personne \u00e0 charge<\/td><td class=\"column-2\">524,20 \u20ac<\/td><td class=\"column-3\">461,96 \u20ac<\/td><td class=\"column-4\">425,80 \u20ac<\/td>\n<\/tr>\n<\/tbody>\n<\/table>\n<!-- #tablepress-881 from cache --><\/p><p>Pour les personnes vivant en colocation, les ressources personnelles de chacune des personnes sont prises en compte pour le calcul de l\u2019ALS.<\/p>\t\t\t\t\t<\/div>\n\t\t\t\t\t\t<\/div>\n\t\t\t\t<\/div>\n\t\t\t\t\t\t<\/div>\n\t\t\t\t\t<\/div>\n\t\t<\/div>\n\t\t\t\t\t\t\t\t<\/div>\n\t\t\t\t\t<\/div>\n\t\t<\/section>\n\t\t\t\t<section class=\"has_ae_slider elementor-section elementor-inner-section elementor-element elementor-element-71d86a7 elementor-section-content-middle full_width elementor-section-boxed elementor-section-height-default elementor-section-height-default ae-bg-gallery-type-default\" data-id=\"71d86a7\" data-element_type=\"section\" data-settings=\"{&quot;background_background&quot;:&quot;classic&quot;}\">\n\t\t\t\t\t\t<div class=\"elementor-container elementor-column-gap-no\">\n\t\t\t\t\t\t\t<div class=\"elementor-row\">\n\t\t\t\t\t<div class=\"has_ae_slider elementor-column elementor-col-100 elementor-inner-column elementor-element elementor-element-27a13bc ae-bg-gallery-type-default\" data-id=\"27a13bc\" data-element_type=\"column\">\n\t\t\t<div class=\"elementor-column-wrap elementor-element-populated\">\n\t\t\t\t\t\t\t<div class=\"elementor-widget-wrap\">\n\t\t\t\t\t\t<div class=\"elementor-element elementor-element-08657cb elementor-widget elementor-widget-heading\" data-id=\"08657cb\" data-element_type=\"widget\" data-widget_type=\"heading.default\">\n\t\t\t\t<div class=\"elementor-widget-container\">\n\t\t\t<h2 class=\"elementor-heading-title elementor-size-default\">Comment et quand est vers\u00e9e l\u2019APL ?<\/h2>\t\t<\/div>\n\t\t\t\t<\/div>\n\t\t\t\t<div class=\"elementor-element elementor-element-b38d993 elementor-widget elementor-widget-text-editor\" data-id=\"b38d993\" data-element_type=\"widget\" data-widget_type=\"text-editor.default\">\n\t\t\t\t<div class=\"elementor-widget-container\">\n\t\t\t\t\t\t\t\t<div class=\"elementor-text-editor elementor-clearfix\">\n\t\t\t\t<p>L\u2019APL est vers\u00e9e d\u00e8s le mois suivant la demande effectu\u00e9e en ligne entre le 5 et le 10 de chaque mois. Il faut compter au total deux mois \u00e0 partir de votre demande pour que le versement soit fait. Pour une demande effectu\u00e9e en ao\u00fbt, l\u2019APL sera prise en compte \u00e0 partir du mois de septembre et le versement sera effectu\u00e9 en octobre. Ainsi, il est important de faire votre demande d\u00e8s votre entr\u00e9e dans le logement. Le premier mois de location n\u2019est donc pas couvert par l\u2019APL (l\u2019allocation n\u2019est pas r\u00e9trograde).<\/p><p>La <strong>CAF verse l\u2019APL directement au b\u00e9n\u00e9ficiaire (l\u2019\u00e9tudiant)<\/strong> ou au propri\u00e9taire s\u2019il s\u2019agit d\u2019une institution sociale (HLM, Crous). L\u2019ALS et l\u2019ALF sont directement vers\u00e9s aux b\u00e9n\u00e9ficiaires mais peuvent \u00e9galement \u00eatre vers\u00e9es au propri\u00e9taire sur demande. Le montant des APL est directement d\u00e9duit du montant total de votre loyer. Vous devrez alors payer uniquement le montant restant \u00e0 votre propri\u00e9taire.<\/p>\t\t\t\t\t<\/div>\n\t\t\t\t\t\t<\/div>\n\t\t\t\t<\/div>\n\t\t\t\t\t\t<\/div>\n\t\t\t\t\t<\/div>\n\t\t<\/div>\n\t\t\t\t\t\t\t\t<\/div>\n\t\t\t\t\t<\/div>\n\t\t<\/section>\n\t\t\t\t<section class=\"has_ae_slider elementor-section elementor-inner-section elementor-element elementor-element-0d2431f elementor-section-content-middle full_width elementor-section-boxed elementor-section-height-default elementor-section-height-default ae-bg-gallery-type-default\" data-id=\"0d2431f\" data-element_type=\"section\" data-settings=\"{&quot;background_background&quot;:&quot;classic&quot;}\">\n\t\t\t\t\t\t<div class=\"elementor-container elementor-column-gap-no\">\n\t\t\t\t\t\t\t<div class=\"elementor-row\">\n\t\t\t\t\t<div class=\"has_ae_slider elementor-column elementor-col-100 elementor-inner-column elementor-element elementor-element-d306f4f ae-bg-gallery-type-default\" data-id=\"d306f4f\" data-element_type=\"column\">\n\t\t\t<div class=\"elementor-column-wrap elementor-element-populated\">\n\t\t\t\t\t\t\t<div class=\"elementor-widget-wrap\">\n\t\t\t\t\t\t<div class=\"elementor-element elementor-element-7493ef4 elementor-widget elementor-widget-text-editor\" data-id=\"7493ef4\" data-element_type=\"widget\" data-widget_type=\"text-editor.default\">\n\t\t\t\t<div class=\"elementor-widget-container\">\n\t\t\t\t\t\t\t\t<div class=\"elementor-text-editor elementor-clearfix\">\n\t\t\t\t<p>\t\t<section class=\"sc_fs_faq sc_card \">\n\t\t\t<div>\n\t\t\t\t<h3>Quelle est la diff\u00e9rence entre APL et ALS ?<\/h3>\t\t\t\t<div>\n\t\t\t\t\t\t\t\t\t\t<p>\n\t\t\t\t\t\tL\u2019APL est une aide au logement \u00e0 destination de personnes percevant des revenus moindres et remplissant les autres conditions pr\u00e9cit\u00e9es. L\u2019ALS est vers\u00e9e aux personnes ne remplissant pas les conditions pour b\u00e9n\u00e9ficier de l\u2019APL afin de leur permettre de recevoir une aide minime dans le paiement de leur loyer.\t\t\t\t\t<\/p>\n\t\t\t\t<\/div>\n\t\t\t<\/div>\n\t\t<\/section>\n\t\t\t\t<section class=\"sc_fs_faq sc_card \">\n\t\t\t<div>\n\t\t\t\t<h3>Qui peut b\u00e9n\u00e9ficier de l\u2019APL \u00e9tudiant ?&#039;<\/h3>\t\t\t\t<div>\n\t\t\t\t\t\t\t\t\t\t<p>\n\t\t\t\t\t\tTout \u00e9tudiant ayant lou\u00e9 un logement peut b\u00e9n\u00e9ficier de l\u2019APL sous conditions de remplir les exigences d\u00e9termin\u00e9es par la CAF.\t\t\t\t\t<\/p>\n\t\t\t\t<\/div>\n\t\t\t<\/div>\n\t\t<\/section>\n\t\t\t\t<section class=\"sc_fs_faq sc_card \">\n\t\t\t<div>\n\t\t\t\t<h3>Quelles sont les conditions d\u2019\u00e2ge pour toucher les APL ?<\/h3>\t\t\t\t<div>\n\t\t\t\t\t\t\t\t\t\t<p>\n\t\t\t\t\t\tIl n\u2019y a aucune condition d\u2019\u00e2ge pour b\u00e9n\u00e9ficier de l\u2019aide au logement personnalis\u00e9. Que vous soyez mineur (moins de 18 ans) ou \u00e0 la fin de votre vingtaine, l\u2019APL \u00e9tudiant peut vous \u00eatre vers\u00e9e tant que vous remplissez les conditions d\u00e9finies par la CAF.\t\t\t\t\t<\/p>\n\t\t\t\t<\/div>\n\t\t\t<\/div>\n\t\t<\/section>\n\t\t\t\t<section class=\"sc_fs_faq sc_card \">\n\t\t\t<div>\n\t\t\t\t<h3>Faut-il d\u00e9clarer un job d&#039;\u00e9t\u00e9 \u00e0 la caf ?<\/h3>\t\t\t\t<div>\n\t\t\t\t\t\t\t\t\t\t<p>\n\t\t\t\t\t\tIl est n\u00e9cessaire de d\u00e9clarer tout changement de situation \u00e0 la CAF lorsque vous \u00eates b\u00e9n\u00e9ficiaire d\u2019une aide au logement :<\/p><ul><li>situation familiale (mariage, divorce, concubinage\u2026),<\/li><li>situation professionnelle (job \u00e9tudiant, job d\u2019\u00e9t\u00e9, int\u00e9rim, contrat d\u2019apprentissage\u2026),<\/li><li>d\u00e9claration d\u2019une grossesse\/naissance,<\/li><li>coordonn\u00e9es personnelles (adresse, bancaires,etc.).\t\t\t\t\t<\/p>\n\t\t\t\t<\/div>\n\t\t\t<\/div>\n\t\t<\/section>\n\t\t\n<script type=\"application\/ld+json\">\n\t{\n\t\t\"@context\": \"https:\/\/schema.org\",\n\t\t\"@type\": \"FAQPage\",\n\t\t\"mainEntity\": [\n\t\t\t\t\t{\n\t\t\t\t\"@type\": \"Question\",\n\t\t\t\t\"name\": \"Quelle est la diff\u00e9rence entre APL et ALS ?\",\n\t\t\t\t\"acceptedAnswer\": {\n\t\t\t\t\t\"@type\": \"Answer\",\n\t\t\t\t\t\"text\": \"L\u2019APL est une aide au logement \u00e0 destination de personnes percevant des revenus moindres et remplissant les autres conditions pr\u00e9cit\u00e9es. L\u2019ALS est vers\u00e9e aux personnes ne remplissant pas les conditions pour b\u00e9n\u00e9ficier de l\u2019APL afin de leur permettre de recevoir une aide minime dans le paiement de leur loyer.\"\n\t\t\t\t\t\t\t\t\t}\n\t\t\t}\n\t\t\t,\t\t\t\t{\n\t\t\t\t\"@type\": \"Question\",\n\t\t\t\t\"name\": \"Qui peut b\u00e9n\u00e9ficier de l\u2019APL \u00e9tudiant ?'\",\n\t\t\t\t\"acceptedAnswer\": {\n\t\t\t\t\t\"@type\": \"Answer\",\n\t\t\t\t\t\"text\": \"Tout \u00e9tudiant ayant lou\u00e9 un logement peut b\u00e9n\u00e9ficier de l\u2019APL sous conditions de remplir les exigences d\u00e9termin\u00e9es par la CAF.\"\n\t\t\t\t\t\t\t\t\t}\n\t\t\t}\n\t\t\t,\t\t\t\t{\n\t\t\t\t\"@type\": \"Question\",\n\t\t\t\t\"name\": \"Quelles sont les conditions d\u2019\u00e2ge pour toucher les APL ?\",\n\t\t\t\t\"acceptedAnswer\": {\n\t\t\t\t\t\"@type\": \"Answer\",\n\t\t\t\t\t\"text\": \"Il n\u2019y a aucune condition d\u2019\u00e2ge pour b\u00e9n\u00e9ficier de l\u2019aide au logement personnalis\u00e9. Que vous soyez mineur (moins de 18 ans) ou \u00e0 la fin de votre vingtaine, l\u2019APL \u00e9tudiant peut vous \u00eatre vers\u00e9e tant que vous remplissez les conditions d\u00e9finies par la CAF.\"\n\t\t\t\t\t\t\t\t\t}\n\t\t\t}\n\t\t\t,\t\t\t\t{\n\t\t\t\t\"@type\": \"Question\",\n\t\t\t\t\"name\": \"Faut-il d\u00e9clarer un job d'\u00e9t\u00e9 \u00e0 la caf ?\",\n\t\t\t\t\"acceptedAnswer\": {\n\t\t\t\t\t\"@type\": \"Answer\",\n\t\t\t\t\t\"text\": \"Il est n\u00e9cessaire de d\u00e9clarer tout changement de situation \u00e0 la CAF lorsque vous \u00eates b\u00e9n\u00e9ficiaire d\u2019une aide au logement :<\/p><ul><li>situation familiale (mariage, divorce, concubinage\u2026),<\/li><li>situation professionnelle (job \u00e9tudiant, job d\u2019\u00e9t\u00e9, int\u00e9rim, contrat d\u2019apprentissage\u2026),<\/li><li>d\u00e9claration d\u2019une grossesse\/naissance,<\/li><li>coordonn\u00e9es personnelles (adresse, bancaires,etc.).\"\n\t\t\t\t\t\t\t\t\t}\n\t\t\t}\n\t\t\t\t\t\t]\n\t}\n<\/script>\n<\/li><\/ul><p>Lire \u00e9galement nos autres articles sur les aides au logement pour \u00e9tudiants :\u00a0<\/p><ul><li><a href=\"https:\/\/groupe-reussite.fr\/ressources\/financement-etudes-logement-crous\/\">Logement Crous<\/a><\/li><li><a href=\"https:\/\/groupe-reussite.fr\/ressources\/financement-etudes-logement-aide-mobili-jeune\/\">Aide Mobili Jeune<\/a><\/li><li><a href=\"https:\/\/groupe-reussite.fr\/ressources\/financement-etudes-avance-loca-pass\/\">Avance Loca-Pass<\/a><\/li><li><a href=\"https:\/\/groupe-reussite.fr\/ressources\/financement-etudes-decoration-chambre-etudiant\/\">Id\u00e9es de d\u00e9coration de chambre d&rsquo;\u00e9tudiant<\/a><\/li><li><a href=\"https:\/\/groupe-reussite.fr\/ressources\/financement-etudes-garantie-visale\/\">Garantie Visale<\/a><\/li><li><a href=\"https:\/\/groupe-reussite.fr\/ressources\/financement-etudes-fonds-solidarite-logement\/\">Fonds de solidarit\u00e9 pour le logement<\/a><\/li><\/ul>\t\t\t\t\t<\/div>\n\t\t\t\t\t\t<\/div>\n\t\t\t\t<\/div>\n\t\t\t\t\t\t<\/div>\n\t\t\t\t\t<\/div>\n\t\t<\/div>\n\t\t\t\t\t\t\t\t<\/div>\n\t\t\t\t\t<\/div>\n\t\t<\/section>\n\t\t\t\t<section class=\"has_ae_slider elementor-section elementor-inner-section elementor-element elementor-element-ecb37df elementor-section-content-middle full_width elementor-section-boxed elementor-section-height-default elementor-section-height-default ae-bg-gallery-type-default\" data-id=\"ecb37df\" data-element_type=\"section\" data-settings=\"{&quot;background_background&quot;:&quot;classic&quot;}\">\n\t\t\t\t\t\t<div class=\"elementor-container elementor-column-gap-no\">\n\t\t\t\t\t\t\t<div class=\"elementor-row\">\n\t\t\t\t\t<div class=\"has_ae_slider elementor-column elementor-col-100 elementor-inner-column elementor-element elementor-element-8f3f0d7 ae-bg-gallery-type-default\" data-id=\"8f3f0d7\" data-element_type=\"column\">\n\t\t\t<div class=\"elementor-column-wrap elementor-element-populated\">\n\t\t\t\t\t\t\t<div class=\"elementor-widget-wrap\">\n\t\t\t\t\t\t<div class=\"elementor-element elementor-element-6d6bf82 elementor-widget elementor-widget-text-editor\" data-id=\"6d6bf82\" data-element_type=\"widget\" data-widget_type=\"text-editor.default\">\n\t\t\t\t<div class=\"elementor-widget-container\">\n\t\t\t\t\t\t\t\t<div class=\"elementor-text-editor elementor-clearfix\">\n\t\t\t\t\t\t\t\t\t<\/div>\n\t\t\t\t\t\t<\/div>\n\t\t\t\t<\/div>\n\t\t\t\t\t\t<\/div>\n\t\t\t\t\t<\/div>\n\t\t<\/div>\n\t\t\t\t\t\t\t\t<\/div>\n\t\t\t\t\t<\/div>\n\t\t<\/section>\n\t\t\t\t<div class=\"elementor-element elementor-element-01a85a8 elementor-widget elementor-widget-spacer\" data-id=\"01a85a8\" data-element_type=\"widget\" data-widget_type=\"spacer.default\">\n\t\t\t\t<div class=\"elementor-widget-container\">\n\t\t\t\t\t<div class=\"elementor-spacer\">\n\t\t\t<div class=\"elementor-spacer-inner\"><\/div>\n\t\t<\/div>\n\t\t\t\t<\/div>\n\t\t\t\t<\/div>\n\t\t\t\t<div class=\"elementor-element elementor-element-611aa82 elementor-widget elementor-widget-spacer\" data-id=\"611aa82\" data-element_type=\"widget\" data-widget_type=\"spacer.default\">\n\t\t\t\t<div class=\"elementor-widget-container\">\n\t\t\t\t\t<div class=\"elementor-spacer\">\n\t\t\t<div class=\"elementor-spacer-inner\"><\/div>\n\t\t<\/div>\n\t\t\t\t<\/div>\n\t\t\t\t<\/div>\n\t\t\t\t\t\t<\/div>\n\t\t\t\t\t<\/div>\n\t\t<\/div>\n\t\t\t\t<div class=\"has_ae_slider elementor-column elementor-col-50 elementor-top-column elementor-element elementor-element-1204212 ae-bg-gallery-type-default\" data-id=\"1204212\" data-element_type=\"column\" data-settings=\"{&quot;background_background&quot;:&quot;classic&quot;}\">\n\t\t\t<div class=\"elementor-column-wrap elementor-element-populated\">\n\t\t\t\t\t\t\t<div class=\"elementor-widget-wrap\">\n\t\t\t\t\t\t<div class=\"elementor-element elementor-element-7356d4f elementor-widget elementor-widget-heading\" data-id=\"7356d4f\" data-element_type=\"widget\" data-widget_type=\"heading.default\">\n\t\t\t\t<div class=\"elementor-widget-container\">\n\t\t\t<h3 class=\"elementor-heading-title elementor-size-default\">D'autres aides au logement \u00e9tudiant<\/h3>\t\t<\/div>\n\t\t\t\t<\/div>\n\t\t\t\t<div class=\"elementor-element elementor-element-121dfde elementor-cta--layout-image-above elementor-cta--valign-top elementor-cta--skin-classic elementor-animated-content elementor-bg-transform elementor-bg-transform-zoom-in elementor-widget elementor-widget-call-to-action\" data-id=\"121dfde\" data-element_type=\"widget\" data-widget_type=\"call-to-action.default\">\n\t\t\t\t<div class=\"elementor-widget-container\">\n\t\t\t\t\t<a class=\"elementor-cta\" href=\"https:\/\/groupe-reussite.fr\/ressources\/financement-etudes-logement-crous\/\">\n\t\t\t\t\t\t\t<div class=\"elementor-cta__content\">\n\t\t\t\t\t\t\t\t\t<div class=\"elementor-content-item elementor-cta__content-item elementor-icon-wrapper elementor-cta__icon elementor-view-default\">\n\t\t\t\t\t\t<div class=\"elementor-icon\">\n\t\t\t\t\t\t\t<i aria-hidden=\"true\" class=\"fas fa-bed\"><\/i>\t\t\t\t\t\t<\/div>\n\t\t\t\t\t<\/div>\n\t\t\t\t\n\t\t\t\t<div class=\"elementor-cta__title elementor-cta__content-item elementor-content-item\">Logement Crous<\/div>\n\t\t\t\t\n\t\t\t\t\t\t\t\t\t<div class=\"elementor-cta__button-wrapper elementor-cta__content-item elementor-content-item \">\n\t\t\t\t\t<span class=\"elementor-cta__button elementor-button elementor-size-sm\">\n\t\t\t\t\t\tD\u00e9couvrir \t\t\t\t\t<\/span>\n\t\t\t\t\t<\/div>\n\t\t\t\t\t\t\t<\/div>\n\t\t\t\t\t\t<\/a>\n\t\t\t\t<\/div>\n\t\t\t\t<\/div>\n\t\t\t\t<div class=\"elementor-element elementor-element-203a4da elementor-cta--layout-image-above elementor-cta--valign-top elementor-cta--skin-classic elementor-animated-content elementor-bg-transform elementor-bg-transform-zoom-in elementor-widget elementor-widget-call-to-action\" data-id=\"203a4da\" data-element_type=\"widget\" data-widget_type=\"call-to-action.default\">\n\t\t\t\t<div class=\"elementor-widget-container\">\n\t\t\t\t\t<a class=\"elementor-cta\" href=\"https:\/\/groupe-reussite.fr\/ressources\/financement-etudes-logement-aide-mobili-jeune\/\">\n\t\t\t\t\t\t\t<div class=\"elementor-cta__content\">\n\t\t\t\t\t\t\t\t\t<div class=\"elementor-content-item elementor-cta__content-item elementor-icon-wrapper elementor-cta__icon elementor-view-default\">\n\t\t\t\t\t\t<div class=\"elementor-icon\">\n\t\t\t\t\t\t\t<i aria-hidden=\"true\" class=\"far fa-money-bill-alt\"><\/i>\t\t\t\t\t\t<\/div>\n\t\t\t\t\t<\/div>\n\t\t\t\t\n\t\t\t\t<div class=\"elementor-cta__title elementor-cta__content-item elementor-content-item\">Aide Mobili Jeune<\/div>\n\t\t\t\t\n\t\t\t\t\t\t\t\t\t<div class=\"elementor-cta__button-wrapper elementor-cta__content-item elementor-content-item \">\n\t\t\t\t\t<span class=\"elementor-cta__button elementor-button elementor-size-sm\">\n\t\t\t\t\t\tD\u00e9couvrir \t\t\t\t\t<\/span>\n\t\t\t\t\t<\/div>\n\t\t\t\t\t\t\t<\/div>\n\t\t\t\t\t\t<\/a>\n\t\t\t\t<\/div>\n\t\t\t\t<\/div>\n\t\t\t\t<div class=\"elementor-element elementor-element-73c14a3 elementor-cta--layout-image-above elementor-cta--valign-top elementor-cta--skin-classic elementor-animated-content elementor-bg-transform elementor-bg-transform-zoom-in elementor-widget elementor-widget-call-to-action\" data-id=\"73c14a3\" data-element_type=\"widget\" data-widget_type=\"call-to-action.default\">\n\t\t\t\t<div class=\"elementor-widget-container\">\n\t\t\t\t\t<a class=\"elementor-cta\" href=\"https:\/\/groupe-reussite.fr\/ressources\/financement-etudes-avance-loca-pass\/\">\n\t\t\t\t\t\t\t<div class=\"elementor-cta__content\">\n\t\t\t\t\t\t\t\t\t<div class=\"elementor-content-item elementor-cta__content-item elementor-icon-wrapper elementor-cta__icon elementor-view-default\">\n\t\t\t\t\t\t<div class=\"elementor-icon\">\n\t\t\t\t\t\t\t<i aria-hidden=\"true\" class=\"fas fa-coins\"><\/i>\t\t\t\t\t\t<\/div>\n\t\t\t\t\t<\/div>\n\t\t\t\t\n\t\t\t\t<div class=\"elementor-cta__title elementor-cta__content-item elementor-content-item\">Avance Loca-Pass<\/div>\n\t\t\t\t\n\t\t\t\t\t\t\t\t\t<div class=\"elementor-cta__button-wrapper elementor-cta__content-item elementor-content-item \">\n\t\t\t\t\t<span class=\"elementor-cta__button elementor-button elementor-size-sm\">\n\t\t\t\t\t\tD\u00e9couvrir\t\t\t\t\t<\/span>\n\t\t\t\t\t<\/div>\n\t\t\t\t\t\t\t<\/div>\n\t\t\t\t\t\t<\/a>\n\t\t\t\t<\/div>\n\t\t\t\t<\/div>\n\t\t\t\t<div class=\"elementor-element elementor-element-12ab18e elementor-cta--layout-image-above elementor-cta--valign-top elementor-cta--skin-classic elementor-animated-content elementor-bg-transform elementor-bg-transform-zoom-in elementor-widget elementor-widget-call-to-action\" data-id=\"12ab18e\" data-element_type=\"widget\" data-widget_type=\"call-to-action.default\">\n\t\t\t\t<div class=\"elementor-widget-container\">\n\t\t\t\t\t<a class=\"elementor-cta\" href=\"https:\/\/groupe-reussite.fr\/ressources\/financement-etudes-garantie-visale\/\">\n\t\t\t\t\t\t\t<div class=\"elementor-cta__content\">\n\t\t\t\t\t\t\t\t\t<div class=\"elementor-content-item elementor-cta__content-item elementor-icon-wrapper elementor-cta__icon elementor-view-default\">\n\t\t\t\t\t\t<div class=\"elementor-icon\">\n\t\t\t\t\t\t\t<i aria-hidden=\"true\" class=\"fas fa-check\"><\/i>\t\t\t\t\t\t<\/div>\n\t\t\t\t\t<\/div>\n\t\t\t\t\n\t\t\t\t<div class=\"elementor-cta__title elementor-cta__content-item elementor-content-item\">Garantie Visale<\/div>\n\t\t\t\t\n\t\t\t\t\t\t\t\t\t<div class=\"elementor-cta__button-wrapper elementor-cta__content-item elementor-content-item \">\n\t\t\t\t\t<span class=\"elementor-cta__button elementor-button elementor-size-sm\">\n\t\t\t\t\t\tD\u00e9couvrir \t\t\t\t\t<\/span>\n\t\t\t\t\t<\/div>\n\t\t\t\t\t\t\t<\/div>\n\t\t\t\t\t\t<\/a>\n\t\t\t\t<\/div>\n\t\t\t\t<\/div>\n\t\t\t\t<div class=\"elementor-element elementor-element-6d3865a elementor-cta--layout-image-above elementor-cta--valign-top elementor-cta--skin-classic elementor-animated-content elementor-bg-transform elementor-bg-transform-zoom-in elementor-widget elementor-widget-call-to-action\" data-id=\"6d3865a\" data-element_type=\"widget\" data-widget_type=\"call-to-action.default\">\n\t\t\t\t<div class=\"elementor-widget-container\">\n\t\t\t\t\t<a class=\"elementor-cta\" href=\"https:\/\/groupe-reussite.fr\/ressources\/financement-etudes-fonds-solidarite-logement\/\">\n\t\t\t\t\t\t\t<div class=\"elementor-cta__content\">\n\t\t\t\t\t\t\t\t\t<div class=\"elementor-content-item elementor-cta__content-item elementor-icon-wrapper elementor-cta__icon elementor-view-default\">\n\t\t\t\t\t\t<div class=\"elementor-icon\">\n\t\t\t\t\t\t\t<i aria-hidden=\"true\" class=\"far fa-handshake\"><\/i>\t\t\t\t\t\t<\/div>\n\t\t\t\t\t<\/div>\n\t\t\t\t\n\t\t\t\t<div class=\"elementor-cta__title elementor-cta__content-item elementor-content-item\">Fonds de solidarit\u00e9 pour le logement<\/div>\n\t\t\t\t\n\t\t\t\t\t\t\t\t\t<div class=\"elementor-cta__button-wrapper elementor-cta__content-item elementor-content-item \">\n\t\t\t\t\t<span class=\"elementor-cta__button elementor-button elementor-size-sm\">\n\t\t\t\t\t\tD\u00e9couvrir\t\t\t\t\t<\/span>\n\t\t\t\t\t<\/div>\n\t\t\t\t\t\t\t<\/div>\n\t\t\t\t\t\t<\/a>\n\t\t\t\t<\/div>\n\t\t\t\t<\/div>\n\t\t\t\t\t\t<\/div>\n\t\t\t\t\t<\/div>\n\t\t<\/div>\n\t\t\t\t\t\t\t\t<\/div>\n\t\t\t\t\t<\/div>\n\t\t<\/section>\n\t\t\t\t\t\t\t\t\t<\/div>\n\t\t\t<\/div>\n\t\t\t\t\t<\/div>\n\t\t","protected":false},"excerpt":{"rendered":"<p>Aide au logement \u00e9tudiant : CAF APL et ALS Toutes les infos sur les aides au logement pour les \u00e9tudiants En partenariat avec : Quelles sont les aides de la CAF pour le logement des \u00e9tudiants ? La CAF (Caisse d\u2019Allocations Familiales) est un organisme d\u00e9partemental versant des aides financi\u00e8res aux personnes et familles selon [&hellip;]<\/p>\n","protected":false},"author":81,"featured_media":0,"parent":0,"menu_order":0,"comment_status":"closed","ping_status":"closed","template":"","meta":[],"yoast_head":"<!-- This site is optimized with the Yoast SEO plugin v20.2.1 - https:\/\/yoast.com\/wordpress\/plugins\/seo\/ -->\n<title>Aide au logement CAF etudiant APL et ALS : conditions, montants<\/title>\n<meta name=\"description\" content=\"Tout savoir sur les aides au logement de la CAF pour les \u00e9tudiants : conditions, demande, simulation, montant des APL etudiant et ALS.\" \/>\n<meta name=\"robots\" content=\"index, follow, max-snippet:-1, max-image-preview:large, max-video-preview:-1\" \/>\n<link rel=\"canonical\" href=\"https:\/\/groupe-reussite.fr\/ressources\/financement-etudes-logement-caf-etudiant\/\" \/>\n<meta property=\"og:locale\" content=\"fr_FR\" \/>\n<meta property=\"og:type\" content=\"article\" \/>\n<meta property=\"og:title\" content=\"Aide au logement CAF etudiant APL et ALS : conditions, montants\" \/>\n<meta property=\"og:description\" content=\"Tout savoir sur les aides au logement de la CAF pour les \u00e9tudiants : conditions, demande, simulation, montant des APL etudiant et ALS.\" \/>\n<meta property=\"og:url\" content=\"https:\/\/groupe-reussite.fr\/ressources\/financement-etudes-logement-caf-etudiant\/\" \/>\n<meta property=\"og:site_name\" content=\"Groupe R\u00e9ussite\" \/>\n<meta property=\"article:modified_time\" content=\"2025-03-14T15:41:15+00:00\" \/>\n<meta property=\"og:image\" content=\"https:\/\/groupe-reussite.fr\/ressources\/wp-content\/uploads\/2021\/06\/Wordmark-Fondation_d_entreprise_Deloitte-2020-1024x219.png\" \/>\n<meta name=\"twitter:card\" content=\"summary_large_image\" \/>\n<meta name=\"twitter:label1\" content=\"Dur\u00e9e de lecture estim\u00e9e\" \/>\n\t<meta name=\"twitter:data1\" content=\"10 minutes\" \/>\n<script type=\"application\/ld+json\" class=\"yoast-schema-graph\">{\"@context\":\"https:\/\/schema.org\",\"@graph\":[{\"@type\":\"WebPage\",\"@id\":\"https:\/\/groupe-reussite.fr\/ressources\/financement-etudes-logement-caf-etudiant\/\",\"url\":\"https:\/\/groupe-reussite.fr\/ressources\/financement-etudes-logement-caf-etudiant\/\",\"name\":\"Aide au logement CAF etudiant APL et ALS : conditions, montants\",\"isPartOf\":{\"@id\":\"https:\/\/groupe-reussite.fr\/ressources\/#website\"},\"datePublished\":\"2022-01-12T09:42:13+00:00\",\"dateModified\":\"2025-03-14T15:41:15+00:00\",\"description\":\"Tout savoir sur les aides au logement de la CAF pour les \u00e9tudiants : conditions, demande, simulation, montant des APL etudiant et ALS.\",\"breadcrumb\":{\"@id\":\"https:\/\/groupe-reussite.fr\/ressources\/financement-etudes-logement-caf-etudiant\/#breadcrumb\"},\"inLanguage\":\"fr-FR\",\"potentialAction\":[{\"@type\":\"ReadAction\",\"target\":[\"https:\/\/groupe-reussite.fr\/ressources\/financement-etudes-logement-caf-etudiant\/\"]}]},{\"@type\":\"BreadcrumbList\",\"@id\":\"https:\/\/groupe-reussite.fr\/ressources\/financement-etudes-logement-caf-etudiant\/#breadcrumb\",\"itemListElement\":[{\"@type\":\"ListItem\",\"position\":1,\"name\":\"Accueil\",\"item\":\"https:\/\/groupe-reussite.fr\/ressources\/\"},{\"@type\":\"ListItem\",\"position\":2,\"name\":\"CAF \u00e9tudiant : APL et ALS\"}]},{\"@type\":\"WebSite\",\"@id\":\"https:\/\/groupe-reussite.fr\/ressources\/#website\",\"url\":\"https:\/\/groupe-reussite.fr\/ressources\/\",\"name\":\"Groupe R\u00e9ussite\",\"description\":\"Stage et Cours particuliers maths, fran\u00e7ais, anglais, informatique, physique chimie\",\"publisher\":{\"@id\":\"https:\/\/groupe-reussite.fr\/ressources\/#organization\"},\"potentialAction\":[{\"@type\":\"SearchAction\",\"target\":{\"@type\":\"EntryPoint\",\"urlTemplate\":\"https:\/\/groupe-reussite.fr\/ressources\/?s={search_term_string}\"},\"query-input\":\"required name=search_term_string\"}],\"inLanguage\":\"fr-FR\"},{\"@type\":\"Organization\",\"@id\":\"https:\/\/groupe-reussite.fr\/ressources\/#organization\",\"name\":\"Groupe R\u00e9ussite\",\"url\":\"https:\/\/groupe-reussite.fr\/ressources\/\",\"logo\":{\"@type\":\"ImageObject\",\"inLanguage\":\"fr-FR\",\"@id\":\"https:\/\/groupe-reussite.fr\/ressources\/#\/schema\/logo\/image\/\",\"url\":\"https:\/\/groupe-reussite.fr\/ressources\/wp-content\/uploads\/2022\/05\/cropped-cropped-logo-1-1.png\",\"contentUrl\":\"https:\/\/groupe-reussite.fr\/ressources\/wp-content\/uploads\/2022\/05\/cropped-cropped-logo-1-1.png\",\"width\":273,\"height\":75,\"caption\":\"Groupe R\u00e9ussite\"},\"image\":{\"@id\":\"https:\/\/groupe-reussite.fr\/ressources\/#\/schema\/logo\/image\/\"}}]}<\/script>\n<!-- \/ Yoast SEO plugin. -->","yoast_head_json":{"title":"Aide au logement CAF etudiant APL et ALS : conditions, montants","description":"Tout savoir sur les aides au logement de la CAF pour les \u00e9tudiants : conditions, demande, simulation, montant des APL etudiant et ALS.","robots":{"index":"index","follow":"follow","max-snippet":"max-snippet:-1","max-image-preview":"max-image-preview:large","max-video-preview":"max-video-preview:-1"},"canonical":"https:\/\/groupe-reussite.fr\/ressources\/financement-etudes-logement-caf-etudiant\/","og_locale":"fr_FR","og_type":"article","og_title":"Aide au logement CAF etudiant APL et ALS : conditions, montants","og_description":"Tout savoir sur les aides au logement de la CAF pour les \u00e9tudiants : conditions, demande, simulation, montant des APL etudiant et ALS.","og_url":"https:\/\/groupe-reussite.fr\/ressources\/financement-etudes-logement-caf-etudiant\/","og_site_name":"Groupe R\u00e9ussite","article_modified_time":"2025-03-14T15:41:15+00:00","og_image":[{"url":"https:\/\/groupe-reussite.fr\/ressources\/wp-content\/uploads\/2021\/06\/Wordmark-Fondation_d_entreprise_Deloitte-2020-1024x219.png"}],"twitter_card":"summary_large_image","twitter_misc":{"Dur\u00e9e de lecture estim\u00e9e":"10 minutes"},"schema":{"@context":"https:\/\/schema.org","@graph":[{"@type":"WebPage","@id":"https:\/\/groupe-reussite.fr\/ressources\/financement-etudes-logement-caf-etudiant\/","url":"https:\/\/groupe-reussite.fr\/ressources\/financement-etudes-logement-caf-etudiant\/","name":"Aide au logement CAF etudiant APL et ALS : conditions, montants","isPartOf":{"@id":"https:\/\/groupe-reussite.fr\/ressources\/#website"},"datePublished":"2022-01-12T09:42:13+00:00","dateModified":"2025-03-14T15:41:15+00:00","description":"Tout savoir sur les aides au logement de la CAF pour les \u00e9tudiants : conditions, demande, simulation, montant des APL etudiant et ALS.","breadcrumb":{"@id":"https:\/\/groupe-reussite.fr\/ressources\/financement-etudes-logement-caf-etudiant\/#breadcrumb"},"inLanguage":"fr-FR","potentialAction":[{"@type":"ReadAction","target":["https:\/\/groupe-reussite.fr\/ressources\/financement-etudes-logement-caf-etudiant\/"]}]},{"@type":"BreadcrumbList","@id":"https:\/\/groupe-reussite.fr\/ressources\/financement-etudes-logement-caf-etudiant\/#breadcrumb","itemListElement":[{"@type":"ListItem","position":1,"name":"Accueil","item":"https:\/\/groupe-reussite.fr\/ressources\/"},{"@type":"ListItem","position":2,"name":"CAF \u00e9tudiant : APL et ALS"}]},{"@type":"WebSite","@id":"https:\/\/groupe-reussite.fr\/ressources\/#website","url":"https:\/\/groupe-reussite.fr\/ressources\/","name":"Groupe R\u00e9ussite","description":"Stage et Cours particuliers maths, fran\u00e7ais, anglais, informatique, physique chimie","publisher":{"@id":"https:\/\/groupe-reussite.fr\/ressources\/#organization"},"potentialAction":[{"@type":"SearchAction","target":{"@type":"EntryPoint","urlTemplate":"https:\/\/groupe-reussite.fr\/ressources\/?s={search_term_string}"},"query-input":"required name=search_term_string"}],"inLanguage":"fr-FR"},{"@type":"Organization","@id":"https:\/\/groupe-reussite.fr\/ressources\/#organization","name":"Groupe R\u00e9ussite","url":"https:\/\/groupe-reussite.fr\/ressources\/","logo":{"@type":"ImageObject","inLanguage":"fr-FR","@id":"https:\/\/groupe-reussite.fr\/ressources\/#\/schema\/logo\/image\/","url":"https:\/\/groupe-reussite.fr\/ressources\/wp-content\/uploads\/2022\/05\/cropped-cropped-logo-1-1.png","contentUrl":"https:\/\/groupe-reussite.fr\/ressources\/wp-content\/uploads\/2022\/05\/cropped-cropped-logo-1-1.png","width":273,"height":75,"caption":"Groupe R\u00e9ussite"},"image":{"@id":"https:\/\/groupe-reussite.fr\/ressources\/#\/schema\/logo\/image\/"}}]}},"_links":{"self":[{"href":"https:\/\/groupe-reussite.fr\/ressources\/wp-json\/wp\/v2\/pages\/149933"}],"collection":[{"href":"https:\/\/groupe-reussite.fr\/ressources\/wp-json\/wp\/v2\/pages"}],"about":[{"href":"https:\/\/groupe-reussite.fr\/ressources\/wp-json\/wp\/v2\/types\/page"}],"author":[{"embeddable":true,"href":"https:\/\/groupe-reussite.fr\/ressources\/wp-json\/wp\/v2\/users\/81"}],"replies":[{"embeddable":true,"href":"https:\/\/groupe-reussite.fr\/ressources\/wp-json\/wp\/v2\/comments?post=149933"}],"version-history":[{"count":4,"href":"https:\/\/groupe-reussite.fr\/ressources\/wp-json\/wp\/v2\/pages\/149933\/revisions"}],"predecessor-version":[{"id":224395,"href":"https:\/\/groupe-reussite.fr\/ressources\/wp-json\/wp\/v2\/pages\/149933\/revisions\/224395"}],"wp:attachment":[{"href":"https:\/\/groupe-reussite.fr\/ressources\/wp-json\/wp\/v2\/media?parent=149933"}],"curies":[{"name":"wp","href":"https:\/\/api.w.org\/{rel}","templated":true}]}}