{"id":151200,"date":"2022-02-10T12:46:22","date_gmt":"2022-02-10T11:46:22","guid":{"rendered":"https:\/\/groupe-reussite.fr\/?page_id=151200"},"modified":"2023-10-18T07:56:11","modified_gmt":"2023-10-18T06:56:11","slug":"cp-francais-genres-narratifs","status":"publish","type":"page","link":"https:\/\/groupe-reussite.fr\/ressources\/cp-francais-genres-narratifs\/","title":{"rendered":"Les genres narratifs au bac de fran\u00e7ais"},"content":{"rendered":"\t\t<div data-elementor-type=\"wp-page\" data-elementor-id=\"151200\" class=\"elementor elementor-151200\">\n\t\t\t\t\t\t<div class=\"elementor-inner\">\n\t\t\t\t<div class=\"elementor-section-wrap\">\n\t\t\t\t\t\t\t\n\t\t<script type=\"text\/javascript\">\n\t\t\tjQuery(document).ready(function() {\n\n\t\t\t\tjQuery(\".elementor-element-6fe69c56\").prepend('<div class=\"aepro-section-bs\"><div class=\"aepro-section-bs-inner\"><\/div><\/div>');\n\t\t\t\tvar bgimage = '';\n\t\t\t\tif ('yes' == 'yes') {\n\n\t\t\t\t\t\/\/if(bgimage == ''){\n\t\t\t\t\t\/\/    var bgoverlay = '';\n\t\t\t\t\t\/\/}else{\n\t\t\t\t\tvar bgoverlay = 'https:\/\/groupe-reussite.fr\/ressources\/wp-content\/plugins\/anywhere-elementor-pro\/includes\/assets\/lib\/vegas\/overlays\/00.png';\n\t\t\t\t\t\/\/ }\n\t\t\t\t} else {\n\t\t\t\t\tif ('') {\n\t\t\t\t\t\tvar bgoverlay = 'https:\/\/groupe-reussite.fr\/ressources\/wp-content\/plugins\/anywhere-elementor-pro\/includes\/assets\/lib\/vegas\/overlays\/.png';\n\t\t\t\t\t} else {\n\t\t\t\t\t\tvar bgoverlay = 'https:\/\/groupe-reussite.fr\/ressources\/wp-content\/plugins\/anywhere-elementor-pro\/includes\/assets\/lib\/vegas\/overlays\/00.png';\n\t\t\t\t\t}\n\t\t\t\t}\n\n\n\t\t\t\tjQuery(\".elementor-element-6fe69c56\").children('.aepro-section-bs').children('.aepro-section-bs-inner').vegas({\n\t\t\t\t\tslides: [{\"src\":\"https:\\\/\\\/groupe-reussite.fr\\\/ressources\\\/wp-content\\\/uploads\\\/2017\\\/11\\\/stage-maths-sup-spe-banniere-3.jpg\"}],\n\t\t\t\t\ttransition: 'fade',\n\t\t\t\t\tanimation: 'kenburns',\n\t\t\t\t\toverlay: bgoverlay,\n\t\t\t\t\tcover: true,\n\t\t\t\t\tdelay: 5000,\n\t\t\t\t\ttimer: true\t\t\t\t});\n\t\t\t\tif ('yes' == 'yes') {\n\t\t\t\t\tjQuery(\".elementor-element-6fe69c56\").children('.aepro-section-bs').children('.aepro-section-bs-inner').children('.vegas-overlay').css('background-image', '');\n\t\t\t\t}\n\t\t\t});\n\t\t<\/script>\n\t\t\t\t<section class=\"has_ae_slider elementor-section elementor-top-section elementor-element elementor-element-6fe69c56 elementor-section-stretched elementor-section-boxed elementor-section-height-default elementor-section-height-default ae-bg-gallery-type-default\" data-id=\"6fe69c56\" data-element_type=\"section\" id=\"header_height\" data-settings=\"{&quot;stretch_section&quot;:&quot;section-stretched&quot;,&quot;background_background&quot;:&quot;classic&quot;}\">\n\t\t\t\t\t\t<div class=\"elementor-container elementor-column-gap-default\">\n\t\t\t\t\t\t\t<div class=\"elementor-row\">\n\t\t\t\t\t<div class=\"has_ae_slider elementor-column elementor-col-100 elementor-top-column elementor-element elementor-element-75db7b60 ae-bg-gallery-type-default\" data-id=\"75db7b60\" data-element_type=\"column\">\n\t\t\t<div class=\"elementor-column-wrap elementor-element-populated\">\n\t\t\t\t\t\t\t<div class=\"elementor-widget-wrap\">\n\t\t\t\t\t\t<div class=\"elementor-element elementor-element-711e6392 elementor-widget elementor-widget-heading\" data-id=\"711e6392\" data-element_type=\"widget\" data-widget_type=\"heading.default\">\n\t\t\t\t<div class=\"elementor-widget-container\">\n\t\t\t<h1 class=\"elementor-heading-title elementor-size-default\">Les genres narratifs - fran\u00e7ais 1\u00e8re <\/h1>\t\t<\/div>\n\t\t\t\t<\/div>\n\t\t\t\t<div class=\"elementor-element elementor-element-3a6c4711 elementor-widget elementor-widget-heading\" data-id=\"3a6c4711\" data-element_type=\"widget\" data-widget_type=\"heading.default\">\n\t\t\t\t<div class=\"elementor-widget-container\">\n\t\t\t<h2 class=\"elementor-heading-title elementor-size-default\">Tout savoir sur les genres narratifs au bac de fran\u00e7ais<\/h2>\t\t<\/div>\n\t\t\t\t<\/div>\n\t\t\t\t<div class=\"elementor-element elementor-element-317fa871 elementor-widget elementor-widget-text-editor\" data-id=\"317fa871\" data-element_type=\"widget\" data-widget_type=\"text-editor.default\">\n\t\t\t\t<div class=\"elementor-widget-container\">\n\t\t\t\t\t\t\t\t<div class=\"elementor-text-editor elementor-clearfix\">\n\t\t\t\t<p style=\"text-align: justify\">\t\t<div data-elementor-type=\"section\" data-elementor-id=\"112233\" class=\"elementor elementor-112233\">\n\t\t\t\t\t<div class=\"elementor-section-wrap\">\n\t\t\t\t\t\t\t\t<section class=\"has_ae_slider elementor-section elementor-inner-section elementor-element elementor-element-2753c5f2 elementor-section-content-bottom elementor-section-full_width elementor-section-height-min-height elementor-section-height-default ae-bg-gallery-type-default\" data-id=\"2753c5f2\" data-element_type=\"section\">\n\t\t\t\t\t\t<div class=\"elementor-container elementor-column-gap-default\">\n\t\t\t\t\t\t\t<div class=\"elementor-row\">\n\t\t\t\t\t<div class=\"has_ae_slider elementor-column elementor-col-100 elementor-inner-column elementor-element elementor-element-27ee3c1b ae-bg-gallery-type-default\" data-id=\"27ee3c1b\" data-element_type=\"column\">\n\t\t\t<div class=\"elementor-column-wrap elementor-element-populated\">\n\t\t\t\t\t\t\t<div class=\"elementor-widget-wrap\">\n\t\t\t\t\t\t<div class=\"elementor-element elementor-element-4c70fc7d elementor-align-center elementor-widget elementor-widget-button\" data-id=\"4c70fc7d\" data-element_type=\"widget\" data-widget_type=\"button.default\">\n\t\t\t\t<div class=\"elementor-widget-container\">\n\t\t\t\t\t<div class=\"elementor-button-wrapper\">\n\t\t\t<a href=\"https:\/\/groupe-reussite.fr\/cours-particuliers\/francais\/tous-niveaux\/france\/\" target=\"_blank\" class=\"elementor-button-link elementor-button elementor-size-md elementor-animation-grow\" role=\"button\">\n\t\t\t\t\t\t<span class=\"elementor-button-content-wrapper\">\n\t\t\t\t\t\t\t<span class=\"elementor-button-icon elementor-align-icon-right\">\n\t\t\t\t<i aria-hidden=\"true\" class=\"fas fa-bookmark\"><\/i>\t\t\t<\/span>\n\t\t\t\t\t\t<span class=\"elementor-button-text\">Trouver des professeurs particuliers de fran\u00e7ais<\/span>\n\t\t<\/span>\n\t\t\t\t\t<\/a>\n\t\t<\/div>\n\t\t\t\t<\/div>\n\t\t\t\t<\/div>\n\t\t\t\t\t\t<\/div>\n\t\t\t\t\t<\/div>\n\t\t<\/div>\n\t\t\t\t\t\t\t\t<\/div>\n\t\t\t\t\t<\/div>\n\t\t<\/section>\n\t\t\t\t\t\t\t<\/div>\n\t\t\t\t<\/div>\n\t\t<\/p>\t\t\t\t\t<\/div>\n\t\t\t\t\t\t<\/div>\n\t\t\t\t<\/div>\n\t\t\t\t\t\t<\/div>\n\t\t\t\t\t<\/div>\n\t\t<\/div>\n\t\t\t\t\t\t\t\t<\/div>\n\t\t\t\t\t<\/div>\n\t\t<\/section>\n\t\t\t\t<section class=\"has_ae_slider elementor-section elementor-top-section elementor-element elementor-element-2305ac68 elementor-section-full_width sticky_page elementor-section-height-default elementor-section-height-default ae-bg-gallery-type-default\" data-id=\"2305ac68\" data-element_type=\"section\">\n\t\t\t\t\t\t<div class=\"elementor-container elementor-column-gap-no\">\n\t\t\t\t\t\t\t<div class=\"elementor-row\">\n\t\t\t\t\t<div class=\"has_ae_slider elementor-column elementor-col-33 elementor-top-column elementor-element elementor-element-35198305 col_height ae-bg-gallery-type-default\" data-id=\"35198305\" data-element_type=\"column\" data-settings=\"{&quot;background_background&quot;:&quot;classic&quot;}\">\n\t\t\t<div class=\"elementor-column-wrap elementor-element-populated\">\n\t\t\t\t\t\t\t<div class=\"elementor-widget-wrap\">\n\t\t\t\t\t\t<section class=\"has_ae_slider elementor-section elementor-inner-section elementor-element elementor-element-2197c53 elementor-section-content-middle wrap elementor-section-boxed elementor-section-height-default elementor-section-height-default ae-bg-gallery-type-default\" data-id=\"2197c53\" data-element_type=\"section\" id=\"sticky_sidebar\">\n\t\t\t\t\t\t<div class=\"elementor-container elementor-column-gap-no\">\n\t\t\t\t\t\t\t<div class=\"elementor-row\">\n\t\t\t\t\t<div class=\"has_ae_slider elementor-column elementor-col-50 elementor-inner-column elementor-element elementor-element-6fbd9567 hide_col ae-bg-gallery-type-default\" data-id=\"6fbd9567\" data-element_type=\"column\">\n\t\t\t<div class=\"elementor-column-wrap\">\n\t\t\t\t\t\t\t<div class=\"elementor-widget-wrap\">\n\t\t\t\t\t\t\t\t<\/div>\n\t\t\t\t\t<\/div>\n\t\t<\/div>\n\t\t\t\t<div class=\"has_ae_slider elementor-column elementor-col-50 elementor-inner-column elementor-element elementor-element-6991ab73 strick_col ae-bg-gallery-type-default\" data-id=\"6991ab73\" data-element_type=\"column\" data-settings=\"{&quot;background_background&quot;:&quot;classic&quot;}\">\n\t\t\t<div class=\"elementor-column-wrap elementor-element-populated\">\n\t\t\t\t\t\t\t<div class=\"elementor-widget-wrap\">\n\t\t\t\t\t\t<div class=\"elementor-element elementor-element-5d48515d elementor-widget elementor-widget-image\" data-id=\"5d48515d\" data-element_type=\"widget\" data-widget_type=\"image.default\">\n\t\t\t\t<div class=\"elementor-widget-container\">\n\t\t\t\t\t\t\t\t<div class=\"elementor-image\">\n\t\t\t\t\t\t\t\t\t\t\t\t<img width=\"300\" height=\"210\" src=\"https:\/\/groupe-reussite.fr\/ressources\/wp-content\/uploads\/2020\/03\/cours-particuliers.jpg\" class=\"attachment-large size-large wp-image-44782\" alt=\"cours-particulier-paris\" loading=\"lazy\" \/>\t\t\t\t\t\t\t\t\t\t\t\t\t\t<\/div>\n\t\t\t\t\t\t<\/div>\n\t\t\t\t<\/div>\n\t\t\t\t<div class=\"elementor-element elementor-element-3b7cd6dc elementor-widget elementor-widget-heading\" data-id=\"3b7cd6dc\" data-element_type=\"widget\" id=\"cat_name\" data-widget_type=\"heading.default\">\n\t\t\t\t<div class=\"elementor-widget-container\">\n\t\t\t<h3 class=\"elementor-heading-title elementor-size-default\">cours particuliers<\/h3>\t\t<\/div>\n\t\t\t\t<\/div>\n\t\t\t\t<div class=\"elementor-element elementor-element-1849402b elementor-widget elementor-widget-heading\" data-id=\"1849402b\" data-element_type=\"widget\" data-widget_type=\"heading.default\">\n\t\t\t\t<div class=\"elementor-widget-container\">\n\t\t\t<h4 class=\"elementor-heading-title elementor-size-default\">cours particuliers de fran\u00e7ais<\/h4>\t\t<\/div>\n\t\t\t\t<\/div>\n\t\t\t\t<div class=\"elementor-element elementor-element-242132dc elementor-align-center elementor-widget elementor-widget-button\" data-id=\"242132dc\" data-element_type=\"widget\" data-widget_type=\"button.default\">\n\t\t\t\t<div class=\"elementor-widget-container\">\n\t\t\t\t\t<div class=\"elementor-button-wrapper\">\n\t\t\t<a href=\"https:\/\/groupe-reussite.fr\/cours-particuliers\/francais\/tous-niveaux\/france\/\" target=\"_blank\" class=\"elementor-button-link elementor-button elementor-size-sm\" role=\"button\">\n\t\t\t\t\t\t<span class=\"elementor-button-content-wrapper\">\n\t\t\t\t\t\t<span class=\"elementor-button-text\">R\u00e9server un cours particulier de fran\u00e7ais<\/span>\n\t\t<\/span>\n\t\t\t\t\t<\/a>\n\t\t<\/div>\n\t\t\t\t<\/div>\n\t\t\t\t<\/div>\n\t\t\t\t<div class=\"elementor-element elementor-element-db0b061 elementor-align-justify elementor-widget elementor-widget-button\" data-id=\"db0b061\" data-element_type=\"widget\" data-widget_type=\"button.default\">\n\t\t\t\t<div class=\"elementor-widget-container\">\n\t\t\t\t\t<div class=\"elementor-button-wrapper\">\n\t\t\t<a href=\"https:\/\/groupe-reussite.fr\/nous-contacter\/\" class=\"elementor-button-link elementor-button elementor-size-sm\" role=\"button\">\n\t\t\t\t\t\t<span class=\"elementor-button-content-wrapper\">\n\t\t\t\t\t\t<span class=\"elementor-button-text\">CONTACTEZ  NOUS<\/span>\n\t\t<\/span>\n\t\t\t\t\t<\/a>\n\t\t<\/div>\n\t\t\t\t<\/div>\n\t\t\t\t<\/div>\n\t\t\t\t\t\t<\/div>\n\t\t\t\t\t<\/div>\n\t\t<\/div>\n\t\t\t\t\t\t\t\t<\/div>\n\t\t\t\t\t<\/div>\n\t\t<\/section>\n\t\t\t\t\t\t<\/div>\n\t\t\t\t\t<\/div>\n\t\t<\/div>\n\t\t\t\t<div class=\"has_ae_slider elementor-column elementor-col-66 elementor-top-column elementor-element elementor-element-12987e37 section_width ae-bg-gallery-type-default\" data-id=\"12987e37\" data-element_type=\"column\">\n\t\t\t<div class=\"elementor-column-wrap elementor-element-populated\">\n\t\t\t\t\t\t\t<div class=\"elementor-widget-wrap\">\n\t\t\t\t\t\t<section class=\"has_ae_slider elementor-section elementor-inner-section elementor-element elementor-element-1e473da0 elementor-section-content-middle full_width elementor-section-boxed elementor-section-height-default elementor-section-height-default ae-bg-gallery-type-default\" data-id=\"1e473da0\" data-element_type=\"section\">\n\t\t\t\t\t\t<div class=\"elementor-container elementor-column-gap-no\">\n\t\t\t\t\t\t\t<div class=\"elementor-row\">\n\t\t\t\t\t<div class=\"has_ae_slider elementor-column elementor-col-100 elementor-inner-column elementor-element elementor-element-240e788 ae-bg-gallery-type-default\" data-id=\"240e788\" data-element_type=\"column\">\n\t\t\t<div class=\"elementor-column-wrap elementor-element-populated\">\n\t\t\t\t\t\t\t<div class=\"elementor-widget-wrap\">\n\t\t\t\t\t\t<div class=\"elementor-element elementor-element-47c485af elementor-widget elementor-widget-text-editor\" data-id=\"47c485af\" data-element_type=\"widget\" data-widget_type=\"text-editor.default\">\n\t\t\t\t<div class=\"elementor-widget-container\">\n\t\t\t\t\t\t\t\t<div class=\"elementor-text-editor elementor-clearfix\">\n\t\t\t\t<h2>Le genre narratif<\/h2>\t\t\t\t\t<\/div>\n\t\t\t\t\t\t<\/div>\n\t\t\t\t<\/div>\n\t\t\t\t<div class=\"elementor-element elementor-element-180d4d0 elementor-widget elementor-widget-text-editor\" data-id=\"180d4d0\" data-element_type=\"widget\" data-widget_type=\"text-editor.default\">\n\t\t\t\t<div class=\"elementor-widget-container\">\n\t\t\t\t\t\t\t\t<div class=\"elementor-text-editor elementor-clearfix\">\n\t\t\t\t<p>Un genre narratif consiste \u00e0 <strong>raconter une histoire fictive ou r\u00e9elle<\/strong> par le biais d\u2019un narrateur. Son r\u00e9cit est compos\u00e9 d\u2019une suite d\u2019\u00e9v\u00e9nements constituant un<strong> sch\u00e9ma narratif<\/strong> (incipit \/ \u00e9l\u00e9ment d\u00e9clencheur \/ p\u00e9rip\u00e9ties \/ d\u00e9nouement \/ excipit) et un <strong>sch\u00e9ma actantiel<\/strong> (la qu\u00eate du h\u00e9ros aid\u00e9 par des adjuvants et emp\u00each\u00e9 par des opposants). Outre le r\u00e9cit, le <strong>genre narratif<\/strong> peut int\u00e9grer des moments de discours, de description, de commentaire ou d\u2019expression po\u00e9tique. C\u2019est donc un <strong>genre polymorphe<\/strong> \u00e0 la longueur variable.<\/p><p>Afin de pr\u00e9parer l&rsquo;\u00e9preuve de fran\u00e7ais, vous devez r\u00e9viser le <a href=\"https:\/\/groupe-reussite.fr\/ressources\/cp-tout-savoir-sur-la-poesie-au-bac-de-francais\/\">th\u00e8me de la po\u00e9sie au bac de fran\u00e7ais<\/a>, le th\u00e9\u00e2tre, la <a href=\"https:\/\/groupe-reussite.fr\/ressources\/cp-tout-savoir-sur-la-litterature-didees-au-bac-de-francais\/\">litt\u00e9rature d&rsquo;id\u00e9es au bac de fran\u00e7ais<\/a> ou encore le roman. Pensez \u00e0 consulter notre article sur le <a href=\"https:\/\/groupe-reussite.fr\/ressources\/cp-epreuves-programme-bac-francais\/\">programme du bac de fran\u00e7ais<\/a>, il vous permettra d&rsquo;y voir plus clair sur les notions \u00e0 r\u00e9viser.\u00a0<\/p><p style=\"text-align: justify\">Cependant, si vous recherchez un accompagnement personnalis\u00e9 et une pr\u00e9paration plus approfondie, envisager des <a href=\"https:\/\/groupe-reussite.fr\/cours-particuliers\/francais\/tous-niveaux\/france\/\">cours de fran\u00e7ais<\/a> peut \u00eatre une excellente option. Ces cours sur mesure vous aideront \u00e0 cibler vos points faibles, \u00e0 affiner votre analyse litt\u00e9raire, et \u00e0 perfectionner vos comp\u00e9tences d&rsquo;expression \u00e9crite et orale pour maximiser vos chances de r\u00e9ussite \u00e0 l&rsquo;\u00e9preuve du bac de fran\u00e7ais.<\/p><p>Lire aussi : <a href=\"https:\/\/groupe-reussite.fr\/ressources\/cp-tout-savoir-sur-les-cours-de-francais-au-lycee\/\">cours de fran\u00e7ais au lyc\u00e9e<\/a>\u00a0<\/p><p>\t\t<div data-elementor-type=\"section\" data-elementor-id=\"190585\" class=\"elementor elementor-190585\">\n\t\t\t\t\t<div class=\"elementor-section-wrap\">\n\t\t\t\t\t\t\t\t<section class=\"has_ae_slider elementor-section elementor-inner-section elementor-element elementor-element-2ffb26a8 elementor-section-content-bottom full_width elementor-section-full_width elementor-section-height-min-height elementor-section-height-default ae-bg-gallery-type-default\" data-id=\"2ffb26a8\" data-element_type=\"section\" data-settings=\"{&quot;background_background&quot;:&quot;gradient&quot;}\">\n\t\t\t\t\t\t\t<div class=\"elementor-background-overlay\"><\/div>\n\t\t\t\t\t\t\t<div class=\"elementor-container elementor-column-gap-narrow\">\n\t\t\t\t\t\t\t<div class=\"elementor-row\">\n\t\t\t\t\t<div class=\"has_ae_slider elementor-column elementor-col-50 elementor-inner-column elementor-element elementor-element-2a7fd5cb ae-bg-gallery-type-default\" data-id=\"2a7fd5cb\" data-element_type=\"column\">\n\t\t\t<div class=\"elementor-column-wrap elementor-element-populated\">\n\t\t\t\t\t\t\t<div class=\"elementor-widget-wrap\">\n\t\t\t\t\t\t<div class=\"elementor-element elementor-element-28ebd862 elementor-widget elementor-widget-heading\" data-id=\"28ebd862\" data-element_type=\"widget\" data-widget_type=\"heading.default\">\n\t\t\t\t<div class=\"elementor-widget-container\">\n\t\t\t<h3 class=\"elementor-heading-title elementor-size-default\">SUIVRE DES COURS PARTICULIERS DE FRANCAIS<\/h3>\t\t<\/div>\n\t\t\t\t<\/div>\n\t\t\t\t<div class=\"elementor-element elementor-element-63b8c1d6 elementor-widget elementor-widget-heading\" data-id=\"63b8c1d6\" data-element_type=\"widget\" data-widget_type=\"heading.default\">\n\t\t\t\t<div class=\"elementor-widget-container\">\n\t\t\t<h4 class=\"elementor-heading-title elementor-size-default\">Avoir des bases solides et exceller<\/h4>\t\t<\/div>\n\t\t\t\t<\/div>\n\t\t\t\t<div class=\"elementor-element elementor-element-3dd7b254 elementor-align-left elementor-mobile-align-center elementor-widget elementor-widget-button\" data-id=\"3dd7b254\" data-element_type=\"widget\" data-widget_type=\"button.default\">\n\t\t\t\t<div class=\"elementor-widget-container\">\n\t\t\t\t\t<div class=\"elementor-button-wrapper\">\n\t\t\t<a href=\"https:\/\/groupe-reussite.fr\/cours-particuliers\/francais\/tous-niveaux\/france\/\" target=\"_blank\" class=\"elementor-button-link elementor-button elementor-size-md\" role=\"button\" id=\"CTA_PRD_CP\">\n\t\t\t\t\t\t<span class=\"elementor-button-content-wrapper\">\n\t\t\t\t\t\t<span class=\"elementor-button-text\">Cours de fran\u00e7ais \u00e0 domicile<\/span>\n\t\t<\/span>\n\t\t\t\t\t<\/a>\n\t\t<\/div>\n\t\t\t\t<\/div>\n\t\t\t\t<\/div>\n\t\t\t\t\t\t<\/div>\n\t\t\t\t\t<\/div>\n\t\t<\/div>\n\t\t\t\t<div class=\"has_ae_slider elementor-column elementor-col-50 elementor-inner-column elementor-element elementor-element-737eeb02 ae-bg-gallery-type-default\" data-id=\"737eeb02\" data-element_type=\"column\">\n\t\t\t<div class=\"elementor-column-wrap\">\n\t\t\t\t\t\t\t<div class=\"elementor-widget-wrap\">\n\t\t\t\t\t\t\t\t<\/div>\n\t\t\t\t\t<\/div>\n\t\t<\/div>\n\t\t\t\t\t\t\t\t<\/div>\n\t\t\t\t\t<\/div>\n\t\t<\/section>\n\t\t\t\t\t\t\t<\/div>\n\t\t\t\t<\/div>\n\t\t<\/p>\t\t\t\t\t<\/div>\n\t\t\t\t\t\t<\/div>\n\t\t\t\t<\/div>\n\t\t\t\t<div class=\"elementor-element elementor-element-2b94709 elementor-widget elementor-widget-text-editor\" data-id=\"2b94709\" data-element_type=\"widget\" data-widget_type=\"text-editor.default\">\n\t\t\t\t<div class=\"elementor-widget-container\">\n\t\t\t\t\t\t\t\t<div class=\"elementor-text-editor elementor-clearfix\">\n\t\t\t\t<h2>Le genre du roman<\/h2>\t\t\t\t\t<\/div>\n\t\t\t\t\t\t<\/div>\n\t\t\t\t<\/div>\n\t\t\t\t<div class=\"elementor-element elementor-element-33eaed0 elementor-widget elementor-widget-text-editor\" data-id=\"33eaed0\" data-element_type=\"widget\" data-widget_type=\"text-editor.default\">\n\t\t\t\t<div class=\"elementor-widget-container\">\n\t\t\t\t\t\t\t\t<div class=\"elementor-text-editor elementor-clearfix\">\n\t\t\t\t<p>Le <strong>roman<\/strong> tire son nom de la langue romane dans laquelle il a commenc\u00e9 \u00e0 \u00eatre \u00e9crit au XII\u00e8me si\u00e8cle en opposition au latin. \u00c0 cette \u00e9poque les r\u00e9cits se font en vers et traitent de <strong>sujets \u00e9piques<\/strong> (les exploits guerriers) ou d\u2019<strong>amour courtois<\/strong>. Aujourd\u2019hui, le roman est consid\u00e9r\u00e9 comme un<strong> r\u00e9cit en prose<\/strong>, faisant preuve d\u2019imagination malgr\u00e9 un aspect r\u00e9aliste et vraisemblable. Il a une grande capacit\u00e9 \u00e0 <strong>absorber<\/strong> de nombreux sujets, d\u2019o\u00f9 un nombre \u00e9lev\u00e9 de sous-genres romanesques. En voici une liste non exhaustive :<\/p><p>Lire aussi : le <a href=\"https:\/\/groupe-reussite.fr\/ressources\/cp-tout-savoir-sur-le-roman-au-bac-de-francais\/\">roman au bac de fran\u00e7ais<\/a><\/p>\t\t\t\t\t<\/div>\n\t\t\t\t\t\t<\/div>\n\t\t\t\t<\/div>\n\t\t\t\t<div class=\"elementor-element elementor-element-2f2f5c7 blacktitle elementor-widget elementor-widget-text-editor\" data-id=\"2f2f5c7\" data-element_type=\"widget\" data-widget_type=\"text-editor.default\">\n\t\t\t\t<div class=\"elementor-widget-container\">\n\t\t\t\t\t\t\t\t<div class=\"elementor-text-editor elementor-clearfix\">\n\t\t\t\t<h3>Le roman picaresque<\/h3>\t\t\t\t\t<\/div>\n\t\t\t\t\t\t<\/div>\n\t\t\t\t<\/div>\n\t\t\t\t<div class=\"elementor-element elementor-element-3028b31 elementor-widget elementor-widget-text-editor\" data-id=\"3028b31\" data-element_type=\"widget\" data-widget_type=\"text-editor.default\">\n\t\t\t\t<div class=\"elementor-widget-container\">\n\t\t\t\t\t\t\t\t<div class=\"elementor-text-editor elementor-clearfix\">\n\t\t\t\t<p>Au<strong> XVI\u00e8me si\u00e8cle<\/strong>, en Espagne puis ailleurs en Europe, se d\u00e9veloppe un nouveau genre de roman sous forme <strong>autobiographique et \u00e9pistolaire<\/strong> : le roman picaresque. Son personnage principal, le picaro, est de basse extraction sociale et cherche \u00e0 s\u2019\u00e9lever dans la soci\u00e9t\u00e9 gr\u00e2ce \u00e0 <strong>la ruse ou \u00e0 la fraude<\/strong>. Toutefois, ses mauvais choix de vie le m\u00e8nent \u00e0 la d\u00e9ch\u00e9ance plut\u00f4t qu\u2019\u00e0 la r\u00e9ussite, ce qui fait du <strong>roman picaresque<\/strong> une \u0153uvre moralisatrice, mais aussi une satire de la soci\u00e9t\u00e9.<\/p><p>Exemple : Guzm\u00e1n de Alfarache <em>de Mateo Alem\u00e1n<\/em> (1599)<\/p>\t\t\t\t\t<\/div>\n\t\t\t\t\t\t<\/div>\n\t\t\t\t<\/div>\n\t\t\t\t<div class=\"elementor-element elementor-element-831c019 blacktitle elementor-widget elementor-widget-text-editor\" data-id=\"831c019\" data-element_type=\"widget\" data-widget_type=\"text-editor.default\">\n\t\t\t\t<div class=\"elementor-widget-container\">\n\t\t\t\t\t\t\t\t<div class=\"elementor-text-editor elementor-clearfix\">\n\t\t\t\t<h3>Le roman comique<\/h3>\t\t\t\t\t<\/div>\n\t\t\t\t\t\t<\/div>\n\t\t\t\t<\/div>\n\t\t\t\t<div class=\"elementor-element elementor-element-bb4f7a8 elementor-widget elementor-widget-text-editor\" data-id=\"bb4f7a8\" data-element_type=\"widget\" data-widget_type=\"text-editor.default\">\n\t\t\t\t<div class=\"elementor-widget-container\">\n\t\t\t\t\t\t\t\t<div class=\"elementor-text-editor elementor-clearfix\">\n\t\t\t\t<p>Toujours au XVI\u00e8me si\u00e8cle, certains auteurs d\u00e9cident de <strong>d\u00e9tourner les codes du roman de chevalerie<\/strong> invent\u00e9 au Moyen-\u00e2ge pour en faire une <strong>parodie<\/strong>. Les sujets deviennent alors bas et grossiers.<\/p><p><em>Exemple <\/em>: Gargantua <em>de Rabelais<\/em> <em>(1534)<\/em><\/p>\t\t\t\t\t<\/div>\n\t\t\t\t\t\t<\/div>\n\t\t\t\t<\/div>\n\t\t\t\t<div class=\"elementor-element elementor-element-2b93b1e blacktitle elementor-widget elementor-widget-text-editor\" data-id=\"2b93b1e\" data-element_type=\"widget\" data-widget_type=\"text-editor.default\">\n\t\t\t\t<div class=\"elementor-widget-container\">\n\t\t\t\t\t\t\t\t<div class=\"elementor-text-editor elementor-clearfix\">\n\t\t\t\t<h3>Le roman d\u2019analyse<\/h3>\t\t\t\t\t<\/div>\n\t\t\t\t\t\t<\/div>\n\t\t\t\t<\/div>\n\t\t\t\t<div class=\"elementor-element elementor-element-5767316 elementor-widget elementor-widget-text-editor\" data-id=\"5767316\" data-element_type=\"widget\" data-widget_type=\"text-editor.default\">\n\t\t\t\t<div class=\"elementor-widget-container\">\n\t\t\t\t\t\t\t\t<div class=\"elementor-text-editor elementor-clearfix\">\n\t\t\t\t<p>N\u00e9 au <strong>XVII\u00e8me si\u00e8cle<\/strong>, le roman d\u2019analyse consiste \u00e0<strong> \u00e9tudier et analyser<\/strong> dans le cadre du r\u00e9cit le fonctionnement psychologique des personnages qui peuvent se retrouver dans des<strong> situations morales ambigu\u00ebs<\/strong>.<\/p><p><em>Exemple<\/em> : La Princesse <em>de Cl\u00e8ves de Madame de Lafayette (1678)<\/em><\/p>\t\t\t\t\t<\/div>\n\t\t\t\t\t\t<\/div>\n\t\t\t\t<\/div>\n\t\t\t\t<div class=\"elementor-element elementor-element-d6a9492 blacktitle elementor-widget elementor-widget-text-editor\" data-id=\"d6a9492\" data-element_type=\"widget\" data-widget_type=\"text-editor.default\">\n\t\t\t\t<div class=\"elementor-widget-container\">\n\t\t\t\t\t\t\t\t<div class=\"elementor-text-editor elementor-clearfix\">\n\t\t\t\t<h3>Le roman historique<\/h3>\t\t\t\t\t<\/div>\n\t\t\t\t\t\t<\/div>\n\t\t\t\t<\/div>\n\t\t\t\t<div class=\"elementor-element elementor-element-109f1ea elementor-widget elementor-widget-text-editor\" data-id=\"109f1ea\" data-element_type=\"widget\" data-widget_type=\"text-editor.default\">\n\t\t\t\t<div class=\"elementor-widget-container\">\n\t\t\t\t\t\t\t\t<div class=\"elementor-text-editor elementor-clearfix\">\n\t\t\t\t<p>Apparu \u00e0 la fin du XVII\u00e8me si\u00e8cle puis largement repris au<strong> XIX\u00e8me<\/strong> par les <strong>romantiques<\/strong>, ce type de roman a pour <strong>toile de fond les \u00e9v\u00e9nements historiques<\/strong> de la grande Histoire \u00e0 laquelle sont souvent ajout\u00e9s des personnages de fiction. Ainsi<strong> r\u00e9alit\u00e9 et fiction<\/strong> ne cessent de s\u2019entrem\u00ealer.<\/p><p><em>Exemple<\/em> : Notre-Dame <em>de Paris de Victor Hugo (1831)<\/em> <\/p>\t\t\t\t\t<\/div>\n\t\t\t\t\t\t<\/div>\n\t\t\t\t<\/div>\n\t\t\t\t<div class=\"elementor-element elementor-element-c7f9fcb blacktitle elementor-widget elementor-widget-text-editor\" data-id=\"c7f9fcb\" data-element_type=\"widget\" data-widget_type=\"text-editor.default\">\n\t\t\t\t<div class=\"elementor-widget-container\">\n\t\t\t\t\t\t\t\t<div class=\"elementor-text-editor elementor-clearfix\">\n\t\t\t\t<h3>Le roman \u00e9pistolaire<\/h3>\t\t\t\t\t<\/div>\n\t\t\t\t\t\t<\/div>\n\t\t\t\t<\/div>\n\t\t\t\t<div class=\"elementor-element elementor-element-fa0d894 elementor-widget elementor-widget-text-editor\" data-id=\"fa0d894\" data-element_type=\"widget\" data-widget_type=\"text-editor.default\">\n\t\t\t\t<div class=\"elementor-widget-container\">\n\t\t\t\t\t\t\t\t<div class=\"elementor-text-editor elementor-clearfix\">\n\t\t\t\t<p>Au <strong>XVIII\u00e8me si\u00e8cle<\/strong>, le roman \u00e9pistolaire connait un grand succ\u00e8s. Il s\u2019agit de fonder le r\u00e9cit sur un <strong>\u00e9change de lettres entre plusieurs personnages<\/strong>. Il a pour avantage de proposer une grande vari\u00e9t\u00e9 de tons, de style et de voix, puisqu\u2019il pr\u00e9tend avoir plusieurs \u201cauteurs\u201d.<\/p><p><em>Exemple<\/em> : Les liaisons dangereuses <em>de Choderlos de Laclos (1782)<\/em><\/p>\t\t\t\t\t<\/div>\n\t\t\t\t\t\t<\/div>\n\t\t\t\t<\/div>\n\t\t\t\t<div class=\"elementor-element elementor-element-1381880 blacktitle elementor-widget elementor-widget-text-editor\" data-id=\"1381880\" data-element_type=\"widget\" data-widget_type=\"text-editor.default\">\n\t\t\t\t<div class=\"elementor-widget-container\">\n\t\t\t\t\t\t\t\t<div class=\"elementor-text-editor elementor-clearfix\">\n\t\t\t\t<h3>Le roman d\u2019aventures<\/h3>\t\t\t\t\t<\/div>\n\t\t\t\t\t\t<\/div>\n\t\t\t\t<\/div>\n\t\t\t\t<div class=\"elementor-element elementor-element-a5ec15a elementor-widget elementor-widget-text-editor\" data-id=\"a5ec15a\" data-element_type=\"widget\" data-widget_type=\"text-editor.default\">\n\t\t\t\t<div class=\"elementor-widget-container\">\n\t\t\t\t\t\t\t\t<div class=\"elementor-text-editor elementor-clearfix\">\n\t\t\t\t<p>Bien que le genre soit ancien, il se d\u00e9veloppe beaucoup au <strong>XVIII\u00e8me et XIX\u00e8me si\u00e8cle<\/strong>. Le roman d\u2019aventures met l\u2019accent sur l\u2019action et pr\u00e9sente un certain nombre de <strong>p\u00e9rip\u00e9ties<\/strong> afin de cr\u00e9er du suspens et de la tension dramatique. Par cons\u00e9quent, il est construit autour du h\u00e9ros qui occupe une fonction essentielle dans l\u2019<strong>intrigue<\/strong>. Enfin, de nombreux romans d\u2019aventures suivent une veine exotique et prennent alors pour cadre des contr\u00e9es lointaines, inconnues ou imaginaires.<\/p><p><em>Exemple<\/em> : Robinson Cruso\u00eb <em>de Daniel Defoe (1719)<\/em><\/p><p>Lire aussi : <a href=\"https:\/\/groupe-reussite.fr\/ressources\/cp-analyser-roman-bac-francais\/\">analyser un texte de roman<\/a>\u00a0<\/p>\t\t\t\t\t<\/div>\n\t\t\t\t\t\t<\/div>\n\t\t\t\t<\/div>\n\t\t\t\t<div class=\"elementor-element elementor-element-544de05 blacktitle elementor-widget elementor-widget-text-editor\" data-id=\"544de05\" data-element_type=\"widget\" data-widget_type=\"text-editor.default\">\n\t\t\t\t<div class=\"elementor-widget-container\">\n\t\t\t\t\t\t\t\t<div class=\"elementor-text-editor elementor-clearfix\">\n\t\t\t\t<h3>Le roman de formation<\/h3>\t\t\t\t\t<\/div>\n\t\t\t\t\t\t<\/div>\n\t\t\t\t<\/div>\n\t\t\t\t<div class=\"elementor-element elementor-element-468d5f6 elementor-widget elementor-widget-text-editor\" data-id=\"468d5f6\" data-element_type=\"widget\" data-widget_type=\"text-editor.default\">\n\t\t\t\t<div class=\"elementor-widget-container\">\n\t\t\t\t\t\t\t\t<div class=\"elementor-text-editor elementor-clearfix\">\n\t\t\t\t<p>Inspir\u00e9s par le Bildungsroman allemand de la fin du XVIII\u00e8me si\u00e8cle, les auteurs du <strong>XIX\u00e8me<\/strong> sont nombreux \u00e0 \u00e9crire des <strong>romans d\u2019\u00e9ducation ou de formation<\/strong>, dans lesquels le personnage principal suit un apprentissage sentimental, intellectuel, social ou spirituel. Le lecteur assiste au parcours du h\u00e9ros sur un temps long, car celui-ci doit surmonter diff\u00e9rentes \u00e9preuves afin d\u2019achever sa formation. Celle-ci s\u2019accompagne souvent d\u2019une ascension sociale.<\/p><p>Certains auteurs ont aussi pris le <strong>roman de formation<\/strong> \u00e0 contre-courant en concluant leurs \u0153uvres par une forme de d\u00e9sillusion : le h\u00e9ros ne tire rien de son apprentissage et n\u2019\u00e9volue pas vraiment. C\u2019est le cas des <em>Illusions perdues de Balzac<\/em> ou de<em> l&rsquo;\u00c9ducation sentimentale de Flaubert<\/em>.<\/p><p><em>Exemple<\/em> : Le Rouge et le Noir<em> de Stendhal (1830)<\/em><\/p><p>\t\t<div data-elementor-type=\"section\" data-elementor-id=\"112233\" class=\"elementor elementor-112233\">\n\t\t\t\t\t<div class=\"elementor-section-wrap\">\n\t\t\t\t\t\t\t\t<section class=\"has_ae_slider elementor-section elementor-inner-section elementor-element elementor-element-2753c5f2 elementor-section-content-bottom elementor-section-full_width elementor-section-height-min-height elementor-section-height-default ae-bg-gallery-type-default\" data-id=\"2753c5f2\" data-element_type=\"section\">\n\t\t\t\t\t\t<div class=\"elementor-container elementor-column-gap-default\">\n\t\t\t\t\t\t\t<div class=\"elementor-row\">\n\t\t\t\t\t<div class=\"has_ae_slider elementor-column elementor-col-100 elementor-inner-column elementor-element elementor-element-27ee3c1b ae-bg-gallery-type-default\" data-id=\"27ee3c1b\" data-element_type=\"column\">\n\t\t\t<div class=\"elementor-column-wrap elementor-element-populated\">\n\t\t\t\t\t\t\t<div class=\"elementor-widget-wrap\">\n\t\t\t\t\t\t<div class=\"elementor-element elementor-element-4c70fc7d elementor-align-center elementor-widget elementor-widget-button\" data-id=\"4c70fc7d\" data-element_type=\"widget\" data-widget_type=\"button.default\">\n\t\t\t\t<div class=\"elementor-widget-container\">\n\t\t\t\t\t<div class=\"elementor-button-wrapper\">\n\t\t\t<a href=\"https:\/\/groupe-reussite.fr\/cours-particuliers\/francais\/tous-niveaux\/france\/\" target=\"_blank\" class=\"elementor-button-link elementor-button elementor-size-md elementor-animation-grow\" role=\"button\">\n\t\t\t\t\t\t<span class=\"elementor-button-content-wrapper\">\n\t\t\t\t\t\t\t<span class=\"elementor-button-icon elementor-align-icon-right\">\n\t\t\t\t<i aria-hidden=\"true\" class=\"fas fa-bookmark\"><\/i>\t\t\t<\/span>\n\t\t\t\t\t\t<span class=\"elementor-button-text\">Trouver des professeurs particuliers de fran\u00e7ais<\/span>\n\t\t<\/span>\n\t\t\t\t\t<\/a>\n\t\t<\/div>\n\t\t\t\t<\/div>\n\t\t\t\t<\/div>\n\t\t\t\t\t\t<\/div>\n\t\t\t\t\t<\/div>\n\t\t<\/div>\n\t\t\t\t\t\t\t\t<\/div>\n\t\t\t\t\t<\/div>\n\t\t<\/section>\n\t\t\t\t\t\t\t<\/div>\n\t\t\t\t<\/div>\n\t\t<\/p>\t\t\t\t\t<\/div>\n\t\t\t\t\t\t<\/div>\n\t\t\t\t<\/div>\n\t\t\t\t<div class=\"elementor-element elementor-element-e10703f elementor-widget elementor-widget-text-editor\" data-id=\"e10703f\" data-element_type=\"widget\" data-widget_type=\"text-editor.default\">\n\t\t\t\t<div class=\"elementor-widget-container\">\n\t\t\t\t\t\t\t\t<div class=\"elementor-text-editor elementor-clearfix\">\n\t\t\t\t<h2>Le genre de la nouvelle<\/h2>\t\t\t\t\t<\/div>\n\t\t\t\t\t\t<\/div>\n\t\t\t\t<\/div>\n\t\t\t\t<div class=\"elementor-element elementor-element-beff788 elementor-widget elementor-widget-text-editor\" data-id=\"beff788\" data-element_type=\"widget\" data-widget_type=\"text-editor.default\">\n\t\t\t\t<div class=\"elementor-widget-container\">\n\t\t\t\t\t\t\t\t<div class=\"elementor-text-editor elementor-clearfix\">\n\t\t\t\t<p>Le terme \u00ab\u00a0nouvelle\u00a0\u00bb viendrait de <strong>l\u2019italien<\/strong> <em><strong>novella<\/strong><\/em> signifiant \u201cun r\u00e9cit concernant un \u00e9v\u00e9nement pr\u00e9sent\u00e9 comme r\u00e9el et r\u00e9cent\u201d. Il est utilis\u00e9 par l\u2019italien <em><strong>Boccace<\/strong> <\/em>au XIV\u00e8me si\u00e8cle alors qu\u2019il \u00e9crit le <em>D\u00e9cam\u00e9ron<\/em>, un ensemble de courts r\u00e9cits inspir\u00e9s de fabliaux et de textes antiques.<\/p><p>D\u2019un point de vue <strong>formel<\/strong>, la nouvelle se rapproche du roman, mais elle s\u2019en distingue \u00e9galement sur plusieurs aspects :<\/p><ul><li>Elle est plus courte<\/li><li>Elle fait appel \u00e0 un nombre de personnages plus r\u00e9duits et moins d\u00e9velopp\u00e9s psychologiquement<\/li><li>Son cadre spatio-temporel est simplifi\u00e9<\/li><li>Elle a une intrigue unique<\/li><li>Elle se termine souvent par une chute qui justifie le r\u00e9cit qui la pr\u00e9c\u00e8de<\/li><\/ul><p>En France, le genre connait un v\u00e9ritable succ\u00e8s au <strong>XIX\u00e8me si\u00e8cle<\/strong>. De nombreux auteurs s\u2019en emparent comme Guy de Maupassant, Barbey d\u2019Aurevilly ou M\u00e9rim\u00e9e. La traduction des nouvelles d&rsquo;Edgar Po par Charles Baudelaire participe aussi \u00e0 son d\u00e9veloppement.<\/p>\t\t\t\t\t<\/div>\n\t\t\t\t\t\t<\/div>\n\t\t\t\t<\/div>\n\t\t\t\t<div class=\"elementor-element elementor-element-470c182 elementor-widget elementor-widget-image\" data-id=\"470c182\" data-element_type=\"widget\" data-widget_type=\"image.default\">\n\t\t\t\t<div class=\"elementor-widget-container\">\n\t\t\t\t\t\t\t\t<div class=\"elementor-image\">\n\t\t\t\t\t\t\t\t\t\t\t\t<img width=\"300\" height=\"171\" src=\"https:\/\/groupe-reussite.fr\/ressources\/wp-content\/uploads\/2022\/02\/genres-narratifs-francais-300x171.jpg\" class=\"attachment-medium size-medium wp-image-151232\" alt=\"Les genres narratifs\" loading=\"lazy\" srcset=\"https:\/\/groupe-reussite.fr\/ressources\/wp-content\/uploads\/2022\/02\/genres-narratifs-francais-300x171.jpg 300w, https:\/\/groupe-reussite.fr\/ressources\/wp-content\/uploads\/2022\/02\/genres-narratifs-francais.jpg 700w\" sizes=\"(max-width: 300px) 100vw, 300px\" \/>\t\t\t\t\t\t\t\t\t\t\t\t\t\t<\/div>\n\t\t\t\t\t\t<\/div>\n\t\t\t\t<\/div>\n\t\t\t\t<div class=\"elementor-element elementor-element-9b82f59 elementor-widget elementor-widget-text-editor\" data-id=\"9b82f59\" data-element_type=\"widget\" data-widget_type=\"text-editor.default\">\n\t\t\t\t<div class=\"elementor-widget-container\">\n\t\t\t\t\t\t\t\t<div class=\"elementor-text-editor elementor-clearfix\">\n\t\t\t\t<h2>Le genre narratif du conte\u00a0<\/h2>\t\t\t\t\t<\/div>\n\t\t\t\t\t\t<\/div>\n\t\t\t\t<\/div>\n\t\t\t\t<div class=\"elementor-element elementor-element-920204e elementor-widget elementor-widget-text-editor\" data-id=\"920204e\" data-element_type=\"widget\" data-widget_type=\"text-editor.default\">\n\t\t\t\t<div class=\"elementor-widget-container\">\n\t\t\t\t\t\t\t\t<div class=\"elementor-text-editor elementor-clearfix\">\n\t\t\t\t<p>Le conte est avant tout un <strong>r\u00e9cit de tradition orale<\/strong> qui fut ensuite mis \u00e0 l\u2019\u00e9crit. Il suit une<strong> intrigue simple<\/strong> : \u00e0 l\u2019aide d\u2019adjuvants, le h\u00e9ros doit r\u00e9aliser une qu\u00eate en surmontant des \u00e9preuves et des opposants. Le r\u00e9cit est \u00e9galement compos\u00e9 selon une <strong>structure narrative identifiable<\/strong> : c\u2019est le sch\u00e9ma narratif.<\/p><p><strong>Le sch\u00e9ma narratif :\u00a0<\/strong><\/p><ol><li>La situation initiale<\/li><li>L\u2019\u00e9l\u00e9ment perturbateur<\/li><li>Les p\u00e9rip\u00e9ties<\/li><li>L\u2019\u00e9l\u00e9ment de r\u00e9solution<\/li><li>La situation finale<\/li><\/ol><p>Dans le conte, le <strong>cadre spatio-temporel<\/strong> est souvent simplifi\u00e9 \u00e0 l\u2019extr\u00eame et peu ancr\u00e9 dans la r\u00e9alit\u00e9. Les <strong>personnages<\/strong> sont \u00e9galement tr\u00e8s peu d\u00e9velopp\u00e9s et sans \u00e9paisseurs psychologiques. Enfin, l\u2019<strong>univers du conte<\/strong> appara\u00eet comme manich\u00e9en : il y a des personnages gentils et des personnages m\u00e9chants. De fait, la morale consiste souvent \u00e0 <strong>punir les m\u00e9chants et r\u00e9compenser les gentils<\/strong> en apportant une fin heureuse.<\/p>\t\t\t\t\t<\/div>\n\t\t\t\t\t\t<\/div>\n\t\t\t\t<\/div>\n\t\t\t\t<div class=\"elementor-element elementor-element-355a7b7 blacktitle elementor-widget elementor-widget-text-editor\" data-id=\"355a7b7\" data-element_type=\"widget\" data-widget_type=\"text-editor.default\">\n\t\t\t\t<div class=\"elementor-widget-container\">\n\t\t\t\t\t\t\t\t<div class=\"elementor-text-editor elementor-clearfix\">\n\t\t\t\t<h3>Le conte de f\u00e9e<\/h3>\t\t\t\t\t<\/div>\n\t\t\t\t\t\t<\/div>\n\t\t\t\t<\/div>\n\t\t\t\t<div class=\"elementor-element elementor-element-4bee02c elementor-widget elementor-widget-text-editor\" data-id=\"4bee02c\" data-element_type=\"widget\" data-widget_type=\"text-editor.default\">\n\t\t\t\t<div class=\"elementor-widget-container\">\n\t\t\t\t\t\t\t\t<div class=\"elementor-text-editor elementor-clearfix\">\n\t\t\t\t<p>Dans ce genre particulier de contes, l\u2019auteur fait appel au <strong>merveilleux<\/strong> (animaux parlants, objets magiques\u2026). Les destinataires sont \u00e0 la fois <strong>les enfants et les adultes<\/strong>.<\/p><p><em>Exemple<\/em> : Les Contes de ma m\u00e8re L\u2019Oye <em>de Charles Perrault (1697)<\/em><\/p>\t\t\t\t\t<\/div>\n\t\t\t\t\t\t<\/div>\n\t\t\t\t<\/div>\n\t\t\t\t<div class=\"elementor-element elementor-element-560bd6b blacktitle elementor-widget elementor-widget-text-editor\" data-id=\"560bd6b\" data-element_type=\"widget\" data-widget_type=\"text-editor.default\">\n\t\t\t\t<div class=\"elementor-widget-container\">\n\t\t\t\t\t\t\t\t<div class=\"elementor-text-editor elementor-clearfix\">\n\t\t\t\t<h3>Le conte philosophique<\/h3>\t\t\t\t\t<\/div>\n\t\t\t\t\t\t<\/div>\n\t\t\t\t<\/div>\n\t\t\t\t<div class=\"elementor-element elementor-element-66283d2 elementor-widget elementor-widget-text-editor\" data-id=\"66283d2\" data-element_type=\"widget\" data-widget_type=\"text-editor.default\">\n\t\t\t\t<div class=\"elementor-widget-container\">\n\t\t\t\t\t\t\t\t<div class=\"elementor-text-editor elementor-clearfix\">\n\t\t\t\t<p>Plus proche du r\u00e9el, le <strong>conte philosophique <\/strong>a pour objectif d\u2019illustrer par un r\u00e9cit plaisant des <strong>th\u00e8ses philosophiques<\/strong>. De m\u00eame que dans le conte traditionnel, le h\u00e9ros doit surmonter des \u00e9preuves pour <strong>d\u00e9couvrir le monde et se forger un apprentissage<\/strong>. La fin est heureuse et am\u00e8ne le lecteur \u00e0 r\u00e9fl\u00e9chir.<\/p><p><em>Exemple<\/em> : Candide <em>de Voltaire (1759)<\/em><\/p>\t\t\t\t\t<\/div>\n\t\t\t\t\t\t<\/div>\n\t\t\t\t<\/div>\n\t\t\t\t<div class=\"elementor-element elementor-element-16bce88 blacktitle elementor-widget elementor-widget-text-editor\" data-id=\"16bce88\" data-element_type=\"widget\" data-widget_type=\"text-editor.default\">\n\t\t\t\t<div class=\"elementor-widget-container\">\n\t\t\t\t\t\t\t\t<div class=\"elementor-text-editor elementor-clearfix\">\n\t\t\t\t<h3>Le conte fantastique<\/h3>\t\t\t\t\t<\/div>\n\t\t\t\t\t\t<\/div>\n\t\t\t\t<\/div>\n\t\t\t\t<div class=\"elementor-element elementor-element-bd16695 elementor-widget elementor-widget-text-editor\" data-id=\"bd16695\" data-element_type=\"widget\" data-widget_type=\"text-editor.default\">\n\t\t\t\t<div class=\"elementor-widget-container\">\n\t\t\t\t\t\t\t\t<div class=\"elementor-text-editor elementor-clearfix\">\n\t\t\t\t<p>Contrairement au conte de f\u00e9e, le<strong> conte fantastique<\/strong> ne fait pas appel au <strong>merveilleux<\/strong>, mais cr\u00e9e un sentiment d\u2019\u00e9tranget\u00e9 et d\u2019inqui\u00e9tude en m\u00ealant <strong>le r\u00e9el et l\u2019irr\u00e9el<\/strong>.<\/p><p><em>Exemple<\/em> : L\u2019Homme au sable<em> d\u2019E.T.A Hoffmann (1817)<\/em><\/p>\t\t\t\t\t<\/div>\n\t\t\t\t\t\t<\/div>\n\t\t\t\t<\/div>\n\t\t\t\t<div class=\"elementor-element elementor-element-7be8b314 elementor-widget elementor-widget-text-editor\" data-id=\"7be8b314\" data-element_type=\"widget\" data-widget_type=\"text-editor.default\">\n\t\t\t\t<div class=\"elementor-widget-container\">\n\t\t\t\t\t\t\t\t<div class=\"elementor-text-editor elementor-clearfix\">\n\t\t\t\t<h2>Le genre litt\u00e9raire de la fable<\/h2>\t\t\t\t\t<\/div>\n\t\t\t\t\t\t<\/div>\n\t\t\t\t<\/div>\n\t\t\t\t<div class=\"elementor-element elementor-element-3f9138af elementor-widget elementor-widget-text-editor\" data-id=\"3f9138af\" data-element_type=\"widget\" data-widget_type=\"text-editor.default\">\n\t\t\t\t<div class=\"elementor-widget-container\">\n\t\t\t\t\t\t\t\t<div class=\"elementor-text-editor elementor-clearfix\">\n\t\t\t\t<p>La<strong> fable<\/strong> a pour origine le terme latin fabula qui signifie \u201cr\u00e9cit\u201d, \u201cpropos\u201d. Au XII\u00e8me si\u00e8cle, on utilise ce mot pour d\u00e9signer une \u201c<strong>histoire imaginaire<\/strong>\u201d. Toutefois, d\u00e8s l\u2019antiquit\u00e9, en plus du simple r\u00e9cit, la fable se dote d\u2019une <strong>vis\u00e9e morale<\/strong> : elle doit transmettre une le\u00e7on, un enseignement.<\/p><p>Petit texte \u00e9crit en <strong>vers<\/strong>, la fable met en sc\u00e8ne des <strong>personnages vari\u00e9s<\/strong>, souvent des animaux, mais aussi des humains ou des v\u00e9g\u00e9taux. Le r\u00e9cit a pour but de distraire : il doit donc \u00eatre vivant et dynamique, tout en gardant une certaine tension dramatique. Il est \u00e9galement li\u00e9 \u00e0 une <strong>morale<\/strong> formul\u00e9e au d\u00e9but ou \u00e0 la fin, voire sous-entendue.<\/p><p>D\u00e9velopp\u00e9es depuis <strong>l\u2019antiquit\u00e9<\/strong> avec des auteurs tels que Esope ou Ph\u00e8dre, le genre se d\u00e9veloppe sur les si\u00e8cles suivants jusqu\u2019\u00e0 gagner ses lettres de noblesse avec <strong>Jean de la Fontaine<\/strong> au XVII\u00e8me si\u00e8cle qui publiera douze livres de fables entre 1668 et 1694.<\/p><p>\t\t<div data-elementor-type=\"section\" data-elementor-id=\"84989\" class=\"elementor elementor-84989\">\n\t\t\t\t\t<div class=\"elementor-section-wrap\">\n\t\t\t\t\t\t\t\t<section class=\"has_ae_slider elementor-section elementor-inner-section elementor-element elementor-element-4bda5243 elementor-section-content-bottom full_width elementor-section-full_width elementor-section-height-min-height elementor-section-height-default ae-bg-gallery-type-default\" data-id=\"4bda5243\" data-element_type=\"section\" data-settings=\"{&quot;background_background&quot;:&quot;gradient&quot;}\">\n\t\t\t\t\t\t\t<div class=\"elementor-background-overlay\"><\/div>\n\t\t\t\t\t\t\t<div class=\"elementor-container elementor-column-gap-narrow\">\n\t\t\t\t\t\t\t<div class=\"elementor-row\">\n\t\t\t\t\t<div class=\"has_ae_slider elementor-column elementor-col-50 elementor-inner-column elementor-element elementor-element-7dad0c90 ae-bg-gallery-type-default\" data-id=\"7dad0c90\" data-element_type=\"column\">\n\t\t\t<div class=\"elementor-column-wrap elementor-element-populated\">\n\t\t\t\t\t\t\t<div class=\"elementor-widget-wrap\">\n\t\t\t\t\t\t<div class=\"elementor-element elementor-element-79e73064 elementor-widget elementor-widget-heading\" data-id=\"79e73064\" data-element_type=\"widget\" data-widget_type=\"heading.default\">\n\t\t\t\t<div class=\"elementor-widget-container\">\n\t\t\t<h3 class=\"elementor-heading-title elementor-size-default\">PRENDRE DES COURS PARTICULIERS DE FRAN\u00c7AIS <\/h3>\t\t<\/div>\n\t\t\t\t<\/div>\n\t\t\t\t<div class=\"elementor-element elementor-element-104d1164 elementor-widget elementor-widget-heading\" data-id=\"104d1164\" data-element_type=\"widget\" data-widget_type=\"heading.default\">\n\t\t\t\t<div class=\"elementor-widget-container\">\n\t\t\t<h4 class=\"elementor-heading-title elementor-size-default\">C\u2019est reprendre le contr\u00f4le<\/h4>\t\t<\/div>\n\t\t\t\t<\/div>\n\t\t\t\t<div class=\"elementor-element elementor-element-3691d1da elementor-align-left elementor-mobile-align-center elementor-widget elementor-widget-button\" data-id=\"3691d1da\" data-element_type=\"widget\" data-widget_type=\"button.default\">\n\t\t\t\t<div class=\"elementor-widget-container\">\n\t\t\t\t\t<div class=\"elementor-button-wrapper\">\n\t\t\t<a href=\"https:\/\/groupe-reussite.fr\/cours-particuliers\/francais\/tous-niveaux\/france\/\" target=\"_blank\" class=\"elementor-button-link elementor-button elementor-size-md\" role=\"button\" id=\"CTA_PRD_CP\">\n\t\t\t\t\t\t<span class=\"elementor-button-content-wrapper\">\n\t\t\t\t\t\t<span class=\"elementor-button-text\">Je cherche des cours particuliers de fran\u00e7ais<\/span>\n\t\t<\/span>\n\t\t\t\t\t<\/a>\n\t\t<\/div>\n\t\t\t\t<\/div>\n\t\t\t\t<\/div>\n\t\t\t\t\t\t<\/div>\n\t\t\t\t\t<\/div>\n\t\t<\/div>\n\t\t\t\t<div class=\"has_ae_slider elementor-column elementor-col-50 elementor-inner-column elementor-element elementor-element-40c4e3d ae-bg-gallery-type-default\" data-id=\"40c4e3d\" data-element_type=\"column\">\n\t\t\t<div class=\"elementor-column-wrap\">\n\t\t\t\t\t\t\t<div class=\"elementor-widget-wrap\">\n\t\t\t\t\t\t\t\t<\/div>\n\t\t\t\t\t<\/div>\n\t\t<\/div>\n\t\t\t\t\t\t\t\t<\/div>\n\t\t\t\t\t<\/div>\n\t\t<\/section>\n\t\t\t\t\t\t\t<\/div>\n\t\t\t\t<\/div>\n\t\t<\/p>\t\t\t\t\t<\/div>\n\t\t\t\t\t\t<\/div>\n\t\t\t\t<\/div>\n\t\t\t\t<div class=\"elementor-element elementor-element-ad30637 elementor-widget elementor-widget-text-editor\" data-id=\"ad30637\" data-element_type=\"widget\" data-widget_type=\"text-editor.default\">\n\t\t\t\t<div class=\"elementor-widget-container\">\n\t\t\t\t\t\t\t\t<div class=\"elementor-text-editor elementor-clearfix\">\n\t\t\t\t<h2>Le r\u00e9cit biographique<\/h2>\t\t\t\t\t<\/div>\n\t\t\t\t\t\t<\/div>\n\t\t\t\t<\/div>\n\t\t\t\t<div class=\"elementor-element elementor-element-94e90ec elementor-widget elementor-widget-text-editor\" data-id=\"94e90ec\" data-element_type=\"widget\" data-widget_type=\"text-editor.default\">\n\t\t\t\t<div class=\"elementor-widget-container\">\n\t\t\t\t\t\t\t\t<div class=\"elementor-text-editor elementor-clearfix\">\n\t\t\t\t<p>Une partie des r\u00e9cits sont aussi consacr\u00e9s \u00e0 <strong>raconter la vie<\/strong> d\u2019une personne r\u00e9elle, anonyme ou c\u00e9l\u00e8bre, voire sa propre vie. Diff\u00e9rents<strong> sous-genres<\/strong> sont identifi\u00e9s au sein de ces r\u00e9cits de vie.<\/p>\t\t\t\t\t<\/div>\n\t\t\t\t\t\t<\/div>\n\t\t\t\t<\/div>\n\t\t\t\t<div class=\"elementor-element elementor-element-97a4cfd blacktitle elementor-widget elementor-widget-text-editor\" data-id=\"97a4cfd\" data-element_type=\"widget\" data-widget_type=\"text-editor.default\">\n\t\t\t\t<div class=\"elementor-widget-container\">\n\t\t\t\t\t\t\t\t<div class=\"elementor-text-editor elementor-clearfix\">\n\t\t\t\t<h3>La biographie<\/h3>\t\t\t\t\t<\/div>\n\t\t\t\t\t\t<\/div>\n\t\t\t\t<\/div>\n\t\t\t\t<div class=\"elementor-element elementor-element-2467dff elementor-widget elementor-widget-text-editor\" data-id=\"2467dff\" data-element_type=\"widget\" data-widget_type=\"text-editor.default\">\n\t\t\t\t<div class=\"elementor-widget-container\">\n\t\t\t\t\t\t\t\t<div class=\"elementor-text-editor elementor-clearfix\">\n\t\t\t\t<p>La biographie consiste \u00e0 <strong>raconter la vie d\u2019une personne r\u00e9elle autre que soi-m\u00eame<\/strong>, souvent c\u00e9l\u00e8bre. En effet, la vie des grands hommes ou des grandes femmes sont per\u00e7us comme des <strong>t\u00e9moignages cl\u00e9s<\/strong> d\u2019une \u00e9poque ou un <strong>mod\u00e8le \u00e0 suivre<\/strong>.<\/p><p>Ainsi, <strong>d\u00e8s l\u2019antiquit\u00e9<\/strong>, les auteurs retranscrivent la vie des personnes illustres. Plutarque \u00e9crit notamment <em>les Vies parall\u00e8les<\/em> dans lesquelles il compare des personnalit\u00e9s grecques et romaines comme Alexandre le Grand et Jules C\u00e9sar. Au<strong> moyen-\u00e2ge<\/strong>, il s\u2019agit plut\u00f4t de raconter la vie des saints, pratique qu\u2019on appelle \u00e9galement l&rsquo;<strong>hagiographie<\/strong>. Le genre d\u00e9cline \u00e0 partir du XVII\u00e8me si\u00e8cle, car il est remplac\u00e9 par le go\u00fbt pour le roman ou m\u00eame pour l\u2019<strong>autobiographie<\/strong>. Au XXI\u00e8me si\u00e8cle en revanche, les biographies reviennent \u00e0 la mode pour raconter la vie de tout type de c\u00e9l\u00e9brit\u00e9s, des sportifs aux vedettes de cin\u00e9ma, jusqu&rsquo;aux assassins ou serial killers, comme dans <em>L\u2019Adversaire<\/em> d\u2019Emmanuel Carr\u00e8re.<\/p><p>En tant qu\u2019auteur ext\u00e9rieur \u00e0 la vie de la personne prise pour sujet, le biographe cherche \u00e0 retranscrire les \u00e9pisodes en gardant une<strong> v\u00e9rit\u00e9 historique<\/strong> et avec une <strong>certaine objectivit\u00e9<\/strong>. Toutefois, certains biographes peuvent aussi apporter une<strong> interpr\u00e9tation personnelle<\/strong>.<\/p>\t\t\t\t\t<\/div>\n\t\t\t\t\t\t<\/div>\n\t\t\t\t<\/div>\n\t\t\t\t<div class=\"elementor-element elementor-element-6865e15 blacktitle elementor-widget elementor-widget-text-editor\" data-id=\"6865e15\" data-element_type=\"widget\" data-widget_type=\"text-editor.default\">\n\t\t\t\t<div class=\"elementor-widget-container\">\n\t\t\t\t\t\t\t\t<div class=\"elementor-text-editor elementor-clearfix\">\n\t\t\t\t<h3>L\u2019autobiographie<\/h3>\t\t\t\t\t<\/div>\n\t\t\t\t\t\t<\/div>\n\t\t\t\t<\/div>\n\t\t\t\t<div class=\"elementor-element elementor-element-4822b3b elementor-widget elementor-widget-text-editor\" data-id=\"4822b3b\" data-element_type=\"widget\" data-widget_type=\"text-editor.default\">\n\t\t\t\t<div class=\"elementor-widget-container\">\n\t\t\t\t\t\t\t\t<div class=\"elementor-text-editor elementor-clearfix\">\n\t\t\t\t<p>L&rsquo;autobiographie consiste \u00e0 <strong>raconter sa propre vie<\/strong>, \u00e0 faire la biographie de soi-m\u00eame. Ainsi, elle se d\u00e9finit comme un <strong>r\u00e9cit r\u00e9trospectif et introspectif<\/strong> qui met l\u2019accent sur la vie individuelle de son auteur. Il y a d\u00e8s lors une confusion entre l\u2019auteur, le narrateur et le personnage principal du r\u00e9cit qui sont tous les trois la m\u00eame personne.<\/p><p>Ainsi, au contraire de la biographie, l\u2019autobiographie est n\u00e9cessairement <strong>subjective<\/strong>. Le r\u00e9cit doit donc \u00eatre initi\u00e9 par un \u201c<strong>pacte autobiographique<\/strong>\u201d \u00e9tabli par l\u2019auteur lui-m\u00eame qui pr\u00e9sente son entreprise litt\u00e9raire.<\/p><p>L\u2019\u00e9criture autobiographique reprend la pratique chr\u00e9tienne de la <strong>confession<\/strong> qui consiste \u00e0 s\u2019analyser soi-m\u00eame. D\u2019ailleurs, <strong>Saint-Augustin<\/strong> fut le premier \u00e0 \u00e9crire un livre intitul\u00e9 <em>Les Confessions<\/em> (397-401) qui pr\u00e9sente les bouleversements de son \u00e2me. Le titre sera repris par <strong>Jean-Jacques Rousseau<\/strong> au XVIII\u00e8me si\u00e8cle qui se d\u00e9finit comme le pr\u00e9curseur de l\u2019autobiographie moderne. Ce dernier a le projet original de se peindre dans toute sa nudit\u00e9 : \u201cJe veux montrer \u00e0 mes semblables un homme dans toute la v\u00e9rit\u00e9 de la nature ; et cet homme, ce sera moi\u201d. Le genre autobiographique se d\u00e9veloppe ensuite dans toute l\u2019Europe, d\u2019autant plus avec <strong>la mont\u00e9e de l\u2019individualisme<\/strong>.<\/p>\t\t\t\t\t<\/div>\n\t\t\t\t\t\t<\/div>\n\t\t\t\t<\/div>\n\t\t\t\t<div class=\"elementor-element elementor-element-9e8f55f blacktitle elementor-widget elementor-widget-text-editor\" data-id=\"9e8f55f\" data-element_type=\"widget\" data-widget_type=\"text-editor.default\">\n\t\t\t\t<div class=\"elementor-widget-container\">\n\t\t\t\t\t\t\t\t<div class=\"elementor-text-editor elementor-clearfix\">\n\t\t\t\t<h3>Les M\u00e9moires<\/h3>\t\t\t\t\t<\/div>\n\t\t\t\t\t\t<\/div>\n\t\t\t\t<\/div>\n\t\t\t\t<div class=\"elementor-element elementor-element-b5a4b99 elementor-widget elementor-widget-text-editor\" data-id=\"b5a4b99\" data-element_type=\"widget\" data-widget_type=\"text-editor.default\">\n\t\t\t\t<div class=\"elementor-widget-container\">\n\t\t\t\t\t\t\t\t<div class=\"elementor-text-editor elementor-clearfix\">\n\t\t\t\t<p>Autre genre autobiographique, les M\u00e9moires consistent \u00e0 raconter non pas sa vie individuelle et personnelle, mais <strong>les \u00e9v\u00e9nements historiques ou politiques<\/strong> auxquels on a assist\u00e9 ou dans lesquels on a jou\u00e9 un r\u00f4le. C\u2019est en cela que le genre se distingue de l\u2019autobiographie<\/p><p><strong>D\u00e8s l\u2019antiquit\u00e9<\/strong>, certains grands hommes ont eu envie de livrer leur t\u00e9moignage, comme<strong> Jules C\u00e9sar<\/strong> qui a r\u00e9dig\u00e9<em> Commentaire sur la guerre des Gaules<\/em>, devenant son propre commentateur militaire. Le genre continue ensuite de se d\u00e9velopper <strong>jusqu\u2019\u00e0 l\u2019\u00e9poque moderne<\/strong> et on compte de nombreux M\u00e9moires comme ceux de Th\u00e9odore Agrippa d\u2019Aubign\u00e9 (XVI\u00e8me si\u00e8cle), La Rochefoucauld (XVII\u00e8me), Chateaubriand (XIX\u00e8me), Winston Churchill (XX\u00e8me) ou le G\u00e9n\u00e9ral de Gaulle (XX\u00e8me).<\/p><p>Ainsi les M\u00e9moires peuvent mettre l\u2019accent sur l\u2019histoire, la politique, les guerres, ou les lettres et les arts. Bien qu\u2019il s\u2019agisse plut\u00f4t de t\u00e9moignages historiques, certains ont aussi une grande qualit\u00e9 litt\u00e9raire.<\/p><p><strong>Les romans autobiographiques et l\u2019autofiction :\u00a0<\/strong><\/p><p>Si les r\u00e9cits biographiques se fondent sur<strong> la v\u00e9rit\u00e9 et non le vraisemblable<\/strong> comme le roman, la fiction s\u2019est parfois m\u00e9lang\u00e9e avec la r\u00e9alit\u00e9 pour donner lieu \u00e0 des sous-genres ambivalents.<\/p><ul><li><strong>Les romans autobiographiques<\/strong> : certains auteurs passent par des <strong>personnages de fiction pour raconter leur propre vie<\/strong>. Ainsi, les noms de personnages et les lieux sont modifi\u00e9s, mais on remarque tout de m\u00eame une certaine co\u00efncidence avec des \u00e9pisodes r\u00e9els de la vie de l\u2019auteur.<p><em>Exemple<\/em> : Ren\u00e9 <em>de Chateaubriand (1802)<\/em><\/p><\/li><li><strong>L\u2019autofiction<\/strong> : Cette fois-ci le <strong>personnage est bien fictif<\/strong>, mais son r\u00e9cit \u00e9pouse la forme d\u2019une autobiographie comme s\u2019il s\u2019agissait d\u2019une personne r\u00e9elle. On parle de roman-m\u00e9moires lorsque le r\u00e9cit fictif prend la forme de m\u00e9moires.<p><em>Exemple<\/em> : Journal d\u2019une femme<em> de chambre d\u2019Octave Mirbeau<\/em> (1900)<\/p><\/li><\/ul><p>\t\t<div data-elementor-type=\"section\" data-elementor-id=\"112233\" class=\"elementor elementor-112233\">\n\t\t\t\t\t<div class=\"elementor-section-wrap\">\n\t\t\t\t\t\t\t\t<section class=\"has_ae_slider elementor-section elementor-inner-section elementor-element elementor-element-2753c5f2 elementor-section-content-bottom elementor-section-full_width elementor-section-height-min-height elementor-section-height-default ae-bg-gallery-type-default\" data-id=\"2753c5f2\" data-element_type=\"section\">\n\t\t\t\t\t\t<div class=\"elementor-container elementor-column-gap-default\">\n\t\t\t\t\t\t\t<div class=\"elementor-row\">\n\t\t\t\t\t<div class=\"has_ae_slider elementor-column elementor-col-100 elementor-inner-column elementor-element elementor-element-27ee3c1b ae-bg-gallery-type-default\" data-id=\"27ee3c1b\" data-element_type=\"column\">\n\t\t\t<div class=\"elementor-column-wrap elementor-element-populated\">\n\t\t\t\t\t\t\t<div class=\"elementor-widget-wrap\">\n\t\t\t\t\t\t<div class=\"elementor-element elementor-element-4c70fc7d elementor-align-center elementor-widget elementor-widget-button\" data-id=\"4c70fc7d\" data-element_type=\"widget\" data-widget_type=\"button.default\">\n\t\t\t\t<div class=\"elementor-widget-container\">\n\t\t\t\t\t<div class=\"elementor-button-wrapper\">\n\t\t\t<a href=\"https:\/\/groupe-reussite.fr\/cours-particuliers\/francais\/tous-niveaux\/france\/\" target=\"_blank\" class=\"elementor-button-link elementor-button elementor-size-md elementor-animation-grow\" role=\"button\">\n\t\t\t\t\t\t<span class=\"elementor-button-content-wrapper\">\n\t\t\t\t\t\t\t<span class=\"elementor-button-icon elementor-align-icon-right\">\n\t\t\t\t<i aria-hidden=\"true\" class=\"fas fa-bookmark\"><\/i>\t\t\t<\/span>\n\t\t\t\t\t\t<span class=\"elementor-button-text\">Trouver des professeurs particuliers de fran\u00e7ais<\/span>\n\t\t<\/span>\n\t\t\t\t\t<\/a>\n\t\t<\/div>\n\t\t\t\t<\/div>\n\t\t\t\t<\/div>\n\t\t\t\t\t\t<\/div>\n\t\t\t\t\t<\/div>\n\t\t<\/div>\n\t\t\t\t\t\t\t\t<\/div>\n\t\t\t\t\t<\/div>\n\t\t<\/section>\n\t\t\t\t\t\t\t<\/div>\n\t\t\t\t<\/div>\n\t\t<\/p>\t\t\t\t\t<\/div>\n\t\t\t\t\t\t<\/div>\n\t\t\t\t<\/div>\n\t\t\t\t<div class=\"elementor-element elementor-element-3b2825d elementor-widget elementor-widget-text-editor\" data-id=\"3b2825d\" data-element_type=\"widget\" data-widget_type=\"text-editor.default\">\n\t\t\t\t<div class=\"elementor-widget-container\">\n\t\t\t\t\t\t\t\t<div class=\"elementor-text-editor elementor-clearfix\">\n\t\t\t\t<h2>Exercice sur le genre narratif et la morale\u00a0<\/h2>\t\t\t\t\t<\/div>\n\t\t\t\t\t\t<\/div>\n\t\t\t\t<\/div>\n\t\t\t\t<div class=\"elementor-element elementor-element-5f51622 elementor-widget elementor-widget-text-editor\" data-id=\"5f51622\" data-element_type=\"widget\" data-widget_type=\"text-editor.default\">\n\t\t\t\t<div class=\"elementor-widget-container\">\n\t\t\t\t\t\t\t\t<div class=\"elementor-text-editor elementor-clearfix\">\n\t\t\t\t<p><em><strong>Observez ce texte. De quel genre narratif s\u2019agit-il ? Quelle est la morale ?<\/strong><\/em><\/p><p>Comp\u00e8re le Renard se mit un jour en frais,<br \/>Et retint \u00e0 d\u00eener comm\u00e8re la Cigogne.<br \/>Le r\u00e9gal fut petit, et sans beaucoup d\u2019appr\u00eats ;<br \/>Le galant pour toute besogne<br \/>Avait un brouet clair (il vivait chichement.)<br \/>Ce brouet fut par lui servi sur une assiette :<br \/>La Cigogne au long bec n\u2019en put attraper miette ;<br \/>Et le dr\u00f4le eut lap\u00e9 le tout en un moment.<br \/>Pour se venger de cette tromperie,<br \/>\u00c0 quelque temps de l\u00e0 la Cigogne le prie :<br \/>Volontiers, lui dit-il, car avec mes amis<br \/>Je ne fais point c\u00e9r\u00e9monie.<br \/>\u00c0 l\u2019heure dite il courut au logis<br \/>De la Cigogne son h\u00f4tesse,<br \/>Loua tr\u00e8s fort la politesse,<br \/>Trouva le d\u00eener cuit \u00e0 point.<br \/>Bon app\u00e9tit sur tout ; Renards n\u2019en manquent point.<br \/>Il se r\u00e9jouissait \u00e0 l\u2019odeur de la viande<br \/>Mise en menus morceaux, et qu\u2019il croyait friande.<br \/>On servit pour l\u2019embarrasser<br \/>En un vase \u00e0 long col, et d\u2019\u00e9troite embouchure.<br \/>Le bec de la Cigogne y pouvait bien passer,<br \/>Mais le museau du Sire \u00e9tait d\u2019autre mesure.<br \/>Il lui fallut \u00e0 jeun retourner au logis ;<br \/>Honteux comme un Renard qu\u2019une Poule aurait pris,<br \/>Serrant la queue, et portant bas l\u2019oreille.<br \/>Trompeurs, c\u2019est pour vous que j\u2019\u00e9cris,<br \/>Attendez-vous \u00e0 la pareille.<\/p>\t\t\t\t\t<\/div>\n\t\t\t\t\t\t<\/div>\n\t\t\t\t<\/div>\n\t\t\t\t<div class=\"elementor-element elementor-element-c0a4991 blacktitle elementor-widget elementor-widget-text-editor\" data-id=\"c0a4991\" data-element_type=\"widget\" data-widget_type=\"text-editor.default\">\n\t\t\t\t<div class=\"elementor-widget-container\">\n\t\t\t\t\t\t\t\t<div class=\"elementor-text-editor elementor-clearfix\">\n\t\t\t\t<h3>Correction de l&rsquo;exercice sur le genre narratif et la morale\u00a0<\/h3>\t\t\t\t\t<\/div>\n\t\t\t\t\t\t<\/div>\n\t\t\t\t<\/div>\n\t\t\t\t<div class=\"elementor-element elementor-element-5e17b8f elementor-widget elementor-widget-text-editor\" data-id=\"5e17b8f\" data-element_type=\"widget\" data-widget_type=\"text-editor.default\">\n\t\t\t\t<div class=\"elementor-widget-container\">\n\t\t\t\t\t\t\t\t<div class=\"elementor-text-editor elementor-clearfix\">\n\t\t\t\t<p><em><strong>Observez ce texte. De quel genre narratif s\u2019agit-il ? Quelle est la morale ?<\/strong><\/em><\/p>\n<p>Il s\u2019agit bien s\u00fbr d\u2019une fable, facilement reconnaissable par sa forme en vers et son court r\u00e9cit qui convoque des animaux. Ce dernier se conclut par une morale : \u201cTrompeurs, c\u2019est pour vous que j\u2019\u00e9cris \/ Attendez-vous \u00e0 la pareille\u201d. Ce petit r\u00e9cit didactique met donc en garde les roublards et les malhonn\u00eates.<\/p>\n<p>\t\t<div data-elementor-type=\"section\" data-elementor-id=\"112233\" class=\"elementor elementor-112233\">\n\t\t\t\t\t<div class=\"elementor-section-wrap\">\n\t\t\t\t\t\t\t\t<section class=\"has_ae_slider elementor-section elementor-inner-section elementor-element elementor-element-2753c5f2 elementor-section-content-bottom elementor-section-full_width elementor-section-height-min-height elementor-section-height-default ae-bg-gallery-type-default\" data-id=\"2753c5f2\" data-element_type=\"section\">\n\t\t\t\t\t\t<div class=\"elementor-container elementor-column-gap-default\">\n\t\t\t\t\t\t\t<div class=\"elementor-row\">\n\t\t\t\t\t<div class=\"has_ae_slider elementor-column elementor-col-100 elementor-inner-column elementor-element elementor-element-27ee3c1b ae-bg-gallery-type-default\" data-id=\"27ee3c1b\" data-element_type=\"column\">\n\t\t\t<div class=\"elementor-column-wrap elementor-element-populated\">\n\t\t\t\t\t\t\t<div class=\"elementor-widget-wrap\">\n\t\t\t\t\t\t<div class=\"elementor-element elementor-element-4c70fc7d elementor-align-center elementor-widget elementor-widget-button\" data-id=\"4c70fc7d\" data-element_type=\"widget\" data-widget_type=\"button.default\">\n\t\t\t\t<div class=\"elementor-widget-container\">\n\t\t\t\t\t<div class=\"elementor-button-wrapper\">\n\t\t\t<a href=\"https:\/\/groupe-reussite.fr\/cours-particuliers\/francais\/tous-niveaux\/france\/\" target=\"_blank\" class=\"elementor-button-link elementor-button elementor-size-md elementor-animation-grow\" role=\"button\">\n\t\t\t\t\t\t<span class=\"elementor-button-content-wrapper\">\n\t\t\t\t\t\t\t<span class=\"elementor-button-icon elementor-align-icon-right\">\n\t\t\t\t<i aria-hidden=\"true\" class=\"fas fa-bookmark\"><\/i>\t\t\t<\/span>\n\t\t\t\t\t\t<span class=\"elementor-button-text\">Trouver des professeurs particuliers de fran\u00e7ais<\/span>\n\t\t<\/span>\n\t\t\t\t\t<\/a>\n\t\t<\/div>\n\t\t\t\t<\/div>\n\t\t\t\t<\/div>\n\t\t\t\t\t\t<\/div>\n\t\t\t\t\t<\/div>\n\t\t<\/div>\n\t\t\t\t\t\t\t\t<\/div>\n\t\t\t\t\t<\/div>\n\t\t<\/section>\n\t\t\t\t\t\t\t<\/div>\n\t\t\t\t<\/div>\n\t\t<\/p>\t\t\t\t\t<\/div>\n\t\t\t\t\t\t<\/div>\n\t\t\t\t<\/div>\n\t\t\t\t<div class=\"elementor-element elementor-element-f0beb43 elementor-widget elementor-widget-text-editor\" data-id=\"f0beb43\" data-element_type=\"widget\" data-widget_type=\"text-editor.default\">\n\t\t\t\t<div class=\"elementor-widget-container\">\n\t\t\t\t\t\t\t\t<div class=\"elementor-text-editor elementor-clearfix\">\n\t\t\t\t<p>Ces articles pourraient vous int\u00e9resser :<\/p><p>Sur le roman :<\/p><ul><li><a href=\"https:\/\/groupe-reussite.fr\/ressources\/cp-francais-analyser-incipit\/\">Analyser un incipit au bac de fran\u00e7ais<\/a><\/li><li><a href=\"https:\/\/groupe-reussite.fr\/ressources\/cp-francais-histoire-roman\/\">Histoire du roman<\/a><\/li><li><a href=\"https:\/\/groupe-reussite.fr\/ressources\/cp-francais-parcours-associe-le-rouge-et-le-noir\/\">Parcours associ\u00e9 sur le roman : Le Rouge et le Noir<\/a><\/li><li><a href=\"https:\/\/groupe-reussite.fr\/ressources\/cp-francais-grands-auteurs-roman\/\">Grands auteurs du roman<\/a><\/li><li><a href=\"https:\/\/groupe-reussite.fr\/ressources\/cp-francais-sido-vrilles-de-la-vigne-colette\/\">Sido et les Vrilles de la vigne de Colette<\/a><\/li><li><a href=\"https:\/\/groupe-reussite.fr\/ressources\/cp-francais-analyse-manon-lescaut-abbe-prevost\/\">Manon Lescaut de l&rsquo;abb\u00e9 Prevost<\/a><\/li><li><a class=\"waffle-rich-text-link\" href=\"https:\/\/groupe-reussite.fr\/ressources\/cp-francais-la-peau-de-chagrin-balzac\/\">La Peau de chagrin Honor\u00e9 de Balzac<\/a><\/li><\/ul><p>Sur la po\u00e9sie :\u00a0<\/p><ul><li><a href=\"https:\/\/groupe-reussite.fr\/ressources\/cp-analyser-texte-poetique\/\">Analyser un texte de po\u00e9tique<\/a><\/li><li><a href=\"https:\/\/groupe-reussite.fr\/ressources\/cp-mouvements-formes-poetiques-bac-francais\/\">Mouvements et formes de la po\u00e9sie au bac de fran\u00e7ais<\/a><\/li><li>Les <a href=\"https:\/\/groupe-reussite.fr\/ressources\/cp-francais-grands-auteurs-poesie\/\">grands auteurs de la po\u00e9sie en fran\u00e7ais<\/a><\/li><li><a href=\"https:\/\/groupe-reussite.fr\/ressources\/cp-francais-parcours-associe-poesie-fleurs-du-mal\/\">Parcours associ\u00e9 sur la po\u00e9sie : Les Fleurs du mal<\/a><\/li><\/ul><p>Sur le th\u00e9\u00e2tre :<\/p><ul><li>Le <a href=\"https:\/\/groupe-reussite.fr\/ressources\/cp-tout-savoir-sur-le-theatre-au-bac-de-francais\/\">th\u00e8me du th\u00e9\u00e2tre au bac de fran\u00e7ais<\/a><\/li><li><a href=\"https:\/\/groupe-reussite.fr\/ressources\/cp-francais-analyser-scene-exposition\/\">Analyser une sc\u00e8ne d&rsquo;exposition au th\u00e9\u00e2tre au bac de de fran\u00e7ais<\/a><\/li><li><a href=\"https:\/\/groupe-reussite.fr\/ressources\/cp-francais-analyser-texte-theatral\/\">Analyser un texte th\u00e9\u00e2tral<\/a><\/li><li>Les <a href=\"https:\/\/groupe-reussite.fr\/ressources\/cp-francais-genres-theatraux\/\">genres du th\u00e9\u00e2tre au bac de fran\u00e7ais<\/a><\/li><li><a href=\"https:\/\/groupe-reussite.fr\/ressources\/cp-francais-grands-auteurs-theatre\/\">Grands auteurs du th\u00e9\u00e2tre au bac de fran\u00e7ais<\/a><\/li><li><a href=\"https:\/\/groupe-reussite.fr\/ressources\/cp-francais-histoire-theatre\/\">Histoire du th\u00e9\u00e2tre<\/a><\/li><li><a href=\"https:\/\/groupe-reussite.fr\/ressources\/cp-mouvements-litteraire-theatre-bac-francais\/\">Mouvements litt\u00e9raires du th\u00e9atre<\/a><\/li><li><a href=\"https:\/\/groupe-reussite.fr\/ressources\/cp-francais-parcours-associe-le-malade-imaginaire\/\">Parcours associ\u00e9 sur le th\u00e9\u00e2tre : Le malade Imaginaire<\/a><\/li><\/ul><p>Sur la litt\u00e9rature d&rsquo;id\u00e9es :<\/p><ul><li>Les <a href=\"https:\/\/groupe-reussite.fr\/ressources\/cp-francais-genres-argumentatifs\/\">genres argumentatifs au bac de fran\u00e7ais<\/a><\/li><li><a href=\"https:\/\/groupe-reussite.fr\/ressources\/cp-francais-grands-auteurs-litterature-idees\/\">Grands auteurs de la litt\u00e9rature d&rsquo;id\u00e9es<\/a><\/li><li><a href=\"https:\/\/groupe-reussite.fr\/ressources\/cp-analyser-texte-argumentatif-francais\/\">Analyser un texte argumentatif au bac de fran\u00e7ais<\/a><\/li><\/ul><p>Sur l&rsquo;oral du bac de fran\u00e7ais :\u00a0<\/p><ul><li><a href=\"https:\/\/groupe-reussite.fr\/ressources\/cp-francais-expose-oeuvre-choisie-oral-bac\/\">Pr\u00e9parer l\u2019expos\u00e9 de l\u2019\u0153uvre choisie \u00e0 l\u2019oral du bac de fran\u00e7ais<\/a><\/li><li><a href=\"https:\/\/groupe-reussite.fr\/ressources\/cp-francais-faire-fiche-revision-oral-bac\/\">Faire une fiche de r\u00e9vision pour l\u2019oral de fran\u00e7ais au bac<\/a><\/li><li><a href=\"https:\/\/groupe-reussite.fr\/ressources\/cp-francais-conseils-oral-bac\/\">Conseils pour r\u00e9ussir l&rsquo;oral au bac de fran\u00e7ais<\/a><\/li><li><a href=\"https:\/\/groupe-reussite.fr\/ressources\/cp-tout-savoir-oral-bac-francais\/\">Oral de fran\u00e7ais au bac<\/a><\/li><\/ul><p>Sur la m\u00e9thodologie :\u00a0<\/p><ul><li><a href=\"https:\/\/groupe-reussite.fr\/ressources\/cp-methode-dissertation-bac-francais\/\">M\u00e9thodologie de la dissertation sur \u0153uvre en fran\u00e7ais<\/a><\/li><li><a href=\"https:\/\/groupe-reussite.fr\/ressources\/cp-francais-exemple-introduction-dissertation-sur-oeuvre\/\">Exemple d&rsquo;introduction de dissertation en fran\u00e7ais<\/a><\/li><li><a href=\"https:\/\/groupe-reussite.fr\/ressources\/cp-methodologie-commentaire-de-texte\/\">M\u00e9thodologie du commentaire de texte<\/a><\/li><li><a href=\"https:\/\/groupe-reussite.fr\/ressources\/cp-exemples-formules-commentaire-texte\/\">Formules pour r\u00e9diger un commentaire de texte au bac de fran\u00e7ais<\/a><\/li><li><a href=\"https:\/\/groupe-reussite.fr\/ressources\/cp-specialites-terminale-francais\/\">Sp\u00e9cialit\u00e9s litt\u00e9raires en terminale quand on aime le fran\u00e7ais<\/a><\/li><\/ul><p>Sur la grammaire :\u00a0<\/p><ul><li><a href=\"https:\/\/groupe-reussite.fr\/ressources\/cp-francais-accords-groupe-nominal-sujet-verbe\/\">Accords dans le groupe nominal et entre le sujet et le verbe<\/a><\/li><li><a href=\"https:\/\/groupe-reussite.fr\/ressources\/cp-francais-relations-logiques-fondamentales\/\">Relations logiques fondamentales<\/a><\/li><li><a class=\"waffle-rich-text-link\" href=\"https:\/\/groupe-reussite.fr\/ressources\/cp-francais-relations-logiques-comparaison-condition\/\">Relations logiques fondamentales : condition et comparaison<\/a><\/li><li><a href=\"https:\/\/groupe-reussite.fr\/ressources\/cp-francais-propositions-subordonnees-relatives\/\">Propositions subordonn\u00e9es relatives<\/a><\/li><li><a href=\"https:\/\/groupe-reussite.fr\/ressources\/cp-francais-opposition-concession\/\">Opposition et concession<\/a><\/li><\/ul>\t\t\t\t\t<\/div>\n\t\t\t\t\t\t<\/div>\n\t\t\t\t<\/div>\n\t\t\t\t\t\t<\/div>\n\t\t\t\t\t<\/div>\n\t\t<\/div>\n\t\t\t\t\t\t\t\t<\/div>\n\t\t\t\t\t<\/div>\n\t\t<\/section>\n\t\t\t\t\t\t<\/div>\n\t\t\t\t\t<\/div>\n\t\t<\/div>\n\t\t\t\t\t\t\t\t<\/div>\n\t\t\t\t\t<\/div>\n\t\t<\/section>\n\t\t\t\t\t\t\t\t\t<\/div>\n\t\t\t<\/div>\n\t\t\t\t\t<\/div>\n\t\t","protected":false},"excerpt":{"rendered":"<p>Les genres narratifs &#8211; fran\u00e7ais 1\u00e8re Tout savoir sur les genres narratifs au bac de fran\u00e7ais cours particuliers cours particuliers de fran\u00e7ais R\u00e9server un cours particulier de fran\u00e7ais CONTACTEZ NOUS Le genre narratif Un genre narratif consiste \u00e0 raconter une histoire fictive ou r\u00e9elle par le biais d\u2019un narrateur. Son r\u00e9cit est compos\u00e9 d\u2019une suite [&hellip;]<\/p>\n","protected":false},"author":6,"featured_media":0,"parent":0,"menu_order":0,"comment_status":"closed","ping_status":"closed","template":"elementor_header_footer","meta":[],"yoast_head":"<!-- This site is optimized with the Yoast SEO plugin v20.2.1 - https:\/\/yoast.com\/wordpress\/plugins\/seo\/ -->\n<title>Genres narratifs au bac de fran\u00e7ais - Genres du r\u00e9cit<\/title>\n<meta name=\"description\" content=\"Les genres narratifs permettent de raconter une histoire fictive ou r\u00e9elle : roman, nouvelle, fable et r\u00e9cit biographique. Exercice corrig\u00e9.\" \/>\n<meta name=\"robots\" content=\"index, follow, max-snippet:-1, max-image-preview:large, max-video-preview:-1\" \/>\n<link rel=\"canonical\" href=\"https:\/\/groupe-reussite.fr\/ressources\/cp-francais-genres-narratifs\/\" \/>\n<meta property=\"og:locale\" content=\"fr_FR\" \/>\n<meta property=\"og:type\" content=\"article\" \/>\n<meta property=\"og:title\" content=\"Genres narratifs au bac de fran\u00e7ais - Genres du r\u00e9cit\" \/>\n<meta property=\"og:description\" content=\"Les genres narratifs permettent de raconter une histoire fictive ou r\u00e9elle : roman, nouvelle, fable et r\u00e9cit biographique. Exercice corrig\u00e9.\" \/>\n<meta property=\"og:url\" content=\"https:\/\/groupe-reussite.fr\/ressources\/cp-francais-genres-narratifs\/\" \/>\n<meta property=\"og:site_name\" content=\"Groupe R\u00e9ussite\" \/>\n<meta property=\"article:modified_time\" content=\"2023-10-18T06:56:11+00:00\" \/>\n<meta property=\"og:image\" content=\"https:\/\/groupe-reussite.fr\/ressources\/wp-content\/uploads\/2020\/03\/cours-particuliers.jpg\" \/>\n<meta name=\"twitter:card\" content=\"summary_large_image\" \/>\n<meta name=\"twitter:label1\" content=\"Dur\u00e9e de lecture estim\u00e9e\" \/>\n\t<meta name=\"twitter:data1\" content=\"17 minutes\" \/>\n<script type=\"application\/ld+json\" class=\"yoast-schema-graph\">{\"@context\":\"https:\/\/schema.org\",\"@graph\":[{\"@type\":\"WebPage\",\"@id\":\"https:\/\/groupe-reussite.fr\/ressources\/cp-francais-genres-narratifs\/\",\"url\":\"https:\/\/groupe-reussite.fr\/ressources\/cp-francais-genres-narratifs\/\",\"name\":\"Genres narratifs au bac de fran\u00e7ais - Genres du r\u00e9cit\",\"isPartOf\":{\"@id\":\"https:\/\/groupe-reussite.fr\/ressources\/#website\"},\"datePublished\":\"2022-02-10T11:46:22+00:00\",\"dateModified\":\"2023-10-18T06:56:11+00:00\",\"description\":\"Les genres narratifs permettent de raconter une histoire fictive ou r\u00e9elle : roman, nouvelle, fable et r\u00e9cit biographique. Exercice corrig\u00e9.\",\"breadcrumb\":{\"@id\":\"https:\/\/groupe-reussite.fr\/ressources\/cp-francais-genres-narratifs\/#breadcrumb\"},\"inLanguage\":\"fr-FR\",\"potentialAction\":[{\"@type\":\"ReadAction\",\"target\":[\"https:\/\/groupe-reussite.fr\/ressources\/cp-francais-genres-narratifs\/\"]}]},{\"@type\":\"BreadcrumbList\",\"@id\":\"https:\/\/groupe-reussite.fr\/ressources\/cp-francais-genres-narratifs\/#breadcrumb\",\"itemListElement\":[{\"@type\":\"ListItem\",\"position\":1,\"name\":\"Accueil\",\"item\":\"https:\/\/groupe-reussite.fr\/ressources\/\"},{\"@type\":\"ListItem\",\"position\":2,\"name\":\"Les genres narratifs au bac de fran\u00e7ais\"}]},{\"@type\":\"WebSite\",\"@id\":\"https:\/\/groupe-reussite.fr\/ressources\/#website\",\"url\":\"https:\/\/groupe-reussite.fr\/ressources\/\",\"name\":\"Groupe R\u00e9ussite\",\"description\":\"Stage et Cours particuliers maths, fran\u00e7ais, anglais, informatique, physique chimie\",\"publisher\":{\"@id\":\"https:\/\/groupe-reussite.fr\/ressources\/#organization\"},\"potentialAction\":[{\"@type\":\"SearchAction\",\"target\":{\"@type\":\"EntryPoint\",\"urlTemplate\":\"https:\/\/groupe-reussite.fr\/ressources\/?s={search_term_string}\"},\"query-input\":\"required name=search_term_string\"}],\"inLanguage\":\"fr-FR\"},{\"@type\":\"Organization\",\"@id\":\"https:\/\/groupe-reussite.fr\/ressources\/#organization\",\"name\":\"Groupe R\u00e9ussite\",\"url\":\"https:\/\/groupe-reussite.fr\/ressources\/\",\"logo\":{\"@type\":\"ImageObject\",\"inLanguage\":\"fr-FR\",\"@id\":\"https:\/\/groupe-reussite.fr\/ressources\/#\/schema\/logo\/image\/\",\"url\":\"https:\/\/groupe-reussite.fr\/ressources\/wp-content\/uploads\/2022\/05\/cropped-cropped-logo-1-1.png\",\"contentUrl\":\"https:\/\/groupe-reussite.fr\/ressources\/wp-content\/uploads\/2022\/05\/cropped-cropped-logo-1-1.png\",\"width\":273,\"height\":75,\"caption\":\"Groupe R\u00e9ussite\"},\"image\":{\"@id\":\"https:\/\/groupe-reussite.fr\/ressources\/#\/schema\/logo\/image\/\"}}]}<\/script>\n<!-- \/ Yoast SEO plugin. -->","yoast_head_json":{"title":"Genres narratifs au bac de fran\u00e7ais - Genres du r\u00e9cit","description":"Les genres narratifs permettent de raconter une histoire fictive ou r\u00e9elle : roman, nouvelle, fable et r\u00e9cit biographique. Exercice corrig\u00e9.","robots":{"index":"index","follow":"follow","max-snippet":"max-snippet:-1","max-image-preview":"max-image-preview:large","max-video-preview":"max-video-preview:-1"},"canonical":"https:\/\/groupe-reussite.fr\/ressources\/cp-francais-genres-narratifs\/","og_locale":"fr_FR","og_type":"article","og_title":"Genres narratifs au bac de fran\u00e7ais - Genres du r\u00e9cit","og_description":"Les genres narratifs permettent de raconter une histoire fictive ou r\u00e9elle : roman, nouvelle, fable et r\u00e9cit biographique. Exercice corrig\u00e9.","og_url":"https:\/\/groupe-reussite.fr\/ressources\/cp-francais-genres-narratifs\/","og_site_name":"Groupe R\u00e9ussite","article_modified_time":"2023-10-18T06:56:11+00:00","og_image":[{"url":"https:\/\/groupe-reussite.fr\/ressources\/wp-content\/uploads\/2020\/03\/cours-particuliers.jpg"}],"twitter_card":"summary_large_image","twitter_misc":{"Dur\u00e9e de lecture estim\u00e9e":"17 minutes"},"schema":{"@context":"https:\/\/schema.org","@graph":[{"@type":"WebPage","@id":"https:\/\/groupe-reussite.fr\/ressources\/cp-francais-genres-narratifs\/","url":"https:\/\/groupe-reussite.fr\/ressources\/cp-francais-genres-narratifs\/","name":"Genres narratifs au bac de fran\u00e7ais - Genres du r\u00e9cit","isPartOf":{"@id":"https:\/\/groupe-reussite.fr\/ressources\/#website"},"datePublished":"2022-02-10T11:46:22+00:00","dateModified":"2023-10-18T06:56:11+00:00","description":"Les genres narratifs permettent de raconter une histoire fictive ou r\u00e9elle : roman, nouvelle, fable et r\u00e9cit biographique. Exercice corrig\u00e9.","breadcrumb":{"@id":"https:\/\/groupe-reussite.fr\/ressources\/cp-francais-genres-narratifs\/#breadcrumb"},"inLanguage":"fr-FR","potentialAction":[{"@type":"ReadAction","target":["https:\/\/groupe-reussite.fr\/ressources\/cp-francais-genres-narratifs\/"]}]},{"@type":"BreadcrumbList","@id":"https:\/\/groupe-reussite.fr\/ressources\/cp-francais-genres-narratifs\/#breadcrumb","itemListElement":[{"@type":"ListItem","position":1,"name":"Accueil","item":"https:\/\/groupe-reussite.fr\/ressources\/"},{"@type":"ListItem","position":2,"name":"Les genres narratifs au bac de fran\u00e7ais"}]},{"@type":"WebSite","@id":"https:\/\/groupe-reussite.fr\/ressources\/#website","url":"https:\/\/groupe-reussite.fr\/ressources\/","name":"Groupe R\u00e9ussite","description":"Stage et Cours particuliers maths, fran\u00e7ais, anglais, informatique, physique chimie","publisher":{"@id":"https:\/\/groupe-reussite.fr\/ressources\/#organization"},"potentialAction":[{"@type":"SearchAction","target":{"@type":"EntryPoint","urlTemplate":"https:\/\/groupe-reussite.fr\/ressources\/?s={search_term_string}"},"query-input":"required name=search_term_string"}],"inLanguage":"fr-FR"},{"@type":"Organization","@id":"https:\/\/groupe-reussite.fr\/ressources\/#organization","name":"Groupe R\u00e9ussite","url":"https:\/\/groupe-reussite.fr\/ressources\/","logo":{"@type":"ImageObject","inLanguage":"fr-FR","@id":"https:\/\/groupe-reussite.fr\/ressources\/#\/schema\/logo\/image\/","url":"https:\/\/groupe-reussite.fr\/ressources\/wp-content\/uploads\/2022\/05\/cropped-cropped-logo-1-1.png","contentUrl":"https:\/\/groupe-reussite.fr\/ressources\/wp-content\/uploads\/2022\/05\/cropped-cropped-logo-1-1.png","width":273,"height":75,"caption":"Groupe R\u00e9ussite"},"image":{"@id":"https:\/\/groupe-reussite.fr\/ressources\/#\/schema\/logo\/image\/"}}]}},"_links":{"self":[{"href":"https:\/\/groupe-reussite.fr\/ressources\/wp-json\/wp\/v2\/pages\/151200"}],"collection":[{"href":"https:\/\/groupe-reussite.fr\/ressources\/wp-json\/wp\/v2\/pages"}],"about":[{"href":"https:\/\/groupe-reussite.fr\/ressources\/wp-json\/wp\/v2\/types\/page"}],"author":[{"embeddable":true,"href":"https:\/\/groupe-reussite.fr\/ressources\/wp-json\/wp\/v2\/users\/6"}],"replies":[{"embeddable":true,"href":"https:\/\/groupe-reussite.fr\/ressources\/wp-json\/wp\/v2\/comments?post=151200"}],"version-history":[{"count":3,"href":"https:\/\/groupe-reussite.fr\/ressources\/wp-json\/wp\/v2\/pages\/151200\/revisions"}],"predecessor-version":[{"id":192214,"href":"https:\/\/groupe-reussite.fr\/ressources\/wp-json\/wp\/v2\/pages\/151200\/revisions\/192214"}],"wp:attachment":[{"href":"https:\/\/groupe-reussite.fr\/ressources\/wp-json\/wp\/v2\/media?parent=151200"}],"curies":[{"name":"wp","href":"https:\/\/api.w.org\/{rel}","templated":true}]}}