{"id":151429,"date":"2022-02-10T11:42:47","date_gmt":"2022-02-10T10:42:47","guid":{"rendered":"https:\/\/groupe-reussite.fr\/?page_id=151429"},"modified":"2023-11-13T19:13:23","modified_gmt":"2023-11-13T18:13:23","slug":"cp-mouvements-formes-poetiques-bac-francais","status":"publish","type":"page","link":"https:\/\/groupe-reussite.fr\/ressources\/cp-mouvements-formes-poetiques-bac-francais\/","title":{"rendered":"La po\u00e9sie du XIXe au XXe si\u00e8cle : fiche de r\u00e9vision"},"content":{"rendered":"\t\t<div data-elementor-type=\"wp-page\" data-elementor-id=\"151429\" class=\"elementor elementor-151429\">\n\t\t\t\t\t\t<div class=\"elementor-inner\">\n\t\t\t\t<div class=\"elementor-section-wrap\">\n\t\t\t\t\t\t\t\n\t\t<script type=\"text\/javascript\">\n\t\t\tjQuery(document).ready(function() {\n\n\t\t\t\tjQuery(\".elementor-element-6fe69c56\").prepend('<div class=\"aepro-section-bs\"><div class=\"aepro-section-bs-inner\"><\/div><\/div>');\n\t\t\t\tvar bgimage = '';\n\t\t\t\tif ('yes' == 'yes') {\n\n\t\t\t\t\t\/\/if(bgimage == ''){\n\t\t\t\t\t\/\/    var bgoverlay = '';\n\t\t\t\t\t\/\/}else{\n\t\t\t\t\tvar bgoverlay = 'https:\/\/groupe-reussite.fr\/ressources\/wp-content\/plugins\/anywhere-elementor-pro\/includes\/assets\/lib\/vegas\/overlays\/00.png';\n\t\t\t\t\t\/\/ }\n\t\t\t\t} else {\n\t\t\t\t\tif ('') {\n\t\t\t\t\t\tvar bgoverlay = 'https:\/\/groupe-reussite.fr\/ressources\/wp-content\/plugins\/anywhere-elementor-pro\/includes\/assets\/lib\/vegas\/overlays\/.png';\n\t\t\t\t\t} else {\n\t\t\t\t\t\tvar bgoverlay = 'https:\/\/groupe-reussite.fr\/ressources\/wp-content\/plugins\/anywhere-elementor-pro\/includes\/assets\/lib\/vegas\/overlays\/00.png';\n\t\t\t\t\t}\n\t\t\t\t}\n\n\n\t\t\t\tjQuery(\".elementor-element-6fe69c56\").children('.aepro-section-bs').children('.aepro-section-bs-inner').vegas({\n\t\t\t\t\tslides: [{\"src\":\"https:\\\/\\\/groupe-reussite.fr\\\/ressources\\\/wp-content\\\/uploads\\\/2017\\\/11\\\/stage-maths-sup-spe-banniere-3.jpg\"}],\n\t\t\t\t\ttransition: 'fade',\n\t\t\t\t\tanimation: 'kenburns',\n\t\t\t\t\toverlay: bgoverlay,\n\t\t\t\t\tcover: true,\n\t\t\t\t\tdelay: 5000,\n\t\t\t\t\ttimer: true\t\t\t\t});\n\t\t\t\tif ('yes' == 'yes') {\n\t\t\t\t\tjQuery(\".elementor-element-6fe69c56\").children('.aepro-section-bs').children('.aepro-section-bs-inner').children('.vegas-overlay').css('background-image', '');\n\t\t\t\t}\n\t\t\t});\n\t\t<\/script>\n\t\t\t\t<section class=\"has_ae_slider elementor-section elementor-top-section elementor-element elementor-element-6fe69c56 elementor-section-stretched elementor-section-boxed elementor-section-height-default elementor-section-height-default ae-bg-gallery-type-default\" data-id=\"6fe69c56\" data-element_type=\"section\" id=\"header_height\" data-settings=\"{&quot;stretch_section&quot;:&quot;section-stretched&quot;,&quot;background_background&quot;:&quot;classic&quot;}\">\n\t\t\t\t\t\t<div class=\"elementor-container elementor-column-gap-default\">\n\t\t\t\t\t\t\t<div class=\"elementor-row\">\n\t\t\t\t\t<div class=\"has_ae_slider elementor-column elementor-col-100 elementor-top-column elementor-element elementor-element-75db7b60 ae-bg-gallery-type-default\" data-id=\"75db7b60\" data-element_type=\"column\">\n\t\t\t<div class=\"elementor-column-wrap elementor-element-populated\">\n\t\t\t\t\t\t\t<div class=\"elementor-widget-wrap\">\n\t\t\t\t\t\t<div class=\"elementor-element elementor-element-711e6392 elementor-widget elementor-widget-heading\" data-id=\"711e6392\" data-element_type=\"widget\" data-widget_type=\"heading.default\">\n\t\t\t\t<div class=\"elementor-widget-container\">\n\t\t\t<h1 class=\"elementor-heading-title elementor-size-default\">Les mouvements et formes po\u00e9tiques du XIX\u00e8me et XX\u00e8me si\u00e8cle<\/h1>\t\t<\/div>\n\t\t\t\t<\/div>\n\t\t\t\t<div class=\"elementor-element elementor-element-3a6c4711 elementor-widget elementor-widget-heading\" data-id=\"3a6c4711\" data-element_type=\"widget\" data-widget_type=\"heading.default\">\n\t\t\t\t<div class=\"elementor-widget-container\">\n\t\t\t<h2 class=\"elementor-heading-title elementor-size-default\">La po\u00e9sie fran\u00e7aise par \u00e9poque - Bac de fran\u00e7ais<\/h2>\t\t<\/div>\n\t\t\t\t<\/div>\n\t\t\t\t<div class=\"elementor-element elementor-element-317fa871 elementor-widget elementor-widget-text-editor\" data-id=\"317fa871\" data-element_type=\"widget\" data-widget_type=\"text-editor.default\">\n\t\t\t\t<div class=\"elementor-widget-container\">\n\t\t\t\t\t\t\t\t<div class=\"elementor-text-editor elementor-clearfix\">\n\t\t\t\t<p style=\"text-align: justify\">\t\t<div data-elementor-type=\"section\" data-elementor-id=\"112233\" class=\"elementor elementor-112233\">\n\t\t\t\t\t<div class=\"elementor-section-wrap\">\n\t\t\t\t\t\t\t\t<section class=\"has_ae_slider elementor-section elementor-inner-section elementor-element elementor-element-2753c5f2 elementor-section-content-bottom elementor-section-full_width elementor-section-height-min-height elementor-section-height-default ae-bg-gallery-type-default\" data-id=\"2753c5f2\" data-element_type=\"section\">\n\t\t\t\t\t\t<div class=\"elementor-container elementor-column-gap-default\">\n\t\t\t\t\t\t\t<div class=\"elementor-row\">\n\t\t\t\t\t<div class=\"has_ae_slider elementor-column elementor-col-100 elementor-inner-column elementor-element elementor-element-27ee3c1b ae-bg-gallery-type-default\" data-id=\"27ee3c1b\" data-element_type=\"column\">\n\t\t\t<div class=\"elementor-column-wrap elementor-element-populated\">\n\t\t\t\t\t\t\t<div class=\"elementor-widget-wrap\">\n\t\t\t\t\t\t<div class=\"elementor-element elementor-element-4c70fc7d elementor-align-center elementor-widget elementor-widget-button\" data-id=\"4c70fc7d\" data-element_type=\"widget\" data-widget_type=\"button.default\">\n\t\t\t\t<div class=\"elementor-widget-container\">\n\t\t\t\t\t<div class=\"elementor-button-wrapper\">\n\t\t\t<a href=\"https:\/\/groupe-reussite.fr\/cours-particuliers\/francais\/tous-niveaux\/france\/\" target=\"_blank\" class=\"elementor-button-link elementor-button elementor-size-md elementor-animation-grow\" role=\"button\">\n\t\t\t\t\t\t<span class=\"elementor-button-content-wrapper\">\n\t\t\t\t\t\t\t<span class=\"elementor-button-icon elementor-align-icon-right\">\n\t\t\t\t<i aria-hidden=\"true\" class=\"fas fa-bookmark\"><\/i>\t\t\t<\/span>\n\t\t\t\t\t\t<span class=\"elementor-button-text\">Trouver des professeurs particuliers de fran\u00e7ais<\/span>\n\t\t<\/span>\n\t\t\t\t\t<\/a>\n\t\t<\/div>\n\t\t\t\t<\/div>\n\t\t\t\t<\/div>\n\t\t\t\t\t\t<\/div>\n\t\t\t\t\t<\/div>\n\t\t<\/div>\n\t\t\t\t\t\t\t\t<\/div>\n\t\t\t\t\t<\/div>\n\t\t<\/section>\n\t\t\t\t\t\t\t<\/div>\n\t\t\t\t<\/div>\n\t\t<\/p>\t\t\t\t\t<\/div>\n\t\t\t\t\t\t<\/div>\n\t\t\t\t<\/div>\n\t\t\t\t\t\t<\/div>\n\t\t\t\t\t<\/div>\n\t\t<\/div>\n\t\t\t\t\t\t\t\t<\/div>\n\t\t\t\t\t<\/div>\n\t\t<\/section>\n\t\t\t\t<section class=\"has_ae_slider elementor-section elementor-top-section elementor-element elementor-element-2305ac68 elementor-section-full_width sticky_page elementor-section-height-default elementor-section-height-default ae-bg-gallery-type-default\" data-id=\"2305ac68\" data-element_type=\"section\">\n\t\t\t\t\t\t<div class=\"elementor-container elementor-column-gap-no\">\n\t\t\t\t\t\t\t<div class=\"elementor-row\">\n\t\t\t\t\t<div class=\"has_ae_slider elementor-column elementor-col-33 elementor-top-column elementor-element elementor-element-35198305 col_height ae-bg-gallery-type-default\" data-id=\"35198305\" data-element_type=\"column\" data-settings=\"{&quot;background_background&quot;:&quot;classic&quot;}\">\n\t\t\t<div class=\"elementor-column-wrap elementor-element-populated\">\n\t\t\t\t\t\t\t<div class=\"elementor-widget-wrap\">\n\t\t\t\t\t\t<section class=\"has_ae_slider elementor-section elementor-inner-section elementor-element elementor-element-a0da148 elementor-section-content-middle wrap elementor-section-boxed elementor-section-height-default elementor-section-height-default ae-bg-gallery-type-default\" data-id=\"a0da148\" data-element_type=\"section\">\n\t\t\t\t\t\t<div class=\"elementor-container elementor-column-gap-no\">\n\t\t\t\t\t\t\t<div class=\"elementor-row\">\n\t\t\t\t\t<div class=\"has_ae_slider elementor-column elementor-col-50 elementor-inner-column elementor-element elementor-element-f0a61b5 hide_col ae-bg-gallery-type-default\" data-id=\"f0a61b5\" data-element_type=\"column\">\n\t\t\t<div class=\"elementor-column-wrap\">\n\t\t\t\t\t\t\t<div class=\"elementor-widget-wrap\">\n\t\t\t\t\t\t\t\t<\/div>\n\t\t\t\t\t<\/div>\n\t\t<\/div>\n\t\t\t\t<div class=\"has_ae_slider elementor-column elementor-col-50 elementor-inner-column elementor-element elementor-element-0cc537f strick_col ae-bg-gallery-type-default\" data-id=\"0cc537f\" data-element_type=\"column\" data-settings=\"{&quot;background_background&quot;:&quot;classic&quot;}\">\n\t\t\t<div class=\"elementor-column-wrap elementor-element-populated\">\n\t\t\t\t\t\t\t<div class=\"elementor-widget-wrap\">\n\t\t\t\t\t\t<div class=\"elementor-element elementor-element-8ea110b elementor-widget elementor-widget-image\" data-id=\"8ea110b\" data-element_type=\"widget\" data-widget_type=\"image.default\">\n\t\t\t\t<div class=\"elementor-widget-container\">\n\t\t\t\t\t\t\t\t<div class=\"elementor-image\">\n\t\t\t\t\t\t\t\t\t\t\t\t<img width=\"300\" height=\"210\" src=\"https:\/\/groupe-reussite.fr\/ressources\/wp-content\/uploads\/2020\/03\/cours-particuliers.jpg\" class=\"attachment-large size-large wp-image-44782\" alt=\"cours-particulier-paris\" loading=\"lazy\" \/>\t\t\t\t\t\t\t\t\t\t\t\t\t\t<\/div>\n\t\t\t\t\t\t<\/div>\n\t\t\t\t<\/div>\n\t\t\t\t<div class=\"elementor-element elementor-element-7f26875 elementor-widget elementor-widget-heading\" data-id=\"7f26875\" data-element_type=\"widget\" data-widget_type=\"heading.default\">\n\t\t\t\t<div class=\"elementor-widget-container\">\n\t\t\t<h3 class=\"elementor-heading-title elementor-size-default\">cours particuliers<\/h3>\t\t<\/div>\n\t\t\t\t<\/div>\n\t\t\t\t<div class=\"elementor-element elementor-element-8bb5cca elementor-widget elementor-widget-heading\" data-id=\"8bb5cca\" data-element_type=\"widget\" data-widget_type=\"heading.default\">\n\t\t\t\t<div class=\"elementor-widget-container\">\n\t\t\t<h4 class=\"elementor-heading-title elementor-size-default\">cours particuliers de fran\u00e7ais<\/h4>\t\t<\/div>\n\t\t\t\t<\/div>\n\t\t\t\t<div class=\"elementor-element elementor-element-3ef90c6 elementor-align-center elementor-widget elementor-widget-button\" data-id=\"3ef90c6\" data-element_type=\"widget\" data-widget_type=\"button.default\">\n\t\t\t\t<div class=\"elementor-widget-container\">\n\t\t\t\t\t<div class=\"elementor-button-wrapper\">\n\t\t\t<a href=\"https:\/\/groupe-reussite.fr\/cours-particuliers\/francais\/tous-niveaux\/france\/\" target=\"_blank\" class=\"elementor-button-link elementor-button elementor-size-sm\" role=\"button\">\n\t\t\t\t\t\t<span class=\"elementor-button-content-wrapper\">\n\t\t\t\t\t\t<span class=\"elementor-button-text\">r\u00e9server un cours particulier de fran\u00e7ais<\/span>\n\t\t<\/span>\n\t\t\t\t\t<\/a>\n\t\t<\/div>\n\t\t\t\t<\/div>\n\t\t\t\t<\/div>\n\t\t\t\t<div class=\"elementor-element elementor-element-db1d68a elementor-align-justify elementor-widget elementor-widget-button\" data-id=\"db1d68a\" data-element_type=\"widget\" data-widget_type=\"button.default\">\n\t\t\t\t<div class=\"elementor-widget-container\">\n\t\t\t\t\t<div class=\"elementor-button-wrapper\">\n\t\t\t<a href=\"https:\/\/groupe-reussite.fr\/nous-contacter\/\" class=\"elementor-button-link elementor-button elementor-size-sm\" role=\"button\">\n\t\t\t\t\t\t<span class=\"elementor-button-content-wrapper\">\n\t\t\t\t\t\t<span class=\"elementor-button-text\">CONTACTEZ  NOUS<\/span>\n\t\t<\/span>\n\t\t\t\t\t<\/a>\n\t\t<\/div>\n\t\t\t\t<\/div>\n\t\t\t\t<\/div>\n\t\t\t\t\t\t<\/div>\n\t\t\t\t\t<\/div>\n\t\t<\/div>\n\t\t\t\t\t\t\t\t<\/div>\n\t\t\t\t\t<\/div>\n\t\t<\/section>\n\t\t\t\t\t\t<\/div>\n\t\t\t\t\t<\/div>\n\t\t<\/div>\n\t\t\t\t<div class=\"has_ae_slider elementor-column elementor-col-66 elementor-top-column elementor-element elementor-element-12987e37 section_width ae-bg-gallery-type-default\" data-id=\"12987e37\" data-element_type=\"column\">\n\t\t\t<div class=\"elementor-column-wrap elementor-element-populated\">\n\t\t\t\t\t\t\t<div class=\"elementor-widget-wrap\">\n\t\t\t\t\t\t<section class=\"has_ae_slider elementor-section elementor-inner-section elementor-element elementor-element-1e473da0 elementor-section-content-middle full_width elementor-section-boxed elementor-section-height-default elementor-section-height-default ae-bg-gallery-type-default\" data-id=\"1e473da0\" data-element_type=\"section\">\n\t\t\t\t\t\t<div class=\"elementor-container elementor-column-gap-no\">\n\t\t\t\t\t\t\t<div class=\"elementor-row\">\n\t\t\t\t\t<div class=\"has_ae_slider elementor-column elementor-col-100 elementor-inner-column elementor-element elementor-element-240e788 ae-bg-gallery-type-default\" data-id=\"240e788\" data-element_type=\"column\">\n\t\t\t<div class=\"elementor-column-wrap elementor-element-populated\">\n\t\t\t\t\t\t\t<div class=\"elementor-widget-wrap\">\n\t\t\t\t\t\t<div class=\"elementor-element elementor-element-47c485af elementor-widget elementor-widget-text-editor\" data-id=\"47c485af\" data-element_type=\"widget\" data-widget_type=\"text-editor.default\">\n\t\t\t\t<div class=\"elementor-widget-container\">\n\t\t\t\t\t\t\t\t<div class=\"elementor-text-editor elementor-clearfix\">\n\t\t\t\t<h2>La po\u00e9sie au bac de fran\u00e7ais &#8211; formes po\u00e9tiques<\/h2>\t\t\t\t\t<\/div>\n\t\t\t\t\t\t<\/div>\n\t\t\t\t<\/div>\n\t\t\t\t<div class=\"elementor-element elementor-element-180d4d0 elementor-widget elementor-widget-text-editor\" data-id=\"180d4d0\" data-element_type=\"widget\" data-widget_type=\"text-editor.default\">\n\t\t\t\t<div class=\"elementor-widget-container\">\n\t\t\t\t\t\t\t\t<div class=\"elementor-text-editor elementor-clearfix\">\n\t\t\t\t<p>Les XIX\u00e8me si\u00e8cle et XX\u00e8me si\u00e8cle sont des p\u00e9riodes riches en bouleversements litt\u00e9raires : les auteurs bousculent les codes anciens pour entrer dans la modernit\u00e9. Ainsi, la po\u00e9sie ne fait pas exception et ces deux si\u00e8cles voient na\u00eetre de nouveaux mouvements et de nouvelles formes po\u00e9tiques. Les <strong>formes po\u00e9tiques<\/strong> sont \u00e0 \u00e9tudier et bien maitriser pour le bac de fran\u00e7ais.<\/p><p>La po\u00e9sie est un genre litt\u00e9raire qui fait partie du <a href=\"https:\/\/groupe-reussite.fr\/ressources\/cp-epreuves-programme-bac-francais\/\">programme au bac de fran\u00e7ais<\/a> tout comme le th\u00e9\u00e2tre, la litt\u00e9rature d\u2019id\u00e9es et le roman. Les <a href=\"https:\/\/groupe-reussite.fr\/ressources\/cp-tout-savoir-sur-les-cours-de-francais-au-lycee\/\">cours de fran\u00e7ais au lyc\u00e9e<\/a> permettent aux \u00e9l\u00e8ves de s\u2019entra\u00eener via des m\u00e9thodologies donn\u00e9es, comme la <a href=\"https:\/\/groupe-reussite.fr\/ressources\/cp-methodologie-commentaire-de-texte\/\">m\u00e9thodologie du commentaire de texte<\/a> ou encore celle sur la dissertation sur \u0153uvre.<\/p><p style=\"text-align: justify\">Pour <strong>r\u00e9ussir l\u2019\u00e9preuve de fran\u00e7ais<\/strong>, il convient de savoir <a href=\"https:\/\/groupe-reussite.fr\/ressources\/cp-analyser-texte-poetique\/\">analyser un texte de po\u00e9sie<\/a>, mais \u00e9galement savoir <a href=\"https:\/\/groupe-reussite.fr\/ressources\/cp-analyser-roman-bac-francais\/\">analyser un texte de roman<\/a>, un texte th\u00e9\u00e2tral et un texte argumentatif. Si vous souhaitez vous perfectionner et obtenir une pr\u00e9paration plus approfondie, envisager des <a href=\"https:\/\/groupe-reussite.fr\/cours-particuliers\/francais\/tous-niveaux\/france\/\">cours particuliers de fran\u00e7ais<\/a> peut \u00eatre une solution judicieuse. Ces cours vous permettront de travailler sp\u00e9cifiquement sur l&rsquo;analyse de chaque type de texte, de renforcer vos comp\u00e9tences d&rsquo;interpr\u00e9tation litt\u00e9raire et d&rsquo;argumentation, et de vous pr\u00e9parer de mani\u00e8re plus efficace et confiante \u00e0 l&rsquo;\u00e9preuve de fran\u00e7ais.<\/p><p>\t\t<div data-elementor-type=\"section\" data-elementor-id=\"184644\" class=\"elementor elementor-184644\">\n\t\t\t\t\t<div class=\"elementor-section-wrap\">\n\t\t\t\t\t\t\t\t<section class=\"has_ae_slider elementor-section elementor-inner-section elementor-element elementor-element-5245d8e4 elementor-section-content-bottom full_width elementor-section-full_width elementor-section-height-min-height elementor-section-height-default ae-bg-gallery-type-default\" data-id=\"5245d8e4\" data-element_type=\"section\" data-settings=\"{&quot;background_background&quot;:&quot;classic&quot;}\">\n\t\t\t\t\t\t<div class=\"elementor-container elementor-column-gap-narrow\">\n\t\t\t\t\t\t\t<div class=\"elementor-row\">\n\t\t\t\t\t<div class=\"has_ae_slider elementor-column elementor-col-66 elementor-inner-column elementor-element elementor-element-4d0b6ee0 ae-bg-gallery-type-default\" data-id=\"4d0b6ee0\" data-element_type=\"column\">\n\t\t\t<div class=\"elementor-column-wrap elementor-element-populated\">\n\t\t\t\t\t\t\t<div class=\"elementor-widget-wrap\">\n\t\t\t\t\t\t<div class=\"elementor-element elementor-element-639707c8 elementor-widget elementor-widget-heading\" data-id=\"639707c8\" data-element_type=\"widget\" data-widget_type=\"heading.default\">\n\t\t\t\t<div class=\"elementor-widget-container\">\n\t\t\t<h3 class=\"elementor-heading-title elementor-size-default\">COURS DE FRANCAIS<\/h3>\t\t<\/div>\n\t\t\t\t<\/div>\n\t\t\t\t<div class=\"elementor-element elementor-element-3891c3a2 elementor-widget elementor-widget-heading\" data-id=\"3891c3a2\" data-element_type=\"widget\" data-widget_type=\"heading.default\">\n\t\t\t\t<div class=\"elementor-widget-container\">\n\t\t\t<h4 class=\"elementor-heading-title elementor-size-default\">Les meilleurs enseignants de lettres<\/h4>\t\t<\/div>\n\t\t\t\t<\/div>\n\t\t\t\t<div class=\"elementor-element elementor-element-51df257e elementor-widget elementor-widget-heading\" data-id=\"51df257e\" data-element_type=\"widget\" data-widget_type=\"heading.default\">\n\t\t\t\t<div class=\"elementor-widget-container\">\n\t\t\t<h4 class=\"elementor-heading-title elementor-size-default\">Gagner en confiance et r\u00e9ussir<\/h4>\t\t<\/div>\n\t\t\t\t<\/div>\n\t\t\t\t<div class=\"elementor-element elementor-element-63eb7608 elementor-align-left elementor-mobile-align-center elementor-widget elementor-widget-button\" data-id=\"63eb7608\" data-element_type=\"widget\" data-widget_type=\"button.default\">\n\t\t\t\t<div class=\"elementor-widget-container\">\n\t\t\t\t\t<div class=\"elementor-button-wrapper\">\n\t\t\t<a href=\"https:\/\/groupe-reussite.fr\/cours-particuliers\/francais\/tous-niveaux\/france\/\" target=\"_blank\" class=\"elementor-button-link elementor-button elementor-size-md\" role=\"button\" id=\"CTA_PRD_CP\">\n\t\t\t\t\t\t<span class=\"elementor-button-content-wrapper\">\n\t\t\t\t\t\t<span class=\"elementor-button-text\">Cours particulier francais<\/span>\n\t\t<\/span>\n\t\t\t\t\t<\/a>\n\t\t<\/div>\n\t\t\t\t<\/div>\n\t\t\t\t<\/div>\n\t\t\t\t<div class=\"elementor-element elementor-element-75d943dd elementor-widget elementor-widget-text-editor\" data-id=\"75d943dd\" data-element_type=\"widget\" data-widget_type=\"text-editor.default\">\n\t\t\t\t<div class=\"elementor-widget-container\">\n\t\t\t\t\t\t\t\t<div class=\"elementor-text-editor elementor-clearfix\">\n\t\t\t\t<p style=\"text-align: left\"><b>Avis Google France <\/b><span style=\"color: #e5a430\"><b>\u2605\u2605\u2605\u2605\u2605<\/b><\/span><b> 4,9 sur 5<\/b><\/p>\t\t\t\t\t<\/div>\n\t\t\t\t\t\t<\/div>\n\t\t\t\t<\/div>\n\t\t\t\t\t\t<\/div>\n\t\t\t\t\t<\/div>\n\t\t<\/div>\n\t\t\t\t<div class=\"has_ae_slider elementor-column elementor-col-33 elementor-inner-column elementor-element elementor-element-69dc374c ae-bg-gallery-type-default\" data-id=\"69dc374c\" data-element_type=\"column\">\n\t\t\t<div class=\"elementor-column-wrap\">\n\t\t\t\t\t\t\t<div class=\"elementor-widget-wrap\">\n\t\t\t\t\t\t\t\t<\/div>\n\t\t\t\t\t<\/div>\n\t\t<\/div>\n\t\t\t\t\t\t\t\t<\/div>\n\t\t\t\t\t<\/div>\n\t\t<\/section>\n\t\t\t\t\t\t\t<\/div>\n\t\t\t\t<\/div>\n\t\t<\/p>\t\t\t\t\t<\/div>\n\t\t\t\t\t\t<\/div>\n\t\t\t\t<\/div>\n\t\t\t\t<div class=\"elementor-element elementor-element-2b94709 elementor-widget elementor-widget-text-editor\" data-id=\"2b94709\" data-element_type=\"widget\" data-widget_type=\"text-editor.default\">\n\t\t\t\t<div class=\"elementor-widget-container\">\n\t\t\t\t\t\t\t\t<div class=\"elementor-text-editor elementor-clearfix\">\n\t\t\t\t<h2>La po\u00e9sie au XIX\u00e8me si\u00e8cle\u00a0<\/h2>\t\t\t\t\t<\/div>\n\t\t\t\t\t\t<\/div>\n\t\t\t\t<\/div>\n\t\t\t\t<div class=\"elementor-element elementor-element-33eaed0 elementor-widget elementor-widget-text-editor\" data-id=\"33eaed0\" data-element_type=\"widget\" data-widget_type=\"text-editor.default\">\n\t\t\t\t<div class=\"elementor-widget-container\">\n\t\t\t\t\t\t\t\t<div class=\"elementor-text-editor elementor-clearfix\">\n\t\t\t\t<p>Le XIX\u00e8me si\u00e8cle est marqu\u00e9 par une grande instabilit\u00e9 politique : l\u2019instauration des premi\u00e8res r\u00e9publiques est entrecoup\u00e9e par le retour \u00e0 la monarchie et l\u2019instauration de l\u2019Empire (Napol\u00e9on Ier et Napol\u00e9on III). C\u2019est aussi l\u2019\u00e9poque de la <strong>r\u00e9volution industrielle<\/strong> pendant laquelle de nombreuses inventions voient le jour, comme l\u2019\u00e9lectricit\u00e9, le cin\u00e9ma ou la machine \u00e0 vapeur. C\u2019est dans ce contexte que se cr\u00e9ent des <strong>mouvements et des formes po\u00e9tiques nouvelles<\/strong>.<\/p>\t\t\t\t\t<\/div>\n\t\t\t\t\t\t<\/div>\n\t\t\t\t<\/div>\n\t\t\t\t<div class=\"elementor-element elementor-element-62d6cb0 blacktitle elementor-widget elementor-widget-text-editor\" data-id=\"62d6cb0\" data-element_type=\"widget\" data-widget_type=\"text-editor.default\">\n\t\t\t\t<div class=\"elementor-widget-container\">\n\t\t\t\t\t\t\t\t<div class=\"elementor-text-editor elementor-clearfix\">\n\t\t\t\t<h3>Les mouvements po\u00e9tiques : romantisme, parnasse et symbolisme<\/h3>\t\t\t\t\t<\/div>\n\t\t\t\t\t\t<\/div>\n\t\t\t\t<\/div>\n\t\t\t\t<div class=\"elementor-element elementor-element-4bcca69 blacktitle elementor-widget elementor-widget-text-editor\" data-id=\"4bcca69\" data-element_type=\"widget\" data-widget_type=\"text-editor.default\">\n\t\t\t\t<div class=\"elementor-widget-container\">\n\t\t\t\t\t\t\t\t<div class=\"elementor-text-editor elementor-clearfix\">\n\t\t\t\t<h4>Le mouvement litt\u00e9raire du romantisme\u00a0<\/h4>\t\t\t\t\t<\/div>\n\t\t\t\t\t\t<\/div>\n\t\t\t\t<\/div>\n\t\t\t\t<div class=\"elementor-element elementor-element-920204e elementor-widget elementor-widget-text-editor\" data-id=\"920204e\" data-element_type=\"widget\" data-widget_type=\"text-editor.default\">\n\t\t\t\t<div class=\"elementor-widget-container\">\n\t\t\t\t\t\t\t\t<div class=\"elementor-text-editor elementor-clearfix\">\n\t\t\t\t<p>Le<strong> romantisme po\u00e9tique<\/strong>, apparu en France vers 1820, se caract\u00e9rise par plusieurs dimensions :<\/p><p>Tout d\u2019abord, il est marqu\u00e9 par l\u2019<strong>expression \u00e0 la premi\u00e8re personne du singulier<\/strong>. C\u2019est le \u201cje\u201d lyrique du po\u00e8te qui cherche \u00e0 exprimer ses \u00e9motions intimes, \u00e0 partager avec le lecteur son exp\u00e9rience subjective du monde. Le <strong>registre lyrique<\/strong> est alors de mise.<\/p><p>D\u00e8s lors, certains th\u00e8mes deviennent r\u00e9currents dans la po\u00e9sie romantique. On peut noter la fuite du temps, le r\u00eave, la perte de la femme aim\u00e9e, la nature, la m\u00e9lancolie, le voyage\u2026 Souvent exprim\u00e9s sous la forme du <strong>regret<\/strong>, le lyrisme se teinte d\u2019un <strong>ton \u00e9l\u00e9giaque<\/strong> (le ton de la plainte). En effet, le po\u00e8te romantique se sent particuli\u00e8rement nostalgique et m\u00e9lancolique : c\u2019est le \u201c<strong>mal du si\u00e8cle<\/strong>\u201d g\u00e9n\u00e9r\u00e9 par les d\u00e9sillusions apr\u00e8s la chute de l\u2019Empire.<\/p><p>C\u2019est pourquoi les po\u00e8tes romantiques sont souvent tourn\u00e9s vers<strong> l\u2019ailleurs et le lointain<\/strong>. Mal \u00e0 l\u2019aise dans la soci\u00e9t\u00e9 actuelle, ils sont pouss\u00e9s par un<strong> besoin d\u2019\u00e9vasion<\/strong>, que ce soit par le voyage vers des contr\u00e9es exotiques (souvent l\u2019orient) ou par l\u2019int\u00e9r\u00eat pour une p\u00e9riode ancienne (souvent le moyen-\u00e2ge). L\u2019ailleurs repr\u00e9sente par cons\u00e9quent un id\u00e9al, un monde plus adapt\u00e9 \u00e0 l\u2019\u00e9panouissement de leur sensibilit\u00e9.<\/p><p>Toutefois, le po\u00e8te romantique n\u2019est pas qu\u2019un simple observateur passif ou un r\u00eaveur contemplatif. C\u2019est aussi un <strong>po\u00e8te engag\u00e9<\/strong> qui commente l\u2019histoire pour en tirer des enseignements. Ainsi, de nombreux po\u00e8tes participent \u00e0 la vie politique fran\u00e7aise, comme <strong>Victor Hugo et Alphonse de Lamartine<\/strong> qui sont \u00e9lus d\u00e9put\u00e9s.<\/p><p>Les <strong>po\u00e8tes romantiques<\/strong> c\u00e9l\u00e8bres :<\/p><ul><li>Alphonse de Lamartine (1790-1869)<\/li><li>Victor Hugo (1802-1885)<\/li><li>Alfred de Vigny (1797-1863)<\/li><li>Alfred de Musset (1810-1857).<\/li><\/ul><p>\t\t<div data-elementor-type=\"section\" data-elementor-id=\"112233\" class=\"elementor elementor-112233\">\n\t\t\t\t\t<div class=\"elementor-section-wrap\">\n\t\t\t\t\t\t\t\t<section class=\"has_ae_slider elementor-section elementor-inner-section elementor-element elementor-element-2753c5f2 elementor-section-content-bottom elementor-section-full_width elementor-section-height-min-height elementor-section-height-default ae-bg-gallery-type-default\" data-id=\"2753c5f2\" data-element_type=\"section\">\n\t\t\t\t\t\t<div class=\"elementor-container elementor-column-gap-default\">\n\t\t\t\t\t\t\t<div class=\"elementor-row\">\n\t\t\t\t\t<div class=\"has_ae_slider elementor-column elementor-col-100 elementor-inner-column elementor-element elementor-element-27ee3c1b ae-bg-gallery-type-default\" data-id=\"27ee3c1b\" data-element_type=\"column\">\n\t\t\t<div class=\"elementor-column-wrap elementor-element-populated\">\n\t\t\t\t\t\t\t<div class=\"elementor-widget-wrap\">\n\t\t\t\t\t\t<div class=\"elementor-element elementor-element-4c70fc7d elementor-align-center elementor-widget elementor-widget-button\" data-id=\"4c70fc7d\" data-element_type=\"widget\" data-widget_type=\"button.default\">\n\t\t\t\t<div class=\"elementor-widget-container\">\n\t\t\t\t\t<div class=\"elementor-button-wrapper\">\n\t\t\t<a href=\"https:\/\/groupe-reussite.fr\/cours-particuliers\/francais\/tous-niveaux\/france\/\" target=\"_blank\" class=\"elementor-button-link elementor-button elementor-size-md elementor-animation-grow\" role=\"button\">\n\t\t\t\t\t\t<span class=\"elementor-button-content-wrapper\">\n\t\t\t\t\t\t\t<span class=\"elementor-button-icon elementor-align-icon-right\">\n\t\t\t\t<i aria-hidden=\"true\" class=\"fas fa-bookmark\"><\/i>\t\t\t<\/span>\n\t\t\t\t\t\t<span class=\"elementor-button-text\">Trouver des professeurs particuliers de fran\u00e7ais<\/span>\n\t\t<\/span>\n\t\t\t\t\t<\/a>\n\t\t<\/div>\n\t\t\t\t<\/div>\n\t\t\t\t<\/div>\n\t\t\t\t\t\t<\/div>\n\t\t\t\t\t<\/div>\n\t\t<\/div>\n\t\t\t\t\t\t\t\t<\/div>\n\t\t\t\t\t<\/div>\n\t\t<\/section>\n\t\t\t\t\t\t\t<\/div>\n\t\t\t\t<\/div>\n\t\t<\/p>\t\t\t\t\t<\/div>\n\t\t\t\t\t\t<\/div>\n\t\t\t\t<\/div>\n\t\t\t\t<div class=\"elementor-element elementor-element-6902eb5 blacktitle elementor-widget elementor-widget-text-editor\" data-id=\"6902eb5\" data-element_type=\"widget\" data-widget_type=\"text-editor.default\">\n\t\t\t\t<div class=\"elementor-widget-container\">\n\t\t\t\t\t\t\t\t<div class=\"elementor-text-editor elementor-clearfix\">\n\t\t\t\t<h4>Le Parnasse<\/h4>\t\t\t\t\t<\/div>\n\t\t\t\t\t\t<\/div>\n\t\t\t\t<\/div>\n\t\t\t\t<div class=\"elementor-element elementor-element-d156361 elementor-widget elementor-widget-text-editor\" data-id=\"d156361\" data-element_type=\"widget\" data-widget_type=\"text-editor.default\">\n\t\t\t\t<div class=\"elementor-widget-container\">\n\t\t\t\t\t\t\t\t<div class=\"elementor-text-editor elementor-clearfix\">\n\t\t\t\t<p>Le<strong> Parnasse<\/strong> rend hommage par son nom au<strong> Mont Parnasse<\/strong>, en Gr\u00e8ce, o\u00f9, selon la l\u00e9gende, r\u00e9sidait Apollon (le Dieu de la Po\u00e9sie) et les neuf muses.<\/p><p>C\u2019est en r\u00e9action avec le caract\u00e8re engag\u00e9 des po\u00e8tes romantiques que va se constituer ce groupe de jeunes auteurs, qui revendiquent<strong> la culture du Beau et de l\u2019Art pour l\u2019Art<\/strong>. Selon cette doctrine, la po\u00e9sie n\u2019aurait pas de message \u00e0 faire passer, car elle n\u2019a d\u2019autre fonction qu\u2019elle-m\u00eame.<\/p><p>De plus, les Parnassiens <strong>rejettent le lyrisme exacerb\u00e9<\/strong> des Romantiques et leur sensibilit\u00e9 subjective. Ils cherchent donc \u00e0 faire des <strong>po\u00e8mes \u201cimpassibles\u201d<\/strong> qui traitent de th\u00e8mes neutres comme le monde antique ou les objets d\u2019art.<\/p><p>Par cons\u00e9quent, les po\u00e8tes du Parnasse s\u2019int\u00e9ressent particuli\u00e8rement \u00e0 la <strong>forme po\u00e9tique<\/strong> qu\u2019ils travaillent et cis\u00e8lent comme des orf\u00e8vres selon de fortes <strong>contraintes esth\u00e9tiques<\/strong>. Le po\u00e8te ne cr\u00e9e pas sous la toute puissance de l\u2019inspiration, mais fa\u00e7onne son \u0153uvre avec technique et labeur jusqu\u2019\u00e0 trouver un <strong>id\u00e9al de Beaut\u00e9 et de perfection<\/strong> que seuls quelques initi\u00e9s pourront comprendre.<\/p><p>Les<strong> po\u00e8tes parnassiens<\/strong> c\u00e9l\u00e8bres :<\/p><ul><li>Th\u00e9ophile Gautier (1811-1872)<\/li><li>Leconte de Lisle (1818-1894)<\/li><li>Th\u00e9odore de Banville (1823-1891)<\/li><li>Jos\u00e9 Maria de Heredia (1842-1905)<\/li><\/ul>\t\t\t\t\t<\/div>\n\t\t\t\t\t\t<\/div>\n\t\t\t\t<\/div>\n\t\t\t\t<div class=\"elementor-element elementor-element-482ad0f blacktitle elementor-widget elementor-widget-text-editor\" data-id=\"482ad0f\" data-element_type=\"widget\" data-widget_type=\"text-editor.default\">\n\t\t\t\t<div class=\"elementor-widget-container\">\n\t\t\t\t\t\t\t\t<div class=\"elementor-text-editor elementor-clearfix\">\n\t\t\t\t<h4>Le mouvement du symbolisme\u00a0<\/h4>\t\t\t\t\t<\/div>\n\t\t\t\t\t\t<\/div>\n\t\t\t\t<\/div>\n\t\t\t\t<div class=\"elementor-element elementor-element-1a3ca3d elementor-widget elementor-widget-text-editor\" data-id=\"1a3ca3d\" data-element_type=\"widget\" data-widget_type=\"text-editor.default\">\n\t\t\t\t<div class=\"elementor-widget-container\">\n\t\t\t\t\t\t\t\t<div class=\"elementor-text-editor elementor-clearfix\">\n\t\t\t\t<p>Le symbolisme se forme \u00e9galement comme une <strong>r\u00e9action au mouvement romantique<\/strong>. Il s\u2019agit pour ces po\u00e8tes de cr\u00e9er une nouvelle harmonie entre les images et les sons, tout en pla\u00e7ant la musique au centre de leur esth\u00e9tique. La po\u00e9sie symboliste ne cherche pas \u00e0 peindre des sentiments pr\u00e9cis ou \u00e0 faire des descriptions d\u00e9taill\u00e9es, mais plut\u00f4t \u00e0 <strong>esquisser des impressions ou des sensations<\/strong>.<\/p><p>Ainsi les po\u00e8tes symbolistes travaillent beaucoup la forme de leurs \u00e9crits et notamment la musicalit\u00e9 des vers, qui sont souvent impairs. Ils y int\u00e8grent \u00e9galement des <strong>mots rares<\/strong> et des <strong>m\u00e9taphores<\/strong> travaill\u00e9es.<\/p><p>En outre, comme son nom l\u2019indique, la po\u00e9sie symboliste se fonde sur le <strong>d\u00e9chiffrage des symboles<\/strong> qui participent aux myst\u00e8res terrestres et qui sont la cl\u00e9 vers une v\u00e9rit\u00e9 d\u2019un monde sup\u00e9rieur. Par cons\u00e9quent, les symbolistes sont sensibles aux mythes, qu\u2019ils relisent de fa\u00e7on symbolique.<\/p><p>Les<strong> po\u00e8tes symbolistes<\/strong> c\u00e9l\u00e8bres :<\/p><ul><li>Paul Verlaine (1844-1896)<\/li><li>Arthur Rimbaud (1854-1891)<\/li><li>G\u00e9rard de Nerval (1808-1855)<\/li><li>St\u00e9phane Mallarm\u00e9 (1842-1898)<\/li><li>Le comte de Lautr\u00e9amont (1846-1870)<\/li><\/ul><p>Un po\u00e8te inclassable :<strong> Charles Baudelaire<\/strong><\/p><p>Charles Baudelaire (1821-1867) est un auteur majeur du 19\u00e8me si\u00e8cle. Il est \u00e9galement au carrefour des trois <strong>principaux mouvements po\u00e9tiques<\/strong>.<\/p><p>H\u00e9ritier du romantisme, on retrouve des th\u00e8mes propres \u00e0 ce mouvement dans son recueil des <em>Fleurs du mal<\/em> (1857), notamment l\u2019expression du Spleen et de la m\u00e9lancolie, le fantasme du voyage et de l\u2019exotisme.<\/p><p>Disciple de Th\u00e9ophile Gautier, il participe aussi \u00e0 la premi\u00e8re publication de la revue le <em>Parnasse contemporain<\/em> en 1866.<\/p><p>Enfin, les Fleurs du mal comportent \u00e9galement des <strong>po\u00e8mes pr\u00e9curseurs au symbolisme<\/strong>, notamment le po\u00e8me \u201ccorrespondance\u201d qui \u00e9tablit d\u00e9j\u00e0 des liens entre les diff\u00e9rentes sensations, et le po\u00e8me \u201cla musique\u201d qui souligne le go\u00fbt du po\u00e8te pour ce th\u00e8me.<\/p>\t\t\t\t\t<\/div>\n\t\t\t\t\t\t<\/div>\n\t\t\t\t<\/div>\n\t\t\t\t<div class=\"elementor-element elementor-element-1da0ea9 blacktitle elementor-widget elementor-widget-text-editor\" data-id=\"1da0ea9\" data-element_type=\"widget\" data-widget_type=\"text-editor.default\">\n\t\t\t\t<div class=\"elementor-widget-container\">\n\t\t\t\t\t\t\t\t<div class=\"elementor-text-editor elementor-clearfix\">\n\t\t\t\t<h3>Les formes po\u00e9tiques au XIX\u00e8me si\u00e8cle\u00a0<\/h3>\t\t\t\t\t<\/div>\n\t\t\t\t\t\t<\/div>\n\t\t\t\t<\/div>\n\t\t\t\t<div class=\"elementor-element elementor-element-ebac92e blacktitle elementor-widget elementor-widget-text-editor\" data-id=\"ebac92e\" data-element_type=\"widget\" data-widget_type=\"text-editor.default\">\n\t\t\t\t<div class=\"elementor-widget-container\">\n\t\t\t\t\t\t\t\t<div class=\"elementor-text-editor elementor-clearfix\">\n\t\t\t\t<h4>La r\u00e9interpr\u00e9tation des formes fixes<\/h4>\t\t\t\t\t<\/div>\n\t\t\t\t\t\t<\/div>\n\t\t\t\t<\/div>\n\t\t\t\t<div class=\"elementor-element elementor-element-6e3cfcb elementor-widget elementor-widget-text-editor\" data-id=\"6e3cfcb\" data-element_type=\"widget\" data-widget_type=\"text-editor.default\">\n\t\t\t\t<div class=\"elementor-widget-container\">\n\t\t\t\t\t\t\t\t<div class=\"elementor-text-editor elementor-clearfix\">\n\t\t\t\t<p>Au XIX\u00e8me si\u00e8cle, les po\u00e8tes aiment reprendre des formes tomb\u00e9es en d\u00e9su\u00e9tude pour les r\u00e9interpr\u00e9ter :<\/p><ul><li><strong>Le sonnet<\/strong> : c\u2019est une forme fixe import\u00e9e d\u2019Italie au XVI\u00e8me si\u00e8cle. Traditionnellement, il se compose de 14 vers de m\u00eame longueur. Ces derniers se divisent en <strong>deux quatrains<\/strong> \u00e0 rimes embrass\u00e9es, suivi d\u2019un quatrain \u00e0 la forme libre et d\u2019un <strong>distique<\/strong> aux rimes suivies (celui-ci peut parfois \u00eatre avant le quatrain). Toutefois, ces six vers prennent la forme de deux tercets. Les <strong>po\u00e8tes du XIX\u00e8me<\/strong> <strong>si\u00e8cle<\/strong> conservent ce sch\u00e9ma structurel tout en le r\u00e9interpr\u00e9tant et variant les contraintes. On trouve ainsi de nombreux sonnets chez les Romantiques, les Symbolistes et les Parnassiens.<\/li><li><strong>L\u2019ode<\/strong> : cette forme po\u00e9tique date de l\u2019antiquit\u00e9 et d\u00e9signe un po\u00e8me lyrique pouvant \u00eatre chant\u00e9. Si elle conna\u00eet un certain succ\u00e8s au <strong>XVI\u00e8me<\/strong> si\u00e8cle, elle sera remise au go\u00fbt du jour par les romantiques, et notamment par Victor Hugo, qui appr\u00e9cie son aspect lyrique. Elle devient alors un petit <strong>po\u00e8me lyrique<\/strong> dans lequel le po\u00e8te \u00e9voque ses sentiments intimes.<\/li><li><strong>La ballade et la chanson<\/strong> : ce sont des formes propres au <strong>Moyen-\u00e2ge<\/strong> et tr\u00e8s proches de la musique, car elles \u00e9taient souvent chant\u00e9es, ce qui plaira particuli\u00e8rement aux Symbolistes. La chanson comme la ballade comportent toutes les deux des <strong>refrains<\/strong>, mais la ballade se compose aussi d\u2019un envoi d\u2019une demi strophe.<\/li><li><strong>Le pantoum<\/strong> : c\u2019est une forme po\u00e9tique originaire de <strong>Malaisie<\/strong>, qui traduit le go\u00fbt des romantiques pour l\u2019exotisme. Elle se compose de <strong>quatre quatrains<\/strong>. Le premier quatrain poss\u00e8de quatre vers diff\u00e9rents, tandis que le second quatrain reprend le deuxi\u00e8me et quatri\u00e8me vers de la strophe pr\u00e9c\u00e9dente en tant que premier et troisi\u00e8me vers. Ce <strong>sch\u00e9ma r\u00e9p\u00e9titif<\/strong> se poursuit tout au long du po\u00e8me.<\/li><\/ul>\t\t\t\t\t<\/div>\n\t\t\t\t\t\t<\/div>\n\t\t\t\t<\/div>\n\t\t\t\t<div class=\"elementor-element elementor-element-c16d897 blacktitle elementor-widget elementor-widget-text-editor\" data-id=\"c16d897\" data-element_type=\"widget\" data-widget_type=\"text-editor.default\">\n\t\t\t\t<div class=\"elementor-widget-container\">\n\t\t\t\t\t\t\t\t<div class=\"elementor-text-editor elementor-clearfix\">\n\t\t\t\t<h4>La lib\u00e9ration des contraintes po\u00e9tiques<\/h4>\t\t\t\t\t<\/div>\n\t\t\t\t\t\t<\/div>\n\t\t\t\t<\/div>\n\t\t\t\t<div class=\"elementor-element elementor-element-eb27aff elementor-widget elementor-widget-text-editor\" data-id=\"eb27aff\" data-element_type=\"widget\" data-widget_type=\"text-editor.default\">\n\t\t\t\t<div class=\"elementor-widget-container\">\n\t\t\t\t\t\t\t\t<div class=\"elementor-text-editor elementor-clearfix\">\n\t\t\t\t<p>Paradoxalement, les po\u00e8tes du XIX\u00e8me si\u00e8cle sont aussi les premiers \u00e0 se lib\u00e9rer de ces formes fixes trop contraignantes.<\/p><ul><li><strong>La lib\u00e9ration du vers<\/strong> : les po\u00e8tes du XIX\u00e8me si\u00e8cle commencent par se lib\u00e9rer des <strong>grands vers classiques<\/strong>. Ainsi, Verlaine va d\u00e9fendre l\u2019utilisation du vers impair dans son art po\u00e9tique. Si Victor Hugo garde l\u2019alexandrin, il en change la rythmique : au lieu de le s\u00e9parer en deux h\u00e9mistiches de 6 syllabes, il cr\u00e9e le trim\u00e8tre romantique qui s\u00e9pare le vers en 3 h\u00e9mistiches.<\/li><li><strong>Les vers libres<\/strong> : la lib\u00e9ration du vers va encore plus loin jusqu\u2019\u00e0 se transformer en vers libre. Ainsi, le vers libre garde une <strong>forme versifi\u00e9e<\/strong> dans sa pr\u00e9sentation visuelle (pr\u00e9sence de majuscules, retour \u00e0 la ligne\u2026). Toutefois, la rime n\u2019est plus obligatoire et la <strong>m\u00e9trique<\/strong> est irr\u00e9guli\u00e8re : il ne rel\u00e8ve plus d\u2019aucune structure classique.<\/li><li><strong>Le po\u00e8me en prose<\/strong> : le po\u00e8me en prose est une invention du <strong>XIX\u00e8me si\u00e8cle<\/strong> qui appara\u00eet pour la premi\u00e8re fois avec le recueil Gaspard de la nuit d\u2019Aloysius Bertrand. Il s\u2019agit de publier une prose po\u00e9tique qui ne reproduit plus une <strong>forme versifi\u00e9e, mais<\/strong>\u00a0qui reprend des effets de rythme, de sonorit\u00e9 et des images propres \u00e0 la po\u00e9sie. Le principe sera repris entre autres par Arthur Rimbaud et Baudelaire au XIX\u00e8me si\u00e8cle puis il sera plus largement d\u00e9velopp\u00e9 au XX\u00e8me si\u00e8cle.<\/li><\/ul><p>\t\t<div data-elementor-type=\"section\" data-elementor-id=\"84989\" class=\"elementor elementor-84989\">\n\t\t\t\t\t<div class=\"elementor-section-wrap\">\n\t\t\t\t\t\t\t\t<section class=\"has_ae_slider elementor-section elementor-inner-section elementor-element elementor-element-4bda5243 elementor-section-content-bottom full_width elementor-section-full_width elementor-section-height-min-height elementor-section-height-default ae-bg-gallery-type-default\" data-id=\"4bda5243\" data-element_type=\"section\" data-settings=\"{&quot;background_background&quot;:&quot;gradient&quot;}\">\n\t\t\t\t\t\t\t<div class=\"elementor-background-overlay\"><\/div>\n\t\t\t\t\t\t\t<div class=\"elementor-container elementor-column-gap-narrow\">\n\t\t\t\t\t\t\t<div class=\"elementor-row\">\n\t\t\t\t\t<div class=\"has_ae_slider elementor-column elementor-col-50 elementor-inner-column elementor-element elementor-element-7dad0c90 ae-bg-gallery-type-default\" data-id=\"7dad0c90\" data-element_type=\"column\">\n\t\t\t<div class=\"elementor-column-wrap elementor-element-populated\">\n\t\t\t\t\t\t\t<div class=\"elementor-widget-wrap\">\n\t\t\t\t\t\t<div class=\"elementor-element elementor-element-79e73064 elementor-widget elementor-widget-heading\" data-id=\"79e73064\" data-element_type=\"widget\" data-widget_type=\"heading.default\">\n\t\t\t\t<div class=\"elementor-widget-container\">\n\t\t\t<h3 class=\"elementor-heading-title elementor-size-default\">PRENDRE DES COURS PARTICULIERS DE FRAN\u00c7AIS <\/h3>\t\t<\/div>\n\t\t\t\t<\/div>\n\t\t\t\t<div class=\"elementor-element elementor-element-104d1164 elementor-widget elementor-widget-heading\" data-id=\"104d1164\" data-element_type=\"widget\" data-widget_type=\"heading.default\">\n\t\t\t\t<div class=\"elementor-widget-container\">\n\t\t\t<h4 class=\"elementor-heading-title elementor-size-default\">C\u2019est reprendre le contr\u00f4le<\/h4>\t\t<\/div>\n\t\t\t\t<\/div>\n\t\t\t\t<div class=\"elementor-element elementor-element-3691d1da elementor-align-left elementor-mobile-align-center elementor-widget elementor-widget-button\" data-id=\"3691d1da\" data-element_type=\"widget\" data-widget_type=\"button.default\">\n\t\t\t\t<div class=\"elementor-widget-container\">\n\t\t\t\t\t<div class=\"elementor-button-wrapper\">\n\t\t\t<a href=\"https:\/\/groupe-reussite.fr\/cours-particuliers\/francais\/tous-niveaux\/france\/\" target=\"_blank\" class=\"elementor-button-link elementor-button elementor-size-md\" role=\"button\" id=\"CTA_PRD_CP\">\n\t\t\t\t\t\t<span class=\"elementor-button-content-wrapper\">\n\t\t\t\t\t\t<span class=\"elementor-button-text\">Je cherche des cours particuliers de fran\u00e7ais<\/span>\n\t\t<\/span>\n\t\t\t\t\t<\/a>\n\t\t<\/div>\n\t\t\t\t<\/div>\n\t\t\t\t<\/div>\n\t\t\t\t\t\t<\/div>\n\t\t\t\t\t<\/div>\n\t\t<\/div>\n\t\t\t\t<div class=\"has_ae_slider elementor-column elementor-col-50 elementor-inner-column elementor-element elementor-element-40c4e3d ae-bg-gallery-type-default\" data-id=\"40c4e3d\" data-element_type=\"column\">\n\t\t\t<div class=\"elementor-column-wrap\">\n\t\t\t\t\t\t\t<div class=\"elementor-widget-wrap\">\n\t\t\t\t\t\t\t\t<\/div>\n\t\t\t\t\t<\/div>\n\t\t<\/div>\n\t\t\t\t\t\t\t\t<\/div>\n\t\t\t\t\t<\/div>\n\t\t<\/section>\n\t\t\t\t\t\t\t<\/div>\n\t\t\t\t<\/div>\n\t\t<\/p>\t\t\t\t\t<\/div>\n\t\t\t\t\t\t<\/div>\n\t\t\t\t<\/div>\n\t\t\t\t<div class=\"elementor-element elementor-element-ace5183 elementor-widget elementor-widget-text-editor\" data-id=\"ace5183\" data-element_type=\"widget\" data-widget_type=\"text-editor.default\">\n\t\t\t\t<div class=\"elementor-widget-container\">\n\t\t\t\t\t\t\t\t<div class=\"elementor-text-editor elementor-clearfix\">\n\t\t\t\t<h2>La po\u00e9sie au XX\u00e8me si\u00e8cle<\/h2>\t\t\t\t\t<\/div>\n\t\t\t\t\t\t<\/div>\n\t\t\t\t<\/div>\n\t\t\t\t<div class=\"elementor-element elementor-element-66283d2 elementor-widget elementor-widget-text-editor\" data-id=\"66283d2\" data-element_type=\"widget\" data-widget_type=\"text-editor.default\">\n\t\t\t\t<div class=\"elementor-widget-container\">\n\t\t\t\t\t\t\t\t<div class=\"elementor-text-editor elementor-clearfix\">\n\t\t\t\t<p>Le XX\u00e8me si\u00e8cle est profond\u00e9ment marqu\u00e9 par les <strong>deux guerres mondiales<\/strong> qui le d\u00e9chirent. De nombreux po\u00e8tes seront d\u2019ailleurs tr\u00e8s influenc\u00e9s par la premi\u00e8re guerre mondiale \u00e0 laquelle ils participent, comme Apollinaire, Aragon ou Andr\u00e9 Breton. La seconde guerre mondiale quant \u00e0 elle va faire na\u00eetre la n\u00e9cessit\u00e9 d\u2019une <strong>po\u00e9sie engag\u00e9e<\/strong>, qui chante la r\u00e9sistance \u00e0 l\u2019occupation et la libert\u00e9. D\u2019un point de vue po\u00e9tique, le XX\u00e8me si\u00e8cle porte encore plus loin la <strong>modernit\u00e9<\/strong> initi\u00e9e au XIX\u00e8me si\u00e8cle, abandonnant les codes po\u00e9tiques et poussant encore plus loin les exp\u00e9rimentations langagi\u00e8res. <\/p>\t\t\t\t\t<\/div>\n\t\t\t\t\t\t<\/div>\n\t\t\t\t<\/div>\n\t\t\t\t<div class=\"elementor-element elementor-element-16bce88 blacktitle elementor-widget elementor-widget-text-editor\" data-id=\"16bce88\" data-element_type=\"widget\" data-widget_type=\"text-editor.default\">\n\t\t\t\t<div class=\"elementor-widget-container\">\n\t\t\t\t\t\t\t\t<div class=\"elementor-text-editor elementor-clearfix\">\n\t\t\t\t<h3>Les mouvements po\u00e9tiques au XX\u00e8me si\u00e8cle<\/h3>\t\t\t\t\t<\/div>\n\t\t\t\t\t\t<\/div>\n\t\t\t\t<\/div>\n\t\t\t\t<div class=\"elementor-element elementor-element-46b2576 blacktitle elementor-widget elementor-widget-text-editor\" data-id=\"46b2576\" data-element_type=\"widget\" data-widget_type=\"text-editor.default\">\n\t\t\t\t<div class=\"elementor-widget-container\">\n\t\t\t\t\t\t\t\t<div class=\"elementor-text-editor elementor-clearfix\">\n\t\t\t\t<h4>L\u2019Esprit nouveau<\/h4>\t\t\t\t\t<\/div>\n\t\t\t\t\t\t<\/div>\n\t\t\t\t<\/div>\n\t\t\t\t<div class=\"elementor-element elementor-element-bd16695 elementor-widget elementor-widget-text-editor\" data-id=\"bd16695\" data-element_type=\"widget\" data-widget_type=\"text-editor.default\">\n\t\t\t\t<div class=\"elementor-widget-container\">\n\t\t\t\t\t\t\t\t<div class=\"elementor-text-editor elementor-clearfix\">\n\t\t\t\t<p>Les <strong>inventions du XX\u00e8me si\u00e8cle<\/strong> poussent les artistes \u00e0 vouloir rompre avec le pass\u00e9 et \u00e0 inventer des codes nouveaux. Cette volont\u00e9 se traduit par exemple en peinture avec le mouvement cubiste port\u00e9 par Picasso.<\/p><p>Du c\u00f4t\u00e9 de la po\u00e9sie, des auteurs cherchent aussi \u00e0 cr\u00e9er une <strong>nouvelle \u00e9criture plus moderne<\/strong>. En 1917, Apollinaire prononce alors une conf\u00e9rence intitul\u00e9e \u201cL\u2019Esprit nouveau et les Po\u00e8tes\u201d.<\/p><p>Cet esprit nouveau se traduit par <strong>l\u2019envie de parler du monde actuel<\/strong>, en \u00e9voquant des th\u00e8mes et des objets propres \u00e0 la modernit\u00e9 comme la Tour Eiffel, la photographie ou le cin\u00e9ma, mais aussi en inventant un nouveau style po\u00e9tique. Ainsi, les po\u00e8tes sont appel\u00e9s \u00e0 \u00e9crire en vers libres, \u00e0 ne plus utiliser de ponctuation. Enfin, l\u2019Esprit nouveau passe aussi par la n\u00e9gation de Dieu.<\/p><p>Les<strong> po\u00e8tes c\u00e9l\u00e8bres<\/strong> de l\u2019Esprit nouveau :<\/p><ul><li>Apollinaire (1880-1918)<\/li><li>Blaise Cendrars (1887-1961)<\/li><\/ul>\t\t\t\t\t<\/div>\n\t\t\t\t\t\t<\/div>\n\t\t\t\t<\/div>\n\t\t\t\t<div class=\"elementor-element elementor-element-5542147 blacktitle elementor-widget elementor-widget-text-editor\" data-id=\"5542147\" data-element_type=\"widget\" data-widget_type=\"text-editor.default\">\n\t\t\t\t<div class=\"elementor-widget-container\">\n\t\t\t\t\t\t\t\t<div class=\"elementor-text-editor elementor-clearfix\">\n\t\t\t\t<h4>Le surr\u00e9alisme<\/h4>\t\t\t\t\t<\/div>\n\t\t\t\t\t\t<\/div>\n\t\t\t\t<\/div>\n\t\t\t\t<div class=\"elementor-element elementor-element-0f0a07b elementor-widget elementor-widget-text-editor\" data-id=\"0f0a07b\" data-element_type=\"widget\" data-widget_type=\"text-editor.default\">\n\t\t\t\t<div class=\"elementor-widget-container\">\n\t\t\t\t\t\t\t\t<div class=\"elementor-text-editor elementor-clearfix\">\n\t\t\t\t<p>Dans la foul\u00e9e de l\u2019Esprit nouveau, se d\u00e9veloppe un <strong>nouveau mouvement artistique<\/strong> : <em>le surr\u00e9alisme<\/em>, nomm\u00e9 d\u2019ailleurs comme tel par Apollinaire lui-m\u00eame. Toutefois, c&rsquo;est <strong>Andr\u00e9 Breton<\/strong> qui sera consid\u00e9r\u00e9 comme le chef de file et le th\u00e9oricien de ce mouvement par la publication du Manifeste du Surr\u00e9alisme en 1924.<\/p><p>Ce terme appelle \u00e0 se d\u00e9tacher de la r\u00e9alit\u00e9 et de la rationalit\u00e9 pour aller explorer des voies proches du r\u00eave et des hallucinations. Il renvoie notamment \u00e0 l\u2019\u00e9mergence de l\u2019inconscient formul\u00e9 par Sigmund Freud. Le po\u00e8te se rapproche alors d\u2019un <strong>\u00e9tat de transe ou d\u2019hypnose<\/strong> pour laisser surgir des images insolites, comme \u201cla rencontre fortuite sur une table de dissection d\u2019une machine \u00e0 coudre et d\u2019un parapluie\u201d. De ce fait, les po\u00e8tes pratiquent l\u2019\u00e9criture automatique afin de laisser jaillir les mots au fil de la plume sans faire intervenir la logique ou la raison. Les formes po\u00e9tiques ne sont plus respect\u00e9es : on \u00e9crit en vers libres et sans rime.<\/p><p>Bien que revendiquant des <strong>\u0153uvres d\u00e9tach\u00e9es de la r\u00e9alit\u00e9<\/strong>, les surr\u00e9alistes n\u2019h\u00e9sitent pas pour autant \u00e0 s\u2019engager pendant la seconde guerre mondiale pour s\u2019opposer au fascisme et au nazisme. Ainsi, <strong>Paul Eluard<\/strong> parachuta des milliers d\u2019exemplaires de son po\u00e8me \u201cLibert\u00e9\u201d pour redonner espoirs aux r\u00e9sistants et aux maquisards. Louis Aragon diffusa sa po\u00e9sie clandestinement, qui, sous couvert de parler d\u2019amour, appelait \u00e0 la r\u00e9sistance. <strong>Robert Desnos<\/strong> fit quant \u00e0 lui partie d\u2019un r\u00e9seau clandestin et mourut en d\u00e9portation.<\/p><p>Les <strong>po\u00e8tes surr\u00e9alistes<\/strong> c\u00e9l\u00e8bres :<\/p><ul><li>Andr\u00e9 Breton (1896-1966)<\/li><li>Paul Eluard (1895-1952)<\/li><li>Robert Desnos (1900-1945)<\/li><li>Louis Aragon (1897-1982)<\/li><li>Ren\u00e9 Char (1907-1988)<\/li><li>Jacques Pr\u00e9vert (1900-1977)<\/li><li>Francis Ponge (1899-1988)<\/li><\/ul>\t\t\t\t\t<\/div>\n\t\t\t\t\t\t<\/div>\n\t\t\t\t<\/div>\n\t\t\t\t<div class=\"elementor-element elementor-element-f82310d blacktitle elementor-widget elementor-widget-text-editor\" data-id=\"f82310d\" data-element_type=\"widget\" data-widget_type=\"text-editor.default\">\n\t\t\t\t<div class=\"elementor-widget-container\">\n\t\t\t\t\t\t\t\t<div class=\"elementor-text-editor elementor-clearfix\">\n\t\t\t\t<h4>La n\u00e9gritude<\/h4>\t\t\t\t\t<\/div>\n\t\t\t\t\t\t<\/div>\n\t\t\t\t<\/div>\n\t\t\t\t<div class=\"elementor-element elementor-element-3f99d97 elementor-widget elementor-widget-text-editor\" data-id=\"3f99d97\" data-element_type=\"widget\" data-widget_type=\"text-editor.default\">\n\t\t\t\t<div class=\"elementor-widget-container\">\n\t\t\t\t\t\t\t\t<div class=\"elementor-text-editor elementor-clearfix\">\n\t\t\t\t<p>Dans les ann\u00e9es 1930, les jeunes intellectuels L\u00e9opold S\u00e9dar Senghor du S\u00e9n\u00e9gal, L\u00e9on Gontran Damas de Guyane et Aim\u00e9 C\u00e9saire de la Martinique sont r\u00e9unis \u00e0 Paris et d\u00e9cident de fonder une revue intitul\u00e9e<em> L\u2019\u00e9tudiant noir<\/em> dans laquelle ils se d\u00e9solidarisent des colonies et de leur politique d\u2019assimilation pour revendiquer une identit\u00e9 noire.<\/p><p>En 1939, Aim\u00e9 C\u00e9saire forge le mot \u201cn\u00e9gritude\u201d qu\u2019il d\u00e9finit dans son recueil<em> Cahier d\u2019un retour au pays natal<\/em> comme \u201cla simple reconnaissance du fait d\u2019\u00eatre noir\u201d. Plus largement, il d\u00e9nonce dans son \u0153uvre<strong> le racisme et le colonialisme<\/strong> subis par la communaut\u00e9 noire. De m\u00eame, en 1948, L\u00e9opold S\u00e9dar Senghor \u00e9voque dans son recueil <em>Hosties noires<\/em> l\u2019exp\u00e9rience douloureuse de la guerre et des camps de travail dans lesquels les noirs sont <strong>m\u00e9pris\u00e9s et maltrait\u00e9s<\/strong>. Toutefois, il voit des se dessiner des signes de pardon, de <strong>paix et de fraternit\u00e9<\/strong> entre les hommes.<\/p><p>Le <strong>mouvement de la n\u00e9gritude<\/strong> consiste donc \u00e0 <strong>renouer avec la culture africaine<\/strong> pour s\u2019\u00e9manciper de la culture occidentale et \u00e0 s\u2019\u00e9lever contre la colonisation tout en \u00e9crivant en langue fran\u00e7aise.<\/p><p>Les po\u00e8tes c\u00e9l\u00e8bres de la n\u00e9gritude :<\/p><ul><li>Aim\u00e9 C\u00e9saire (1913-2008)<br \/>L\u00e9opold S\u00e9dar Senghor (1906-2001)<\/li><li>L\u00e9on Gontran Damas (1912-1978)<\/li><li>Ren\u00e9 Depestre (1926-aujourd\u2019hui)<\/li><li>David Diop (1927-1960)<\/li><\/ul>\t\t\t\t\t<\/div>\n\t\t\t\t\t\t<\/div>\n\t\t\t\t<\/div>\n\t\t\t\t<div class=\"elementor-element elementor-element-5a85cc9 blacktitle elementor-widget elementor-widget-text-editor\" data-id=\"5a85cc9\" data-element_type=\"widget\" data-widget_type=\"text-editor.default\">\n\t\t\t\t<div class=\"elementor-widget-container\">\n\t\t\t\t\t\t\t\t<div class=\"elementor-text-editor elementor-clearfix\">\n\t\t\t\t<h4>L\u2019OULIPO<\/h4>\t\t\t\t\t<\/div>\n\t\t\t\t\t\t<\/div>\n\t\t\t\t<\/div>\n\t\t\t\t<div class=\"elementor-element elementor-element-db8e700 elementor-widget elementor-widget-text-editor\" data-id=\"db8e700\" data-element_type=\"widget\" data-widget_type=\"text-editor.default\">\n\t\t\t\t<div class=\"elementor-widget-container\">\n\t\t\t\t\t\t\t\t<div class=\"elementor-text-editor elementor-clearfix\">\n\t\t\t\t<p>OULIPO est la contraction des termes <strong>Ouvroir de Litt\u00e9rature Potentielle<\/strong>. Il s\u2019agit d\u2019un mouvement fond\u00e9 en 1960 par un math\u00e9maticien (Fran\u00e7ois Le Lionnais) et un \u00e9crivain (Raymond Queneau). Il a pour principe litt\u00e9raire de cr\u00e9er \u00e0 partir de <strong>contraintes formelles arbitraires<\/strong> (comme la fameuse suppression des -e dans un des livres de Georges Perec). Ces contraintes s\u2019appliquent bien s\u00fbr \u00e0 la po\u00e9sie et les oulipiens inventeront de nouvelles formes fixes po\u00e9tiques.<\/p><p>Les<strong> oulipiens c\u00e9l\u00e8bres<\/strong> :<\/p><ul><li>Raymond Queneau (1903-1976)<\/li><li>Jacques Roubaud (1932-aujourd\u2019hui)<\/li><li>Jean Lescure (1912-2005)<\/li><\/ul>\t\t\t\t\t<\/div>\n\t\t\t\t\t\t<\/div>\n\t\t\t\t<\/div>\n\t\t\t\t<div class=\"elementor-element elementor-element-2d2bf19 blacktitle elementor-widget elementor-widget-text-editor\" data-id=\"2d2bf19\" data-element_type=\"widget\" data-widget_type=\"text-editor.default\">\n\t\t\t\t<div class=\"elementor-widget-container\">\n\t\t\t\t\t\t\t\t<div class=\"elementor-text-editor elementor-clearfix\">\n\t\t\t\t<h3>Le XX\u00e8me si\u00e8cle et ses formes po\u00e9tiques<\/h3>\t\t\t\t\t<\/div>\n\t\t\t\t\t\t<\/div>\n\t\t\t\t<\/div>\n\t\t\t\t<div class=\"elementor-element elementor-element-393ae29 blacktitle elementor-widget elementor-widget-text-editor\" data-id=\"393ae29\" data-element_type=\"widget\" data-widget_type=\"text-editor.default\">\n\t\t\t\t<div class=\"elementor-widget-container\">\n\t\t\t\t\t\t\t\t<div class=\"elementor-text-editor elementor-clearfix\">\n\t\t\t\t<h4>Les calligrammes\u00a0<\/h4>\t\t\t\t\t<\/div>\n\t\t\t\t\t\t<\/div>\n\t\t\t\t<\/div>\n\t\t\t\t<div class=\"elementor-element elementor-element-79f6490 elementor-widget elementor-widget-text-editor\" data-id=\"79f6490\" data-element_type=\"widget\" data-widget_type=\"text-editor.default\">\n\t\t\t\t<div class=\"elementor-widget-container\">\n\t\t\t\t\t\t\t\t<div class=\"elementor-text-editor elementor-clearfix\">\n\t\t\t\t<p>Le terme calligramme a \u00e9t\u00e9 invent\u00e9 par Apollinaire au d\u00e9but du XX\u00e8me si\u00e8cle. Il s\u2019agit d\u2019une <strong>contraction entre les mots id\u00e9ogramme et calligraphie<\/strong>. Pour le po\u00e8te, il s\u2019agissait de cr\u00e9er un \u201clyrisme visuel\u201d.<\/p><p>Le calligramme consiste donc \u00e0<strong> \u00e9crire un po\u00e8me tout en formant un dessin avec les vers<\/strong>.<\/p><p>Le texte et la forme renvoient tous deux au m\u00eame th\u00e8me.<\/p>\t\t\t\t\t<\/div>\n\t\t\t\t\t\t<\/div>\n\t\t\t\t<\/div>\n\t\t\t\t<div class=\"elementor-element elementor-element-966fca8 elementor-widget elementor-widget-image\" data-id=\"966fca8\" data-element_type=\"widget\" data-widget_type=\"image.default\">\n\t\t\t\t<div class=\"elementor-widget-container\">\n\t\t\t\t\t\t\t\t<div class=\"elementor-image\">\n\t\t\t\t\t\t\t\t\t\t\t\t<img width=\"215\" height=\"300\" src=\"https:\/\/groupe-reussite.fr\/ressources\/wp-content\/uploads\/2022\/02\/mouvements-poetique-bac-francais-215x300.jpg\" class=\"attachment-medium size-medium wp-image-151443\" alt=\"Mouvements po\u00e9tiques au bac de fran\u00e7ais\" loading=\"lazy\" srcset=\"https:\/\/groupe-reussite.fr\/ressources\/wp-content\/uploads\/2022\/02\/mouvements-poetique-bac-francais-215x300.jpg 215w, https:\/\/groupe-reussite.fr\/ressources\/wp-content\/uploads\/2022\/02\/mouvements-poetique-bac-francais.jpg 700w\" sizes=\"(max-width: 215px) 100vw, 215px\" \/>\t\t\t\t\t\t\t\t\t\t\t\t\t\t<\/div>\n\t\t\t\t\t\t<\/div>\n\t\t\t\t<\/div>\n\t\t\t\t<div class=\"elementor-element elementor-element-9075844 blacktitle elementor-widget elementor-widget-text-editor\" data-id=\"9075844\" data-element_type=\"widget\" data-widget_type=\"text-editor.default\">\n\t\t\t\t<div class=\"elementor-widget-container\">\n\t\t\t\t\t\t\t\t<div class=\"elementor-text-editor elementor-clearfix\">\n\t\t\t\t<h4>Le cadavre exquis<\/h4>\t\t\t\t\t<\/div>\n\t\t\t\t\t\t<\/div>\n\t\t\t\t<\/div>\n\t\t\t\t<div class=\"elementor-element elementor-element-f16ccb1 elementor-widget elementor-widget-text-editor\" data-id=\"f16ccb1\" data-element_type=\"widget\" data-widget_type=\"text-editor.default\">\n\t\t\t\t<div class=\"elementor-widget-container\">\n\t\t\t\t\t\t\t\t<div class=\"elementor-text-editor elementor-clearfix\">\n\t\t\t\t<p>Il s\u2019agit d\u2019un <strong>jeu litt\u00e9raire<\/strong> invent\u00e9 par les surr\u00e9alistes pour cr\u00e9er des textes po\u00e9tiques. Les r\u00e8gles sont simples : il s\u2019agit de faire <strong>r\u00e9diger une phrase<\/strong> par plusieurs personnes tout en int\u00e9grant une part de hasard.<\/p><p>Ainsi, la structure grammaticale de la phrase est donn\u00e9e \u00e0 l\u2019avance (par exemple : nom \/ adjectif \/ verbe \/ compl\u00e9ment, etc.). La premi\u00e8re personne remplit le premier \u00e9l\u00e9ment, le cache et passe la feuille \u00e0 son voisin qui remplit \u00e0 sa suite sans savoir ce qui a \u00e9t\u00e9 \u00e9crit avant. Une fois le tour compl\u00e9t\u00e9, on peut lire une phrase r\u00e9dig\u00e9e \u00e0 l\u2019aveugle et par plusieurs mains.<\/p><p>Le <strong>premier essai<\/strong> a donn\u00e9 la phrase suivante qui inspira le titre du jeu : \u201cLe cadavre-exquis-boira-le-vin-nouveau\u201d.<\/p>\t\t\t\t\t<\/div>\n\t\t\t\t\t\t<\/div>\n\t\t\t\t<\/div>\n\t\t\t\t<div class=\"elementor-element elementor-element-1e21cbc blacktitle elementor-widget elementor-widget-text-editor\" data-id=\"1e21cbc\" data-element_type=\"widget\" data-widget_type=\"text-editor.default\">\n\t\t\t\t<div class=\"elementor-widget-container\">\n\t\t\t\t\t\t\t\t<div class=\"elementor-text-editor elementor-clearfix\">\n\t\t\t\t<h4>Le po\u00e8me boule de neige<\/h4>\t\t\t\t\t<\/div>\n\t\t\t\t\t\t<\/div>\n\t\t\t\t<\/div>\n\t\t\t\t<div class=\"elementor-element elementor-element-b89e45d elementor-widget elementor-widget-text-editor\" data-id=\"b89e45d\" data-element_type=\"widget\" data-widget_type=\"text-editor.default\">\n\t\t\t\t<div class=\"elementor-widget-container\">\n\t\t\t\t\t\t\t\t<div class=\"elementor-text-editor elementor-clearfix\">\n\t\t\t\t<p>Forme fixe invent\u00e9e par les oulipiens, il s\u2019agit de <strong>construire un po\u00e8me<\/strong> qui commence par un mot d\u2019une lettre au premier vers, puis de deux lettres au deuxi\u00e8me, de trois lettres au troisi\u00e8me etc. <\/p>\t\t\t\t\t<\/div>\n\t\t\t\t\t\t<\/div>\n\t\t\t\t<\/div>\n\t\t\t\t<div class=\"elementor-element elementor-element-7be8b314 elementor-widget elementor-widget-text-editor\" data-id=\"7be8b314\" data-element_type=\"widget\" data-widget_type=\"text-editor.default\">\n\t\t\t\t<div class=\"elementor-widget-container\">\n\t\t\t\t\t\t\t\t<div class=\"elementor-text-editor elementor-clearfix\">\n\t\t\t\t<h2>Exercice d&rsquo;entra\u00eenement et correction sur le romantisme<\/h2>\t\t\t\t\t<\/div>\n\t\t\t\t\t\t<\/div>\n\t\t\t\t<\/div>\n\t\t\t\t<div class=\"elementor-element elementor-element-827e655 blacktitle elementor-widget elementor-widget-text-editor\" data-id=\"827e655\" data-element_type=\"widget\" data-widget_type=\"text-editor.default\">\n\t\t\t\t<div class=\"elementor-widget-container\">\n\t\t\t\t\t\t\t\t<div class=\"elementor-text-editor elementor-clearfix\">\n\t\t\t\t<h3>Consigne de l&rsquo;exercice sur le romantisme\u00a0<\/h3>\t\t\t\t\t<\/div>\n\t\t\t\t\t\t<\/div>\n\t\t\t\t<\/div>\n\t\t\t\t<div class=\"elementor-element elementor-element-3f9138af elementor-widget elementor-widget-text-editor\" data-id=\"3f9138af\" data-element_type=\"widget\" data-widget_type=\"text-editor.default\">\n\t\t\t\t<div class=\"elementor-widget-container\">\n\t\t\t\t\t\t\t\t<div class=\"elementor-text-editor elementor-clearfix\">\n\t\t\t\t<p><strong>Lisez ce po\u00e8me. Quels sont les \u00e9l\u00e9ments propres au romantisme ?<\/strong><\/p><p>Tristesse <br \/>J\u2019ai perdu ma force et ma vie, <br \/>Et mes amis et ma ga\u00eet\u00e9 ; <br \/>J\u2019ai perdu jusqu\u2019\u00e0 la fiert\u00e9 <br \/>Qui faisait croire \u00e0 mon g\u00e9nie.<\/p><p>Quand j\u2019ai connu la V\u00e9rit\u00e9, <br \/>J\u2019ai cru que c\u2019\u00e9tait une amie ; <br \/>Quand je l\u2019ai comprise et sentie, <br \/>J\u2019en \u00e9tais d\u00e9j\u00e0 d\u00e9go\u00fbt\u00e9.<\/p><p>Et pourtant elle est \u00e9ternelle, <br \/>Et ceux qui se sont pass\u00e9s d\u2019elle <br \/>Ici-bas ont tout ignor\u00e9.<\/p><p>Dieu parle, il faut qu\u2019on lui r\u00e9ponde. <br \/>\u2014 Le seul bien qui me reste au monde <br \/>Est d\u2019avoir quelquefois pleur\u00e9.<\/p><p>Musset, Po\u00e9sies (1840)<\/p><p>\t\t<div data-elementor-type=\"section\" data-elementor-id=\"112233\" class=\"elementor elementor-112233\">\n\t\t\t\t\t<div class=\"elementor-section-wrap\">\n\t\t\t\t\t\t\t\t<section class=\"has_ae_slider elementor-section elementor-inner-section elementor-element elementor-element-2753c5f2 elementor-section-content-bottom elementor-section-full_width elementor-section-height-min-height elementor-section-height-default ae-bg-gallery-type-default\" data-id=\"2753c5f2\" data-element_type=\"section\">\n\t\t\t\t\t\t<div class=\"elementor-container elementor-column-gap-default\">\n\t\t\t\t\t\t\t<div class=\"elementor-row\">\n\t\t\t\t\t<div class=\"has_ae_slider elementor-column elementor-col-100 elementor-inner-column elementor-element elementor-element-27ee3c1b ae-bg-gallery-type-default\" data-id=\"27ee3c1b\" data-element_type=\"column\">\n\t\t\t<div class=\"elementor-column-wrap elementor-element-populated\">\n\t\t\t\t\t\t\t<div class=\"elementor-widget-wrap\">\n\t\t\t\t\t\t<div class=\"elementor-element elementor-element-4c70fc7d elementor-align-center elementor-widget elementor-widget-button\" data-id=\"4c70fc7d\" data-element_type=\"widget\" data-widget_type=\"button.default\">\n\t\t\t\t<div class=\"elementor-widget-container\">\n\t\t\t\t\t<div class=\"elementor-button-wrapper\">\n\t\t\t<a href=\"https:\/\/groupe-reussite.fr\/cours-particuliers\/francais\/tous-niveaux\/france\/\" target=\"_blank\" class=\"elementor-button-link elementor-button elementor-size-md elementor-animation-grow\" role=\"button\">\n\t\t\t\t\t\t<span class=\"elementor-button-content-wrapper\">\n\t\t\t\t\t\t\t<span class=\"elementor-button-icon elementor-align-icon-right\">\n\t\t\t\t<i aria-hidden=\"true\" class=\"fas fa-bookmark\"><\/i>\t\t\t<\/span>\n\t\t\t\t\t\t<span class=\"elementor-button-text\">Trouver des professeurs particuliers de fran\u00e7ais<\/span>\n\t\t<\/span>\n\t\t\t\t\t<\/a>\n\t\t<\/div>\n\t\t\t\t<\/div>\n\t\t\t\t<\/div>\n\t\t\t\t\t\t<\/div>\n\t\t\t\t\t<\/div>\n\t\t<\/div>\n\t\t\t\t\t\t\t\t<\/div>\n\t\t\t\t\t<\/div>\n\t\t<\/section>\n\t\t\t\t\t\t\t<\/div>\n\t\t\t\t<\/div>\n\t\t<\/p>\t\t\t\t\t<\/div>\n\t\t\t\t\t\t<\/div>\n\t\t\t\t<\/div>\n\t\t\t\t<div class=\"elementor-element elementor-element-eebbde5 blacktitle elementor-widget elementor-widget-text-editor\" data-id=\"eebbde5\" data-element_type=\"widget\" data-widget_type=\"text-editor.default\">\n\t\t\t\t<div class=\"elementor-widget-container\">\n\t\t\t\t\t\t\t\t<div class=\"elementor-text-editor elementor-clearfix\">\n\t\t\t\t<h3>Correction de l&rsquo;exercice sur le romantisme\u00a0<\/h3>\t\t\t\t\t<\/div>\n\t\t\t\t\t\t<\/div>\n\t\t\t\t<\/div>\n\t\t\t\t<div class=\"elementor-element elementor-element-94e90ec elementor-widget elementor-widget-text-editor\" data-id=\"94e90ec\" data-element_type=\"widget\" data-widget_type=\"text-editor.default\">\n\t\t\t\t<div class=\"elementor-widget-container\">\n\t\t\t\t\t\t\t\t<div class=\"elementor-text-editor elementor-clearfix\">\n\t\t\t\t<p><em><strong>Lisez ce po\u00e8me. Quelle est la forme de ce po\u00e8me ? Quels sont les \u00e9l\u00e9ments propres au romantisme ?<\/strong> <\/em><\/p><p>Ce po\u00e8me de Musset reprend plusieurs \u00e9l\u00e9ments propres au romantisme.<\/p><p>Tout d\u2019abord, il s\u2019agit d\u2019un <strong>sonnet<\/strong>, une <strong>forme fixe<\/strong> datant du XVI\u00e8me et beaucoup reprise par les romantiques. On la reconnait par ses deux quatrains aux rimes embrass\u00e9es et ses deux tercets.<\/p><p>Ensuite, le th\u00e8me principal du po\u00e8te est la tristesse, le spleen, la m\u00e9lancolie. C\u2019est un sentiment tr\u00e8s courant chez les romantiques qui souffrent du \u201cmal du si\u00e8cle\u201d. Les deux premi\u00e8res<strong> strophes<\/strong> marquent particuli\u00e8rement la fuite de la jeunesse, la perte irr\u00e9m\u00e9diable du po\u00e8te qui a vu dispara\u00eetre \u201cma force et ma vie \/ Et mes amis et ma gait\u00e9\u201d.<\/p><p>Cette tonalit\u00e9 \u201c<strong>\u00e9l\u00e9giaque<\/strong>\u201d est exprim\u00e9e \u00e0 la premi\u00e8re personne du singulier : le po\u00e8te exprime ses sentiments de fa\u00e7on lyrique, bien que ce po\u00e8me ne soit pas dans l\u2019emphase. Au contraire, il fait preuve d\u2019une certaine simplicit\u00e9.<\/p><p>Ces articles pourraient vous int\u00e9resser :\u00a0<\/p><p>Sur le roman :<\/p><ul><li><a href=\"https:\/\/groupe-reussite.fr\/ressources\/cp-francais-analyser-incipit\/\">Analyser un incipit au bac de fran\u00e7ais<\/a><\/li><li><a href=\"https:\/\/groupe-reussite.fr\/ressources\/cp-francais-grands-auteurs-roman\/\">Grands auteurs du roman<\/a><\/li><li><a href=\"https:\/\/groupe-reussite.fr\/ressources\/cp-francais-histoire-roman\/\">Histoire du roman<\/a><\/li><li>Les <a href=\"https:\/\/groupe-reussite.fr\/ressources\/cp-francais-genres-narratifs\/\">genres narratifs en fran\u00e7ais<\/a><\/li><li><a href=\"https:\/\/groupe-reussite.fr\/ressources\/cp-francais-parcours-associe-le-rouge-et-le-noir\/\">Parcours associ\u00e9 sur le roman : Le Rouge et le Noir<\/a><\/li><li><a class=\"waffle-rich-text-link\" href=\"https:\/\/groupe-reussite.fr\/ressources\/cp-francais-la-peau-de-chagrin-balzac\/\">La Peau de chagrin Honor\u00e9 de Balzac<\/a><\/li><li><a class=\"waffle-rich-text-link\" href=\"https:\/\/groupe-reussite.fr\/ressources\/cp-francais-analyse-manon-lescaut-abbe-prevost\/\">Manon Lescaut de l&rsquo;abb\u00e9 Prevost<\/a><\/li><li><a class=\"waffle-rich-text-link\" href=\"https:\/\/groupe-reussite.fr\/ressources\/cp-tout-savoir-sur-le-roman-au-bac-de-francais\/\">Tout savoir sur le roman au bac de fran\u00e7ais<\/a><\/li><\/ul><p>Sur la po\u00e9sie :<\/p><ul><li><a class=\"waffle-rich-text-link\" href=\"https:\/\/groupe-reussite.fr\/ressources\/cp-tout-savoir-sur-la-poesie-au-bac-de-francais\/\">Tout savoir sur la po\u00e9sie au bac de fran\u00e7ais<\/a><\/li><li>Les <a href=\"https:\/\/groupe-reussite.fr\/ressources\/cp-francais-grands-auteurs-poesie\/\">grands auteurs de la po\u00e9sie en fran\u00e7ais<\/a><\/li><li><a href=\"https:\/\/groupe-reussite.fr\/ressources\/cp-francais-parcours-associe-poesie-fleurs-du-mal\/\">Parcours associ\u00e9 sur la po\u00e9sie : Les Fleurs du mal<\/a><\/li><\/ul><p>Sur le th\u00e9\u00e2tre :<\/p><ul><li>Le <a href=\"https:\/\/groupe-reussite.fr\/ressources\/cp-tout-savoir-sur-le-theatre-au-bac-de-francais\/\">th\u00e8me du th\u00e9\u00e2tre au bac de fran\u00e7ais<\/a><\/li><li><a href=\"https:\/\/groupe-reussite.fr\/ressources\/cp-francais-histoire-theatre\/\">Histoire du th\u00e9\u00e2tre<\/a><\/li><li><a href=\"https:\/\/groupe-reussite.fr\/ressources\/cp-francais-grands-auteurs-theatre\/\">Grands auteurs du th\u00e9\u00e2tre au bac de fran\u00e7ais<\/a><\/li><li><a href=\"https:\/\/groupe-reussite.fr\/ressources\/cp-francais-analyser-scene-exposition\/\">Analyser une sc\u00e8ne d&rsquo;exposition au th\u00e9\u00e2tre au bac de de fran\u00e7ais<\/a><\/li><li><a href=\"https:\/\/groupe-reussite.fr\/ressources\/cp-francais-analyser-texte-theatral\/\">Analyser un texte th\u00e9\u00e2tral<\/a><\/li><li>Les <a href=\"https:\/\/groupe-reussite.fr\/ressources\/cp-francais-genres-theatraux\/\">genres du th\u00e9\u00e2tre au bac de fran\u00e7ais<\/a><\/li><li><a href=\"https:\/\/groupe-reussite.fr\/ressources\/cp-mouvements-litteraire-theatre-bac-francais\/\">Mouvements litt\u00e9raires du th\u00e9atre<\/a><\/li><li><a href=\"https:\/\/groupe-reussite.fr\/ressources\/cp-francais-parcours-associe-le-malade-imaginaire\/\">Parcours associ\u00e9 sur le th\u00e9\u00e2tre : Le malade Imaginaire<\/a><\/li><\/ul><p>Sur la litt\u00e9rature d&rsquo;id\u00e9es :<\/p><ul><li>La <a href=\"https:\/\/groupe-reussite.fr\/ressources\/cp-tout-savoir-sur-la-litterature-didees-au-bac-de-francais\/\">litt\u00e9rature d&rsquo;id\u00e9es au bac de fran\u00e7ais<\/a><\/li><li><a href=\"https:\/\/groupe-reussite.fr\/ressources\/cp-francais-grands-auteurs-litterature-idees\/\">Grands auteurs de la litt\u00e9rature d&rsquo;id\u00e9es<\/a><\/li><li>Les <a href=\"https:\/\/groupe-reussite.fr\/ressources\/cp-francais-genres-argumentatifs\/\">genres argumentatifs au bac de fran\u00e7ais<\/a><\/li><li><a href=\"https:\/\/groupe-reussite.fr\/ressources\/cp-analyser-texte-argumentatif-francais\/\">Analyser un texte argumentatif au bac de fran\u00e7ais<\/a><\/li><li><a class=\"waffle-rich-text-link\" href=\"https:\/\/groupe-reussite.fr\/ressources\/cp-francais-sido-vrilles-de-la-vigne-colette\/\">Sido et Les Vrilles de la vigne de Colette<\/a><\/li><\/ul><p>Sur l&rsquo;oral du bac de fran\u00e7ais :\u00a0<\/p><ul><li><a href=\"https:\/\/groupe-reussite.fr\/ressources\/cp-francais-expose-oeuvre-choisie-oral-bac\/\">Pr\u00e9parer l\u2019expos\u00e9 de l\u2019\u0153uvre choisie \u00e0 l\u2019oral du bac de fran\u00e7ais<\/a><\/li><li><a href=\"https:\/\/groupe-reussite.fr\/ressources\/cp-francais-faire-fiche-revision-oral-bac\/\">Faire une fiche de r\u00e9vision pour l\u2019oral de fran\u00e7ais au bac<\/a><\/li><li><a href=\"https:\/\/groupe-reussite.fr\/ressources\/cp-francais-conseils-oral-bac\/\">Conseils pour r\u00e9ussir l&rsquo;oral au bac de fran\u00e7ais<\/a><\/li><li><a href=\"https:\/\/groupe-reussite.fr\/ressources\/cp-tout-savoir-oral-bac-francais\/\">Oral de fran\u00e7ais au bac<\/a><\/li><\/ul><p>Sur la m\u00e9thodologie :\u00a0<\/p><ul><li><a href=\"https:\/\/groupe-reussite.fr\/ressources\/cp-methode-dissertation-bac-francais\/\">M\u00e9thodologie de la dissertation sur \u0153uvre en fran\u00e7ais<\/a><\/li><li><a href=\"https:\/\/groupe-reussite.fr\/ressources\/cp-francais-exemple-introduction-dissertation-sur-oeuvre\/\">Exemple d&rsquo;introduction de dissertation en fran\u00e7ais<\/a><\/li><li><a href=\"https:\/\/groupe-reussite.fr\/ressources\/cp-exemples-formules-commentaire-texte\/\">Formules pour r\u00e9diger un commentaire de texte au bac de fran\u00e7ais<\/a><\/li><li><a href=\"https:\/\/groupe-reussite.fr\/ressources\/cp-specialites-terminale-francais\/\">Sp\u00e9cialit\u00e9s litt\u00e9raires en terminale quand on aime le fran\u00e7ais<\/a><\/li><\/ul><p>Sur la grammaire :\u00a0<\/p><ul><li><a href=\"https:\/\/groupe-reussite.fr\/ressources\/cp-francais-accords-groupe-nominal-sujet-verbe\/\">Accords dans le groupe nominal et entre le sujet et le verbe<\/a><\/li><li><a href=\"https:\/\/groupe-reussite.fr\/ressources\/cp-francais-relations-logiques-fondamentales\/\">Relations logiques fondamentales<\/a><\/li><li><a class=\"waffle-rich-text-link\" href=\"https:\/\/groupe-reussite.fr\/ressources\/cp-francais-relations-logiques-comparaison-condition\/\">Les relations logiques fondamentales : condition et comparaison<\/a><\/li><li><a href=\"https:\/\/groupe-reussite.fr\/ressources\/cp-francais-propositions-subordonnees-relatives\/\">Propositions subordonn\u00e9es relatives<\/a><\/li><li><a href=\"https:\/\/groupe-reussite.fr\/ressources\/cp-francais-opposition-concession\/\">Opposition et concession<\/a><\/li><\/ul>\t\t\t\t\t<\/div>\n\t\t\t\t\t\t<\/div>\n\t\t\t\t<\/div>\n\t\t\t\t\t\t<\/div>\n\t\t\t\t\t<\/div>\n\t\t<\/div>\n\t\t\t\t\t\t\t\t<\/div>\n\t\t\t\t\t<\/div>\n\t\t<\/section>\n\t\t\t\t\t\t<\/div>\n\t\t\t\t\t<\/div>\n\t\t<\/div>\n\t\t\t\t\t\t\t\t<\/div>\n\t\t\t\t\t<\/div>\n\t\t<\/section>\n\t\t\t\t\t\t\t\t\t<\/div>\n\t\t\t<\/div>\n\t\t\t\t\t<\/div>\n\t\t","protected":false},"excerpt":{"rendered":"<p>Les mouvements et formes po\u00e9tiques du XIX\u00e8me et XX\u00e8me si\u00e8cle La po\u00e9sie fran\u00e7aise par \u00e9poque &#8211; Bac de fran\u00e7ais cours particuliers cours particuliers de fran\u00e7ais r\u00e9server un cours particulier de fran\u00e7ais CONTACTEZ NOUS La po\u00e9sie au bac de fran\u00e7ais &#8211; formes po\u00e9tiques Les XIX\u00e8me si\u00e8cle et XX\u00e8me si\u00e8cle sont des p\u00e9riodes riches en bouleversements litt\u00e9raires [&hellip;]<\/p>\n","protected":false},"author":6,"featured_media":0,"parent":0,"menu_order":0,"comment_status":"closed","ping_status":"closed","template":"elementor_header_footer","meta":[],"yoast_head":"<!-- This site is optimized with the Yoast SEO plugin v20.2.1 - https:\/\/yoast.com\/wordpress\/plugins\/seo\/ -->\n<title>Mouvements et formes po\u00e9tiques XIXe et XXe si\u00e8cle : bac Fran\u00e7ais<\/title>\n<meta name=\"description\" content=\"Mouvements et formes po\u00e9tiques du XIX\u00e8me et XX\u00e8me si\u00e8cle pour le bac de fran\u00e7ais. Le romantisme, le parnasse et le symbolisme, etc. Exercice corrig\u00e9.\" \/>\n<meta name=\"robots\" content=\"index, follow, max-snippet:-1, max-image-preview:large, max-video-preview:-1\" \/>\n<link rel=\"canonical\" href=\"https:\/\/groupe-reussite.fr\/ressources\/cp-mouvements-formes-poetiques-bac-francais\/\" \/>\n<meta property=\"og:locale\" content=\"fr_FR\" \/>\n<meta property=\"og:type\" content=\"article\" \/>\n<meta property=\"og:title\" content=\"Mouvements et formes po\u00e9tiques XIXe et XXe si\u00e8cle : bac Fran\u00e7ais\" \/>\n<meta property=\"og:description\" content=\"Mouvements et formes po\u00e9tiques du XIX\u00e8me et XX\u00e8me si\u00e8cle pour le bac de fran\u00e7ais. Le romantisme, le parnasse et le symbolisme, etc. Exercice corrig\u00e9.\" \/>\n<meta property=\"og:url\" content=\"https:\/\/groupe-reussite.fr\/ressources\/cp-mouvements-formes-poetiques-bac-francais\/\" \/>\n<meta property=\"og:site_name\" content=\"Groupe R\u00e9ussite\" \/>\n<meta property=\"article:modified_time\" content=\"2023-11-13T18:13:23+00:00\" \/>\n<meta property=\"og:image\" content=\"https:\/\/groupe-reussite.fr\/ressources\/wp-content\/uploads\/2020\/03\/cours-particuliers.jpg\" \/>\n<meta name=\"twitter:card\" content=\"summary_large_image\" \/>\n<meta name=\"twitter:label1\" content=\"Dur\u00e9e de lecture estim\u00e9e\" \/>\n\t<meta name=\"twitter:data1\" content=\"20 minutes\" \/>\n<script type=\"application\/ld+json\" class=\"yoast-schema-graph\">{\"@context\":\"https:\/\/schema.org\",\"@graph\":[{\"@type\":\"WebPage\",\"@id\":\"https:\/\/groupe-reussite.fr\/ressources\/cp-mouvements-formes-poetiques-bac-francais\/\",\"url\":\"https:\/\/groupe-reussite.fr\/ressources\/cp-mouvements-formes-poetiques-bac-francais\/\",\"name\":\"Mouvements et formes po\u00e9tiques XIXe et XXe si\u00e8cle : bac Fran\u00e7ais\",\"isPartOf\":{\"@id\":\"https:\/\/groupe-reussite.fr\/ressources\/#website\"},\"datePublished\":\"2022-02-10T10:42:47+00:00\",\"dateModified\":\"2023-11-13T18:13:23+00:00\",\"description\":\"Mouvements et formes po\u00e9tiques du XIX\u00e8me et XX\u00e8me si\u00e8cle pour le bac de fran\u00e7ais. Le romantisme, le parnasse et le symbolisme, etc. Exercice corrig\u00e9.\",\"breadcrumb\":{\"@id\":\"https:\/\/groupe-reussite.fr\/ressources\/cp-mouvements-formes-poetiques-bac-francais\/#breadcrumb\"},\"inLanguage\":\"fr-FR\",\"potentialAction\":[{\"@type\":\"ReadAction\",\"target\":[\"https:\/\/groupe-reussite.fr\/ressources\/cp-mouvements-formes-poetiques-bac-francais\/\"]}]},{\"@type\":\"BreadcrumbList\",\"@id\":\"https:\/\/groupe-reussite.fr\/ressources\/cp-mouvements-formes-poetiques-bac-francais\/#breadcrumb\",\"itemListElement\":[{\"@type\":\"ListItem\",\"position\":1,\"name\":\"Accueil\",\"item\":\"https:\/\/groupe-reussite.fr\/ressources\/\"},{\"@type\":\"ListItem\",\"position\":2,\"name\":\"La po\u00e9sie du XIXe au XXe si\u00e8cle : fiche de r\u00e9vision\"}]},{\"@type\":\"WebSite\",\"@id\":\"https:\/\/groupe-reussite.fr\/ressources\/#website\",\"url\":\"https:\/\/groupe-reussite.fr\/ressources\/\",\"name\":\"Groupe R\u00e9ussite\",\"description\":\"Stage et Cours particuliers maths, fran\u00e7ais, anglais, informatique, physique chimie\",\"publisher\":{\"@id\":\"https:\/\/groupe-reussite.fr\/ressources\/#organization\"},\"potentialAction\":[{\"@type\":\"SearchAction\",\"target\":{\"@type\":\"EntryPoint\",\"urlTemplate\":\"https:\/\/groupe-reussite.fr\/ressources\/?s={search_term_string}\"},\"query-input\":\"required name=search_term_string\"}],\"inLanguage\":\"fr-FR\"},{\"@type\":\"Organization\",\"@id\":\"https:\/\/groupe-reussite.fr\/ressources\/#organization\",\"name\":\"Groupe R\u00e9ussite\",\"url\":\"https:\/\/groupe-reussite.fr\/ressources\/\",\"logo\":{\"@type\":\"ImageObject\",\"inLanguage\":\"fr-FR\",\"@id\":\"https:\/\/groupe-reussite.fr\/ressources\/#\/schema\/logo\/image\/\",\"url\":\"https:\/\/groupe-reussite.fr\/ressources\/wp-content\/uploads\/2022\/05\/cropped-cropped-logo-1-1.png\",\"contentUrl\":\"https:\/\/groupe-reussite.fr\/ressources\/wp-content\/uploads\/2022\/05\/cropped-cropped-logo-1-1.png\",\"width\":273,\"height\":75,\"caption\":\"Groupe R\u00e9ussite\"},\"image\":{\"@id\":\"https:\/\/groupe-reussite.fr\/ressources\/#\/schema\/logo\/image\/\"}}]}<\/script>\n<!-- \/ Yoast SEO plugin. -->","yoast_head_json":{"title":"Mouvements et formes po\u00e9tiques XIXe et XXe si\u00e8cle : bac Fran\u00e7ais","description":"Mouvements et formes po\u00e9tiques du XIX\u00e8me et XX\u00e8me si\u00e8cle pour le bac de fran\u00e7ais. Le romantisme, le parnasse et le symbolisme, etc. Exercice corrig\u00e9.","robots":{"index":"index","follow":"follow","max-snippet":"max-snippet:-1","max-image-preview":"max-image-preview:large","max-video-preview":"max-video-preview:-1"},"canonical":"https:\/\/groupe-reussite.fr\/ressources\/cp-mouvements-formes-poetiques-bac-francais\/","og_locale":"fr_FR","og_type":"article","og_title":"Mouvements et formes po\u00e9tiques XIXe et XXe si\u00e8cle : bac Fran\u00e7ais","og_description":"Mouvements et formes po\u00e9tiques du XIX\u00e8me et XX\u00e8me si\u00e8cle pour le bac de fran\u00e7ais. Le romantisme, le parnasse et le symbolisme, etc. Exercice corrig\u00e9.","og_url":"https:\/\/groupe-reussite.fr\/ressources\/cp-mouvements-formes-poetiques-bac-francais\/","og_site_name":"Groupe R\u00e9ussite","article_modified_time":"2023-11-13T18:13:23+00:00","og_image":[{"url":"https:\/\/groupe-reussite.fr\/ressources\/wp-content\/uploads\/2020\/03\/cours-particuliers.jpg"}],"twitter_card":"summary_large_image","twitter_misc":{"Dur\u00e9e de lecture estim\u00e9e":"20 minutes"},"schema":{"@context":"https:\/\/schema.org","@graph":[{"@type":"WebPage","@id":"https:\/\/groupe-reussite.fr\/ressources\/cp-mouvements-formes-poetiques-bac-francais\/","url":"https:\/\/groupe-reussite.fr\/ressources\/cp-mouvements-formes-poetiques-bac-francais\/","name":"Mouvements et formes po\u00e9tiques XIXe et XXe si\u00e8cle : bac Fran\u00e7ais","isPartOf":{"@id":"https:\/\/groupe-reussite.fr\/ressources\/#website"},"datePublished":"2022-02-10T10:42:47+00:00","dateModified":"2023-11-13T18:13:23+00:00","description":"Mouvements et formes po\u00e9tiques du XIX\u00e8me et XX\u00e8me si\u00e8cle pour le bac de fran\u00e7ais. Le romantisme, le parnasse et le symbolisme, etc. Exercice corrig\u00e9.","breadcrumb":{"@id":"https:\/\/groupe-reussite.fr\/ressources\/cp-mouvements-formes-poetiques-bac-francais\/#breadcrumb"},"inLanguage":"fr-FR","potentialAction":[{"@type":"ReadAction","target":["https:\/\/groupe-reussite.fr\/ressources\/cp-mouvements-formes-poetiques-bac-francais\/"]}]},{"@type":"BreadcrumbList","@id":"https:\/\/groupe-reussite.fr\/ressources\/cp-mouvements-formes-poetiques-bac-francais\/#breadcrumb","itemListElement":[{"@type":"ListItem","position":1,"name":"Accueil","item":"https:\/\/groupe-reussite.fr\/ressources\/"},{"@type":"ListItem","position":2,"name":"La po\u00e9sie du XIXe au XXe si\u00e8cle : fiche de r\u00e9vision"}]},{"@type":"WebSite","@id":"https:\/\/groupe-reussite.fr\/ressources\/#website","url":"https:\/\/groupe-reussite.fr\/ressources\/","name":"Groupe R\u00e9ussite","description":"Stage et Cours particuliers maths, fran\u00e7ais, anglais, informatique, physique chimie","publisher":{"@id":"https:\/\/groupe-reussite.fr\/ressources\/#organization"},"potentialAction":[{"@type":"SearchAction","target":{"@type":"EntryPoint","urlTemplate":"https:\/\/groupe-reussite.fr\/ressources\/?s={search_term_string}"},"query-input":"required name=search_term_string"}],"inLanguage":"fr-FR"},{"@type":"Organization","@id":"https:\/\/groupe-reussite.fr\/ressources\/#organization","name":"Groupe R\u00e9ussite","url":"https:\/\/groupe-reussite.fr\/ressources\/","logo":{"@type":"ImageObject","inLanguage":"fr-FR","@id":"https:\/\/groupe-reussite.fr\/ressources\/#\/schema\/logo\/image\/","url":"https:\/\/groupe-reussite.fr\/ressources\/wp-content\/uploads\/2022\/05\/cropped-cropped-logo-1-1.png","contentUrl":"https:\/\/groupe-reussite.fr\/ressources\/wp-content\/uploads\/2022\/05\/cropped-cropped-logo-1-1.png","width":273,"height":75,"caption":"Groupe R\u00e9ussite"},"image":{"@id":"https:\/\/groupe-reussite.fr\/ressources\/#\/schema\/logo\/image\/"}}]}},"_links":{"self":[{"href":"https:\/\/groupe-reussite.fr\/ressources\/wp-json\/wp\/v2\/pages\/151429"}],"collection":[{"href":"https:\/\/groupe-reussite.fr\/ressources\/wp-json\/wp\/v2\/pages"}],"about":[{"href":"https:\/\/groupe-reussite.fr\/ressources\/wp-json\/wp\/v2\/types\/page"}],"author":[{"embeddable":true,"href":"https:\/\/groupe-reussite.fr\/ressources\/wp-json\/wp\/v2\/users\/6"}],"replies":[{"embeddable":true,"href":"https:\/\/groupe-reussite.fr\/ressources\/wp-json\/wp\/v2\/comments?post=151429"}],"version-history":[{"count":3,"href":"https:\/\/groupe-reussite.fr\/ressources\/wp-json\/wp\/v2\/pages\/151429\/revisions"}],"predecessor-version":[{"id":195653,"href":"https:\/\/groupe-reussite.fr\/ressources\/wp-json\/wp\/v2\/pages\/151429\/revisions\/195653"}],"wp:attachment":[{"href":"https:\/\/groupe-reussite.fr\/ressources\/wp-json\/wp\/v2\/media?parent=151429"}],"curies":[{"name":"wp","href":"https:\/\/api.w.org\/{rel}","templated":true}]}}