{"id":154008,"date":"2022-03-24T11:55:36","date_gmt":"2022-03-24T10:55:36","guid":{"rendered":"https:\/\/groupe-reussite.fr\/?page_id=154008"},"modified":"2023-10-18T08:00:36","modified_gmt":"2023-10-18T07:00:36","slug":"cp-francais-parcours-associe-le-rouge-et-le-noir","status":"publish","type":"page","link":"https:\/\/groupe-reussite.fr\/ressources\/cp-francais-parcours-associe-le-rouge-et-le-noir\/","title":{"rendered":"Le rouge et le noir : analyse des personnages bac de fran\u00e7ais"},"content":{"rendered":"\t\t<div data-elementor-type=\"wp-page\" data-elementor-id=\"154008\" class=\"elementor elementor-154008\">\n\t\t\t\t\n\t\t<script type=\"text\/javascript\">\n\t\t\tjQuery(document).ready(function() {\n\n\t\t\t\tjQuery(\".elementor-element-6fe69c56\").prepend('<div class=\"aepro-section-bs\"><div class=\"aepro-section-bs-inner\"><\/div><\/div>');\n\t\t\t\tvar bgimage = '';\n\t\t\t\tif ('yes' == 'yes') {\n\n\t\t\t\t\t\/\/if(bgimage == ''){\n\t\t\t\t\t\/\/    var bgoverlay = '';\n\t\t\t\t\t\/\/}else{\n\t\t\t\t\tvar bgoverlay = 'https:\/\/groupe-reussite.fr\/ressources\/wp-content\/plugins\/anywhere-elementor-pro\/includes\/assets\/lib\/vegas\/overlays\/00.png';\n\t\t\t\t\t\/\/ }\n\t\t\t\t} else {\n\t\t\t\t\tif ('') {\n\t\t\t\t\t\tvar bgoverlay = 'https:\/\/groupe-reussite.fr\/ressources\/wp-content\/plugins\/anywhere-elementor-pro\/includes\/assets\/lib\/vegas\/overlays\/.png';\n\t\t\t\t\t} else {\n\t\t\t\t\t\tvar bgoverlay = 'https:\/\/groupe-reussite.fr\/ressources\/wp-content\/plugins\/anywhere-elementor-pro\/includes\/assets\/lib\/vegas\/overlays\/00.png';\n\t\t\t\t\t}\n\t\t\t\t}\n\n\n\t\t\t\tjQuery(\".elementor-element-6fe69c56\").children('.aepro-section-bs').children('.aepro-section-bs-inner').vegas({\n\t\t\t\t\tslides: [{\"src\":\"https:\\\/\\\/groupe-reussite.fr\\\/ressources\\\/wp-content\\\/uploads\\\/2017\\\/11\\\/stage-maths-sup-spe-banniere-3.jpg\"}],\n\t\t\t\t\ttransition: 'fade',\n\t\t\t\t\tanimation: 'kenburns',\n\t\t\t\t\toverlay: bgoverlay,\n\t\t\t\t\tcover: true,\n\t\t\t\t\tdelay: 5000,\n\t\t\t\t\ttimer: true\t\t\t\t});\n\t\t\t\tif ('yes' == 'yes') {\n\t\t\t\t\tjQuery(\".elementor-element-6fe69c56\").children('.aepro-section-bs').children('.aepro-section-bs-inner').children('.vegas-overlay').css('background-image', '');\n\t\t\t\t}\n\t\t\t});\n\t\t<\/script>\n\t\t\t\t<section class=\"has_ae_slider elementor-section elementor-top-section elementor-element elementor-element-6fe69c56 elementor-section-stretched elementor-section-boxed elementor-section-height-default elementor-section-height-default ae-bg-gallery-type-default\" data-id=\"6fe69c56\" data-element_type=\"section\" data-e-type=\"section\" id=\"header_height\" data-settings=\"{&quot;stretch_section&quot;:&quot;section-stretched&quot;,&quot;background_background&quot;:&quot;classic&quot;}\">\n\t\t\t\t\t\t<div class=\"elementor-container elementor-column-gap-default\">\n\t\t\t\t\t<div class=\"has_ae_slider elementor-column elementor-col-100 elementor-top-column elementor-element elementor-element-75db7b60 ae-bg-gallery-type-default\" data-id=\"75db7b60\" data-element_type=\"column\" data-e-type=\"column\">\n\t\t\t<div class=\"elementor-widget-wrap elementor-element-populated\">\n\t\t\t\t\t\t<div class=\"elementor-element elementor-element-711e6392 elementor-widget elementor-widget-heading\" data-id=\"711e6392\" data-element_type=\"widget\" data-e-type=\"widget\" data-widget_type=\"heading.default\">\n\t\t\t\t<div class=\"elementor-widget-container\">\n\t\t\t\t\t<h1 class=\"elementor-heading-title elementor-size-default\">Parcours associ\u00e9 le Rouge et le Noir au bac de fran\u00e7ais<\/h1>\t\t\t\t<\/div>\n\t\t\t\t<\/div>\n\t\t\t\t<div class=\"elementor-element elementor-element-3a6c4711 elementor-widget elementor-widget-heading\" data-id=\"3a6c4711\" data-element_type=\"widget\" data-e-type=\"widget\" data-widget_type=\"heading.default\">\n\t\t\t\t<div class=\"elementor-widget-container\">\n\t\t\t\t\t<h2 class=\"elementor-heading-title elementor-size-default\">Le Rouge et le Noir : le personnage de roman, esth\u00e9tique et valeurs\n<\/h2>\t\t\t\t<\/div>\n\t\t\t\t<\/div>\n\t\t\t\t<div class=\"elementor-element elementor-element-317fa871 elementor-widget elementor-widget-text-editor\" data-id=\"317fa871\" data-element_type=\"widget\" data-e-type=\"widget\" data-widget_type=\"text-editor.default\">\n\t\t\t\t<div class=\"elementor-widget-container\">\n\t\t\t\t\t\t\t\t\t<p style=\"text-align: justify\">\t\t<div data-elementor-type=\"section\" data-elementor-id=\"112233\" class=\"elementor elementor-112233\">\n\t\t\t\t\t<div class=\"elementor-section-wrap\">\n\t\t\t\t\t\t\t\t<section class=\"has_ae_slider elementor-section elementor-inner-section elementor-element elementor-element-2753c5f2 elementor-section-content-bottom elementor-section-full_width elementor-section-height-min-height elementor-section-height-default ae-bg-gallery-type-default\" data-id=\"2753c5f2\" data-element_type=\"section\" data-e-type=\"section\">\n\t\t\t\t\t\t<div class=\"elementor-container elementor-column-gap-default\">\n\t\t\t\t\t<div class=\"has_ae_slider elementor-column elementor-col-100 elementor-inner-column elementor-element elementor-element-27ee3c1b ae-bg-gallery-type-default\" data-id=\"27ee3c1b\" data-element_type=\"column\" data-e-type=\"column\">\n\t\t\t<div class=\"elementor-widget-wrap elementor-element-populated\">\n\t\t\t\t\t\t<div class=\"elementor-element elementor-element-4c70fc7d elementor-align-center elementor-widget elementor-widget-button\" data-id=\"4c70fc7d\" data-element_type=\"widget\" data-e-type=\"widget\" data-widget_type=\"button.default\">\n\t\t\t\t<div class=\"elementor-widget-container\">\n\t\t\t\t\t\t\t\t\t<div class=\"elementor-button-wrapper\">\n\t\t\t\t\t<a class=\"elementor-button elementor-button-link elementor-size-md elementor-animation-grow\" href=\"https:\/\/groupe-reussite.fr\/cours-particuliers\/francais\/tous-niveaux\/france\/\" target=\"_blank\">\n\t\t\t\t\t\t<span class=\"elementor-button-content-wrapper\">\n\t\t\t\t\t\t<span class=\"elementor-button-icon\">\n\t\t\t\t<i aria-hidden=\"true\" class=\"fas fa-bookmark\"><\/i>\t\t\t<\/span>\n\t\t\t\t\t\t\t\t\t<span class=\"elementor-button-text\">Trouver des professeurs particuliers de fran\u00e7ais<\/span>\n\t\t\t\t\t<\/span>\n\t\t\t\t\t<\/a>\n\t\t\t\t<\/div>\n\t\t\t\t\t\t\t\t<\/div>\n\t\t\t\t<\/div>\n\t\t\t\t\t<\/div>\n\t\t<\/div>\n\t\t\t\t\t<\/div>\n\t\t<\/section>\n\t\t\t\t\t\t\t<\/div>\n\t\t\t\t<\/div>\n\t\t<\/p>\t\t\t\t\t\t\t\t<\/div>\n\t\t\t\t<\/div>\n\t\t\t\t\t<\/div>\n\t\t<\/div>\n\t\t\t\t\t<\/div>\n\t\t<\/section>\n\t\t\t\t<section class=\"has_ae_slider elementor-section elementor-top-section elementor-element elementor-element-2305ac68 elementor-section-full_width sticky_page elementor-section-height-default elementor-section-height-default ae-bg-gallery-type-default\" data-id=\"2305ac68\" data-element_type=\"section\" data-e-type=\"section\">\n\t\t\t\t\t\t<div class=\"elementor-container elementor-column-gap-no\">\n\t\t\t\t\t<div class=\"has_ae_slider elementor-column elementor-col-33 elementor-top-column elementor-element elementor-element-35198305 col_height ae-bg-gallery-type-default\" data-id=\"35198305\" data-element_type=\"column\" data-e-type=\"column\" data-settings=\"{&quot;background_background&quot;:&quot;classic&quot;}\">\n\t\t\t<div class=\"elementor-widget-wrap elementor-element-populated\">\n\t\t\t\t\t\t<section class=\"has_ae_slider elementor-section elementor-inner-section elementor-element elementor-element-46bfb79 elementor-section-content-middle wrap elementor-section-boxed elementor-section-height-default elementor-section-height-default ae-bg-gallery-type-default\" data-id=\"46bfb79\" data-element_type=\"section\" data-e-type=\"section\">\n\t\t\t\t\t\t<div class=\"elementor-container elementor-column-gap-no\">\n\t\t\t\t\t<div class=\"has_ae_slider elementor-column elementor-col-50 elementor-inner-column elementor-element elementor-element-8f2e442 hide_col ae-bg-gallery-type-default\" data-id=\"8f2e442\" data-element_type=\"column\" data-e-type=\"column\">\n\t\t\t<div class=\"elementor-widget-wrap\">\n\t\t\t\t\t\t\t<\/div>\n\t\t<\/div>\n\t\t\t\t<div class=\"has_ae_slider elementor-column elementor-col-50 elementor-inner-column elementor-element elementor-element-0fbb7df strick_col ae-bg-gallery-type-default\" data-id=\"0fbb7df\" data-element_type=\"column\" data-e-type=\"column\" data-settings=\"{&quot;background_background&quot;:&quot;classic&quot;}\">\n\t\t\t<div class=\"elementor-widget-wrap elementor-element-populated\">\n\t\t\t\t\t\t<div class=\"elementor-element elementor-element-8bbb5ef elementor-widget elementor-widget-image\" data-id=\"8bbb5ef\" data-element_type=\"widget\" data-e-type=\"widget\" data-widget_type=\"image.default\">\n\t\t\t\t<div class=\"elementor-widget-container\">\n\t\t\t\t\t\t\t\t\t\t\t\t\t\t\t<img fetchpriority=\"high\" decoding=\"async\" width=\"300\" height=\"210\" src=\"https:\/\/groupe-reussite.fr\/ressources\/wp-content\/uploads\/2020\/03\/cours-particuliers.jpg\" class=\"attachment-large size-large wp-image-44782\" alt=\"cours-particulier-paris\" \/>\t\t\t\t\t\t\t\t\t\t\t\t\t\t\t<\/div>\n\t\t\t\t<\/div>\n\t\t\t\t<div class=\"elementor-element elementor-element-68a93ec elementor-widget elementor-widget-heading\" data-id=\"68a93ec\" data-element_type=\"widget\" data-e-type=\"widget\" data-widget_type=\"heading.default\">\n\t\t\t\t<div class=\"elementor-widget-container\">\n\t\t\t\t\t<h3 class=\"elementor-heading-title elementor-size-default\">cours particuliers<\/h3>\t\t\t\t<\/div>\n\t\t\t\t<\/div>\n\t\t\t\t<div class=\"elementor-element elementor-element-5424a1b elementor-widget elementor-widget-heading\" data-id=\"5424a1b\" data-element_type=\"widget\" data-e-type=\"widget\" data-widget_type=\"heading.default\">\n\t\t\t\t<div class=\"elementor-widget-container\">\n\t\t\t\t\t<h4 class=\"elementor-heading-title elementor-size-default\">cours particuliers de fran\u00e7ais<\/h4>\t\t\t\t<\/div>\n\t\t\t\t<\/div>\n\t\t\t\t<div class=\"elementor-element elementor-element-4201246 elementor-align-center elementor-widget elementor-widget-button\" data-id=\"4201246\" data-element_type=\"widget\" data-e-type=\"widget\" data-widget_type=\"button.default\">\n\t\t\t\t<div class=\"elementor-widget-container\">\n\t\t\t\t\t\t\t\t\t<div class=\"elementor-button-wrapper\">\n\t\t\t\t\t<a class=\"elementor-button elementor-button-link elementor-size-sm\" href=\"https:\/\/groupe-reussite.fr\/cours-particuliers\/francais\/tous-niveaux\/france\/\" target=\"_blank\">\n\t\t\t\t\t\t<span class=\"elementor-button-content-wrapper\">\n\t\t\t\t\t\t\t\t\t<span class=\"elementor-button-text\">r\u00e9server un cours particulier de fran\u00e7ais<\/span>\n\t\t\t\t\t<\/span>\n\t\t\t\t\t<\/a>\n\t\t\t\t<\/div>\n\t\t\t\t\t\t\t\t<\/div>\n\t\t\t\t<\/div>\n\t\t\t\t<div class=\"elementor-element elementor-element-0ee5ca0 elementor-align-justify elementor-widget elementor-widget-button\" data-id=\"0ee5ca0\" data-element_type=\"widget\" data-e-type=\"widget\" data-widget_type=\"button.default\">\n\t\t\t\t<div class=\"elementor-widget-container\">\n\t\t\t\t\t\t\t\t\t<div class=\"elementor-button-wrapper\">\n\t\t\t\t\t<a class=\"elementor-button elementor-button-link elementor-size-sm\" href=\"https:\/\/groupe-reussite.fr\/nous-contacter\/\">\n\t\t\t\t\t\t<span class=\"elementor-button-content-wrapper\">\n\t\t\t\t\t\t\t\t\t<span class=\"elementor-button-text\">CONTACTEZ  NOUS<\/span>\n\t\t\t\t\t<\/span>\n\t\t\t\t\t<\/a>\n\t\t\t\t<\/div>\n\t\t\t\t\t\t\t\t<\/div>\n\t\t\t\t<\/div>\n\t\t\t\t\t<\/div>\n\t\t<\/div>\n\t\t\t\t\t<\/div>\n\t\t<\/section>\n\t\t\t\t\t<\/div>\n\t\t<\/div>\n\t\t\t\t<div class=\"has_ae_slider elementor-column elementor-col-66 elementor-top-column elementor-element elementor-element-12987e37 section_width ae-bg-gallery-type-default\" data-id=\"12987e37\" data-element_type=\"column\" data-e-type=\"column\">\n\t\t\t<div class=\"elementor-widget-wrap elementor-element-populated\">\n\t\t\t\t\t\t<section class=\"has_ae_slider elementor-section elementor-inner-section elementor-element elementor-element-1e473da0 elementor-section-content-middle full_width elementor-section-boxed elementor-section-height-default elementor-section-height-default ae-bg-gallery-type-default\" data-id=\"1e473da0\" data-element_type=\"section\" data-e-type=\"section\">\n\t\t\t\t\t\t<div class=\"elementor-container elementor-column-gap-no\">\n\t\t\t\t\t<div class=\"has_ae_slider elementor-column elementor-col-100 elementor-inner-column elementor-element elementor-element-240e788 ae-bg-gallery-type-default\" data-id=\"240e788\" data-element_type=\"column\" data-e-type=\"column\">\n\t\t\t<div class=\"elementor-widget-wrap elementor-element-populated\">\n\t\t\t\t\t\t<div class=\"elementor-element elementor-element-47c485af elementor-widget elementor-widget-text-editor\" data-id=\"47c485af\" data-element_type=\"widget\" data-e-type=\"widget\" data-widget_type=\"text-editor.default\">\n\t\t\t\t<div class=\"elementor-widget-container\">\n\t\t\t\t\t\t\t\t\t<h2>Les personnages de roman &#8211; Parcours associ\u00e9 du roman<\/h2>\t\t\t\t\t\t\t\t<\/div>\n\t\t\t\t<\/div>\n\t\t\t\t<div class=\"elementor-element elementor-element-180d4d0 elementor-widget elementor-widget-text-editor\" data-id=\"180d4d0\" data-element_type=\"widget\" data-e-type=\"widget\" data-widget_type=\"text-editor.default\">\n\t\t\t\t<div class=\"elementor-widget-container\">\n\t\t\t\t\t\t\t\t\t<p>Tout lecteur a forc\u00e9ment \u00e9t\u00e9 marqu\u00e9 dans ses lectures de roman par des <strong>grands personnages<\/strong> qui ne s\u2019oublient pas : le valeureux Monte Cristo dans le roman de Dumas, Madame de Merteuil, la grande manipulatrice des <em>Liaisons dangereuses<\/em> de Choderlos de Laclos, la sulfureuse <a href=\"https:\/\/groupe-reussite.fr\/ressources\/cp-francais-analyse-manon-lescaut-abbe-prevost\/\">Manon Lescaut<\/a> dans le roman de l\u2019abb\u00e9 Pr\u00e9vost ou encore le jeune Rastignac \u00e0 la conqu\u00eate de Paris dans le <em>P\u00e8re Goriot<\/em> de Balzac. <strong>Pourquoi ces personnages nous marquent-ils autant ? Comment le romancier parvient-il \u00e0 leur donner une existence ? Sont-ils tous des personnages h\u00e9ro\u00efques ?<\/strong> C\u2019est ce que nous d\u00e9velopperons dans ce cours, tout en nous concentrant particuli\u00e8rement sur<em> le Rouge et le Noir<\/em> de Stendhal. Ce <a href=\"https:\/\/groupe-reussite.fr\/cours-particuliers\/francais\/tous-niveaux\/france\/\">cours de fran\u00e7ais<\/a> pourra cours servir et vous fournir des connaissances pour la <a href=\"https:\/\/groupe-reussite.fr\/ressources\/cp-methode-dissertation-bac-francais\/\">dissertation sur \u0153uvre au bac de fran\u00e7ais<\/a>.<\/p><p style=\"text-align: justify\">Cependant, si vous recherchez un apprentissage encore plus personnalis\u00e9, des <a href=\"https:\/\/groupe-reussite.fr\/cours-particuliers\/francais\/tous-niveaux\/france\/\">cours particuliers de fran\u00e7ais<\/a> peuvent vous offrir l&rsquo;opportunit\u00e9 d&rsquo;explorer en profondeur \u00ab\u00a0Le Rouge et le Noir\u00a0\u00bb et d&rsquo;autres aspects de la litt\u00e9rature fran\u00e7aise. Ils vous aideront \u00e0 d\u00e9velopper votre compr\u00e9hension des \u0153uvres, \u00e0 perfectionner votre analyse et \u00e0 vous pr\u00e9parer de mani\u00e8re plus cibl\u00e9e et confiante \u00e0 l&rsquo;examen du bac.<\/p><p>\t\t<div data-elementor-type=\"section\" data-elementor-id=\"190582\" class=\"elementor elementor-190582\">\n\t\t\t\t\t<div class=\"elementor-section-wrap\">\n\t\t\t\t\t\t\t\t<section class=\"has_ae_slider elementor-section elementor-inner-section elementor-element elementor-element-609c4eb0 elementor-section-content-bottom full_width elementor-section-full_width elementor-section-height-min-height elementor-section-height-default ae-bg-gallery-type-default\" data-id=\"609c4eb0\" data-element_type=\"section\" data-e-type=\"section\" data-settings=\"{&quot;background_background&quot;:&quot;classic&quot;}\">\n\t\t\t\t\t\t<div class=\"elementor-container elementor-column-gap-narrow\">\n\t\t\t\t\t<div class=\"has_ae_slider elementor-column elementor-col-66 elementor-inner-column elementor-element elementor-element-6388b79c ae-bg-gallery-type-default\" data-id=\"6388b79c\" data-element_type=\"column\" data-e-type=\"column\">\n\t\t\t<div class=\"elementor-widget-wrap elementor-element-populated\">\n\t\t\t\t\t\t<div class=\"elementor-element elementor-element-2a59302d elementor-widget elementor-widget-heading\" data-id=\"2a59302d\" data-element_type=\"widget\" data-e-type=\"widget\" data-widget_type=\"heading.default\">\n\t\t\t\t<div class=\"elementor-widget-container\">\n\t\t\t\t\t<h3 class=\"elementor-heading-title elementor-size-default\">COURS DE FRANCAIS A DOMICILE ET EN LIGNE<\/h3>\t\t\t\t<\/div>\n\t\t\t\t<\/div>\n\t\t\t\t<div class=\"elementor-element elementor-element-659fd736 elementor-widget elementor-widget-heading\" data-id=\"659fd736\" data-element_type=\"widget\" data-e-type=\"widget\" data-widget_type=\"heading.default\">\n\t\t\t\t<div class=\"elementor-widget-container\">\n\t\t\t\t\t<h4 class=\"elementor-heading-title elementor-size-default\">Organisez facilement vos cours de fran\u00e7ais<\/h4>\t\t\t\t<\/div>\n\t\t\t\t<\/div>\n\t\t\t\t<div class=\"elementor-element elementor-element-3d816c7b elementor-widget elementor-widget-heading\" data-id=\"3d816c7b\" data-element_type=\"widget\" data-e-type=\"widget\" data-widget_type=\"heading.default\">\n\t\t\t\t<div class=\"elementor-widget-container\">\n\t\t\t\t\t<h4 class=\"elementor-heading-title elementor-size-default\">Essay\u00e9 et approuv\u00e9 par nos \u00e9l\u00e8ves<\/h4>\t\t\t\t<\/div>\n\t\t\t\t<\/div>\n\t\t\t\t<div class=\"elementor-element elementor-element-b97a9cd elementor-align-left elementor-mobile-align-center elementor-widget elementor-widget-button\" data-id=\"b97a9cd\" data-element_type=\"widget\" data-e-type=\"widget\" data-widget_type=\"button.default\">\n\t\t\t\t<div class=\"elementor-widget-container\">\n\t\t\t\t\t\t\t\t\t<div class=\"elementor-button-wrapper\">\n\t\t\t\t\t<a class=\"elementor-button elementor-button-link elementor-size-md\" href=\"https:\/\/groupe-reussite.fr\/cours-particuliers\/francais\/tous-niveaux\/france\/\" target=\"_blank\" id=\"CTA_PRD_CP\">\n\t\t\t\t\t\t<span class=\"elementor-button-content-wrapper\">\n\t\t\t\t\t\t\t\t\t<span class=\"elementor-button-text\">Professeur particulier fran\u00e7ais<\/span>\n\t\t\t\t\t<\/span>\n\t\t\t\t\t<\/a>\n\t\t\t\t<\/div>\n\t\t\t\t\t\t\t\t<\/div>\n\t\t\t\t<\/div>\n\t\t\t\t<div class=\"elementor-element elementor-element-487954c6 elementor-widget elementor-widget-text-editor\" data-id=\"487954c6\" data-element_type=\"widget\" data-e-type=\"widget\" data-widget_type=\"text-editor.default\">\n\t\t\t\t<div class=\"elementor-widget-container\">\n\t\t\t\t\t\t\t\t\t<p style=\"text-align: left\"><b>Avis Google France <\/b><span style=\"color: #e5a430\"><b>\u2605\u2605\u2605\u2605\u2605<\/b><\/span><b> 4,9 sur 5<\/b><\/p>\t\t\t\t\t\t\t\t<\/div>\n\t\t\t\t<\/div>\n\t\t\t\t\t<\/div>\n\t\t<\/div>\n\t\t\t\t<div class=\"has_ae_slider elementor-column elementor-col-33 elementor-inner-column elementor-element elementor-element-70634227 ae-bg-gallery-type-default\" data-id=\"70634227\" data-element_type=\"column\" data-e-type=\"column\">\n\t\t\t<div class=\"elementor-widget-wrap\">\n\t\t\t\t\t\t\t<\/div>\n\t\t<\/div>\n\t\t\t\t\t<\/div>\n\t\t<\/section>\n\t\t\t\t\t\t\t<\/div>\n\t\t\t\t<\/div>\n\t\t<\/p>\t\t\t\t\t\t\t\t<\/div>\n\t\t\t\t<\/div>\n\t\t\t\t<div class=\"elementor-element elementor-element-2b94709 elementor-widget elementor-widget-text-editor\" data-id=\"2b94709\" data-element_type=\"widget\" data-e-type=\"widget\" data-widget_type=\"text-editor.default\">\n\t\t\t\t<div class=\"elementor-widget-container\">\n\t\t\t\t\t\t\t\t\t<h2>Les personnages romanesque au bac de fran\u00e7ais<\/h2>\t\t\t\t\t\t\t\t<\/div>\n\t\t\t\t<\/div>\n\t\t\t\t<div class=\"elementor-element elementor-element-33eaed0 elementor-widget elementor-widget-text-editor\" data-id=\"33eaed0\" data-element_type=\"widget\" data-e-type=\"widget\" data-widget_type=\"text-editor.default\">\n\t\t\t\t<div class=\"elementor-widget-container\">\n\t\t\t\t\t\t\t\t\t<p>Lors des <a href=\"https:\/\/groupe-reussite.fr\/ressources\/cp-tout-savoir-sur-les-cours-de-francais-au-lycee\/\">cours de fran\u00e7ais au lyc\u00e9e<\/a>, les \u00e9tudiants sont amen\u00e9s \u00e0 traiter diff\u00e9rents genres litt\u00e9raires, dont le <a href=\"https:\/\/groupe-reussite.fr\/ressources\/cp-tout-savoir-sur-le-roman-au-bac-de-francais\/\">roman au bac de fran\u00e7ais<\/a>, la litt\u00e9rature d&rsquo;id\u00e9es, le th\u00e9\u00e2tre ainsi que la <a href=\"https:\/\/groupe-reussite.fr\/ressources\/cp-tout-savoir-sur-la-poesie-au-bac-de-francais\/\">po\u00e9sie au bac de fran\u00e7ais<\/a>. Il convient de savoir <a href=\"https:\/\/groupe-reussite.fr\/ressources\/cp-analyser-roman-bac-francais\/\">analyser un texte de roman<\/a> au bac de fran\u00e7ais. Il en va de m\u00eame pour les autres genres litt\u00e9raires, les \u00e9tudiants doivent \u00e9galement savoir <a href=\"https:\/\/groupe-reussite.fr\/ressources\/cp-francais-analyser-texte-theatral\/\">analyser un texte th\u00e9\u00e2tral<\/a>, un texte argumentatif, ou encore savoir <a href=\"https:\/\/groupe-reussite.fr\/ressources\/cp-analyser-texte-poetique\/\">analyser un texte po\u00e9tique<\/a>.<\/p><p>Le mot <em>personnage<\/em> a pour origine le <strong>terme latin <em>persona<\/em><\/strong> qui signifie \u201cmasque\u201d. Ainsi, il ne faut pas oublier que le personnage d\u2019un roman n\u2019est pas une personne r\u00e9elle, mais bien un <strong>\u00eatre fictif<\/strong>, cr\u00e9\u00e9 de toutes pi\u00e8ces par un auteur.<\/p>\t\t\t\t\t\t\t\t<\/div>\n\t\t\t\t<\/div>\n\t\t\t\t<div class=\"elementor-element elementor-element-2f2f5c7 blacktitle elementor-widget elementor-widget-text-editor\" data-id=\"2f2f5c7\" data-element_type=\"widget\" data-e-type=\"widget\" data-widget_type=\"text-editor.default\">\n\t\t\t\t<div class=\"elementor-widget-container\">\n\t\t\t\t\t\t\t\t\t<h3>Les caract\u00e9ristiques du personnages romanesque<\/h3>\t\t\t\t\t\t\t\t<\/div>\n\t\t\t\t<\/div>\n\t\t\t\t<div class=\"elementor-element elementor-element-3028b31 elementor-widget elementor-widget-text-editor\" data-id=\"3028b31\" data-element_type=\"widget\" data-e-type=\"widget\" data-widget_type=\"text-editor.default\">\n\t\t\t\t<div class=\"elementor-widget-container\">\n\t\t\t\t\t\t\t\t\t<p>Toutefois, le lecteur a tendance \u00e0 <strong>se projeter<\/strong> dans cet \u00eatre de papier et \u00e0 s\u2019y identifier, car les romanciers n\u2019h\u00e9sitent pas \u00e0 \u00e9toffer leurs personnages de diff\u00e9rentes caract\u00e9ristiques jusqu\u2019\u00e0 leur donner une <strong>v\u00e9ritable psychologie<\/strong>. C\u2019est ce qu\u2019on appelle \u201cl\u2019effet-personnage\u201d. Quelles sont ces caract\u00e9ristiques ? <\/p>\t\t\t\t\t\t\t\t<\/div>\n\t\t\t\t<\/div>\n\t\t\t\t<div class=\"elementor-element elementor-element-831c019 blacktitle elementor-widget elementor-widget-text-editor\" data-id=\"831c019\" data-element_type=\"widget\" data-e-type=\"widget\" data-widget_type=\"text-editor.default\">\n\t\t\t\t<div class=\"elementor-widget-container\">\n\t\t\t\t\t\t\t\t\t<h4>Le nom du personnage<\/h4>\t\t\t\t\t\t\t\t<\/div>\n\t\t\t\t<\/div>\n\t\t\t\t<div class=\"elementor-element elementor-element-bb4f7a8 elementor-widget elementor-widget-text-editor\" data-id=\"bb4f7a8\" data-element_type=\"widget\" data-e-type=\"widget\" data-widget_type=\"text-editor.default\">\n\t\t\t\t<div class=\"elementor-widget-container\">\n\t\t\t\t\t\t\t\t\t<p>Nommer un personnage permet de le <strong>singulariser<\/strong>, de lui donner une identit\u00e9, de l\u2019inscrire dans une r\u00e9alit\u00e9 sociale (par exemple, si le nom a une particule, il renvoie \u00e0 la noblesse). De plus, le nom peut aussi fonctionner comme un <strong>indice symbolique<\/strong> et sous-entendre des qualit\u00e9s ou des d\u00e9fauts au <strong>personnage<\/strong> qui le porte.<\/p><p><strong>Exemple<\/strong> :<em> le nom de \u201cBovary\u201d dans le roman de Flaubert Madame Bovary renvoie \u00e0 l\u2019aspect bovin du personnage de Charles, pr\u00e9sent\u00e9 comme un homme de peu d\u2019esprit.<\/em><\/p>\t\t\t\t\t\t\t\t<\/div>\n\t\t\t\t<\/div>\n\t\t\t\t<div class=\"elementor-element elementor-element-94da99d blacktitle elementor-widget elementor-widget-text-editor\" data-id=\"94da99d\" data-element_type=\"widget\" data-e-type=\"widget\" data-widget_type=\"text-editor.default\">\n\t\t\t\t<div class=\"elementor-widget-container\">\n\t\t\t\t\t\t\t\t\t<h4>Les caract\u00e9ristiques physiques d&rsquo;un personnage de roman\u00a0<\/h4>\t\t\t\t\t\t\t\t<\/div>\n\t\t\t\t<\/div>\n\t\t\t\t<div class=\"elementor-element elementor-element-e1e03d6 elementor-widget elementor-widget-text-editor\" data-id=\"e1e03d6\" data-element_type=\"widget\" data-e-type=\"widget\" data-widget_type=\"text-editor.default\">\n\t\t\t\t<div class=\"elementor-widget-container\">\n\t\t\t\t\t\t\t\t\t<p>Le personnage de roman est souvent incarn\u00e9 par une <strong>description physique<\/strong> plus ou moins pr\u00e9cise. De m\u00eame que pour le nom, les \u00e9l\u00e9ments qui nous sont donn\u00e9s sont g\u00e9n\u00e9ralement symboliques d\u2019une <strong>r\u00e9alit\u00e9 sociale<\/strong> ou bien d\u2019un caract\u00e8re.<\/p><p><em>Au XIX\u1d49 si\u00e8cle se d\u00e9veloppe la physiognomonie, une science qui pr\u00e9tendait conna\u00eetre le caract\u00e8re d\u2019une personne gr\u00e2ce \u00e0 sa physionomie. Inspir\u00e9 par cette tendance, Balzac l\u2019utilise souvent dans ces descriptions, associant des caract\u00e9ristiques physiques \u00e0 des traits de personnalit\u00e9s, comme dans cet exemple tir\u00e9 d\u2019Eug\u00e9nie Grandet : \u201cSon nez, gros par le bout, supportait une loupe vein\u00e9e que le vulgaire disait, non sans raison, pleine de malice. Cette figure annon\u00e7ait une finesse dangereuse, une probit\u00e9 sans chaleur, l&rsquo;\u00e9go\u00efsme d&rsquo;un homme habitu\u00e9 \u00e0 concentrer ses sentiments dans la jouissance de l&rsquo;avarice \u00bb.<\/em><\/p>\t\t\t\t\t\t\t\t<\/div>\n\t\t\t\t<\/div>\n\t\t\t\t<div class=\"elementor-element elementor-element-c104781 blacktitle elementor-widget elementor-widget-text-editor\" data-id=\"c104781\" data-element_type=\"widget\" data-e-type=\"widget\" data-widget_type=\"text-editor.default\">\n\t\t\t\t<div class=\"elementor-widget-container\">\n\t\t\t\t\t\t\t\t\t<h4>Les caract\u00e9ristiques morales\u00a0<\/h4>\t\t\t\t\t\t\t\t<\/div>\n\t\t\t\t<\/div>\n\t\t\t\t<div class=\"elementor-element elementor-element-70fb436 elementor-widget elementor-widget-text-editor\" data-id=\"70fb436\" data-element_type=\"widget\" data-e-type=\"widget\" data-widget_type=\"text-editor.default\">\n\t\t\t\t<div class=\"elementor-widget-container\">\n\t\t\t\t\t\t\t\t\t<p>Ainsi, le portrait physique est souvent coupl\u00e9 \u00e0 un portrait moral, dans lequel l\u2019auteur pr\u00e9sente le <strong>caract\u00e8re du personnage<\/strong>,<strong> ses sentiments<\/strong> ou leur <strong>manifestation ext\u00e9rieure<\/strong>. Ce portrait moral peut faire du personnage un h\u00e9ros, un anti-h\u00e9ros, ou bien un personnage complexe et ambigu. <\/p>\t\t\t\t\t\t\t\t<\/div>\n\t\t\t\t<\/div>\n\t\t\t\t<div class=\"elementor-element elementor-element-718d9ba blacktitle elementor-widget elementor-widget-text-editor\" data-id=\"718d9ba\" data-element_type=\"widget\" data-e-type=\"widget\" data-widget_type=\"text-editor.default\">\n\t\t\t\t<div class=\"elementor-widget-container\">\n\t\t\t\t\t\t\t\t\t<h4>Les caract\u00e9ristiques sociales<\/h4>\t\t\t\t\t\t\t\t<\/div>\n\t\t\t\t<\/div>\n\t\t\t\t<div class=\"elementor-element elementor-element-2f421c8 elementor-widget elementor-widget-text-editor\" data-id=\"2f421c8\" data-element_type=\"widget\" data-e-type=\"widget\" data-widget_type=\"text-editor.default\">\n\t\t\t\t<div class=\"elementor-widget-container\">\n\t\t\t\t\t\t\t\t\t<p>Le personnage est \u00e9galement situ\u00e9 <strong>socialement<\/strong>. Tout d\u2019abord par le nom, comme nous l\u2019avons vu, mais aussi par d\u2019autres \u00e9l\u00e9ments comme ses v\u00eatements, son m\u00e9tier ou sa fa\u00e7on de parler. Les <strong>romanciers r\u00e9alistes ou naturalistes<\/strong> comme Balzac ou Zola vont d\u2019ailleurs souvent utiliser leurs personnages pour en faire des repr\u00e9sentants d\u2019un <strong>milieu social<\/strong>.<\/p>\t\t\t\t\t\t\t\t<\/div>\n\t\t\t\t<\/div>\n\t\t\t\t<div class=\"elementor-element elementor-element-f519a41 blacktitle elementor-widget elementor-widget-text-editor\" data-id=\"f519a41\" data-element_type=\"widget\" data-e-type=\"widget\" data-widget_type=\"text-editor.default\">\n\t\t\t\t<div class=\"elementor-widget-container\">\n\t\t\t\t\t\t\t\t\t<h4><b>Le portrait\u00a0<\/b><\/h4>\t\t\t\t\t\t\t\t<\/div>\n\t\t\t\t<\/div>\n\t\t\t\t<div class=\"elementor-element elementor-element-beff788 elementor-widget elementor-widget-text-editor\" data-id=\"beff788\" data-element_type=\"widget\" data-e-type=\"widget\" data-widget_type=\"text-editor.default\">\n\t\t\t\t<div class=\"elementor-widget-container\">\n\t\t\t\t\t\t\t\t\t<p>Le narrateur peut choisir de faire une <strong>pause<\/strong> dans son r\u00e9cit pour <strong>pr\u00e9senter un personnage<\/strong> et ainsi faire son portrait (physique\/moral\/social). Ces passages sont des moments importants de l&rsquo;\u0153uvre qu\u2019il faut analyser avec pr\u00e9cision.<\/p><p><strong>La caract\u00e9risation du portrait :\u00a0<\/strong><\/p><p>Un portrait peut se caract\u00e9riser de diff\u00e9rentes mani\u00e8res. Il peut engager un <strong>jugement de valeur<\/strong> (bl\u00e2me ou \u00e9loge) ou bien au contraire rester neutre en adoptant un point de vue narratif qui vise \u00e0 renseigner sur <b>le h\u00e9ros<\/b>\u00a0ou un point de vue documentaire qui cherche \u00e0 exposer des conditions de vie difficiles. Le portrait peut aussi \u00eatre un <strong>moment de po\u00e9sie<\/strong> qui s\u2019\u00e9loigne de la r\u00e9alit\u00e9 vers une forme d\u2019imaginaire.<\/p><p><strong>Les fonctions du portrait :\u00a0<\/strong><\/p><p>Reste au lecteur \u00e0 s\u2019interroger sur la raison pour laquelle l\u2019auteur choisit de <strong>pr\u00e9senter un personnage<\/strong>. S\u2019agit-il d\u2019accentuer le vraisemblable pour permettre au lecteur d\u2019avoir une <strong>id\u00e9e pr\u00e9cise<\/strong> du personnage (fonction r\u00e9f\u00e9rentielle) ? S\u2019agit-il de <strong>mettre en valeur<\/strong> un personnage dans le cadre du r\u00e9cit (fonction narrative ?) S\u2019agit-il de souligner un aspect moral ou social d\u2019un personnage (fonction symbolique ?) Ou bien encore s\u2019agit-il de mettre en avant sa beaut\u00e9 ou sa laideur (fonction esth\u00e9tique) ?<\/p><p>Les personnages ne sont pas toujours caract\u00e9ris\u00e9s par un <strong>portrait clair<\/strong>. Ils peuvent \u00eatre peints par petites touches au fur et \u00e0 mesure du r\u00e9cit. Ainsi, certains personnages seront plut\u00f4t d\u00e9finis par leurs <strong>actions<\/strong>, d\u2019autres par leurs <strong>discours<\/strong>. Le choix de la focalisation est important pour d\u00e9finir la fa\u00e7on dont le personnage sera pr\u00e9sent\u00e9 : la focalisation z\u00e9ro permet de conna\u00eetre les pens\u00e9es les plus intimes de chaque personnage, tandis que la <strong>focalisation interne<\/strong> nous livre les pens\u00e9es du personnage-narrateur tout en gardant un halo de myst\u00e8re sur les autres protagonistes. Enfin, la<strong> focalisation externe<\/strong> s\u2019attarde davantage aux aspects ext\u00e9rieurs et <strong>objectifs du personnage<\/strong>, ne nous donnant pas acc\u00e8s \u00e0 son int\u00e9riorit\u00e9.<\/p>\t\t\t\t\t\t\t\t<\/div>\n\t\t\t\t<\/div>\n\t\t\t\t<div class=\"elementor-element elementor-element-62d6cb0 blacktitle elementor-widget elementor-widget-text-editor\" data-id=\"62d6cb0\" data-element_type=\"widget\" data-e-type=\"widget\" data-widget_type=\"text-editor.default\">\n\t\t\t\t<div class=\"elementor-widget-container\">\n\t\t\t\t\t\t\t\t\t<h3>\u00c9volution historique du personnage romanesque<\/h3>\t\t\t\t\t\t\t\t<\/div>\n\t\t\t\t<\/div>\n\t\t\t\t<div class=\"elementor-element elementor-element-920204e elementor-widget elementor-widget-text-editor\" data-id=\"920204e\" data-element_type=\"widget\" data-e-type=\"widget\" data-widget_type=\"text-editor.default\">\n\t\t\t\t<div class=\"elementor-widget-container\">\n\t\t\t\t\t\t\t\t\t<p>Le personnage de roman n\u2019a pas toujours eu la m\u00eame importance au fil des si\u00e8cles et <strong>son statut a \u00e9volu\u00e9<\/strong> selon les diff\u00e9rents mouvements litt\u00e9raires.<\/p><p>Ainsi, d\u00e8s l\u2019antiquit\u00e9, bien que le roman n\u2019exist\u00e2t pas encore, <strong>Aristote<\/strong> estimait que les personnages n\u2019\u00e9taient pas essentiels au r\u00e9cit, contrairement \u00e0 <strong>l\u2019action<\/strong>, qui devait occuper le premier plan.<\/p><p>Par cons\u00e9quent, les<strong> h\u00e9ros antiques<\/strong> puis ceux du Moyen- \u00e2ge ne sont pas des personnages particuli\u00e8rement d\u00e9velopp\u00e9s sur le <strong>plan psychologique<\/strong>. Ces derniers sont souvent limit\u00e9s \u00e0 des <strong>qualit\u00e9s<\/strong> exceptionnelles et des valeurs id\u00e9ales, qu\u2019ils utilisent pour affronter des forces du mal, elles aussi, st\u00e9r\u00e9otyp\u00e9es.<\/p><p>Il faut attendre la <strong>Renaissance<\/strong>, et notamment le <strong>XVII\u1d49 si\u00e8cle,<\/strong> pour donner une plus grande profondeur aux personnages. Ainsi, la <em>Princesse de Cl\u00e8ves<\/em> de Madame de Lafayette (1678) est consid\u00e9r\u00e9 comme le premier <strong>roman psychologique<\/strong>. Pour autant, bien que les sentiments de Madame de Cl\u00e8ves soient plus ambigus, les portraits restent peu d\u00e9velopp\u00e9s. On sait du personnage qu\u2019elle est d\u2019une grande beaut\u00e9, toutefois presque aucun autre<strong> d\u00e9tail physique<\/strong> n\u2019est donn\u00e9.<\/p><p>Parall\u00e8lement, c&rsquo;est dans ce m\u00eame si\u00e8cle que naissent des <strong>personnages moins id\u00e9aux et plus populaires<\/strong>, notamment au sein des courants du roman comique ou du <strong>roman picaresque<\/strong>. Les figures principales ne sont plus nobles et triomphent par des qualit\u00e9s plus douteuses sur le <strong>plan moral<\/strong>, comme Gil Blas, le h\u00e9ros de l\u2019Histoire de Gil Blas de Santillane de Lesage, qui commet quelques friponneries au cours de son <strong>ascension sociale<\/strong>.<\/p><p>Dans le cadre des Lumi\u00e8res, les <strong>personnages de roman du XVIII\u1d49 si\u00e8cle<\/strong> sont marqu\u00e9s par la volont\u00e9 de se constituer comme des individus et de s\u2019\u00e9manciper des<strong> cadres traditionnels de la soci\u00e9t\u00e9<\/strong>.<\/p><p>N\u00e9anmoins, c\u2019est bien au XIX\u1d49 si\u00e8cle que se d\u00e9veloppe massivement<strong> le genre du roman et ses personnages<\/strong>. Ces derniers deviennent alors des types romanesques, c\u2019est-\u00e0-dire des repr\u00e9sentants de toute une classe sociale. Ils sont ensuite confront\u00e9s \u00e0 une r\u00e9alit\u00e9 complexe qu\u2019ils doivent <strong>apprendre \u00e0 dominer<\/strong> pour s\u2019\u00e9lever dans la soci\u00e9t\u00e9. Les personnages sont de plus en plus travaill\u00e9s et surtout ils \u00e9voluent au fur et \u00e0 mesure du r\u00e9cit. L\u2019<strong>illusion du r\u00e9el<\/strong> est alors particuli\u00e8rement d\u00e9velopp\u00e9e, jusqu\u2019\u00e0 faire croire que le personnage n\u2019est plus vraiment <strong>un \u00eatre de fiction<\/strong>.<\/p><p>C\u2019est pourquoi, au XX\u1d49 si\u00e8cle, les romanciers veulent<strong> rompre avec la tradition<\/strong>. Il ne s\u2019agit plus pour eux de cr\u00e9er un personnage incarn\u00e9 avec une existence concr\u00e8te, mais plut\u00f4t d\u2019utiliser le personnage pour transmettre une <strong>subjectivit\u00e9 exp\u00e9rimentale<\/strong> sur le monde. Le personnage n\u2019existe plus par son corps, mais par sa conscience. Par ailleurs, les personnages s\u2019\u00e9loignent de plus en plus du <strong>mod\u00e8le du h\u00e9ros traditionnel<\/strong> : ils deviennent banals, passifs, l\u00e2ches, voire r\u00e9pugnants.<\/p><p>\t\t<div data-elementor-type=\"section\" data-elementor-id=\"84989\" class=\"elementor elementor-84989\">\n\t\t\t\t\t<div class=\"elementor-section-wrap\">\n\t\t\t\t\t\t\t\t<section class=\"has_ae_slider elementor-section elementor-inner-section elementor-element elementor-element-4bda5243 elementor-section-content-bottom full_width elementor-section-full_width elementor-section-height-min-height elementor-section-height-default ae-bg-gallery-type-default\" data-id=\"4bda5243\" data-element_type=\"section\" data-e-type=\"section\" data-settings=\"{&quot;background_background&quot;:&quot;gradient&quot;}\">\n\t\t\t\t\t\t\t<div class=\"elementor-background-overlay\"><\/div>\n\t\t\t\t\t\t\t<div class=\"elementor-container elementor-column-gap-narrow\">\n\t\t\t\t\t<div class=\"has_ae_slider elementor-column elementor-col-50 elementor-inner-column elementor-element elementor-element-7dad0c90 ae-bg-gallery-type-default\" data-id=\"7dad0c90\" data-element_type=\"column\" data-e-type=\"column\">\n\t\t\t<div class=\"elementor-widget-wrap elementor-element-populated\">\n\t\t\t\t\t\t<div class=\"elementor-element elementor-element-79e73064 elementor-widget elementor-widget-heading\" data-id=\"79e73064\" data-element_type=\"widget\" data-e-type=\"widget\" data-widget_type=\"heading.default\">\n\t\t\t\t<div class=\"elementor-widget-container\">\n\t\t\t\t\t<h3 class=\"elementor-heading-title elementor-size-default\">PRENDRE DES COURS PARTICULIERS DE FRAN\u00c7AIS <\/h3>\t\t\t\t<\/div>\n\t\t\t\t<\/div>\n\t\t\t\t<div class=\"elementor-element elementor-element-104d1164 elementor-widget elementor-widget-heading\" data-id=\"104d1164\" data-element_type=\"widget\" data-e-type=\"widget\" data-widget_type=\"heading.default\">\n\t\t\t\t<div class=\"elementor-widget-container\">\n\t\t\t\t\t<h4 class=\"elementor-heading-title elementor-size-default\">C\u2019est reprendre le contr\u00f4le<\/h4>\t\t\t\t<\/div>\n\t\t\t\t<\/div>\n\t\t\t\t<div class=\"elementor-element elementor-element-3691d1da elementor-align-left elementor-mobile-align-center elementor-widget elementor-widget-button\" data-id=\"3691d1da\" data-element_type=\"widget\" data-e-type=\"widget\" data-widget_type=\"button.default\">\n\t\t\t\t<div class=\"elementor-widget-container\">\n\t\t\t\t\t\t\t\t\t<div class=\"elementor-button-wrapper\">\n\t\t\t\t\t<a class=\"elementor-button elementor-button-link elementor-size-md\" href=\"https:\/\/groupe-reussite.fr\/cours-particuliers\/francais\/tous-niveaux\/france\/\" target=\"_blank\" id=\"CTA_PRD_CP\">\n\t\t\t\t\t\t<span class=\"elementor-button-content-wrapper\">\n\t\t\t\t\t\t\t\t\t<span class=\"elementor-button-text\">Je cherche des cours particuliers de fran\u00e7ais<\/span>\n\t\t\t\t\t<\/span>\n\t\t\t\t\t<\/a>\n\t\t\t\t<\/div>\n\t\t\t\t\t\t\t\t<\/div>\n\t\t\t\t<\/div>\n\t\t\t\t\t<\/div>\n\t\t<\/div>\n\t\t\t\t<div class=\"has_ae_slider elementor-column elementor-col-50 elementor-inner-column elementor-element elementor-element-40c4e3d ae-bg-gallery-type-default\" data-id=\"40c4e3d\" data-element_type=\"column\" data-e-type=\"column\">\n\t\t\t<div class=\"elementor-widget-wrap\">\n\t\t\t\t\t\t\t<\/div>\n\t\t<\/div>\n\t\t\t\t\t<\/div>\n\t\t<\/section>\n\t\t\t\t\t\t\t<\/div>\n\t\t\t\t<\/div>\n\t\t<\/p>\t\t\t\t\t\t\t\t<\/div>\n\t\t\t\t<\/div>\n\t\t\t\t<div class=\"elementor-element elementor-element-6902eb5 blacktitle elementor-widget elementor-widget-text-editor\" data-id=\"6902eb5\" data-element_type=\"widget\" data-e-type=\"widget\" data-widget_type=\"text-editor.default\">\n\t\t\t\t<div class=\"elementor-widget-container\">\n\t\t\t\t\t\t\t\t\t<h4>Les personnages de roman : h\u00e9ros ou antih\u00e9ros ?<\/h4>\t\t\t\t\t\t\t\t<\/div>\n\t\t\t\t<\/div>\n\t\t\t\t<div class=\"elementor-element elementor-element-d156361 elementor-widget elementor-widget-text-editor\" data-id=\"d156361\" data-element_type=\"widget\" data-e-type=\"widget\" data-widget_type=\"text-editor.default\">\n\t\t\t\t<div class=\"elementor-widget-container\">\n\t\t\t\t\t\t\t\t\t<p>L\u2019\u00e9volution de la<strong> litt\u00e9rature romanesque<\/strong> suit en parall\u00e8le la transformation du h\u00e9ros en anti-h\u00e9ros.<\/p><p>\u00c0 l\u2019origine, le mot <em><strong>h\u00e9ros<\/strong><\/em> d\u00e9signe un \u201cdemi-dieu\u201d, puis \u201cun homme d\u2019une valeur sup\u00e9rieure\u201d. Ainsi, dans la mythologie antique, les personnages sont des<strong> h\u00e9ros dou\u00e9s de qualit\u00e9s exceptionnelles<\/strong>, que ce soit la ruse d\u2019Ulysse ou la force d\u2019Hercule. Au moyen-\u00e2ge, la dimension divine dispara\u00eet, mais les h\u00e9ros restent<strong> parfaits<\/strong> : ce sont des preux chevaliers, forts et courageux dans les combats, beaux et passionn\u00e9s en amour, comme Lancelot, le chevalier \u00e0 la charrette ou Yvain, le chevalier au lion. Enfin, les romans du XVII\u1d49 si\u00e8cle peignent encore quelques h\u00e9ros, mod\u00e8les de <strong>perfection morale<\/strong>, comme le personnage de la Princesse de Cl\u00e8ves qui ne c\u00e8dera jamais \u00e0 sa passion adult\u00e9rine.<\/p><p>\u00c0 partir du XVIII\u1d49 si\u00e8cle en revanche, la litt\u00e9rature voit appara\u00eetre des <strong>personnages principaux peu h\u00e9ro\u00efques<\/strong>, dont les d\u00e9fauts nuancent les qualit\u00e9s. Ainsi de Des Grieux, l\u2019amant de Manon Lescaut, qui se laisse aller \u00e0 de nombreuses <strong>faiblesses<\/strong> comme le vol ou le crime afin de poursuivre sa folle passion avec une femme \u00e0 demi prostitu\u00e9e. Ainsi aussi de la Marquise de Merteuil, une libertine qui s\u2019amuse \u00e0 d\u00e9fier son <strong>comp\u00e8re<\/strong> de pervertir une femme de bonne famille. Pour autant, malgr\u00e9 leurs d\u00e9fauts, ou justement gr\u00e2ce \u00e0 la grandeur de ces derniers, le lecteur peut encore \u00eatre <strong>admiratif<\/strong> de ces personnages qui vont au bout de leur d\u00e9ch\u00e9ance.<\/p><p>\u00c0 l\u2019inverse, le XIX\u1d49 si\u00e8cle commence \u00e0 introduire des <strong>personnages m\u00e9diocres<\/strong> : Emma Bovary, l\u2019h\u00e9ro\u00efne de Flaubert, est somme toute une femme banale, qui a de petits r\u00eaves qu\u2019elle ne parvient pas vraiment \u00e0 r\u00e9aliser. Pierre et Jean, les h\u00e9ros de Maupassant, ne sont que <strong>deux bourgeois<\/strong> dans une petite ville de province, et Jean ne fait que r\u00e9aliser un <strong>sch\u00e9ma traditionnel<\/strong> : avoir un bon m\u00e9tier, un appartement et se marier.<\/p><p>Toutefois, la<strong> mort du h\u00e9ros<\/strong> a d\u00e9finitivement lieu au XX\u1d49 si\u00e8cle. Il devient difficile pour le lecteur de s\u2019identifier \u00e0 des figures v\u00e9ritablement<strong> anti-h\u00e9ro\u00efques<\/strong>, qui cumulent la m\u00e9diocrit\u00e9 et l\u2019antipathie. Ainsi, on ne peut \u00e9prouver de la <strong>compassion<\/strong> pour le personnage de Bardamu dans le roman de C\u00e9line, car nous sommes vite frapp\u00e9s par<strong> son cynisme et son \u00e9go\u00efsme<\/strong>. De m\u00eame, Meursault, le personnage de Camus, nous reste \u00e9tranger, car nous ne savons rien de cet homme qui ne livre aucune part de son <strong>int\u00e9riorit\u00e9<\/strong>.<\/p>\t\t\t\t\t\t\t\t<\/div>\n\t\t\t\t<\/div>\n\t\t\t\t<div class=\"elementor-element elementor-element-355a7b7 blacktitle elementor-widget elementor-widget-text-editor\" data-id=\"355a7b7\" data-element_type=\"widget\" data-e-type=\"widget\" data-widget_type=\"text-editor.default\">\n\t\t\t\t<div class=\"elementor-widget-container\">\n\t\t\t\t\t\t\t\t\t<h4>Citations sur le roman et ses personnages\u00a0<\/h4>\t\t\t\t\t\t\t\t<\/div>\n\t\t\t\t<\/div>\n\t\t\t\t<div class=\"elementor-element elementor-element-4bee02c elementor-widget elementor-widget-text-editor\" data-id=\"4bee02c\" data-element_type=\"widget\" data-e-type=\"widget\" data-widget_type=\"text-editor.default\">\n\t\t\t\t<div class=\"elementor-widget-container\">\n\t\t\t\t\t\t\t\t\t<p>\u00ab Un nom propre est une chose extr\u00eamement importante dans un roman, une chose capitale. On ne peut pas plus changer un personnage de nom que de peau. \u00bb <br \/>(Gustave Flaubert)<\/p><p>\u00ab Le roman, [&#8230;] est la seule forme d&rsquo;art qui cherche \u00e0 nous faire croire qu&rsquo;elle donne un rapport complet et v\u00e9ridique de la vie d&rsquo;une personne r\u00e9elle \u00bb. <br \/>(Virginia Woolf)<\/p><p>\u00ab Le premier homme qui passe est un h\u00e9ros suffisant \u00bb <br \/>(Emile Zola)<\/p><p>\u00ab Sans personnage, pas de roman \u00bb <br \/>(Anthony Burgess)<\/p><p>\u00ab Le roman est une m\u00e9ditation sur l&rsquo;existence vue au travers <br \/>de personnages imaginaires.\u00bb <br \/>(Milan Kundera)<\/p><p>\u00ab Un personnage de roman, c&rsquo;est n&rsquo;importe qui dans la rue, <br \/>mais qui va jusqu&rsquo;au bout de lui-m\u00eame. \u00bb <br \/>(Georges Simenon)<\/p><p>\u00ab Un personnage n&rsquo;est pas un individu en mieux.\u00bb <br \/>(Andr\u00e9 Malraux)<\/p><p>\u00ab Les h\u00e9ros ont notre langage, nos faiblesses, nos forces. Leur univers n&rsquo;est ni plus beau ni plus \u00e9difiant que le n\u00f4tre. Mais eux, du moins, courent jusqu&rsquo;au bout de leur destin.\u00bb (Albert Camus)<\/p><p>\u00ab Les personnages que les romanciers inventent ne sont nullement cr\u00e9\u00e9s, si la cr\u00e9ation consiste \u00e0 faire quelque chose de rien. Nos pr\u00e9tendues cr\u00e9atures sont form\u00e9es d&rsquo;\u00e9l\u00e9ments pris au r\u00e9el; nous combinons, avec plus ou moins d&rsquo;adresse, ce que nous fournissent l&rsquo;observation des autres hommes et la connaissance que nous avons de nous-m\u00eames. Les h\u00e9ros de romans naissent du mariage que le romancier contracte <br \/>avec la r\u00e9alit\u00e9. \u00bb<br \/>(Fran\u00e7ois Mauriac)<\/p>\t\t\t\t\t\t\t\t<\/div>\n\t\t\t\t<\/div>\n\t\t\t\t<div class=\"elementor-element elementor-element-470c182 elementor-widget elementor-widget-image\" data-id=\"470c182\" data-element_type=\"widget\" data-e-type=\"widget\" data-widget_type=\"image.default\">\n\t\t\t\t<div class=\"elementor-widget-container\">\n\t\t\t\t\t\t\t\t\t\t\t\t\t\t\t<img decoding=\"async\" width=\"300\" height=\"171\" src=\"https:\/\/groupe-reussite.fr\/ressources\/wp-content\/uploads\/2022\/03\/parours-associe-le-rouge-et-le-noir-stendhal-1-300x171.jpg\" class=\"attachment-medium size-medium wp-image-154496\" alt=\"Parcours associ\u00e9 Le Rouge et le Noir Fran\u00e7ais bac\" srcset=\"https:\/\/groupe-reussite.fr\/ressources\/wp-content\/uploads\/2022\/03\/parours-associe-le-rouge-et-le-noir-stendhal-1-300x171.jpg 300w, https:\/\/groupe-reussite.fr\/ressources\/wp-content\/uploads\/2022\/03\/parours-associe-le-rouge-et-le-noir-stendhal-1.jpg 700w\" sizes=\"(max-width: 300px) 100vw, 300px\" \/>\t\t\t\t\t\t\t\t\t\t\t\t\t\t\t<\/div>\n\t\t\t\t<\/div>\n\t\t\t\t<div class=\"elementor-element elementor-element-ace5183 elementor-widget elementor-widget-text-editor\" data-id=\"ace5183\" data-element_type=\"widget\" data-e-type=\"widget\" data-widget_type=\"text-editor.default\">\n\t\t\t\t<div class=\"elementor-widget-container\">\n\t\t\t\t\t\t\t\t\t<h2>Les personnages dans le Rouge et le Noir de Stendhal\u00a0<\/h2>\t\t\t\t\t\t\t\t<\/div>\n\t\t\t\t<\/div>\n\t\t\t\t<div class=\"elementor-element elementor-element-16bce88 blacktitle elementor-widget elementor-widget-text-editor\" data-id=\"16bce88\" data-element_type=\"widget\" data-e-type=\"widget\" data-widget_type=\"text-editor.default\">\n\t\t\t\t<div class=\"elementor-widget-container\">\n\t\t\t\t\t\t\t\t\t<h3>Le protagoniste : Julien Sorel<\/h3>\t\t\t\t\t\t\t\t<\/div>\n\t\t\t\t<\/div>\n\t\t\t\t<div class=\"elementor-element elementor-element-fe6c02f elementor-widget elementor-widget-text-editor\" data-id=\"fe6c02f\" data-element_type=\"widget\" data-e-type=\"widget\" data-widget_type=\"text-editor.default\">\n\t\t\t\t<div class=\"elementor-widget-container\">\n\t\t\t\t\t\t\t\t\t<p>Personnage principal du<em> Rouge et le Noir<\/em>, <strong>Julien Sorel<\/strong> <strong>est le fils d\u2019un charpentier<\/strong> qui m\u00e9prise sa faiblesse physique et son caract\u00e8re sensible. <strong>Jeune-homme ambitieux<\/strong>, il cherche \u00e0 s\u2019\u00e9lever dans la soci\u00e9t\u00e9. Cette ascension se fera notamment par <strong>deux femmes<\/strong> : Madame de R\u00eanal et Mathilde de la Mole. Toutefois, son r\u00eave de gloire prend fin au moment o\u00f9, sous le coup de la col\u00e8re, il d\u00e9cide de tirer sur Madame de R\u00eanal, ce qui le <strong>condamnera \u00e0 mort<\/strong>.<\/p>\t\t\t\t\t\t\t\t<\/div>\n\t\t\t\t<\/div>\n\t\t\t\t<div class=\"elementor-element elementor-element-4ec3f26 blacktitle elementor-widget elementor-widget-text-editor\" data-id=\"4ec3f26\" data-element_type=\"widget\" data-e-type=\"widget\" data-widget_type=\"text-editor.default\">\n\t\t\t\t<div class=\"elementor-widget-container\">\n\t\t\t\t\t\t\t\t\t<h4><strong>Un personnage romantique ou r\u00e9aliste ?<\/strong><\/h4>\t\t\t\t\t\t\t\t<\/div>\n\t\t\t\t<\/div>\n\t\t\t\t<div class=\"elementor-element elementor-element-bd16695 elementor-widget elementor-widget-text-editor\" data-id=\"bd16695\" data-element_type=\"widget\" data-e-type=\"widget\" data-widget_type=\"text-editor.default\">\n\t\t\t\t<div class=\"elementor-widget-container\">\n\t\t\t\t\t\t\t\t\t<p>Auteur du XIX\u1d49 si\u00e8cle, Stendhal est au carrefour<strong> du r\u00e9alisme et du romantisme<\/strong>, de m\u00eame que son personnage principal, Julien Sorel.<\/p><p>Ainsi, Julien est d\u2019abord pr\u00e9sent\u00e9 comme un <strong>personnage romantique<\/strong>. Isol\u00e9 au sein m\u00eame de sa famille, car rejet\u00e9 par son p\u00e8re et ses fr\u00e8res, isol\u00e9 du peuple car se sentant sup\u00e9rieur \u00e0 eux, isol\u00e9 de ses ma\u00eetres, car n\u2019ayant pas le m\u00eame statut social, le jeune-homme devient rapidement une <strong>figure solitaire, souffrant d\u2019un manque d\u2019amour et de reconnaissance<\/strong>. En outre, c\u2019est un <strong>personnage extr\u00eamement sensible<\/strong>, qui a du mal \u00e0 cacher ses \u00e9motions et qui pleure facilement. Par exemple, il est au bord des larmes lorsqu\u2019il se pr\u00e9sente pour la premi\u00e8re fois en tant que pr\u00e9cepteur, puis aux portes du s\u00e9minaire ; il pleure aussi lorsqu\u2019il se sent aim\u00e9 par Mme de R\u00eanal. Cette sensibilit\u00e9 est souvent<strong> proche de l\u2019exaltation<\/strong> et les sentiments du jeune-homme peuvent vite devenir intenses, comme les coups de col\u00e8re qui le m\u00e8neront jusqu\u2019\u00e0 tirer sur son ancienne amante. Enfin, Julien partage une <strong>forme d\u2019id\u00e9alisme politique<\/strong> propre aux romantiques : fervent admirateur de Napol\u00e9on, il regrette de ne pas avoir particip\u00e9 aux campagnes militaires de l\u2019\u00e9poque.<\/p><p>Pourtant, le personnage de Stendhal poss\u00e8de \u00e9galement de nombreux<strong> traits r\u00e9alistes<\/strong>. Tout d\u2019abord, il convient de rappeler que le roman est inspir\u00e9 d\u2019un<strong> fait r\u00e9el<\/strong> datant de 1827 :<strong> le proc\u00e8s d\u2019Antoine Berthet<\/strong>, un jeune-homme condamn\u00e9 \u00e0 la d\u00e9capitation pour avoir tir\u00e9 sur son ancienne amante. Ensuite, on retrouve chez Julien les caract\u00e9ristiques r\u00e9currentes des h\u00e9ros r\u00e9alistes : m\u00fb par une <strong>ambition d\u00e9vorante<\/strong>, il n\u2019h\u00e9site pas \u00e0 devenir calculateur (il \u00e9tablit une strat\u00e9gie pour attraper la main de Mme de R\u00eanal ou pour reconqu\u00e9rir le c\u0153ur de Mathilde) et hypocrite (il avoue avoir pour ma\u00eetre Tartufe, l\u2019<strong>incarnation th\u00e9\u00e2trale de l\u2019hypocrisie<\/strong>, \u201cdont il savait le r\u00f4le par c\u0153ur\u201d).<\/p><p>\t\t<div data-elementor-type=\"section\" data-elementor-id=\"112233\" class=\"elementor elementor-112233\">\n\t\t\t\t\t<div class=\"elementor-section-wrap\">\n\t\t\t\t\t\t\t\t<section class=\"has_ae_slider elementor-section elementor-inner-section elementor-element elementor-element-2753c5f2 elementor-section-content-bottom elementor-section-full_width elementor-section-height-min-height elementor-section-height-default ae-bg-gallery-type-default\" data-id=\"2753c5f2\" data-element_type=\"section\" data-e-type=\"section\">\n\t\t\t\t\t\t<div class=\"elementor-container elementor-column-gap-default\">\n\t\t\t\t\t<div class=\"has_ae_slider elementor-column elementor-col-100 elementor-inner-column elementor-element elementor-element-27ee3c1b ae-bg-gallery-type-default\" data-id=\"27ee3c1b\" data-element_type=\"column\" data-e-type=\"column\">\n\t\t\t<div class=\"elementor-widget-wrap elementor-element-populated\">\n\t\t\t\t\t\t<div class=\"elementor-element elementor-element-4c70fc7d elementor-align-center elementor-widget elementor-widget-button\" data-id=\"4c70fc7d\" data-element_type=\"widget\" data-e-type=\"widget\" data-widget_type=\"button.default\">\n\t\t\t\t<div class=\"elementor-widget-container\">\n\t\t\t\t\t\t\t\t\t<div class=\"elementor-button-wrapper\">\n\t\t\t\t\t<a class=\"elementor-button elementor-button-link elementor-size-md elementor-animation-grow\" href=\"https:\/\/groupe-reussite.fr\/cours-particuliers\/francais\/tous-niveaux\/france\/\" target=\"_blank\">\n\t\t\t\t\t\t<span class=\"elementor-button-content-wrapper\">\n\t\t\t\t\t\t<span class=\"elementor-button-icon\">\n\t\t\t\t<i aria-hidden=\"true\" class=\"fas fa-bookmark\"><\/i>\t\t\t<\/span>\n\t\t\t\t\t\t\t\t\t<span class=\"elementor-button-text\">Trouver des professeurs particuliers de fran\u00e7ais<\/span>\n\t\t\t\t\t<\/span>\n\t\t\t\t\t<\/a>\n\t\t\t\t<\/div>\n\t\t\t\t\t\t\t\t<\/div>\n\t\t\t\t<\/div>\n\t\t\t\t\t<\/div>\n\t\t<\/div>\n\t\t\t\t\t<\/div>\n\t\t<\/section>\n\t\t\t\t\t\t\t<\/div>\n\t\t\t\t<\/div>\n\t\t<\/p>\t\t\t\t\t\t\t\t<\/div>\n\t\t\t\t<\/div>\n\t\t\t\t<div class=\"elementor-element elementor-element-885b9f8 blacktitle elementor-widget elementor-widget-text-editor\" data-id=\"885b9f8\" data-element_type=\"widget\" data-e-type=\"widget\" data-widget_type=\"text-editor.default\">\n\t\t\t\t<div class=\"elementor-widget-container\">\n\t\t\t\t\t\t\t\t\t<h4><strong>Le personnage d\u2019un roman d\u2019apprentissage ?<\/strong><\/h4>\t\t\t\t\t\t\t\t<\/div>\n\t\t\t\t<\/div>\n\t\t\t\t<div class=\"elementor-element elementor-element-d1b0a0f elementor-widget elementor-widget-text-editor\" data-id=\"d1b0a0f\" data-element_type=\"widget\" data-e-type=\"widget\" data-widget_type=\"text-editor.default\">\n\t\t\t\t<div class=\"elementor-widget-container\">\n\t\t\t\t\t\t\t\t\t<p>Au d\u00e9but de l&rsquo;\u0153uvre, Julien n\u2019est que le fils d\u2019un charpentier, certes plein d\u2019ambition, mais sans grande connaissance du monde et de l\u2019amour. Ainsi, lorsqu\u2019il se pr\u00e9sente \u00e0 la porte des R\u00eanal pour<strong> devenir pr\u00e9cepteur<\/strong>, il n&rsquo;appara\u00eet pas comme un conqu\u00e9rant, mais bien comme \u201cun petit paysan\u201d effray\u00e9, \u201cpresque encore un enfant\u201d qu\u2019il faudra <strong>\u00e9duquer<\/strong>. De m\u00eame, avant d\u2019\u00eatre un grand s\u00e9ducteur, Julien craint les femmes : \u201cIl avait peur de madame de R\u00eanal \u00e0 cause de sa robe si jolie.\u201d Ainsi, la simple conqu\u00eate de sa main lui apparait comme un grand \u00e9v\u00e9nement qu\u2019il compare \u00e0 une <strong>campagne napol\u00e9onienne<\/strong>.<\/p><p>Par cons\u00e9quent, pour parvenir \u00e0 ses fins, Julien doit s\u2019\u00e9duquer aux usages du monde. Il le fera gr\u00e2ce \u00e0 plusieurs <strong>adjuvants<\/strong>. Ainsi, l\u2019abb\u00e9 Pirard, son protecteur au s\u00e9minaire, lui permet de passer du poste de pr\u00e9cepteur dans une ville de province \u00e0 celui de <strong>secr\u00e9taire dans une maison parisienne<\/strong> influente. C\u2019est d\u2019ailleurs \u00e0 Paris qu\u2019il se d\u00e9barrasse de ses habitudes provinciales pour apprendre les <strong>codes de la haute soci\u00e9t\u00e9<\/strong> : le marquis lui prescrit des le\u00e7ons de danse, et Norbert, le fils de la famille, l\u2019accompagne faire de l\u2019\u00e9quitation. Outre ses progr\u00e8s sociaux, ses progr\u00e8s amoureux sont aussi marquants : alors qu\u2019il n\u2019avait pour ambition que de <strong>prendre la main<\/strong> de Mme de R\u00eanal, il se lance \u00e0 l\u2019assaut de la fen\u00eatre de Mathilde. Le prince Korasoff l\u2019aide aussi \u00e0 planifier une <strong>strat\u00e9gie de s\u00e9duction<\/strong> payante, puisque la jeune aristocrate finit par tomber follement amoureuse du secr\u00e9taire de son p\u00e8re et lui apporte alors l\u2019\u00e9l\u00e9vation sociale r\u00eav\u00e9e : la possibilit\u00e9 d\u2019un titre, d\u2019une rente et d\u2019une place dans l\u2019arm\u00e9e.<\/p><p>Pourtant, alors m\u00eame que Julien touche du doigt l\u2019aboutissement de son ascension sociale, il est ramen\u00e9 \u00e0 la case d\u00e9part par la lettre de Mme de R\u00eanal jetant sur lui le discr\u00e9dit, puis par sa tentative d\u2019homicide et sa condamnation \u00e0 mort, qui an\u00e9antit tous ses r\u00eaves d\u2019\u00e9volution. En outre, le parcours de Julien apparait comme<strong> cyclique<\/strong> : il revient \u00e0 son amour pour Mme de R\u00eanal \u00e0 la fin du roman, il est plusieurs fois m\u00e9pris\u00e9 et d\u00e9sir\u00e9 par Mathilde, il revient \u00e0 Verri\u00e8res pour son proc\u00e8s alors qu\u2019il r\u00eavait de quitter la petite ville de province\u2026 N\u00e9anmoins, sa condamnation semble tout de m\u00eame apporter \u00e0 Julien la touche finale de son <strong>\u00e9ducation<\/strong> : alors qu\u2019il \u00e9tait rong\u00e9 par l\u2019ambition, la perspective de la mort le d\u00e9tache de ses d\u00e9sirs superficiels pour lui montrer<strong> le vrai bonheur et le v\u00e9ritable amour<\/strong> avec Madame de R\u00eanal.<\/p><p>Personnage complexe et ambigu, il est donc <strong>difficile<\/strong> pour le lecteur de s\u2019identifier \u00e0 Julien Sorel. On a parfois pour ce dernier une <strong>forme d\u2019empathie<\/strong>, voire de sympathie, notamment dans les moments o\u00f9 il se r\u00e9v\u00e8le <strong>violent\u00e9 par les autres<\/strong> (son p\u00e8re et ses fr\u00e8res, ses coll\u00e8gues du s\u00e9minaire), mais il peut aussi r\u00e9veiller en nous une certaine antipathie lorsqu\u2019il fait ressortir sa<strong> fiert\u00e9 \u00e9gocentrique<\/strong>, ou son <strong>hypocrisie<\/strong> calculatrice. Le personnage de Julien Sorel oscille donc entre une figure de h\u00e9ros et d\u2019anti-h\u00e9ros.<\/p>\t\t\t\t\t\t\t\t<\/div>\n\t\t\t\t<\/div>\n\t\t\t\t<div class=\"elementor-element elementor-element-5542147 blacktitle elementor-widget elementor-widget-text-editor\" data-id=\"5542147\" data-element_type=\"widget\" data-e-type=\"widget\" data-widget_type=\"text-editor.default\">\n\t\t\t\t<div class=\"elementor-widget-container\">\n\t\t\t\t\t\t\t\t\t<h4>Citations sur Julien Sorel \u00e0 utiliser au bac de fran\u00e7ais<\/h4>\t\t\t\t\t\t\t\t<\/div>\n\t\t\t\t<\/div>\n\t\t\t\t<div class=\"elementor-element elementor-element-0f0a07b elementor-widget elementor-widget-text-editor\" data-id=\"0f0a07b\" data-element_type=\"widget\" data-e-type=\"widget\" data-widget_type=\"text-editor.default\">\n\t\t\t\t<div class=\"elementor-widget-container\">\n\t\t\t\t\t\t\t\t\t<p>\u201cQui e\u00fbt pu deviner que cette figure de jeune fille, si p\u00e2le et si douce, cachait la r\u00e9solution in\u00e9branlable de s\u2019exposer \u00e0 mille morts plut\u00f4t que de ne pas faire fortune ?\u201d (I, 5)<br \/><br \/>\u201cPour Julien, faire fortune, c\u2019\u00e9tait d\u2019abord sortir de Verri\u00e8res\u201d (I, 5)<br \/><br \/>\u201cD\u00e8s sa premi\u00e8re enfance, il avait eu des moments d\u2019exaltation\u201d. (I, 5)<br \/><br \/>\u201cIl se fit un plan de campagne fort d\u00e9taill\u00e9\u201d (\u00c0 propos de Madame de R\u00eanal, I, XIV)<br \/><br \/>\u201cIl fut gauche et s\u2019exag\u00e9ra sa gaucherie\u201d. (I, XIV)<br \/><br \/>\u201cSon amour \u00e9tait encore de l\u2019ambition ; c\u2019\u00e9tait de la joie de poss\u00e9der, lui pauvre \u00eatre si malheureux et si m\u00e9pris\u00e9, une femme aussi noble et aussi belle\u201d (I, XVI)<br \/><br \/>\u201cJulien \u00e9tait un dandy maintenant, et comprenait l\u2019art de vivre \u00e0 Paris\u201d. (II, XXXVIII)<\/p>\t\t\t\t\t\t\t\t<\/div>\n\t\t\t\t<\/div>\n\t\t\t\t<div class=\"elementor-element elementor-element-6ffb456 blacktitle elementor-widget elementor-widget-text-editor\" data-id=\"6ffb456\" data-element_type=\"widget\" data-e-type=\"widget\" data-widget_type=\"text-editor.default\">\n\t\t\t\t<div class=\"elementor-widget-container\">\n\t\t\t\t\t\t\t\t\t<h3>Analyse des autres personnages dans Le Rouge et le Noir\u00a0<\/h3>\t\t\t\t\t\t\t\t<\/div>\n\t\t\t\t<\/div>\n\t\t\t\t<div class=\"elementor-element elementor-element-1a94093 blacktitle elementor-widget elementor-widget-text-editor\" data-id=\"1a94093\" data-element_type=\"widget\" data-e-type=\"widget\" data-widget_type=\"text-editor.default\">\n\t\t\t\t<div class=\"elementor-widget-container\">\n\t\t\t\t\t\t\t\t\t<h4>Madame de R\u00eanal<\/h4>\t\t\t\t\t\t\t\t<\/div>\n\t\t\t\t<\/div>\n\t\t\t\t<div class=\"elementor-element elementor-element-e0545bb elementor-widget elementor-widget-text-editor\" data-id=\"e0545bb\" data-element_type=\"widget\" data-e-type=\"widget\" data-widget_type=\"text-editor.default\">\n\t\t\t\t<div class=\"elementor-widget-container\">\n\t\t\t\t\t\t\t\t\t<p>Madame de R\u00eanal est la<strong> femme du maire<\/strong> de Verri\u00e8re et la <strong>premi\u00e8re amante<\/strong> de Julien. D\u00e8s sa premi\u00e8re apparition dans le roman, elle <strong>est pr\u00e9sent\u00e9e comme une figure maternelle<\/strong> : \u201cTout en \u00e9coutant son mari qui parlait d\u2019un air grave, l\u2019\u0153il de madame de R\u00eanal suivait avec inqui\u00e9tude les mouvements de trois petits gar\u00e7ons\u201d. C\u2019est d\u2019ailleurs parce que Julien a l\u2019air d\u2019un enfant qu\u2019il ne l\u2019effraie pas et qu\u2019elle se sent tout de suite en confiance.<\/p><p><strong>Douce, tendre, parfois un peu na\u00efve<\/strong>, elle est partag\u00e9e entre le bonheur qu\u2019elle ressent aupr\u00e8s de Julien et le <strong>remords de l\u2019adult\u00e8re<\/strong>. Ainsi, lorsque son fils a\u00een\u00e9 tombe malade, elle voit cet \u00e9v\u00e9nement comme le prix \u00e0 payer pour sa passion et<strong> incite<\/strong> Julien \u00e0 partir pour le s\u00e9minaire.<\/p><p>\u00c9loign\u00e9e de son amant une fois qu\u2019il se rend \u00e0 Paris, ce sera pourtant elle qui sera<strong> la cause de sa d\u00e9ch\u00e9ance<\/strong> : suivant les conseils de son directeur de conscience, elle envoie une lettre au Marquis de la Mole dans laquelle elle peint Julien comme un \u00eatre <strong>hypocrite pr\u00eat \u00e0 s\u00e9duire les femmes pour faire fortune<\/strong>. C\u2019est cette lettre qui d\u00e9clenchera la col\u00e8re de Julien et le poussera \u00e0 tirer sur Madame de R\u00eanal.<\/p><p>Pourtant, elle se r\u00e9v\u00e8le \u00eatre son <strong>v\u00e9ritable amour<\/strong> : \u201cSache que je t\u2019ai toujours aim\u00e9e, que je n\u2019ai aim\u00e9 que toi\u201d lui d\u00e9clare Julien dans sa prison. Madame de R\u00eanal assume \u00e9galement pleinement son amour pour le jeune-homme et ne se cache plus pour venir le voir pendant sa <strong>derni\u00e8re d\u00e9tention<\/strong>. Le roman se conclut d&rsquo;ailleurs sur sa mort, laissant sous-entendre que la jeune-femme n\u2019a pas surv\u00e9cu au<strong> d\u00e9c\u00e8s de Julien<\/strong>.<\/p><p>\t\t<div data-elementor-type=\"section\" data-elementor-id=\"84989\" class=\"elementor elementor-84989\">\n\t\t\t\t\t<div class=\"elementor-section-wrap\">\n\t\t\t\t\t\t\t\t<section class=\"has_ae_slider elementor-section elementor-inner-section elementor-element elementor-element-4bda5243 elementor-section-content-bottom full_width elementor-section-full_width elementor-section-height-min-height elementor-section-height-default ae-bg-gallery-type-default\" data-id=\"4bda5243\" data-element_type=\"section\" data-e-type=\"section\" data-settings=\"{&quot;background_background&quot;:&quot;gradient&quot;}\">\n\t\t\t\t\t\t\t<div class=\"elementor-background-overlay\"><\/div>\n\t\t\t\t\t\t\t<div class=\"elementor-container elementor-column-gap-narrow\">\n\t\t\t\t\t<div class=\"has_ae_slider elementor-column elementor-col-50 elementor-inner-column elementor-element elementor-element-7dad0c90 ae-bg-gallery-type-default\" data-id=\"7dad0c90\" data-element_type=\"column\" data-e-type=\"column\">\n\t\t\t<div class=\"elementor-widget-wrap elementor-element-populated\">\n\t\t\t\t\t\t<div class=\"elementor-element elementor-element-79e73064 elementor-widget elementor-widget-heading\" data-id=\"79e73064\" data-element_type=\"widget\" data-e-type=\"widget\" data-widget_type=\"heading.default\">\n\t\t\t\t<div class=\"elementor-widget-container\">\n\t\t\t\t\t<h3 class=\"elementor-heading-title elementor-size-default\">PRENDRE DES COURS PARTICULIERS DE FRAN\u00c7AIS <\/h3>\t\t\t\t<\/div>\n\t\t\t\t<\/div>\n\t\t\t\t<div class=\"elementor-element elementor-element-104d1164 elementor-widget elementor-widget-heading\" data-id=\"104d1164\" data-element_type=\"widget\" data-e-type=\"widget\" data-widget_type=\"heading.default\">\n\t\t\t\t<div class=\"elementor-widget-container\">\n\t\t\t\t\t<h4 class=\"elementor-heading-title elementor-size-default\">C\u2019est reprendre le contr\u00f4le<\/h4>\t\t\t\t<\/div>\n\t\t\t\t<\/div>\n\t\t\t\t<div class=\"elementor-element elementor-element-3691d1da elementor-align-left elementor-mobile-align-center elementor-widget elementor-widget-button\" data-id=\"3691d1da\" data-element_type=\"widget\" data-e-type=\"widget\" data-widget_type=\"button.default\">\n\t\t\t\t<div class=\"elementor-widget-container\">\n\t\t\t\t\t\t\t\t\t<div class=\"elementor-button-wrapper\">\n\t\t\t\t\t<a class=\"elementor-button elementor-button-link elementor-size-md\" href=\"https:\/\/groupe-reussite.fr\/cours-particuliers\/francais\/tous-niveaux\/france\/\" target=\"_blank\" id=\"CTA_PRD_CP\">\n\t\t\t\t\t\t<span class=\"elementor-button-content-wrapper\">\n\t\t\t\t\t\t\t\t\t<span class=\"elementor-button-text\">Je cherche des cours particuliers de fran\u00e7ais<\/span>\n\t\t\t\t\t<\/span>\n\t\t\t\t\t<\/a>\n\t\t\t\t<\/div>\n\t\t\t\t\t\t\t\t<\/div>\n\t\t\t\t<\/div>\n\t\t\t\t\t<\/div>\n\t\t<\/div>\n\t\t\t\t<div class=\"has_ae_slider elementor-column elementor-col-50 elementor-inner-column elementor-element elementor-element-40c4e3d ae-bg-gallery-type-default\" data-id=\"40c4e3d\" data-element_type=\"column\" data-e-type=\"column\">\n\t\t\t<div class=\"elementor-widget-wrap\">\n\t\t\t\t\t\t\t<\/div>\n\t\t<\/div>\n\t\t\t\t\t<\/div>\n\t\t<\/section>\n\t\t\t\t\t\t\t<\/div>\n\t\t\t\t<\/div>\n\t\t<\/p>\t\t\t\t\t\t\t\t<\/div>\n\t\t\t\t<\/div>\n\t\t\t\t<div class=\"elementor-element elementor-element-92cc52f blacktitle elementor-widget elementor-widget-text-editor\" data-id=\"92cc52f\" data-element_type=\"widget\" data-e-type=\"widget\" data-widget_type=\"text-editor.default\">\n\t\t\t\t<div class=\"elementor-widget-container\">\n\t\t\t\t\t\t\t\t\t<h4>Mathilde de la Mole<\/h4>\t\t\t\t\t\t\t\t<\/div>\n\t\t\t\t<\/div>\n\t\t\t\t<div class=\"elementor-element elementor-element-9834600 elementor-widget elementor-widget-text-editor\" data-id=\"9834600\" data-element_type=\"widget\" data-e-type=\"widget\" data-widget_type=\"text-editor.default\">\n\t\t\t\t<div class=\"elementor-widget-container\">\n\t\t\t\t\t\t\t\t\t<p>Autre personnage f\u00e9minin du r\u00e9cit et<strong> deuxi\u00e8me conqu\u00eate de Julien<\/strong>, Mathilde de la Mole est la fille du Marquis de la Mole, dont Julien est le secr\u00e9taire. Aristocrate, Mathilde a un<strong> temp\u00e9rament fougueux et orgueilleux<\/strong>, qui rend sa relation avec Julien particuli\u00e8rement houleuse.<\/p><p>Blas\u00e9e de son groupe d\u2019admirateurs habituels, elle commence \u00e0 s\u2019int\u00e9resser \u00e0 Julien en voyant en lui un <strong>personnage original<\/strong> qui pourrait la sortir de l\u2019ennui. Au contraire, Julien semble peu l\u2019appr\u00e9cier : \u201cQue cette grande fille me d\u00e9pla\u00eet ! pensa-t-il, en regardant marcher mademoiselle de La Mole\u201d. Il s\u2019attache m\u00eame \u00e0 ignorer ses marques d\u2019int\u00e9r\u00eat, ce qui avive davantage le d\u00e9sir de la jeune-fille. N\u00e9anmoins, le succ\u00e8s qu\u2019elle rencontre aupr\u00e8s des autres et son rang<strong> flatte l\u2019\u00e9go de Julien<\/strong> qui d\u00e9cide de conqu\u00e9rir la belle aristocrate. Toutefois, la visite nocturne qu\u2019il entreprend brise les fantasmes de Mathilde qui redevient <strong>de glace<\/strong> et il faudra \u00e0 Julien un deuxi\u00e8me plan de bataille pour regagner son amour. La jeune-fille se donne alors passionn\u00e9ment \u00e0 son amant, jusqu\u2019\u00e0 se compromettre en tombant enceinte. Elle offre ainsi au petit secr\u00e9taire de son p\u00e8re la possibilit\u00e9 d\u2019un <strong>mariage avantageux<\/strong>.<\/p><p>Romanesque, elle envisage sa relation avec Julien \u00e0 l\u2019aune de ses lectures : \u201cElle repassa dans sa t\u00eate toutes les descriptions de passion qu\u2019elle avait lues dans Manon Lescaut, La Nouvelle H\u00e9lo\u00efse, les Lettres d\u2019une Religieuse portugaise, etc., etc.\u201d Romantique, elle fait le rapprochement entre la passion de Marguerite de Navarre pour son anc\u00eatre La Mole et sa relation avec Julien. D\u2019ailleurs, de m\u00eame que la noble Marguerite, elle r\u00e9cup\u00e8rera la t\u00eate de son amant d\u00e9capit\u00e9 \u00e0 la fin du roman.<\/p>\t\t\t\t\t\t\t\t<\/div>\n\t\t\t\t<\/div>\n\t\t\t\t<div class=\"elementor-element elementor-element-966fca8 elementor-widget elementor-widget-image\" data-id=\"966fca8\" data-element_type=\"widget\" data-e-type=\"widget\" data-widget_type=\"image.default\">\n\t\t\t\t<div class=\"elementor-widget-container\">\n\t\t\t\t\t\t\t\t\t\t\t\t\t\t\t<img decoding=\"async\" width=\"300\" height=\"171\" src=\"https:\/\/groupe-reussite.fr\/ressources\/wp-content\/uploads\/2022\/03\/rouge-noir-parcours-associe-bac-francais-1-300x171.jpg\" class=\"attachment-medium size-medium wp-image-154500\" alt=\"Le Rouge et le Noir parcours associ\u00e9 en fran\u00e7ais\" srcset=\"https:\/\/groupe-reussite.fr\/ressources\/wp-content\/uploads\/2022\/03\/rouge-noir-parcours-associe-bac-francais-1-300x171.jpg 300w, https:\/\/groupe-reussite.fr\/ressources\/wp-content\/uploads\/2022\/03\/rouge-noir-parcours-associe-bac-francais-1.jpg 700w\" sizes=\"(max-width: 300px) 100vw, 300px\" \/>\t\t\t\t\t\t\t\t\t\t\t\t\t\t\t<\/div>\n\t\t\t\t<\/div>\n\t\t\t\t<div class=\"elementor-element elementor-element-7be8b314 elementor-widget elementor-widget-text-editor\" data-id=\"7be8b314\" data-element_type=\"widget\" data-e-type=\"widget\" data-widget_type=\"text-editor.default\">\n\t\t\t\t<div class=\"elementor-widget-container\">\n\t\t\t\t\t\t\t\t\t<h2>Exercice : analyse de portrait d&rsquo;un personnage de roman\u00a0<\/h2>\t\t\t\t\t\t\t\t<\/div>\n\t\t\t\t<\/div>\n\t\t\t\t<div class=\"elementor-element elementor-element-3f9138af elementor-widget elementor-widget-text-editor\" data-id=\"3f9138af\" data-element_type=\"widget\" data-e-type=\"widget\" data-widget_type=\"text-editor.default\">\n\t\t\t\t<div class=\"elementor-widget-container\">\n\t\t\t\t\t\t\t\t\t<p><strong>Consigne de l&rsquo;exercice : Analysez ce portrait. Comment l\u2019auteur cherche-t-il \u00e0 pr\u00e9senter son personnage ? Quelle dimension lui donne-t-il ?<\/strong><\/p><p><em>Gueule d\u2019or est un forgeron.<\/em><\/p><p>C&rsquo;\u00e9tait le tour de la Gueule-d&rsquo;Or. Avant de commencer, il jeta \u00e0 la blanchisseuse un regard plein d&rsquo;une tendresse confiante. Puis, il ne se pressa pas, il prit sa distance, lan\u00e7a le marteau de haut, \u00e0 grandes vol\u00e9es r\u00e9guli\u00e8res. Il avait le jeu classique, correct, balanc\u00e9 et souple. [&#8230;] Les talons de Fifine(1) tapaient la mesure, gravement, et ils s&rsquo;enfon\u00e7aient dans le fer rouge, sur la t\u00eate du boulon, avec une science r\u00e9fl\u00e9chie, d&rsquo;abord \u00e9crasant le m\u00e9tal au milieu, puis le mod\u00e9rant par une s\u00e9rie de coups d&rsquo;une pr\u00e9cision rythm\u00e9e. Bien s\u00fbr, ce n&rsquo;\u00e9tait pas de l&rsquo;eau-de-vie que la Gueule-d&rsquo;Or avait dans les veines, c&rsquo;\u00e9tait du sang, du sang pur, qui battait puissamment jusque dans son marteau, et qui r\u00e9glait la besogne.\/\/Un homme magnifique au travail, ce gaillard-l\u00e0 ! Il recevait en plein la grande flamme de la forge. Ses cheveux courts, frisant sur son front bas, sa belle barbe jaune, aux anneaux tombants, s&rsquo;allumaient, lui \u00e9clairaient toute la figure de leurs fils d&rsquo;or, une vraie figure d&rsquo;or, sans mentir. Avec \u00e7a, un cou pareil \u00e0 une colonne, blanc comme un cou d&rsquo;enfant ; une poitrine vaste, large \u00e0 y coucher une femme en travers ; des \u00e9paules et des bras sculpt\u00e9s qui paraissaient copi\u00e9s sur ceux d&rsquo;un g\u00e9ant, dans un mus\u00e9e. Quand il prenait son \u00e9lan, on voyait ses muscles se gonfler, des montagnes de chair roulant et durcissant sous la peau ; ses \u00e9paules, sa poitrine, son cou enflaient ; il faisait de la clart\u00e9 autour de lui, il devenait beau, tout-puissant, comme un Bon Dieu.<\/p><p><em>(1) Fifine est le nom qu\u2019il donne \u00e0 son marteau.<\/em><\/p><p>\u00c9mile Zola &#8211; L\u2019Assommoir (1877)<\/p>\t\t\t\t\t\t\t\t<\/div>\n\t\t\t\t<\/div>\n\t\t\t\t<div class=\"elementor-element elementor-element-6bc377f elementor-widget elementor-widget-text-editor\" data-id=\"6bc377f\" data-element_type=\"widget\" data-e-type=\"widget\" data-widget_type=\"text-editor.default\">\n\t\t\t\t<div class=\"elementor-widget-container\">\n\t\t\t\t\t\t\t\t\t<h2>Correction exercice : analyse de portrait d&rsquo;un personnage de roman\u00a0<\/h2>\t\t\t\t\t\t\t\t<\/div>\n\t\t\t\t<\/div>\n\t\t\t\t<div class=\"elementor-element elementor-element-94e90ec elementor-widget elementor-widget-text-editor\" data-id=\"94e90ec\" data-element_type=\"widget\" data-e-type=\"widget\" data-widget_type=\"text-editor.default\">\n\t\t\t\t<div class=\"elementor-widget-container\">\n\t\t\t\t\t\t\t\t\t<p><strong>Consigne de l&rsquo;exercice : <em>analysez ce portrait. Comment l\u2019auteur cherche-t-il \u00e0 pr\u00e9senter son personnage ? Quelle dimension lui donne-t-il ?<\/em><\/strong><\/p><p>Zola \u00e9tant un <strong>auteur naturaliste<\/strong>, on retrouve dans ce portrait une volont\u00e9 de montrer de fa\u00e7on r\u00e9aliste un ouvrier au travail. En effet, Zola peint ici un forgeron maitrisant son art : \u201cil prit sa distance, lan\u00e7a le marteau de haut en bas \u00e0 grande vol\u00e9es r\u00e9guli\u00e8res\u201d. Il utilise ainsi un <strong>vocabulaire pr\u00e9cis<\/strong> (\u201cils s\u2019enfon\u00e7aient dans le fer rouge, sur la t\u00eate du boulon\u201d) et s\u2019attarde sur la technique de forge (\u201cd\u2019abord \u00e9crasant le m\u00e9tal au milieu, puis le mod\u00e9rant par une s\u00e9rie de coups d\u2019une pr\u00e9cision rythm\u00e9e\u201d). Enfin, les exclamations populaires au <strong>discours indirect<\/strong> libre participent \u00e0 cr\u00e9er cette atmosph\u00e8re r\u00e9aliste (\u201cUn homme magnifique au travail ce gaillard l\u00e0 !\u201d). Pour autant, ce r\u00e9alisme est vite d\u00e9pass\u00e9 par une dimension mythologique : Gueule d\u2019or est progressivement transform\u00e9 en <strong>Dieu de la mythologie<\/strong> et en \u0153uvre d\u2019art. Ainsi, sa physionomie rappelle celle des dieux antiques par ses cheveux boucl\u00e9s et sa barbe : \u201cses cheveux courts, frisant sur son front bas, sa belle barbe jaune\u201d. La blondeur de ses poils se transforme alors en or, m\u00e9tamorphosant <strong>le forgeron<\/strong> en objet pr\u00e9cieux : \u201cune vraie figure d\u2019or\u201d. De m\u00eame, son \u201ccou pareil \u00e0 une colonne, blanc comme un cou d\u2019enfant\u201d rappelle par sa taille ceux des h\u00e9ros mythologique, mais aussi la couleur du marbre, autre mati\u00e8re pr\u00e9cieuse. En outre, il est <strong>d\u00e9finitivement associ\u00e9 \u00e0 une statue<\/strong> quelques phrases plus loin : \u201cdes \u00e9paules et des bras sculpt\u00e9s qui paraissaient copi\u00e9s sur ceux d\u2019un g\u00e9ant, dans un mus\u00e9e\u201d. Enfin, plus que l&rsquo;\u0153uvre d\u2019art, le texte se conclut sur la figure du \u201cBon Dieu\u201d, montrant ainsi la m\u00e9tamorphose de Gueule d\u2019or en Dieu de la forge. Ce portrait illustre ici la <strong>volont\u00e9 de Zola<\/strong> de magnifier les m\u00e9tiers populaires, d\u2019en faire des sujets pr\u00e9cieux, des <strong>\u0153uvres d\u2019art<\/strong>.<\/p>\t\t\t\t\t\t\t\t<\/div>\n\t\t\t\t<\/div>\n\t\t\t\t<div class=\"elementor-element elementor-element-b8891ec elementor-widget elementor-widget-text-editor\" data-id=\"b8891ec\" data-element_type=\"widget\" data-e-type=\"widget\" data-widget_type=\"text-editor.default\">\n\t\t\t\t<div class=\"elementor-widget-container\">\n\t\t\t\t\t\t\t\t\t<p>Ces articles pourraient vous int\u00e9resser :<\/p><p>Sur le roman :<\/p><ul><li><a href=\"https:\/\/groupe-reussite.fr\/ressources\/cp-francais-analyser-incipit\/\">Analyser un incipit<\/a><\/li><li>Les <a href=\"https:\/\/groupe-reussite.fr\/ressources\/cp-francais-genres-narratifs\/\">genres narratifs au bac de fran\u00e7ais<\/a><\/li><li><a href=\"https:\/\/groupe-reussite.fr\/ressources\/cp-francais-histoire-roman\/\">Histoire du roman<\/a><\/li><li><a href=\"https:\/\/groupe-reussite.fr\/ressources\/cp-francais-grands-auteurs-roman\/\">Grands auteurs du roman<\/a><\/li><li><a href=\"https:\/\/groupe-reussite.fr\/ressources\/cp-francais-sido-vrilles-de-la-vigne-colette\/\">R\u00e9sum\u00e9 et analyse de Sido et les vrilles de la vigne de Colette<\/a><\/li><li>La <a href=\"https:\/\/groupe-reussite.fr\/ressources\/cp-francais-la-peau-de-chagrin-balzac\/\">Peau de Chagrin<\/a> de Balzac<\/li><\/ul><p>Sur la po\u00e9sie :\u00a0<\/p><ul><li><a href=\"https:\/\/groupe-reussite.fr\/ressources\/cp-mouvements-formes-poetiques-bac-francais\/\">Mouvements et formes po\u00e9tiques au bac<\/a><\/li><li>Les <a href=\"https:\/\/groupe-reussite.fr\/ressources\/cp-francais-grands-auteurs-poesie\/\">grands auteurs de la po\u00e9sie<\/a><\/li><li><a href=\"https:\/\/groupe-reussite.fr\/ressources\/cp-francais-parcours-associe-poesie-fleurs-du-mal\/\">Parcours associ\u00e9 sur la po\u00e9sie : Les Fleurs du mal<\/a><\/li><\/ul><p>Sur le th\u00e9\u00e2tre :<\/p><ul><li>Le <a href=\"https:\/\/groupe-reussite.fr\/ressources\/cp-tout-savoir-sur-le-theatre-au-bac-de-francais\/\">th\u00e9\u00e2tre au bac de fran\u00e7ais<\/a><\/li><li><a href=\"https:\/\/groupe-reussite.fr\/ressources\/cp-francais-analyser-scene-exposition\/\">Analyser une sc\u00e8ne d&rsquo;exposition au th\u00e9\u00e2tre au bac de fran\u00e7ais<\/a><\/li><li>Les <a href=\"https:\/\/groupe-reussite.fr\/ressources\/cp-francais-genres-theatraux\/\">genres du th\u00e9\u00e2tre au bac de fran\u00e7ais<\/a><\/li><li><a href=\"https:\/\/groupe-reussite.fr\/ressources\/cp-francais-grands-auteurs-theatre\/\">Grands auteurs du th\u00e9\u00e2tre au bac de fran\u00e7ais<\/a><\/li><li><a href=\"https:\/\/groupe-reussite.fr\/ressources\/cp-mouvements-litteraire-theatre-bac-francais\/\">Mouvements litt\u00e9raires du th\u00e9atre<\/a><\/li><li><a href=\"https:\/\/groupe-reussite.fr\/ressources\/cp-francais-parcours-associe-le-malade-imaginaire\/\">Parcours associ\u00e9 sur le th\u00e9\u00e2tre : Le malade Imaginaire<\/a><\/li><li><a href=\"https:\/\/groupe-reussite.fr\/ressources\/cp-francais-histoire-theatre\/\">Histoire du th\u00e9\u00e2tre<\/a><\/li><\/ul><p>Sur la litt\u00e9rature d&rsquo;id\u00e9es :<\/p><ul><li>La <a href=\"https:\/\/groupe-reussite.fr\/ressources\/cp-tout-savoir-sur-la-litterature-didees-au-bac-de-francais\/\">litt\u00e9rature d&rsquo;id\u00e9es au bac de fran\u00e7ais<\/a><\/li><li><a href=\"https:\/\/groupe-reussite.fr\/ressources\/cp-francais-grands-auteurs-litterature-idees\/\">Grands auteurs de la litt\u00e9rature d&rsquo;id\u00e9es<\/a><\/li><li>Les <a href=\"https:\/\/groupe-reussite.fr\/ressources\/cp-francais-genres-argumentatifs\/\">genres argumentatifs en fran\u00e7ais<\/a><\/li><li><a href=\"https:\/\/groupe-reussite.fr\/ressources\/cp-analyser-texte-argumentatif-francais\/\">Analyser un texte argumentatif au bac de fran\u00e7ais<\/a><\/li><\/ul><p>Sur l&rsquo;oral du bac de fran\u00e7ais :\u00a0<\/p><ul><li><a href=\"https:\/\/groupe-reussite.fr\/ressources\/cp-francais-expose-oeuvre-choisie-oral-bac\/\">Pr\u00e9parer l\u2019expos\u00e9 de l\u2019\u0153uvre choisie \u00e0 l\u2019oral du bac de fran\u00e7ais<\/a><\/li><li><a href=\"https:\/\/groupe-reussite.fr\/ressources\/cp-francais-faire-fiche-revision-oral-bac\/\">Faire une fiche de r\u00e9vision pour l\u2019oral de fran\u00e7ais au bac<\/a><\/li><li><a href=\"https:\/\/groupe-reussite.fr\/ressources\/cp-francais-conseils-oral-bac\/\">Conseils pour r\u00e9ussir son oral de bac de fran\u00e7ais<\/a><\/li><li><a href=\"https:\/\/groupe-reussite.fr\/ressources\/cp-tout-savoir-oral-bac-francais\/\">Oral de fran\u00e7ais au bac<\/a><\/li><\/ul><p>Sur la m\u00e9thodologie :\u00a0<\/p><ul><li><a href=\"https:\/\/groupe-reussite.fr\/ressources\/cp-epreuves-programme-bac-francais\/\">Programme au bac de fran\u00e7ais<\/a><\/li><li><a href=\"https:\/\/groupe-reussite.fr\/ressources\/cp-francais-exemple-introduction-dissertation-sur-oeuvre\/\">Exemple d&rsquo;introduction de dissertation au bac de fran\u00e7ais<\/a><\/li><li><a href=\"https:\/\/groupe-reussite.fr\/ressources\/cp-methodologie-commentaire-de-texte\/\">M\u00e9thodologie du commentaire de texte<\/a><\/li><li><a href=\"https:\/\/groupe-reussite.fr\/ressources\/cp-exemples-formules-commentaire-texte\/\">Formules \u00e0 utiliser pour r\u00e9diger un bon commentaire de texte au bac<\/a><\/li><li><a href=\"https:\/\/groupe-reussite.fr\/ressources\/cp-specialites-terminale-francais\/\">Sp\u00e9cialit\u00e9s litt\u00e9raires en terminale<\/a><\/li><\/ul><p>Sur la grammaire :\u00a0<\/p><ul><li><a href=\"https:\/\/groupe-reussite.fr\/ressources\/cp-francais-accords-groupe-nominal-sujet-verbe\/\">Accords dans le groupe nominal et entre le sujet et le verbe<\/a><\/li><li><a href=\"https:\/\/groupe-reussite.fr\/ressources\/cp-francais-relations-logiques-fondamentales\/\">Relations logiques fondamentales<\/a><\/li><li><a class=\"waffle-rich-text-link\" href=\"https:\/\/groupe-reussite.fr\/ressources\/cp-francais-relations-logiques-comparaison-condition\/\">Les relations logiques fondamentales : condition et comparaison<\/a><\/li><li><a href=\"https:\/\/groupe-reussite.fr\/ressources\/cp-francais-propositions-subordonnees-relatives\/\">Propositions subordonn\u00e9es relatives<\/a><\/li><li><a href=\"https:\/\/groupe-reussite.fr\/ressources\/cp-francais-opposition-concession\/\">Opposition et concession<\/a><\/li><\/ul>\t\t\t\t\t\t\t\t<\/div>\n\t\t\t\t<\/div>\n\t\t\t\t\t<\/div>\n\t\t<\/div>\n\t\t\t\t\t<\/div>\n\t\t<\/section>\n\t\t\t\t\t<\/div>\n\t\t<\/div>\n\t\t\t\t\t<\/div>\n\t\t<\/section>\n\t\t\t\t<\/div>\n\t\t","protected":false},"excerpt":{"rendered":"<p>Parcours associ\u00e9 le Rouge et le Noir au bac de fran\u00e7ais Le Rouge et le Noir : le personnage de roman, esth\u00e9tique et valeurs cours particuliers cours particuliers de fran\u00e7ais r\u00e9server un cours particulier de fran\u00e7ais CONTACTEZ NOUS Les personnages de roman &#8211; Parcours associ\u00e9 du roman Tout lecteur a forc\u00e9ment \u00e9t\u00e9 marqu\u00e9 dans ses [&hellip;]<\/p>\n","protected":false},"author":6,"featured_media":0,"parent":0,"menu_order":0,"comment_status":"closed","ping_status":"closed","template":"elementor_header_footer","meta":{"ocean_post_layout":"full-screen","ocean_both_sidebars_style":"","ocean_both_sidebars_content_width":0,"ocean_both_sidebars_sidebars_width":0,"ocean_sidebar":"0","ocean_second_sidebar":"0","ocean_disable_margins":"enable","ocean_add_body_class":"","ocean_shortcode_before_top_bar":"","ocean_shortcode_after_top_bar":"","ocean_shortcode_before_header":"","ocean_shortcode_after_header":"","ocean_has_shortcode":"","ocean_shortcode_after_title":"","ocean_shortcode_before_footer_widgets":"","ocean_shortcode_after_footer_widgets":"","ocean_shortcode_before_footer_bottom":"","ocean_shortcode_after_footer_bottom":"","ocean_display_top_bar":"off","ocean_display_header":"default","ocean_header_style":"","ocean_center_header_left_menu":"0","ocean_custom_header_template":"0","ocean_custom_logo":0,"ocean_custom_retina_logo":0,"ocean_custom_logo_max_width":0,"ocean_custom_logo_tablet_max_width":0,"ocean_custom_logo_mobile_max_width":0,"ocean_custom_logo_max_height":0,"ocean_custom_logo_tablet_max_height":0,"ocean_custom_logo_mobile_max_height":0,"ocean_header_custom_menu":"0","ocean_menu_typo_font_family":"0","ocean_menu_typo_font_subset":"","ocean_menu_typo_font_size":0,"ocean_menu_typo_font_size_tablet":0,"ocean_menu_typo_font_size_mobile":0,"ocean_menu_typo_font_size_unit":"px","ocean_menu_typo_font_weight":"","ocean_menu_typo_font_weight_tablet":"","ocean_menu_typo_font_weight_mobile":"","ocean_menu_typo_transform":"","ocean_menu_typo_transform_tablet":"","ocean_menu_typo_transform_mobile":"","ocean_menu_typo_line_height":0,"ocean_menu_typo_line_height_tablet":0,"ocean_menu_typo_line_height_mobile":0,"ocean_menu_typo_line_height_unit":"","ocean_menu_typo_spacing":0,"ocean_menu_typo_spacing_tablet":0,"ocean_menu_typo_spacing_mobile":0,"ocean_menu_typo_spacing_unit":"","ocean_menu_link_color":"","ocean_menu_link_color_hover":"","ocean_menu_link_color_active":"","ocean_menu_link_background":"","ocean_menu_link_hover_background":"","ocean_menu_link_active_background":"","ocean_menu_social_links_bg":"","ocean_menu_social_hover_links_bg":"","ocean_menu_social_links_color":"","ocean_menu_social_hover_links_color":"","ocean_disable_title":"on","ocean_disable_heading":"on","ocean_post_title":"","ocean_post_subheading":"","ocean_post_title_style":"","ocean_post_title_background_color":"","ocean_post_title_background":0,"ocean_post_title_bg_image_position":"","ocean_post_title_bg_image_attachment":"","ocean_post_title_bg_image_repeat":"","ocean_post_title_bg_image_size":"","ocean_post_title_height":0,"ocean_post_title_bg_overlay":0.5,"ocean_post_title_bg_overlay_color":"","ocean_disable_breadcrumbs":"default","ocean_breadcrumbs_color":"","ocean_breadcrumbs_separator_color":"","ocean_breadcrumbs_links_color":"","ocean_breadcrumbs_links_hover_color":"","ocean_display_footer_widgets":"default","ocean_display_footer_bottom":"default","ocean_custom_footer_template":"0","footnotes":""},"class_list":["post-154008","page","type-page","status-publish","entry"],"yoast_head":"<!-- This site is optimized with the Yoast SEO plugin v28.1 - https:\/\/yoast.com\/product\/yoast-seo-wordpress\/ -->\n<title>Le rouge et le noir : analyse des personnages bac de fran\u00e7ais<\/title>\n<meta name=\"description\" content=\"Le Rouge et le noir et son parcours associ\u00e9 : le personnage de roman, esth\u00e9tique et valeurs. Analyse des personnages et citations. Exercice corrig\u00e9.\" \/>\n<meta name=\"robots\" content=\"index, follow, max-snippet:-1, max-image-preview:large, max-video-preview:-1\" \/>\n<link rel=\"canonical\" href=\"https:\/\/groupe-reussite.fr\/ressources\/cp-francais-parcours-associe-le-rouge-et-le-noir\/\" \/>\n<meta property=\"og:locale\" content=\"fr_FR\" \/>\n<meta property=\"og:type\" content=\"article\" \/>\n<meta property=\"og:title\" content=\"Le rouge et le noir : analyse des personnages bac de fran\u00e7ais\" \/>\n<meta property=\"og:description\" content=\"Le Rouge et le noir et son parcours associ\u00e9 : le personnage de roman, esth\u00e9tique et valeurs. Analyse des personnages et citations. Exercice corrig\u00e9.\" \/>\n<meta property=\"og:url\" content=\"https:\/\/groupe-reussite.fr\/ressources\/cp-francais-parcours-associe-le-rouge-et-le-noir\/\" \/>\n<meta property=\"og:site_name\" content=\"Groupe R\u00e9ussite\" \/>\n<meta property=\"article:publisher\" content=\"https:\/\/www.facebook.com\/GroupeReussiteOfficiel\/\" \/>\n<meta property=\"article:modified_time\" content=\"2023-10-18T07:00:36+00:00\" \/>\n<meta property=\"og:image\" content=\"https:\/\/groupe-reussite.fr\/ressources\/wp-content\/uploads\/2020\/03\/cours-particuliers.jpg\" \/>\n<meta name=\"twitter:card\" content=\"summary_large_image\" \/>\n<meta name=\"twitter:site\" content=\"@GroupeReussite\" \/>\n<meta name=\"twitter:label1\" content=\"Dur\u00e9e de lecture estim\u00e9e\" \/>\n\t<meta name=\"twitter:data1\" content=\"27 minutes\" \/>\n<script type=\"application\/ld+json\" class=\"yoast-schema-graph\">{\"@context\":\"https:\\\/\\\/schema.org\",\"@graph\":[{\"@type\":\"WebPage\",\"@id\":\"https:\\\/\\\/groupe-reussite.fr\\\/ressources\\\/cp-francais-parcours-associe-le-rouge-et-le-noir\\\/\",\"url\":\"https:\\\/\\\/groupe-reussite.fr\\\/ressources\\\/cp-francais-parcours-associe-le-rouge-et-le-noir\\\/\",\"name\":\"Le rouge et le noir : analyse des personnages bac de fran\u00e7ais\",\"isPartOf\":{\"@id\":\"https:\\\/\\\/groupe-reussite.fr\\\/ressources\\\/#website\"},\"primaryImageOfPage\":{\"@id\":\"https:\\\/\\\/groupe-reussite.fr\\\/ressources\\\/cp-francais-parcours-associe-le-rouge-et-le-noir\\\/#primaryimage\"},\"image\":{\"@id\":\"https:\\\/\\\/groupe-reussite.fr\\\/ressources\\\/cp-francais-parcours-associe-le-rouge-et-le-noir\\\/#primaryimage\"},\"thumbnailUrl\":\"https:\\\/\\\/groupe-reussite.fr\\\/ressources\\\/wp-content\\\/uploads\\\/2020\\\/03\\\/cours-particuliers.jpg\",\"datePublished\":\"2022-03-24T10:55:36+00:00\",\"dateModified\":\"2023-10-18T07:00:36+00:00\",\"description\":\"Le Rouge et le noir et son parcours associ\u00e9 : le personnage de roman, esth\u00e9tique et valeurs. Analyse des personnages et citations. Exercice corrig\u00e9.\",\"breadcrumb\":{\"@id\":\"https:\\\/\\\/groupe-reussite.fr\\\/ressources\\\/cp-francais-parcours-associe-le-rouge-et-le-noir\\\/#breadcrumb\"},\"inLanguage\":\"fr-FR\",\"potentialAction\":[{\"@type\":\"ReadAction\",\"target\":[\"https:\\\/\\\/groupe-reussite.fr\\\/ressources\\\/cp-francais-parcours-associe-le-rouge-et-le-noir\\\/\"]}]},{\"@type\":\"ImageObject\",\"inLanguage\":\"fr-FR\",\"@id\":\"https:\\\/\\\/groupe-reussite.fr\\\/ressources\\\/cp-francais-parcours-associe-le-rouge-et-le-noir\\\/#primaryimage\",\"url\":\"https:\\\/\\\/groupe-reussite.fr\\\/ressources\\\/wp-content\\\/uploads\\\/2020\\\/03\\\/cours-particuliers.jpg\",\"contentUrl\":\"https:\\\/\\\/groupe-reussite.fr\\\/ressources\\\/wp-content\\\/uploads\\\/2020\\\/03\\\/cours-particuliers.jpg\",\"width\":300,\"height\":210,\"caption\":\"cours-particulier-paris\"},{\"@type\":\"BreadcrumbList\",\"@id\":\"https:\\\/\\\/groupe-reussite.fr\\\/ressources\\\/cp-francais-parcours-associe-le-rouge-et-le-noir\\\/#breadcrumb\",\"itemListElement\":[{\"@type\":\"ListItem\",\"position\":1,\"name\":\"Accueil\",\"item\":\"https:\\\/\\\/groupe-reussite.fr\\\/ressources\\\/\"},{\"@type\":\"ListItem\",\"position\":2,\"name\":\"Le rouge et le noir : analyse des personnages bac de fran\u00e7ais\"}]},{\"@type\":\"WebSite\",\"@id\":\"https:\\\/\\\/groupe-reussite.fr\\\/ressources\\\/#website\",\"url\":\"https:\\\/\\\/groupe-reussite.fr\\\/ressources\\\/\",\"name\":\"Groupe R\u00e9ussite - Cours particuliers et stages de vacances\",\"description\":\"Stage et Cours particuliers maths, fran\u00e7ais, anglais, informatique, physique chimie\",\"publisher\":{\"@id\":\"https:\\\/\\\/groupe-reussite.fr\\\/ressources\\\/#organization\"},\"potentialAction\":[{\"@type\":\"SearchAction\",\"target\":{\"@type\":\"EntryPoint\",\"urlTemplate\":\"https:\\\/\\\/groupe-reussite.fr\\\/ressources\\\/?s={search_term_string}\"},\"query-input\":{\"@type\":\"PropertyValueSpecification\",\"valueRequired\":true,\"valueName\":\"search_term_string\"}}],\"inLanguage\":\"fr-FR\"},{\"@type\":\"Organization\",\"@id\":\"https:\\\/\\\/groupe-reussite.fr\\\/ressources\\\/#organization\",\"name\":\"Groupe R\u00e9ussite - Cours particuliers et stages de vacances\",\"url\":\"https:\\\/\\\/groupe-reussite.fr\\\/ressources\\\/\",\"logo\":{\"@type\":\"ImageObject\",\"inLanguage\":\"fr-FR\",\"@id\":\"https:\\\/\\\/groupe-reussite.fr\\\/ressources\\\/#\\\/schema\\\/logo\\\/image\\\/\",\"url\":\"https:\\\/\\\/groupe-reussite.fr\\\/ressources\\\/wp-content\\\/uploads\\\/2026\\\/05\\\/logo-groupe-reussite-carre.png\",\"contentUrl\":\"https:\\\/\\\/groupe-reussite.fr\\\/ressources\\\/wp-content\\\/uploads\\\/2026\\\/05\\\/logo-groupe-reussite-carre.png\",\"width\":170,\"height\":180,\"caption\":\"Groupe R\u00e9ussite - Cours particuliers et stages de vacances\"},\"image\":{\"@id\":\"https:\\\/\\\/groupe-reussite.fr\\\/ressources\\\/#\\\/schema\\\/logo\\\/image\\\/\"},\"sameAs\":[\"https:\\\/\\\/www.facebook.com\\\/GroupeReussiteOfficiel\\\/\",\"https:\\\/\\\/x.com\\\/GroupeReussite\",\"https:\\\/\\\/www.youtube.com\\\/c\\\/GroupeReussite\",\"https:\\\/\\\/www.instagram.com\\\/groupe_reussite_officiel\\\/\",\"https:\\\/\\\/fr.linkedin.com\\\/company\\\/groupe-reussite\",\"https:\\\/\\\/www.tiktok.com\\\/@groupereussite\",\"https:\\\/\\\/fr.pinterest.com\\\/GroupeReussite\\\/\",\"https:\\\/\\\/www.reddit.com\\\/user\\\/Groupe-Reussite\\\/\"]}]}<\/script>\n<!-- \/ Yoast SEO plugin. -->","yoast_head_json":{"title":"Le rouge et le noir : analyse des personnages bac de fran\u00e7ais","description":"Le Rouge et le noir et son parcours associ\u00e9 : le personnage de roman, esth\u00e9tique et valeurs. Analyse des personnages et citations. Exercice corrig\u00e9.","robots":{"index":"index","follow":"follow","max-snippet":"max-snippet:-1","max-image-preview":"max-image-preview:large","max-video-preview":"max-video-preview:-1"},"canonical":"https:\/\/groupe-reussite.fr\/ressources\/cp-francais-parcours-associe-le-rouge-et-le-noir\/","og_locale":"fr_FR","og_type":"article","og_title":"Le rouge et le noir : analyse des personnages bac de fran\u00e7ais","og_description":"Le Rouge et le noir et son parcours associ\u00e9 : le personnage de roman, esth\u00e9tique et valeurs. Analyse des personnages et citations. Exercice corrig\u00e9.","og_url":"https:\/\/groupe-reussite.fr\/ressources\/cp-francais-parcours-associe-le-rouge-et-le-noir\/","og_site_name":"Groupe R\u00e9ussite","article_publisher":"https:\/\/www.facebook.com\/GroupeReussiteOfficiel\/","article_modified_time":"2023-10-18T07:00:36+00:00","og_image":[{"url":"https:\/\/groupe-reussite.fr\/ressources\/wp-content\/uploads\/2020\/03\/cours-particuliers.jpg","type":"","width":"","height":""}],"twitter_card":"summary_large_image","twitter_site":"@GroupeReussite","twitter_misc":{"Dur\u00e9e de lecture estim\u00e9e":"27 minutes"},"schema":{"@context":"https:\/\/schema.org","@graph":[{"@type":"WebPage","@id":"https:\/\/groupe-reussite.fr\/ressources\/cp-francais-parcours-associe-le-rouge-et-le-noir\/","url":"https:\/\/groupe-reussite.fr\/ressources\/cp-francais-parcours-associe-le-rouge-et-le-noir\/","name":"Le rouge et le noir : analyse des personnages bac de fran\u00e7ais","isPartOf":{"@id":"https:\/\/groupe-reussite.fr\/ressources\/#website"},"primaryImageOfPage":{"@id":"https:\/\/groupe-reussite.fr\/ressources\/cp-francais-parcours-associe-le-rouge-et-le-noir\/#primaryimage"},"image":{"@id":"https:\/\/groupe-reussite.fr\/ressources\/cp-francais-parcours-associe-le-rouge-et-le-noir\/#primaryimage"},"thumbnailUrl":"https:\/\/groupe-reussite.fr\/ressources\/wp-content\/uploads\/2020\/03\/cours-particuliers.jpg","datePublished":"2022-03-24T10:55:36+00:00","dateModified":"2023-10-18T07:00:36+00:00","description":"Le Rouge et le noir et son parcours associ\u00e9 : le personnage de roman, esth\u00e9tique et valeurs. Analyse des personnages et citations. Exercice corrig\u00e9.","breadcrumb":{"@id":"https:\/\/groupe-reussite.fr\/ressources\/cp-francais-parcours-associe-le-rouge-et-le-noir\/#breadcrumb"},"inLanguage":"fr-FR","potentialAction":[{"@type":"ReadAction","target":["https:\/\/groupe-reussite.fr\/ressources\/cp-francais-parcours-associe-le-rouge-et-le-noir\/"]}]},{"@type":"ImageObject","inLanguage":"fr-FR","@id":"https:\/\/groupe-reussite.fr\/ressources\/cp-francais-parcours-associe-le-rouge-et-le-noir\/#primaryimage","url":"https:\/\/groupe-reussite.fr\/ressources\/wp-content\/uploads\/2020\/03\/cours-particuliers.jpg","contentUrl":"https:\/\/groupe-reussite.fr\/ressources\/wp-content\/uploads\/2020\/03\/cours-particuliers.jpg","width":300,"height":210,"caption":"cours-particulier-paris"},{"@type":"BreadcrumbList","@id":"https:\/\/groupe-reussite.fr\/ressources\/cp-francais-parcours-associe-le-rouge-et-le-noir\/#breadcrumb","itemListElement":[{"@type":"ListItem","position":1,"name":"Accueil","item":"https:\/\/groupe-reussite.fr\/ressources\/"},{"@type":"ListItem","position":2,"name":"Le rouge et le noir : analyse des personnages bac de fran\u00e7ais"}]},{"@type":"WebSite","@id":"https:\/\/groupe-reussite.fr\/ressources\/#website","url":"https:\/\/groupe-reussite.fr\/ressources\/","name":"Groupe R\u00e9ussite - Cours particuliers et stages de vacances","description":"Stage et Cours particuliers maths, fran\u00e7ais, anglais, informatique, physique chimie","publisher":{"@id":"https:\/\/groupe-reussite.fr\/ressources\/#organization"},"potentialAction":[{"@type":"SearchAction","target":{"@type":"EntryPoint","urlTemplate":"https:\/\/groupe-reussite.fr\/ressources\/?s={search_term_string}"},"query-input":{"@type":"PropertyValueSpecification","valueRequired":true,"valueName":"search_term_string"}}],"inLanguage":"fr-FR"},{"@type":"Organization","@id":"https:\/\/groupe-reussite.fr\/ressources\/#organization","name":"Groupe R\u00e9ussite - Cours particuliers et stages de vacances","url":"https:\/\/groupe-reussite.fr\/ressources\/","logo":{"@type":"ImageObject","inLanguage":"fr-FR","@id":"https:\/\/groupe-reussite.fr\/ressources\/#\/schema\/logo\/image\/","url":"https:\/\/groupe-reussite.fr\/ressources\/wp-content\/uploads\/2026\/05\/logo-groupe-reussite-carre.png","contentUrl":"https:\/\/groupe-reussite.fr\/ressources\/wp-content\/uploads\/2026\/05\/logo-groupe-reussite-carre.png","width":170,"height":180,"caption":"Groupe R\u00e9ussite - Cours particuliers et stages de vacances"},"image":{"@id":"https:\/\/groupe-reussite.fr\/ressources\/#\/schema\/logo\/image\/"},"sameAs":["https:\/\/www.facebook.com\/GroupeReussiteOfficiel\/","https:\/\/x.com\/GroupeReussite","https:\/\/www.youtube.com\/c\/GroupeReussite","https:\/\/www.instagram.com\/groupe_reussite_officiel\/","https:\/\/fr.linkedin.com\/company\/groupe-reussite","https:\/\/www.tiktok.com\/@groupereussite","https:\/\/fr.pinterest.com\/GroupeReussite\/","https:\/\/www.reddit.com\/user\/Groupe-Reussite\/"]}]}},"_links":{"self":[{"href":"https:\/\/groupe-reussite.fr\/ressources\/wp-json\/wp\/v2\/pages\/154008","targetHints":{"allow":["GET"]}}],"collection":[{"href":"https:\/\/groupe-reussite.fr\/ressources\/wp-json\/wp\/v2\/pages"}],"about":[{"href":"https:\/\/groupe-reussite.fr\/ressources\/wp-json\/wp\/v2\/types\/page"}],"author":[{"embeddable":true,"href":"https:\/\/groupe-reussite.fr\/ressources\/wp-json\/wp\/v2\/users\/6"}],"replies":[{"embeddable":true,"href":"https:\/\/groupe-reussite.fr\/ressources\/wp-json\/wp\/v2\/comments?post=154008"}],"version-history":[{"count":3,"href":"https:\/\/groupe-reussite.fr\/ressources\/wp-json\/wp\/v2\/pages\/154008\/revisions"}],"predecessor-version":[{"id":192218,"href":"https:\/\/groupe-reussite.fr\/ressources\/wp-json\/wp\/v2\/pages\/154008\/revisions\/192218"}],"wp:attachment":[{"href":"https:\/\/groupe-reussite.fr\/ressources\/wp-json\/wp\/v2\/media?parent=154008"}],"curies":[{"name":"wp","href":"https:\/\/api.w.org\/{rel}","templated":true}]}}