{"id":154237,"date":"2022-03-24T11:37:05","date_gmt":"2022-03-24T10:37:05","guid":{"rendered":"https:\/\/groupe-reussite.fr\/?page_id=154237"},"modified":"2024-10-30T08:54:46","modified_gmt":"2024-10-30T07:54:46","slug":"cp-francais-parcours-associe-le-malade-imaginaire","status":"publish","type":"page","link":"https:\/\/groupe-reussite.fr\/ressources\/cp-francais-parcours-associe-le-malade-imaginaire\/","title":{"rendered":"Le Malade imaginaire et son parcours associ\u00e9 au bac de fran\u00e7ais"},"content":{"rendered":"\t\t<div data-elementor-type=\"wp-page\" data-elementor-id=\"154237\" class=\"elementor elementor-154237\">\n\t\t\t\t\t\t<div class=\"elementor-inner\">\n\t\t\t\t<div class=\"elementor-section-wrap\">\n\t\t\t\t\t\t\t\n\t\t<script type=\"text\/javascript\">\n\t\t\tjQuery(document).ready(function() {\n\n\t\t\t\tjQuery(\".elementor-element-6fe69c56\").prepend('<div class=\"aepro-section-bs\"><div class=\"aepro-section-bs-inner\"><\/div><\/div>');\n\t\t\t\tvar bgimage = '';\n\t\t\t\tif ('yes' == 'yes') {\n\n\t\t\t\t\t\/\/if(bgimage == ''){\n\t\t\t\t\t\/\/    var bgoverlay = '';\n\t\t\t\t\t\/\/}else{\n\t\t\t\t\tvar bgoverlay = 'https:\/\/groupe-reussite.fr\/ressources\/wp-content\/plugins\/anywhere-elementor-pro\/includes\/assets\/lib\/vegas\/overlays\/00.png';\n\t\t\t\t\t\/\/ }\n\t\t\t\t} else {\n\t\t\t\t\tif ('') {\n\t\t\t\t\t\tvar bgoverlay = 'https:\/\/groupe-reussite.fr\/ressources\/wp-content\/plugins\/anywhere-elementor-pro\/includes\/assets\/lib\/vegas\/overlays\/.png';\n\t\t\t\t\t} else {\n\t\t\t\t\t\tvar bgoverlay = 'https:\/\/groupe-reussite.fr\/ressources\/wp-content\/plugins\/anywhere-elementor-pro\/includes\/assets\/lib\/vegas\/overlays\/00.png';\n\t\t\t\t\t}\n\t\t\t\t}\n\n\n\t\t\t\tjQuery(\".elementor-element-6fe69c56\").children('.aepro-section-bs').children('.aepro-section-bs-inner').vegas({\n\t\t\t\t\tslides: [{\"src\":\"https:\\\/\\\/groupe-reussite.fr\\\/ressources\\\/wp-content\\\/uploads\\\/2017\\\/11\\\/stage-maths-sup-spe-banniere-3.jpg\"}],\n\t\t\t\t\ttransition: 'fade',\n\t\t\t\t\tanimation: 'kenburns',\n\t\t\t\t\toverlay: bgoverlay,\n\t\t\t\t\tcover: true,\n\t\t\t\t\tdelay: 5000,\n\t\t\t\t\ttimer: true\t\t\t\t});\n\t\t\t\tif ('yes' == 'yes') {\n\t\t\t\t\tjQuery(\".elementor-element-6fe69c56\").children('.aepro-section-bs').children('.aepro-section-bs-inner').children('.vegas-overlay').css('background-image', '');\n\t\t\t\t}\n\t\t\t});\n\t\t<\/script>\n\t\t\t\t<section class=\"has_ae_slider elementor-section elementor-top-section elementor-element elementor-element-6fe69c56 elementor-section-stretched elementor-section-boxed elementor-section-height-default elementor-section-height-default ae-bg-gallery-type-default\" data-id=\"6fe69c56\" data-element_type=\"section\" id=\"header_height\" data-settings=\"{&quot;stretch_section&quot;:&quot;section-stretched&quot;,&quot;background_background&quot;:&quot;classic&quot;}\">\n\t\t\t\t\t\t<div class=\"elementor-container elementor-column-gap-default\">\n\t\t\t\t\t\t\t<div class=\"elementor-row\">\n\t\t\t\t\t<div class=\"has_ae_slider elementor-column elementor-col-100 elementor-top-column elementor-element elementor-element-75db7b60 ae-bg-gallery-type-default\" data-id=\"75db7b60\" data-element_type=\"column\">\n\t\t\t<div class=\"elementor-column-wrap elementor-element-populated\">\n\t\t\t\t\t\t\t<div class=\"elementor-widget-wrap\">\n\t\t\t\t\t\t<div class=\"elementor-element elementor-element-711e6392 elementor-widget elementor-widget-heading\" data-id=\"711e6392\" data-element_type=\"widget\" data-widget_type=\"heading.default\">\n\t\t\t\t<div class=\"elementor-widget-container\">\n\t\t\t<h1 class=\"elementor-heading-title elementor-size-default\">Le Malade imaginaire et son parcours associ\u00e9 au bac de fran\u00e7ais <\/h1>\t\t<\/div>\n\t\t\t\t<\/div>\n\t\t\t\t<div class=\"elementor-element elementor-element-3a6c4711 elementor-widget elementor-widget-heading\" data-id=\"3a6c4711\" data-element_type=\"widget\" data-widget_type=\"heading.default\">\n\t\t\t\t<div class=\"elementor-widget-container\">\n\t\t\t<h2 class=\"elementor-heading-title elementor-size-default\">Parcours associ\u00e9 malade imaginaire : spectacle et com\u00e9die<\/h2>\t\t<\/div>\n\t\t\t\t<\/div>\n\t\t\t\t<div class=\"elementor-element elementor-element-317fa871 elementor-widget elementor-widget-text-editor\" data-id=\"317fa871\" data-element_type=\"widget\" data-widget_type=\"text-editor.default\">\n\t\t\t\t<div class=\"elementor-widget-container\">\n\t\t\t\t\t\t\t\t<div class=\"elementor-text-editor elementor-clearfix\">\n\t\t\t\t<p style=\"text-align: justify\">\t\t<div data-elementor-type=\"section\" data-elementor-id=\"112233\" class=\"elementor elementor-112233\">\n\t\t\t\t\t<div class=\"elementor-section-wrap\">\n\t\t\t\t\t\t\t\t<section class=\"has_ae_slider elementor-section elementor-inner-section elementor-element elementor-element-2753c5f2 elementor-section-content-bottom elementor-section-full_width elementor-section-height-min-height elementor-section-height-default ae-bg-gallery-type-default\" data-id=\"2753c5f2\" data-element_type=\"section\">\n\t\t\t\t\t\t<div class=\"elementor-container elementor-column-gap-default\">\n\t\t\t\t\t\t\t<div class=\"elementor-row\">\n\t\t\t\t\t<div class=\"has_ae_slider elementor-column elementor-col-100 elementor-inner-column elementor-element elementor-element-27ee3c1b ae-bg-gallery-type-default\" data-id=\"27ee3c1b\" data-element_type=\"column\">\n\t\t\t<div class=\"elementor-column-wrap elementor-element-populated\">\n\t\t\t\t\t\t\t<div class=\"elementor-widget-wrap\">\n\t\t\t\t\t\t<div class=\"elementor-element elementor-element-4c70fc7d elementor-align-center elementor-widget elementor-widget-button\" data-id=\"4c70fc7d\" data-element_type=\"widget\" data-widget_type=\"button.default\">\n\t\t\t\t<div class=\"elementor-widget-container\">\n\t\t\t\t\t<div class=\"elementor-button-wrapper\">\n\t\t\t<a href=\"https:\/\/groupe-reussite.fr\/cours-particuliers\/francais\/tous-niveaux\/france\/\" target=\"_blank\" class=\"elementor-button-link elementor-button elementor-size-md elementor-animation-grow\" role=\"button\">\n\t\t\t\t\t\t<span class=\"elementor-button-content-wrapper\">\n\t\t\t\t\t\t\t<span class=\"elementor-button-icon elementor-align-icon-right\">\n\t\t\t\t<i aria-hidden=\"true\" class=\"fas fa-bookmark\"><\/i>\t\t\t<\/span>\n\t\t\t\t\t\t<span class=\"elementor-button-text\">Trouver des professeurs particuliers de fran\u00e7ais<\/span>\n\t\t<\/span>\n\t\t\t\t\t<\/a>\n\t\t<\/div>\n\t\t\t\t<\/div>\n\t\t\t\t<\/div>\n\t\t\t\t\t\t<\/div>\n\t\t\t\t\t<\/div>\n\t\t<\/div>\n\t\t\t\t\t\t\t\t<\/div>\n\t\t\t\t\t<\/div>\n\t\t<\/section>\n\t\t\t\t\t\t\t<\/div>\n\t\t\t\t<\/div>\n\t\t<\/p>\t\t\t\t\t<\/div>\n\t\t\t\t\t\t<\/div>\n\t\t\t\t<\/div>\n\t\t\t\t\t\t<\/div>\n\t\t\t\t\t<\/div>\n\t\t<\/div>\n\t\t\t\t\t\t\t\t<\/div>\n\t\t\t\t\t<\/div>\n\t\t<\/section>\n\t\t\t\t<section class=\"has_ae_slider elementor-section elementor-top-section elementor-element elementor-element-2305ac68 elementor-section-full_width sticky_page elementor-section-height-default elementor-section-height-default ae-bg-gallery-type-default\" data-id=\"2305ac68\" data-element_type=\"section\">\n\t\t\t\t\t\t<div class=\"elementor-container elementor-column-gap-no\">\n\t\t\t\t\t\t\t<div class=\"elementor-row\">\n\t\t\t\t\t<div class=\"has_ae_slider elementor-column elementor-col-33 elementor-top-column elementor-element elementor-element-35198305 col_height ae-bg-gallery-type-default\" data-id=\"35198305\" data-element_type=\"column\" data-settings=\"{&quot;background_background&quot;:&quot;classic&quot;}\">\n\t\t\t<div class=\"elementor-column-wrap elementor-element-populated\">\n\t\t\t\t\t\t\t<div class=\"elementor-widget-wrap\">\n\t\t\t\t\t\t<section class=\"has_ae_slider elementor-section elementor-inner-section elementor-element elementor-element-2197c53 elementor-section-content-middle wrap elementor-section-boxed elementor-section-height-default elementor-section-height-default ae-bg-gallery-type-default\" data-id=\"2197c53\" data-element_type=\"section\" id=\"sticky_sidebar\">\n\t\t\t\t\t\t<div class=\"elementor-container elementor-column-gap-no\">\n\t\t\t\t\t\t\t<div class=\"elementor-row\">\n\t\t\t\t\t<div class=\"has_ae_slider elementor-column elementor-col-50 elementor-inner-column elementor-element elementor-element-6fbd9567 hide_col ae-bg-gallery-type-default\" data-id=\"6fbd9567\" data-element_type=\"column\">\n\t\t\t<div class=\"elementor-column-wrap\">\n\t\t\t\t\t\t\t<div class=\"elementor-widget-wrap\">\n\t\t\t\t\t\t\t\t<\/div>\n\t\t\t\t\t<\/div>\n\t\t<\/div>\n\t\t\t\t<div class=\"has_ae_slider elementor-column elementor-col-50 elementor-inner-column elementor-element elementor-element-6991ab73 strick_col ae-bg-gallery-type-default\" data-id=\"6991ab73\" data-element_type=\"column\" data-settings=\"{&quot;background_background&quot;:&quot;classic&quot;}\">\n\t\t\t<div class=\"elementor-column-wrap elementor-element-populated\">\n\t\t\t\t\t\t\t<div class=\"elementor-widget-wrap\">\n\t\t\t\t\t\t<div class=\"elementor-element elementor-element-5d48515d elementor-widget elementor-widget-image\" data-id=\"5d48515d\" data-element_type=\"widget\" data-widget_type=\"image.default\">\n\t\t\t\t<div class=\"elementor-widget-container\">\n\t\t\t\t\t\t\t\t<div class=\"elementor-image\">\n\t\t\t\t\t\t\t\t\t\t\t\t<img width=\"300\" height=\"210\" src=\"https:\/\/groupe-reussite.fr\/ressources\/wp-content\/uploads\/2020\/03\/cours-particuliers.jpg\" class=\"attachment-large size-large wp-image-44782\" alt=\"cours-particulier-paris\" loading=\"lazy\" \/>\t\t\t\t\t\t\t\t\t\t\t\t\t\t<\/div>\n\t\t\t\t\t\t<\/div>\n\t\t\t\t<\/div>\n\t\t\t\t<div class=\"elementor-element elementor-element-3b7cd6dc elementor-widget elementor-widget-heading\" data-id=\"3b7cd6dc\" data-element_type=\"widget\" id=\"cat_name\" data-widget_type=\"heading.default\">\n\t\t\t\t<div class=\"elementor-widget-container\">\n\t\t\t<h3 class=\"elementor-heading-title elementor-size-default\">cours particuliers<\/h3>\t\t<\/div>\n\t\t\t\t<\/div>\n\t\t\t\t<div class=\"elementor-element elementor-element-1849402b elementor-widget elementor-widget-heading\" data-id=\"1849402b\" data-element_type=\"widget\" data-widget_type=\"heading.default\">\n\t\t\t\t<div class=\"elementor-widget-container\">\n\t\t\t<h4 class=\"elementor-heading-title elementor-size-default\">cours particuliers de fran\u00e7ais<\/h4>\t\t<\/div>\n\t\t\t\t<\/div>\n\t\t\t\t<div class=\"elementor-element elementor-element-242132dc elementor-align-center elementor-widget elementor-widget-button\" data-id=\"242132dc\" data-element_type=\"widget\" data-widget_type=\"button.default\">\n\t\t\t\t<div class=\"elementor-widget-container\">\n\t\t\t\t\t<div class=\"elementor-button-wrapper\">\n\t\t\t<a href=\"https:\/\/groupe-reussite.fr\/cours-particuliers\/francais\/tous-niveaux\/france\/\" target=\"_blank\" class=\"elementor-button-link elementor-button elementor-size-sm\" role=\"button\">\n\t\t\t\t\t\t<span class=\"elementor-button-content-wrapper\">\n\t\t\t\t\t\t<span class=\"elementor-button-text\">r\u00e9server un cours particulier de fran\u00e7ais<\/span>\n\t\t<\/span>\n\t\t\t\t\t<\/a>\n\t\t<\/div>\n\t\t\t\t<\/div>\n\t\t\t\t<\/div>\n\t\t\t\t<div class=\"elementor-element elementor-element-db0b061 elementor-align-justify elementor-widget elementor-widget-button\" data-id=\"db0b061\" data-element_type=\"widget\" data-widget_type=\"button.default\">\n\t\t\t\t<div class=\"elementor-widget-container\">\n\t\t\t\t\t<div class=\"elementor-button-wrapper\">\n\t\t\t<a href=\"https:\/\/groupe-reussite.fr\/nous-contacter\/\" class=\"elementor-button-link elementor-button elementor-size-sm\" role=\"button\">\n\t\t\t\t\t\t<span class=\"elementor-button-content-wrapper\">\n\t\t\t\t\t\t<span class=\"elementor-button-text\">CONTACTEZ  NOUS<\/span>\n\t\t<\/span>\n\t\t\t\t\t<\/a>\n\t\t<\/div>\n\t\t\t\t<\/div>\n\t\t\t\t<\/div>\n\t\t\t\t\t\t<\/div>\n\t\t\t\t\t<\/div>\n\t\t<\/div>\n\t\t\t\t\t\t\t\t<\/div>\n\t\t\t\t\t<\/div>\n\t\t<\/section>\n\t\t\t\t\t\t<\/div>\n\t\t\t\t\t<\/div>\n\t\t<\/div>\n\t\t\t\t<div class=\"has_ae_slider elementor-column elementor-col-66 elementor-top-column elementor-element elementor-element-12987e37 section_width ae-bg-gallery-type-default\" data-id=\"12987e37\" data-element_type=\"column\">\n\t\t\t<div class=\"elementor-column-wrap elementor-element-populated\">\n\t\t\t\t\t\t\t<div class=\"elementor-widget-wrap\">\n\t\t\t\t\t\t<section class=\"has_ae_slider elementor-section elementor-inner-section elementor-element elementor-element-1e473da0 elementor-section-content-middle full_width elementor-section-boxed elementor-section-height-default elementor-section-height-default ae-bg-gallery-type-default\" data-id=\"1e473da0\" data-element_type=\"section\">\n\t\t\t\t\t\t<div class=\"elementor-container elementor-column-gap-no\">\n\t\t\t\t\t\t\t<div class=\"elementor-row\">\n\t\t\t\t\t<div class=\"has_ae_slider elementor-column elementor-col-100 elementor-inner-column elementor-element elementor-element-240e788 ae-bg-gallery-type-default\" data-id=\"240e788\" data-element_type=\"column\">\n\t\t\t<div class=\"elementor-column-wrap elementor-element-populated\">\n\t\t\t\t\t\t\t<div class=\"elementor-widget-wrap\">\n\t\t\t\t\t\t<div class=\"elementor-element elementor-element-47c485af elementor-widget elementor-widget-text-editor\" data-id=\"47c485af\" data-element_type=\"widget\" data-widget_type=\"text-editor.default\">\n\t\t\t\t<div class=\"elementor-widget-container\">\n\t\t\t\t\t\t\t\t<div class=\"elementor-text-editor elementor-clearfix\">\n\t\t\t\t<h2>La com\u00e9die du Malade imaginaire par Moli\u00e8re<\/h2>\t\t\t\t\t<\/div>\n\t\t\t\t\t\t<\/div>\n\t\t\t\t<\/div>\n\t\t\t\t<div class=\"elementor-element elementor-element-180d4d0 elementor-widget elementor-widget-text-editor\" data-id=\"180d4d0\" data-element_type=\"widget\" data-widget_type=\"text-editor.default\">\n\t\t\t\t<div class=\"elementor-widget-container\">\n\t\t\t\t\t\t\t\t<div class=\"elementor-text-editor elementor-clearfix\">\n\t\t\t\t<p style=\"text-align: justify\">Jou\u00e9e pour la premi\u00e8re fois en 1673, Le Malade imaginaire est la <strong>derni\u00e8re com\u00e9die<\/strong> du c\u00e9l\u00e8bre dramaturge Jean-Baptiste Poquelin, mieux connu sous le nom de <strong>Moli\u00e8re<\/strong>. \u00c2ge de 51 ans, il mourra apr\u00e8s la quatri\u00e8me repr\u00e9sentation d\u2019une <strong>maladie pulmonaire<\/strong>. Pour autant, le Malade imaginaire n\u2019est pas une \u0153uvre qui se veut sombre ou triste. Au contraire, c\u2019est une <strong>\u0153uvre joyeuse<\/strong> dans laquelle on rit, mais aussi on chante et on danse. C\u2019est donc bien un spectacle complet que Moli\u00e8re nous offre pour sa derni\u00e8re com\u00e9die.\u00a0<\/p><p style=\"text-align: justify\">Le Malade imaginaire est au programme des <a href=\"https:\/\/groupe-reussite.fr\/ressources\/cp-tout-savoir-sur-les-cours-de-francais-au-lycee\/\">cours de fran\u00e7ais au lyc\u00e9e<\/a>, tout comme les Fleurs du mal ou encore le Rouge et le Noir. Ce parcours associ\u00e9 vous sera d&rsquo;une aide pr\u00e9cieuse pour vos dissertations sur \u0153uvre sur le Malade Imaginaire. Si vous cherchez \u00e0 approfondir votre compr\u00e9hension de ces \u0153uvres ou \u00e0 am\u00e9liorer votre niveau en analyse litt\u00e9raire, envisager un <a href=\"https:\/\/groupe-reussite.fr\/cours-particuliers\/francais\/tous-niveaux\/france\/\">prof de fran\u00e7ais<\/a> peut \u00eatre un moyen efficace d&rsquo;obtenir un soutien personnalis\u00e9 et des conseils adapt\u00e9s \u00e0 vos besoins.\u00a0<\/p><p style=\"text-align: justify\">Lire aussi : le <a href=\"https:\/\/groupe-reussite.fr\/ressources\/cp-tout-savoir-sur-le-theatre-au-bac-de-francais\/\">th\u00e9\u00e2tre au bac de fran\u00e7ais<\/a> et la <a href=\"https:\/\/groupe-reussite.fr\/ressources\/cp-tout-savoir-sur-la-poesie-au-bac-de-francais\/\">po\u00e9sie au bac de fran\u00e7ais<\/a>.<\/p><p>\t\t<div data-elementor-type=\"section\" data-elementor-id=\"190579\" class=\"elementor elementor-190579\">\n\t\t\t\t\t<div class=\"elementor-section-wrap\">\n\t\t\t\t\t\t\t\t<section class=\"has_ae_slider elementor-section elementor-inner-section elementor-element elementor-element-63254dde elementor-section-content-bottom full_width elementor-section-full_width elementor-section-height-min-height elementor-section-height-default ae-bg-gallery-type-default\" data-id=\"63254dde\" data-element_type=\"section\" data-settings=\"{&quot;background_background&quot;:&quot;classic&quot;}\">\n\t\t\t\t\t\t<div class=\"elementor-container elementor-column-gap-narrow\">\n\t\t\t\t\t\t\t<div class=\"elementor-row\">\n\t\t\t\t\t<div class=\"has_ae_slider elementor-column elementor-col-66 elementor-inner-column elementor-element elementor-element-6277b1a4 ae-bg-gallery-type-default\" data-id=\"6277b1a4\" data-element_type=\"column\">\n\t\t\t<div class=\"elementor-column-wrap elementor-element-populated\">\n\t\t\t\t\t\t\t<div class=\"elementor-widget-wrap\">\n\t\t\t\t\t\t<div class=\"elementor-element elementor-element-5552ad92 elementor-widget elementor-widget-heading\" data-id=\"5552ad92\" data-element_type=\"widget\" data-widget_type=\"heading.default\">\n\t\t\t\t<div class=\"elementor-widget-container\">\n\t\t\t<h3 class=\"elementor-heading-title elementor-size-default\">COURS DE FRANCAIS<\/h3>\t\t<\/div>\n\t\t\t\t<\/div>\n\t\t\t\t<div class=\"elementor-element elementor-element-537cab81 elementor-widget elementor-widget-heading\" data-id=\"537cab81\" data-element_type=\"widget\" data-widget_type=\"heading.default\">\n\t\t\t\t<div class=\"elementor-widget-container\">\n\t\t\t<h4 class=\"elementor-heading-title elementor-size-default\">Am\u00e9liorez vos r\u00e9sultats en francais<\/h4>\t\t<\/div>\n\t\t\t\t<\/div>\n\t\t\t\t<div class=\"elementor-element elementor-element-2d76009d elementor-widget elementor-widget-heading\" data-id=\"2d76009d\" data-element_type=\"widget\" data-widget_type=\"heading.default\">\n\t\t\t\t<div class=\"elementor-widget-container\">\n\t\t\t<h4 class=\"elementor-heading-title elementor-size-default\">Travailler la langue avec un prof qualifi\u00e9<\/h4>\t\t<\/div>\n\t\t\t\t<\/div>\n\t\t\t\t<div class=\"elementor-element elementor-element-6cad4814 elementor-align-left elementor-mobile-align-center elementor-widget elementor-widget-button\" data-id=\"6cad4814\" data-element_type=\"widget\" data-widget_type=\"button.default\">\n\t\t\t\t<div class=\"elementor-widget-container\">\n\t\t\t\t\t<div class=\"elementor-button-wrapper\">\n\t\t\t<a href=\"https:\/\/groupe-reussite.fr\/cours-particuliers\/francais\/tous-niveaux\/france\/\" target=\"_blank\" class=\"elementor-button-link elementor-button elementor-size-md\" role=\"button\" id=\"CTA_PRD_CP\">\n\t\t\t\t\t\t<span class=\"elementor-button-content-wrapper\">\n\t\t\t\t\t\t<span class=\"elementor-button-text\">Prof de fran\u00e7ais \u00e0 domicile<\/span>\n\t\t<\/span>\n\t\t\t\t\t<\/a>\n\t\t<\/div>\n\t\t\t\t<\/div>\n\t\t\t\t<\/div>\n\t\t\t\t<div class=\"elementor-element elementor-element-35cb707d elementor-widget elementor-widget-text-editor\" data-id=\"35cb707d\" data-element_type=\"widget\" data-widget_type=\"text-editor.default\">\n\t\t\t\t<div class=\"elementor-widget-container\">\n\t\t\t\t\t\t\t\t<div class=\"elementor-text-editor elementor-clearfix\">\n\t\t\t\t<p style=\"text-align: left\"><b>Avis Google France <\/b><span style=\"color: #e5a430\"><b>\u2605\u2605\u2605\u2605\u2605<\/b><\/span><b> 4,9 sur 5<\/b><\/p>\t\t\t\t\t<\/div>\n\t\t\t\t\t\t<\/div>\n\t\t\t\t<\/div>\n\t\t\t\t\t\t<\/div>\n\t\t\t\t\t<\/div>\n\t\t<\/div>\n\t\t\t\t<div class=\"has_ae_slider elementor-column elementor-col-33 elementor-inner-column elementor-element elementor-element-337bb51e ae-bg-gallery-type-default\" data-id=\"337bb51e\" data-element_type=\"column\">\n\t\t\t<div class=\"elementor-column-wrap\">\n\t\t\t\t\t\t\t<div class=\"elementor-widget-wrap\">\n\t\t\t\t\t\t\t\t<\/div>\n\t\t\t\t\t<\/div>\n\t\t<\/div>\n\t\t\t\t\t\t\t\t<\/div>\n\t\t\t\t\t<\/div>\n\t\t<\/section>\n\t\t\t\t\t\t\t<\/div>\n\t\t\t\t<\/div>\n\t\t<\/p>\t\t\t\t\t<\/div>\n\t\t\t\t\t\t<\/div>\n\t\t\t\t<\/div>\n\t\t\t\t<div class=\"elementor-element elementor-element-2b94709 elementor-widget elementor-widget-text-editor\" data-id=\"2b94709\" data-element_type=\"widget\" data-widget_type=\"text-editor.default\">\n\t\t\t\t<div class=\"elementor-widget-container\">\n\t\t\t\t\t\t\t\t<div class=\"elementor-text-editor elementor-clearfix\">\n\t\t\t\t<h2>L\u2019histoire de la com\u00e9die au bac de fran\u00e7ais<\/h2>\t\t\t\t\t<\/div>\n\t\t\t\t\t\t<\/div>\n\t\t\t\t<\/div>\n\t\t\t\t<div class=\"elementor-element elementor-element-33eaed0 elementor-widget elementor-widget-text-editor\" data-id=\"33eaed0\" data-element_type=\"widget\" data-widget_type=\"text-editor.default\">\n\t\t\t\t<div class=\"elementor-widget-container\">\n\t\t\t\t\t\t\t\t<div class=\"elementor-text-editor elementor-clearfix\">\n\t\t\t\t<p>La com\u00e9die est un<strong> genre ancien<\/strong> qui date de l\u2019Antiquit\u00e9. \u00c0 cette \u00e9poque, elle est d\u00e9j\u00e0 oppos\u00e9e \u00e0 la <strong>trag\u00e9die<\/strong>, \u00e0 l\u2019aune de laquelle elle est consid\u00e9r\u00e9e comme un genre mineur. En effet, elle ne met pas en sc\u00e8ne des <strong>personnages nobles<\/strong>, mais se moque des hommes ordinaires et de leurs d\u00e9fauts. Aristote la d\u00e9finit notamment comme \u201cune imitation d\u2019hommes sans grande vertu\u201d.<\/p><p>Au Moyen-\u00e2ge, la com\u00e9die se r\u00e9duit principalement \u00e0 la farce, une <strong>courte pi\u00e8ce \u00e0 vis\u00e9e satirique<\/strong>. Cette derni\u00e8re met en sc\u00e8ne des <strong>personnages populaires et caricaturaux<\/strong>, comme le paysan, le mari et la femme, ou encore le cur\u00e9. Elle repose principalement sur un comique grossier et des renversements de situation.<\/p><p>Au XVI\u1d49 si\u00e8cle, la com\u00e9die s\u2019illustre particuli\u00e8rement en Italie avec la <strong><em>commedia dell\u2019arte<\/em><\/strong>. Cette derni\u00e8re utilise \u00e9galement des <strong>personnages st\u00e9r\u00e9otyp\u00e9s<\/strong>, comme les valets (Arlequin, Scapin, Polichinelle\u2026), les vieillards avaricieux ou les jeunes amoureux. L\u2019intrigue quant \u00e0 elle consiste \u00e0 <strong>improviser sur des canevas d\u2019action<\/strong> pr\u00e9con\u00e7us et entrecoup\u00e9s de plaisanteries grotesques qui n\u2019ont aucun lien avec l\u2019intrigue.<\/p><p>Au d\u00e9but du XVII\u1d49 si\u00e8cle, en France, la com\u00e9die est pourtant sur le <strong>d\u00e9clin<\/strong>, faute de se moderniser. Il faudra attendre les <strong>premi\u00e8res com\u00e9dies de Corneille<\/strong> dans les ann\u00e9es 1630 pour que le genre se d\u00e9veloppe \u00e0 nouveau. Dans ses pi\u00e8ces, Moli\u00e8re reprend des traits propres \u00e0 la farce et \u00e0 la <em><strong>commedia dell\u2019arte<\/strong><\/em> mais toujours en les renouvelant et en d\u00e9passant les simples st\u00e9r\u00e9otypes ou le seul recours au<strong> burlesque<\/strong>. En outre, il dote la com\u00e9die d\u2019une d<strong>imension morale<\/strong> : celle-ci ne doit plus seulement divertir, mais elle doit aussi \u201cplaire et instruire\u201d. Il conf\u00e8re ainsi \u00e0 la com\u00e9die un statut aussi digne que celui de la trag\u00e9die. D\u2019ailleurs, certaines de ses pi\u00e8ces sont \u00e9crites en <strong>alexandrins<\/strong> afin de ne plus \u00eatre associ\u00e9 \u00e0 un genre mineur. On parle alors de \u201cla grande com\u00e9die\u201d.<\/p><p>Apr\u00e8s Moli\u00e8re, la com\u00e9die continue de se d\u00e9velopper : au XVIII\u1d49 si\u00e8cle, les auteurs comme <strong>Marivaux<\/strong> complexifient les intrigues amoureuses par des jeux de masques et de dupes, tandis que des auteurs comme <strong>Beaumarchais<\/strong> cr\u00e9ent des personnages de valet de plus en plus \u00e9labor\u00e9s. De plus, le th\u00e9\u00e2tre, et plus particuli\u00e8rement la com\u00e9die, devient aussi une tribune pour <strong>exposer les id\u00e9es des Lumi\u00e8res<\/strong>.<\/p><p>Enfin,<strong> le XIX\u00e8me si\u00e8cle et le XX\u00e8me si\u00e8cles<\/strong> sont des moments de mutations : les genres se m\u00e9langent et des \u00e9pisodes comiques peuvent survenir dans des<strong> pi\u00e8ces s\u00e9rieuses<\/strong>. De plus, des <strong>com\u00e9dies plus populaires<\/strong> comme le vaudeville ou le th\u00e9\u00e2tre de boulevard connaissent un grand succ\u00e8s.<\/p><p><strong>Lire aussi<\/strong> : la <a href=\"https:\/\/groupe-reussite.fr\/ressources\/cp-tout-savoir-sur-la-litterature-didees-au-bac-de-francais\/\">litt\u00e9rature d&rsquo;id\u00e9es au bac de fran\u00e7ais<\/a> et le <a href=\"https:\/\/groupe-reussite.fr\/ressources\/cp-tout-savoir-sur-le-roman-au-bac-de-francais\/\">roman au bac de fran\u00e7ais<\/a>.<\/p><p>\t\t<div data-elementor-type=\"section\" data-elementor-id=\"112233\" class=\"elementor elementor-112233\">\n\t\t\t\t\t<div class=\"elementor-section-wrap\">\n\t\t\t\t\t\t\t\t<section class=\"has_ae_slider elementor-section elementor-inner-section elementor-element elementor-element-2753c5f2 elementor-section-content-bottom elementor-section-full_width elementor-section-height-min-height elementor-section-height-default ae-bg-gallery-type-default\" data-id=\"2753c5f2\" data-element_type=\"section\">\n\t\t\t\t\t\t<div class=\"elementor-container elementor-column-gap-default\">\n\t\t\t\t\t\t\t<div class=\"elementor-row\">\n\t\t\t\t\t<div class=\"has_ae_slider elementor-column elementor-col-100 elementor-inner-column elementor-element elementor-element-27ee3c1b ae-bg-gallery-type-default\" data-id=\"27ee3c1b\" data-element_type=\"column\">\n\t\t\t<div class=\"elementor-column-wrap elementor-element-populated\">\n\t\t\t\t\t\t\t<div class=\"elementor-widget-wrap\">\n\t\t\t\t\t\t<div class=\"elementor-element elementor-element-4c70fc7d elementor-align-center elementor-widget elementor-widget-button\" data-id=\"4c70fc7d\" data-element_type=\"widget\" data-widget_type=\"button.default\">\n\t\t\t\t<div class=\"elementor-widget-container\">\n\t\t\t\t\t<div class=\"elementor-button-wrapper\">\n\t\t\t<a href=\"https:\/\/groupe-reussite.fr\/cours-particuliers\/francais\/tous-niveaux\/france\/\" target=\"_blank\" class=\"elementor-button-link elementor-button elementor-size-md elementor-animation-grow\" role=\"button\">\n\t\t\t\t\t\t<span class=\"elementor-button-content-wrapper\">\n\t\t\t\t\t\t\t<span class=\"elementor-button-icon elementor-align-icon-right\">\n\t\t\t\t<i aria-hidden=\"true\" class=\"fas fa-bookmark\"><\/i>\t\t\t<\/span>\n\t\t\t\t\t\t<span class=\"elementor-button-text\">Trouver des professeurs particuliers de fran\u00e7ais<\/span>\n\t\t<\/span>\n\t\t\t\t\t<\/a>\n\t\t<\/div>\n\t\t\t\t<\/div>\n\t\t\t\t<\/div>\n\t\t\t\t\t\t<\/div>\n\t\t\t\t\t<\/div>\n\t\t<\/div>\n\t\t\t\t\t\t\t\t<\/div>\n\t\t\t\t\t<\/div>\n\t\t<\/section>\n\t\t\t\t\t\t\t<\/div>\n\t\t\t\t<\/div>\n\t\t<\/p>\t\t\t\t\t<\/div>\n\t\t\t\t\t\t<\/div>\n\t\t\t\t<\/div>\n\t\t\t\t<div class=\"elementor-element elementor-element-e356d1c elementor-widget elementor-widget-text-editor\" data-id=\"e356d1c\" data-element_type=\"widget\" data-widget_type=\"text-editor.default\">\n\t\t\t\t<div class=\"elementor-widget-container\">\n\t\t\t\t\t\t\t\t<div class=\"elementor-text-editor elementor-clearfix\">\n\t\t\t\t<h2>Les diff\u00e9rents genres de com\u00e9die en fran\u00e7ais<\/h2>\t\t\t\t\t<\/div>\n\t\t\t\t\t\t<\/div>\n\t\t\t\t<\/div>\n\t\t\t\t<div class=\"elementor-element elementor-element-2f2f5c7 blacktitle elementor-widget elementor-widget-text-editor\" data-id=\"2f2f5c7\" data-element_type=\"widget\" data-widget_type=\"text-editor.default\">\n\t\t\t\t<div class=\"elementor-widget-container\">\n\t\t\t\t\t\t\t\t<div class=\"elementor-text-editor elementor-clearfix\">\n\t\t\t\t<h3>La com\u00e9die d\u2019intrigue<\/h3>\t\t\t\t\t<\/div>\n\t\t\t\t\t\t<\/div>\n\t\t\t\t<\/div>\n\t\t\t\t<div class=\"elementor-element elementor-element-3028b31 elementor-widget elementor-widget-text-editor\" data-id=\"3028b31\" data-element_type=\"widget\" data-widget_type=\"text-editor.default\">\n\t\t\t\t<div class=\"elementor-widget-container\">\n\t\t\t\t\t\t\t\t<div class=\"elementor-text-editor elementor-clearfix\">\n\t\t\t\t<p>Compos\u00e9e en<strong> trois actes<\/strong>, elle met en sc\u00e8ne des personnages st\u00e9r\u00e9otyp\u00e9s qui <strong>encha\u00eenent les p\u00e9rip\u00e9ties<\/strong>. Elle a souvent pour th\u00e8me l\u2019amour : des amoureux contrari\u00e9s doivent lever les obstacles qui s\u2019opposent \u00e0 leur union. Le <strong>d\u00e9nouement<\/strong> am\u00e8ne in\u00e9vitablement au mariage convoit\u00e9, souvent gr\u00e2ce \u00e0 l\u2019aide d\u2019adjuvants (principalement des valets rus\u00e9s) ou par une r\u00e9v\u00e9lation inattendue.<\/p><p>Exemple :<em> Les Fourberies de Scapin<\/em> de Moli\u00e8re, <em>Le Mariage de Figaro<\/em> de Beaumarchais.<\/p>\t\t\t\t\t<\/div>\n\t\t\t\t\t\t<\/div>\n\t\t\t\t<\/div>\n\t\t\t\t<div class=\"elementor-element elementor-element-831c019 blacktitle elementor-widget elementor-widget-text-editor\" data-id=\"831c019\" data-element_type=\"widget\" data-widget_type=\"text-editor.default\">\n\t\t\t\t<div class=\"elementor-widget-container\">\n\t\t\t\t\t\t\t\t<div class=\"elementor-text-editor elementor-clearfix\">\n\t\t\t\t<h3>La com\u00e9die de caract\u00e8re<\/h3>\t\t\t\t\t<\/div>\n\t\t\t\t\t\t<\/div>\n\t\t\t\t<\/div>\n\t\t\t\t<div class=\"elementor-element elementor-element-bb4f7a8 elementor-widget elementor-widget-text-editor\" data-id=\"bb4f7a8\" data-element_type=\"widget\" data-widget_type=\"text-editor.default\">\n\t\t\t\t<div class=\"elementor-widget-container\">\n\t\t\t\t\t\t\t\t<div class=\"elementor-text-editor elementor-clearfix\">\n\t\t\t\t<p>La com\u00e9die de caract\u00e8re se fonde sur le <strong>d\u00e9faut caract\u00e9ristique d\u2019un personnage caricatur\u00e9<\/strong> \u00e0 l\u2019extr\u00eame. Ainsi de l\u2019avarice, de la misanthropie ou de l\u2019hypocondrie. Par cons\u00e9quent, <strong>l\u2019intrigue<\/strong> est souvent mise au second plan, \u00e9clips\u00e9e par le <strong>personnage principal<\/strong>.<\/p><p>Exemple : <em>L\u2019avare<\/em> de Moli\u00e8re<\/p>\t\t\t\t\t<\/div>\n\t\t\t\t\t\t<\/div>\n\t\t\t\t<\/div>\n\t\t\t\t<div class=\"elementor-element elementor-element-94da99d blacktitle elementor-widget elementor-widget-text-editor\" data-id=\"94da99d\" data-element_type=\"widget\" data-widget_type=\"text-editor.default\">\n\t\t\t\t<div class=\"elementor-widget-container\">\n\t\t\t\t\t\t\t\t<div class=\"elementor-text-editor elementor-clearfix\">\n\t\t\t\t<h3>La com\u00e9die de moeurs<\/h3>\t\t\t\t\t<\/div>\n\t\t\t\t\t\t<\/div>\n\t\t\t\t<\/div>\n\t\t\t\t<div class=\"elementor-element elementor-element-97490ac elementor-widget elementor-widget-text-editor\" data-id=\"97490ac\" data-element_type=\"widget\" data-widget_type=\"text-editor.default\">\n\t\t\t\t<div class=\"elementor-widget-container\">\n\t\t\t\t\t\t\t\t<div class=\"elementor-text-editor elementor-clearfix\">\n\t\t\t\t<p>La com\u00e9die de m\u0153urs ne <strong>critique<\/strong> pas un personnage en particulier, mais bien <strong>la soci\u00e9t\u00e9<\/strong>, ou du moins une tendance, une classe, une profession de cette soci\u00e9t\u00e9. Elle se caract\u00e9rise par une <strong>dimension satirique<\/strong>.<\/p><p>Exemple : <em>Les pr\u00e9cieuses ridicules<\/em> de Moli\u00e8re.<\/p>\t\t\t\t\t<\/div>\n\t\t\t\t\t\t<\/div>\n\t\t\t\t<\/div>\n\t\t\t\t<div class=\"elementor-element elementor-element-6337756 elementor-widget elementor-widget-text-editor\" data-id=\"6337756\" data-element_type=\"widget\" data-widget_type=\"text-editor.default\">\n\t\t\t\t<div class=\"elementor-widget-container\">\n\t\t\t\t\t\t\t\t<div class=\"elementor-text-editor elementor-clearfix\">\n\t\t\t\t<h2>Le spectacle au XVII\u00e8me si\u00e8cle<\/h2>\t\t\t\t\t<\/div>\n\t\t\t\t\t\t<\/div>\n\t\t\t\t<\/div>\n\t\t\t\t<div class=\"elementor-element elementor-element-70fb436 elementor-widget elementor-widget-text-editor\" data-id=\"70fb436\" data-element_type=\"widget\" data-widget_type=\"text-editor.default\">\n\t\t\t\t<div class=\"elementor-widget-container\">\n\t\t\t\t\t\t\t\t<div class=\"elementor-text-editor elementor-clearfix\">\n\t\t\t\t<p>Au XVII\u1d49 si\u00e8cle, le th\u00e9\u00e2tre se place <strong>au c\u0153ur de la vie publique<\/strong>, mais aussi de la vie politique. Le cardinal de Richelieu pr\u00e9voit ainsi de subventionner des troupes officielles et Louis XIV cr\u00e9e <strong>la<\/strong> <strong>Com\u00e9die fran\u00e7aise en 1680<\/strong>.<\/p><p>Le <strong>Roi Soleil<\/strong> est notamment un grand amateur de spectacles et un <strong>passionn\u00e9 de danse<\/strong>. Ainsi les f\u00eates qu\u2019il organise mettent en sc\u00e8ne du th\u00e9\u00e2tre et des ballets, mais aussi des feux d\u2019artifices ou des carrousels. Elles deviennent de plus en plus <strong>grandioses<\/strong>.<\/p><p>Pour plaire au Roi, Moli\u00e8re d\u00e9cide alors de cr\u00e9er un spectacle total <strong>qui associerait le th\u00e9\u00e2tre \u00e0 la musique et \u00e0 la danse<\/strong>. Avec le compositeur de musique Jean-Baptiste Lully, il invente ainsi sa premi\u00e8re <strong>com\u00e9die-ballet<\/strong> en 1661 (Les F\u00e2cheux). Il en \u00e9crira treize autres et deviendra le fournisseur officiel des f\u00eates de <strong>la Cour<\/strong> en 1664.<\/p><p><em>Les <strong>repr\u00e9sentations th\u00e9\u00e2trales au XVII\u1d49 si\u00e8cle<\/strong> n\u2019\u00e9taient pas vraiment similaires \u00e0 celles du XXI\u1d49 si\u00e8cle. Dans la salle, il n\u2019y a pas de places assises : seuls ceux qui peuvent <strong>mettre le prix<\/strong> s\u2019installent dans des fauteuils \u00e0 m\u00eame la sc\u00e8ne. Le reste des spectateurs se r\u00e9partissent soit dans le parterre <strong>bruyant et chaotique<\/strong>, soit dans les loges et les galeries s\u2019ils sont un peu plus ais\u00e9s. Sur sc\u00e8ne, le d\u00e9cor est particuli\u00e8rement travaill\u00e9 et <strong>les costumes des com\u00e9diens<\/strong> sont r\u00e9alis\u00e9s dans des mati\u00e8res somptueuses. L\u2019\u00e9clairage est encore aux <strong>bougies<\/strong>, ce qui pose un probl\u00e8me puisqu\u2019il faut les moucher toutes les vingt minutes, mais aussi parce qu\u2019elles risquent d\u2019<strong>enflammer le d\u00e9cor<\/strong> ou les costumes. Enfin, le spectacle se passe sur sc\u00e8ne, mais aussi dans la salle : on vient au th\u00e9\u00e2tre pour voir ou \u00eatre vu.<\/em><\/p><p><strong>Lire aussi<\/strong> : la <a href=\"https:\/\/groupe-reussite.fr\/ressources\/cp-methode-dissertation-bac-francais\/\">m\u00e9thode de la dissertation au bac de fran\u00e7ais<\/a> et la <a href=\"https:\/\/groupe-reussite.fr\/ressources\/cp-methodologie-commentaire-de-texte\/\">m\u00e9thode du commentaire de texte au bac de fran\u00e7ais<\/a>.<\/p>\t\t\t\t\t<\/div>\n\t\t\t\t\t\t<\/div>\n\t\t\t\t<\/div>\n\t\t\t\t<div class=\"elementor-element elementor-element-470c182 elementor-widget elementor-widget-image\" data-id=\"470c182\" data-element_type=\"widget\" data-widget_type=\"image.default\">\n\t\t\t\t<div class=\"elementor-widget-container\">\n\t\t\t\t\t\t\t\t<div class=\"elementor-image\">\n\t\t\t\t\t\t\t\t\t\t\t\t<img width=\"300\" height=\"171\" src=\"https:\/\/groupe-reussite.fr\/ressources\/wp-content\/uploads\/2022\/03\/malade-imaginaire-bac-francais-300x171.jpg\" class=\"attachment-medium size-medium wp-image-154275\" alt=\"Le malade imaginaire au bac de francais\" loading=\"lazy\" srcset=\"https:\/\/groupe-reussite.fr\/ressources\/wp-content\/uploads\/2022\/03\/malade-imaginaire-bac-francais-300x171.jpg 300w, https:\/\/groupe-reussite.fr\/ressources\/wp-content\/uploads\/2022\/03\/malade-imaginaire-bac-francais.jpg 662w\" sizes=\"(max-width: 300px) 100vw, 300px\" \/>\t\t\t\t\t\t\t\t\t\t\t\t\t\t<\/div>\n\t\t\t\t\t\t<\/div>\n\t\t\t\t<\/div>\n\t\t\t\t<div class=\"elementor-element elementor-element-ace5183 elementor-widget elementor-widget-text-editor\" data-id=\"ace5183\" data-element_type=\"widget\" data-widget_type=\"text-editor.default\">\n\t\t\t\t<div class=\"elementor-widget-container\">\n\t\t\t\t\t\t\t\t<div class=\"elementor-text-editor elementor-clearfix\">\n\t\t\t\t<h2>Parcours spectacle et com\u00e9die dans l\u2019\u0153uvre au bac de fran\u00e7ais<\/h2>\t\t\t\t\t<\/div>\n\t\t\t\t\t\t<\/div>\n\t\t\t\t<\/div>\n\t\t\t\t<div class=\"elementor-element elementor-element-16bce88 blacktitle elementor-widget elementor-widget-text-editor\" data-id=\"16bce88\" data-element_type=\"widget\" data-widget_type=\"text-editor.default\">\n\t\t\t\t<div class=\"elementor-widget-container\">\n\t\t\t\t\t\t\t\t<div class=\"elementor-text-editor elementor-clearfix\">\n\t\t\t\t<h3>Une com\u00e9die originale<\/h3>\t\t\t\t\t<\/div>\n\t\t\t\t\t\t<\/div>\n\t\t\t\t<\/div>\n\t\t\t\t<div class=\"elementor-element elementor-element-fe6c02f elementor-widget elementor-widget-text-editor\" data-id=\"fe6c02f\" data-element_type=\"widget\" data-widget_type=\"text-editor.default\">\n\t\t\t\t<div class=\"elementor-widget-container\">\n\t\t\t\t\t\t\t\t<div class=\"elementor-text-editor elementor-clearfix\">\n\t\t\t\t<p>La seconde partie du XVII\u1d49 si\u00e8cle est marqu\u00e9e par<strong> le classicisme<\/strong>, un mouvement litt\u00e9raire qui imposait au th\u00e9\u00e2tre le respect d\u2019un certain nombre de r\u00e8gles comme<strong> la r\u00e8gle des trois unit\u00e9s<\/strong>, ou <strong>les r\u00e8gles de la biens\u00e9ance et de la vraisemblance<\/strong>. Si Moli\u00e8re les respecte dans quelques pi\u00e8ces, il prend aussi des <strong>libert\u00e9s<\/strong> dans plusieurs com\u00e9dies, et notamment dans <em>le Malade imaginaire<\/em>.<\/p>\t\t\t\t\t<\/div>\n\t\t\t\t\t\t<\/div>\n\t\t\t\t<\/div>\n\t\t\t\t<div class=\"elementor-element elementor-element-7ce6da7 elementor-widget elementor-widget-text-editor\" data-id=\"7ce6da7\" data-element_type=\"widget\" data-widget_type=\"text-editor.default\">\n\t\t\t\t<div class=\"elementor-widget-container\">\n\t\t\t\t\t\t\t\t<div class=\"elementor-text-editor elementor-clearfix\">\n\t\t\t\t<p><strong>Des entorses au classicisme<\/strong><\/p><p>Dans <strong>le Malade imaginaire<\/strong>, la r\u00e8gle des unit\u00e9s<strong> n\u2019est pas vraiment respect\u00e9e<\/strong>. En effet, alors qu\u2019il est pr\u00e9conis\u00e9 que l\u2019action dure 24 heures, celle du <strong>Malade imaginaire<\/strong> se d\u00e9roule au moins sur deux jours : \u00e0 la fin de l\u2019acte I, Toinette indique que \u201cpour aujourd\u2019hui il est trop tard\u201d et qu\u2019elle ira chercher Polichinelle \u201cdemain, au grand matin\u201d. Le <strong>premier interm\u00e8de<\/strong> se d\u00e9roule d\u2019ailleurs \u201cdans la nuit\u201d avec ce dernier. L\u2019acte II reprend donc au lendemain matin et l\u2019action se conclura au soir de cette deuxi\u00e8me journ\u00e9e, puisque B\u00e9ralde pr\u00e9cise avant le<strong> 3\u00e8me interm\u00e8de<\/strong> qu\u2019il veut \u201cnous divertir un peu ce soir\u201d.<\/p><p>De m\u00eame, si <strong>l\u2019unit\u00e9 de lieu<\/strong> est respect\u00e9e dans les sc\u00e8nes de com\u00e9die (elles se passent dans la chambre d\u2019Argan), les prologues et les interm\u00e8des se d\u00e9roulent quant \u00e0 eux dans des <strong>lieux tr\u00e8s vari\u00e9s<\/strong> : il s\u2019agit d\u2019un \u201clieux champ\u00eatre\u201d dans le prologue, d\u2019 \u201cune ville\u201d lors du premier interm\u00e8de et d\u2019un <strong>amphith\u00e9\u00e2tre<\/strong> lors du troisi\u00e8me interm\u00e8de.<\/p><p>Enfin, l\u2019<strong>unit\u00e9 d\u2019action<\/strong> peut \u00eatre contest\u00e9e. En effet, cette derni\u00e8re ne semble pas vraiment progresser : Argan reste un hypocondriaque du d\u00e9but \u00e0 la fin de la pi\u00e8ce. <em>Le Malade imaginaire<\/em> rel\u00e8verait donc davantage de la <strong>succession de tableaux<\/strong> que d\u2019une intrigue parfaitement nou\u00e9e.<\/p><p>\t\t<div data-elementor-type=\"section\" data-elementor-id=\"112233\" class=\"elementor elementor-112233\">\n\t\t\t\t\t<div class=\"elementor-section-wrap\">\n\t\t\t\t\t\t\t\t<section class=\"has_ae_slider elementor-section elementor-inner-section elementor-element elementor-element-2753c5f2 elementor-section-content-bottom elementor-section-full_width elementor-section-height-min-height elementor-section-height-default ae-bg-gallery-type-default\" data-id=\"2753c5f2\" data-element_type=\"section\">\n\t\t\t\t\t\t<div class=\"elementor-container elementor-column-gap-default\">\n\t\t\t\t\t\t\t<div class=\"elementor-row\">\n\t\t\t\t\t<div class=\"has_ae_slider elementor-column elementor-col-100 elementor-inner-column elementor-element elementor-element-27ee3c1b ae-bg-gallery-type-default\" data-id=\"27ee3c1b\" data-element_type=\"column\">\n\t\t\t<div class=\"elementor-column-wrap elementor-element-populated\">\n\t\t\t\t\t\t\t<div class=\"elementor-widget-wrap\">\n\t\t\t\t\t\t<div class=\"elementor-element elementor-element-4c70fc7d elementor-align-center elementor-widget elementor-widget-button\" data-id=\"4c70fc7d\" data-element_type=\"widget\" data-widget_type=\"button.default\">\n\t\t\t\t<div class=\"elementor-widget-container\">\n\t\t\t\t\t<div class=\"elementor-button-wrapper\">\n\t\t\t<a href=\"https:\/\/groupe-reussite.fr\/cours-particuliers\/francais\/tous-niveaux\/france\/\" target=\"_blank\" class=\"elementor-button-link elementor-button elementor-size-md elementor-animation-grow\" role=\"button\">\n\t\t\t\t\t\t<span class=\"elementor-button-content-wrapper\">\n\t\t\t\t\t\t\t<span class=\"elementor-button-icon elementor-align-icon-right\">\n\t\t\t\t<i aria-hidden=\"true\" class=\"fas fa-bookmark\"><\/i>\t\t\t<\/span>\n\t\t\t\t\t\t<span class=\"elementor-button-text\">Trouver des professeurs particuliers de fran\u00e7ais<\/span>\n\t\t<\/span>\n\t\t\t\t\t<\/a>\n\t\t<\/div>\n\t\t\t\t<\/div>\n\t\t\t\t<\/div>\n\t\t\t\t\t\t<\/div>\n\t\t\t\t\t<\/div>\n\t\t<\/div>\n\t\t\t\t\t\t\t\t<\/div>\n\t\t\t\t\t<\/div>\n\t\t<\/section>\n\t\t\t\t\t\t\t<\/div>\n\t\t\t\t<\/div>\n\t\t<\/p>\t\t\t\t\t<\/div>\n\t\t\t\t\t\t<\/div>\n\t\t\t\t<\/div>\n\t\t\t\t<div class=\"elementor-element elementor-element-f3601e4 elementor-widget elementor-widget-text-editor\" data-id=\"f3601e4\" data-element_type=\"widget\" data-widget_type=\"text-editor.default\">\n\t\t\t\t<div class=\"elementor-widget-container\">\n\t\t\t\t\t\t\t\t<div class=\"elementor-text-editor elementor-clearfix\">\n\t\t\t\t<p><strong>Un esprit classique<\/strong><\/p><p>Malgr\u00e9 ces quelques \u00e9carts, Moli\u00e8re garde tout de m\u00eame un <strong>esprit classique<\/strong> et respecte<strong> certaines r\u00e8gles<\/strong>.<\/p><p>Ainsi, la <strong>r\u00e8gle de biens\u00e9ance<\/strong> est respect\u00e9e, malgr\u00e9 une pi\u00e8ce qui porte essentiellement sur<strong> la maladie<\/strong> et donc sur le corps. Ainsi, le vocabulaire m\u00e9dical conserve un <strong>aspect polic\u00e9<\/strong> comme en atteste la premi\u00e8re sc\u00e8ne : les ordonnances de M. Fleurant sont r\u00e9dig\u00e9es de fa\u00e7on tr\u00e8s <strong>obs\u00e9quieuses<\/strong> et r\u00e9f\u00e8rent toujours avec politesse aux \u201centrailles de <span style=\"text-decoration: underline\">Monsieur<\/span>\u201d. De plus, les noms de m\u00e9dicaments donn\u00e9s restent <strong>\u00e9vasifs<\/strong>, comme le \u201cs\u00e9n\u00e9\u201d ou la \u201ccasse\u201d, alors qu\u2019ils renvoient \u00e0 des plantes en r\u00e9alit\u00e9 laxatives. Enfin, si Argan s\u2019en va \u201ccourant au bassin\u201d \u00e0 la sc\u00e8ne 3 de l\u2019acte I, c\u2019est bien pour un besoin pressant qui <strong>n\u2019est \u00e9videmment pas montr\u00e9 sur sc\u00e8ne<\/strong>.<\/p><p>Par ailleurs, malgr\u00e9 la pr\u00e9sence d\u2019interm\u00e8des vari\u00e9s, on peut conf\u00e9rer au <em>Malade imaginaire<\/em> une <strong>unit\u00e9 de ton<\/strong> qui est celui de la <strong>gaiet\u00e9<\/strong>. En effet, tous les \u00e9pisodes pr\u00eatent \u00e0 rire ou \u00e0 sourire alors m\u00eame que le fond de la pi\u00e8ce a une dimension plus s\u00e9rieuse, celle de <strong>la maladie mentale et de la mort<\/strong>.<\/p><p>Enfin, si on peut reprocher <strong>l\u2019absence de gu\u00e9rison<\/strong> d\u2019Argan \u00e0 la fin de la pi\u00e8ce, on peut tout de m\u00eame constater une \u00e9volution de l\u2019intrigue au sein m\u00eame du <strong>personnage<\/strong>. En effet, ce dernier semble plut\u00f4t sombrer de plus en plus dans sa manie : d\u2019abord <strong>obs\u00e9d\u00e9 par les m\u00e9dicaments et les lavements<\/strong>, il envisage ensuite d\u2019imposer \u00e0 sa fille d\u2019<strong>\u00e9pouser un m\u00e9decin<\/strong> et finit par accepter lui-m\u00eame le titre de m\u00e9decin, faisant <strong>triompher la folie<\/strong> dans une grande c\u00e9r\u00e9monie carnavalesque.<\/p>\t\t\t\t\t<\/div>\n\t\t\t\t\t\t<\/div>\n\t\t\t\t<\/div>\n\t\t\t\t<div class=\"elementor-element elementor-element-badcba0 blacktitle elementor-widget elementor-widget-text-editor\" data-id=\"badcba0\" data-element_type=\"widget\" data-widget_type=\"text-editor.default\">\n\t\t\t\t<div class=\"elementor-widget-container\">\n\t\t\t\t\t\t\t\t<div class=\"elementor-text-editor elementor-clearfix\">\n\t\t\t\t<h3>Les \u00e9pisodes comiques<\/h3>\t\t\t\t\t<\/div>\n\t\t\t\t\t\t<\/div>\n\t\t\t\t<\/div>\n\t\t\t\t<div class=\"elementor-element elementor-element-7aef3c8 elementor-widget elementor-widget-text-editor\" data-id=\"7aef3c8\" data-element_type=\"widget\" data-widget_type=\"text-editor.default\">\n\t\t\t\t<div class=\"elementor-widget-container\">\n\t\t\t\t\t\t\t\t<div class=\"elementor-text-editor elementor-clearfix\">\n\t\t\t\t<p><strong>Un comique de caract\u00e8re<\/strong><\/p><p>Comme son titre l\u2019indique, la pi\u00e8ce repose principalement sur un comique de caract\u00e8re : <strong>Moli\u00e8re caricature \u00e0 l\u2019extr\u00eame l\u2019hypocondrie d\u2019Argan<\/strong>. Ce dernier est donc le principal <strong>personnage comique<\/strong> \u00e0 cause de sa manie extravagante et ses maladies imaginaires.<\/p><p>Ainsi, la premi\u00e8re sc\u00e8ne le pr\u00e9sente en train de <strong>faire le compte de tous ses traitements<\/strong> : \u201cSi bien donc que, de ce mois, j\u2019ai pris une, deux, trois, quatre, cinq, six, sept et huit m\u00e9decines ; et un, deux, trois, quatre, cinq, six, sept, huit, neuf, dix, onze et douze lavements ; et, l\u2019autre mois, il y avait douze m\u00e9decines et vingt lavements\u201d. Ce total est bien s\u00fbr exag\u00e9r\u00e9 et les <strong>rem\u00e8des<\/strong> se montrent inefficaces puisque Argan ne se sent pas bien pour autant : \u201cJe ne m\u2019\u00e9tonne pas si je ne me porte pas si bien ce mois-ci que l\u2019autre.\u201d<\/p><p>La premi\u00e8re sc\u00e8ne le montre \u00e9galement<strong> avare<\/strong>, puisque malgr\u00e9 l\u2019importance de sa sant\u00e9, il n\u00e9gocie chaque <strong>traitement<\/strong> : \u201cTrente sols un lavement ! Je suis votre serviteur, je vous l\u2019ai d\u00e9j\u00e0 dit ; vous ne me les avez mis dans les autres parties qu\u2019\u00e0 vingt sols ; et vingt sols en langage d\u2019apothicaire, c\u2019est-\u00e0-dire dix sols ; les voil\u00e0, dix sols.\u201d Il recoupe par l\u00e0 le <strong>personnage st\u00e9r\u00e9otyp\u00e9<\/strong> des vieillards dans la <strong><em>commedia dell\u2019arte<\/em><\/strong>.<\/p><p>Enfin, le personnage est \u00e9galement comique par sa <strong>na\u00efvet\u00e9<\/strong>. En effet, il gobe les discours des diff\u00e9rents m\u00e9decins, m\u00eame ceux du <em>m\u00e9decin imaginaire<\/em> invent\u00e9 par Toinette. Il se fait par ailleurs berner par Cl\u00e9ante qu\u2019il ne reconna\u00eet pas lorsqu\u2019il se <strong>d\u00e9guise en professeur de musique<\/strong>. Ainsi, il ne comprend pas que la chanson qu\u2019il improvise avec Ang\u00e9lique est en r\u00e9alit\u00e9 une <strong>d\u00e9claration d\u2019amour<\/strong>. Enfin, il est manipul\u00e9 par sa femme B\u00e9line qui esp\u00e8re pouvoir \u00e0 sa mort<strong> r\u00e9cup\u00e9rer ses biens et son argent<\/strong>.<\/p>\t\t\t\t\t<\/div>\n\t\t\t\t\t\t<\/div>\n\t\t\t\t<\/div>\n\t\t\t\t<div class=\"elementor-element elementor-element-258f6e3 elementor-widget elementor-widget-text-editor\" data-id=\"258f6e3\" data-element_type=\"widget\" data-widget_type=\"text-editor.default\">\n\t\t\t\t<div class=\"elementor-widget-container\">\n\t\t\t\t\t\t\t\t<div class=\"elementor-text-editor elementor-clearfix\">\n\t\t\t\t<p><strong>La satire de la m\u00e9decine<\/strong><\/p><p><em>Le Malade imaginaire<\/em> tire une grande partie de sa dimension comique dans<strong> la critique des m\u00e9decins et la caricature de la m\u00e9decine<\/strong>. Ainsi, tous les praticiens sont peints de fa\u00e7on ridicule : l\u2019apothicaire Monsieur Fleurant est pr\u00e9sent\u00e9 comme un homme extr\u00eamement courtois qui profite de <strong>l\u2019hypocondrie<\/strong> d\u2019Argan pour augmenter ses honoraires et le m\u00e9decin Monsieur Purgon est d\u00e9crit comme un<strong> homme imbu de sa personne<\/strong> malgr\u00e9 son incomp\u00e9tence, qui se vexe si l\u2019on ne suit pas ses ordonnances.<\/p><p>Toutefois, <strong>les deux plus ridicules<\/strong> restent le p\u00e8re et le fils Diafoirus, comme leur nom l\u2019indique. Tous les deux m\u00e9decins, ils s\u2019expriment de fa\u00e7on lourde et caricaturale : leurs longs discours sont ainsi \u00e9maill\u00e9s d\u2019expressions toutes faites (\u201cBon, disais-je en moi-m\u00eame : les arbres tardifs sont ceux qui portent les meilleurs fruits. On grave sur le marbre bien plus malais\u00e9ment que sur le sable\u201d) et de <strong>mots latins<\/strong> incompr\u00e9hensibles (\u201c<em>Nego consequentiam, mademoiselle<\/em>\u201d). Leur<strong> jargon professionnel<\/strong> nourrit donc le comique de mots. Thomas est pr\u00e9sent\u00e9 comme un grand ben\u00eat qui \u201cn\u2019a jamais \u00e9t\u00e9 ce qu\u2019on appelle mi\u00e8vre et \u00e9veill\u00e9\u201d, tandis que le p\u00e8re est un <strong>pi\u00e8tre m\u00e9decin<\/strong> dont tous les diagnostics vont \u00e0 l\u2019encontre de ceux de M. Purgon et qui confond les diff\u00e9rents organes.<\/p><p>Enfin, <strong>la satire<\/strong> trouve son parach\u00e8vement dans le personnage imagin\u00e9 par Toinette. Elle invente un <strong>m\u00e9decin imbu<\/strong> <strong>de lui-m\u00eame<\/strong> qui a moins d\u2019int\u00e9r\u00eat pour son malade que pour sa propre m\u00e9decine : \u201cje voudrais, monsieur, que vous eussiez toutes les maladies que je viens de dire, que vous fussiez abandonn\u00e9 de tous les m\u00e9decins, d\u00e9sesp\u00e9r\u00e9, \u00e0 l\u2019agonie, pour vous montrer <strong>l\u2019excellence<\/strong> de mes rem\u00e8des\u201d. Elle va ensuite \u00e0 l\u2019encontre de toutes <strong>les recommandations<\/strong> du docteur Purgon pour assurer avec convictions des causes fausses et des rem\u00e8des invent\u00e9s. Les r\u00e9p\u00e9titions qu\u2019elle ass\u00e8ne avec d\u00e9termination (\u201cle poumon !\u201d) participent au <strong>comique de mot<\/strong>. Le spectateur sait assur\u00e9ment qu\u2019elle raconte des balivernes puisqu\u2019elle est servante et non m\u00e9decin, mais Argan ne d\u00e9masque pas<strong> l\u2019imposture<\/strong>, ce qui laisse sous-entendre que les vrais m\u00e9decins ne diff\u00e8rent pas des faux. Elle confirme donc les arguments de B\u00e9ralde qui pr\u00e9sente la m\u00e9decine comme <strong>une mascarade hypocrite<\/strong>.<\/p><p>\t\t<div data-elementor-type=\"section\" data-elementor-id=\"112233\" class=\"elementor elementor-112233\">\n\t\t\t\t\t<div class=\"elementor-section-wrap\">\n\t\t\t\t\t\t\t\t<section class=\"has_ae_slider elementor-section elementor-inner-section elementor-element elementor-element-2753c5f2 elementor-section-content-bottom elementor-section-full_width elementor-section-height-min-height elementor-section-height-default ae-bg-gallery-type-default\" data-id=\"2753c5f2\" data-element_type=\"section\">\n\t\t\t\t\t\t<div class=\"elementor-container elementor-column-gap-default\">\n\t\t\t\t\t\t\t<div class=\"elementor-row\">\n\t\t\t\t\t<div class=\"has_ae_slider elementor-column elementor-col-100 elementor-inner-column elementor-element elementor-element-27ee3c1b ae-bg-gallery-type-default\" data-id=\"27ee3c1b\" data-element_type=\"column\">\n\t\t\t<div class=\"elementor-column-wrap elementor-element-populated\">\n\t\t\t\t\t\t\t<div class=\"elementor-widget-wrap\">\n\t\t\t\t\t\t<div class=\"elementor-element elementor-element-4c70fc7d elementor-align-center elementor-widget elementor-widget-button\" data-id=\"4c70fc7d\" data-element_type=\"widget\" data-widget_type=\"button.default\">\n\t\t\t\t<div class=\"elementor-widget-container\">\n\t\t\t\t\t<div class=\"elementor-button-wrapper\">\n\t\t\t<a href=\"https:\/\/groupe-reussite.fr\/cours-particuliers\/francais\/tous-niveaux\/france\/\" target=\"_blank\" class=\"elementor-button-link elementor-button elementor-size-md elementor-animation-grow\" role=\"button\">\n\t\t\t\t\t\t<span class=\"elementor-button-content-wrapper\">\n\t\t\t\t\t\t\t<span class=\"elementor-button-icon elementor-align-icon-right\">\n\t\t\t\t<i aria-hidden=\"true\" class=\"fas fa-bookmark\"><\/i>\t\t\t<\/span>\n\t\t\t\t\t\t<span class=\"elementor-button-text\">Trouver des professeurs particuliers de fran\u00e7ais<\/span>\n\t\t<\/span>\n\t\t\t\t\t<\/a>\n\t\t<\/div>\n\t\t\t\t<\/div>\n\t\t\t\t<\/div>\n\t\t\t\t\t\t<\/div>\n\t\t\t\t\t<\/div>\n\t\t<\/div>\n\t\t\t\t\t\t\t\t<\/div>\n\t\t\t\t\t<\/div>\n\t\t<\/section>\n\t\t\t\t\t\t\t<\/div>\n\t\t\t\t<\/div>\n\t\t<\/p>\t\t\t\t\t<\/div>\n\t\t\t\t\t\t<\/div>\n\t\t\t\t<\/div>\n\t\t\t\t<div class=\"elementor-element elementor-element-78eb018 elementor-widget elementor-widget-text-editor\" data-id=\"78eb018\" data-element_type=\"widget\" data-widget_type=\"text-editor.default\">\n\t\t\t\t<div class=\"elementor-widget-container\">\n\t\t\t\t\t\t\t\t<div class=\"elementor-text-editor elementor-clearfix\">\n\t\t\t\t<p><strong>Un comique farcesque<\/strong><\/p><p>Si Moli\u00e8re se d\u00e9tache de la farce, il s\u2019en inspire aussi. Par cons\u00e9quent, on retrouve dans<em> le Malade imaginaire<\/em> des <strong>sc\u00e8nes de cavalcade<\/strong>, de disputes et de punitions \u00e0 coups de b\u00e2ton. Ainsi, d\u00e8s la sc\u00e8ne 5 de l\u2019acte I, Argan se met \u00e0 courir apr\u00e8s Toinette pour la ch\u00e2tier de ses <strong>impertinences<\/strong> (\u201cAh ! Insolente, il faut que je t\u2019assomme\u201d) tout en l\u2019insultant de \u201cchienne\u201d, \u201cpendarde\u201d, \u201ccarogne\u201d. Dans la sc\u00e8ne 7, il lui jette des oreillers \u00e0 la figure.<\/p><p>Le premier interm\u00e8de est, lui aussi, farcesque car il met en sc\u00e8ne Polichinelle, un personnage de la <em>commedia dell\u2019arte<\/em> qui incarne<strong> un valet rus\u00e9 et grossier<\/strong>. Ainsi, ce dernier va engager une querelle avec des violons qui ne cessent d\u2019interrompre sa m\u00e9lodie jusqu\u2019\u00e0 le faire enrager. Puis, il se fait arr\u00eater par <strong>des archers<\/strong> qui veulent le mettre en prison, et cherchent ensuite \u00e0 lui extorquer de l\u2019argent. Devant le refus de Polichinelle, ils commencent par lui donner des \u201ccroquignoles en cadence\u201d, puis \u201cdes <strong>coups de b\u00e2ton<\/strong> en cadence\u201d.<\/p><p><strong>Lire aussi<\/strong> :\u00a0 <a href=\"https:\/\/groupe-reussite.fr\/ressources\/cp-analyser-texte-poetique\/\">analyser un texte de po\u00e9sie<\/a> et <a href=\"https:\/\/groupe-reussite.fr\/ressources\/cp-francais-analyser-texte-theatral\/\">analyser un texte th\u00e9\u00e2tral au lyc\u00e9e<\/a>.\u00a0<\/p>\t\t\t\t\t<\/div>\n\t\t\t\t\t\t<\/div>\n\t\t\t\t<\/div>\n\t\t\t\t<div class=\"elementor-element elementor-element-966fca8 elementor-widget elementor-widget-image\" data-id=\"966fca8\" data-element_type=\"widget\" data-widget_type=\"image.default\">\n\t\t\t\t<div class=\"elementor-widget-container\">\n\t\t\t\t\t\t\t\t<div class=\"elementor-image\">\n\t\t\t\t\t\t\t\t\t\t\t\t<img width=\"300\" height=\"172\" src=\"https:\/\/groupe-reussite.fr\/ressources\/wp-content\/uploads\/2022\/03\/malade-imaginaire-parcours-associe-bac-francais-300x172.jpg\" class=\"attachment-medium size-medium wp-image-154276\" alt=\"Parcours associ\u00e9s au bac de fran\u00e7ais pour le malade imaginaire\" loading=\"lazy\" srcset=\"https:\/\/groupe-reussite.fr\/ressources\/wp-content\/uploads\/2022\/03\/malade-imaginaire-parcours-associe-bac-francais-300x172.jpg 300w, https:\/\/groupe-reussite.fr\/ressources\/wp-content\/uploads\/2022\/03\/malade-imaginaire-parcours-associe-bac-francais.jpg 680w\" sizes=\"(max-width: 300px) 100vw, 300px\" \/>\t\t\t\t\t\t\t\t\t\t\t\t\t\t<\/div>\n\t\t\t\t\t\t<\/div>\n\t\t\t\t<\/div>\n\t\t\t\t<div class=\"elementor-element elementor-element-cd72b12 blacktitle elementor-widget elementor-widget-text-editor\" data-id=\"cd72b12\" data-element_type=\"widget\" data-widget_type=\"text-editor.default\">\n\t\t\t\t<div class=\"elementor-widget-container\">\n\t\t\t\t\t\t\t\t<div class=\"elementor-text-editor elementor-clearfix\">\n\t\t\t\t<h3>Un spectacle total<\/h3>\t\t\t\t\t<\/div>\n\t\t\t\t\t\t<\/div>\n\t\t\t\t<\/div>\n\t\t\t\t<div class=\"elementor-element elementor-element-11dd8d4 elementor-widget elementor-widget-text-editor\" data-id=\"11dd8d4\" data-element_type=\"widget\" data-widget_type=\"text-editor.default\">\n\t\t\t\t<div class=\"elementor-widget-container\">\n\t\t\t\t\t\t\t\t<div class=\"elementor-text-editor elementor-clearfix\">\n\t\t\t\t<p><strong>Th\u00e9\u00e2tre, musique et ballet<\/strong><\/p><p>Com\u00e9die-ballet, <em>le Malade imaginaire<\/em> est un spectacle total qui r\u00e9unit le th\u00e9\u00e2tre, <strong>la danse et la musique<\/strong>. Ainsi, on compte seize ballets r\u00e9partis entre le prologue (huit), le premier interm\u00e8de (trois), le second interm\u00e8de (un) et le troisi\u00e8me interm\u00e8de (quatre).<\/p><p>\u00c0 cette \u00e9poque, Moli\u00e8re ne travaille plus avec <strong>Jean-Baptiste Lully<\/strong>, la musique est donc de<strong> Marc Antoine Charpentier<\/strong>. En plus de l\u2019accompagnement de la danse, on remarque l\u2019intervention des violonistes dans le prologue et le <strong>premier interm\u00e8de<\/strong>, et la pr\u00e9sence de chants dans le deuxi\u00e8me et troisi\u00e8me interm\u00e8de.<\/p><p>Enfin, on peut m\u00eame relever la pr\u00e9sence <strong>d\u2019arts du cirque<\/strong>, puisque dans le deuxi\u00e8me interm\u00e8de, il est \u00e9crit que \u201cTous les Mores [&#8230;] font sauter des singes qu\u2019ils ont amen\u00e9s avec eux.\u201d<\/p><p>Le <strong>th\u00e9\u00e2tre<\/strong> n\u2019est pas en reste : la com\u00e9die constitue bien s\u00fbr le fil principal qui relie tous ces diff\u00e9rents interm\u00e8des, mais la pi\u00e8ce comporte \u00e9galement des passages de<strong> mise en abyme<\/strong> qui rendent hommage \u00e0 <strong>l\u2019art th\u00e9\u00e2tral<\/strong>. Ainsi, quelques personnages se d\u00e9guisent : Cl\u00e9ante se grime en professeur de musique et Toinette endosse la robe du m\u00e9decin pour incarner un <strong>personnage imaginaire<\/strong>. De m\u00eame, quelques personnages feignent la mort : c\u2019est le cas de Louison qui \u201ccontrefait la morte\u201d pour \u00e9viter le fouet, puis au tour d\u2019Argan reste \u00e9tendu sur une chaise pour observer la r\u00e9action de B\u00e9line. Toutefois,<strong> le plus grand r\u00f4le de composition reste celui de Toinette<\/strong> qui joue \u00e0 plusieurs reprises le m\u00e9decin.<\/p>\t\t\t\t\t<\/div>\n\t\t\t\t\t\t<\/div>\n\t\t\t\t<\/div>\n\t\t\t\t<div class=\"elementor-element elementor-element-8f1e51a elementor-widget elementor-widget-text-editor\" data-id=\"8f1e51a\" data-element_type=\"widget\" data-widget_type=\"text-editor.default\">\n\t\t\t\t<div class=\"elementor-widget-container\">\n\t\t\t\t\t\t\t\t<div class=\"elementor-text-editor elementor-clearfix\">\n\t\t\t\t<p><strong>D\u00e9cors et figurants<\/strong><\/p><p>Bien qu\u2019il s\u2019agisse d\u2019une <strong>com\u00e9die classique en trois actes<\/strong>, la multiplication des prologues et des interm\u00e8des impose des <strong>changements de d\u00e9cors fr\u00e9quents<\/strong>, ce qui suppose un vrai travail sc\u00e9nique et visuel.<\/p><p>Ainsi,<strong> le prologue<\/strong> se d\u00e9roule dans un \u201clieu champ\u00eatre\u201d qui se transforme ensuite en \u201cchambre\u201d pour l\u2019acte I. Puis, lors du premier interm\u00e8de il est indiqu\u00e9 que \u201cLe th\u00e9\u00e2tre change, et repr\u00e9sente une ville\u201d avant de revenir \u00e0 la<strong> chambre d\u2019Argan<\/strong> pour l\u2019acte II. Enfin, le deuxi\u00e8me interm\u00e8de ne change pas de d\u00e9cor, mais dans le troisi\u00e8me interm\u00e8de, qui correspond \u00e0 <strong>la c\u00e9r\u00e9monie<\/strong> nommant Argan m\u00e9decin, il est pr\u00e9cis\u00e9 que \u201cplusieurs tapissiers viennent pr\u00e9parer la salle, et placer les bancs en cadence.\u201d Les<strong> d\u00e9cors<\/strong> sont donc nombreux et vari\u00e9s.<\/p><p>Par ailleurs, <strong>les didascalies<\/strong> laissent supposer la pr\u00e9sence sur sc\u00e8ne d\u2019un grand nombre de <strong>com\u00e9diens et com\u00e9diennes<\/strong>. En effet, outre les personnages propres \u00e0 la com\u00e9die, on rel\u00e8ve six personnages dans le prologue (Flore, Clim\u00e8ne, Daphn\u00e9, Tircis, Dorilas, Pan) deux personnages dans le premier interm\u00e8de (Polichinelle et une vieille), quatre \u00c9gyptiennes dans le deuxi\u00e8me interm\u00e8de, un personnage (le pr\u00e9sident) dans le dernier interm\u00e8de, mais \u00e9galement une foule de <strong>figurants<\/strong> les accompagnant (des bergers et des berg\u00e8res, des faunes, des archers, des \u00c9gyptiens et \u00e9gyptiennes, des tapissiers, des apothicaires, des porte-seringues, des chirurgiens\u2026)<\/p><p>Aujourd\u2019hui, une telle <strong>repr\u00e9sentation<\/strong> co\u00fbterait trop cher ! Par cons\u00e9quent, <em>le Malade imaginaire<\/em> est d\u00e9sormais r\u00e9duit \u00e0 ses<strong> sc\u00e8nes parl\u00e9es<\/strong>, \u00e0 l\u2019exception du dernier interm\u00e8de qui constitue le d\u00e9nouement, mais qui est repr\u00e9sent\u00e9 avec un <strong>nombre de personnages plus limit\u00e9<\/strong>.<\/p>\t\t\t\t\t<\/div>\n\t\t\t\t\t\t<\/div>\n\t\t\t\t<\/div>\n\t\t\t\t<div class=\"elementor-element elementor-element-cdb5861 elementor-widget elementor-widget-text-editor\" data-id=\"cdb5861\" data-element_type=\"widget\" data-widget_type=\"text-editor.default\">\n\t\t\t\t<div class=\"elementor-widget-container\">\n\t\t\t\t\t\t\t\t<div class=\"elementor-text-editor elementor-clearfix\">\n\t\t\t\t<p><strong>Un spectacle homog\u00e8ne ?<\/strong><\/p><p>Nous venons de le voir, <em>le Malade imaginaire<\/em> entrem\u00eale plusieurs disciplines et une grande vari\u00e9t\u00e9 de d\u00e9cors et figurants. <strong>Ainsi, parvient-il \u00e0 se pr\u00e9senter pour autant comme un spectacle homog\u00e8ne et coh\u00e9rent ?<\/strong> La com\u00e9die fonctionne comme un fil directeur, mais qu\u2019en est-il de ses liens avec le prologue et les interm\u00e8des ?<\/p><p>Le <strong>premier prologue<\/strong> a pour but premier de<strong> chanter la gloire de Louis XIV<\/strong>, le protecteur de Moli\u00e8re. Toutefois, le registre pastoral permet d\u2019introduire<strong> le th\u00e8me de l\u2019amour<\/strong>, une des trames qui sera ensuite d\u00e9velopp\u00e9e par les personnages d\u2019Ang\u00e9lique et de Cl\u00e9ante. Le deuxi\u00e8me prologue quant \u00e0 lui permet <strong>d\u2019ajouter au th\u00e8me de l\u2019amour celui de la m\u00e9decine<\/strong>, autre dimension centrale de la pi\u00e8ce. Les m\u00e9decins sont ainsi pr\u00e9sent\u00e9s d\u2019embl\u00e9e comme des charlatans : \u201cIgnorants m\u00e9decins ; vous ne sauriez faire : \/ Votre plus haut savoir n\u2019est que pure chim\u00e8re\u201d et le titre de la pi\u00e8ce est annonc\u00e9 : \u201cEt tout votre caquet ne peut \u00eatre re\u00e7u \/ Que d\u2019un malade imaginaire.\u201d<\/p><p>Les <strong>liens entre les interm\u00e8des et l\u2019intrigue principale<\/strong> sont toutefois plus distendus. En effet, \u00e0 la fin de l\u2019acte I, Ang\u00e9lique veut faire pr\u00e9venir Cl\u00e9ante du mariage que son p\u00e8re a pr\u00e9vu pour elle. Toinette propose d\u2019utiliser Polichinelle comme <strong>interm\u00e9diaire<\/strong> : \u201cJe n\u2019ai personne \u00e0 employer \u00e0 cet office, que<strong> le vieil usurier<\/strong> Polichinelle, mon amant [&#8230;] Pour aujourd\u2019hui, il est trop tard ; mais demain, de grand matin, je l\u2019enverrai qu\u00e9rir, et il sera ravi de\u2026\u201d. C\u2019est donc bien ce personnage que l\u2019on retrouve dans le premier interm\u00e8de en train de <strong>chanter une s\u00e9r\u00e9nade<\/strong>. Pour autant, il n\u2019est pas question de Cl\u00e9ante ou d\u2019Ang\u00e9lique dans ces quelques sc\u00e8nes : Polichinelle s\u2019adresse \u00e0 sa ma\u00eetresse et <strong>chante les cruaut\u00e9s de l\u2019amour<\/strong>. S\u2019ensuit alors un <strong>encha\u00eenement de sc\u00e8nes farcesques<\/strong> totalement d\u00e9corr\u00e9l\u00e9es de l\u2019intrigue et Polichinelle ne reviendra \u00e0 aucun autre moment de la pi\u00e8ce.<\/p><p>Le deuxi\u00e8me interm\u00e8de est, lui aussi, motiv\u00e9 par la com\u00e9die en elle-m\u00eame, mais le motif reste bien faible. En effet, \u00e0 la fin de l\u2019acte II, B\u00e9ralde pr\u00e9tend avoir invit\u00e9 des <strong>saltimbanques<\/strong> pour divertir son fr\u00e8re et mieux l\u2019engager dans leur discussion \u00e0 propos du mariage d\u2019Ang\u00e9lique : \u201cJe vous am\u00e8ne ici un divertissement que j\u2019ai rencontr\u00e9,<strong> qui dissipera votre chagrin<\/strong>, et vous rendra l&rsquo;\u00e2me mieux dispos\u00e9e aux choses que nous avons \u00e0 dire. Ce sont des \u00c9gyptiens v\u00eatus en Mores, qui font des danses m\u00eal\u00e9es de chansons, o\u00f9 je suis s\u00fbr que vous prendrez plaisir\u201d. Le deuxi\u00e8me interm\u00e8de n\u2019est donc qu\u2019un<strong> simple divertissement<\/strong>, bien qu\u2019une fois encore les chansons aient pour<strong> th\u00e8me l\u2019amour et la jeunesse<\/strong>.<\/p><p>\u00c0 l\u2019inverse, certains passages de la pi\u00e8ce m\u00ealent adroitement l\u2019intrigue, la musique et la danse. Ainsi du duo d\u2019Ang\u00e9lique et Cl\u00e9ante durant leur le\u00e7on de musique. En effet, les deux amants profitent d\u2019une <strong>chanson improvis\u00e9e<\/strong> pour se d\u00e9clarer leur flamme devant Argan lui-m\u00eame : \u201cOui, Tircis, je vous aime.\u201d On notera d\u2019ailleurs que les personnages utilis\u00e9s dans la chanson et le th\u00e8me pastoral renvoient \u00e9galement au premier prologue. De m\u00eame, le troisi\u00e8me interm\u00e8de fonctionne moins comme un divertissement que comme le <strong>d\u00e9nouement r\u00e9el de la pi\u00e8ce<\/strong> ! En effet, en \u00e9tant sacr\u00e9 m\u00e9decin, Argan pourra soigner lui-m\u00eame ses <strong>maladies imaginaires<\/strong>. Il trouve donc un rem\u00e8de possible \u00e0 son hypocondrie et n\u2019a plus besoin d\u2019un m\u00e9decin \u00e0 domicile, rompant ainsi la n\u00e9cessit\u00e9 de faire \u00e9pouser Thomas Diafoirus \u00e0 Ang\u00e9lique.<\/p><p>\t\t<div data-elementor-type=\"section\" data-elementor-id=\"84989\" class=\"elementor elementor-84989\">\n\t\t\t\t\t<div class=\"elementor-section-wrap\">\n\t\t\t\t\t\t\t\t<section class=\"has_ae_slider elementor-section elementor-inner-section elementor-element elementor-element-4bda5243 elementor-section-content-bottom full_width elementor-section-full_width elementor-section-height-min-height elementor-section-height-default ae-bg-gallery-type-default\" data-id=\"4bda5243\" data-element_type=\"section\" data-settings=\"{&quot;background_background&quot;:&quot;gradient&quot;}\">\n\t\t\t\t\t\t\t<div class=\"elementor-background-overlay\"><\/div>\n\t\t\t\t\t\t\t<div class=\"elementor-container elementor-column-gap-narrow\">\n\t\t\t\t\t\t\t<div class=\"elementor-row\">\n\t\t\t\t\t<div class=\"has_ae_slider elementor-column elementor-col-50 elementor-inner-column elementor-element elementor-element-7dad0c90 ae-bg-gallery-type-default\" data-id=\"7dad0c90\" data-element_type=\"column\">\n\t\t\t<div class=\"elementor-column-wrap elementor-element-populated\">\n\t\t\t\t\t\t\t<div class=\"elementor-widget-wrap\">\n\t\t\t\t\t\t<div class=\"elementor-element elementor-element-79e73064 elementor-widget elementor-widget-heading\" data-id=\"79e73064\" data-element_type=\"widget\" data-widget_type=\"heading.default\">\n\t\t\t\t<div class=\"elementor-widget-container\">\n\t\t\t<h3 class=\"elementor-heading-title elementor-size-default\">PRENDRE DES COURS PARTICULIERS DE FRAN\u00c7AIS <\/h3>\t\t<\/div>\n\t\t\t\t<\/div>\n\t\t\t\t<div class=\"elementor-element elementor-element-104d1164 elementor-widget elementor-widget-heading\" data-id=\"104d1164\" data-element_type=\"widget\" data-widget_type=\"heading.default\">\n\t\t\t\t<div class=\"elementor-widget-container\">\n\t\t\t<h4 class=\"elementor-heading-title elementor-size-default\">C\u2019est reprendre le contr\u00f4le<\/h4>\t\t<\/div>\n\t\t\t\t<\/div>\n\t\t\t\t<div class=\"elementor-element elementor-element-3691d1da elementor-align-left elementor-mobile-align-center elementor-widget elementor-widget-button\" data-id=\"3691d1da\" data-element_type=\"widget\" data-widget_type=\"button.default\">\n\t\t\t\t<div class=\"elementor-widget-container\">\n\t\t\t\t\t<div class=\"elementor-button-wrapper\">\n\t\t\t<a href=\"https:\/\/groupe-reussite.fr\/cours-particuliers\/francais\/tous-niveaux\/france\/\" target=\"_blank\" class=\"elementor-button-link elementor-button elementor-size-md\" role=\"button\" id=\"CTA_PRD_CP\">\n\t\t\t\t\t\t<span class=\"elementor-button-content-wrapper\">\n\t\t\t\t\t\t<span class=\"elementor-button-text\">Je cherche des cours particuliers de fran\u00e7ais<\/span>\n\t\t<\/span>\n\t\t\t\t\t<\/a>\n\t\t<\/div>\n\t\t\t\t<\/div>\n\t\t\t\t<\/div>\n\t\t\t\t\t\t<\/div>\n\t\t\t\t\t<\/div>\n\t\t<\/div>\n\t\t\t\t<div class=\"has_ae_slider elementor-column elementor-col-50 elementor-inner-column elementor-element elementor-element-40c4e3d ae-bg-gallery-type-default\" data-id=\"40c4e3d\" data-element_type=\"column\">\n\t\t\t<div class=\"elementor-column-wrap\">\n\t\t\t\t\t\t\t<div class=\"elementor-widget-wrap\">\n\t\t\t\t\t\t\t\t<\/div>\n\t\t\t\t\t<\/div>\n\t\t<\/div>\n\t\t\t\t\t\t\t\t<\/div>\n\t\t\t\t\t<\/div>\n\t\t<\/section>\n\t\t\t\t\t\t\t<\/div>\n\t\t\t\t<\/div>\n\t\t<\/p>\t\t\t\t\t<\/div>\n\t\t\t\t\t\t<\/div>\n\t\t\t\t<\/div>\n\t\t\t\t<div class=\"elementor-element elementor-element-7be8b314 elementor-widget elementor-widget-text-editor\" data-id=\"7be8b314\" data-element_type=\"widget\" data-widget_type=\"text-editor.default\">\n\t\t\t\t<div class=\"elementor-widget-container\">\n\t\t\t\t\t\t\t\t<div class=\"elementor-text-editor elementor-clearfix\">\n\t\t\t\t<h2>Exercice d\u2019entra\u00eenement sur le Malade imaginaire au bac\u00a0<\/h2>\t\t\t\t\t<\/div>\n\t\t\t\t\t\t<\/div>\n\t\t\t\t<\/div>\n\t\t\t\t<div class=\"elementor-element elementor-element-3f9138af elementor-widget elementor-widget-text-editor\" data-id=\"3f9138af\" data-element_type=\"widget\" data-widget_type=\"text-editor.default\">\n\t\t\t\t<div class=\"elementor-widget-container\">\n\t\t\t\t\t\t\t\t<div class=\"elementor-text-editor elementor-clearfix\">\n\t\t\t\t<p><strong>Consigne<\/strong> : <em>analysez cet extrait du Malade imaginaire. En quoi cette sc\u00e8ne constitue-t-elle d\u2019un spectacle comique ?<\/em><\/p><p><strong>Toinette<\/strong> : Je suis m\u00e9decin passager, qui vais de ville en ville, de province en province, de royaume en royaume, pour chercher d\u2019illustres mati\u00e8res \u00e0 ma capacit\u00e9, pour trouver des malades dignes de m\u2019occuper, capables d\u2019exercer les grands et beaux secrets que j\u2019ai trouv\u00e9s dans la m\u00e9decine. Je d\u00e9daigne de m\u2019amuser \u00e0 ce menu fatras de maladies ordinaires, \u00e0 ces bagatelles de rhumatismes et de fluxions, \u00e0 ces fi\u00e9vrotes, \u00e0 ces vapeurs, et \u00e0 ces migraines. Je veux des maladies d\u2019importance, de bonnes fi\u00e8vres continues, avec des transports au cerveau, de bonnes fi\u00e8vres pourpr\u00e9es, de bonnes pestes, de bonnes hydropisies form\u00e9es, de bonnes pleur\u00e9sies avec des inflammations de poitrine ; c\u2019est l\u00e0 que je me plais, c\u2019est l\u00e0 que je triomphe ; et je voudrais, monsieur, que vous eussiez toutes les maladies que je viens de dire, que vous fussiez abandonn\u00e9 de tous les m\u00e9decins, d\u00e9sesp\u00e9r\u00e9, \u00e0 l\u2019agonie, pour vous montrer l\u2019excellence de mes rem\u00e8des et l\u2019envie que j&rsquo;aurais de vous rendre service.<\/p><p><strong>Argan<\/strong> : Je vous suis oblig\u00e9, monsieur, des bont\u00e9s que vous avez pour moi.<\/p><p><strong>Toinette<\/strong> : Donnez-moi votre pouls. Allons donc, que l\u2019on batte comme il faut. Ah ! je vous ferai bien aller comme vous devez. Ouais ! ce pouls-l\u00e0 fait l\u2019impertinent ; je vois bien que vous ne me connaissez pas encore. Qui est votre m\u00e9decin ?<\/p><p><strong>Argan<\/strong> : Monsieur Purgon.<\/p><p><strong>Toinette<\/strong> : Cet homme-l\u00e0 n\u2019est point \u00e9crit sur mes tablettes entre les grands m\u00e9decins. De quoi dit-il que vous \u00eates malade ?<\/p><p><strong>Argan<\/strong> : Il dit que c\u2019est du foie, et d\u2019autres disent que c\u2019est de la rate.<\/p><p><strong>Toinette<\/strong> : Ce sont tous des ignorants. C\u2019est du poumon que vous \u00eates malade.<\/p><p><strong>Argan<\/strong> : Du poumon ?<\/p><p><strong>Toinette<\/strong> : Oui. Que sentez-vous ?<\/p><p><strong>Argan<\/strong> : Je sens de temps en temps des douleurs de t\u00eate.<\/p><p><strong>Toinette<\/strong> : Justement, le poumon.<\/p><p><strong>Argan<\/strong> : Il me semble parfois que j\u2019ai un voile devant les yeux.<\/p><p><strong>Toinette<\/strong> : Le poumon.<\/p><p>Argan : J\u2019ai quelquefois des maux de c\u0153ur.<\/p><p><strong>Toinette<\/strong> : Le poumon.<\/p><p><strong>Argan<\/strong> : Je sens parfois des lassitudes par tous les membres.<\/p><p><strong>Toinette<\/strong> : Le poumon.<br \/>(Acte III, sc\u00e8ne 10)<\/p>\t\t\t\t\t<\/div>\n\t\t\t\t\t\t<\/div>\n\t\t\t\t<\/div>\n\t\t\t\t<div class=\"elementor-element elementor-element-6bc377f elementor-widget elementor-widget-text-editor\" data-id=\"6bc377f\" data-element_type=\"widget\" data-widget_type=\"text-editor.default\">\n\t\t\t\t<div class=\"elementor-widget-container\">\n\t\t\t\t\t\t\t\t<div class=\"elementor-text-editor elementor-clearfix\">\n\t\t\t\t<h2>Correction de l\u2019exercice sur le Malade Imaginaire de Moli\u00e8re &#8211; Bac fran\u00e7ais<\/h2>\t\t\t\t\t<\/div>\n\t\t\t\t\t\t<\/div>\n\t\t\t\t<\/div>\n\t\t\t\t<div class=\"elementor-element elementor-element-94e90ec elementor-widget elementor-widget-text-editor\" data-id=\"94e90ec\" data-element_type=\"widget\" data-widget_type=\"text-editor.default\">\n\t\t\t\t<div class=\"elementor-widget-container\">\n\t\t\t\t\t\t\t\t<div class=\"elementor-text-editor elementor-clearfix\">\n\t\t\t\t<p><strong>Consigne<\/strong> : <em>analysez cet extrait du Malade imaginaire. En quoi cette sc\u00e8ne constitue-t-elle d\u2019un spectacle comique ?<\/em><\/p><p>Tout d\u2019abord, cette sc\u00e8ne est avant tout un spectacle, car Toinette joue ici une sorte de pi\u00e8ce de th\u00e9\u00e2tre <strong>en se d\u00e9guisant en m\u00e9decin<\/strong>. En effet, pour ne pas \u00eatre reconnue, elle enfile \u00e0 chacune de ses apparitions un costume de m\u00e9decin et improvise un r\u00f4le. On peut m\u00eame imaginer qu\u2019elle <strong>contrefait sa voix<\/strong> pour ne pas se faire percer \u00e0 jour. C\u2019est donc un vrai plaisir pour le spectateur d\u2019assister \u00e0 cette mise en ab\u00eeme.<\/p><p>Ensuite, il s\u2019agit d\u2019un <strong>passage comique<\/strong>, car Toinette incarne par son personnage la satire de la m\u00e9decine. Tout d\u2019abord, elle peint <strong>un m\u00e9decin imbu de lui-m\u00eame<\/strong> (comme l\u2019indique la gradation \u201cde ville en ville, de province en province, de royaume en royaume\u201d soulignant que ses comp\u00e9tences ne peuvent se limiter au petit espace de la ville. Les termes \u201cillustres\u201d et \u201cdignes\u201d renforce cette impression d\u2019orgueil disproportionn\u00e9). Par cons\u00e9quent, alors qu\u2019un m\u00e9decin devrait <strong>\u00eatre au service de ses patients<\/strong>, ce m\u00e9decin-ci refuse de soigner certains malades (\u201cJe d\u00e9daigne de m\u2019amuser \u00e0 ce menu fatras de maladies ordinaires\u201d), voire leur souhaite les pires maladies (\u201cje voudrais, monsieur, que vous eussiez toutes les maladies que je viens de dire\u201d). Enfin, le m\u00e9decin incarn\u00e9 par Toinette affirme une <strong>certaine autorit\u00e9<\/strong>, mais celle-ci s\u2019av\u00e8re ridicule, d\u2019une part, car il pr\u00e9tend dompter un poul de fa\u00e7on militaire, comme si ce dernier allait lui<strong> ob\u00e9ir \u00e0 la fa\u00e7on d\u2019un soldat<\/strong> (\u201cAllons donc, que l\u2019on batte comme il faut. Ah ! je vous ferai bien aller comme vous devez.\u201d), d\u2019autre part parce que son diagnostic ass\u00e9n\u00e9 avec conviction n\u2019est aucunement justifi\u00e9 (\u201cC\u2019est du poumon que vous \u00eates malade.\u201d) En outre, le spectateur sait que derri\u00e8re cette <strong>pr\u00e9tendue science<\/strong> se cache Toinette qui ne conna\u00eet rien \u00e0 la m\u00e9decine, ce qui <strong>accentue le comique de la sc\u00e8ne<\/strong>&#8230;<\/p><p>Enfin, le comique repose principalement sur un <strong>principe de r\u00e9p\u00e9tition<\/strong>, celle justement du diagnostic (\u201cle poumon !\u201d) qui appara\u00eet comme la seule r\u00e9ponse possible, peu importe les sympt\u00f4mes \u00e9voqu\u00e9s par Argan.<\/p><p>Par tous ces aspects, c\u2019est donc bien un <strong>spectacle comique<\/strong> que nous livre cette sc\u00e8ne.<\/p><p>\t\t<div data-elementor-type=\"section\" data-elementor-id=\"112233\" class=\"elementor elementor-112233\">\n\t\t\t\t\t<div class=\"elementor-section-wrap\">\n\t\t\t\t\t\t\t\t<section class=\"has_ae_slider elementor-section elementor-inner-section elementor-element elementor-element-2753c5f2 elementor-section-content-bottom elementor-section-full_width elementor-section-height-min-height elementor-section-height-default ae-bg-gallery-type-default\" data-id=\"2753c5f2\" data-element_type=\"section\">\n\t\t\t\t\t\t<div class=\"elementor-container elementor-column-gap-default\">\n\t\t\t\t\t\t\t<div class=\"elementor-row\">\n\t\t\t\t\t<div class=\"has_ae_slider elementor-column elementor-col-100 elementor-inner-column elementor-element elementor-element-27ee3c1b ae-bg-gallery-type-default\" data-id=\"27ee3c1b\" data-element_type=\"column\">\n\t\t\t<div class=\"elementor-column-wrap elementor-element-populated\">\n\t\t\t\t\t\t\t<div class=\"elementor-widget-wrap\">\n\t\t\t\t\t\t<div class=\"elementor-element elementor-element-4c70fc7d elementor-align-center elementor-widget elementor-widget-button\" data-id=\"4c70fc7d\" data-element_type=\"widget\" data-widget_type=\"button.default\">\n\t\t\t\t<div class=\"elementor-widget-container\">\n\t\t\t\t\t<div class=\"elementor-button-wrapper\">\n\t\t\t<a href=\"https:\/\/groupe-reussite.fr\/cours-particuliers\/francais\/tous-niveaux\/france\/\" target=\"_blank\" class=\"elementor-button-link elementor-button elementor-size-md elementor-animation-grow\" role=\"button\">\n\t\t\t\t\t\t<span class=\"elementor-button-content-wrapper\">\n\t\t\t\t\t\t\t<span class=\"elementor-button-icon elementor-align-icon-right\">\n\t\t\t\t<i aria-hidden=\"true\" class=\"fas fa-bookmark\"><\/i>\t\t\t<\/span>\n\t\t\t\t\t\t<span class=\"elementor-button-text\">Trouver des professeurs particuliers de fran\u00e7ais<\/span>\n\t\t<\/span>\n\t\t\t\t\t<\/a>\n\t\t<\/div>\n\t\t\t\t<\/div>\n\t\t\t\t<\/div>\n\t\t\t\t\t\t<\/div>\n\t\t\t\t\t<\/div>\n\t\t<\/div>\n\t\t\t\t\t\t\t\t<\/div>\n\t\t\t\t\t<\/div>\n\t\t<\/section>\n\t\t\t\t\t\t\t<\/div>\n\t\t\t\t<\/div>\n\t\t<\/p>\t\t\t\t\t<\/div>\n\t\t\t\t\t\t<\/div>\n\t\t\t\t<\/div>\n\t\t\t\t<div class=\"elementor-element elementor-element-df5a351 elementor-widget elementor-widget-text-editor\" data-id=\"df5a351\" data-element_type=\"widget\" data-widget_type=\"text-editor.default\">\n\t\t\t\t<div class=\"elementor-widget-container\">\n\t\t\t\t\t\t\t\t<div class=\"elementor-text-editor elementor-clearfix\">\n\t\t\t\t<p>Ces articles pourraient vous int\u00e9resser :<\/p><p>Sur le roman :<\/p><ul><li><a href=\"https:\/\/groupe-reussite.fr\/ressources\/cp-francais-analyser-incipit\/\">Analyser un incipit<\/a><\/li><li><a href=\"https:\/\/groupe-reussite.fr\/ressources\/cp-francais-histoire-roman\/\">Histoire du roman<\/a><\/li><li><a href=\"https:\/\/groupe-reussite.fr\/ressources\/cp-francais-grands-auteurs-roman\/\">Grands auteurs du roman<\/a><\/li><li><a href=\"https:\/\/groupe-reussite.fr\/ressources\/cp-analyser-roman-bac-francais\/\">Analyser un texte de roman<\/a><\/li><li>Les <a href=\"https:\/\/groupe-reussite.fr\/ressources\/cp-francais-genres-narratifs\/\">genres narratifs au bac de fran\u00e7ais<\/a><\/li><li><a href=\"https:\/\/groupe-reussite.fr\/ressources\/cp-francais-parcours-associe-le-rouge-et-le-noir\/\">Parcours associ\u00e9 sur le roman : Le Rouge et le Noir<\/a><\/li><li><a class=\"waffle-rich-text-link\" href=\"https:\/\/groupe-reussite.fr\/ressources\/cp-francais-analyse-manon-lescaut-abbe-prevost\/\">Manon Lescaut de l&rsquo;abb\u00e9 Prevost<\/a><\/li><li><a class=\"waffle-rich-text-link\" href=\"https:\/\/groupe-reussite.fr\/ressources\/cp-francais-la-peau-de-chagrin-balzac\/\">La Peau de chagrin Honor\u00e9 de Balzac<\/a><\/li><\/ul><p>Sur la po\u00e9sie :\u00a0<\/p><ul><li><a href=\"https:\/\/groupe-reussite.fr\/ressources\/cp-mouvements-formes-poetiques-bac-francais\/\">Mouvements et formes po\u00e9tiques au bac<\/a><\/li><li>Les <a href=\"https:\/\/groupe-reussite.fr\/ressources\/cp-francais-grands-auteurs-poesie\/\">grands auteurs de la po\u00e9sie<\/a><\/li><li><a href=\"https:\/\/groupe-reussite.fr\/ressources\/cp-francais-parcours-associe-poesie-fleurs-du-mal\/\">Parcours associ\u00e9 sur la po\u00e9sie : Les Fleurs du mal<\/a><\/li><\/ul><p>Sur le th\u00e9\u00e2tre :<\/p><ul><li><a href=\"https:\/\/groupe-reussite.fr\/ressources\/cp-francais-analyser-scene-exposition\/\">Analyser une sc\u00e8ne d&rsquo;exposition au th\u00e9\u00e2tre au bac de fran\u00e7ais<\/a><\/li><li>Les <a href=\"https:\/\/groupe-reussite.fr\/ressources\/cp-francais-genres-theatraux\/\">genres du th\u00e9\u00e2tre au bac de fran\u00e7ais<\/a><\/li><li><a href=\"https:\/\/groupe-reussite.fr\/ressources\/cp-francais-grands-auteurs-theatre\/\">Grands auteurs du th\u00e9\u00e2tre au bac de fran\u00e7ais<\/a><\/li><li><a href=\"https:\/\/groupe-reussite.fr\/ressources\/cp-mouvements-litteraire-theatre-bac-francais\/\">Mouvements litt\u00e9raires du th\u00e9atre<\/a><\/li><li><a href=\"https:\/\/groupe-reussite.fr\/ressources\/cp-francais-histoire-theatre\/\">Histoire du th\u00e9\u00e2tre<\/a><\/li><\/ul><p>Sur la litt\u00e9rature d&rsquo;id\u00e9es :<\/p><ul><li>Les <a href=\"https:\/\/groupe-reussite.fr\/ressources\/cp-francais-genres-argumentatifs\/\">genres argumentatifs en fran\u00e7ais<\/a><\/li><li><a href=\"https:\/\/groupe-reussite.fr\/ressources\/cp-analyser-texte-argumentatif-francais\/\">Analyser un texte argumentatif au bac de fran\u00e7ais<\/a><\/li><li><a href=\"https:\/\/groupe-reussite.fr\/ressources\/cp-francais-grands-auteurs-litterature-idees\/\">Grands auteurs de la litt\u00e9rature d&rsquo;id\u00e9es<\/a><\/li><li><a class=\"waffle-rich-text-link\" href=\"https:\/\/groupe-reussite.fr\/ressources\/cp-francais-sido-vrilles-de-la-vigne-colette\/\">Sido et Les Vrilles de la vigne de Colette<\/a><\/li><\/ul><p>Sur l&rsquo;oral du bac de fran\u00e7ais :\u00a0<\/p><ul><li><a href=\"https:\/\/groupe-reussite.fr\/ressources\/cp-francais-expose-oeuvre-choisie-oral-bac\/\">Pr\u00e9parer l\u2019expos\u00e9 de l\u2019\u0153uvre choisie \u00e0 l\u2019oral du bac de fran\u00e7ais<\/a><\/li><li><a href=\"https:\/\/groupe-reussite.fr\/ressources\/cp-francais-faire-fiche-revision-oral-bac\/\">Faire une fiche de r\u00e9vision pour l\u2019oral de fran\u00e7ais au bac<\/a><\/li><li><a href=\"https:\/\/groupe-reussite.fr\/ressources\/cp-francais-conseils-oral-bac\/\">Conseils pour r\u00e9ussir son oral de bac de fran\u00e7ais<\/a><\/li><li><a href=\"https:\/\/groupe-reussite.fr\/ressources\/cp-tout-savoir-oral-bac-francais\/\">Oral de fran\u00e7ais au bac<\/a><\/li><\/ul><p>Sur la m\u00e9thodologie :\u00a0<\/p><ul><li><a href=\"https:\/\/groupe-reussite.fr\/ressources\/cp-epreuves-programme-bac-francais\/\">Programme au bac de fran\u00e7ais<\/a><\/li><li><a href=\"https:\/\/groupe-reussite.fr\/ressources\/cp-francais-exemple-introduction-dissertation-sur-oeuvre\/\">Exemple d&rsquo;introduction de dissertation au bac de fran\u00e7ais<\/a><\/li><li><a href=\"https:\/\/groupe-reussite.fr\/ressources\/cp-exemples-formules-commentaire-texte\/\">Formules \u00e0 utiliser pour r\u00e9diger un bon commentaire de texte au bac<\/a><\/li><li><a href=\"https:\/\/groupe-reussite.fr\/ressources\/cp-specialites-terminale-francais\/\">Sp\u00e9cialit\u00e9s litt\u00e9raires en terminale<\/a><\/li><\/ul><p>Sur la grammaire :\u00a0<\/p><ul><li><a href=\"https:\/\/groupe-reussite.fr\/ressources\/cp-francais-accords-groupe-nominal-sujet-verbe\/\">Accords dans le groupe nominal et entre le sujet et le verbe<\/a><\/li><li><a href=\"https:\/\/groupe-reussite.fr\/ressources\/cp-francais-relations-logiques-fondamentales\/\">Relations logiques fondamentales<\/a><\/li><li><a class=\"waffle-rich-text-link\" href=\"https:\/\/groupe-reussite.fr\/ressources\/cp-francais-relations-logiques-comparaison-condition\/\">Les relations logiques fondamentales : condition et comparaison<\/a><\/li><li><a href=\"https:\/\/groupe-reussite.fr\/ressources\/cp-francais-propositions-subordonnees-relatives\/\">Propositions subordonn\u00e9es relatives<\/a><\/li><li><a href=\"https:\/\/groupe-reussite.fr\/ressources\/cp-francais-opposition-concession\/\">Opposition et concession<\/a><\/li><\/ul>\t\t\t\t\t<\/div>\n\t\t\t\t\t\t<\/div>\n\t\t\t\t<\/div>\n\t\t\t\t\t\t<\/div>\n\t\t\t\t\t<\/div>\n\t\t<\/div>\n\t\t\t\t\t\t\t\t<\/div>\n\t\t\t\t\t<\/div>\n\t\t<\/section>\n\t\t\t\t\t\t<\/div>\n\t\t\t\t\t<\/div>\n\t\t<\/div>\n\t\t\t\t\t\t\t\t<\/div>\n\t\t\t\t\t<\/div>\n\t\t<\/section>\n\t\t\t\t\t\t\t\t\t<\/div>\n\t\t\t<\/div>\n\t\t\t\t\t<\/div>\n\t\t","protected":false},"excerpt":{"rendered":"<p>Le Malade imaginaire et son parcours associ\u00e9 au bac de fran\u00e7ais Parcours associ\u00e9 malade imaginaire : spectacle et com\u00e9die cours particuliers cours particuliers de fran\u00e7ais r\u00e9server un cours particulier de fran\u00e7ais CONTACTEZ NOUS La com\u00e9die du Malade imaginaire par Moli\u00e8re Jou\u00e9e pour la premi\u00e8re fois en 1673, Le Malade imaginaire est la derni\u00e8re com\u00e9die du [&hellip;]<\/p>\n","protected":false},"author":6,"featured_media":0,"parent":0,"menu_order":0,"comment_status":"closed","ping_status":"closed","template":"elementor_header_footer","meta":[],"yoast_head":"<!-- This site is optimized with the Yoast SEO plugin v20.2.1 - https:\/\/yoast.com\/wordpress\/plugins\/seo\/ -->\n<title>Le Malade imaginaire : fiche parcours associ\u00e9 au bac de fran\u00e7ais<\/title>\n<meta name=\"description\" content=\"Parcours associ\u00e9 malade imaginaire : spectacle et com\u00e9die. L\u2019histoire de la com\u00e9die. La com\u00e9die et le spectacle dans l\u2019\u0153uvre.\" \/>\n<meta name=\"robots\" content=\"index, follow, max-snippet:-1, max-image-preview:large, max-video-preview:-1\" \/>\n<link rel=\"canonical\" href=\"https:\/\/groupe-reussite.fr\/ressources\/cp-francais-parcours-associe-le-malade-imaginaire\/\" \/>\n<meta property=\"og:locale\" content=\"fr_FR\" \/>\n<meta property=\"og:type\" content=\"article\" \/>\n<meta property=\"og:title\" content=\"Le Malade imaginaire : fiche parcours associ\u00e9 au bac de fran\u00e7ais\" \/>\n<meta property=\"og:description\" content=\"Parcours associ\u00e9 malade imaginaire : spectacle et com\u00e9die. L\u2019histoire de la com\u00e9die. La com\u00e9die et le spectacle dans l\u2019\u0153uvre.\" \/>\n<meta property=\"og:url\" content=\"https:\/\/groupe-reussite.fr\/ressources\/cp-francais-parcours-associe-le-malade-imaginaire\/\" \/>\n<meta property=\"og:site_name\" content=\"Groupe R\u00e9ussite\" \/>\n<meta property=\"article:modified_time\" content=\"2024-10-30T07:54:46+00:00\" \/>\n<meta property=\"og:image\" content=\"https:\/\/groupe-reussite.fr\/ressources\/wp-content\/uploads\/2020\/03\/cours-particuliers.jpg\" \/>\n<meta name=\"twitter:card\" content=\"summary_large_image\" \/>\n<meta name=\"twitter:label1\" content=\"Dur\u00e9e de lecture estim\u00e9e\" \/>\n\t<meta name=\"twitter:data1\" content=\"27 minutes\" \/>\n<script type=\"application\/ld+json\" class=\"yoast-schema-graph\">{\"@context\":\"https:\/\/schema.org\",\"@graph\":[{\"@type\":\"WebPage\",\"@id\":\"https:\/\/groupe-reussite.fr\/ressources\/cp-francais-parcours-associe-le-malade-imaginaire\/\",\"url\":\"https:\/\/groupe-reussite.fr\/ressources\/cp-francais-parcours-associe-le-malade-imaginaire\/\",\"name\":\"Le Malade imaginaire : fiche parcours associ\u00e9 au bac de fran\u00e7ais\",\"isPartOf\":{\"@id\":\"https:\/\/groupe-reussite.fr\/ressources\/#website\"},\"datePublished\":\"2022-03-24T10:37:05+00:00\",\"dateModified\":\"2024-10-30T07:54:46+00:00\",\"description\":\"Parcours associ\u00e9 malade imaginaire : spectacle et com\u00e9die. L\u2019histoire de la com\u00e9die. La com\u00e9die et le spectacle dans l\u2019\u0153uvre.\",\"breadcrumb\":{\"@id\":\"https:\/\/groupe-reussite.fr\/ressources\/cp-francais-parcours-associe-le-malade-imaginaire\/#breadcrumb\"},\"inLanguage\":\"fr-FR\",\"potentialAction\":[{\"@type\":\"ReadAction\",\"target\":[\"https:\/\/groupe-reussite.fr\/ressources\/cp-francais-parcours-associe-le-malade-imaginaire\/\"]}]},{\"@type\":\"BreadcrumbList\",\"@id\":\"https:\/\/groupe-reussite.fr\/ressources\/cp-francais-parcours-associe-le-malade-imaginaire\/#breadcrumb\",\"itemListElement\":[{\"@type\":\"ListItem\",\"position\":1,\"name\":\"Accueil\",\"item\":\"https:\/\/groupe-reussite.fr\/ressources\/\"},{\"@type\":\"ListItem\",\"position\":2,\"name\":\"Le Malade imaginaire et son parcours associ\u00e9 au bac de fran\u00e7ais\"}]},{\"@type\":\"WebSite\",\"@id\":\"https:\/\/groupe-reussite.fr\/ressources\/#website\",\"url\":\"https:\/\/groupe-reussite.fr\/ressources\/\",\"name\":\"Groupe R\u00e9ussite\",\"description\":\"Stage et Cours particuliers maths, fran\u00e7ais, anglais, informatique, physique chimie\",\"publisher\":{\"@id\":\"https:\/\/groupe-reussite.fr\/ressources\/#organization\"},\"potentialAction\":[{\"@type\":\"SearchAction\",\"target\":{\"@type\":\"EntryPoint\",\"urlTemplate\":\"https:\/\/groupe-reussite.fr\/ressources\/?s={search_term_string}\"},\"query-input\":\"required name=search_term_string\"}],\"inLanguage\":\"fr-FR\"},{\"@type\":\"Organization\",\"@id\":\"https:\/\/groupe-reussite.fr\/ressources\/#organization\",\"name\":\"Groupe R\u00e9ussite\",\"url\":\"https:\/\/groupe-reussite.fr\/ressources\/\",\"logo\":{\"@type\":\"ImageObject\",\"inLanguage\":\"fr-FR\",\"@id\":\"https:\/\/groupe-reussite.fr\/ressources\/#\/schema\/logo\/image\/\",\"url\":\"https:\/\/groupe-reussite.fr\/ressources\/wp-content\/uploads\/2022\/05\/cropped-cropped-logo-1-1.png\",\"contentUrl\":\"https:\/\/groupe-reussite.fr\/ressources\/wp-content\/uploads\/2022\/05\/cropped-cropped-logo-1-1.png\",\"width\":273,\"height\":75,\"caption\":\"Groupe R\u00e9ussite\"},\"image\":{\"@id\":\"https:\/\/groupe-reussite.fr\/ressources\/#\/schema\/logo\/image\/\"}}]}<\/script>\n<!-- \/ Yoast SEO plugin. -->","yoast_head_json":{"title":"Le Malade imaginaire : fiche parcours associ\u00e9 au bac de fran\u00e7ais","description":"Parcours associ\u00e9 malade imaginaire : spectacle et com\u00e9die. L\u2019histoire de la com\u00e9die. La com\u00e9die et le spectacle dans l\u2019\u0153uvre.","robots":{"index":"index","follow":"follow","max-snippet":"max-snippet:-1","max-image-preview":"max-image-preview:large","max-video-preview":"max-video-preview:-1"},"canonical":"https:\/\/groupe-reussite.fr\/ressources\/cp-francais-parcours-associe-le-malade-imaginaire\/","og_locale":"fr_FR","og_type":"article","og_title":"Le Malade imaginaire : fiche parcours associ\u00e9 au bac de fran\u00e7ais","og_description":"Parcours associ\u00e9 malade imaginaire : spectacle et com\u00e9die. L\u2019histoire de la com\u00e9die. La com\u00e9die et le spectacle dans l\u2019\u0153uvre.","og_url":"https:\/\/groupe-reussite.fr\/ressources\/cp-francais-parcours-associe-le-malade-imaginaire\/","og_site_name":"Groupe R\u00e9ussite","article_modified_time":"2024-10-30T07:54:46+00:00","og_image":[{"url":"https:\/\/groupe-reussite.fr\/ressources\/wp-content\/uploads\/2020\/03\/cours-particuliers.jpg"}],"twitter_card":"summary_large_image","twitter_misc":{"Dur\u00e9e de lecture estim\u00e9e":"27 minutes"},"schema":{"@context":"https:\/\/schema.org","@graph":[{"@type":"WebPage","@id":"https:\/\/groupe-reussite.fr\/ressources\/cp-francais-parcours-associe-le-malade-imaginaire\/","url":"https:\/\/groupe-reussite.fr\/ressources\/cp-francais-parcours-associe-le-malade-imaginaire\/","name":"Le Malade imaginaire : fiche parcours associ\u00e9 au bac de fran\u00e7ais","isPartOf":{"@id":"https:\/\/groupe-reussite.fr\/ressources\/#website"},"datePublished":"2022-03-24T10:37:05+00:00","dateModified":"2024-10-30T07:54:46+00:00","description":"Parcours associ\u00e9 malade imaginaire : spectacle et com\u00e9die. L\u2019histoire de la com\u00e9die. La com\u00e9die et le spectacle dans l\u2019\u0153uvre.","breadcrumb":{"@id":"https:\/\/groupe-reussite.fr\/ressources\/cp-francais-parcours-associe-le-malade-imaginaire\/#breadcrumb"},"inLanguage":"fr-FR","potentialAction":[{"@type":"ReadAction","target":["https:\/\/groupe-reussite.fr\/ressources\/cp-francais-parcours-associe-le-malade-imaginaire\/"]}]},{"@type":"BreadcrumbList","@id":"https:\/\/groupe-reussite.fr\/ressources\/cp-francais-parcours-associe-le-malade-imaginaire\/#breadcrumb","itemListElement":[{"@type":"ListItem","position":1,"name":"Accueil","item":"https:\/\/groupe-reussite.fr\/ressources\/"},{"@type":"ListItem","position":2,"name":"Le Malade imaginaire et son parcours associ\u00e9 au bac de fran\u00e7ais"}]},{"@type":"WebSite","@id":"https:\/\/groupe-reussite.fr\/ressources\/#website","url":"https:\/\/groupe-reussite.fr\/ressources\/","name":"Groupe R\u00e9ussite","description":"Stage et Cours particuliers maths, fran\u00e7ais, anglais, informatique, physique chimie","publisher":{"@id":"https:\/\/groupe-reussite.fr\/ressources\/#organization"},"potentialAction":[{"@type":"SearchAction","target":{"@type":"EntryPoint","urlTemplate":"https:\/\/groupe-reussite.fr\/ressources\/?s={search_term_string}"},"query-input":"required name=search_term_string"}],"inLanguage":"fr-FR"},{"@type":"Organization","@id":"https:\/\/groupe-reussite.fr\/ressources\/#organization","name":"Groupe R\u00e9ussite","url":"https:\/\/groupe-reussite.fr\/ressources\/","logo":{"@type":"ImageObject","inLanguage":"fr-FR","@id":"https:\/\/groupe-reussite.fr\/ressources\/#\/schema\/logo\/image\/","url":"https:\/\/groupe-reussite.fr\/ressources\/wp-content\/uploads\/2022\/05\/cropped-cropped-logo-1-1.png","contentUrl":"https:\/\/groupe-reussite.fr\/ressources\/wp-content\/uploads\/2022\/05\/cropped-cropped-logo-1-1.png","width":273,"height":75,"caption":"Groupe R\u00e9ussite"},"image":{"@id":"https:\/\/groupe-reussite.fr\/ressources\/#\/schema\/logo\/image\/"}}]}},"_links":{"self":[{"href":"https:\/\/groupe-reussite.fr\/ressources\/wp-json\/wp\/v2\/pages\/154237"}],"collection":[{"href":"https:\/\/groupe-reussite.fr\/ressources\/wp-json\/wp\/v2\/pages"}],"about":[{"href":"https:\/\/groupe-reussite.fr\/ressources\/wp-json\/wp\/v2\/types\/page"}],"author":[{"embeddable":true,"href":"https:\/\/groupe-reussite.fr\/ressources\/wp-json\/wp\/v2\/users\/6"}],"replies":[{"embeddable":true,"href":"https:\/\/groupe-reussite.fr\/ressources\/wp-json\/wp\/v2\/comments?post=154237"}],"version-history":[{"count":3,"href":"https:\/\/groupe-reussite.fr\/ressources\/wp-json\/wp\/v2\/pages\/154237\/revisions"}],"predecessor-version":[{"id":219627,"href":"https:\/\/groupe-reussite.fr\/ressources\/wp-json\/wp\/v2\/pages\/154237\/revisions\/219627"}],"wp:attachment":[{"href":"https:\/\/groupe-reussite.fr\/ressources\/wp-json\/wp\/v2\/media?parent=154237"}],"curies":[{"name":"wp","href":"https:\/\/api.w.org\/{rel}","templated":true}]}}