{"id":167277,"date":"2022-06-14T10:04:06","date_gmt":"2022-06-14T09:04:06","guid":{"rendered":"https:\/\/groupe-reussite.fr\/ressources\/?page_id=167277"},"modified":"2023-10-18T08:35:14","modified_gmt":"2023-10-18T07:35:14","slug":"cp-francais-grands-auteurs-litterature-idees","status":"publish","type":"page","link":"https:\/\/groupe-reussite.fr\/ressources\/cp-francais-grands-auteurs-litterature-idees\/","title":{"rendered":"Les grands auteurs de la litt\u00e9rature d\u2019id\u00e9es"},"content":{"rendered":"\t\t<div data-elementor-type=\"wp-page\" data-elementor-id=\"167277\" class=\"elementor elementor-167277\">\n\t\t\t\t\n\t\t<script type=\"text\/javascript\">\n\t\t\tjQuery(document).ready(function() {\n\n\t\t\t\tjQuery(\".elementor-element-6fe69c56\").prepend('<div class=\"aepro-section-bs\"><div class=\"aepro-section-bs-inner\"><\/div><\/div>');\n\t\t\t\tvar bgimage = '';\n\t\t\t\tif ('yes' == 'yes') {\n\n\t\t\t\t\t\/\/if(bgimage == ''){\n\t\t\t\t\t\/\/    var bgoverlay = '';\n\t\t\t\t\t\/\/}else{\n\t\t\t\t\tvar bgoverlay = 'https:\/\/groupe-reussite.fr\/ressources\/wp-content\/plugins\/anywhere-elementor-pro\/includes\/assets\/lib\/vegas\/overlays\/00.png';\n\t\t\t\t\t\/\/ }\n\t\t\t\t} else {\n\t\t\t\t\tif ('') {\n\t\t\t\t\t\tvar bgoverlay = 'https:\/\/groupe-reussite.fr\/ressources\/wp-content\/plugins\/anywhere-elementor-pro\/includes\/assets\/lib\/vegas\/overlays\/.png';\n\t\t\t\t\t} else {\n\t\t\t\t\t\tvar bgoverlay = 'https:\/\/groupe-reussite.fr\/ressources\/wp-content\/plugins\/anywhere-elementor-pro\/includes\/assets\/lib\/vegas\/overlays\/00.png';\n\t\t\t\t\t}\n\t\t\t\t}\n\n\n\t\t\t\tjQuery(\".elementor-element-6fe69c56\").children('.aepro-section-bs').children('.aepro-section-bs-inner').vegas({\n\t\t\t\t\tslides: [{\"src\":\"https:\\\/\\\/groupe-reussite.fr\\\/ressources\\\/wp-content\\\/uploads\\\/2017\\\/11\\\/stage-maths-sup-spe-banniere-3.jpg\"}],\n\t\t\t\t\ttransition: 'fade',\n\t\t\t\t\tanimation: 'kenburns',\n\t\t\t\t\toverlay: bgoverlay,\n\t\t\t\t\tcover: true,\n\t\t\t\t\tdelay: 5000,\n\t\t\t\t\ttimer: true\t\t\t\t});\n\t\t\t\tif ('yes' == 'yes') {\n\t\t\t\t\tjQuery(\".elementor-element-6fe69c56\").children('.aepro-section-bs').children('.aepro-section-bs-inner').children('.vegas-overlay').css('background-image', '');\n\t\t\t\t}\n\t\t\t});\n\t\t<\/script>\n\t\t\t\t<section class=\"has_ae_slider elementor-section elementor-top-section elementor-element elementor-element-6fe69c56 elementor-section-stretched elementor-section-boxed elementor-section-height-default elementor-section-height-default ae-bg-gallery-type-default\" data-id=\"6fe69c56\" data-element_type=\"section\" data-e-type=\"section\" id=\"header_height\" data-settings=\"{&quot;stretch_section&quot;:&quot;section-stretched&quot;,&quot;background_background&quot;:&quot;classic&quot;}\">\n\t\t\t\t\t\t<div class=\"elementor-container elementor-column-gap-default\">\n\t\t\t\t\t<div class=\"has_ae_slider elementor-column elementor-col-100 elementor-top-column elementor-element elementor-element-75db7b60 ae-bg-gallery-type-default\" data-id=\"75db7b60\" data-element_type=\"column\" data-e-type=\"column\">\n\t\t\t<div class=\"elementor-widget-wrap elementor-element-populated\">\n\t\t\t\t\t\t<div class=\"elementor-element elementor-element-711e6392 elementor-widget elementor-widget-heading\" data-id=\"711e6392\" data-element_type=\"widget\" data-e-type=\"widget\" data-widget_type=\"heading.default\">\n\t\t\t\t<div class=\"elementor-widget-container\">\n\t\t\t\t\t<h1 class=\"elementor-heading-title elementor-size-default\">Les moralistes de la litt\u00e9rature d\u2019id\u00e9es au bac de fran\u00e7ais<\/h1>\t\t\t\t<\/div>\n\t\t\t\t<\/div>\n\t\t\t\t<div class=\"elementor-element elementor-element-3a6c4711 elementor-widget elementor-widget-heading\" data-id=\"3a6c4711\" data-element_type=\"widget\" data-e-type=\"widget\" data-widget_type=\"heading.default\">\n\t\t\t\t<div class=\"elementor-widget-container\">\n\t\t\t\t\t<h2 class=\"elementor-heading-title elementor-size-default\">Les plus grands auteurs de la litt\u00e9rature d'id\u00e9es et leur mouvement<\/h2>\t\t\t\t<\/div>\n\t\t\t\t<\/div>\n\t\t\t\t<div class=\"elementor-element elementor-element-317fa871 elementor-widget elementor-widget-text-editor\" data-id=\"317fa871\" data-element_type=\"widget\" data-e-type=\"widget\" data-widget_type=\"text-editor.default\">\n\t\t\t\t<div class=\"elementor-widget-container\">\n\t\t\t\t\t\t\t\t\t<p style=\"text-align: justify\">\t\t<div data-elementor-type=\"section\" data-elementor-id=\"112233\" class=\"elementor elementor-112233\">\n\t\t\t\t\t<div class=\"elementor-section-wrap\">\n\t\t\t\t\t\t\t\t<section class=\"has_ae_slider elementor-section elementor-inner-section elementor-element elementor-element-2753c5f2 elementor-section-content-bottom elementor-section-full_width elementor-section-height-min-height elementor-section-height-default ae-bg-gallery-type-default\" data-id=\"2753c5f2\" data-element_type=\"section\" data-e-type=\"section\">\n\t\t\t\t\t\t<div class=\"elementor-container elementor-column-gap-default\">\n\t\t\t\t\t<div class=\"has_ae_slider elementor-column elementor-col-100 elementor-inner-column elementor-element elementor-element-27ee3c1b ae-bg-gallery-type-default\" data-id=\"27ee3c1b\" data-element_type=\"column\" data-e-type=\"column\">\n\t\t\t<div class=\"elementor-widget-wrap elementor-element-populated\">\n\t\t\t\t\t\t<div class=\"elementor-element elementor-element-4c70fc7d elementor-align-center elementor-widget elementor-widget-button\" data-id=\"4c70fc7d\" data-element_type=\"widget\" data-e-type=\"widget\" data-widget_type=\"button.default\">\n\t\t\t\t<div class=\"elementor-widget-container\">\n\t\t\t\t\t\t\t\t\t<div class=\"elementor-button-wrapper\">\n\t\t\t\t\t<a class=\"elementor-button elementor-button-link elementor-size-md elementor-animation-grow\" href=\"https:\/\/groupe-reussite.fr\/cours-particuliers\/francais\/tous-niveaux\/france\/\" target=\"_blank\">\n\t\t\t\t\t\t<span class=\"elementor-button-content-wrapper\">\n\t\t\t\t\t\t<span class=\"elementor-button-icon\">\n\t\t\t\t<i aria-hidden=\"true\" class=\"fas fa-bookmark\"><\/i>\t\t\t<\/span>\n\t\t\t\t\t\t\t\t\t<span class=\"elementor-button-text\">Trouver des professeurs particuliers de fran\u00e7ais<\/span>\n\t\t\t\t\t<\/span>\n\t\t\t\t\t<\/a>\n\t\t\t\t<\/div>\n\t\t\t\t\t\t\t\t<\/div>\n\t\t\t\t<\/div>\n\t\t\t\t\t<\/div>\n\t\t<\/div>\n\t\t\t\t\t<\/div>\n\t\t<\/section>\n\t\t\t\t\t\t\t<\/div>\n\t\t\t\t<\/div>\n\t\t<\/p>\t\t\t\t\t\t\t\t<\/div>\n\t\t\t\t<\/div>\n\t\t\t\t\t<\/div>\n\t\t<\/div>\n\t\t\t\t\t<\/div>\n\t\t<\/section>\n\t\t\t\t<section class=\"has_ae_slider elementor-section elementor-top-section elementor-element elementor-element-2305ac68 elementor-section-full_width sticky_page elementor-section-height-default elementor-section-height-default ae-bg-gallery-type-default\" data-id=\"2305ac68\" data-element_type=\"section\" data-e-type=\"section\">\n\t\t\t\t\t\t<div class=\"elementor-container elementor-column-gap-no\">\n\t\t\t\t\t<div class=\"has_ae_slider elementor-column elementor-col-33 elementor-top-column elementor-element elementor-element-35198305 col_height ae-bg-gallery-type-default\" data-id=\"35198305\" data-element_type=\"column\" data-e-type=\"column\" data-settings=\"{&quot;background_background&quot;:&quot;classic&quot;}\">\n\t\t\t<div class=\"elementor-widget-wrap elementor-element-populated\">\n\t\t\t\t\t\t<section class=\"has_ae_slider elementor-section elementor-inner-section elementor-element elementor-element-834d224 elementor-section-content-middle wrap elementor-section-boxed elementor-section-height-default elementor-section-height-default ae-bg-gallery-type-default\" data-id=\"834d224\" data-element_type=\"section\" data-e-type=\"section\">\n\t\t\t\t\t\t<div class=\"elementor-container elementor-column-gap-no\">\n\t\t\t\t\t<div class=\"has_ae_slider elementor-column elementor-col-50 elementor-inner-column elementor-element elementor-element-8694162 hide_col ae-bg-gallery-type-default\" data-id=\"8694162\" data-element_type=\"column\" data-e-type=\"column\">\n\t\t\t<div class=\"elementor-widget-wrap\">\n\t\t\t\t\t\t\t<\/div>\n\t\t<\/div>\n\t\t\t\t<div class=\"has_ae_slider elementor-column elementor-col-50 elementor-inner-column elementor-element elementor-element-e0e2fec strick_col ae-bg-gallery-type-default\" data-id=\"e0e2fec\" data-element_type=\"column\" data-e-type=\"column\" data-settings=\"{&quot;background_background&quot;:&quot;classic&quot;}\">\n\t\t\t<div class=\"elementor-widget-wrap elementor-element-populated\">\n\t\t\t\t\t\t<div class=\"elementor-element elementor-element-8488fea elementor-widget elementor-widget-image\" data-id=\"8488fea\" data-element_type=\"widget\" data-e-type=\"widget\" data-widget_type=\"image.default\">\n\t\t\t\t<div class=\"elementor-widget-container\">\n\t\t\t\t\t\t\t\t\t\t\t\t\t\t\t<img fetchpriority=\"high\" decoding=\"async\" width=\"300\" height=\"210\" src=\"https:\/\/groupe-reussite.fr\/ressources\/wp-content\/uploads\/2020\/03\/cours-particuliers.jpg\" class=\"attachment-large size-large wp-image-44782\" alt=\"cours-particulier-paris\" \/>\t\t\t\t\t\t\t\t\t\t\t\t\t\t\t<\/div>\n\t\t\t\t<\/div>\n\t\t\t\t<div class=\"elementor-element elementor-element-45bf37a elementor-widget elementor-widget-heading\" data-id=\"45bf37a\" data-element_type=\"widget\" data-e-type=\"widget\" data-widget_type=\"heading.default\">\n\t\t\t\t<div class=\"elementor-widget-container\">\n\t\t\t\t\t<h3 class=\"elementor-heading-title elementor-size-default\">cours particuliers<\/h3>\t\t\t\t<\/div>\n\t\t\t\t<\/div>\n\t\t\t\t<div class=\"elementor-element elementor-element-55b0968 elementor-widget elementor-widget-heading\" data-id=\"55b0968\" data-element_type=\"widget\" data-e-type=\"widget\" data-widget_type=\"heading.default\">\n\t\t\t\t<div class=\"elementor-widget-container\">\n\t\t\t\t\t<h4 class=\"elementor-heading-title elementor-size-default\">cours particuliers de fran\u00e7ais<\/h4>\t\t\t\t<\/div>\n\t\t\t\t<\/div>\n\t\t\t\t<div class=\"elementor-element elementor-element-eb01105 elementor-align-center elementor-widget elementor-widget-button\" data-id=\"eb01105\" data-element_type=\"widget\" data-e-type=\"widget\" data-widget_type=\"button.default\">\n\t\t\t\t<div class=\"elementor-widget-container\">\n\t\t\t\t\t\t\t\t\t<div class=\"elementor-button-wrapper\">\n\t\t\t\t\t<a class=\"elementor-button elementor-button-link elementor-size-sm\" href=\"https:\/\/groupe-reussite.fr\/cours-particuliers\/francais\/tous-niveaux\/france\/\" target=\"_blank\">\n\t\t\t\t\t\t<span class=\"elementor-button-content-wrapper\">\n\t\t\t\t\t\t\t\t\t<span class=\"elementor-button-text\">r\u00e9server un cours particulier de fran\u00e7ais<\/span>\n\t\t\t\t\t<\/span>\n\t\t\t\t\t<\/a>\n\t\t\t\t<\/div>\n\t\t\t\t\t\t\t\t<\/div>\n\t\t\t\t<\/div>\n\t\t\t\t<div class=\"elementor-element elementor-element-532d9aa elementor-align-justify elementor-widget elementor-widget-button\" data-id=\"532d9aa\" data-element_type=\"widget\" data-e-type=\"widget\" data-widget_type=\"button.default\">\n\t\t\t\t<div class=\"elementor-widget-container\">\n\t\t\t\t\t\t\t\t\t<div class=\"elementor-button-wrapper\">\n\t\t\t\t\t<a class=\"elementor-button elementor-button-link elementor-size-sm\" href=\"https:\/\/groupe-reussite.fr\/nous-contacter\/\">\n\t\t\t\t\t\t<span class=\"elementor-button-content-wrapper\">\n\t\t\t\t\t\t\t\t\t<span class=\"elementor-button-text\">CONTACTEZ  NOUS<\/span>\n\t\t\t\t\t<\/span>\n\t\t\t\t\t<\/a>\n\t\t\t\t<\/div>\n\t\t\t\t\t\t\t\t<\/div>\n\t\t\t\t<\/div>\n\t\t\t\t\t<\/div>\n\t\t<\/div>\n\t\t\t\t\t<\/div>\n\t\t<\/section>\n\t\t\t\t\t<\/div>\n\t\t<\/div>\n\t\t\t\t<div class=\"has_ae_slider elementor-column elementor-col-66 elementor-top-column elementor-element elementor-element-12987e37 section_width ae-bg-gallery-type-default\" data-id=\"12987e37\" data-element_type=\"column\" data-e-type=\"column\">\n\t\t\t<div class=\"elementor-widget-wrap elementor-element-populated\">\n\t\t\t\t\t\t<section class=\"has_ae_slider elementor-section elementor-inner-section elementor-element elementor-element-1e473da0 elementor-section-content-middle full_width elementor-section-boxed elementor-section-height-default elementor-section-height-default ae-bg-gallery-type-default\" data-id=\"1e473da0\" data-element_type=\"section\" data-e-type=\"section\">\n\t\t\t\t\t\t<div class=\"elementor-container elementor-column-gap-no\">\n\t\t\t\t\t<div class=\"has_ae_slider elementor-column elementor-col-100 elementor-inner-column elementor-element elementor-element-240e788 ae-bg-gallery-type-default\" data-id=\"240e788\" data-element_type=\"column\" data-e-type=\"column\">\n\t\t\t<div class=\"elementor-widget-wrap elementor-element-populated\">\n\t\t\t\t\t\t<div class=\"elementor-element elementor-element-47c485af elementor-widget elementor-widget-text-editor\" data-id=\"47c485af\" data-element_type=\"widget\" data-e-type=\"widget\" data-widget_type=\"text-editor.default\">\n\t\t\t\t<div class=\"elementor-widget-container\">\n\t\t\t\t\t\t\t\t\t<h2>Les moralistes du 16\u00e8me si\u00e8cle<\/h2><div id=\"gtx-trans\"><div class=\"gtx-trans-icon\">\u00a0<\/div><\/div>\t\t\t\t\t\t\t\t<\/div>\n\t\t\t\t<\/div>\n\t\t\t\t<div class=\"elementor-element elementor-element-180d4d0 elementor-widget elementor-widget-text-editor\" data-id=\"180d4d0\" data-element_type=\"widget\" data-e-type=\"widget\" data-widget_type=\"text-editor.default\">\n\t\t\t\t<div class=\"elementor-widget-container\">\n\t\t\t\t\t\t\t\t\t<p>Le XVI\u00e8me si\u00e8cle est marqu\u00e9 par la naissance du <strong>mouvement<\/strong> <strong>humaniste<\/strong> qui encourage l\u2019\u00e9ducation en vue de <strong>perfectionner l\u2019Homme<\/strong>. Dans un si\u00e8cle o\u00f9 la place de ce dernier est remise en question par les grandes d\u00e9couvertes ou la doctrine de l\u2019h\u00e9liocentrisme, les auteurs cr\u00e9ent des \u0153uvres dans lesquelles<strong> ils privil\u00e9gient le questionnement<\/strong> \u00e0 l\u2019affirmation : c\u2019est la naissance des essais. Les <a href=\"https:\/\/groupe-reussite.fr\/cours-particuliers\/francais\/tous-niveaux\/france\/\">cours de fran\u00e7ais<\/a> pour la pr\u00e9paration du bac mettent en lumi\u00e8re la litt\u00e9rature d&rsquo;id\u00e9es et certains des auteurs qui ont marqu\u00e9 l&rsquo;histoire de la litt\u00e9rature.<\/p><p>Lire aussi : les <a href=\"https:\/\/groupe-reussite.fr\/ressources\/cp-tout-savoir-sur-les-cours-de-francais-au-lycee\/\">cours de fran\u00e7ais au lyc\u00e9e<\/a> et la <a href=\"https:\/\/groupe-reussite.fr\/ressources\/cp-tout-savoir-sur-la-litterature-didees-au-bac-de-francais\/\">litt\u00e9rature d&rsquo;id\u00e9es au bac de fran\u00e7ais<\/a><\/p><p>\t\t<div data-elementor-type=\"section\" data-elementor-id=\"190585\" class=\"elementor elementor-190585\">\n\t\t\t\t\t<div class=\"elementor-section-wrap\">\n\t\t\t\t\t\t\t\t<section class=\"has_ae_slider elementor-section elementor-inner-section elementor-element elementor-element-2ffb26a8 elementor-section-content-bottom full_width elementor-section-full_width elementor-section-height-min-height elementor-section-height-default ae-bg-gallery-type-default\" data-id=\"2ffb26a8\" data-element_type=\"section\" data-e-type=\"section\" data-settings=\"{&quot;background_background&quot;:&quot;gradient&quot;}\">\n\t\t\t\t\t\t\t<div class=\"elementor-background-overlay\"><\/div>\n\t\t\t\t\t\t\t<div class=\"elementor-container elementor-column-gap-narrow\">\n\t\t\t\t\t<div class=\"has_ae_slider elementor-column elementor-col-50 elementor-inner-column elementor-element elementor-element-2a7fd5cb ae-bg-gallery-type-default\" data-id=\"2a7fd5cb\" data-element_type=\"column\" data-e-type=\"column\">\n\t\t\t<div class=\"elementor-widget-wrap elementor-element-populated\">\n\t\t\t\t\t\t<div class=\"elementor-element elementor-element-28ebd862 elementor-widget elementor-widget-heading\" data-id=\"28ebd862\" data-element_type=\"widget\" data-e-type=\"widget\" data-widget_type=\"heading.default\">\n\t\t\t\t<div class=\"elementor-widget-container\">\n\t\t\t\t\t<h3 class=\"elementor-heading-title elementor-size-default\">SUIVRE DES COURS PARTICULIERS DE FRANCAIS<\/h3>\t\t\t\t<\/div>\n\t\t\t\t<\/div>\n\t\t\t\t<div class=\"elementor-element elementor-element-63b8c1d6 elementor-widget elementor-widget-heading\" data-id=\"63b8c1d6\" data-element_type=\"widget\" data-e-type=\"widget\" data-widget_type=\"heading.default\">\n\t\t\t\t<div class=\"elementor-widget-container\">\n\t\t\t\t\t<h4 class=\"elementor-heading-title elementor-size-default\">Avoir des bases solides et exceller<\/h4>\t\t\t\t<\/div>\n\t\t\t\t<\/div>\n\t\t\t\t<div class=\"elementor-element elementor-element-3dd7b254 elementor-align-left elementor-mobile-align-center elementor-widget elementor-widget-button\" data-id=\"3dd7b254\" data-element_type=\"widget\" data-e-type=\"widget\" data-widget_type=\"button.default\">\n\t\t\t\t<div class=\"elementor-widget-container\">\n\t\t\t\t\t\t\t\t\t<div class=\"elementor-button-wrapper\">\n\t\t\t\t\t<a class=\"elementor-button elementor-button-link elementor-size-md\" href=\"https:\/\/groupe-reussite.fr\/cours-particuliers\/francais\/tous-niveaux\/france\/\" target=\"_blank\" id=\"CTA_PRD_CP\">\n\t\t\t\t\t\t<span class=\"elementor-button-content-wrapper\">\n\t\t\t\t\t\t\t\t\t<span class=\"elementor-button-text\">Cours de fran\u00e7ais \u00e0 domicile<\/span>\n\t\t\t\t\t<\/span>\n\t\t\t\t\t<\/a>\n\t\t\t\t<\/div>\n\t\t\t\t\t\t\t\t<\/div>\n\t\t\t\t<\/div>\n\t\t\t\t\t<\/div>\n\t\t<\/div>\n\t\t\t\t<div class=\"has_ae_slider elementor-column elementor-col-50 elementor-inner-column elementor-element elementor-element-737eeb02 ae-bg-gallery-type-default\" data-id=\"737eeb02\" data-element_type=\"column\" data-e-type=\"column\">\n\t\t\t<div class=\"elementor-widget-wrap\">\n\t\t\t\t\t\t\t<\/div>\n\t\t<\/div>\n\t\t\t\t\t<\/div>\n\t\t<\/section>\n\t\t\t\t\t\t\t<\/div>\n\t\t\t\t<\/div>\n\t\t<\/p>\t\t\t\t\t\t\t\t<\/div>\n\t\t\t\t<\/div>\n\t\t\t\t<div class=\"elementor-element elementor-element-2f2f5c7 blacktitle elementor-widget elementor-widget-text-editor\" data-id=\"2f2f5c7\" data-element_type=\"widget\" data-e-type=\"widget\" data-widget_type=\"text-editor.default\">\n\t\t\t\t<div class=\"elementor-widget-container\">\n\t\t\t\t\t\t\t\t\t<h3>Michel de Montaigne (1533-1592)<\/h3>\t\t\t\t\t\t\t\t<\/div>\n\t\t\t\t<\/div>\n\t\t\t\t<div class=\"elementor-element elementor-element-3028b31 elementor-widget elementor-widget-text-editor\" data-id=\"3028b31\" data-element_type=\"widget\" data-e-type=\"widget\" data-widget_type=\"text-editor.default\">\n\t\t\t\t<div class=\"elementor-widget-container\">\n\t\t\t\t\t\t\t\t\t<p><strong>Michel de Montaigne<\/strong> grandit au milieu d\u2019une famille instruite et humaniste. Il fait lui-m\u00eame des \u00e9tudes de droit, ce qui le m\u00e8ne au poste de magistrat au Parlement de Bordeaux. Il y rencontrera notamment Etienne de la Bo\u00e9tie, qui deviendra un de ses plus chers amis. En 1571, Montaigne quitte son <strong>poste \u00e0 la magistrature<\/strong> et se retire dans son ch\u00e2teau de Dordogne, o\u00f9 il commence l\u2019<strong>\u00e9criture des <em>Essais<\/em><\/strong>. Dans cet ouvrage novateur, Montaigne livre ses r\u00e9flexions sur la condition humaine et l\u2019art de vivre. Il s\u2019inspire notamment de ses propres exp\u00e9riences et de ses lectures pour nourrir ses questionnements. Il publie une premi\u00e8re fois son \u0153uvre en 1580, avant d\u2019\u00eatre \u00e9lu en tant que maire de Bordeaux jusqu\u2019en 1585. Quelques ann\u00e9es apr\u00e8s son mandat, il publie une <strong>nouvelle version augment\u00e9e<\/strong> de ses <em>Essais<\/em>. Atteint de la gravelle depuis plusieurs ann\u00e9es, Michel de Montaigne essaye de travailler \u00e0 une troisi\u00e8me version des<em> Essais<\/em>, mais il meurt en 1592. Cette derni\u00e8re \u00e9dition sera donc publi\u00e9e apr\u00e8s sa mort en 1595.<\/p><p><strong>Humanisme<\/strong> :\u00a0<\/p><ul><li>Les<em> Essais<\/em> (1580, 1588, 1595)<\/li><\/ul><p>Montaigne est l\u2019homme d\u2019une seule \u0153uvre ! Il a toutefois \u00e9crit un <strong>journal de voyage<\/strong> en plus de ses <em>Essais<\/em>.<\/p><p>Montaigne a continu\u00e9 de servir le roi pendant les <strong>guerres de religion<\/strong>, sans pour autant prendre parti. Il a m\u00eame essay\u00e9 de servir d\u2019interm\u00e9diaire entre les catholiques et les protestants, ce qui lui valut quelques heures de prison \u00e0 <strong>la Bastille<\/strong>.<\/p>\t\t\t\t\t\t\t\t<\/div>\n\t\t\t\t<\/div>\n\t\t\t\t<div class=\"elementor-element elementor-element-831c019 blacktitle elementor-widget elementor-widget-text-editor\" data-id=\"831c019\" data-element_type=\"widget\" data-e-type=\"widget\" data-widget_type=\"text-editor.default\">\n\t\t\t\t<div class=\"elementor-widget-container\">\n\t\t\t\t\t\t\t\t\t<h3>Etienne de la Bo\u00e9tie (1530-1563)<\/h3>\t\t\t\t\t\t\t\t<\/div>\n\t\t\t\t<\/div>\n\t\t\t\t<div class=\"elementor-element elementor-element-bb4f7a8 elementor-widget elementor-widget-text-editor\" data-id=\"bb4f7a8\" data-element_type=\"widget\" data-e-type=\"widget\" data-widget_type=\"text-editor.default\">\n\t\t\t\t<div class=\"elementor-widget-container\">\n\t\t\t\t\t\t\t\t\t<p><strong>Etienne de la Bo\u00e9tie<\/strong> grandit dans le P\u00e9rigord, au sein d\u2019une famille bourgeoise et cultiv\u00e9e. \u00c9tudiant en droit, il en profite pour \u00e9crire : d\u2019abord des vers en fran\u00e7ais, latin ou grec, puis des traductions de textes antiques, et enfin un sulfureux r\u00e9quisitoire contre la tyrannie, le Discours sur la servitude volontaire. Cette \u0153uvre pose notamment la question du <strong>lien entre le pouvoir et le peuple<\/strong> et s\u2019interroge sur la fa\u00e7on dont ce dernier finit par se soumettre \u00e0 une minorit\u00e9 de personnes, souvent cruelles et injustes. Sous couvert de r\u00e9flexions g\u00e9n\u00e9rales, l&rsquo;\u0153uvre d\u00e9nonce en r\u00e9alit\u00e9 le<strong> pouvoir<\/strong> en place, raison pour laquelle elle n\u2019est pas publi\u00e9e officiellement. En 1554, La Bo\u00e9tie devient le plus jeune conseiller du Parlement de Bordeaux, o\u00f9 il rencontrera <strong>Michel de Montaigne<\/strong>, qui deviendra son plus cher ami. Comme lui, il participe \u00e0 de nombreuses <strong>n\u00e9gociations pour la paix entre les catholiques et les protestants<\/strong> avant de mourir brutalement de maladie en 1663.<\/p><p><strong>Humanisme<\/strong> :\u00a0<\/p><ul><li><em>Discours de la servitude volontaire ou le Contr\u2019un<\/em> (\u00e9crit vers 1548)<\/li><\/ul><p>La Bo\u00e9tie est surtout connu pour son discours. Il a aussi r\u00e9alis\u00e9 plusieurs <strong>traductions de textes classiques<\/strong>.<\/p><p>La Bo\u00e9tie devient conseiller du Parlement de Bordeaux deux ans avant l\u2019\u00e2ge l\u00e9gal.<\/p><p>Lire aussi : les <a href=\"https:\/\/groupe-reussite.fr\/ressources\/cp-francais-genres-argumentatifs\/\">genres argumentatifs en fran\u00e7ais<\/a>\u00a0<\/p>\t\t\t\t\t\t\t\t<\/div>\n\t\t\t\t<\/div>\n\t\t\t\t<div class=\"elementor-element elementor-element-15dc1d7 blacktitle elementor-widget elementor-widget-text-editor\" data-id=\"15dc1d7\" data-element_type=\"widget\" data-e-type=\"widget\" data-widget_type=\"text-editor.default\">\n\t\t\t\t<div class=\"elementor-widget-container\">\n\t\t\t\t\t\t\t\t\t<h3>Jean Calvin (1509-1564)<\/h3>\t\t\t\t\t\t\t\t<\/div>\n\t\t\t\t<\/div>\n\t\t\t\t<div class=\"elementor-element elementor-element-0d0b5d7 elementor-widget elementor-widget-text-editor\" data-id=\"0d0b5d7\" data-element_type=\"widget\" data-e-type=\"widget\" data-widget_type=\"text-editor.default\">\n\t\t\t\t<div class=\"elementor-widget-container\">\n\t\t\t\t\t\t\t\t\t<p><strong>Jean Calvin<\/strong> fait des \u00e9tudes de droit pendant lesquelles il rencontre et fr\u00e9quente le recteur d\u2019universit\u00e9 Nicolas Cop, accus\u00e9 d\u2019h\u00e9r\u00e9sie pour <strong>promouvoir une r\u00e9forme religieuse<\/strong>. Inqui\u00e9t\u00e9 \u00e0 cause de ses liens avec un h\u00e9r\u00e9tique, lui-m\u00eame oppos\u00e9 \u00e0 l\u2019Eglise catholique romaine, Jean Calvin fuit la France pour la Suisse au moment des <strong>r\u00e9pressions s\u00e9v\u00e8res<\/strong> ordonn\u00e9es contre les protestants par Fran\u00e7ois Ier. Il r\u00e9dige l\u00e0-bas son texte fondateur : <em><strong>L\u2019institution de la religion chr\u00e9tienne<\/strong><\/em>. Dans cet ouvrage, Calvin d\u00e9veloppe les bases de sa <strong>doctrine protestante<\/strong>, \u00e0 savoir la souverainet\u00e9 de Dieu et la pr\u00e9destination de certains hommes \u00e0 la vie \u00e9ternelle. Il commence \u00e0 mettre en place sa r\u00e9forme \u00e0 Gen\u00e8ve avant d\u2019en \u00eatre expuls\u00e9, puis s\u2019installe \u00e0 Strasbourg pour pr\u00eacher et enseigner son \u00e9glise r\u00e9form\u00e9e. Calvin revient \u00e0 Gen\u00e8ve en 1541 et poursuit sa <strong>politique de r\u00e9formes<\/strong>. Cette derni\u00e8re s\u2019\u00e9tend alors rapidement dans l\u2019Europe de l\u2019Est et du nord avant sa mort en 1564.<\/p><p><strong>Protestantisme<\/strong> :\u00a0<\/p><ul><li><em>Institution de la religion chr\u00e9tienne<\/em> (1536)<\/li><li><em>Trait\u00e9 des reliques<\/em> (1543)<\/li><\/ul><p>Finalement, Jean Calvin a peu \u00e9crit, si ce n\u2019est son texte majeur<em> Institution de la religion chr\u00e9tienne<\/em>. Il a toutefois entretenu une abondante correspondance avec des <strong>r\u00e9form\u00e9s<\/strong>.<\/p><p>Jean Calvin n\u2019est pas le seul \u00e0 \u0153uvrer pour la r\u00e9forme protestante : il poursuit les id\u00e9es de Martin Luther, Ulrich Zwingli et Martin Bucer.<\/p><p>\t\t<div data-elementor-type=\"section\" data-elementor-id=\"112233\" class=\"elementor elementor-112233\">\n\t\t\t\t\t<div class=\"elementor-section-wrap\">\n\t\t\t\t\t\t\t\t<section class=\"has_ae_slider elementor-section elementor-inner-section elementor-element elementor-element-2753c5f2 elementor-section-content-bottom elementor-section-full_width elementor-section-height-min-height elementor-section-height-default ae-bg-gallery-type-default\" data-id=\"2753c5f2\" data-element_type=\"section\" data-e-type=\"section\">\n\t\t\t\t\t\t<div class=\"elementor-container elementor-column-gap-default\">\n\t\t\t\t\t<div class=\"has_ae_slider elementor-column elementor-col-100 elementor-inner-column elementor-element elementor-element-27ee3c1b ae-bg-gallery-type-default\" data-id=\"27ee3c1b\" data-element_type=\"column\" data-e-type=\"column\">\n\t\t\t<div class=\"elementor-widget-wrap elementor-element-populated\">\n\t\t\t\t\t\t<div class=\"elementor-element elementor-element-4c70fc7d elementor-align-center elementor-widget elementor-widget-button\" data-id=\"4c70fc7d\" data-element_type=\"widget\" data-e-type=\"widget\" data-widget_type=\"button.default\">\n\t\t\t\t<div class=\"elementor-widget-container\">\n\t\t\t\t\t\t\t\t\t<div class=\"elementor-button-wrapper\">\n\t\t\t\t\t<a class=\"elementor-button elementor-button-link elementor-size-md elementor-animation-grow\" href=\"https:\/\/groupe-reussite.fr\/cours-particuliers\/francais\/tous-niveaux\/france\/\" target=\"_blank\">\n\t\t\t\t\t\t<span class=\"elementor-button-content-wrapper\">\n\t\t\t\t\t\t<span class=\"elementor-button-icon\">\n\t\t\t\t<i aria-hidden=\"true\" class=\"fas fa-bookmark\"><\/i>\t\t\t<\/span>\n\t\t\t\t\t\t\t\t\t<span class=\"elementor-button-text\">Trouver des professeurs particuliers de fran\u00e7ais<\/span>\n\t\t\t\t\t<\/span>\n\t\t\t\t\t<\/a>\n\t\t\t\t<\/div>\n\t\t\t\t\t\t\t\t<\/div>\n\t\t\t\t<\/div>\n\t\t\t\t\t<\/div>\n\t\t<\/div>\n\t\t\t\t\t<\/div>\n\t\t<\/section>\n\t\t\t\t\t\t\t<\/div>\n\t\t\t\t<\/div>\n\t\t<\/p>\t\t\t\t\t\t\t\t<\/div>\n\t\t\t\t<\/div>\n\t\t\t\t<div class=\"elementor-element elementor-element-2c7f09b elementor-widget elementor-widget-image\" data-id=\"2c7f09b\" data-element_type=\"widget\" data-e-type=\"widget\" data-widget_type=\"image.default\">\n\t\t\t\t<div class=\"elementor-widget-container\">\n\t\t\t\t\t\t\t\t\t\t\t\t\t\t\t<img decoding=\"async\" width=\"300\" height=\"200\" src=\"https:\/\/groupe-reussite.fr\/ressources\/wp-content\/uploads\/2022\/06\/grands-auteurs-litterature-didees-bac-francais-300x200.jpg\" class=\"attachment-medium size-medium wp-image-167301\" alt=\"Grands auteurs de la litt\u00e9rature d&apos;id\u00e9es au bac de francais\" srcset=\"https:\/\/groupe-reussite.fr\/ressources\/wp-content\/uploads\/2022\/06\/grands-auteurs-litterature-didees-bac-francais-300x200.jpg 300w, https:\/\/groupe-reussite.fr\/ressources\/wp-content\/uploads\/2022\/06\/grands-auteurs-litterature-didees-bac-francais-1024x683.jpg 1024w, https:\/\/groupe-reussite.fr\/ressources\/wp-content\/uploads\/2022\/06\/grands-auteurs-litterature-didees-bac-francais-768x512.jpg 768w, https:\/\/groupe-reussite.fr\/ressources\/wp-content\/uploads\/2022\/06\/grands-auteurs-litterature-didees-bac-francais-1536x1024.jpg 1536w, https:\/\/groupe-reussite.fr\/ressources\/wp-content\/uploads\/2022\/06\/grands-auteurs-litterature-didees-bac-francais.jpg 1920w\" sizes=\"(max-width: 300px) 100vw, 300px\" \/>\t\t\t\t\t\t\t\t\t\t\t\t\t\t\t<\/div>\n\t\t\t\t<\/div>\n\t\t\t\t<div class=\"elementor-element elementor-element-df7fe97 elementor-widget elementor-widget-text-editor\" data-id=\"df7fe97\" data-element_type=\"widget\" data-e-type=\"widget\" data-widget_type=\"text-editor.default\">\n\t\t\t\t<div class=\"elementor-widget-container\">\n\t\t\t\t\t\t\t\t\t<h2>Les auteurs de la litt\u00e9rature d\u2019id\u00e9es au 17\u00e8me si\u00e8cle<\/h2>\t\t\t\t\t\t\t\t<\/div>\n\t\t\t\t<\/div>\n\t\t\t\t<div class=\"elementor-element elementor-element-5767316 elementor-widget elementor-widget-text-editor\" data-id=\"5767316\" data-element_type=\"widget\" data-e-type=\"widget\" data-widget_type=\"text-editor.default\">\n\t\t\t\t<div class=\"elementor-widget-container\">\n\t\t\t\t\t\t\t\t\t<p>Le XVII\u00e8me si\u00e8cle est marqu\u00e9 par le <strong>mouvement du classicisme<\/strong>, qui promeut la rigueur et l\u2019ordre, la raison et la morale. Ainsi, plusieurs \u00e9crivains s\u2019\u00e9rigent en <strong>moralistes<\/strong> et font la le\u00e7on au lecteur en critiquant les m\u0153urs et la soci\u00e9t\u00e9. Toutefois, il ne s\u2019agit pas seulement d\u2019instruire, mais aussi de plaire en livrant des <strong>\u0153uvres agr\u00e9ables \u00e0 lire<\/strong> par leur humour ou leurs traits d\u2019esprit.<\/p>\t\t\t\t\t\t\t\t<\/div>\n\t\t\t\t<\/div>\n\t\t\t\t<div class=\"elementor-element elementor-element-d6a9492 blacktitle elementor-widget elementor-widget-text-editor\" data-id=\"d6a9492\" data-element_type=\"widget\" data-e-type=\"widget\" data-widget_type=\"text-editor.default\">\n\t\t\t\t<div class=\"elementor-widget-container\">\n\t\t\t\t\t\t\t\t\t<h3>Fran\u00e7ois de la Rochefoucauld (1613-1680)\u00a0<\/h3>\t\t\t\t\t\t\t\t<\/div>\n\t\t\t\t<\/div>\n\t\t\t\t<div class=\"elementor-element elementor-element-109f1ea elementor-widget elementor-widget-text-editor\" data-id=\"109f1ea\" data-element_type=\"widget\" data-e-type=\"widget\" data-widget_type=\"text-editor.default\">\n\t\t\t\t<div class=\"elementor-widget-container\">\n\t\t\t\t\t\t\t\t\t<p><strong>Fran\u00e7ois de la Rochefoucauld<\/strong> est issu d\u2019une des plus anciennes familles de la noblesse fran\u00e7aise. De fait, il prend tr\u00e8s t\u00f4t des responsabilit\u00e9s et devient <strong>ma\u00eetre de camp du r\u00e9giment d\u2019Estissac<\/strong> \u00e0 16 ans. Il participe \u00e9galement \u00e0 de nombreux complots, notamment contre le cardinal de Richelieu, ce qui lui vaut <strong>un s\u00e9jour en prison et un exil<\/strong> sur ses terres de province. En 1648, il rejoint la Fronde, une importante r\u00e9volte des nobles contre le roi. Il sera gri\u00e8vement bless\u00e9 au visage en 1652 et s\u2019exile au Luxembourg pendant un an au moment de la victoire du roi. Lorsqu\u2019il revient en France, il reste dans son ch\u00e2teau de Verteuil pour y r\u00e9diger <strong><em>ses M\u00e9moires<\/em><\/strong> publi\u00e9es en 1662, ainsi que ses <em><strong>R\u00e9flexions ou sentences et maximes morales<\/strong><\/em>, une \u0153uvre qui connut de nombreuses r\u00e9\u00e9ditions. Compos\u00e9e de plusieurs centaines de fragments, elle d\u00e9nonce les vertus r\u00e9compens\u00e9es par la gloire ou le profit, et pr\u00f4ne \u00e0 l\u2019inverse la recherche d\u2019une vertu d\u00e9sint\u00e9ress\u00e9e. La Rochefoucauld y d\u00e9crit son si\u00e8cle et la psychologie de ses concitoyens, marqu\u00e9e par l\u2019amour propre et <strong>l\u2019\u00e9go\u00efsme<\/strong>. Il meurt en 1680 apr\u00e8s une longue p\u00e9riode de maladie.<\/p><p><strong>Classicisme<\/strong> :\u00a0<\/p><ul><li><em>M\u00e9moires<\/em> (1662)<\/li><li><em>R\u00e9flexions ou sentences et maximes morales<\/em> (1664)<\/li><\/ul><p>La Rochefoucauld n\u2019a pas beaucoup \u00e9crit, mais il fr\u00e9quentait assid\u00fbment les salons litt\u00e9raires. Il \u00e9tait notamment tr\u00e8s ami avec Madame de Lafayette.<\/p><p>Fran\u00e7ois de la Rochefoucauld fut mari\u00e9 \u00e0 14 ans et demi.<\/p><p>Lire aussi : <a href=\"https:\/\/groupe-reussite.fr\/ressources\/cp-analyser-texte-argumentatif-francais\/\">analyser un texte argumentatif au bac de fran\u00e7ais<\/a><\/p>\t\t\t\t\t\t\t\t<\/div>\n\t\t\t\t<\/div>\n\t\t\t\t<div class=\"elementor-element elementor-element-c7f9fcb blacktitle elementor-widget elementor-widget-text-editor\" data-id=\"c7f9fcb\" data-element_type=\"widget\" data-e-type=\"widget\" data-widget_type=\"text-editor.default\">\n\t\t\t\t<div class=\"elementor-widget-container\">\n\t\t\t\t\t\t\t\t\t<h3>Jean de La Fontaine (1621-1695)<\/h3>\t\t\t\t\t\t\t\t<\/div>\n\t\t\t\t<\/div>\n\t\t\t\t<div class=\"elementor-element elementor-element-fa0d894 elementor-widget elementor-widget-text-editor\" data-id=\"fa0d894\" data-element_type=\"widget\" data-e-type=\"widget\" data-widget_type=\"text-editor.default\">\n\t\t\t\t<div class=\"elementor-widget-container\">\n\t\t\t\t\t\t\t\t\t<p>N\u00e9 dans une famille bourgeoise, <strong>Jean de la Fontaine<\/strong> suit des \u00e9tudes de rh\u00e9torique latine, s\u2019essaye \u00e0 une formation eccl\u00e9siastique puis revient au droit pour devenir finalement avocat en 1649. N\u00e9anmoins, Jean de la Fontaine s\u2019int\u00e9resse plut\u00f4t \u00e0 la <strong>litt\u00e9rature<\/strong>. En 1654, il publie une premi\u00e8re pi\u00e8ce, mais c\u2019est un \u00e9chec. Il lui faudra attendre dix ans pour commencer \u00e0 avoir du succ\u00e8s avec ses <strong><em>Contes<\/em><\/strong>. Toutefois, c\u2019est son premier recueil de fables, publi\u00e9 en 1668, qui lui apporte une r\u00e9elle gloire. Il \u00e9crit un deuxi\u00e8me recueil en 1678, qui lui permettra d\u2019\u00eatre <strong>\u00e9lu \u00e0 l\u2019Acad\u00e9mie fran\u00e7aise<\/strong> quelques ann\u00e9es plus tard, puis un dernier en 1693. En 1695, le c\u00e9l\u00e8bre auteur tombe malade, ce qui l\u2019am\u00e8ne \u00e0 se tourner vers la<strong> religion<\/strong>. Il renie alors ses \u00e9crits de jeunesse et promet d\u2019\u00e9crire d\u00e9sormais uniquement des <strong>textes religieux<\/strong>. Il meurt trois ans apr\u00e8s.<\/p><p><strong>Classicisme<\/strong> :\u00a0<\/p><ul><li><em>Contes et nouvelles en vers<\/em> (1665, 1666)<\/li><li><em>Fables<\/em> (1668, 1678, 1683)<\/li><li><em>Les Amours de Psych\u00e9 et de Cupidon<\/em> (1669)<\/li><\/ul><p>La Fontaine est principalement connu pour ses fables. Il \u00e9crivit \u00e9galement quelques <strong>\u0153uvres th\u00e9\u00e2trales<\/strong>, mais elles n\u2019eurent aucun succ\u00e8s.<\/p><p>Le premier protecteur de Jean de la Fontaine \u00e9tait <strong>Nicolas Fouquet<\/strong>. Son lien avec le ministre tomb\u00e9 en disgr\u00e2ce lui valut une certaine <strong>inimiti\u00e9<\/strong> de la part de Louis XIV.<\/p>\t\t\t\t\t\t\t\t<\/div>\n\t\t\t\t<\/div>\n\t\t\t\t<div class=\"elementor-element elementor-element-e73bb86 blacktitle elementor-widget elementor-widget-text-editor\" data-id=\"e73bb86\" data-element_type=\"widget\" data-e-type=\"widget\" data-widget_type=\"text-editor.default\">\n\t\t\t\t<div class=\"elementor-widget-container\">\n\t\t\t\t\t\t\t\t\t<h3>Blaise Pascal (1623-1662)<\/h3>\t\t\t\t\t\t\t\t<\/div>\n\t\t\t\t<\/div>\n\t\t\t\t<div class=\"elementor-element elementor-element-841011b elementor-widget elementor-widget-text-editor\" data-id=\"841011b\" data-element_type=\"widget\" data-e-type=\"widget\" data-widget_type=\"text-editor.default\">\n\t\t\t\t<div class=\"elementor-widget-container\">\n\t\t\t\t\t\t\t\t\t<p>\u00c9duqu\u00e9 par son propre p\u00e8re, <strong>Blaise Pascal<\/strong> est vite remarqu\u00e9 pour son esprit brillant et notamment son go\u00fbt des math\u00e9matiques. \u00c0 16 ans, il \u00e9crit un premier <strong>trait\u00e9 de g\u00e9om\u00e9trie<\/strong> qui le fait remarquer par le savant et philosophe Ren\u00e9 Descartes. \u00c0 19 ans, il invente une <strong>machine \u00e0 calculer automatis\u00e9e<\/strong>. C\u2019est \u00e9galement lui qui inventera la presse hydraulique, la brouette, la voiture \u00e0 porteur du nom de vinaigrette et le haquet, un chariot servant \u00e0 transporter des tonneaux. Chr\u00e9tien, Pascal \u00e9prouve une exp\u00e9rience mystique en 1654, ce qui le pousse \u00e0 se retrancher de la vie mondaine pour mener des <strong>r\u00e9flexions th\u00e9ologiques et spirituelles<\/strong>. Il commence \u00e0 \u00e9crire sa grande \u0153uvre, Les Pens\u00e9es, un recueil de nombreux fragments qui explorent les paradoxes philosophiques et d\u00e9fendent la foi chr\u00e9tienne. Toutefois, atteint par la maladie, il meurt en 1662 avant d\u2019avoir achev\u00e9 l\u2019\u00e9criture des Pens\u00e9es, qui seront tout de m\u00eame publi\u00e9es apr\u00e8s sa mort en 1670.<\/p><p><strong>Classicisme<\/strong> :\u00a0<\/p><ul><li><em>Les Provinciales<\/em> (1656)<\/li><li><em>L\u2019Art de persuader<\/em> (1660)<\/li><li><em>Les Pens\u00e9es<\/em> (1670)<\/li><\/ul><p>Outre ces quelques <strong>\u0153uvres philosophiques<\/strong>, Pascal a surtout \u00e9crit des trait\u00e9s scientifiques.<\/p><p>La machine \u00e0 calculer de Pascal s\u2019appelle <strong>la Pascaline<\/strong>. Elle a \u00e9t\u00e9 un \u00e9chec commercial, car elle co\u00fbtait trop cher, mais certains exemplaires sont conserv\u00e9s dans un <strong>mus\u00e9e \u00e0 Clermont-Ferrand<\/strong>.<\/p><p>\t\t<div data-elementor-type=\"section\" data-elementor-id=\"112233\" class=\"elementor elementor-112233\">\n\t\t\t\t\t<div class=\"elementor-section-wrap\">\n\t\t\t\t\t\t\t\t<section class=\"has_ae_slider elementor-section elementor-inner-section elementor-element elementor-element-2753c5f2 elementor-section-content-bottom elementor-section-full_width elementor-section-height-min-height elementor-section-height-default ae-bg-gallery-type-default\" data-id=\"2753c5f2\" data-element_type=\"section\" data-e-type=\"section\">\n\t\t\t\t\t\t<div class=\"elementor-container elementor-column-gap-default\">\n\t\t\t\t\t<div class=\"has_ae_slider elementor-column elementor-col-100 elementor-inner-column elementor-element elementor-element-27ee3c1b ae-bg-gallery-type-default\" data-id=\"27ee3c1b\" data-element_type=\"column\" data-e-type=\"column\">\n\t\t\t<div class=\"elementor-widget-wrap elementor-element-populated\">\n\t\t\t\t\t\t<div class=\"elementor-element elementor-element-4c70fc7d elementor-align-center elementor-widget elementor-widget-button\" data-id=\"4c70fc7d\" data-element_type=\"widget\" data-e-type=\"widget\" data-widget_type=\"button.default\">\n\t\t\t\t<div class=\"elementor-widget-container\">\n\t\t\t\t\t\t\t\t\t<div class=\"elementor-button-wrapper\">\n\t\t\t\t\t<a class=\"elementor-button elementor-button-link elementor-size-md elementor-animation-grow\" href=\"https:\/\/groupe-reussite.fr\/cours-particuliers\/francais\/tous-niveaux\/france\/\" target=\"_blank\">\n\t\t\t\t\t\t<span class=\"elementor-button-content-wrapper\">\n\t\t\t\t\t\t<span class=\"elementor-button-icon\">\n\t\t\t\t<i aria-hidden=\"true\" class=\"fas fa-bookmark\"><\/i>\t\t\t<\/span>\n\t\t\t\t\t\t\t\t\t<span class=\"elementor-button-text\">Trouver des professeurs particuliers de fran\u00e7ais<\/span>\n\t\t\t\t\t<\/span>\n\t\t\t\t\t<\/a>\n\t\t\t\t<\/div>\n\t\t\t\t\t\t\t\t<\/div>\n\t\t\t\t<\/div>\n\t\t\t\t\t<\/div>\n\t\t<\/div>\n\t\t\t\t\t<\/div>\n\t\t<\/section>\n\t\t\t\t\t\t\t<\/div>\n\t\t\t\t<\/div>\n\t\t<\/p>\t\t\t\t\t\t\t\t<\/div>\n\t\t\t\t<\/div>\n\t\t\t\t<div class=\"elementor-element elementor-element-6c056cd blacktitle elementor-widget elementor-widget-text-editor\" data-id=\"6c056cd\" data-element_type=\"widget\" data-e-type=\"widget\" data-widget_type=\"text-editor.default\">\n\t\t\t\t<div class=\"elementor-widget-container\">\n\t\t\t\t\t\t\t\t\t<h3>Nicolas Boileau (1636-1711)<\/h3>\t\t\t\t\t\t\t\t<\/div>\n\t\t\t\t<\/div>\n\t\t\t\t<div class=\"elementor-element elementor-element-25de226 elementor-widget elementor-widget-text-editor\" data-id=\"25de226\" data-element_type=\"widget\" data-e-type=\"widget\" data-widget_type=\"text-editor.default\">\n\t\t\t\t<div class=\"elementor-widget-container\">\n\t\t\t\t\t\t\t\t\t<p><strong>Nicolas Boileau<\/strong> \u00e9tait destin\u00e9 \u00e0 occuper un poste juridique, comme son p\u00e8re avant lui. Toutefois, il se prend d\u2019une grande passion pour les <strong>po\u00e8tes antiques<\/strong>, ce qui le m\u00e8ne vers une carri\u00e8re litt\u00e9raire. Ses premiers \u00e9crits, <em>Les Satires<\/em>, s\u2019inspirent du po\u00e8te latin Horace pour critiquer certains <strong>auteurs contemporains<\/strong> et louer ceux qu\u2019il admire, comme Moli\u00e8re, la Fontaine ou Racine. On appr\u00e9cie dans son \u00e9criture le sens du d\u00e9tail et la justesse de ses vers. D\u2019abord entretenu par un protecteur, Boileau se fait ensuite admettre \u00e0 la cour avant d&rsquo;obtenir rapidement les faveurs du roi. Il est finalement<strong> \u00e9lu \u00e0 l\u2019Acad\u00e9mie fran\u00e7aise en 1684<\/strong>. Il est notamment rest\u00e9 c\u00e9l\u00e8bre en tant que \u201cl\u00e9gislateur\u201d de la langue fran\u00e7aise et de la po\u00e9sie, qu\u2019il tente de <strong>codifier<\/strong> dans son <em>Art po\u00e9tique<\/em>.<\/p><p><strong>Classicisme<\/strong> :\u00a0<\/p><ul><li><em>Les Satires<\/em> (1666-1716)<\/li><li><em>Ep\u00eetres<\/em> (1670-1698)<\/li><li><em>L\u2019Art po\u00e9tique<\/em> (1674)<\/li><\/ul><p>Nicolas Boileau a \u00e9crit peu d&rsquo;\u0153uvres en prose : sa bibliographie se compose surtout d\u2019<strong>\u00e9crits en vers<\/strong>.<\/p><p>Nicolas Boileau \u00e9tait aussi appel\u00e9 <strong>Nicolas Boileau-Despr\u00e9aux<\/strong> pour se distinguer de ses deux fr\u00e8res a\u00een\u00e9s, \u00e9galement lettr\u00e9s.<\/p>\t\t\t\t\t\t\t\t<\/div>\n\t\t\t\t<\/div>\n\t\t\t\t<div class=\"elementor-element elementor-element-470c182 elementor-widget elementor-widget-image\" data-id=\"470c182\" data-element_type=\"widget\" data-e-type=\"widget\" data-widget_type=\"image.default\">\n\t\t\t\t<div class=\"elementor-widget-container\">\n\t\t\t\t\t\t\t\t\t\t\t\t\t\t\t<img decoding=\"async\" width=\"300\" height=\"200\" src=\"https:\/\/groupe-reussite.fr\/ressources\/wp-content\/uploads\/2022\/06\/moralistes-bac-francais-300x200.jpg\" class=\"attachment-medium size-medium wp-image-167300\" alt=\"Les moralistes au bac de francais\" srcset=\"https:\/\/groupe-reussite.fr\/ressources\/wp-content\/uploads\/2022\/06\/moralistes-bac-francais-300x200.jpg 300w, https:\/\/groupe-reussite.fr\/ressources\/wp-content\/uploads\/2022\/06\/moralistes-bac-francais-1024x683.jpg 1024w, https:\/\/groupe-reussite.fr\/ressources\/wp-content\/uploads\/2022\/06\/moralistes-bac-francais-768x512.jpg 768w, https:\/\/groupe-reussite.fr\/ressources\/wp-content\/uploads\/2022\/06\/moralistes-bac-francais-1536x1024.jpg 1536w, https:\/\/groupe-reussite.fr\/ressources\/wp-content\/uploads\/2022\/06\/moralistes-bac-francais.jpg 1920w\" sizes=\"(max-width: 300px) 100vw, 300px\" \/>\t\t\t\t\t\t\t\t\t\t\t\t\t\t\t<\/div>\n\t\t\t\t<\/div>\n\t\t\t\t<div class=\"elementor-element elementor-element-e10703f elementor-widget elementor-widget-text-editor\" data-id=\"e10703f\" data-element_type=\"widget\" data-e-type=\"widget\" data-widget_type=\"text-editor.default\">\n\t\t\t\t<div class=\"elementor-widget-container\">\n\t\t\t\t\t\t\t\t\t<h2>Les c\u00e9l\u00e8bres moralistes du 18\u00e8me si\u00e8cle<\/h2>\t\t\t\t\t\t\t\t<\/div>\n\t\t\t\t<\/div>\n\t\t\t\t<div class=\"elementor-element elementor-element-beff788 elementor-widget elementor-widget-text-editor\" data-id=\"beff788\" data-element_type=\"widget\" data-e-type=\"widget\" data-widget_type=\"text-editor.default\">\n\t\t\t\t<div class=\"elementor-widget-container\">\n\t\t\t\t\t\t\t\t\t<p>Le XVIII\u00e8me si\u00e8cle est le si\u00e8cle des <strong>Lumi\u00e8res<\/strong>. Une large majorit\u00e9 des auteurs cherchent \u00e0 faire passer leurs id\u00e9es \u00e0 travers leurs \u0153uvres en utilisant diff\u00e9rentes <strong>formes litt\u00e9raires<\/strong>, comme le conte, le th\u00e9\u00e2tre, les lettres ou le roman. Les philosophes des Lumi\u00e8res visent surtout \u00e0 informer pour sortir le lecteur de l\u2019ignorance et \u00e0 critiquer une soci\u00e9t\u00e9 jug\u00e9e in\u00e9galitaire et injuste. <\/p>\t\t\t\t\t\t\t\t<\/div>\n\t\t\t\t<\/div>\n\t\t\t\t<div class=\"elementor-element elementor-element-156d34c blacktitle elementor-widget elementor-widget-text-editor\" data-id=\"156d34c\" data-element_type=\"widget\" data-e-type=\"widget\" data-widget_type=\"text-editor.default\">\n\t\t\t\t<div class=\"elementor-widget-container\">\n\t\t\t\t\t\t\t\t\t<h3>Jean Le Rond d\u2019Alembert (1717-1783)<\/h3>\t\t\t\t\t\t\t\t<\/div>\n\t\t\t\t<\/div>\n\t\t\t\t<div class=\"elementor-element elementor-element-920204e elementor-widget elementor-widget-text-editor\" data-id=\"920204e\" data-element_type=\"widget\" data-e-type=\"widget\" data-widget_type=\"text-editor.default\">\n\t\t\t\t<div class=\"elementor-widget-container\">\n\t\t\t\t\t\t\t\t\t<p>Fils d\u2019un amour mondain passager, enfant abandonn\u00e9, <strong>Jean Le Rond d\u2019Alembert<\/strong> montre rapidement des aptitudes intellectuelles \u00e9lev\u00e9es. Il devient avocat en 1738, mais se d\u00e9couvre un go\u00fbt prononc\u00e9 pour les math\u00e9matiques qui lui permet de rejoindre l\u2019<strong>Acad\u00e9mie des Sciences<\/strong> en tant qu\u2019adjoint en astronomie en 1741. C\u00e9l\u00e8bre pour ses r\u00e9flexions scientifiques, il fr\u00e9quente en parall\u00e8le les salons mondains dans lesquels il rencontre Denis Diderot. C\u2019est avec ce dernier qu\u2019il s\u2019att\u00e8le \u00e0 l\u2019<strong>Encyclop\u00e9die<\/strong> en 1747 pour en publier le premier tome cinq ans plus tard. Toutefois, la publication de cette \u0153uvre colossale \u00e9tant particuli\u00e8rement compliqu\u00e9e, notamment \u00e0 cause de la <strong>censure<\/strong>, D\u2019Alembert finit par y renoncer en 1757. \u00c9lu \u00e0 l\u2019Acad\u00e9mie fran\u00e7aise en 1754, il devient \u00e9galement <strong>pensionnaire<\/strong> de l\u2019Acad\u00e9mie des Sciences en 1765 et continue d\u2019\u00e9crire des travaux scientifiques jusqu\u2019\u00e0 sa mort en 1783, \u00e9toffant ainsi sa c\u00e9l\u00e9brit\u00e9.<\/p><p><strong>Les Lumi\u00e8res<\/strong> :\u00a0<\/p><ul><li><em>L\u2019Encyclop\u00e9die<\/em> (1751)<\/li><\/ul><p>D\u2019Alembert a publi\u00e9 un nombre consid\u00e9rable d\u2019<strong>\u00e9crits scientifiques<\/strong>, tant en math\u00e9matiques, qu\u2019en astronomie et en physique.<\/p><p>D\u2019Alembert \u00e9tait r\u00e9put\u00e9 pour \u00eatre tr\u00e8s fid\u00e8le, notamment \u00e0 la femme qu\u2019il a aim\u00e9 toute sa vie de fa\u00e7on platonique : <strong>Julie de Lespinasse<\/strong>.<\/p>\t\t\t\t\t\t\t\t<\/div>\n\t\t\t\t<\/div>\n\t\t\t\t<div class=\"elementor-element elementor-element-355a7b7 blacktitle elementor-widget elementor-widget-text-editor\" data-id=\"355a7b7\" data-element_type=\"widget\" data-e-type=\"widget\" data-widget_type=\"text-editor.default\">\n\t\t\t\t<div class=\"elementor-widget-container\">\n\t\t\t\t\t\t\t\t\t<h3>Montesquieu (1689-1755)<\/h3>\t\t\t\t\t\t\t\t<\/div>\n\t\t\t\t<\/div>\n\t\t\t\t<div class=\"elementor-element elementor-element-4bee02c elementor-widget elementor-widget-text-editor\" data-id=\"4bee02c\" data-element_type=\"widget\" data-e-type=\"widget\" data-widget_type=\"text-editor.default\">\n\t\t\t\t<div class=\"elementor-widget-container\">\n\t\t\t\t\t\t\t\t\t<p><strong>Charles-Louis de Secondat<\/strong>, plus tard connu sous le nom de Montesquieu, est issu d\u2019une famille noble. Il commence d\u2019abord une carri\u00e8re politique en tant que conseiller au Parlement de Bordeaux en 1714 avant de recevoir un g\u00e9n\u00e9reux h\u00e9ritage qui lui permet de devenir baron. Il profite de cet argent pour nourrir <strong>sa passion des sciences et des lettres<\/strong>. Il \u00e9crit notamment le roman \u00e9pistolaire Les Lettres persanes, publi\u00e9 en Hollande en 1721 pour \u00e9viter la censure, mais qui conna\u00eet un grand succ\u00e8s en France. Lib\u00e9r\u00e9 de la magistrature, Montesquieu en profite pour voyager \u00e0 travers l\u2019Europe avant de publier <strong>le trait\u00e9 politique et philosophique<\/strong> <em>De l\u2019Esprit des lois<\/em> en 1748, un ouvrage majeur qui conna\u00eet un succ\u00e8s international et qui aura une grande influence sur les soci\u00e9t\u00e9s modernes. Il participe \u00e9galement au <strong>projet de l\u2019Encyclop\u00e9die<\/strong> avec Diderot et D\u2019alembert avant de mourir de maladie en 1755.<\/p><p><strong>Les Lumi\u00e8res<\/strong> :\u00a0<\/p><ul><li><em>Les Lettres persanes<\/em> (1721)<\/li><li><em>Consid\u00e9rations sur les causes de la grandeur des Romains et leur d\u00e9cadence<\/em> (1734)<\/li><li><em>De l\u2019esprit des lois<\/em> (1748)<\/li><\/ul><p>Montesquieu a surtout \u00e9crit des<strong> \u0153uvres de r\u00e9flexion<\/strong>, \u00e0 l\u2019exception des<em> Lettres persanes<\/em> qui adoptent la forme d\u2019un <strong>roman \u00e9pistolaire<\/strong> pour critiquer la soci\u00e9t\u00e9 fran\u00e7aise.<\/p><p>Montesquieu a fond\u00e9 un prix d\u2019anatomie \u00e0 l\u2019<strong>Acad\u00e9mie de Bordeaux<\/strong>.<\/p>\t\t\t\t\t\t\t\t<\/div>\n\t\t\t\t<\/div>\n\t\t\t\t<div class=\"elementor-element elementor-element-560bd6b blacktitle elementor-widget elementor-widget-text-editor\" data-id=\"560bd6b\" data-element_type=\"widget\" data-e-type=\"widget\" data-widget_type=\"text-editor.default\">\n\t\t\t\t<div class=\"elementor-widget-container\">\n\t\t\t\t\t\t\t\t\t<h3>Voltaire (1694-1778)<\/h3>\t\t\t\t\t\t\t\t<\/div>\n\t\t\t\t<\/div>\n\t\t\t\t<div class=\"elementor-element elementor-element-66283d2 elementor-widget elementor-widget-text-editor\" data-id=\"66283d2\" data-element_type=\"widget\" data-e-type=\"widget\" data-widget_type=\"text-editor.default\">\n\t\t\t\t<div class=\"elementor-widget-container\">\n\t\t\t\t\t\t\t\t\t<p>De son vrai nom <strong>Fran\u00e7ois-Marie Arouet<\/strong>, le jeune Voltaire r\u00eave de faire une carri\u00e8re dans les lettres. Ainsi, il fr\u00e9quente rapidement les salons litt\u00e9raires, mais son esprit impertinent et ses <strong>\u0153uvres satiriques<\/strong> le m\u00e8nent \u00e0 la prison de la Bastille en 1717. Il en profite pour composer sa trag\u00e9die <em>Oedipe<\/em> qui aura beaucoup de succ\u00e8s. Toutefois, il est de nouveau emprisonn\u00e9 en 1726, ce qui le pousse ensuite \u00e0 s\u2019exiler en Angleterre pendant deux ans. Outre-manche, il d\u00e9couvre une plus grande libert\u00e9 de pens\u00e9e et r\u00e9fl\u00e9chit \u00e0 des<strong> moyens de r\u00e9forme de la soci\u00e9t\u00e9 fran\u00e7aise<\/strong> qu\u2019il met par \u00e9crit dans Les lettres philosophiques en 1733. Lorsqu\u2019il rentre en France, Voltaire a plusieurs succ\u00e8s avec ses pi\u00e8ces de th\u00e9\u00e2tre, comme <em>Za\u00efre<\/em>, mais d\u2019autres \u0153uvres sont violemment contest\u00e9es. Voltaire finit donc par se retirer en Province, o\u00f9 il travaille et \u00e9tudie beaucoup. Le <strong>r\u00e8gne de Louis XV<\/strong> lui apporte d\u2019abord une plus grande stabilit\u00e9 : il est nomm\u00e9 historiographe de France en 1745 et se fait \u00e9lire un an plus tard \u00e0 l\u2019Acad\u00e9mie fran\u00e7aise. Retomb\u00e9 en disgr\u00e2ce, Voltaire voyage, notamment en Prusse pour rencontrer Fr\u00e9d\u00e9ric II. Il finit par revenir s\u2019installer pr\u00e8s de la fronti\u00e8re Suisse, d\u2019o\u00f9 il \u00e9crira de nombreuses \u0153uvres dont <em>Candide<\/em>. Il rentre \u00e0 Paris en 1778, au sommet de sa gloire, pour assister \u00e0 sa derni\u00e8re com\u00e9die et mourir.<\/p><p><strong>Les Lumi\u00e8res<\/strong> :\u00a0<\/p><ul><li><em>Candide<\/em> (1759)<\/li><li><em>Zadig<\/em> (1747)<\/li><li><em>Microm\u00e9gas<\/em> (1752)<\/li><li><em>Les lettres philosophiques<\/em> (1733)<\/li><\/ul><p>Voltaire a \u00e9t\u00e9 un auteur tr\u00e8s prolifique. Il a \u00e9crit aussi bien des <strong>contes philosophiques<\/strong> que des<strong> trait\u00e9s philosophiques<\/strong>, mais il a surtout \u00e9t\u00e9 tr\u00e8s connu pour son th\u00e9\u00e2tre. Il a \u00e9galement r\u00e9dig\u00e9 quelques \u00e9crits po\u00e9tiques, des \u0153uvres historiques (comme Le Si\u00e8cle de Louis XIV) et des essais scientifiques.<\/p><p>Voltaire et Rousseau ont \u00e9t\u00e9 amis jusqu\u2019en 1760, avant de se d\u00e9tester ouvertement.<\/p><p>\t\t<div data-elementor-type=\"section\" data-elementor-id=\"84989\" class=\"elementor elementor-84989\">\n\t\t\t\t\t<div class=\"elementor-section-wrap\">\n\t\t\t\t\t\t\t\t<section class=\"has_ae_slider elementor-section elementor-inner-section elementor-element elementor-element-4bda5243 elementor-section-content-bottom full_width elementor-section-full_width elementor-section-height-min-height elementor-section-height-default ae-bg-gallery-type-default\" data-id=\"4bda5243\" data-element_type=\"section\" data-e-type=\"section\" data-settings=\"{&quot;background_background&quot;:&quot;gradient&quot;}\">\n\t\t\t\t\t\t\t<div class=\"elementor-background-overlay\"><\/div>\n\t\t\t\t\t\t\t<div class=\"elementor-container elementor-column-gap-narrow\">\n\t\t\t\t\t<div class=\"has_ae_slider elementor-column elementor-col-50 elementor-inner-column elementor-element elementor-element-7dad0c90 ae-bg-gallery-type-default\" data-id=\"7dad0c90\" data-element_type=\"column\" data-e-type=\"column\">\n\t\t\t<div class=\"elementor-widget-wrap elementor-element-populated\">\n\t\t\t\t\t\t<div class=\"elementor-element elementor-element-79e73064 elementor-widget elementor-widget-heading\" data-id=\"79e73064\" data-element_type=\"widget\" data-e-type=\"widget\" data-widget_type=\"heading.default\">\n\t\t\t\t<div class=\"elementor-widget-container\">\n\t\t\t\t\t<h3 class=\"elementor-heading-title elementor-size-default\">PRENDRE DES COURS PARTICULIERS DE FRAN\u00c7AIS <\/h3>\t\t\t\t<\/div>\n\t\t\t\t<\/div>\n\t\t\t\t<div class=\"elementor-element elementor-element-104d1164 elementor-widget elementor-widget-heading\" data-id=\"104d1164\" data-element_type=\"widget\" data-e-type=\"widget\" data-widget_type=\"heading.default\">\n\t\t\t\t<div class=\"elementor-widget-container\">\n\t\t\t\t\t<h4 class=\"elementor-heading-title elementor-size-default\">C\u2019est reprendre le contr\u00f4le<\/h4>\t\t\t\t<\/div>\n\t\t\t\t<\/div>\n\t\t\t\t<div class=\"elementor-element elementor-element-3691d1da elementor-align-left elementor-mobile-align-center elementor-widget elementor-widget-button\" data-id=\"3691d1da\" data-element_type=\"widget\" data-e-type=\"widget\" data-widget_type=\"button.default\">\n\t\t\t\t<div class=\"elementor-widget-container\">\n\t\t\t\t\t\t\t\t\t<div class=\"elementor-button-wrapper\">\n\t\t\t\t\t<a class=\"elementor-button elementor-button-link elementor-size-md\" href=\"https:\/\/groupe-reussite.fr\/cours-particuliers\/francais\/tous-niveaux\/france\/\" target=\"_blank\" id=\"CTA_PRD_CP\">\n\t\t\t\t\t\t<span class=\"elementor-button-content-wrapper\">\n\t\t\t\t\t\t\t\t\t<span class=\"elementor-button-text\">Je cherche des cours particuliers de fran\u00e7ais<\/span>\n\t\t\t\t\t<\/span>\n\t\t\t\t\t<\/a>\n\t\t\t\t<\/div>\n\t\t\t\t\t\t\t\t<\/div>\n\t\t\t\t<\/div>\n\t\t\t\t\t<\/div>\n\t\t<\/div>\n\t\t\t\t<div class=\"has_ae_slider elementor-column elementor-col-50 elementor-inner-column elementor-element elementor-element-40c4e3d ae-bg-gallery-type-default\" data-id=\"40c4e3d\" data-element_type=\"column\" data-e-type=\"column\">\n\t\t\t<div class=\"elementor-widget-wrap\">\n\t\t\t\t\t\t\t<\/div>\n\t\t<\/div>\n\t\t\t\t\t<\/div>\n\t\t<\/section>\n\t\t\t\t\t\t\t<\/div>\n\t\t\t\t<\/div>\n\t\t<\/p>\t\t\t\t\t\t\t\t<\/div>\n\t\t\t\t<\/div>\n\t\t\t\t<div class=\"elementor-element elementor-element-84148fc elementor-widget elementor-widget-text-editor\" data-id=\"84148fc\" data-element_type=\"widget\" data-e-type=\"widget\" data-widget_type=\"text-editor.default\">\n\t\t\t\t<div class=\"elementor-widget-container\">\n\t\t\t\t\t\t\t\t\t<p>Ces articles pourraient vous int\u00e9resser :<\/p><p>Sur le roman :<\/p><ul><li>Le <a href=\"https:\/\/groupe-reussite.fr\/ressources\/cp-tout-savoir-sur-le-roman-au-bac-de-francais\/\">th\u00e8me du roman au bac de fran\u00e7ais<\/a><\/li><li><a href=\"https:\/\/groupe-reussite.fr\/ressources\/cp-francais-grands-auteurs-roman\/\">Grands auteurs du roman<\/a><\/li><li><a href=\"https:\/\/groupe-reussite.fr\/ressources\/cp-francais-histoire-theatre\/\">L&rsquo;histoire du th\u00e9\u00e2tre au bac de fran\u00e7ais<\/a><\/li><li><a href=\"https:\/\/groupe-reussite.fr\/ressources\/cp-francais-analyser-incipit\/\">Analyser un incipit<\/a><\/li><li><a href=\"https:\/\/groupe-reussite.fr\/ressources\/cp-analyser-roman-bac-francais\/\">Analyser un texte de roman<\/a><\/li><li>Les <a href=\"https:\/\/groupe-reussite.fr\/ressources\/cp-francais-genres-narratifs\/\">genres narratifs au bac de fran\u00e7ais<\/a><\/li><li><a href=\"https:\/\/groupe-reussite.fr\/ressources\/cp-francais-parcours-associe-le-rouge-et-le-noir\/\">Parcours associ\u00e9 sur le roman : Le Rouge et le Noir<\/a><\/li><li><a class=\"waffle-rich-text-link\" href=\"https:\/\/groupe-reussite.fr\/ressources\/cp-francais-sido-vrilles-de-la-vigne-colette\/\">Sido et Les Vrilles de la vigne de Colette<\/a><\/li><li><a class=\"waffle-rich-text-link\" href=\"https:\/\/groupe-reussite.fr\/ressources\/cp-francais-analyse-manon-lescaut-abbe-prevost\/\">Manon Lescaut de l&rsquo;abb\u00e9 Prevost<\/a><\/li><li><a class=\"waffle-rich-text-link\" href=\"https:\/\/groupe-reussite.fr\/ressources\/cp-francais-genres-narratifs\/\">Les genres narratifs au bac de fran\u00e7ais<\/a><\/li><li><a class=\"waffle-rich-text-link\" href=\"https:\/\/groupe-reussite.fr\/ressources\/cp-francais-la-peau-de-chagrin-balzac\/\">La Peau de chagrin Honor\u00e9 de Balzac<\/a><\/li><\/ul><p>Sur la po\u00e9sie :\u00a0<\/p><ul><li><a href=\"https:\/\/groupe-reussite.fr\/ressources\/cp-mouvements-formes-poetiques-bac-francais\/\">Mouvements et formes po\u00e9tiques au bac<\/a><\/li><li><a href=\"https:\/\/groupe-reussite.fr\/ressources\/cp-francais-parcours-associe-poesie-fleurs-du-mal\/\">Parcours associ\u00e9 sur la po\u00e9sie : Les Fleurs du mal<\/a><\/li><li>La <a href=\"https:\/\/groupe-reussite.fr\/ressources\/cp-tout-savoir-sur-la-poesie-au-bac-de-francais\/\">po\u00e9sie au bac de fran\u00e7ais<\/a><\/li><li><a href=\"https:\/\/groupe-reussite.fr\/ressources\/cp-analyser-texte-poetique\/\">Analyser un texte de po\u00e9sie <\/a><\/li><li>Les <a href=\"https:\/\/groupe-reussite.fr\/ressources\/cp-francais-grands-auteurs-poesie\/\">grands auteurs de la po\u00e9sie<\/a><\/li><\/ul><p>Sur le th\u00e9\u00e2tre :<\/p><ul><li><a href=\"https:\/\/groupe-reussite.fr\/ressources\/cp-francais-analyser-scene-exposition\/\">Analyser une sc\u00e8ne d&rsquo;exposition au th\u00e9\u00e2tre au bac de fran\u00e7ais<\/a><\/li><li>Le <a href=\"https:\/\/groupe-reussite.fr\/ressources\/cp-mouvements-litteraire-theatre-bac-francais\/\">th\u00e9\u00e2tre du 17\u00e8me au 21\u00e8me si\u00e8cle au bac de fran\u00e7ais<\/a><\/li><li><a href=\"https:\/\/groupe-reussite.fr\/ressources\/cp-francais-histoire-roman\/\">L&rsquo;histoire du roman au bac de francais<\/a><\/li><li>Les <a href=\"https:\/\/groupe-reussite.fr\/ressources\/cp-francais-genres-theatraux\/\">genres du th\u00e9\u00e2tre au XVII \u00e8me au XXI\u00e8me si\u00e8cle<\/a><\/li><li>Le <a href=\"https:\/\/groupe-reussite.fr\/ressources\/cp-francais-parcours-associe-le-malade-imaginaire\/\">malade imaginaire et son parcours associ\u00e9<\/a><\/li><li><a href=\"https:\/\/groupe-reussite.fr\/ressources\/cp-francais-grands-auteurs-theatre\/\">Grands auteurs du th\u00e9\u00e2tre au bac de fran\u00e7ais<\/a><\/li><li><a href=\"https:\/\/groupe-reussite.fr\/ressources\/cp-tout-savoir-sur-le-theatre-au-bac-de-francais\/\">Notions sur le th\u00e9\u00e2tre au bac de fran\u00e7ais<\/a><\/li><li><a href=\"https:\/\/groupe-reussite.fr\/ressources\/cp-francais-analyser-texte-theatral\/\">Analyser un texte de th\u00e9\u00e2tre au bac de fran\u00e7ais<\/a><\/li><\/ul><p>Sur l&rsquo;oral du bac de fran\u00e7ais :\u00a0<\/p><ul><li><a href=\"https:\/\/groupe-reussite.fr\/ressources\/cp-francais-expose-oeuvre-choisie-oral-bac\/\">Pr\u00e9parer l\u2019expos\u00e9 de l\u2019\u0153uvre choisie \u00e0 l\u2019oral du bac de fran\u00e7ais<\/a><\/li><li><a href=\"https:\/\/groupe-reussite.fr\/ressources\/cp-francais-faire-fiche-revision-oral-bac\/\">Faire une fiche de r\u00e9vision pour l\u2019oral de fran\u00e7ais au bac<\/a><\/li><li><a href=\"https:\/\/groupe-reussite.fr\/ressources\/cp-francais-conseils-oral-bac\/\">Conseils pour r\u00e9ussir son oral de bac de fran\u00e7ais<\/a><\/li><li><a href=\"https:\/\/groupe-reussite.fr\/ressources\/cp-tout-savoir-oral-bac-francais\/\">Oral de fran\u00e7ais au bac<\/a><\/li><\/ul><p>Sur la m\u00e9thodologie :\u00a0<\/p><ul><li><a href=\"https:\/\/groupe-reussite.fr\/ressources\/cp-epreuves-programme-bac-francais\/\">Programme au bac de fran\u00e7ais<\/a><\/li><li><a href=\"https:\/\/groupe-reussite.fr\/ressources\/cp-methode-dissertation-bac-francais\/\">M\u00e9thodologie de la dissertation sur \u0153uvre au bac de fran\u00e7ais<\/a><\/li><li><a href=\"https:\/\/groupe-reussite.fr\/ressources\/cp-methodologie-commentaire-de-texte\/\">M\u00e9thodologie du commentaire de texte<\/a><\/li><li><a href=\"https:\/\/groupe-reussite.fr\/ressources\/cp-exemples-formules-commentaire-texte\/\">Formules pour r\u00e9diger un bon commentaire de texte<\/a><\/li><li><a href=\"https:\/\/groupe-reussite.fr\/ressources\/cp-francais-exemple-introduction-dissertation-sur-oeuvre\/\">Exemple d&rsquo;introduction de dissertation au bac de fran\u00e7ais<\/a><\/li><li><a href=\"https:\/\/groupe-reussite.fr\/ressources\/cp-specialites-terminale-francais\/\">Sp\u00e9cialit\u00e9s litt\u00e9raires en terminale<\/a><\/li><\/ul><p>Sur la grammaire :\u00a0<\/p><ul><li><a href=\"https:\/\/groupe-reussite.fr\/ressources\/cp-francais-accords-groupe-nominal-sujet-verbe\/\">Accords dans le groupe nominal et entre le sujet et le verbe<\/a><\/li><li><a href=\"https:\/\/groupe-reussite.fr\/ressources\/cp-francais-relations-logiques-fondamentales\/\">Relations logiques fondamentales<\/a><\/li><li><a class=\"waffle-rich-text-link\" href=\"https:\/\/groupe-reussite.fr\/ressources\/cp-francais-relations-logiques-comparaison-condition\/\">Les relations logiques fondamentales : condition et comparaison<\/a><\/li><li><a href=\"https:\/\/groupe-reussite.fr\/ressources\/cp-francais-propositions-subordonnees-relatives\/\">Propositions subordonn\u00e9es relatives<\/a><\/li><li><a href=\"https:\/\/groupe-reussite.fr\/ressources\/cp-francais-opposition-concession\/\">Opposition et concession<\/a><\/li><\/ul>\t\t\t\t\t\t\t\t<\/div>\n\t\t\t\t<\/div>\n\t\t\t\t\t<\/div>\n\t\t<\/div>\n\t\t\t\t\t<\/div>\n\t\t<\/section>\n\t\t\t\t\t<\/div>\n\t\t<\/div>\n\t\t\t\t\t<\/div>\n\t\t<\/section>\n\t\t\t\t<\/div>\n\t\t","protected":false},"excerpt":{"rendered":"<p>Les moralistes de la litt\u00e9rature d\u2019id\u00e9es au bac de fran\u00e7ais Les plus grands auteurs de la litt\u00e9rature d&rsquo;id\u00e9es et leur mouvement cours particuliers cours particuliers de fran\u00e7ais r\u00e9server un cours particulier de fran\u00e7ais CONTACTEZ NOUS Les moralistes du 16\u00e8me si\u00e8cle \u00a0 Le XVI\u00e8me si\u00e8cle est marqu\u00e9 par la naissance du mouvement humaniste qui encourage l\u2019\u00e9ducation [&hellip;]<\/p>\n","protected":false},"author":6,"featured_media":0,"parent":0,"menu_order":0,"comment_status":"closed","ping_status":"closed","template":"elementor_header_footer","meta":{"ocean_post_layout":"full-screen","ocean_both_sidebars_style":"","ocean_both_sidebars_content_width":0,"ocean_both_sidebars_sidebars_width":0,"ocean_sidebar":"0","ocean_second_sidebar":"0","ocean_disable_margins":"enable","ocean_add_body_class":"","ocean_shortcode_before_top_bar":"","ocean_shortcode_after_top_bar":"","ocean_shortcode_before_header":"","ocean_shortcode_after_header":"","ocean_has_shortcode":"","ocean_shortcode_after_title":"","ocean_shortcode_before_footer_widgets":"","ocean_shortcode_after_footer_widgets":"","ocean_shortcode_before_footer_bottom":"","ocean_shortcode_after_footer_bottom":"","ocean_display_top_bar":"off","ocean_display_header":"default","ocean_header_style":"","ocean_center_header_left_menu":"0","ocean_custom_header_template":"0","ocean_custom_logo":0,"ocean_custom_retina_logo":0,"ocean_custom_logo_max_width":0,"ocean_custom_logo_tablet_max_width":0,"ocean_custom_logo_mobile_max_width":0,"ocean_custom_logo_max_height":0,"ocean_custom_logo_tablet_max_height":0,"ocean_custom_logo_mobile_max_height":0,"ocean_header_custom_menu":"0","ocean_menu_typo_font_family":"0","ocean_menu_typo_font_subset":"","ocean_menu_typo_font_size":0,"ocean_menu_typo_font_size_tablet":0,"ocean_menu_typo_font_size_mobile":0,"ocean_menu_typo_font_size_unit":"px","ocean_menu_typo_font_weight":"","ocean_menu_typo_font_weight_tablet":"","ocean_menu_typo_font_weight_mobile":"","ocean_menu_typo_transform":"","ocean_menu_typo_transform_tablet":"","ocean_menu_typo_transform_mobile":"","ocean_menu_typo_line_height":0,"ocean_menu_typo_line_height_tablet":0,"ocean_menu_typo_line_height_mobile":0,"ocean_menu_typo_line_height_unit":"","ocean_menu_typo_spacing":0,"ocean_menu_typo_spacing_tablet":0,"ocean_menu_typo_spacing_mobile":0,"ocean_menu_typo_spacing_unit":"","ocean_menu_link_color":"","ocean_menu_link_color_hover":"","ocean_menu_link_color_active":"","ocean_menu_link_background":"","ocean_menu_link_hover_background":"","ocean_menu_link_active_background":"","ocean_menu_social_links_bg":"","ocean_menu_social_hover_links_bg":"","ocean_menu_social_links_color":"","ocean_menu_social_hover_links_color":"","ocean_disable_title":"on","ocean_disable_heading":"on","ocean_post_title":"","ocean_post_subheading":"","ocean_post_title_style":"","ocean_post_title_background_color":"","ocean_post_title_background":0,"ocean_post_title_bg_image_position":"","ocean_post_title_bg_image_attachment":"","ocean_post_title_bg_image_repeat":"","ocean_post_title_bg_image_size":"","ocean_post_title_height":0,"ocean_post_title_bg_overlay":0.5,"ocean_post_title_bg_overlay_color":"","ocean_disable_breadcrumbs":"default","ocean_breadcrumbs_color":"","ocean_breadcrumbs_separator_color":"","ocean_breadcrumbs_links_color":"","ocean_breadcrumbs_links_hover_color":"","ocean_display_footer_widgets":"default","ocean_display_footer_bottom":"default","ocean_custom_footer_template":"0","footnotes":""},"class_list":["post-167277","page","type-page","status-publish","entry"],"yoast_head":"<!-- This site is optimized with the Yoast SEO plugin v28.1 - https:\/\/yoast.com\/product\/yoast-seo-wordpress\/ -->\n<title>Les grands auteurs de la litt\u00e9rature d\u2019id\u00e9es - fiche bac fran\u00e7ais<\/title>\n<meta name=\"description\" content=\"D\u00e9couvrez les plus grands auteurs de la litt\u00e9rature d\u2019id\u00e9es du XVIe au XVIIIe si\u00e8cle ainsi que leur mouvement. Fiche compl\u00e8te pour le bac de fran\u00e7ais.\" \/>\n<meta name=\"robots\" content=\"index, follow, max-snippet:-1, max-image-preview:large, max-video-preview:-1\" \/>\n<link rel=\"canonical\" href=\"https:\/\/groupe-reussite.fr\/ressources\/cp-francais-grands-auteurs-litterature-idees\/\" \/>\n<meta property=\"og:locale\" content=\"fr_FR\" \/>\n<meta property=\"og:type\" content=\"article\" \/>\n<meta property=\"og:title\" content=\"Les grands auteurs de la litt\u00e9rature d\u2019id\u00e9es - fiche bac fran\u00e7ais\" \/>\n<meta property=\"og:description\" content=\"D\u00e9couvrez les plus grands auteurs de la litt\u00e9rature d\u2019id\u00e9es du XVIe au XVIIIe si\u00e8cle ainsi que leur mouvement. Fiche compl\u00e8te pour le bac de fran\u00e7ais.\" \/>\n<meta property=\"og:url\" content=\"https:\/\/groupe-reussite.fr\/ressources\/cp-francais-grands-auteurs-litterature-idees\/\" \/>\n<meta property=\"og:site_name\" content=\"Groupe R\u00e9ussite\" \/>\n<meta property=\"article:publisher\" content=\"https:\/\/www.facebook.com\/GroupeReussiteOfficiel\/\" \/>\n<meta property=\"article:modified_time\" content=\"2023-10-18T07:35:14+00:00\" \/>\n<meta property=\"og:image\" content=\"https:\/\/groupe-reussite.fr\/ressources\/wp-content\/uploads\/2020\/03\/cours-particuliers.jpg\" \/>\n<meta name=\"twitter:card\" content=\"summary_large_image\" \/>\n<meta name=\"twitter:site\" content=\"@GroupeReussite\" \/>\n<meta name=\"twitter:label1\" content=\"Dur\u00e9e de lecture estim\u00e9e\" \/>\n\t<meta name=\"twitter:data1\" content=\"18 minutes\" \/>\n<script type=\"application\/ld+json\" class=\"yoast-schema-graph\">{\"@context\":\"https:\\\/\\\/schema.org\",\"@graph\":[{\"@type\":\"WebPage\",\"@id\":\"https:\\\/\\\/groupe-reussite.fr\\\/ressources\\\/cp-francais-grands-auteurs-litterature-idees\\\/\",\"url\":\"https:\\\/\\\/groupe-reussite.fr\\\/ressources\\\/cp-francais-grands-auteurs-litterature-idees\\\/\",\"name\":\"Les grands auteurs de la litt\u00e9rature d\u2019id\u00e9es - fiche bac fran\u00e7ais\",\"isPartOf\":{\"@id\":\"https:\\\/\\\/groupe-reussite.fr\\\/ressources\\\/#website\"},\"primaryImageOfPage\":{\"@id\":\"https:\\\/\\\/groupe-reussite.fr\\\/ressources\\\/cp-francais-grands-auteurs-litterature-idees\\\/#primaryimage\"},\"image\":{\"@id\":\"https:\\\/\\\/groupe-reussite.fr\\\/ressources\\\/cp-francais-grands-auteurs-litterature-idees\\\/#primaryimage\"},\"thumbnailUrl\":\"https:\\\/\\\/groupe-reussite.fr\\\/ressources\\\/wp-content\\\/uploads\\\/2020\\\/03\\\/cours-particuliers.jpg\",\"datePublished\":\"2022-06-14T09:04:06+00:00\",\"dateModified\":\"2023-10-18T07:35:14+00:00\",\"description\":\"D\u00e9couvrez les plus grands auteurs de la litt\u00e9rature d\u2019id\u00e9es du XVIe au XVIIIe si\u00e8cle ainsi que leur mouvement. Fiche compl\u00e8te pour le bac de fran\u00e7ais.\",\"breadcrumb\":{\"@id\":\"https:\\\/\\\/groupe-reussite.fr\\\/ressources\\\/cp-francais-grands-auteurs-litterature-idees\\\/#breadcrumb\"},\"inLanguage\":\"fr-FR\",\"potentialAction\":[{\"@type\":\"ReadAction\",\"target\":[\"https:\\\/\\\/groupe-reussite.fr\\\/ressources\\\/cp-francais-grands-auteurs-litterature-idees\\\/\"]}]},{\"@type\":\"ImageObject\",\"inLanguage\":\"fr-FR\",\"@id\":\"https:\\\/\\\/groupe-reussite.fr\\\/ressources\\\/cp-francais-grands-auteurs-litterature-idees\\\/#primaryimage\",\"url\":\"https:\\\/\\\/groupe-reussite.fr\\\/ressources\\\/wp-content\\\/uploads\\\/2020\\\/03\\\/cours-particuliers.jpg\",\"contentUrl\":\"https:\\\/\\\/groupe-reussite.fr\\\/ressources\\\/wp-content\\\/uploads\\\/2020\\\/03\\\/cours-particuliers.jpg\",\"width\":300,\"height\":210,\"caption\":\"cours-particulier-paris\"},{\"@type\":\"BreadcrumbList\",\"@id\":\"https:\\\/\\\/groupe-reussite.fr\\\/ressources\\\/cp-francais-grands-auteurs-litterature-idees\\\/#breadcrumb\",\"itemListElement\":[{\"@type\":\"ListItem\",\"position\":1,\"name\":\"Accueil\",\"item\":\"https:\\\/\\\/groupe-reussite.fr\\\/ressources\\\/\"},{\"@type\":\"ListItem\",\"position\":2,\"name\":\"Les grands auteurs de la litt\u00e9rature d\u2019id\u00e9es\"}]},{\"@type\":\"WebSite\",\"@id\":\"https:\\\/\\\/groupe-reussite.fr\\\/ressources\\\/#website\",\"url\":\"https:\\\/\\\/groupe-reussite.fr\\\/ressources\\\/\",\"name\":\"Groupe R\u00e9ussite - Cours particuliers et stages de vacances\",\"description\":\"Stage et Cours particuliers maths, fran\u00e7ais, anglais, informatique, physique chimie\",\"publisher\":{\"@id\":\"https:\\\/\\\/groupe-reussite.fr\\\/ressources\\\/#organization\"},\"potentialAction\":[{\"@type\":\"SearchAction\",\"target\":{\"@type\":\"EntryPoint\",\"urlTemplate\":\"https:\\\/\\\/groupe-reussite.fr\\\/ressources\\\/?s={search_term_string}\"},\"query-input\":{\"@type\":\"PropertyValueSpecification\",\"valueRequired\":true,\"valueName\":\"search_term_string\"}}],\"inLanguage\":\"fr-FR\"},{\"@type\":\"Organization\",\"@id\":\"https:\\\/\\\/groupe-reussite.fr\\\/ressources\\\/#organization\",\"name\":\"Groupe R\u00e9ussite - Cours particuliers et stages de vacances\",\"url\":\"https:\\\/\\\/groupe-reussite.fr\\\/ressources\\\/\",\"logo\":{\"@type\":\"ImageObject\",\"inLanguage\":\"fr-FR\",\"@id\":\"https:\\\/\\\/groupe-reussite.fr\\\/ressources\\\/#\\\/schema\\\/logo\\\/image\\\/\",\"url\":\"https:\\\/\\\/groupe-reussite.fr\\\/ressources\\\/wp-content\\\/uploads\\\/2026\\\/05\\\/logo-groupe-reussite-carre.png\",\"contentUrl\":\"https:\\\/\\\/groupe-reussite.fr\\\/ressources\\\/wp-content\\\/uploads\\\/2026\\\/05\\\/logo-groupe-reussite-carre.png\",\"width\":170,\"height\":180,\"caption\":\"Groupe R\u00e9ussite - Cours particuliers et stages de vacances\"},\"image\":{\"@id\":\"https:\\\/\\\/groupe-reussite.fr\\\/ressources\\\/#\\\/schema\\\/logo\\\/image\\\/\"},\"sameAs\":[\"https:\\\/\\\/www.facebook.com\\\/GroupeReussiteOfficiel\\\/\",\"https:\\\/\\\/x.com\\\/GroupeReussite\",\"https:\\\/\\\/www.youtube.com\\\/c\\\/GroupeReussite\",\"https:\\\/\\\/www.instagram.com\\\/groupe_reussite_officiel\\\/\",\"https:\\\/\\\/fr.linkedin.com\\\/company\\\/groupe-reussite\",\"https:\\\/\\\/www.tiktok.com\\\/@groupereussite\",\"https:\\\/\\\/fr.pinterest.com\\\/GroupeReussite\\\/\",\"https:\\\/\\\/www.reddit.com\\\/user\\\/Groupe-Reussite\\\/\"]}]}<\/script>\n<!-- \/ Yoast SEO plugin. -->","yoast_head_json":{"title":"Les grands auteurs de la litt\u00e9rature d\u2019id\u00e9es - fiche bac fran\u00e7ais","description":"D\u00e9couvrez les plus grands auteurs de la litt\u00e9rature d\u2019id\u00e9es du XVIe au XVIIIe si\u00e8cle ainsi que leur mouvement. Fiche compl\u00e8te pour le bac de fran\u00e7ais.","robots":{"index":"index","follow":"follow","max-snippet":"max-snippet:-1","max-image-preview":"max-image-preview:large","max-video-preview":"max-video-preview:-1"},"canonical":"https:\/\/groupe-reussite.fr\/ressources\/cp-francais-grands-auteurs-litterature-idees\/","og_locale":"fr_FR","og_type":"article","og_title":"Les grands auteurs de la litt\u00e9rature d\u2019id\u00e9es - fiche bac fran\u00e7ais","og_description":"D\u00e9couvrez les plus grands auteurs de la litt\u00e9rature d\u2019id\u00e9es du XVIe au XVIIIe si\u00e8cle ainsi que leur mouvement. Fiche compl\u00e8te pour le bac de fran\u00e7ais.","og_url":"https:\/\/groupe-reussite.fr\/ressources\/cp-francais-grands-auteurs-litterature-idees\/","og_site_name":"Groupe R\u00e9ussite","article_publisher":"https:\/\/www.facebook.com\/GroupeReussiteOfficiel\/","article_modified_time":"2023-10-18T07:35:14+00:00","og_image":[{"url":"https:\/\/groupe-reussite.fr\/ressources\/wp-content\/uploads\/2020\/03\/cours-particuliers.jpg","type":"","width":"","height":""}],"twitter_card":"summary_large_image","twitter_site":"@GroupeReussite","twitter_misc":{"Dur\u00e9e de lecture estim\u00e9e":"18 minutes"},"schema":{"@context":"https:\/\/schema.org","@graph":[{"@type":"WebPage","@id":"https:\/\/groupe-reussite.fr\/ressources\/cp-francais-grands-auteurs-litterature-idees\/","url":"https:\/\/groupe-reussite.fr\/ressources\/cp-francais-grands-auteurs-litterature-idees\/","name":"Les grands auteurs de la litt\u00e9rature d\u2019id\u00e9es - fiche bac fran\u00e7ais","isPartOf":{"@id":"https:\/\/groupe-reussite.fr\/ressources\/#website"},"primaryImageOfPage":{"@id":"https:\/\/groupe-reussite.fr\/ressources\/cp-francais-grands-auteurs-litterature-idees\/#primaryimage"},"image":{"@id":"https:\/\/groupe-reussite.fr\/ressources\/cp-francais-grands-auteurs-litterature-idees\/#primaryimage"},"thumbnailUrl":"https:\/\/groupe-reussite.fr\/ressources\/wp-content\/uploads\/2020\/03\/cours-particuliers.jpg","datePublished":"2022-06-14T09:04:06+00:00","dateModified":"2023-10-18T07:35:14+00:00","description":"D\u00e9couvrez les plus grands auteurs de la litt\u00e9rature d\u2019id\u00e9es du XVIe au XVIIIe si\u00e8cle ainsi que leur mouvement. Fiche compl\u00e8te pour le bac de fran\u00e7ais.","breadcrumb":{"@id":"https:\/\/groupe-reussite.fr\/ressources\/cp-francais-grands-auteurs-litterature-idees\/#breadcrumb"},"inLanguage":"fr-FR","potentialAction":[{"@type":"ReadAction","target":["https:\/\/groupe-reussite.fr\/ressources\/cp-francais-grands-auteurs-litterature-idees\/"]}]},{"@type":"ImageObject","inLanguage":"fr-FR","@id":"https:\/\/groupe-reussite.fr\/ressources\/cp-francais-grands-auteurs-litterature-idees\/#primaryimage","url":"https:\/\/groupe-reussite.fr\/ressources\/wp-content\/uploads\/2020\/03\/cours-particuliers.jpg","contentUrl":"https:\/\/groupe-reussite.fr\/ressources\/wp-content\/uploads\/2020\/03\/cours-particuliers.jpg","width":300,"height":210,"caption":"cours-particulier-paris"},{"@type":"BreadcrumbList","@id":"https:\/\/groupe-reussite.fr\/ressources\/cp-francais-grands-auteurs-litterature-idees\/#breadcrumb","itemListElement":[{"@type":"ListItem","position":1,"name":"Accueil","item":"https:\/\/groupe-reussite.fr\/ressources\/"},{"@type":"ListItem","position":2,"name":"Les grands auteurs de la litt\u00e9rature d\u2019id\u00e9es"}]},{"@type":"WebSite","@id":"https:\/\/groupe-reussite.fr\/ressources\/#website","url":"https:\/\/groupe-reussite.fr\/ressources\/","name":"Groupe R\u00e9ussite - Cours particuliers et stages de vacances","description":"Stage et Cours particuliers maths, fran\u00e7ais, anglais, informatique, physique chimie","publisher":{"@id":"https:\/\/groupe-reussite.fr\/ressources\/#organization"},"potentialAction":[{"@type":"SearchAction","target":{"@type":"EntryPoint","urlTemplate":"https:\/\/groupe-reussite.fr\/ressources\/?s={search_term_string}"},"query-input":{"@type":"PropertyValueSpecification","valueRequired":true,"valueName":"search_term_string"}}],"inLanguage":"fr-FR"},{"@type":"Organization","@id":"https:\/\/groupe-reussite.fr\/ressources\/#organization","name":"Groupe R\u00e9ussite - Cours particuliers et stages de vacances","url":"https:\/\/groupe-reussite.fr\/ressources\/","logo":{"@type":"ImageObject","inLanguage":"fr-FR","@id":"https:\/\/groupe-reussite.fr\/ressources\/#\/schema\/logo\/image\/","url":"https:\/\/groupe-reussite.fr\/ressources\/wp-content\/uploads\/2026\/05\/logo-groupe-reussite-carre.png","contentUrl":"https:\/\/groupe-reussite.fr\/ressources\/wp-content\/uploads\/2026\/05\/logo-groupe-reussite-carre.png","width":170,"height":180,"caption":"Groupe R\u00e9ussite - Cours particuliers et stages de vacances"},"image":{"@id":"https:\/\/groupe-reussite.fr\/ressources\/#\/schema\/logo\/image\/"},"sameAs":["https:\/\/www.facebook.com\/GroupeReussiteOfficiel\/","https:\/\/x.com\/GroupeReussite","https:\/\/www.youtube.com\/c\/GroupeReussite","https:\/\/www.instagram.com\/groupe_reussite_officiel\/","https:\/\/fr.linkedin.com\/company\/groupe-reussite","https:\/\/www.tiktok.com\/@groupereussite","https:\/\/fr.pinterest.com\/GroupeReussite\/","https:\/\/www.reddit.com\/user\/Groupe-Reussite\/"]}]}},"_links":{"self":[{"href":"https:\/\/groupe-reussite.fr\/ressources\/wp-json\/wp\/v2\/pages\/167277","targetHints":{"allow":["GET"]}}],"collection":[{"href":"https:\/\/groupe-reussite.fr\/ressources\/wp-json\/wp\/v2\/pages"}],"about":[{"href":"https:\/\/groupe-reussite.fr\/ressources\/wp-json\/wp\/v2\/types\/page"}],"author":[{"embeddable":true,"href":"https:\/\/groupe-reussite.fr\/ressources\/wp-json\/wp\/v2\/users\/6"}],"replies":[{"embeddable":true,"href":"https:\/\/groupe-reussite.fr\/ressources\/wp-json\/wp\/v2\/comments?post=167277"}],"version-history":[{"count":3,"href":"https:\/\/groupe-reussite.fr\/ressources\/wp-json\/wp\/v2\/pages\/167277\/revisions"}],"predecessor-version":[{"id":192246,"href":"https:\/\/groupe-reussite.fr\/ressources\/wp-json\/wp\/v2\/pages\/167277\/revisions\/192246"}],"wp:attachment":[{"href":"https:\/\/groupe-reussite.fr\/ressources\/wp-json\/wp\/v2\/media?parent=167277"}],"curies":[{"name":"wp","href":"https:\/\/api.w.org\/{rel}","templated":true}]}}