{"id":204023,"date":"2024-03-14T11:34:06","date_gmt":"2024-03-14T10:34:06","guid":{"rendered":"https:\/\/groupe-reussite.fr\/ressources\/?page_id=204023"},"modified":"2024-03-19T14:49:08","modified_gmt":"2024-03-19T13:49:08","slug":"cours-en-ligne-espagnol-nature","status":"publish","type":"page","link":"https:\/\/groupe-reussite.fr\/ressources\/cours-en-ligne-espagnol-nature\/","title":{"rendered":"Espagnol \/ Vocabulaire : nature"},"content":{"rendered":"<div class=\"Latex_page\">\n<section class=\"has_ae_slider elementor-element elementor-section-full_width elementor-reverse-mobile elementor-section-stretched elementor-section-height-default elementor-section-height-default ae-bg-gallery-type-default elementor-section elementor-top-section\">\n<div class=\"elementor-container elementor-column-gap-no\">\n<div class=\"elementor-row\">\n<div class=\"elementor-column-wrap elementor-element-populated colone_elementor\">\n<p style=\"text-align: justify\">\t\t<div data-elementor-type=\"page\" data-elementor-id=\"204110\" class=\"elementor elementor-204110\">\n\t\t\t\t\t\t<div class=\"elementor-inner\">\n\t\t\t\t<div class=\"elementor-section-wrap\">\n\t\t\t\t\t\t\t\t\t<section class=\"has_ae_slider elementor-section elementor-top-section elementor-element elementor-element-1b49ac07 elementor-section-content-bottom elementor-hidden-mobile wrap elementor-section-boxed elementor-section-height-default elementor-section-height-default ae-bg-gallery-type-default\" data-id=\"1b49ac07\" data-element_type=\"section\" id=\"sticky_sidebar\">\n\t\t\t\t\t\t<div class=\"elementor-container elementor-column-gap-no\">\n\t\t\t\t\t\t\t<div class=\"elementor-row\">\n\t\t\t\t\t<div class=\"has_ae_slider elementor-column elementor-col-100 elementor-top-column elementor-element elementor-element-574ecd11 strick_col ae-bg-gallery-type-default\" data-id=\"574ecd11\" data-element_type=\"column\" data-settings=\"{&quot;background_background&quot;:&quot;classic&quot;}\">\n\t\t\t<div class=\"elementor-column-wrap elementor-element-populated\">\n\t\t\t\t\t\t\t<div class=\"elementor-widget-wrap\">\n\t\t\t\t\t\t<div class=\"elementor-element elementor-element-150dc501 elementor-headline--style-highlight elementor-widget elementor-widget-animated-headline\" data-id=\"150dc501\" data-element_type=\"widget\" data-settings=\"{&quot;highlighted_text&quot;:&quot;r\\u00e9ussir en espagnol&quot;,&quot;headline_style&quot;:&quot;highlight&quot;,&quot;marker&quot;:&quot;circle&quot;,&quot;loop&quot;:&quot;yes&quot;,&quot;highlight_animation_duration&quot;:1200,&quot;highlight_iteration_delay&quot;:8000}\" data-widget_type=\"animated-headline.default\">\n\t\t\t\t<div class=\"elementor-widget-container\">\n\t\t\t\t\t<h3 class=\"elementor-headline\">\n\t\t\t\t\t<span class=\"elementor-headline-plain-text elementor-headline-text-wrapper\">Mon parcours pour<\/span>\n\t\t\t\t<span class=\"elementor-headline-dynamic-wrapper elementor-headline-text-wrapper\">\n\t\t\t\t\t<span class=\"elementor-headline-dynamic-text elementor-headline-text-active\">r\u00e9ussir en espagnol<\/span>\n\t\t\t\t<\/span>\n\t\t\t\t<\/h3>\n\t\t\t\t<\/div>\n\t\t\t\t<\/div>\n\t\t\t\t<div class=\"elementor-element elementor-element-457c3bf9 elementor-position-left elementor-vertical-align-middle elementor-view-default elementor-mobile-position-top elementor-widget elementor-widget-icon-box\" data-id=\"457c3bf9\" data-element_type=\"widget\" data-widget_type=\"icon-box.default\">\n\t\t\t\t<div class=\"elementor-widget-container\">\n\t\t\t\t\t<div class=\"elementor-icon-box-wrapper\">\n\t\t\t\t\t\t<div class=\"elementor-icon-box-icon\">\n\t\t\t\t<span class=\"elementor-icon elementor-animation-\" >\n\t\t\t\t<i aria-hidden=\"true\" class=\"far fa-check-square\"><\/i>\t\t\t\t<\/span>\n\t\t\t<\/div>\n\t\t\t\t\t\t<div class=\"elementor-icon-box-content\">\n\t\t\t\t<h4 class=\"elementor-icon-box-title\">\n\t\t\t\t\t<span  >\n\t\t\t\t\t\tJe travaille r\u00e9guli\u00e8rement\t\t\t\t\t<\/span>\n\t\t\t\t<\/h4>\n\t\t\t\t\t\t\t<\/div>\n\t\t<\/div>\n\t\t\t\t<\/div>\n\t\t\t\t<\/div>\n\t\t\t\t<div class=\"elementor-element elementor-element-6f15903a elementor-position-left elementor-vertical-align-middle elementor-view-default elementor-mobile-position-top elementor-widget elementor-widget-icon-box\" data-id=\"6f15903a\" data-element_type=\"widget\" data-widget_type=\"icon-box.default\">\n\t\t\t\t<div class=\"elementor-widget-container\">\n\t\t\t\t\t<div class=\"elementor-icon-box-wrapper\">\n\t\t\t\t\t\t<div class=\"elementor-icon-box-icon\">\n\t\t\t\t<span class=\"elementor-icon elementor-animation-\" >\n\t\t\t\t<i aria-hidden=\"true\" class=\"far fa-check-square\"><\/i>\t\t\t\t<\/span>\n\t\t\t<\/div>\n\t\t\t\t\t\t<div class=\"elementor-icon-box-content\">\n\t\t\t\t<h4 class=\"elementor-icon-box-title\">\n\t\t\t\t\t<span  >\n\t\t\t\t\t\tJe cherche avec un prof d'espagnol\t\t\t\t\t<\/span>\n\t\t\t\t<\/h4>\n\t\t\t\t\t\t\t<\/div>\n\t\t<\/div>\n\t\t\t\t<\/div>\n\t\t\t\t<\/div>\n\t\t\t\t<div class=\"elementor-element elementor-element-4f766c7d elementor-position-left elementor-vertical-align-middle elementor-view-default elementor-mobile-position-top elementor-widget elementor-widget-icon-box\" data-id=\"4f766c7d\" data-element_type=\"widget\" data-widget_type=\"icon-box.default\">\n\t\t\t\t<div class=\"elementor-widget-container\">\n\t\t\t\t\t<div class=\"elementor-icon-box-wrapper\">\n\t\t\t\t\t\t<div class=\"elementor-icon-box-icon\">\n\t\t\t\t<span class=\"elementor-icon elementor-animation-\" >\n\t\t\t\t<i aria-hidden=\"true\" class=\"far fa-check-square\"><\/i>\t\t\t\t<\/span>\n\t\t\t<\/div>\n\t\t\t\t\t\t<div class=\"elementor-icon-box-content\">\n\t\t\t\t<h4 class=\"elementor-icon-box-title\">\n\t\t\t\t\t<span  >\n\t\t\t\t\t\tJe m\u2019entra\u00eene \u00e0 l'oral et sur le vocabulaire\t\t\t\t\t<\/span>\n\t\t\t\t<\/h4>\n\t\t\t\t\t\t\t<\/div>\n\t\t<\/div>\n\t\t\t\t<\/div>\n\t\t\t\t<\/div>\n\t\t\t\t<div class=\"elementor-element elementor-element-2142e04 elementor-align-center elementor-widget elementor-widget-button\" data-id=\"2142e04\" data-element_type=\"widget\" data-widget_type=\"button.default\">\n\t\t\t\t<div class=\"elementor-widget-container\">\n\t\t\t\t\t<div class=\"elementor-button-wrapper\">\n\t\t\t<a href=\"https:\/\/groupe-reussite.fr\/cours-particuliers\/espagnol\/tous-niveaux\/france\/\" target=\"_blank\" class=\"elementor-button-link elementor-button elementor-size-lg\" role=\"button\" id=\"CTA_PAGE_CHAPEAU\">\n\t\t\t\t\t\t<span class=\"elementor-button-content-wrapper\">\n\t\t\t\t\t\t<span class=\"elementor-button-text\">Cours particuliers espagnol<\/span>\n\t\t<\/span>\n\t\t\t\t\t<\/a>\n\t\t<\/div>\n\t\t\t\t<\/div>\n\t\t\t\t<\/div>\n\t\t\t\t<div class=\"elementor-element elementor-element-20fbb885 elementor-widget elementor-widget-text-editor\" data-id=\"20fbb885\" data-element_type=\"widget\" data-widget_type=\"text-editor.default\">\n\t\t\t\t<div class=\"elementor-widget-container\">\n\t\t\t\t\t\t\t\t<div class=\"elementor-text-editor elementor-clearfix\">\n\t\t\t\t<p style=\"text-align: center;\"><b>Avis Google France\u00a0<br \/><\/b><span style=\"font-size: 17px; color: #e5a430;\"><b>\u2605\u2605\u2605\u2605\u2605<\/b><\/span><b style=\"font-size: 17px;\"> 4,8 sur 5<\/b><\/p>\t\t\t\t\t<\/div>\n\t\t\t\t\t\t<\/div>\n\t\t\t\t<\/div>\n\t\t\t\t\t\t<\/div>\n\t\t\t\t\t<\/div>\n\t\t<\/div>\n\t\t\t\t\t\t\t\t<\/div>\n\t\t\t\t\t<\/div>\n\t\t<\/section>\n\t\t\t\t\t\t\t\t\t<\/div>\n\t\t\t<\/div>\n\t\t\t\t\t<\/div>\n\t\t\n<\/div>\n<div class=\"elementor-column-wrap elementor-element-populated colone_latex\">\n<div class=\"style_pag\" style=\"color: #000;font-family: 'Lato', Sans-serif\">\n<div class=\"elementor-text-editor elementor-clearfix\" style=\"color: #000000;font-family: Lato, sans-serif;text-align: justify\">\n<h1 class=\"Latex_page_title\" style=\"text-align: center\">Am\u00e9liorer son vocabulaire de la nature en espagnol<\/h1>\n<\/div>\n<p class=\"colone_latex_ancres\" style=\"color: #000000;font-family: Lato, sans-serif;text-align: center\"><a href=\"https:\/\/groupe-reussite.fr\/ressources\/cours-en-ligne-espagnol-nature\/\">R\u00e9sum\u00e9 de cours<\/a> <a href=\"https:\/\/groupe-reussite.fr\/ressources\/cours-en-ligne-exercices-corriges-espagnol-nature\/\">Exercices et corrig\u00e9s<\/a><\/p>\n<p class=\"colone_latex_ancres\" style=\"color: #000000;font-family: Lato, sans-serif;text-align: center\"><a href=\"https:\/\/groupe-reussite.fr\/ressources\/cours-en-ligne-espagnol\/\">Cours en ligne d&rsquo;Espagnol<\/a><\/p>\n<p style=\"text-align: justify\">Notre module d&rsquo;apprentissage d\u00e9di\u00e9 \u00e0 enrichir votre vocabulaire espagnol sur le th\u00e8me de la nature. Chaque section a \u00e9t\u00e9 soigneusement \u00e9labor\u00e9e pour faciliter votre compr\u00e9hension et votre pratique de l&rsquo;espagnol dans un contexte \u00e9cologique et naturel. Pour ceux qui souhaitent approfondir leur apprentissage, des <a href=\"https:\/\/groupe-reussite.fr\/cours-particuliers\/espagnol\/tous-niveaux\/france\/\">cours d&rsquo;espagnol<\/a> sont disponibles pour un accompagnement personnalis\u00e9, permettant un apprentissage encore plus optimale dans le vocabulaire sp\u00e9cifique et les subtilit\u00e9s de la langue.<\/p>\n<h2 style=\"text-align: justify\">Vocabulaire de base pour apprendre la nature en espagnol<\/h2>\n<p><strong>El \u00e1rbol (l&rsquo;arbre)<\/strong><\/p>\n<ul>\n<li>Los \u00e1rboles de este bosque son muy altos.<\/li>\n<li>Les arbres de cette for\u00eat sont tr\u00e8s hauts.<\/li>\n<\/ul>\n<p><strong>El r\u00edo (la rivi\u00e8re)<\/strong><\/p>\n<ul>\n<li>El r\u00edo cruza la ciudad.<\/li>\n<li>La rivi\u00e8re traverse la ville.<\/li>\n<\/ul>\n<p><strong>La monta\u00f1a (la montagne)<\/strong><\/p>\n<ul>\n<li>Me gusta escalar monta\u00f1as.<\/li>\n<li>J&rsquo;aime escalader des montagnes.<\/li>\n<\/ul>\n<p><strong>El mar (la mer)<\/strong><\/p>\n<ul>\n<li>El mar est\u00e1 tranquilo hoy.<\/li>\n<li>La mer est calme aujourd&rsquo;hui.<\/li>\n<\/ul>\n<p><strong>El bosque (la foret)<\/strong><\/p>\n<ul>\n<li>Vamos a caminar por el bosque.<\/li>\n<li>Nous allons nous promener dans la for\u00eat.<\/li>\n<\/ul>\n<p><strong>La playa (la plage)<\/strong><\/p>\n<ul>\n<li>La playa est\u00e1 llena de gente en verano.<\/li>\n<li>La plage est pleine de gens en \u00e9t\u00e9.<\/li>\n<\/ul>\n<p><strong>El cielo (le ciel)<\/strong><\/p>\n<ul>\n<li>El cielo est\u00e1 despejado esta noche.<\/li>\n<li>Le ciel est d\u00e9gag\u00e9 ce soir.<\/li>\n<\/ul>\n<p><strong>La tierra (la terre)<\/strong><\/p>\n<ul>\n<li>Debemos cuidar la tierra.<\/li>\n<li>Nous devons prendre soin de la terre.<\/li>\n<\/ul>\n<p><strong>El sol (le soleil)<\/strong><\/p>\n<ul>\n<li>El sol brilla fuerte en el cielo.<\/li>\n<li>Le soleil brille fort dans le ciel.<\/li>\n<\/ul>\n<p><strong>La luna (la lune)<\/strong><\/p>\n<ul>\n<li>La luna llena ilumina la noche.<\/li>\n<li>La pleine lune illumine la nuit.<\/li>\n<\/ul>\n<p><strong>La estrella (l\u2019etoile)<\/strong><\/p>\n<ul>\n<li>Puedo ver una estrella fugaz.<\/li>\n<li>Je peux voir une \u00e9toile filante.<\/li>\n<\/ul>\n<p>&nbsp;<\/p>\n\t\t<div data-elementor-type=\"section\" data-elementor-id=\"203636\" class=\"elementor elementor-203636\">\n\t\t\t\t\t<div class=\"elementor-section-wrap\">\n\t\t\t\t\t\t\t\t<section class=\"has_ae_slider elementor-section elementor-inner-section elementor-element elementor-element-48203cf5 elementor-section-content-bottom full_width elementor-section-full_width elementor-section-height-min-height elementor-section-height-default ae-bg-gallery-type-default\" data-id=\"48203cf5\" data-element_type=\"section\" data-settings=\"{&quot;background_background&quot;:&quot;gradient&quot;}\">\n\t\t\t\t\t\t\t<div class=\"elementor-background-overlay\"><\/div>\n\t\t\t\t\t\t\t<div class=\"elementor-container elementor-column-gap-narrow\">\n\t\t\t\t\t\t\t<div class=\"elementor-row\">\n\t\t\t\t\t<div class=\"has_ae_slider elementor-column elementor-col-50 elementor-inner-column elementor-element elementor-element-7ed0b9ed ae-bg-gallery-type-default\" data-id=\"7ed0b9ed\" data-element_type=\"column\">\n\t\t\t<div class=\"elementor-column-wrap elementor-element-populated\">\n\t\t\t\t\t\t\t<div class=\"elementor-widget-wrap\">\n\t\t\t\t\t\t<div class=\"elementor-element elementor-element-71e6fdbc elementor-widget elementor-widget-heading\" data-id=\"71e6fdbc\" data-element_type=\"widget\" data-widget_type=\"heading.default\">\n\t\t\t\t<div class=\"elementor-widget-container\">\n\t\t\t<h3 class=\"elementor-heading-title elementor-size-default\">Des cours d'espagnol adapt\u00e9s \u00e0 tous les niveaux<\/h3>\t\t<\/div>\n\t\t\t\t<\/div>\n\t\t\t\t<div class=\"elementor-element elementor-element-32b432af elementor-widget elementor-widget-heading\" data-id=\"32b432af\" data-element_type=\"widget\" data-widget_type=\"heading.default\">\n\t\t\t\t<div class=\"elementor-widget-container\">\n\t\t\t<h4 class=\"elementor-heading-title elementor-size-default\">Profs avec identit\u00e9s et dipl\u00f4mes v\u00e9rifi\u00e9s<\/h4>\t\t<\/div>\n\t\t\t\t<\/div>\n\t\t\t\t<div class=\"elementor-element elementor-element-1d565820 elementor-align-left elementor-mobile-align-center elementor-widget elementor-widget-button\" data-id=\"1d565820\" data-element_type=\"widget\" data-widget_type=\"button.default\">\n\t\t\t\t<div class=\"elementor-widget-container\">\n\t\t\t\t\t<div class=\"elementor-button-wrapper\">\n\t\t\t<a href=\"https:\/\/groupe-reussite.fr\/cours-particuliers\/espagnol\/tous-niveaux\/france\/\" target=\"_blank\" class=\"elementor-button-link elementor-button elementor-size-md\" role=\"button\" id=\"CTA_PRD_CP\">\n\t\t\t\t\t\t<span class=\"elementor-button-content-wrapper\">\n\t\t\t\t\t\t<span class=\"elementor-button-text\">Prof particulier espagnol<\/span>\n\t\t<\/span>\n\t\t\t\t\t<\/a>\n\t\t<\/div>\n\t\t\t\t<\/div>\n\t\t\t\t<\/div>\n\t\t\t\t\t\t<\/div>\n\t\t\t\t\t<\/div>\n\t\t<\/div>\n\t\t\t\t<div class=\"has_ae_slider elementor-column elementor-col-50 elementor-inner-column elementor-element elementor-element-82e7329 ae-bg-gallery-type-default\" data-id=\"82e7329\" data-element_type=\"column\">\n\t\t\t<div class=\"elementor-column-wrap\">\n\t\t\t\t\t\t\t<div class=\"elementor-widget-wrap\">\n\t\t\t\t\t\t\t\t<\/div>\n\t\t\t\t\t<\/div>\n\t\t<\/div>\n\t\t\t\t\t\t\t\t<\/div>\n\t\t\t\t\t<\/div>\n\t\t<\/section>\n\t\t\t\t\t\t\t<\/div>\n\t\t\t\t<\/div>\n\t\t\n<p>&nbsp;<\/p>\n<h2>Liste des noms des paysages en espagnol<\/h2>\n<p><strong>La selva (la jungle)<\/strong><\/p>\n<ul>\n<li>La selva amaz\u00f3nica es muy densa.<\/li>\n<li>La jungle amazonienne est tr\u00e8s dense.<\/li>\n<\/ul>\n<p><strong>El desierto (le dessert)<\/strong><\/p>\n<ul>\n<li>El desierto del Sahara es el m\u00e1s grande del mundo.<\/li>\n<li>Le d\u00e9sert du Sahara est le plus grand du monde.<\/li>\n<\/ul>\n<p><strong>La cordillera (la chaine de montagne)<\/strong><\/p>\n<ul>\n<li>La cordillera de los Andes atraviesa varios pa\u00edses.<\/li>\n<li>La cha\u00eene des Andes traverse plusieurs pays.<\/li>\n<\/ul>\n<p><strong>El valle (la val\u00e9e)<\/strong><\/p>\n<ul>\n<li>El valle est\u00e1 lleno de flores en primavera.<\/li>\n<li>La vall\u00e9e est pleine de fleurs au printemps.<\/li>\n<\/ul>\n<p><strong>La cascada (la cascade)<\/strong><\/p>\n<ul>\n<li>La cascada cae desde una gran altura.<\/li>\n<li>La cascade tombe d&rsquo;une grande hauteur.<\/li>\n<\/ul>\n<p><strong>El lago (le lac)<\/strong><\/p>\n<ul>\n<li>El lago Titicaca es el lago navegable m\u00e1s alto del mundo.<\/li>\n<li>Le lac Titicaca est le lac navigable le plus haut du monde.<\/li>\n<\/ul>\n<p><strong>El volc\u00e1n (le volcan)<\/strong><\/p>\n<ul>\n<li>El volc\u00e1n Cotopaxi es uno de los volcanes activos m\u00e1s altos del mundo.<\/li>\n<li>Le volcan Cotopaxi est l&rsquo;un des volcans actifs les plus \u00e9lev\u00e9s du monde.<\/li>\n<\/ul>\n<p><strong>La playa (la plage)<\/strong><\/p>\n<ul>\n<li>La playa de Copacabana es famosa en todo el mundo.<\/li>\n<li>La plage de Copacabana est c\u00e9l\u00e8bre dans le monde entier.<\/li>\n<\/ul>\n<p><strong>El bosque templado (la for\u00eat temp\u00e9r\u00e9e)<\/strong><\/p>\n<ul>\n<li>El bosque templado de la Patagonia alberga una gran biodiversidad.<\/li>\n<li>La for\u00eat temp\u00e9r\u00e9e de la Patagonie abrite une grande biodiversit\u00e9.<\/li>\n<\/ul>\n<p><strong>El glaciar (le glacier)<\/strong><\/p>\n<ul>\n<li>El glaciar Perito Moreno es un espect\u00e1culo natural impresionante.<\/li>\n<li>Le glacier Perito Moreno est un spectacle naturel impressionnant.<\/li>\n<\/ul>\n<p><strong>El arrecife de coral (le r\u00e9cif corallien)<\/strong><\/p>\n<ul>\n<li>El Gran Arrecife de Coral es el m\u00e1s grande del mundo y se encuentra en Australia.<\/li>\n<li>Le Grand R\u00e9cif de Corail est le plus grand du monde et se trouve en Australie.<\/li>\n<\/ul>\n<p><strong>La sabana (la savane)<\/strong><\/p>\n<ul>\n<li>La sabana africana es el hogar de una incre\u00edble variedad de fauna.<\/li>\n<li>La savane africaine est le foyer d&rsquo;une incroyable vari\u00e9t\u00e9 de faune.<\/li>\n<\/ul>\n<p><strong>El pantano (le marais)<\/strong><\/p>\n<ul>\n<li>El pantano de la Florida es conocido por su poblaci\u00f3n de cocodrilos.<\/li>\n<li>Le marais de Floride est connu pour sa population de crocodiles.<\/li>\n<\/ul>\n<h2><img loading=\"lazy\" class=\"aligncenter wp-image-204026 size-full\" src=\"https:\/\/groupe-reussite.fr\/ressources\/wp-content\/uploads\/2024\/03\/cours-vocabulaire-espagnol-nature.jpg\" alt=\"\" width=\"640\" height=\"427\" srcset=\"https:\/\/groupe-reussite.fr\/ressources\/wp-content\/uploads\/2024\/03\/cours-vocabulaire-espagnol-nature.jpg 640w, https:\/\/groupe-reussite.fr\/ressources\/wp-content\/uploads\/2024\/03\/cours-vocabulaire-espagnol-nature-300x200.jpg 300w\" sizes=\"(max-width: 640px) 100vw, 640px\" \/><\/h2>\n<h2>Vocabulaire en lien avec les saisons en espagnol<\/h2>\n<p><strong>La primavera (le printemps)<\/strong><\/p>\n<ul>\n<li>En primavera, todo florece.<\/li>\n<li>Au printemps, tout fleurit.<\/li>\n<\/ul>\n<p><strong>El verano (l\u2019ete)<\/strong><\/p>\n<ul>\n<li>En verano, vamos a la playa.<\/li>\n<li>En \u00e9t\u00e9, nous allons \u00e0 la plage.<\/li>\n<\/ul>\n<p><strong>El oto\u00f1o (l\u2019automne)<\/strong><\/p>\n<ul>\n<li>En oto\u00f1o, las hojas de los \u00e1rboles se caen.<\/li>\n<li>En automne, les feuilles des arbres tombent.<\/li>\n<\/ul>\n<p><strong>El invierno (l\u2019hiver)<\/strong><\/p>\n<ul>\n<li>En invierno, hace mucho fr\u00edo.<\/li>\n<li>En hiver, il fait tr\u00e8s froid.<\/li>\n<\/ul>\n<h2>Le temps atmosph\u00e9rique par saison en espagnol<\/h2>\n<h3>La primavera (le printemps)<\/h3>\n<p><strong>Las lluvias primaverales (les pluies printani\u00e8res)<\/strong><\/p>\n<ul>\n<li>Las lluvias primaverales revitalizan el jard\u00edn.<\/li>\n<li>Les pluies printani\u00e8res revitalisent le jardin.<\/li>\n<\/ul>\n<p><strong>El arco\u00edris (l&rsquo;arc-en-ciel)<\/strong><\/p>\n<ul>\n<li>Despu\u00e9s de la lluvia, aparece el arco\u00edris.<\/li>\n<li>Apr\u00e8s la pluie, l&rsquo;arc-en-ciel appara\u00eet.<\/li>\n<\/ul>\n<h3>El verano (l&rsquo;\u00e9t\u00e9)<\/h3>\n<p><strong>El sol radiante (le soleil radieux)<\/strong><\/p>\n<ul>\n<li>El sol radiante nos invita a pasar el d\u00eda en la playa.<\/li>\n<li>Le soleil radieux nous invite \u00e0 passer la journ\u00e9e \u00e0 la plage.<\/li>\n<\/ul>\n<p><strong>La brisa marina (la brise marine)<\/strong><\/p>\n<ul>\n<li>La brisa marina refresca las noches de verano.<\/li>\n<li>La brise marine rafra\u00eechit les nuits d&rsquo;\u00e9t\u00e9.<\/li>\n<\/ul>\n<h3>El oto\u00f1o (l&rsquo;automne)<\/h3>\n<p><strong>El viento fresco (le vent frais)<\/strong><\/p>\n<ul>\n<li>El viento fresco anuncia la llegada del oto\u00f1o.<\/li>\n<li>Le vent frais annonce l&rsquo;arriv\u00e9e de l&rsquo;automne.<\/li>\n<\/ul>\n<p><strong>Las hojas secas (les feuilles mortes)<\/strong><\/p>\n<ul>\n<li>Las hojas secas crujen bajo nuestros pies.<\/li>\n<li>Les feuilles mortes craquent sous nos pieds.<\/li>\n<\/ul>\n<h3>El invierno (l&rsquo;hiver)<\/h3>\n<p><strong>La helada (le gel)<\/strong><\/p>\n<ul>\n<li>La helada matutina cubre el paisaje.<\/li>\n<li>Le gel matinal couvre le paysage.<\/li>\n<\/ul>\n<p><strong>La nieve (la neige)<\/strong><\/p>\n<ul>\n<li>La nieve transforma la ciudad en un paisaje invernal.<\/li>\n<li>La neige transforme la ville en un paysage hivernal.<\/li>\n<\/ul>\n<h3>Ph\u00e9nom\u00e8nes m\u00e9t\u00e9orologiques extr\u00eames<\/h3>\n<p><strong>La tormenta (l&rsquo;orage)<\/strong><\/p>\n<ul>\n<li>La tormenta trae consigo rel\u00e1mpagos y truenos.<\/li>\n<li>L&rsquo;orage apporte avec lui des \u00e9clairs et du tonnerre.<\/li>\n<\/ul>\n<p><strong>El hurac\u00e1n (l&rsquo;ouragan)<\/strong><\/p>\n<ul>\n<li>El hurac\u00e1n se acerca a la costa.<\/li>\n<li>L&rsquo;ouragan s&rsquo;approche de la c\u00f4te.<\/li>\n<\/ul>\n<p><strong>La sequ\u00eda (la s\u00e9cheresse)<\/strong><\/p>\n<ul>\n<li>La sequ\u00eda ha afectado a las cosechas este a\u00f1o.<\/li>\n<li>La s\u00e9cheresse a affect\u00e9 les r\u00e9coltes cette ann\u00e9e.<\/li>\n<\/ul>\n<p><strong>La ola de calor (la vague de chaleur)<\/strong><\/p>\n<ul>\n<li>La ola de calor ha batido r\u00e9cords este verano.<\/li>\n<li>La vague de chaleur a battu des records cet \u00e9t\u00e9.<\/li>\n<\/ul>\n<h2>Les expressions pour parler de la flore en espagnol<\/h2>\n<p><strong>La flor (la fleur)<\/strong><\/p>\n<ul>\n<li>Esta flor es muy hermosa.<\/li>\n<li>Cette fleur est tr\u00e8s belle.<\/li>\n<\/ul>\n<p><strong>El arbusto (les buissons)<\/strong><\/p>\n<ul>\n<li>Los arbustos necesitan ser podados.<\/li>\n<li>Les buissons doivent \u00eatre taill\u00e9s.<\/li>\n<\/ul>\n<p><strong>La hoja (la feuille)<\/strong><\/p>\n<ul>\n<li>Las hojas verdes llenan el \u00e1rbol.<\/li>\n<li>Les feuilles vertes remplissent l&rsquo;arbre.<\/li>\n<\/ul>\n<p><strong>El \u00e1rbol (l&rsquo;arbre)<\/strong><\/p>\n<ul>\n<li>El \u00e1rbol de roble puede vivir cientos de a\u00f1os.<\/li>\n<li>L&rsquo;arbre ch\u00eane peut vivre des centaines d&rsquo;ann\u00e9es.<\/li>\n<\/ul>\n<p><strong>La hierba (l&rsquo;herbe)<\/strong><\/p>\n<ul>\n<li>La hierba fresca cubre el campo en primavera.<\/li>\n<li>L&rsquo;herbe fra\u00eeche couvre le champ au printemps.<\/li>\n<\/ul>\n<p><strong>El musgo (la mousse)<\/strong><\/p>\n<ul>\n<li>El musgo crece en el lado norte de los \u00e1rboles.<\/li>\n<li>La mousse pousse sur le c\u00f4t\u00e9 nord des arbres.<\/li>\n<\/ul>\n<p><strong>La ra\u00edz (la racine)<\/strong><\/p>\n<ul>\n<li>La ra\u00edz: Las ra\u00edces de este \u00e1rbol son muy profundas.<\/li>\n<li>Les racines de cet arbre sont tr\u00e8s profondes.<\/li>\n<\/ul>\n<p><strong>La semilla (la graine)<\/strong><\/p>\n<ul>\n<li>De esta semilla crecer\u00e1 un hermoso girasol.<\/li>\n<li>De cette graine poussera un beau tournesol.<\/li>\n<\/ul>\n<p><strong>El tallo (la tige)<\/strong><\/p>\n<ul>\n<li>El tallo de la rosa est\u00e1 cubierto de espinas.<\/li>\n<li>La tige de la rose est couverte d&rsquo;\u00e9pines.<\/li>\n<\/ul>\n<p><strong>La rama (la branche)<\/strong><\/p>\n<ul>\n<li>La rama del \u00e1rbol se rompi\u00f3 durante la tormenta.<\/li>\n<li>La branche de l&rsquo;arbre s&rsquo;est cass\u00e9e pendant l&rsquo;orage.<\/li>\n<\/ul>\n<p><strong>El tronco (le tronc)<\/strong><\/p>\n<ul>\n<li>El tronco del \u00e1rbol es grueso y robusto.<\/li>\n<li>Le tronc de l&rsquo;arbre est \u00e9pais et robuste.<\/li>\n<\/ul>\n<p><strong>La flor silvestre (la fleur sauvage)<\/strong><\/p>\n<ul>\n<li>La flor silvestre: Las flores silvestres colorean el paisaje en primavera.<\/li>\n<li>Les fleurs sauvages colorent le paysage au printemps.<\/li>\n<\/ul>\n<p>&nbsp;<\/p>\n\t\t<div data-elementor-type=\"section\" data-elementor-id=\"203642\" class=\"elementor elementor-203642\">\n\t\t\t\t\t<div class=\"elementor-section-wrap\">\n\t\t\t\t\t\t\t\t<section class=\"has_ae_slider elementor-section elementor-inner-section elementor-element elementor-element-61c51ddd elementor-section-content-bottom full_width elementor-section-full_width elementor-section-height-min-height elementor-section-height-default ae-bg-gallery-type-default\" data-id=\"61c51ddd\" data-element_type=\"section\" data-settings=\"{&quot;background_background&quot;:&quot;classic&quot;}\">\n\t\t\t\t\t\t<div class=\"elementor-container elementor-column-gap-narrow\">\n\t\t\t\t\t\t\t<div class=\"elementor-row\">\n\t\t\t\t\t<div class=\"has_ae_slider elementor-column elementor-col-66 elementor-inner-column elementor-element elementor-element-1934c67b ae-bg-gallery-type-default\" data-id=\"1934c67b\" data-element_type=\"column\" data-settings=\"{&quot;background_background&quot;:&quot;classic&quot;}\">\n\t\t\t<div class=\"elementor-column-wrap elementor-element-populated\">\n\t\t\t\t\t\t\t<div class=\"elementor-widget-wrap\">\n\t\t\t\t\t\t<div class=\"elementor-element elementor-element-78317aee elementor-widget elementor-widget-heading\" data-id=\"78317aee\" data-element_type=\"widget\" data-widget_type=\"heading.default\">\n\t\t\t\t<div class=\"elementor-widget-container\">\n\t\t\t<h3 class=\"elementor-heading-title elementor-size-default\">Profs d'espagnol disponibles et bienveillants<\/h3>\t\t<\/div>\n\t\t\t\t<\/div>\n\t\t\t\t<div class=\"elementor-element elementor-element-29e9fc0e elementor-widget elementor-widget-heading\" data-id=\"29e9fc0e\" data-element_type=\"widget\" data-widget_type=\"heading.default\">\n\t\t\t\t<div class=\"elementor-widget-container\">\n\t\t\t<h4 class=\"elementor-heading-title elementor-size-default\">Une p\u00e9dagogie exigeante et active en cours d'espagnol<\/h4>\t\t<\/div>\n\t\t\t\t<\/div>\n\t\t\t\t<div class=\"elementor-element elementor-element-3a2d6c0e elementor-widget elementor-widget-heading\" data-id=\"3a2d6c0e\" data-element_type=\"widget\" data-widget_type=\"heading.default\">\n\t\t\t\t<div class=\"elementor-widget-container\">\n\t\t\t<h4 class=\"elementor-heading-title elementor-size-default\">Environnement favorable \u00e0 la concentration<\/h4>\t\t<\/div>\n\t\t\t\t<\/div>\n\t\t\t\t<div class=\"elementor-element elementor-element-5b9e3701 elementor-align-left elementor-mobile-align-center elementor-widget elementor-widget-button\" data-id=\"5b9e3701\" data-element_type=\"widget\" data-widget_type=\"button.default\">\n\t\t\t\t<div class=\"elementor-widget-container\">\n\t\t\t\t\t<div class=\"elementor-button-wrapper\">\n\t\t\t<a href=\"https:\/\/groupe-reussite.fr\/cours-particuliers\/espagnol\/tous-niveaux\/france\/\" target=\"_blank\" class=\"elementor-button-link elementor-button elementor-size-md\" role=\"button\" id=\"CTA_PRD_CP\">\n\t\t\t\t\t\t<span class=\"elementor-button-content-wrapper\">\n\t\t\t\t\t\t<span class=\"elementor-button-text\">Prof a domicile espagnol<\/span>\n\t\t<\/span>\n\t\t\t\t\t<\/a>\n\t\t<\/div>\n\t\t\t\t<\/div>\n\t\t\t\t<\/div>\n\t\t\t\t<div class=\"elementor-element elementor-element-4de45c03 elementor-widget elementor-widget-text-editor\" data-id=\"4de45c03\" data-element_type=\"widget\" data-widget_type=\"text-editor.default\">\n\t\t\t\t<div class=\"elementor-widget-container\">\n\t\t\t\t\t\t\t\t<div class=\"elementor-text-editor elementor-clearfix\">\n\t\t\t\t<p style=\"text-align: left\"><b>Avis Google France <\/b><span style=\"color: #e5a430\"><b>\u2605\u2605\u2605\u2605\u2605<\/b><\/span><b> 4,9 sur 5<\/b><\/p>\t\t\t\t\t<\/div>\n\t\t\t\t\t\t<\/div>\n\t\t\t\t<\/div>\n\t\t\t\t\t\t<\/div>\n\t\t\t\t\t<\/div>\n\t\t<\/div>\n\t\t\t\t<div class=\"has_ae_slider elementor-column elementor-col-33 elementor-inner-column elementor-element elementor-element-594978e ae-bg-gallery-type-default\" data-id=\"594978e\" data-element_type=\"column\">\n\t\t\t<div class=\"elementor-column-wrap\">\n\t\t\t\t\t\t\t<div class=\"elementor-widget-wrap\">\n\t\t\t\t\t\t\t\t<\/div>\n\t\t\t\t\t<\/div>\n\t\t<\/div>\n\t\t\t\t\t\t\t\t<\/div>\n\t\t\t\t\t<\/div>\n\t\t<\/section>\n\t\t\t\t\t\t\t<\/div>\n\t\t\t\t<\/div>\n\t\t\n<p>&nbsp;<\/p>\n<h2>Lexique de la nature en espagnol : la faune<\/h2>\n<p><strong>El animal (l\u2019animal)<\/strong><\/p>\n<ul>\n<li>Los animales del bosque son variados.<\/li>\n<li>Les animaux de la for\u00eat sont vari\u00e9s.<\/li>\n<\/ul>\n<p><strong>El p\u00e1jaro (l\u2019oiseau)<\/strong><\/p>\n<ul>\n<li>El p\u00e1jaro canta al amanecer.<\/li>\n<li>L&rsquo;oiseau chante \u00e0 l&rsquo;aube.<\/li>\n<\/ul>\n<p><strong>El pez (le poisson)<\/strong><\/p>\n<ul>\n<li>Los peces nadan en el r\u00edo.<\/li>\n<li>Les poissons nagent dans la rivi\u00e8re.<\/li>\n<\/ul>\n<p><strong>El mam\u00edfero (le mammif\u00e8re)<\/strong><\/p>\n<ul>\n<li>Los mam\u00edferos pueden vivir en diversos ambientes.<\/li>\n<li>Les mammif\u00e8res peuvent vivre dans divers environnements.<\/li>\n<\/ul>\n<p><strong>El insecto (l&rsquo;insecte)<\/strong><\/p>\n<ul>\n<li>Los insectos juegan un papel crucial en la polinizaci\u00f3n.<\/li>\n<li>Les insectes jouent un r\u00f4le crucial dans la pollinisation.<\/li>\n<\/ul>\n<p><strong>El reptil (le reptile)<\/strong><\/p>\n<ul>\n<li>Los reptiles son conocidos por su piel escamosa.<\/li>\n<li>Les reptiles sont connus pour leur peau \u00e9cailleuse.<\/li>\n<\/ul>\n<p><strong>El anfibio (l&rsquo;amphibien)<\/strong><\/p>\n<ul>\n<li>Los anfibios pasan su vida entre el agua y la tierra.<\/li>\n<li>Les amphibiens passent leur vie entre l&rsquo;eau et la terre.<\/li>\n<\/ul>\n<p><strong>El mam\u00edfero marino (le mammif\u00e8re marin)<\/strong><\/p>\n<ul>\n<li>Las ballenas son mam\u00edferos marinos que pueden alcanzar un tama\u00f1o impresionante.<\/li>\n<li>Les baleines sont des mammif\u00e8res marins qui peuvent atteindre une taille impressionnante.<\/li>\n<\/ul>\n<p><strong>El ave rapaz (l&rsquo;oiseau de proie)<\/strong><\/p>\n<ul>\n<li>Las aves rapaces tienen una vista excepcional para cazar.<\/li>\n<li>Les oiseaux de proie ont une vue exceptionnelle pour chasser.<\/li>\n<\/ul>\n<p><strong>La fauna silvestre (la faune sauvage)<\/strong><\/p>\n<ul>\n<li>La conservaci\u00f3n de la fauna silvestre es vital para el equilibrio ecol\u00f3gico.<\/li>\n<li>La conservation de la faune sauvage est vitale pour l&rsquo;\u00e9quilibre \u00e9cologique.<\/li>\n<\/ul>\n<h2>Lexique \u00e9cologique pour la pr\u00e9servation de la nature en espagnol<\/h2>\n<p><strong>Reciclar (recycler)<\/strong><\/p>\n<ul>\n<li>Debemos reciclar para proteger el medio ambiente.<\/li>\n<li>Nous devons recycler pour prot\u00e9ger l&rsquo;environnement.<\/li>\n<\/ul>\n<p><strong>La conservaci\u00f3n (conserver)<\/strong><\/p>\n<ul>\n<li>La conservaci\u00f3n de las especies es esencial.<\/li>\n<li>La conservation des esp\u00e8ces est essentielle.<\/li>\n<\/ul>\n<p><strong>La biodiversidad (biodiversit\u00e9)<\/strong><\/p>\n<ul>\n<li>La biodiversidad de nuestro planeta est\u00e1 en peligro.<\/li>\n<li>La biodiversit\u00e9 de notre plan\u00e8te est en danger.<\/li>\n<\/ul>\n<p><strong>El desarrollo sostenible (le d\u00e9veloppement durable)<\/strong><\/p>\n<ul>\n<li>El desarrollo sostenible busca equilibrar el crecimiento econ\u00f3mico con la protecci\u00f3n del medio ambiente.<\/li>\n<li>Le d\u00e9veloppement durable cherche \u00e0 \u00e9quilibrer la croissance \u00e9conomique avec la protection de l&rsquo;environnement.<\/li>\n<\/ul>\n<p><strong>La energ\u00eda renovable (l&rsquo;\u00e9nergie renouvelable)<\/strong><\/p>\n<ul>\n<li>La energ\u00eda renovable es fundamental para reducir nuestra dependencia de los combustibles f\u00f3siles.<\/li>\n<li>L&rsquo;\u00e9nergie renouvelable est fondamentale pour r\u00e9duire notre d\u00e9pendance aux combustibles fossiles.<\/li>\n<\/ul>\n<p><strong>La reforestaci\u00f3n (la reforestation)<\/strong><\/p>\n<ul>\n<li>La reforestaci\u00f3n es una estrategia clave para combatir la deforestaci\u00f3n y el cambio clim\u00e1tico.<\/li>\n<li>La reforestation est une strat\u00e9gie cl\u00e9 pour combattre la d\u00e9forestation et le changement climatique.)<\/li>\n<\/ul>\n<p><strong>El cambio clim\u00e1tico (le changement climatique)<\/strong><\/p>\n<ul>\n<li>El cambio clim\u00e1tico representa una de las mayores amenazas para la vida en nuestro planeta.<\/li>\n<li>Le changement climatique repr\u00e9sente l&rsquo;une des plus grandes menaces pour la vie sur notre plan\u00e8te.<\/li>\n<\/ul>\n<p><strong>La huella de carbono (l&#8217;empreinte carbone)<\/strong><\/p>\n<ul>\n<li>Reducir nuestra huella de carbono es esencial para disminuir el calentamiento global.<\/li>\n<li>R\u00e9duire notre empreinte carbone est essentiel pour diminuer le r\u00e9chauffement global.<\/li>\n<\/ul>\n<p><strong>El reciclaje (le recyclage)<\/strong><\/p>\n<ul>\n<li>El reciclaje de pl\u00e1sticos ayuda a disminuir la contaminaci\u00f3n en los oc\u00e9anos.<\/li>\n<li>Le recyclage des plastiques aide \u00e0 diminuer la pollution dans les oc\u00e9ans.<\/li>\n<\/ul>\n<p><strong>La protecci\u00f3n del medio ambiente (la protection de l&rsquo;environnement)<\/strong><\/p>\n<ul>\n<li>La protecci\u00f3n del medio ambiente debe ser una prioridad para todos.<\/li>\n<li>La protection de l&rsquo;environnement doit \u00eatre une priorit\u00e9 pour tous.<\/li>\n<\/ul>\n<p>Voir plus de cours d&rsquo;espagnol gratuits pour le vocabulaire :<\/p>\n<ul>\n<li><a href=\"https:\/\/groupe-reussite.fr\/ressources\/cours-en-ligne-espagnol-sante\/\">Comment parler de la sant\u00e9 en espagnol ?<\/a><\/li>\n<li><a href=\"https:\/\/groupe-reussite.fr\/ressources\/cours-en-ligne-espagnol-sport\/\">Apprendre le sport en espagnol<\/a><\/li>\n<li><a href=\"https:\/\/groupe-reussite.fr\/ressources\/cours-en-ligne-espagnol-voyage-transports\/\">Connaitre le vocabulaire du voyage et des transports en espagnol<\/a><\/li>\n<li><a href=\"https:\/\/groupe-reussite.fr\/ressources\/cours-en-ligne-espagnol-travail-metiers\/\">Quelques notions pour parler du travail et metiers espagnol<\/a><\/li>\n<li><a href=\"https:\/\/groupe-reussite.fr\/ressources\/cours-en-ligne-espagnol-etudes-education\/\">Cours sur \u00e9tudes et \u00e9ducation en espagnol<\/a><\/li>\n<li><a href=\"https:\/\/groupe-reussite.fr\/ressources\/cours-en-ligne-exercices-corriges-espagnol-sante\/\">Exercice avec corrig\u00e9 : la sant\u00e9 en espagnol<\/a><\/li>\n<li><a href=\"https:\/\/groupe-reussite.fr\/ressources\/cours-en-ligne-exercices-corriges-espagnol-sport\/\">Entrainement gratuit sur le vocabulaire du sport en espagnol<\/a><\/li>\n<\/ul>\n<\/div>\n<\/div>\n<\/div>\n<\/div>\n<\/section>\n<\/div>\n","protected":false},"excerpt":{"rendered":"<p>Am\u00e9liorer son vocabulaire de la nature en espagnol R\u00e9sum\u00e9 de cours Exercices et corrig\u00e9s Cours en ligne d&rsquo;Espagnol Notre module d&rsquo;apprentissage d\u00e9di\u00e9 \u00e0 enrichir votre vocabulaire espagnol sur le th\u00e8me de la nature. Chaque section a \u00e9t\u00e9 soigneusement \u00e9labor\u00e9e pour faciliter votre compr\u00e9hension et votre pratique de l&rsquo;espagnol dans un contexte \u00e9cologique et naturel. Pour [&hellip;]<\/p>\n","protected":false},"author":6,"featured_media":0,"parent":0,"menu_order":0,"comment_status":"closed","ping_status":"closed","template":"","meta":[],"yoast_head":"<!-- This site is optimized with the Yoast SEO plugin v20.2.1 - https:\/\/yoast.com\/wordpress\/plugins\/seo\/ -->\n<title>Vocabulaire de la nature \u00e0 connaitre en espagnol<\/title>\n<meta name=\"description\" content=\"Ma\u00eetrisez le vocabulaire de la nature en espagnol avec notre cours complet. Apprenez les saisons, la faune, la flore et l&#039;\u00e9cologie.\" \/>\n<meta name=\"robots\" content=\"index, follow, max-snippet:-1, max-image-preview:large, max-video-preview:-1\" \/>\n<link rel=\"canonical\" href=\"https:\/\/groupe-reussite.fr\/ressources\/cours-en-ligne-espagnol-nature\/\" \/>\n<meta property=\"og:locale\" content=\"fr_FR\" \/>\n<meta property=\"og:type\" content=\"article\" \/>\n<meta property=\"og:title\" content=\"Vocabulaire de la nature \u00e0 connaitre en espagnol\" \/>\n<meta property=\"og:description\" content=\"Ma\u00eetrisez le vocabulaire de la nature en espagnol avec notre cours complet. Apprenez les saisons, la faune, la flore et l&#039;\u00e9cologie.\" \/>\n<meta property=\"og:url\" content=\"https:\/\/groupe-reussite.fr\/ressources\/cours-en-ligne-espagnol-nature\/\" \/>\n<meta property=\"og:site_name\" content=\"Groupe R\u00e9ussite\" \/>\n<meta property=\"article:modified_time\" content=\"2024-03-19T13:49:08+00:00\" \/>\n<meta property=\"og:image\" content=\"https:\/\/groupe-reussite.fr\/ressources\/wp-content\/uploads\/2024\/03\/cours-vocabulaire-espagnol-nature.jpg\" \/>\n<meta name=\"twitter:card\" content=\"summary_large_image\" \/>\n<meta name=\"twitter:label1\" content=\"Dur\u00e9e de lecture estim\u00e9e\" \/>\n\t<meta name=\"twitter:data1\" content=\"10 minutes\" \/>\n<script type=\"application\/ld+json\" class=\"yoast-schema-graph\">{\"@context\":\"https:\/\/schema.org\",\"@graph\":[{\"@type\":\"WebPage\",\"@id\":\"https:\/\/groupe-reussite.fr\/ressources\/cours-en-ligne-espagnol-nature\/\",\"url\":\"https:\/\/groupe-reussite.fr\/ressources\/cours-en-ligne-espagnol-nature\/\",\"name\":\"Vocabulaire de la nature \u00e0 connaitre en espagnol\",\"isPartOf\":{\"@id\":\"https:\/\/groupe-reussite.fr\/ressources\/#website\"},\"datePublished\":\"2024-03-14T10:34:06+00:00\",\"dateModified\":\"2024-03-19T13:49:08+00:00\",\"description\":\"Ma\u00eetrisez le vocabulaire de la nature en espagnol avec notre cours complet. Apprenez les saisons, la faune, la flore et l'\u00e9cologie.\",\"breadcrumb\":{\"@id\":\"https:\/\/groupe-reussite.fr\/ressources\/cours-en-ligne-espagnol-nature\/#breadcrumb\"},\"inLanguage\":\"fr-FR\",\"potentialAction\":[{\"@type\":\"ReadAction\",\"target\":[\"https:\/\/groupe-reussite.fr\/ressources\/cours-en-ligne-espagnol-nature\/\"]}]},{\"@type\":\"BreadcrumbList\",\"@id\":\"https:\/\/groupe-reussite.fr\/ressources\/cours-en-ligne-espagnol-nature\/#breadcrumb\",\"itemListElement\":[{\"@type\":\"ListItem\",\"position\":1,\"name\":\"Accueil\",\"item\":\"https:\/\/groupe-reussite.fr\/ressources\/\"},{\"@type\":\"ListItem\",\"position\":2,\"name\":\"Espagnol \/ Vocabulaire : nature\"}]},{\"@type\":\"WebSite\",\"@id\":\"https:\/\/groupe-reussite.fr\/ressources\/#website\",\"url\":\"https:\/\/groupe-reussite.fr\/ressources\/\",\"name\":\"Groupe R\u00e9ussite\",\"description\":\"Stage et Cours particuliers maths, fran\u00e7ais, anglais, informatique, physique chimie\",\"publisher\":{\"@id\":\"https:\/\/groupe-reussite.fr\/ressources\/#organization\"},\"potentialAction\":[{\"@type\":\"SearchAction\",\"target\":{\"@type\":\"EntryPoint\",\"urlTemplate\":\"https:\/\/groupe-reussite.fr\/ressources\/?s={search_term_string}\"},\"query-input\":\"required name=search_term_string\"}],\"inLanguage\":\"fr-FR\"},{\"@type\":\"Organization\",\"@id\":\"https:\/\/groupe-reussite.fr\/ressources\/#organization\",\"name\":\"Groupe R\u00e9ussite\",\"url\":\"https:\/\/groupe-reussite.fr\/ressources\/\",\"logo\":{\"@type\":\"ImageObject\",\"inLanguage\":\"fr-FR\",\"@id\":\"https:\/\/groupe-reussite.fr\/ressources\/#\/schema\/logo\/image\/\",\"url\":\"https:\/\/groupe-reussite.fr\/ressources\/wp-content\/uploads\/2022\/05\/cropped-cropped-logo-1-1.png\",\"contentUrl\":\"https:\/\/groupe-reussite.fr\/ressources\/wp-content\/uploads\/2022\/05\/cropped-cropped-logo-1-1.png\",\"width\":273,\"height\":75,\"caption\":\"Groupe R\u00e9ussite\"},\"image\":{\"@id\":\"https:\/\/groupe-reussite.fr\/ressources\/#\/schema\/logo\/image\/\"}}]}<\/script>\n<!-- \/ Yoast SEO plugin. -->","yoast_head_json":{"title":"Vocabulaire de la nature \u00e0 connaitre en espagnol","description":"Ma\u00eetrisez le vocabulaire de la nature en espagnol avec notre cours complet. Apprenez les saisons, la faune, la flore et l'\u00e9cologie.","robots":{"index":"index","follow":"follow","max-snippet":"max-snippet:-1","max-image-preview":"max-image-preview:large","max-video-preview":"max-video-preview:-1"},"canonical":"https:\/\/groupe-reussite.fr\/ressources\/cours-en-ligne-espagnol-nature\/","og_locale":"fr_FR","og_type":"article","og_title":"Vocabulaire de la nature \u00e0 connaitre en espagnol","og_description":"Ma\u00eetrisez le vocabulaire de la nature en espagnol avec notre cours complet. Apprenez les saisons, la faune, la flore et l'\u00e9cologie.","og_url":"https:\/\/groupe-reussite.fr\/ressources\/cours-en-ligne-espagnol-nature\/","og_site_name":"Groupe R\u00e9ussite","article_modified_time":"2024-03-19T13:49:08+00:00","og_image":[{"url":"https:\/\/groupe-reussite.fr\/ressources\/wp-content\/uploads\/2024\/03\/cours-vocabulaire-espagnol-nature.jpg"}],"twitter_card":"summary_large_image","twitter_misc":{"Dur\u00e9e de lecture estim\u00e9e":"10 minutes"},"schema":{"@context":"https:\/\/schema.org","@graph":[{"@type":"WebPage","@id":"https:\/\/groupe-reussite.fr\/ressources\/cours-en-ligne-espagnol-nature\/","url":"https:\/\/groupe-reussite.fr\/ressources\/cours-en-ligne-espagnol-nature\/","name":"Vocabulaire de la nature \u00e0 connaitre en espagnol","isPartOf":{"@id":"https:\/\/groupe-reussite.fr\/ressources\/#website"},"datePublished":"2024-03-14T10:34:06+00:00","dateModified":"2024-03-19T13:49:08+00:00","description":"Ma\u00eetrisez le vocabulaire de la nature en espagnol avec notre cours complet. Apprenez les saisons, la faune, la flore et l'\u00e9cologie.","breadcrumb":{"@id":"https:\/\/groupe-reussite.fr\/ressources\/cours-en-ligne-espagnol-nature\/#breadcrumb"},"inLanguage":"fr-FR","potentialAction":[{"@type":"ReadAction","target":["https:\/\/groupe-reussite.fr\/ressources\/cours-en-ligne-espagnol-nature\/"]}]},{"@type":"BreadcrumbList","@id":"https:\/\/groupe-reussite.fr\/ressources\/cours-en-ligne-espagnol-nature\/#breadcrumb","itemListElement":[{"@type":"ListItem","position":1,"name":"Accueil","item":"https:\/\/groupe-reussite.fr\/ressources\/"},{"@type":"ListItem","position":2,"name":"Espagnol \/ Vocabulaire : nature"}]},{"@type":"WebSite","@id":"https:\/\/groupe-reussite.fr\/ressources\/#website","url":"https:\/\/groupe-reussite.fr\/ressources\/","name":"Groupe R\u00e9ussite","description":"Stage et Cours particuliers maths, fran\u00e7ais, anglais, informatique, physique chimie","publisher":{"@id":"https:\/\/groupe-reussite.fr\/ressources\/#organization"},"potentialAction":[{"@type":"SearchAction","target":{"@type":"EntryPoint","urlTemplate":"https:\/\/groupe-reussite.fr\/ressources\/?s={search_term_string}"},"query-input":"required name=search_term_string"}],"inLanguage":"fr-FR"},{"@type":"Organization","@id":"https:\/\/groupe-reussite.fr\/ressources\/#organization","name":"Groupe R\u00e9ussite","url":"https:\/\/groupe-reussite.fr\/ressources\/","logo":{"@type":"ImageObject","inLanguage":"fr-FR","@id":"https:\/\/groupe-reussite.fr\/ressources\/#\/schema\/logo\/image\/","url":"https:\/\/groupe-reussite.fr\/ressources\/wp-content\/uploads\/2022\/05\/cropped-cropped-logo-1-1.png","contentUrl":"https:\/\/groupe-reussite.fr\/ressources\/wp-content\/uploads\/2022\/05\/cropped-cropped-logo-1-1.png","width":273,"height":75,"caption":"Groupe R\u00e9ussite"},"image":{"@id":"https:\/\/groupe-reussite.fr\/ressources\/#\/schema\/logo\/image\/"}}]}},"_links":{"self":[{"href":"https:\/\/groupe-reussite.fr\/ressources\/wp-json\/wp\/v2\/pages\/204023"}],"collection":[{"href":"https:\/\/groupe-reussite.fr\/ressources\/wp-json\/wp\/v2\/pages"}],"about":[{"href":"https:\/\/groupe-reussite.fr\/ressources\/wp-json\/wp\/v2\/types\/page"}],"author":[{"embeddable":true,"href":"https:\/\/groupe-reussite.fr\/ressources\/wp-json\/wp\/v2\/users\/6"}],"replies":[{"embeddable":true,"href":"https:\/\/groupe-reussite.fr\/ressources\/wp-json\/wp\/v2\/comments?post=204023"}],"version-history":[{"count":5,"href":"https:\/\/groupe-reussite.fr\/ressources\/wp-json\/wp\/v2\/pages\/204023\/revisions"}],"predecessor-version":[{"id":204566,"href":"https:\/\/groupe-reussite.fr\/ressources\/wp-json\/wp\/v2\/pages\/204023\/revisions\/204566"}],"wp:attachment":[{"href":"https:\/\/groupe-reussite.fr\/ressources\/wp-json\/wp\/v2\/media?parent=204023"}],"curies":[{"name":"wp","href":"https:\/\/api.w.org\/{rel}","templated":true}]}}