{"id":69175,"date":"2020-10-14T13:13:26","date_gmt":"2020-10-14T12:13:26","guid":{"rendered":"https:\/\/groupe-reussite.fr\/?page_id=69175"},"modified":"2023-10-12T15:54:07","modified_gmt":"2023-10-12T14:54:07","slug":"cours-en-ligne-accord-adjectif","status":"publish","type":"page","link":"https:\/\/groupe-reussite.fr\/ressources\/cours-en-ligne-accord-adjectif\/","title":{"rendered":"Cours sur l&rsquo;accord de l&rsquo;Adjectif"},"content":{"rendered":"<div class=\"Latex_page\">\n<section class=\"has_ae_slider elementor-element elementor-section-full_width elementor-reverse-mobile elementor-section-stretched elementor-section-height-default elementor-section-height-default ae-bg-gallery-type-default elementor-section elementor-top-section\">\n<div class=\"elementor-container elementor-column-gap-no\">\n<div class=\"elementor-row\">\n<div class=\"elementor-column-wrap elementor-element-populated colone_elementor\">\n<p style=\"text-align: justify\">\t\t<div data-elementor-type=\"page\" data-elementor-id=\"86214\" class=\"elementor elementor-86214\">\n\t\t\t\t\t\t<div class=\"elementor-inner\">\n\t\t\t\t<div class=\"elementor-section-wrap\">\n\t\t\t\t\t\t\t\t\t<section class=\"has_ae_slider elementor-section elementor-top-section elementor-element elementor-element-6b50db8d elementor-section-content-bottom elementor-section-boxed elementor-section-height-default elementor-section-height-default ae-bg-gallery-type-default\" data-id=\"6b50db8d\" data-element_type=\"section\">\n\t\t\t\t\t\t<div class=\"elementor-container elementor-column-gap-no\">\n\t\t\t\t\t\t\t<div class=\"elementor-row\">\n\t\t\t\t\t<div class=\"has_ae_slider elementor-column elementor-col-100 elementor-top-column elementor-element elementor-element-238a65cd sticky_badeau_colone strick_col ae-bg-gallery-type-default\" data-id=\"238a65cd\" data-element_type=\"column\" data-settings=\"{&quot;background_background&quot;:&quot;classic&quot;}\">\n\t\t\t<div class=\"elementor-column-wrap\">\n\t\t\t\t\t\t\t<div class=\"elementor-widget-wrap\">\n\t\t\t\t\t\t\t\t<\/div>\n\t\t\t\t\t<\/div>\n\t\t<\/div>\n\t\t\t\t\t\t\t\t<\/div>\n\t\t\t\t\t<\/div>\n\t\t<\/section>\n\t\t\t\t<section class=\"has_ae_slider elementor-section elementor-top-section elementor-element elementor-element-55af7154 elementor-section-boxed elementor-section-height-default elementor-section-height-default ae-bg-gallery-type-default\" data-id=\"55af7154\" data-element_type=\"section\">\n\t\t\t\t\t\t<div class=\"elementor-container elementor-column-gap-no\">\n\t\t\t\t\t\t\t<div class=\"elementor-row\">\n\t\t\t\t\t<div class=\"has_ae_slider elementor-column elementor-col-100 elementor-top-column elementor-element elementor-element-696459de strick_col ae-bg-gallery-type-default\" data-id=\"696459de\" data-element_type=\"column\" data-settings=\"{&quot;background_background&quot;:&quot;classic&quot;}\">\n\t\t\t<div class=\"elementor-column-wrap elementor-element-populated\">\n\t\t\t\t\t\t\t<div class=\"elementor-widget-wrap\">\n\t\t\t\t\t\t<div class=\"elementor-element elementor-element-4181e4ec elementor-widget elementor-widget-heading\" data-id=\"4181e4ec\" data-element_type=\"widget\" data-widget_type=\"heading.default\">\n\t\t\t\t<div class=\"elementor-widget-container\">\n\t\t\t<p class=\"elementor-heading-title elementor-size-default\"><a href=\"https:\/\/groupe-reussite.fr\/ressources\/cours-en-ligne-tage-mage\/\">Cours en ligne Tage Mage <\/a><\/p>\t\t<\/div>\n\t\t\t\t<\/div>\n\t\t\t\t<div class=\"elementor-element elementor-element-239bdf3d elementor-widget elementor-widget-heading\" data-id=\"239bdf3d\" data-element_type=\"widget\" data-widget_type=\"heading.default\">\n\t\t\t\t<div class=\"elementor-widget-container\">\n\t\t\t<p class=\"elementor-heading-title elementor-size-default\">Chapitres du sous-test 5 du Tage Mage<\/p>\t\t<\/div>\n\t\t\t\t<\/div>\n\t\t\t\t<div class=\"elementor-element elementor-element-33b0733d elementor-align-justify elementor-widget elementor-widget-button\" data-id=\"33b0733d\" data-element_type=\"widget\" data-widget_type=\"button.default\">\n\t\t\t\t<div class=\"elementor-widget-container\">\n\t\t\t\t\t<div class=\"elementor-button-wrapper\">\n\t\t\t<a href=\"https:\/\/groupe-reussite.fr\/ressources\/cours-en-ligne-consonnes-problematiques\/\" class=\"elementor-button-link elementor-button elementor-size-sm\" role=\"button\">\n\t\t\t\t\t\t<span class=\"elementor-button-content-wrapper\">\n\t\t\t\t\t\t<span class=\"elementor-button-text\">Consonnes Probl\u00e9matiques<\/span>\n\t\t<\/span>\n\t\t\t\t\t<\/a>\n\t\t<\/div>\n\t\t\t\t<\/div>\n\t\t\t\t<\/div>\n\t\t\t\t<div class=\"elementor-element elementor-element-790e5acb elementor-align-justify elementor-widget elementor-widget-button\" data-id=\"790e5acb\" data-element_type=\"widget\" data-widget_type=\"button.default\">\n\t\t\t\t<div class=\"elementor-widget-container\">\n\t\t\t\t\t<div class=\"elementor-button-wrapper\">\n\t\t\t<a href=\"https:\/\/groupe-reussite.fr\/ressources\/cours-en-ligne-homonymes\/\" class=\"elementor-button-link elementor-button elementor-size-sm\" role=\"button\">\n\t\t\t\t\t\t<span class=\"elementor-button-content-wrapper\">\n\t\t\t\t\t\t<span class=\"elementor-button-text\">Homonymes<\/span>\n\t\t<\/span>\n\t\t\t\t\t<\/a>\n\t\t<\/div>\n\t\t\t\t<\/div>\n\t\t\t\t<\/div>\n\t\t\t\t<div class=\"elementor-element elementor-element-47d7cb2f elementor-align-justify elementor-widget elementor-widget-button\" data-id=\"47d7cb2f\" data-element_type=\"widget\" data-widget_type=\"button.default\">\n\t\t\t\t<div class=\"elementor-widget-container\">\n\t\t\t\t\t<div class=\"elementor-button-wrapper\">\n\t\t\t<a href=\"https:\/\/groupe-reussite.fr\/ressources\/cours-en-ligne-paronymes\/\" class=\"elementor-button-link elementor-button elementor-size-sm\" role=\"button\">\n\t\t\t\t\t\t<span class=\"elementor-button-content-wrapper\">\n\t\t\t\t\t\t<span class=\"elementor-button-text\">Paronymes<\/span>\n\t\t<\/span>\n\t\t\t\t\t<\/a>\n\t\t<\/div>\n\t\t\t\t<\/div>\n\t\t\t\t<\/div>\n\t\t\t\t<div class=\"elementor-element elementor-element-4bf2768e elementor-align-justify elementor-widget elementor-widget-button\" data-id=\"4bf2768e\" data-element_type=\"widget\" data-widget_type=\"button.default\">\n\t\t\t\t<div class=\"elementor-widget-container\">\n\t\t\t\t\t<div class=\"elementor-button-wrapper\">\n\t\t\t<a href=\"https:\/\/groupe-reussite.fr\/ressources\/cours-en-ligne-ponctuation-majuscules\/\" class=\"elementor-button-link elementor-button elementor-size-sm\" role=\"button\">\n\t\t\t\t\t\t<span class=\"elementor-button-content-wrapper\">\n\t\t\t\t\t\t<span class=\"elementor-button-text\">Ponctuation et Majuscules<\/span>\n\t\t<\/span>\n\t\t\t\t\t<\/a>\n\t\t<\/div>\n\t\t\t\t<\/div>\n\t\t\t\t<\/div>\n\t\t\t\t<div class=\"elementor-element elementor-element-1977c423 elementor-align-justify elementor-widget elementor-widget-button\" data-id=\"1977c423\" data-element_type=\"widget\" data-widget_type=\"button.default\">\n\t\t\t\t<div class=\"elementor-widget-container\">\n\t\t\t\t\t<div class=\"elementor-button-wrapper\">\n\t\t\t<a href=\"https:\/\/groupe-reussite.fr\/ressources\/cours-en-ligne-pleonasmes-barbarismes\/\" class=\"elementor-button-link elementor-button elementor-size-sm\" role=\"button\">\n\t\t\t\t\t\t<span class=\"elementor-button-content-wrapper\">\n\t\t\t\t\t\t<span class=\"elementor-button-text\">Dit-on ou ne dit-on pas<\/span>\n\t\t<\/span>\n\t\t\t\t\t<\/a>\n\t\t<\/div>\n\t\t\t\t<\/div>\n\t\t\t\t<\/div>\n\t\t\t\t<div class=\"elementor-element elementor-element-120cbbae elementor-align-justify elementor-widget elementor-widget-button\" data-id=\"120cbbae\" data-element_type=\"widget\" data-widget_type=\"button.default\">\n\t\t\t\t<div class=\"elementor-widget-container\">\n\t\t\t\t\t<div class=\"elementor-button-wrapper\">\n\t\t\t<a href=\"https:\/\/groupe-reussite.fr\/ressources\/cours-en-ligne-proverbes-expressions-idiomatiques\/\" class=\"elementor-button-link elementor-button elementor-size-sm\" role=\"button\">\n\t\t\t\t\t\t<span class=\"elementor-button-content-wrapper\">\n\t\t\t\t\t\t<span class=\"elementor-button-text\">Proverbes et Expressions<\/span>\n\t\t<\/span>\n\t\t\t\t\t<\/a>\n\t\t<\/div>\n\t\t\t\t<\/div>\n\t\t\t\t<\/div>\n\t\t\t\t<div class=\"elementor-element elementor-element-600e3282 elementor-align-justify elementor-widget elementor-widget-button\" data-id=\"600e3282\" data-element_type=\"widget\" data-widget_type=\"button.default\">\n\t\t\t\t<div class=\"elementor-widget-container\">\n\t\t\t\t\t<div class=\"elementor-button-wrapper\">\n\t\t\t<a href=\"https:\/\/groupe-reussite.fr\/ressources\/cours-en-ligne-nature-des-mots\/\" class=\"elementor-button-link elementor-button elementor-size-sm\" role=\"button\">\n\t\t\t\t\t\t<span class=\"elementor-button-content-wrapper\">\n\t\t\t\t\t\t<span class=\"elementor-button-text\">Nature des Mots<\/span>\n\t\t<\/span>\n\t\t\t\t\t<\/a>\n\t\t<\/div>\n\t\t\t\t<\/div>\n\t\t\t\t<\/div>\n\t\t\t\t<div class=\"elementor-element elementor-element-1988281f elementor-align-justify elementor-widget elementor-widget-button\" data-id=\"1988281f\" data-element_type=\"widget\" data-widget_type=\"button.default\">\n\t\t\t\t<div class=\"elementor-widget-container\">\n\t\t\t\t\t<div class=\"elementor-button-wrapper\">\n\t\t\t<a href=\"https:\/\/groupe-reussite.fr\/ressources\/cours-en-ligne-accord-adjectif\/\" class=\"elementor-button-link elementor-button elementor-size-sm\" role=\"button\">\n\t\t\t\t\t\t<span class=\"elementor-button-content-wrapper\">\n\t\t\t\t\t\t<span class=\"elementor-button-text\">Accord de l'Adjectif<\/span>\n\t\t<\/span>\n\t\t\t\t\t<\/a>\n\t\t<\/div>\n\t\t\t\t<\/div>\n\t\t\t\t<\/div>\n\t\t\t\t<div class=\"elementor-element elementor-element-56c4c226 elementor-align-justify elementor-widget elementor-widget-button\" data-id=\"56c4c226\" data-element_type=\"widget\" data-widget_type=\"button.default\">\n\t\t\t\t<div class=\"elementor-widget-container\">\n\t\t\t\t\t<div class=\"elementor-button-wrapper\">\n\t\t\t<a href=\"https:\/\/groupe-reussite.fr\/ressources\/cours-en-ligne-accord-determinant\/\" class=\"elementor-button-link elementor-button elementor-size-sm\" role=\"button\">\n\t\t\t\t\t\t<span class=\"elementor-button-content-wrapper\">\n\t\t\t\t\t\t<span class=\"elementor-button-text\">Accord des D\u00e9terminants<\/span>\n\t\t<\/span>\n\t\t\t\t\t<\/a>\n\t\t<\/div>\n\t\t\t\t<\/div>\n\t\t\t\t<\/div>\n\t\t\t\t<div class=\"elementor-element elementor-element-182be736 elementor-align-justify elementor-widget elementor-widget-button\" data-id=\"182be736\" data-element_type=\"widget\" data-widget_type=\"button.default\">\n\t\t\t\t<div class=\"elementor-widget-container\">\n\t\t\t\t\t<div class=\"elementor-button-wrapper\">\n\t\t\t<a href=\"https:\/\/groupe-reussite.fr\/ressources\/cours-en-ligne-francais-participe-passe\/\" class=\"elementor-button-link elementor-button elementor-size-sm\" role=\"button\">\n\t\t\t\t\t\t<span class=\"elementor-button-content-wrapper\">\n\t\t\t\t\t\t<span class=\"elementor-button-text\">Participe Pass\u00e9<\/span>\n\t\t<\/span>\n\t\t\t\t\t<\/a>\n\t\t<\/div>\n\t\t\t\t<\/div>\n\t\t\t\t<\/div>\n\t\t\t\t<div class=\"elementor-element elementor-element-3121494b elementor-align-justify elementor-widget elementor-widget-button\" data-id=\"3121494b\" data-element_type=\"widget\" data-widget_type=\"button.default\">\n\t\t\t\t<div class=\"elementor-widget-container\">\n\t\t\t\t\t<div class=\"elementor-button-wrapper\">\n\t\t\t<a href=\"https:\/\/groupe-reussite.fr\/ressources\/cours-en-ligne-phrase-simple-phrase-complexe\/\" class=\"elementor-button-link elementor-button elementor-size-sm\" role=\"button\">\n\t\t\t\t\t\t<span class=\"elementor-button-content-wrapper\">\n\t\t\t\t\t\t<span class=\"elementor-button-text\">Phrase Simple et Complexe<\/span>\n\t\t<\/span>\n\t\t\t\t\t<\/a>\n\t\t<\/div>\n\t\t\t\t<\/div>\n\t\t\t\t<\/div>\n\t\t\t\t<div class=\"elementor-element elementor-element-3745f945 elementor-align-justify elementor-widget elementor-widget-button\" data-id=\"3745f945\" data-element_type=\"widget\" data-widget_type=\"button.default\">\n\t\t\t\t<div class=\"elementor-widget-container\">\n\t\t\t\t\t<div class=\"elementor-button-wrapper\">\n\t\t\t<a href=\"https:\/\/groupe-reussite.fr\/ressources\/cours-en-ligne-types-de-raisonnement\/\" class=\"elementor-button-link elementor-button elementor-size-sm\" role=\"button\">\n\t\t\t\t\t\t<span class=\"elementor-button-content-wrapper\">\n\t\t\t\t\t\t<span class=\"elementor-button-text\">Types de Raisonnement<\/span>\n\t\t<\/span>\n\t\t\t\t\t<\/a>\n\t\t<\/div>\n\t\t\t\t<\/div>\n\t\t\t\t<\/div>\n\t\t\t\t<div class=\"elementor-element elementor-element-61f5971d elementor-align-justify elementor-widget elementor-widget-button\" data-id=\"61f5971d\" data-element_type=\"widget\" data-widget_type=\"button.default\">\n\t\t\t\t<div class=\"elementor-widget-container\">\n\t\t\t\t\t<div class=\"elementor-button-wrapper\">\n\t\t\t<a href=\"https:\/\/groupe-reussite.fr\/ressources\/cours-en-ligne-francais-figures-style\/\" class=\"elementor-button-link elementor-button elementor-size-sm\" role=\"button\">\n\t\t\t\t\t\t<span class=\"elementor-button-content-wrapper\">\n\t\t\t\t\t\t<span class=\"elementor-button-text\">Figures de Style<\/span>\n\t\t<\/span>\n\t\t\t\t\t<\/a>\n\t\t<\/div>\n\t\t\t\t<\/div>\n\t\t\t\t<\/div>\n\t\t\t\t<div class=\"elementor-element elementor-element-4640d65 elementor-align-justify elementor-widget elementor-widget-button\" data-id=\"4640d65\" data-element_type=\"widget\" data-widget_type=\"button.default\">\n\t\t\t\t<div class=\"elementor-widget-container\">\n\t\t\t\t\t<div class=\"elementor-button-wrapper\">\n\t\t\t<a href=\"https:\/\/groupe-reussite.fr\/ressources\/cours-en-ligne-gerondif-participe-present-adjectif-verbal\/\" class=\"elementor-button-link elementor-button elementor-size-sm\" role=\"button\">\n\t\t\t\t\t\t<span class=\"elementor-button-content-wrapper\">\n\t\t\t\t\t\t<span class=\"elementor-button-text\">G\u00e9rondif, Participe Pr\u00e9sent et Adjectif Verbal<\/span>\n\t\t<\/span>\n\t\t\t\t\t<\/a>\n\t\t<\/div>\n\t\t\t\t<\/div>\n\t\t\t\t<\/div>\n\t\t\t\t<div class=\"elementor-element elementor-element-516097c2 elementor-align-justify elementor-widget elementor-widget-button\" data-id=\"516097c2\" data-element_type=\"widget\" data-widget_type=\"button.default\">\n\t\t\t\t<div class=\"elementor-widget-container\">\n\t\t\t\t\t<div class=\"elementor-button-wrapper\">\n\t\t\t<a href=\"https:\/\/groupe-reussite.fr\/nous-contacter\/\" class=\"elementor-button-link elementor-button elementor-size-sm\" role=\"button\">\n\t\t\t\t\t\t<span class=\"elementor-button-content-wrapper\">\n\t\t\t\t\t\t<span class=\"elementor-button-text\">CONTACTEZ-NOUS<\/span>\n\t\t<\/span>\n\t\t\t\t\t<\/a>\n\t\t<\/div>\n\t\t\t\t<\/div>\n\t\t\t\t<\/div>\n\t\t\t\t\t\t<\/div>\n\t\t\t\t\t<\/div>\n\t\t<\/div>\n\t\t\t\t\t\t\t\t<\/div>\n\t\t\t\t\t<\/div>\n\t\t<\/section>\n\t\t\t\t\t\t\t\t\t<\/div>\n\t\t\t<\/div>\n\t\t\t\t\t<\/div>\n\t\t\n<\/div>\n<div class=\"elementor-column-wrap elementor-element-populated colone_latex\">\n<div class=\"style_pag\" style=\"color: #000;font-family: 'Lato', Sans-serif\">\n<div class=\"elementor-text-editor elementor-clearfix\" style=\"color: #000000;font-family: Lato, sans-serif;text-align: justify\">\n<h1 class=\"Latex_page_title\" style=\"text-align: center\">L&rsquo;accord de l&rsquo;adjectif<\/h1>\n<\/div>\n<p class=\"colone_latex_ancres\" style=\"color: #000000;font-family: Lato, sans-serif;text-align: center\"><a href=\"https:\/\/groupe-reussite.fr\/ressources\/cours-en-ligne-accord-adjectif\/\">R\u00e9sum\u00e9 de cours<\/a> <a href=\"https:\/\/groupe-reussite.fr\/ressources\/cours-en-ligne-exercices-corriges-accord-adjectif\/\">Exercices et corrig\u00e9s<\/a><\/p>\n<p class=\"colone_latex_ancres\" style=\"color: #000000;font-family: Lato, sans-serif;text-align: center\"><a href=\"https:\/\/groupe-reussite.fr\/ressources\/cours-en-ligne-tage-mage\/\">Cours en ligne du Tage Mage<\/a><\/p>\n<p style=\"text-align: justify\">Ce cours sur l&rsquo;<strong>accord des adjectifs<\/strong> en fran\u00e7ais est n\u00e9cessaire pour ceux qui veulent se pr\u00e9parer au Tage Mage qui comporte un sous-test de fran\u00e7ais. Il est aussi indispensable de ma\u00eetriser l&rsquo;<strong>accord des adjectifs<\/strong> pour s&rsquo;entra\u00eener au Score Message en particulier \u00e0 l&rsquo;\u00e9preuve de <a href=\"https:\/\/groupe-reussite.fr\/ressources\/cours-en-ligne-comprehension-texte\/\">compr\u00e9hension<\/a> et <a href=\"https:\/\/groupe-reussite.fr\/ressources\/cours-en-ligne-proverbes-expressions-idiomatiques\/\">expression<\/a> \u00e9crite en fran\u00e7ais du test. Ces notions devant \u00eatre ma\u00eetris\u00e9es \u00e0 perfection, vous pourrez renforcer vos chances de r\u00e9ussite au Tage Mage en prenant des <a href=\"https:\/\/groupe-reussite.fr\/cours-particuliers\/francais\/tous-niveaux\/france\/\">cours de fran\u00e7ais sur mesure<\/a>.<\/p>\n<p>&nbsp;<\/p>\n<p data-pm-slice=\"1 1 []\">\t\t<div data-elementor-type=\"section\" data-elementor-id=\"190573\" class=\"elementor elementor-190573\">\n\t\t\t\t\t<div class=\"elementor-section-wrap\">\n\t\t\t\t\t\t\t\t<section class=\"has_ae_slider elementor-section elementor-inner-section elementor-element elementor-element-7f0071b3 elementor-section-content-bottom full_width elementor-section-full_width elementor-section-height-min-height elementor-section-height-default ae-bg-gallery-type-default\" data-id=\"7f0071b3\" data-element_type=\"section\" data-settings=\"{&quot;background_background&quot;:&quot;classic&quot;}\">\n\t\t\t\t\t\t<div class=\"elementor-container elementor-column-gap-narrow\">\n\t\t\t\t\t\t\t<div class=\"elementor-row\">\n\t\t\t\t\t<div class=\"has_ae_slider elementor-column elementor-col-66 elementor-inner-column elementor-element elementor-element-6849d5da ae-bg-gallery-type-default\" data-id=\"6849d5da\" data-element_type=\"column\">\n\t\t\t<div class=\"elementor-column-wrap elementor-element-populated\">\n\t\t\t\t\t\t\t<div class=\"elementor-widget-wrap\">\n\t\t\t\t\t\t<div class=\"elementor-element elementor-element-311d1d62 elementor-widget elementor-widget-heading\" data-id=\"311d1d62\" data-element_type=\"widget\" data-widget_type=\"heading.default\">\n\t\t\t\t<div class=\"elementor-widget-container\">\n\t\t\t<h3 class=\"elementor-heading-title elementor-size-default\">TROUVEZ LE MEILLEUR ENSEIGNANT<\/h3>\t\t<\/div>\n\t\t\t\t<\/div>\n\t\t\t\t<div class=\"elementor-element elementor-element-14c2df17 elementor-widget elementor-widget-heading\" data-id=\"14c2df17\" data-element_type=\"widget\" data-widget_type=\"heading.default\">\n\t\t\t\t<div class=\"elementor-widget-container\">\n\t\t\t<h4 class=\"elementor-heading-title elementor-size-default\">P\u00e9dagogie, bienveillance et suivi<br\/> Profs certifi\u00e9s et agr\u00e9g\u00e9s <\/b><\/h4>\t\t<\/div>\n\t\t\t\t<\/div>\n\t\t\t\t<div class=\"elementor-element elementor-element-229e3a7 elementor-widget elementor-widget-heading\" data-id=\"229e3a7\" data-element_type=\"widget\" data-widget_type=\"heading.default\">\n\t\t\t\t<div class=\"elementor-widget-container\">\n\t\t\t<h4 class=\"elementor-heading-title elementor-size-default\">Contactez Groupe R\u00e9ussite<\/h4>\t\t<\/div>\n\t\t\t\t<\/div>\n\t\t\t\t<div class=\"elementor-element elementor-element-9a0746c elementor-align-left elementor-mobile-align-center elementor-widget elementor-widget-button\" data-id=\"9a0746c\" data-element_type=\"widget\" data-widget_type=\"button.default\">\n\t\t\t\t<div class=\"elementor-widget-container\">\n\t\t\t\t\t<div class=\"elementor-button-wrapper\">\n\t\t\t<a href=\"https:\/\/groupe-reussite.fr\/cours-particuliers\/francais\/tous-niveaux\/france\/\" target=\"_blank\" class=\"elementor-button-link elementor-button elementor-size-md\" role=\"button\" id=\"CTA_PRD_CP\">\n\t\t\t\t\t\t<span class=\"elementor-button-content-wrapper\">\n\t\t\t\t\t\t<span class=\"elementor-button-text\">Cours particuliers fran\u00e7ais<\/span>\n\t\t<\/span>\n\t\t\t\t\t<\/a>\n\t\t<\/div>\n\t\t\t\t<\/div>\n\t\t\t\t<\/div>\n\t\t\t\t<div class=\"elementor-element elementor-element-796183a9 elementor-widget elementor-widget-text-editor\" data-id=\"796183a9\" data-element_type=\"widget\" data-widget_type=\"text-editor.default\">\n\t\t\t\t<div class=\"elementor-widget-container\">\n\t\t\t\t\t\t\t\t<div class=\"elementor-text-editor elementor-clearfix\">\n\t\t\t\t<p style=\"text-align: left;\"><b>Avis Google France <\/b><span style=\"color: #e5a430;\"><b>\u2605\u2605\u2605\u2605\u2605<\/b><\/span><b> 4,9 sur 5<\/b><\/p>\t\t\t\t\t<\/div>\n\t\t\t\t\t\t<\/div>\n\t\t\t\t<\/div>\n\t\t\t\t\t\t<\/div>\n\t\t\t\t\t<\/div>\n\t\t<\/div>\n\t\t\t\t<div class=\"has_ae_slider elementor-column elementor-col-33 elementor-inner-column elementor-element elementor-element-26ffe18b ae-bg-gallery-type-default\" data-id=\"26ffe18b\" data-element_type=\"column\">\n\t\t\t<div class=\"elementor-column-wrap\">\n\t\t\t\t\t\t\t<div class=\"elementor-widget-wrap\">\n\t\t\t\t\t\t\t\t<\/div>\n\t\t\t\t\t<\/div>\n\t\t<\/div>\n\t\t\t\t\t\t\t\t<\/div>\n\t\t\t\t\t<\/div>\n\t\t<\/section>\n\t\t\t\t\t\t\t<\/div>\n\t\t\t\t<\/div>\n\t\t\n<h2 style=\"text-align: justify\">R\u00e9sum\u00e9 de cours : accord de l&rsquo;adjectif<\/h2>\n<p style=\"text-align: justify\">Comme son \u00e9tymologie l\u2019indique, l\u2019adjectif est <strong>un mot qui ajoute une pr\u00e9cision de sens<\/strong> au <strong>nom ou au pronom<\/strong> qu\u2019il caract\u00e9rise (cf. <a href=\"https:\/\/groupe-reussite.fr\/ressources\/cours-en-ligne-nature-des-mots\/\">le cours sur la nature des mots<\/a>). Il fait d\u00e8s lors partie du <strong>groupe nominal<\/strong> et comme l&rsquo;<a href=\"https:\/\/groupe-reussite.fr\/ressources\/cours-en-ligne-accord-determinant\/\">accord du d\u00e9terminant<\/a>, il <strong>s\u2019accorde souvent en genre et en nombre avec le nom<\/strong> qu\u2019il accompagne (1). Mais attention, il existe des <strong>exceptions <\/strong>lors de l&rsquo;<strong>accord des adjectifs<\/strong>\u00a0! (2 et 3)<\/p>\n<h2 style=\"text-align: justify\">L\u2019accord de l&rsquo;adjectif classique<\/h2>\n<p style=\"text-align: justify\">De fa\u00e7on classique, <strong>l&rsquo;adjectif s\u2019accorde en genre et en nombre avec le nom<\/strong> auquel il se rapporte. Mais attention, ces variations peuvent <strong>modifier la morphologie des adjectifs<\/strong> !<\/p>\n<h3 style=\"text-align: justify\"><span style=\"text-decoration: underline\">A. L\u2019accord de l&rsquo;adjectif au f\u00e9minin<\/span><\/h3>\n<p style=\"text-align: justify\"><span style=\"text-decoration: underline\">La r\u00e8gle g\u00e9n\u00e9rale : le -e final<\/span><\/p>\n<p style=\"text-align: justify\">Lorsqu\u2019il s\u2019accorde au f\u00e9minin, l\u2019adjectif prend habituellement un <strong>-e final<\/strong>.<br \/>\nEx : Quel joli cheval ! \/ Quelle joli<span style=\"text-decoration: underline\">e<\/span> jument !<\/p>\n<p style=\"text-align: justify\">Accord des adjectifs \u00e9pic\u00e8nes<\/p>\n<p style=\"text-align: justify\">Certains adjectifs se terminent d\u00e9j\u00e0 par un <strong>-e au masculin<\/strong>. Par cons\u00e9quent, <strong>ils ne changent pas<\/strong> lorsqu\u2019ils s\u2019accordent au f\u00e9minin. On les appelle des <strong>adjectifs \u00e9pic\u00e8nes<\/strong>.<br \/>\nEx : Un homme sympathique \/ Une femme sympathique<br \/>\nUn homme t\u00e9m\u00e9raire \/ Une femme t\u00e9m\u00e9raire<\/p>\n<p style=\"text-align: justify\"><span style=\"text-decoration: underline\">Accord des adjectifs : le doublement des consonnes\u00a0<\/span><\/p>\n<p style=\"text-align: justify\">Certains adjectifs <strong>doublent leurs <a href=\"https:\/\/groupe-reussite.fr\/ressources\/cours-en-ligne-consonnes-problematiques\/\">consonnes<\/a><\/strong> lorsqu\u2019ils passent au f\u00e9minin. C\u2019est le cas des adjectifs qui se terminent en <strong>-el, -eil, -on, -en, -et<\/strong>.<br \/>\nEx : Un trajet habituel \/ Une route habitue<span style=\"text-decoration: underline\">lle<\/span><br \/>\nUn meuble vermeil \/ Une table vermei<span style=\"text-decoration: underline\">lle<\/span><br \/>\nUn bon repas \/ Une bon<span style=\"text-decoration: underline\">ne<\/span> soupe<br \/>\nUn livre ancien \/ Une biblioth\u00e8que ancien<span style=\"text-decoration: underline\">ne<\/span><br \/>\nUn homme coquet \/ Une femme coquet<span style=\"text-decoration: underline\">te<\/span><\/p>\n<p style=\"text-align: justify\">\/!\\ Certains adjectifs se finissant par <strong>-et<\/strong> donnent <strong>-\u00e8te<\/strong> au f\u00e9minin au lieu de doubler la consonne. Ex : il est inquiet \/ elle est inqui\u00e8te ; complet\/compl\u00e8te ; d\u00e9suet\/d\u00e9su\u00e8te&#8230;<\/p>\n<p style=\"text-align: justify\">\/!\\ Habituellement, pour les adjectifs se terminant par <strong>-s<\/strong>, la <strong>consonne finale n\u2019est pas doubl\u00e9e<\/strong>, sauf pour les adjectifs suivants : bas\/basse ; las\/lasse ; gras\/grasse ; gros\/grosse, \u00e9pais\/\u00e9paisse, m\u00e9tis\/m\u00e9tisse.<\/p>\n<p style=\"text-align: justify\"><span style=\"text-decoration: underline\">La modification de la syllabe finale<\/span><\/p>\n<p style=\"text-align: justify\">L\u2019ajout d\u2019un -e final peut aussi <strong>modifier la syllabe finale de l\u2019adjectif masculin<\/strong>.<\/p>\n<p style=\"text-align: justify\">Ainsi :les adjectifs se terminant par <strong>-f<\/strong> donnent <strong>-ve<\/strong><br \/>\nEx : Il est veuf \/ Elle est veu<span style=\"text-decoration: underline\">ve<\/span><br \/>\nIl est vif \/ Elle est vi<span style=\"text-decoration: underline\">ve<\/span><\/p>\n<p style=\"text-align: justify\">les adjectifs se terminant par <strong>-x<\/strong> donnent <strong>-se<\/strong><br \/>\nEx : Il est jaloux \/ Elle est jalou<span style=\"text-decoration: underline\">se<\/span><br \/>\nIl est heureux de son stage de pr\u00e9-rentr\u00e9e\u00a0\/ Elle est heureu<span style=\"text-decoration: underline\">se<\/span><br \/>\n\/!\\ Aux exceptions comme doux\/douce ; vieux\/vieille&#8230;<\/p>\n<p style=\"text-align: justify\">les adjectifs se terminant par <strong>-c<\/strong> donnent <strong>-che<\/strong> ou <strong>-que<\/strong><br \/>\nEx : Un chat blanc \/ Une chatte blan<span style=\"text-decoration: underline\">che<\/span><br \/>\nUn banc public \/ Une place publi<span style=\"text-decoration: underline\">que<\/span><\/p>\n<p style=\"text-align: justify\">les adjectifs se terminant par <strong>-g<\/strong> donnent <strong>-gue<\/strong><br \/>\nEx : Le cours est long \/ la r\u00e9vision\u00a0est longue<br \/>\n\/!\\ Pour les adjectifs masculins qui se terminent d\u00e9j\u00e0 par <strong>-gu<\/strong>, le passage au f\u00e9minin est marqu\u00e9 par l\u2019adjonction du <strong>-e final<\/strong> et des <strong>tr\u00e9mas sur le -u<\/strong> qui le pr\u00e9c\u00e8de.<br \/>\nEx : Un couloir exigu \/ Une pi\u00e8ce exig\u00fce<br \/>\nC&rsquo;est un discours ambigu \/ Une discussion ambig\u00fce<\/p>\n<p style=\"text-align: justify\">les adjectifs se terminant par <strong>-eur<\/strong> donnent <strong>-eure<\/strong>, <strong>-euse<\/strong>, <strong>-eresse<\/strong>, <strong>-rice<\/strong><br \/>\nEx : Il est le meilleur professeur particulier de Paris \/ Elle est la meill<span style=\"text-decoration: underline\">eure<\/span> \u00e9l\u00e8ve de sa classe<br \/>\nIl est r\u00eaveur \/ Elle est r\u00eav<span style=\"text-decoration: underline\">euse<\/span><br \/>\nUn r\u00eave enchanteur \/ Une nuit enchant<span style=\"text-decoration: underline\">eresse<\/span><br \/>\nUn r\u00eave destructeur \/ Une nuit destruct<span style=\"text-decoration: underline\">rice<\/span><\/p>\n<p style=\"text-align: justify\">les adjectifs <strong>se terminant par une voyelle<\/strong> vont souvent <strong>ajouter une consonne<\/strong> avant l\u2019adjonction du -e final f\u00e9minin ou <strong>se transformer totalement<\/strong>.<br \/>\nEx : Mon chocolat favori \/ Ma glace favori<span style=\"text-decoration: underline\">te<\/span><br \/>\nIl est fou \/ Elle est fo<span style=\"text-decoration: underline\">lle<\/span><br \/>\nIl est beau \/ Elle est bel<span style=\"text-decoration: underline\">le<\/span><\/p>\n<p style=\"text-align: justify\">\/!\\ Certains <strong>adjectifs masculins se terminant par une voyelle<\/strong> peuvent <strong>se transformer devant un nom masculin<\/strong> commen\u00e7ant par <strong>une voyelle<\/strong> ou un <strong>-h aspir\u00e9<\/strong>.<br \/>\nEx : Un beau gar\u00e7on \/ Un bel homme<br \/>\nUn nouveau jour \/ Le nouvel an<br \/>\nUn r\u00eave fou \/ Un fol espoir<\/p>\n<h3 style=\"text-align: justify\"><span style=\"text-decoration: underline\">B. L\u2019accord de l&rsquo;adjectif au pluriel<\/span><\/h3>\n<p style=\"text-align: justify\"><span style=\"text-decoration: underline\">La r\u00e8gle g\u00e9n\u00e9rale : le -s final<\/span><\/p>\n<p style=\"text-align: justify\">Lorsqu\u2019il s\u2019accorde au pluriel, l\u2019adjectif prend habituellement un <strong>-s final<\/strong>.<br \/>\nEx : Quel joli cheval ! \/ Quels joli<span style=\"text-decoration: underline\">s<\/span> chevaux !<\/p>\n<p style=\"text-align: justify\"><span style=\"text-decoration: underline\">Le -x final<\/span><\/p>\n<p style=\"text-align: justify\">Certains adjectifs ne se terminent pas par un -s au pluriel, mais <strong>par un -x<\/strong>, ce qui peut entra\u00eener <strong>la modification de toute la syllabe finale<\/strong>. Ainsi :<br \/>\nles adjectifs en <strong>-al<\/strong> donnent <strong>-aux<\/strong><br \/>\nEx : Un ami g\u00e9nial \/ Des amis g\u00e9ni<span style=\"text-decoration: underline\">aux<\/span><br \/>\n\/!\\ Les adjectifs banal, bancal, fatal, final, natal, naval <strong>ne prennent pas de -x<\/strong> au pluriel, mais bien <strong>un -s<\/strong>.<br \/>\n<strong>Au f\u00e9minin pluriel<\/strong>, les adjectifs en <strong>-ale<\/strong> prennent un <strong>-s<\/strong> et non un -x.<br \/>\nEx : Une amie g\u00e9niale \/ Des amies g\u00e9niales<\/p>\n<p style=\"text-align: justify\">les adjectifs en <strong>-eau<\/strong> prennent un <strong>-x<\/strong><br \/>\nEx : Il est beau \/ Ils sont beau<span style=\"text-decoration: underline\">x<\/span><\/p>\n<p style=\"text-align: justify\"><span style=\"text-decoration: underline\">Accord des adjectifs invariables<\/span><\/p>\n<p style=\"text-align: justify\">Les adjectifs <strong>se terminant d\u00e9j\u00e0 par -s ou -x ne sont pas modifi\u00e9s<\/strong> au pluriel.<br \/>\nEx : Un <span style=\"text-decoration: underline\">gros<\/span> g\u00e2teau \/ Des <span style=\"text-decoration: underline\">gros<\/span> g\u00e2teaux<br \/>\nUn moment <span style=\"text-decoration: underline\">pr\u00e9cieux<\/span> \/ Des moments <span style=\"text-decoration: underline\">pr\u00e9cieux<\/span><\/p>\n<p style=\"text-align: justify\"><span style=\"text-decoration: underline\">L\u2019accord de nombre<\/span><\/p>\n<p style=\"text-align: justify\">Lorsqu\u2019un adjectif qualifie <strong>plusieurs noms au singulier<\/strong>, il se met au <strong>pluriel<\/strong> et <strong>s\u2019accorde en genre<\/strong> avec les noms qu\u2019il qualifie.<br \/>\nEx : Une pomme et une poire d\u00e9licieuses.<br \/>\nSi un nom est <strong>f\u00e9minin<\/strong>, et l\u2019autre <strong>masculin<\/strong>, l\u2019adjectif se met au <strong>masculin pluriel<\/strong>, et ce <strong>m\u00eame s\u2019il y a plus de noms f\u00e9minins<\/strong> que masculin.<br \/>\nEx : Une pomme et un melon d\u00e9licieux.<br \/>\nUne pomme, une poire et un melon d\u00e9licieux.<\/p>\n<p data-pm-slice=\"1 1 []\">\t\t<div data-elementor-type=\"section\" data-elementor-id=\"190582\" class=\"elementor elementor-190582\">\n\t\t\t\t\t<div class=\"elementor-section-wrap\">\n\t\t\t\t\t\t\t\t<section class=\"has_ae_slider elementor-section elementor-inner-section elementor-element elementor-element-609c4eb0 elementor-section-content-bottom full_width elementor-section-full_width elementor-section-height-min-height elementor-section-height-default ae-bg-gallery-type-default\" data-id=\"609c4eb0\" data-element_type=\"section\" data-settings=\"{&quot;background_background&quot;:&quot;classic&quot;}\">\n\t\t\t\t\t\t<div class=\"elementor-container elementor-column-gap-narrow\">\n\t\t\t\t\t\t\t<div class=\"elementor-row\">\n\t\t\t\t\t<div class=\"has_ae_slider elementor-column elementor-col-66 elementor-inner-column elementor-element elementor-element-6388b79c ae-bg-gallery-type-default\" data-id=\"6388b79c\" data-element_type=\"column\">\n\t\t\t<div class=\"elementor-column-wrap elementor-element-populated\">\n\t\t\t\t\t\t\t<div class=\"elementor-widget-wrap\">\n\t\t\t\t\t\t<div class=\"elementor-element elementor-element-2a59302d elementor-widget elementor-widget-heading\" data-id=\"2a59302d\" data-element_type=\"widget\" data-widget_type=\"heading.default\">\n\t\t\t\t<div class=\"elementor-widget-container\">\n\t\t\t<h3 class=\"elementor-heading-title elementor-size-default\">COURS DE FRANCAIS A DOMICILE ET EN LIGNE<\/h3>\t\t<\/div>\n\t\t\t\t<\/div>\n\t\t\t\t<div class=\"elementor-element elementor-element-659fd736 elementor-widget elementor-widget-heading\" data-id=\"659fd736\" data-element_type=\"widget\" data-widget_type=\"heading.default\">\n\t\t\t\t<div class=\"elementor-widget-container\">\n\t\t\t<h4 class=\"elementor-heading-title elementor-size-default\">Organisez facilement vos cours de fran\u00e7ais<\/h4>\t\t<\/div>\n\t\t\t\t<\/div>\n\t\t\t\t<div class=\"elementor-element elementor-element-3d816c7b elementor-widget elementor-widget-heading\" data-id=\"3d816c7b\" data-element_type=\"widget\" data-widget_type=\"heading.default\">\n\t\t\t\t<div class=\"elementor-widget-container\">\n\t\t\t<h4 class=\"elementor-heading-title elementor-size-default\">Essay\u00e9 et approuv\u00e9 par nos \u00e9l\u00e8ves<\/h4>\t\t<\/div>\n\t\t\t\t<\/div>\n\t\t\t\t<div class=\"elementor-element elementor-element-b97a9cd elementor-align-left elementor-mobile-align-center elementor-widget elementor-widget-button\" data-id=\"b97a9cd\" data-element_type=\"widget\" data-widget_type=\"button.default\">\n\t\t\t\t<div class=\"elementor-widget-container\">\n\t\t\t\t\t<div class=\"elementor-button-wrapper\">\n\t\t\t<a href=\"https:\/\/groupe-reussite.fr\/cours-particuliers\/francais\/tous-niveaux\/france\/\" target=\"_blank\" class=\"elementor-button-link elementor-button elementor-size-md\" role=\"button\" id=\"CTA_PRD_CP\">\n\t\t\t\t\t\t<span class=\"elementor-button-content-wrapper\">\n\t\t\t\t\t\t<span class=\"elementor-button-text\">Professeur particulier fran\u00e7ais<\/span>\n\t\t<\/span>\n\t\t\t\t\t<\/a>\n\t\t<\/div>\n\t\t\t\t<\/div>\n\t\t\t\t<\/div>\n\t\t\t\t<div class=\"elementor-element elementor-element-487954c6 elementor-widget elementor-widget-text-editor\" data-id=\"487954c6\" data-element_type=\"widget\" data-widget_type=\"text-editor.default\">\n\t\t\t\t<div class=\"elementor-widget-container\">\n\t\t\t\t\t\t\t\t<div class=\"elementor-text-editor elementor-clearfix\">\n\t\t\t\t<p style=\"text-align: left\"><b>Avis Google France <\/b><span style=\"color: #e5a430\"><b>\u2605\u2605\u2605\u2605\u2605<\/b><\/span><b> 4,9 sur 5<\/b><\/p>\t\t\t\t\t<\/div>\n\t\t\t\t\t\t<\/div>\n\t\t\t\t<\/div>\n\t\t\t\t\t\t<\/div>\n\t\t\t\t\t<\/div>\n\t\t<\/div>\n\t\t\t\t<div class=\"has_ae_slider elementor-column elementor-col-33 elementor-inner-column elementor-element elementor-element-70634227 ae-bg-gallery-type-default\" data-id=\"70634227\" data-element_type=\"column\">\n\t\t\t<div class=\"elementor-column-wrap\">\n\t\t\t\t\t\t\t<div class=\"elementor-widget-wrap\">\n\t\t\t\t\t\t\t\t<\/div>\n\t\t\t\t\t<\/div>\n\t\t<\/div>\n\t\t\t\t\t\t\t\t<\/div>\n\t\t\t\t\t<\/div>\n\t\t<\/section>\n\t\t\t\t\t\t\t<\/div>\n\t\t\t\t<\/div>\n\t\t\n<p>&nbsp;<\/p>\n<h2 style=\"text-align: justify\">L\u2019accord des adjectifs de couleur<\/h2>\n<p style=\"text-align: justify\">Les adjectifs de couleurs ne suivent pas toujours la r\u00e8gle d\u2019accord en genre et en nombre. Ainsi, <strong>certains adjectifs de couleur sont invariables.<\/strong><\/p>\n<p style=\"text-align: justify\"><span style=\"text-decoration: underline\">La r\u00e8gle g\u00e9n\u00e9rale : les adjectifs de couleur qui ne sont pas form\u00e9s \u00e0 partir d\u2019un nom<\/span><\/p>\n<p style=\"text-align: justify\">Il s\u2019agit des couleurs telles que bleu, vert, jaune, rouge, blanc, noir\u2026 Ils <strong>s\u2019accordent en genre et en nombre avec le nom<\/strong> qu\u2019ils qualifient.<br \/>\nEx : Des chemises vertes.<\/p>\n<p style=\"text-align: justify\"><span style=\"text-decoration: underline\">Accord des adjectifs de couleur form\u00e9s \u00e0 partir d\u2019un nom<\/span><\/p>\n<p style=\"text-align: justify\">Il s\u2019agit des couleurs qui <strong>d\u00e9signent initialement un nom<\/strong> comme orange, marron, citron, turquoise, kaki, ocre\u2026 Ils sont <strong>invariables<\/strong>.<br \/>\nEx : Des chemises orange.<\/p>\n<p style=\"text-align: justify\">\/!\\ Parmi ces exceptions il y a aussi des <strong>exceptions<\/strong> ! Ainsi, <strong>les adjectifs rose, mauve, pourpre et \u00e9carlate<\/strong> sont issus de noms, mais <strong>s\u2019accordent en genre et en nombre<\/strong> avec le nom qu\u2019ils qualifient.<br \/>\nEx : Des chemises roses.<\/p>\n<p style=\"text-align: justify\"><span style=\"text-decoration: underline\">Accord des adjectifs de couleur compos\u00e9s<\/span><br \/>\nLes adjectifs compos\u00e9s sont <strong>invariables<\/strong>.<br \/>\nEx : Une eau bleu-vert<br \/>\nLorsqu\u2019il s\u2019agit de deux couleurs, elles sont reli\u00e9es par un tiret<br \/>\nDes chemises vert p\u00e2le<br \/>\nDes gilets jaune paille<\/p>\n<p style=\"text-align: justify\">\/!\\ Lorsque deux adjectifs sont <strong>reli\u00e9s par \u201cet\u201d<\/strong>, ils sont <strong>invariables<\/strong> s\u2019ils d\u00e9signent une chose ou un \u00eatre <strong>bicolore<\/strong>. En revanche ils sont <strong>variables<\/strong> lorsqu\u2019ils d\u00e9signent deux choses ou \u00eatres distincts de <strong>couleur unie<\/strong>.<\/p>\n<p style=\"text-align: justify\">Ex : Des chiens blanc et noir :<\/p>\n<p style=\"text-align: justify\"><img loading=\"lazy\" class=\"size-full wp-image-69331 aligncenter\" src=\"https:\/\/groupe-reussite.fr\/ressources\/wp-content\/uploads\/2020\/09\/accords-adjectifs-couleurs.jpg\" alt=\"accord-adjectifs-couleurs-cours\" width=\"400\" height=\"250\" \/><\/p>\n<p style=\"text-align: justify\">Des chiens blancs et noirs :<\/p>\n<p style=\"text-align: left\"><img loading=\"lazy\" class=\"aligncenter size-full wp-image-71239\" src=\"https:\/\/groupe-reussite.fr\/ressources\/wp-content\/uploads\/2020\/10\/accord-adjectif.jpg\" alt=\"accord de l'adjectif\" width=\"236\" height=\"104\" \/><\/p>\n<h2 style=\"text-align: justify\">Les autres exceptions des accords de l&rsquo;adjectif<\/h2>\n<p style=\"text-align: justify\"><span style=\"text-decoration: underline\">Accord des adjectifs utilis\u00e9s en adverbes<\/span><\/p>\n<p style=\"text-align: justify\">Dans certains cas, les adjectifs <strong>bon, cher, court, droit, dur, fort, haut, lourd<\/strong> sont utilis\u00e9s comme des adverbes apr\u00e8s certains verbes. Ils deviennent alors <strong>invariables<\/strong>.<br \/>\nEx : <em>Cette d\u00e9put\u00e9e parle fort<\/em><br \/>\n<em>Ces bijoux co\u00fbtent cher<\/em><br \/>\n<em>Ces parfums sentent bon<\/em><\/p>\n<p style=\"text-align: justify\"><span style=\"text-decoration: underline\">Accord des adjectifs mi, demi, semi et nu<\/span><\/p>\n<p style=\"text-align: justify\">Plac\u00e9s <strong>devant un nom<\/strong> et reli\u00e9s \u00e0 lui par un <strong>tiret<\/strong>, les adjectif <strong>mi, demi, semi et nu<\/strong> sont <strong>invariables<\/strong>.<br \/>\nEx : Il a les yeux mi-clos.<br \/>\nLe professeur arrive au cours particulier de fran\u00e7ais dans une demi-heure.<br \/>\nElle marche nu-pieds.<br \/>\nNous sommes dans un semi-sommeil.<\/p>\n<p style=\"text-align: justify\">\/!\\ <strong>Plac\u00e9s apr\u00e8s le nom, \u201cdemi\u201d<\/strong> s\u2019accorde en <strong>genre<\/strong>, tandis que <strong>\u201cnu\u201d<\/strong> s\u2019accorde en <strong>genre et en nombre<\/strong>.<br \/>\nEx : J\u2019arrive dans une heure et demie.<br \/>\nElle a les pieds nus.<\/p>\n<p style=\"text-align: justify\">Les locutions <strong>\u201c\u00e0 demi\u201d<\/strong> et <strong>\u201c\u00e0 nu\u201d<\/strong> sont toujours invariables.<br \/>\nEx : Il parle \u00e0 demi <a href=\"https:\/\/groupe-reussite.fr\/ressources\/cours-en-ligne-nature-des-mots\/\">mots<\/a> mais il met son \u00e2me \u00e0 nu.<\/p>\n\t\t<div data-elementor-type=\"section\" data-elementor-id=\"127774\" class=\"elementor elementor-127774\">\n\t\t\t\t\t<div class=\"elementor-section-wrap\">\n\t\t\t\t\t\t\t\t<section class=\"has_ae_slider elementor-section elementor-inner-section elementor-element elementor-element-5a7b6a2a elementor-section-content-bottom full_width elementor-section-full_width elementor-section-height-min-height elementor-section-height-default ae-bg-gallery-type-default\" data-id=\"5a7b6a2a\" data-element_type=\"section\" data-settings=\"{&quot;background_background&quot;:&quot;classic&quot;}\">\n\t\t\t\t\t\t<div class=\"elementor-container elementor-column-gap-narrow\">\n\t\t\t\t\t\t\t<div class=\"elementor-row\">\n\t\t\t\t\t<div class=\"has_ae_slider elementor-column elementor-col-66 elementor-inner-column elementor-element elementor-element-749af387 ae-bg-gallery-type-default\" data-id=\"749af387\" data-element_type=\"column\">\n\t\t\t<div class=\"elementor-column-wrap elementor-element-populated\">\n\t\t\t\t\t\t\t<div class=\"elementor-widget-wrap\">\n\t\t\t\t\t\t<div class=\"elementor-element elementor-element-1b4ed465 elementor-widget elementor-widget-heading\" data-id=\"1b4ed465\" data-element_type=\"widget\" data-widget_type=\"heading.default\">\n\t\t\t\t<div class=\"elementor-widget-container\">\n\t\t\t<h3 class=\"elementor-heading-title elementor-size-default\">COURS PARTICULIERS EN LIGNE<\/h3>\t\t<\/div>\n\t\t\t\t<\/div>\n\t\t\t\t<div class=\"elementor-element elementor-element-16d47760 elementor-widget elementor-widget-heading\" data-id=\"16d47760\" data-element_type=\"widget\" data-widget_type=\"heading.default\">\n\t\t\t\t<div class=\"elementor-widget-container\">\n\t\t\t<h4 class=\"elementor-heading-title elementor-size-default\">Nous avons s\u00e9lectionn\u00e9 pour vous les meilleurs professeurs particuliers.<\/h4>\t\t<\/div>\n\t\t\t\t<\/div>\n\t\t\t\t<div class=\"elementor-element elementor-element-21a162bf elementor-widget elementor-widget-heading\" data-id=\"21a162bf\" data-element_type=\"widget\" data-widget_type=\"heading.default\">\n\t\t\t\t<div class=\"elementor-widget-container\">\n\t\t\t<h4 class=\"elementor-heading-title elementor-size-default\">POUR ACC\u00c9L\u00c9RER MA PROGRESSION<\/h4>\t\t<\/div>\n\t\t\t\t<\/div>\n\t\t\t\t<div class=\"elementor-element elementor-element-5600477e elementor-align-left elementor-mobile-align-center elementor-widget elementor-widget-button\" data-id=\"5600477e\" data-element_type=\"widget\" data-widget_type=\"button.default\">\n\t\t\t\t<div class=\"elementor-widget-container\">\n\t\t\t\t\t<div class=\"elementor-button-wrapper\">\n\t\t\t<a href=\"https:\/\/groupe-reussite.fr\/cours-en-ligne\/toutes-matieres\/tous-niveaux\/france\/\" target=\"_blank\" class=\"elementor-button-link elementor-button elementor-size-md\" role=\"button\" id=\"CTA_PRD_CP\">\n\t\t\t\t\t\t<span class=\"elementor-button-content-wrapper\">\n\t\t\t\t\t\t<span class=\"elementor-button-text\">Cours particuliers en ligne<\/span>\n\t\t<\/span>\n\t\t\t\t\t<\/a>\n\t\t<\/div>\n\t\t\t\t<\/div>\n\t\t\t\t<\/div>\n\t\t\t\t<div class=\"elementor-element elementor-element-1c7a7876 elementor-widget elementor-widget-text-editor\" data-id=\"1c7a7876\" data-element_type=\"widget\" data-widget_type=\"text-editor.default\">\n\t\t\t\t<div class=\"elementor-widget-container\">\n\t\t\t\t\t\t\t\t<div class=\"elementor-text-editor elementor-clearfix\">\n\t\t\t\t<p style=\"text-align: left;\"><b>Avis Google France <\/b><span style=\"color: #e5a430;\"><b>\u2605\u2605\u2605\u2605\u2605<\/b><\/span><b> 4,9 sur 5<\/b><\/p>\t\t\t\t\t<\/div>\n\t\t\t\t\t\t<\/div>\n\t\t\t\t<\/div>\n\t\t\t\t\t\t<\/div>\n\t\t\t\t\t<\/div>\n\t\t<\/div>\n\t\t\t\t<div class=\"has_ae_slider elementor-column elementor-col-33 elementor-inner-column elementor-element elementor-element-2aa12288 ae-bg-gallery-type-default\" data-id=\"2aa12288\" data-element_type=\"column\">\n\t\t\t<div class=\"elementor-column-wrap\">\n\t\t\t\t\t\t\t<div class=\"elementor-widget-wrap\">\n\t\t\t\t\t\t\t\t<\/div>\n\t\t\t\t\t<\/div>\n\t\t<\/div>\n\t\t\t\t\t\t\t\t<\/div>\n\t\t\t\t\t<\/div>\n\t\t<\/section>\n\t\t\t\t\t\t\t<\/div>\n\t\t\t\t<\/div>\n\t\t\n<p>&nbsp;<\/p>\n<p style=\"text-align: justify\">D&rsquo;avantages de cours en ligne pour r\u00e9viser le Tage Mage sont disponibles dans notre rubrique de Cours en ligne, vous y retrouverez par exemple, les chapitres qui suivent :<\/p>\n<ul style=\"color: #000000;font-family: Lato, sans-serif\">\n<li><a href=\"https:\/\/groupe-reussite.fr\/ressources\/cours-en-ligne-accord-determinant\/\">l&rsquo;accord des d\u00e9terminants<\/a><\/li>\n<li><a href=\"https:\/\/groupe-reussite.fr\/ressources\/cours-en-ligne-francais-participe-passe\/\">le participe pass\u00e9<\/a><\/li>\n<li><a href=\"https:\/\/groupe-reussite.fr\/ressources\/cours-en-ligne-phrase-simple-phrase-complexe\/\">la phrase simple et la phrase complexe<\/a><\/li>\n<li><a href=\"https:\/\/groupe-reussite.fr\/ressources\/cours-en-ligne-types-de-raisonnement\/\">les types de raisonnement<\/a><\/li>\n<li><a href=\"https:\/\/groupe-reussite.fr\/ressources\/cours-en-ligne-francais-figures-style\/\">les figures de style<\/a><\/li>\n<\/ul>\n<\/div>\n<\/div>\n<\/div>\n<\/div>\n<\/section>\n<\/div>\n","protected":false},"excerpt":{"rendered":"<p>L&rsquo;accord de l&rsquo;adjectif R\u00e9sum\u00e9 de cours Exercices et corrig\u00e9s Cours en ligne du Tage Mage Ce cours sur l&rsquo;accord des adjectifs en fran\u00e7ais est n\u00e9cessaire pour ceux qui veulent se pr\u00e9parer au Tage Mage qui comporte un sous-test de fran\u00e7ais. Il est aussi indispensable de ma\u00eetriser l&rsquo;accord des adjectifs pour s&rsquo;entra\u00eener au Score Message en [&hellip;]<\/p>\n","protected":false},"author":6,"featured_media":0,"parent":0,"menu_order":0,"comment_status":"closed","ping_status":"closed","template":"","meta":[],"yoast_head":"<!-- This site is optimized with the Yoast SEO plugin v20.2.1 - https:\/\/yoast.com\/wordpress\/plugins\/seo\/ -->\n<title>Accord de l&#039;adjectif : cours en ligne complet et 100 % gratuit<\/title>\n<meta name=\"description\" content=\"Cours en ligne gratuit sur l&#039;accord de l&#039;adjectif : accord des adjectifs de couleur, accord des adjectifs invariables, exceptions...\" \/>\n<meta name=\"robots\" content=\"index, follow, max-snippet:-1, max-image-preview:large, max-video-preview:-1\" \/>\n<link rel=\"canonical\" href=\"https:\/\/groupe-reussite.fr\/ressources\/cours-en-ligne-accord-adjectif\/\" \/>\n<meta property=\"og:locale\" content=\"fr_FR\" \/>\n<meta property=\"og:type\" content=\"article\" \/>\n<meta property=\"og:title\" content=\"Accord de l&#039;adjectif : cours en ligne complet et 100 % gratuit\" \/>\n<meta property=\"og:description\" content=\"Cours en ligne gratuit sur l&#039;accord de l&#039;adjectif : accord des adjectifs de couleur, accord des adjectifs invariables, exceptions...\" \/>\n<meta property=\"og:url\" content=\"https:\/\/groupe-reussite.fr\/ressources\/cours-en-ligne-accord-adjectif\/\" \/>\n<meta property=\"og:site_name\" content=\"Groupe R\u00e9ussite\" \/>\n<meta property=\"article:modified_time\" content=\"2023-10-12T14:54:07+00:00\" \/>\n<meta property=\"og:image\" content=\"https:\/\/groupe-reussite.fr\/ressources\/wp-content\/uploads\/2020\/09\/accords-adjectifs-couleurs.jpg\" \/>\n<meta name=\"twitter:card\" content=\"summary_large_image\" \/>\n<meta name=\"twitter:label1\" content=\"Dur\u00e9e de lecture estim\u00e9e\" \/>\n\t<meta name=\"twitter:data1\" content=\"8 minutes\" \/>\n<script type=\"application\/ld+json\" class=\"yoast-schema-graph\">{\"@context\":\"https:\/\/schema.org\",\"@graph\":[{\"@type\":\"WebPage\",\"@id\":\"https:\/\/groupe-reussite.fr\/ressources\/cours-en-ligne-accord-adjectif\/\",\"url\":\"https:\/\/groupe-reussite.fr\/ressources\/cours-en-ligne-accord-adjectif\/\",\"name\":\"Accord de l'adjectif : cours en ligne complet et 100 % gratuit\",\"isPartOf\":{\"@id\":\"https:\/\/groupe-reussite.fr\/ressources\/#website\"},\"datePublished\":\"2020-10-14T12:13:26+00:00\",\"dateModified\":\"2023-10-12T14:54:07+00:00\",\"description\":\"Cours en ligne gratuit sur l'accord de l'adjectif : accord des adjectifs de couleur, accord des adjectifs invariables, exceptions...\",\"breadcrumb\":{\"@id\":\"https:\/\/groupe-reussite.fr\/ressources\/cours-en-ligne-accord-adjectif\/#breadcrumb\"},\"inLanguage\":\"fr-FR\",\"potentialAction\":[{\"@type\":\"ReadAction\",\"target\":[\"https:\/\/groupe-reussite.fr\/ressources\/cours-en-ligne-accord-adjectif\/\"]}]},{\"@type\":\"BreadcrumbList\",\"@id\":\"https:\/\/groupe-reussite.fr\/ressources\/cours-en-ligne-accord-adjectif\/#breadcrumb\",\"itemListElement\":[{\"@type\":\"ListItem\",\"position\":1,\"name\":\"Accueil\",\"item\":\"https:\/\/groupe-reussite.fr\/ressources\/\"},{\"@type\":\"ListItem\",\"position\":2,\"name\":\"Cours sur l&rsquo;accord de l&rsquo;Adjectif\"}]},{\"@type\":\"WebSite\",\"@id\":\"https:\/\/groupe-reussite.fr\/ressources\/#website\",\"url\":\"https:\/\/groupe-reussite.fr\/ressources\/\",\"name\":\"Groupe R\u00e9ussite\",\"description\":\"Stage et Cours particuliers maths, fran\u00e7ais, anglais, informatique, physique chimie\",\"publisher\":{\"@id\":\"https:\/\/groupe-reussite.fr\/ressources\/#organization\"},\"potentialAction\":[{\"@type\":\"SearchAction\",\"target\":{\"@type\":\"EntryPoint\",\"urlTemplate\":\"https:\/\/groupe-reussite.fr\/ressources\/?s={search_term_string}\"},\"query-input\":\"required name=search_term_string\"}],\"inLanguage\":\"fr-FR\"},{\"@type\":\"Organization\",\"@id\":\"https:\/\/groupe-reussite.fr\/ressources\/#organization\",\"name\":\"Groupe R\u00e9ussite\",\"url\":\"https:\/\/groupe-reussite.fr\/ressources\/\",\"logo\":{\"@type\":\"ImageObject\",\"inLanguage\":\"fr-FR\",\"@id\":\"https:\/\/groupe-reussite.fr\/ressources\/#\/schema\/logo\/image\/\",\"url\":\"https:\/\/groupe-reussite.fr\/ressources\/wp-content\/uploads\/2022\/05\/cropped-cropped-logo-1-1.png\",\"contentUrl\":\"https:\/\/groupe-reussite.fr\/ressources\/wp-content\/uploads\/2022\/05\/cropped-cropped-logo-1-1.png\",\"width\":273,\"height\":75,\"caption\":\"Groupe R\u00e9ussite\"},\"image\":{\"@id\":\"https:\/\/groupe-reussite.fr\/ressources\/#\/schema\/logo\/image\/\"}}]}<\/script>\n<!-- \/ Yoast SEO plugin. -->","yoast_head_json":{"title":"Accord de l'adjectif : cours en ligne complet et 100 % gratuit","description":"Cours en ligne gratuit sur l'accord de l'adjectif : accord des adjectifs de couleur, accord des adjectifs invariables, exceptions...","robots":{"index":"index","follow":"follow","max-snippet":"max-snippet:-1","max-image-preview":"max-image-preview:large","max-video-preview":"max-video-preview:-1"},"canonical":"https:\/\/groupe-reussite.fr\/ressources\/cours-en-ligne-accord-adjectif\/","og_locale":"fr_FR","og_type":"article","og_title":"Accord de l'adjectif : cours en ligne complet et 100 % gratuit","og_description":"Cours en ligne gratuit sur l'accord de l'adjectif : accord des adjectifs de couleur, accord des adjectifs invariables, exceptions...","og_url":"https:\/\/groupe-reussite.fr\/ressources\/cours-en-ligne-accord-adjectif\/","og_site_name":"Groupe R\u00e9ussite","article_modified_time":"2023-10-12T14:54:07+00:00","og_image":[{"url":"https:\/\/groupe-reussite.fr\/ressources\/wp-content\/uploads\/2020\/09\/accords-adjectifs-couleurs.jpg"}],"twitter_card":"summary_large_image","twitter_misc":{"Dur\u00e9e de lecture estim\u00e9e":"8 minutes"},"schema":{"@context":"https:\/\/schema.org","@graph":[{"@type":"WebPage","@id":"https:\/\/groupe-reussite.fr\/ressources\/cours-en-ligne-accord-adjectif\/","url":"https:\/\/groupe-reussite.fr\/ressources\/cours-en-ligne-accord-adjectif\/","name":"Accord de l'adjectif : cours en ligne complet et 100 % gratuit","isPartOf":{"@id":"https:\/\/groupe-reussite.fr\/ressources\/#website"},"datePublished":"2020-10-14T12:13:26+00:00","dateModified":"2023-10-12T14:54:07+00:00","description":"Cours en ligne gratuit sur l'accord de l'adjectif : accord des adjectifs de couleur, accord des adjectifs invariables, exceptions...","breadcrumb":{"@id":"https:\/\/groupe-reussite.fr\/ressources\/cours-en-ligne-accord-adjectif\/#breadcrumb"},"inLanguage":"fr-FR","potentialAction":[{"@type":"ReadAction","target":["https:\/\/groupe-reussite.fr\/ressources\/cours-en-ligne-accord-adjectif\/"]}]},{"@type":"BreadcrumbList","@id":"https:\/\/groupe-reussite.fr\/ressources\/cours-en-ligne-accord-adjectif\/#breadcrumb","itemListElement":[{"@type":"ListItem","position":1,"name":"Accueil","item":"https:\/\/groupe-reussite.fr\/ressources\/"},{"@type":"ListItem","position":2,"name":"Cours sur l&rsquo;accord de l&rsquo;Adjectif"}]},{"@type":"WebSite","@id":"https:\/\/groupe-reussite.fr\/ressources\/#website","url":"https:\/\/groupe-reussite.fr\/ressources\/","name":"Groupe R\u00e9ussite","description":"Stage et Cours particuliers maths, fran\u00e7ais, anglais, informatique, physique chimie","publisher":{"@id":"https:\/\/groupe-reussite.fr\/ressources\/#organization"},"potentialAction":[{"@type":"SearchAction","target":{"@type":"EntryPoint","urlTemplate":"https:\/\/groupe-reussite.fr\/ressources\/?s={search_term_string}"},"query-input":"required name=search_term_string"}],"inLanguage":"fr-FR"},{"@type":"Organization","@id":"https:\/\/groupe-reussite.fr\/ressources\/#organization","name":"Groupe R\u00e9ussite","url":"https:\/\/groupe-reussite.fr\/ressources\/","logo":{"@type":"ImageObject","inLanguage":"fr-FR","@id":"https:\/\/groupe-reussite.fr\/ressources\/#\/schema\/logo\/image\/","url":"https:\/\/groupe-reussite.fr\/ressources\/wp-content\/uploads\/2022\/05\/cropped-cropped-logo-1-1.png","contentUrl":"https:\/\/groupe-reussite.fr\/ressources\/wp-content\/uploads\/2022\/05\/cropped-cropped-logo-1-1.png","width":273,"height":75,"caption":"Groupe R\u00e9ussite"},"image":{"@id":"https:\/\/groupe-reussite.fr\/ressources\/#\/schema\/logo\/image\/"}}]}},"_links":{"self":[{"href":"https:\/\/groupe-reussite.fr\/ressources\/wp-json\/wp\/v2\/pages\/69175"}],"collection":[{"href":"https:\/\/groupe-reussite.fr\/ressources\/wp-json\/wp\/v2\/pages"}],"about":[{"href":"https:\/\/groupe-reussite.fr\/ressources\/wp-json\/wp\/v2\/types\/page"}],"author":[{"embeddable":true,"href":"https:\/\/groupe-reussite.fr\/ressources\/wp-json\/wp\/v2\/users\/6"}],"replies":[{"embeddable":true,"href":"https:\/\/groupe-reussite.fr\/ressources\/wp-json\/wp\/v2\/comments?post=69175"}],"version-history":[{"count":3,"href":"https:\/\/groupe-reussite.fr\/ressources\/wp-json\/wp\/v2\/pages\/69175\/revisions"}],"predecessor-version":[{"id":191804,"href":"https:\/\/groupe-reussite.fr\/ressources\/wp-json\/wp\/v2\/pages\/69175\/revisions\/191804"}],"wp:attachment":[{"href":"https:\/\/groupe-reussite.fr\/ressources\/wp-json\/wp\/v2\/media?parent=69175"}],"curies":[{"name":"wp","href":"https:\/\/api.w.org\/{rel}","templated":true}]}}